{"id":15008,"date":"2018-07-13T15:29:42","date_gmt":"2018-07-13T15:29:42","guid":{"rendered":"https:\/\/voice-interaction.com\/tmp-web\/?page_id=15008"},"modified":"2019-07-22T14:56:02","modified_gmt":"2019-07-22T14:56:02","slug":"projeto-voiscriptum","status":"publish","type":"page","link":"https:\/\/voice-interaction.com\/tmp-web\/pt\/empresa\/projeto-voiscriptum\/","title":{"rendered":"Projeto Voiscriptum"},"content":{"rendered":"<section class=\"sh-section sh-section-f65dca4615067ae5fad0cd14d5693ac4 fw-main-row sh-section-visibility-everywhere\">\n\t\n\t\n\t<div class=\"sh-section-container container\">\n\t\t<div class=\"fw-row\">\n\t\n<div class=\"sh-column sh-column-7c0141d8565b26eba579c5031c7511df fw-col-xs-12 fw-col-sm-6 sh-column-mobile-padding\" >\n\n\t\n\t<div class=\"sh-column-wrapper\">\n\t\t\n<div class=\"sh-heading  \" id=\"heading-2f988a899d4f33bc445370f207627181\">\n\t<div class=\"sh-element-margin\">\n\n\t\t\n\t\t\t<h3 class=\"sh-heading-content size-default text-left\">\n\t\t\t\tPROJETO VOISCRIPTUM\t\t\t<\/h3>\n\n\t\t\n\t<\/div>\n<\/div>\n\n<div class=\"sh-heading  \" id=\"heading-89f2ea17a8a4291ed474a81de3a9fa6f\">\n\t<div class=\"sh-element-margin\">\n\n\t\t\n\t\t\t<h1 class=\"sh-heading-content size-default text-left\">\n\t\t\t\tTranscri\u00e7\u00e3o Autom\u00e1tica de Fala para Apoio \u00e0 Atividade Judicial e do Minist\u00e9rio P\u00fablico\t\t\t<\/h1>\n\n\t\t\n\t<\/div>\n<\/div>\n\t<\/div>\n\n\n\t\t\n\n<\/div>\n\n<div class=\"sh-column sh-column-806b2f9fd6f4f9587de950619e6b3b49 fw-col-xs-12 fw-col-sm-6\" >\n\n\t\n\t<div class=\"sh-column-wrapper\">\n\t\t\n<div class=\"sh-heading  \" id=\"heading-0bcfcbcf29773dcc80942e14e4724bc6\">\n\t<div class=\"sh-element-margin\">\n\n\t\t\n\t\t\t<h3 class=\"sh-heading-content size-default text-left\">\n\t\t\t\tPARCEIRO\t\t\t<\/h3>\n\n\t\t\n\t<\/div>\n<\/div>\n\n<div id=\"text-block-ef288819388ea135f6c890ee97eb252e\" class=\"sh-text-block\">\n\t<p><img loading=\"lazy\" decoding=\"async\" class=\"size-medium wp-image-15012 alignright\" src=\"https:\/\/voice-interaction.com\/tmp-web\/wp-content\/uploads\/2018\/07\/Minist\u00e9rio_P\u00fablico-300x118.png\" alt=\"\" width=\"300\" height=\"118\" srcset=\"https:\/\/voice-interaction.com\/tmp-web\/wp-content\/uploads\/2018\/07\/Minist\u00e9rio_P\u00fablico-300x118.png 300w, https:\/\/voice-interaction.com\/tmp-web\/wp-content\/uploads\/2018\/07\/Minist\u00e9rio_P\u00fablico-768x303.png 768w, https:\/\/voice-interaction.com\/tmp-web\/wp-content\/uploads\/2018\/07\/Minist\u00e9rio_P\u00fablico-1024x404.png 1024w, https:\/\/voice-interaction.com\/tmp-web\/wp-content\/uploads\/2018\/07\/Minist\u00e9rio_P\u00fablico.png 1200w\" sizes=\"auto, (max-width: 300px) 100vw, 300px\" \/><\/p><p style=\"text-align: left;\">Um projeto em execu\u00e7\u00e3o que conta com a participa\u00e7\u00e3o da Procuradoria-Geral da Rep\u00fablica, em concreto com a DCIAP*, como utilizadora e recetora dos resultados do mesmo.\u00a0 Toda a opera\u00e7\u00e3o \u00e9 gerida, internamente, pela equipa da DCIAP, garantindo-se, sempre, toda a conficidencialidade exigida neste processo.<\/p><p>&nbsp;<\/p><\/div>\n\t<\/div>\n\n\n\t\t\n\n<\/div>\n<\/div>\n\n\t<\/div>\n<\/section>\n\n<section class=\"sh-section sh-section-1c97082d2d6cfba06db81526611016fc fw-main-row sh-section-visibility-everywhere\">\n\t\n\t\n\t<div class=\"sh-section-container container\">\n\t\t<div class=\"fw-row\">\n\t\n<div class=\"sh-column sh-column-261da02dc2b8456bd7762f9152c36640 fw-col-xs-12\" >\n\n\t\n\t<div class=\"sh-column-wrapper\">\n\t\t\n<div id=\"text-block-30014dc955c9eb071257afcfff8c56e3\" class=\"sh-text-block\">\n\t<p style=\"text-align: center;\"><strong>VOISCRIPTUM, uma solu\u00e7\u00e3o baseada nas mais recentes tecnologias de processamento de \u00e1udio, segmenta\u00e7\u00e3o e identifica\u00e7\u00e3o do orador, bem como de transcri\u00e7\u00e3o de conte\u00fados falados, que servir\u00e1 para apoiar os procedimentos judiciais. O principal objetivo ser\u00e1 a transcri\u00e7\u00e3o autom\u00e1tica das sess\u00f5es de interrogat\u00f3rio e depoimentos para efeitos de maximiza\u00e7\u00e3o de recursos e diminui\u00e7\u00e3o da carga e tempo gastos, atualmente, em procedimentos de transcri\u00e7\u00e3o manual de ra\u00edz. Al\u00e9m disto, pretende-se equipar toda a magistratura com sistema de ditado individualmente customizados, minimizando tarefas datilogr\u00e1ficas repetitivas.<\/strong><\/p><\/div>\n\t<\/div>\n\n\n\t\t\n\n<\/div>\n<\/div>\n\n<div class=\"fw-row\">\n\t\n<div class=\"sh-column sh-column-def0060cc30a33bd7c208cec80b53b84 fw-col-xs-12 fw-col-sm-6\" >\n\n\t\n\t<div class=\"sh-column-wrapper\">\n\t\t\n<div class=\"sh-heading  \" id=\"heading-d72e48399314f0cd0632b874d1533b41\">\n\t<div class=\"sh-element-margin\">\n\n\t\t\n\t\t\t<h1 class=\"sh-heading-content size-default text-center\">\n\t\t\t\t\t\t\t<\/h1>\n\n\t\t\n\t<\/div>\n<\/div>\n\n<div id=\"text-block-631726a12b06b373b1f5b0904905ee3b\" class=\"sh-text-block\">\n\t<p>Este projeto vai ao encontro de uma \u00e1rea em que os <strong>procedimentos inerentes \u00e0 fase de inqu\u00e9rito dos processos jur\u00eddicos s\u00e3o, temporalmente, muito extensos e incluem v\u00e1rios oradores e pessoas de interesse, onde n\u00e3o ser\u00e1 poss\u00edvel seguir uma abordagem personalizada, levando-nos a recorrer a modelos independentes do orador.<\/strong><\/p><p>Ap\u00f3s a capta\u00e7\u00e3o e grava\u00e7\u00e3o dos \u00e1udios, estes s\u00e3o descarregados para um servidor de processamento atrav\u00e9s de uma interface web. Esta \u00e9 respons\u00e1vel por importar, gerir e monitorizar todo o processo de transcri\u00e7\u00e3o autom\u00e1tica, disponibilizando o resultado para fins de edi\u00e7\u00e3o.<\/p><p>Neste seguimento de fluxo de trabalho, existir\u00e1 uma interface complementar agregada com o objectivo de fornecer uma plataforma gr\u00e1fica para editar\/corrigir a transcri\u00e7\u00e3o. Este editor possui um player de \u00e1udio incorporado, possibilitando um processo de corre\u00e7\u00e3o sem necessidade de ferramentas externas, j\u00e1 que existe uma sincroniza\u00e7\u00e3o entre aquilo que se ouve e aquilo que se est\u00e1 a corrigir.<\/p><p><strong>Numa prespectiva de evolu\u00e7\u00e3o e melhoramento constante dos resultados das transcri\u00e7\u00f5es autom\u00e1ticas, ser\u00e1 garantido a realimenta\u00e7\u00e3o deste \u201csoftware\u201d com base nas corre\u00e7\u00f5es realizadas, onde o pr\u00f3prio sistema vai adaptando os seus modelos ac\u00fasticos e lingu\u00edsticos ao dom\u00ednio da Justi\u00e7a.<\/strong><\/p><\/div>\n\t<\/div>\n\n\n\t\t\n\n<\/div>\n\n<div class=\"sh-column sh-column-4e3a10f00169c5b65493c7aa21da93cc fw-col-xs-12 fw-col-sm-6\" >\n\n\t\n\t<div class=\"sh-column-wrapper\">\n\t\t\n<div class=\"sh-heading  \" id=\"heading-1e6b29f943231d6c6d9c4100ec9a7acb\">\n\t<div class=\"sh-element-margin\">\n\n\t\t\n\t\t\t<h1 class=\"sh-heading-content size-default text-center\">\n\t\t\t\t\t\t\t<\/h1>\n\n\t\t\n\t<\/div>\n<\/div>\n\n<div id=\"text-block-552de635cc14f94b0f2710d18ec81a16\" class=\"sh-text-block\">\n\t<p>Adicionalmente, e no mesmo universo, iremos demonstrar, com este projeto inovador, as capacidades de <strong>maximiza\u00e7\u00e3o de pessoas e meios oferecidos pela tecnologia de transcri\u00e7\u00e3o autom\u00e1tica da fala na \u00e1rea particular da justi\u00e7a<\/strong>. Pretende-se que esta tecnologia sirva de base \u00e0 constru\u00e7\u00e3o de um<strong> sistema de ditado pessoal e personalizado, permitindo aos magistrados a cria\u00e7\u00e3o de despachos e outros of\u00edcios judiciais, de forma mais c\u00e9lere e recorrendo \u00e0 pr\u00f3pria voz.<\/strong> Ser\u00e1 um sistema adapt\u00e1vel \u00e0 voz e ao vocabul\u00e1rio do utilizador, retornando o que foi dito em forma de texto imediatamente ap\u00f3s ter sido falado. Ser\u00e3o recolhidos dados reais para a cria\u00e7\u00e3o de modelos directamente adaptados ao dom\u00ednio da magistratura.<\/p><\/div>\n\t<\/div>\n\n\n\t\t\n\n<\/div>\n<\/div>\n\n\t<\/div>\n<\/section>\n\n<section class=\"sh-section sh-section-e3e77858704edf4f35a3b4be1018ea27 fw-main-row sh-section-visibility-everywhere\">\n\t\n\t\n\t<div class=\"sh-section-container container\">\n\t\t<div class=\"fw-row\">\n\t\n<div class=\"sh-column sh-column-d2db29ae48c92427186f7a511b6002be fw-col-xs-12 fw-col-sm-15\" >\n\n\t\n\t<div class=\"sh-column-wrapper\">\n\t\t\n<div class=\"sh-heading  \" id=\"heading-e2ce3cf64d4a72ba205795d98af668f7\">\n\t<div class=\"sh-element-margin\">\n\n\t\t\n\t\t\t<h3 class=\"sh-heading-content size-default text-center\">\n\t\t\t\tAPOIOS\t\t\t<\/h3>\n\n\t\t\n\t<\/div>\n<\/div>\n\t<\/div>\n\n\n\t\t\n\n<\/div>\n\n<div class=\"sh-column sh-column-71e3aefc1bf58a359975a59360a08d5c fw-col-xs-12 fw-col-sm-9\" >\n\n\t\n\t<div class=\"sh-column-wrapper\">\n\t\t\n<div id=\"text-block-e3571e365357ce8246b6bb3d5d6d62ab\" class=\"sh-text-block\">\n\t<p>Este projeto, financiado no \u00e2mbito do Portugal 2020, conta com a participa\u00e7\u00e3o da Procuradoria-Geral da Rep\u00fablica, atrav\u00e9s do seu org\u00e3o DCIAP, como utilizadora e recetora dos resultados do projeto. Toda a opera\u00e7\u00e3o \u00e9 gerida, internamente, pela equipa da DCIAP, garantindo-se, sempre, toda a conficidencialidade exigida neste processo.<\/p><p>&nbsp;<\/p><p style=\"text-align: center;\"><img loading=\"lazy\" decoding=\"async\" class=\"alignnone wp-image-14780\" src=\"https:\/\/voice-interaction.com\/tmp-web\/wp-content\/uploads\/2018\/03\/logo-ANI.png\" alt=\"\" width=\"130\" height=\"52\" srcset=\"https:\/\/voice-interaction.com\/tmp-web\/wp-content\/uploads\/2018\/03\/logo-ANI.png 534w, https:\/\/voice-interaction.com\/tmp-web\/wp-content\/uploads\/2018\/03\/logo-ANI-300x120.png 300w\" sizes=\"auto, (max-width: 130px) 100vw, 130px\" \/>\u00a0\u00a0\u00a0<img loading=\"lazy\" decoding=\"async\" class=\"alignnone wp-image-14779\" src=\"https:\/\/voice-interaction.com\/tmp-web\/wp-content\/uploads\/2018\/03\/logo-Lisboa2020.png\" alt=\"\" width=\"125\" height=\"52\" srcset=\"https:\/\/voice-interaction.com\/tmp-web\/wp-content\/uploads\/2018\/03\/logo-Lisboa2020.png 510w, https:\/\/voice-interaction.com\/tmp-web\/wp-content\/uploads\/2018\/03\/logo-Lisboa2020-300x125.png 300w\" sizes=\"auto, (max-width: 125px) 100vw, 125px\" \/>\u00a0\u00a0\u00a0<img loading=\"lazy\" decoding=\"async\" class=\"alignnone wp-image-14778\" src=\"https:\/\/voice-interaction.com\/tmp-web\/wp-content\/uploads\/2018\/03\/logo-Portugal2020.png\" alt=\"\" width=\"110\" height=\"47\" srcset=\"https:\/\/voice-interaction.com\/tmp-web\/wp-content\/uploads\/2018\/03\/logo-Portugal2020.png 496w, https:\/\/voice-interaction.com\/tmp-web\/wp-content\/uploads\/2018\/03\/logo-Portugal2020-300x128.png 300w\" sizes=\"auto, (max-width: 110px) 100vw, 110px\" \/>\u00a0\u00a0\u00a0<img loading=\"lazy\" decoding=\"async\" class=\"alignnone wp-image-14777\" src=\"https:\/\/voice-interaction.com\/tmp-web\/wp-content\/uploads\/2018\/03\/logo-FEDER.png\" alt=\"\" width=\"136\" height=\"55\" srcset=\"https:\/\/voice-interaction.com\/tmp-web\/wp-content\/uploads\/2018\/03\/logo-FEDER.png 524w, https:\/\/voice-interaction.com\/tmp-web\/wp-content\/uploads\/2018\/03\/logo-FEDER-300x121.png 300w\" sizes=\"auto, (max-width: 136px) 100vw, 136px\" \/><\/p><\/div>\n\n<div id=\"text-block-17c9e6cb0456d7277d5891b12f34c800\" class=\"sh-text-block\">\n\t<p style=\"text-align: left;\"><strong>C\u00f3digo do projecto:<\/strong> LISBOA-01-0247-FEDER-027496<\/p><p style=\"text-align: left;\"><strong>Regi\u00e3o de interven\u00e7\u00e3o<\/strong> | Lisboa<\/p><p style=\"text-align: left;\"><strong>Entidade benefici\u00e1ria<\/strong> | Voiceinteraction \u2013 Tecnologias de Processamento de Fala, S.A<\/p><p>&nbsp;<\/p><p style=\"text-align: left;\"><strong>Data de Aprova\u00e7\u00e3o |\u00a0<\/strong>13-03-2018<\/p><p style=\"text-align: left;\"><strong>Data de In\u00edcio |\u00a0<\/strong>01-11-2017<\/p><p style=\"text-align: left;\"><strong>Data de Conclus\u00e3o<\/strong> | 02-05-2019<\/p><p style=\"text-align: left;\"><strong>Custo total eleg\u00edvel |<\/strong> 281,960.42\u20ac<\/p><p style=\"text-align: left;\"><strong> Apoio financeiro da Uni\u00e3o Europeia|FEDER\u00a0 |\u00a0<\/strong> 112,784.17\u20ac<\/p><\/div>\n\t<\/div>\n\n\n\t\t\n\n<\/div>\n<\/div>\n\n\t<\/div>\n<\/section>\n","protected":false},"excerpt":{"rendered":"<p>PROJETO VOISCRIPTUM Transcri\u00e7\u00e3o Autom\u00e1tica de Fala para Apoio \u00e0 Atividade Judicial e do Minist\u00e9rio P\u00fablico PARCEIRO&#8230;<\/p>\n","protected":false},"author":9,"featured_media":0,"parent":10672,"menu_order":0,"comment_status":"closed","ping_status":"closed","template":"","meta":{"_links_to":"","_links_to_target":"","footnotes":""},"class_list":["post-15008","page","type-page","status-publish","hentry"],"_links":{"self":[{"href":"https:\/\/voice-interaction.com\/tmp-web\/pt\/wp-json\/wp\/v2\/pages\/15008","targetHints":{"allow":["GET"]}}],"collection":[{"href":"https:\/\/voice-interaction.com\/tmp-web\/pt\/wp-json\/wp\/v2\/pages"}],"about":[{"href":"https:\/\/voice-interaction.com\/tmp-web\/pt\/wp-json\/wp\/v2\/types\/page"}],"author":[{"embeddable":true,"href":"https:\/\/voice-interaction.com\/tmp-web\/pt\/wp-json\/wp\/v2\/users\/9"}],"replies":[{"embeddable":true,"href":"https:\/\/voice-interaction.com\/tmp-web\/pt\/wp-json\/wp\/v2\/comments?post=15008"}],"version-history":[{"count":3,"href":"https:\/\/voice-interaction.com\/tmp-web\/pt\/wp-json\/wp\/v2\/pages\/15008\/revisions"}],"predecessor-version":[{"id":17155,"href":"https:\/\/voice-interaction.com\/tmp-web\/pt\/wp-json\/wp\/v2\/pages\/15008\/revisions\/17155"}],"up":[{"embeddable":true,"href":"https:\/\/voice-interaction.com\/tmp-web\/pt\/wp-json\/wp\/v2\/pages\/10672"}],"wp:attachment":[{"href":"https:\/\/voice-interaction.com\/tmp-web\/pt\/wp-json\/wp\/v2\/media?parent=15008"}],"curies":[{"name":"wp","href":"https:\/\/api.w.org\/{rel}","templated":true}]}}