{"id":10660,"date":"2017-05-19T17:50:39","date_gmt":"2017-05-19T17:50:39","guid":{"rendered":"https:\/\/voice-interaction.com\/tmp-web\/news-feed\/"},"modified":"2018-04-07T12:14:35","modified_gmt":"2018-04-07T12:14:35","slug":"news-feed","status":"publish","type":"page","link":"https:\/\/voice-interaction.com\/tmp-web\/pt\/news-press\/news-feed\/","title":{"rendered":"Not\u00edcias"},"content":{"rendered":"<section class=\"sh-section sh-section-3ff739742a6c8f8e1f5955e6f6161aba fw-main-row sh-section-visibility-everywhere\">\n\t\n\t\n\t<div class=\"sh-section-container container\">\n\t\t<div class=\"fw-row\">\n\t\n<div class=\"sh-column sh-column-9d5d75d5764b8baa65fb4a3e6a11e7a1 fw-col-xs-12\" >\n\n\t\n\t<div class=\"sh-column-wrapper\">\n\t\t\n<div class=\"sh-heading  \" id=\"heading-b56fedaed50a39ed7c73f6fd3cf0d94c\">\n\t<div class=\"sh-element-margin\">\n\n\t\t\n\t\t\t<h2 class=\"sh-heading-content size-default text-left\">\n\t\t\t\t\u00daltimas not\u00edcias\t\t\t<\/h2>\n\n\t\t\n\t<\/div>\n<\/div>\n\n\n\n\n<div class=\"sh-recent-posts sh-recent-posts-columns4 sh-recent-posts-carousel\" id=\"recent-posts-2ae0f2a57edc650e0cc2652b6e3c6807\" data-id=\"4\">\n\n\t\t\n\t<div class=\"sh-group blog-list blog-style-masonry masonry-shadow sh-recent-posts-list-carousel\">\n\t\t\n\t<article id=\"post-18620\" class=\"post-item post-18620 post type-post status-publish format-standard has-post-thumbnail hentry category-empresa-pt-pt category-industrias-pt category-legendagem-automatica category-noticias-empresa-pt category-media_pt tag-audimus-media-pt tag-live-streaming-pt\">\n\t\t<div class=\"post-container\">\n\t\t\t\n\t\t\t<div class=\"post-meta-thumb\">\n\t\t\t\t<img loading=\"lazy\" decoding=\"async\" width=\"800\" height=\"433\" src=\"https:\/\/voice-interaction.com\/tmp-web\/wp-content\/uploads\/2020\/04\/VI-banner-april-PT_01C_Header-1.png\" class=\"attachment-large size-large wp-post-image\" alt=\"\" srcset=\"https:\/\/voice-interaction.com\/tmp-web\/wp-content\/uploads\/2020\/04\/VI-banner-april-PT_01C_Header-1.png 800w, https:\/\/voice-interaction.com\/tmp-web\/wp-content\/uploads\/2020\/04\/VI-banner-april-PT_01C_Header-1-300x162.png 300w, https:\/\/voice-interaction.com\/tmp-web\/wp-content\/uploads\/2020\/04\/VI-banner-april-PT_01C_Header-1-768x416.png 768w\" sizes=\"auto, (max-width: 800px) 100vw, 800px\" \/>\t\t\t\t\n        <div class=\"sh-overlay-style1\">\n            <div class=\"sh-table-full\">\n                                    <a href=\"https:\/\/voice-interaction.com\/tmp-web\/pt\/nao-estaremos-consigo-na-nab-2020-mas-estamos-sempre-aqui-para-si\/\" class=\"sh-overlay-item sh-table-cell\" title=\"Open the article - N\u00e3o estaremos consigo na NAB, mas estamos sempre aqui para si.\">\n                        <div class=\"sh-overlay-item-container\">\n                            <i class=\"icon-link\"><\/i>\n                        <\/div>\n                    <\/a>\n                \n                                    <a href=\"https:\/\/voice-interaction.com\/tmp-web\/wp-content\/uploads\/2020\/04\/VI-banner-april-PT_01C_Header-1.png\" class=\"sh-overlay-item sh-table-cell\" data-rel=\"lightcase\">\n                        <div class=\"sh-overlay-item-container\">\n                            <i class=\"icon-magnifier-add\"><\/i>\n                        <\/div>\n                    <\/a>\n                            <\/div>\n        <\/div>\n\n    \t\t\t<\/div>\n\n\t\t\t<div class=\"post-content-container\">\n\t\t\t\t<a href=\"https:\/\/voice-interaction.com\/tmp-web\/pt\/nao-estaremos-consigo-na-nab-2020-mas-estamos-sempre-aqui-para-si\/\" class=\"post-title\">\n\t\t\t\t\t<h2>\n\t\t\t\t\t\t\t\t\t\t\t\tN\u00e3o estaremos consigo na NAB, mas estamos sempre aqui para si.\t\t\t\t\t<\/h2>\n\t\t\t\t<\/a>\n\n\t\t\t\t<div class=\"post-meta post-meta-one\">\n\t\t\t\t\t\n        <span class=\"post-meta-author\">\n            by            <a href=\"https:\/\/voice-interaction.com\/tmp-web\/pt\/author\/mariana\/\" class=\"bypostauthor\" itemprop=\"url\" rel=\"author\">\n                Mariana            <\/a>\n        <\/span>\n\n                    <time class=\"updated semantic\" itemprop=\"dateModified\" datetime=\"2020-04-23T09:47:39+00:00\"><\/time>\n            <a href=\"https:\/\/voice-interaction.com\/tmp-web\/pt\/nao-estaremos-consigo-na-nab-2020-mas-estamos-sempre-aqui-para-si\/\" class=\"post-meta-date sh-default-color\">Abril 14, 2020<\/a>\n        \n    \t\t\t\t<\/div>\n\n\t\t\t\t<div class=\"post-content\">\n\t\t\t\t\t<p>Para maior divulga\u00e7\u00e3o na NAB Las Vegas 2020, t\u00ednhamos preparado um conjunto de desenvolvimentos associados ao&#8230;<\/p>\n\t\t\t\t<\/div>\n\n\t\t\t\t<div class=\"post-meta post-meta-two\">\n\t\t\t\t\t\n        <div class=\"sh-columns post-meta-comments\">\n            <span class=\"post-meta-categories\">\n                <i class=\"icon-tag\"><\/i>\n                <a href=\"https:\/\/voice-interaction.com\/tmp-web\/pt\/category\/empresa-pt-pt\/\" rel=\"category tag\">Empresa<\/a>, <a href=\"https:\/\/voice-interaction.com\/tmp-web\/pt\/category\/industrias-pt\/\" rel=\"category tag\">Ind\u00fastrias<\/a>, <a href=\"https:\/\/voice-interaction.com\/tmp-web\/pt\/category\/solucoes-pt\/legendagem-automatica\/\" rel=\"category tag\">Legendagem Autom\u00e1tica<\/a>, <a href=\"https:\/\/voice-interaction.com\/tmp-web\/pt\/category\/empresa-pt-pt\/noticias-empresa-pt\/\" rel=\"category tag\">Not\u00edcias Empresa<\/a>, <a href=\"https:\/\/voice-interaction.com\/tmp-web\/pt\/category\/industrias-pt\/media_pt\/\" rel=\"category tag\">Televis\u00e3o &amp; Media<\/a>            <\/span>\n\n                            <div><\/div>\n                    <\/div>\n\n    \t\t\t\t<\/div>\n\t\t\t<\/div>\n\n\t\t<\/div>\n\t<\/article>\n\n\n\n\t<article id=\"post-18426\" class=\"post-item post-18426 post type-post status-publish format-standard has-post-thumbnail hentry category-empresa-pt-pt category-industrias-pt category-legendagem-automatica category-noticias-empresa-pt category-solucoes-pt category-media_pt tag-audimus-media-pt tag-legendagem-em-direto tag-live-streaming-pt tag-speech-processing tag-speech-recognition-eu-pt tag-subtitling-regulation-pt\">\n\t\t<div class=\"post-container\">\n\t\t\t\n\t\t\t<div class=\"post-meta-thumb\">\n\t\t\t\t<img loading=\"lazy\" decoding=\"async\" width=\"400\" height=\"270\" src=\"https:\/\/voice-interaction.com\/tmp-web\/wp-content\/uploads\/2020\/03\/Highlight-1-_-Abril.jpg\" class=\"attachment-large size-large wp-post-image\" alt=\"\" srcset=\"https:\/\/voice-interaction.com\/tmp-web\/wp-content\/uploads\/2020\/03\/Highlight-1-_-Abril.jpg 400w, https:\/\/voice-interaction.com\/tmp-web\/wp-content\/uploads\/2020\/03\/Highlight-1-_-Abril-300x203.jpg 300w\" sizes=\"auto, (max-width: 400px) 100vw, 400px\" \/>\t\t\t\t\n        <div class=\"sh-overlay-style1\">\n            <div class=\"sh-table-full\">\n                                    <a href=\"https:\/\/voice-interaction.com\/tmp-web\/pt\/a-importancia-da-legendagem-para-todos-em-tempos-de-emergencia\/\" class=\"sh-overlay-item sh-table-cell\" title=\"Open the article - A import\u00e2ncia da legendagem para todos em tempos de emerg\u00eancia\">\n                        <div class=\"sh-overlay-item-container\">\n                            <i class=\"icon-link\"><\/i>\n                        <\/div>\n                    <\/a>\n                \n                                    <a href=\"https:\/\/voice-interaction.com\/tmp-web\/wp-content\/uploads\/2020\/03\/Highlight-1-_-Abril.jpg\" class=\"sh-overlay-item sh-table-cell\" data-rel=\"lightcase\">\n                        <div class=\"sh-overlay-item-container\">\n                            <i class=\"icon-magnifier-add\"><\/i>\n                        <\/div>\n                    <\/a>\n                            <\/div>\n        <\/div>\n\n    \t\t\t<\/div>\n\n\t\t\t<div class=\"post-content-container\">\n\t\t\t\t<a href=\"https:\/\/voice-interaction.com\/tmp-web\/pt\/a-importancia-da-legendagem-para-todos-em-tempos-de-emergencia\/\" class=\"post-title\">\n\t\t\t\t\t<h2>\n\t\t\t\t\t\t\t\t\t\t\t\tA import\u00e2ncia da legendagem para todos em tempos de emerg\u00eancia\t\t\t\t\t<\/h2>\n\t\t\t\t<\/a>\n\n\t\t\t\t<div class=\"post-meta post-meta-one\">\n\t\t\t\t\t\n        <span class=\"post-meta-author\">\n            by            <a href=\"https:\/\/voice-interaction.com\/tmp-web\/pt\/author\/mariana\/\" class=\"bypostauthor\" itemprop=\"url\" rel=\"author\">\n                Mariana            <\/a>\n        <\/span>\n\n                    <time class=\"updated semantic\" itemprop=\"dateModified\" datetime=\"2020-04-24T12:13:42+00:00\"><\/time>\n            <a href=\"https:\/\/voice-interaction.com\/tmp-web\/pt\/a-importancia-da-legendagem-para-todos-em-tempos-de-emergencia\/\" class=\"post-meta-date sh-default-color\">Abril 14, 2020<\/a>\n        \n    \t\t\t\t<\/div>\n\n\t\t\t\t<div class=\"post-content\">\n\t\t\t\t\t<p>Em 2008, ano de funda\u00e7\u00e3o da VoiceInteraction, a vis\u00e3o era simples: a fala seria, no futuro,&#8230;<\/p>\n\t\t\t\t<\/div>\n\n\t\t\t\t<div class=\"post-meta post-meta-two\">\n\t\t\t\t\t\n        <div class=\"sh-columns post-meta-comments\">\n            <span class=\"post-meta-categories\">\n                <i class=\"icon-tag\"><\/i>\n                <a href=\"https:\/\/voice-interaction.com\/tmp-web\/pt\/category\/empresa-pt-pt\/\" rel=\"category tag\">Empresa<\/a>, <a href=\"https:\/\/voice-interaction.com\/tmp-web\/pt\/category\/industrias-pt\/\" rel=\"category tag\">Ind\u00fastrias<\/a>, <a href=\"https:\/\/voice-interaction.com\/tmp-web\/pt\/category\/solucoes-pt\/legendagem-automatica\/\" rel=\"category tag\">Legendagem Autom\u00e1tica<\/a>, <a href=\"https:\/\/voice-interaction.com\/tmp-web\/pt\/category\/empresa-pt-pt\/noticias-empresa-pt\/\" rel=\"category tag\">Not\u00edcias Empresa<\/a>, <a href=\"https:\/\/voice-interaction.com\/tmp-web\/pt\/category\/solucoes-pt\/\" rel=\"category tag\">Solu\u00e7\u00f5es<\/a>, <a href=\"https:\/\/voice-interaction.com\/tmp-web\/pt\/category\/industrias-pt\/media_pt\/\" rel=\"category tag\">Televis\u00e3o &amp; Media<\/a>            <\/span>\n\n                            <div><\/div>\n                    <\/div>\n\n    \t\t\t\t<\/div>\n\t\t\t<\/div>\n\n\t\t<\/div>\n\t<\/article>\n\n\n\n\t<article id=\"post-18434\" class=\"post-item post-18434 post type-post status-publish format-standard has-post-thumbnail hentry category-empresa-pt-pt category-noticias-empresa-pt tag-research tag-technology-pt tag-voiceinteraction\">\n\t\t<div class=\"post-container\">\n\t\t\t\n\t\t\t<div class=\"post-meta-thumb\">\n\t\t\t\t<img loading=\"lazy\" decoding=\"async\" width=\"400\" height=\"270\" src=\"https:\/\/voice-interaction.com\/tmp-web\/wp-content\/uploads\/2020\/03\/Highlight-2-_-Abril.jpg\" class=\"attachment-large size-large wp-post-image\" alt=\"\" srcset=\"https:\/\/voice-interaction.com\/tmp-web\/wp-content\/uploads\/2020\/03\/Highlight-2-_-Abril.jpg 400w, https:\/\/voice-interaction.com\/tmp-web\/wp-content\/uploads\/2020\/03\/Highlight-2-_-Abril-300x203.jpg 300w\" sizes=\"auto, (max-width: 400px) 100vw, 400px\" \/>\t\t\t\t\n        <div class=\"sh-overlay-style1\">\n            <div class=\"sh-table-full\">\n                                    <a href=\"https:\/\/voice-interaction.com\/tmp-web\/pt\/sabe-como-funciona-um-sistema-de-legendagem-automatica\/\" class=\"sh-overlay-item sh-table-cell\" title=\"Open the article - Sabe como funciona um sistema de legendagem autom\u00e1tica?\">\n                        <div class=\"sh-overlay-item-container\">\n                            <i class=\"icon-link\"><\/i>\n                        <\/div>\n                    <\/a>\n                \n                                    <a href=\"https:\/\/voice-interaction.com\/tmp-web\/wp-content\/uploads\/2020\/03\/Highlight-2-_-Abril.jpg\" class=\"sh-overlay-item sh-table-cell\" data-rel=\"lightcase\">\n                        <div class=\"sh-overlay-item-container\">\n                            <i class=\"icon-magnifier-add\"><\/i>\n                        <\/div>\n                    <\/a>\n                            <\/div>\n        <\/div>\n\n    \t\t\t<\/div>\n\n\t\t\t<div class=\"post-content-container\">\n\t\t\t\t<a href=\"https:\/\/voice-interaction.com\/tmp-web\/pt\/sabe-como-funciona-um-sistema-de-legendagem-automatica\/\" class=\"post-title\">\n\t\t\t\t\t<h2>\n\t\t\t\t\t\t\t\t\t\t\t\tSabe como funciona um sistema de legendagem autom\u00e1tica?\t\t\t\t\t<\/h2>\n\t\t\t\t<\/a>\n\n\t\t\t\t<div class=\"post-meta post-meta-one\">\n\t\t\t\t\t\n        <span class=\"post-meta-author\">\n            by            <a href=\"https:\/\/voice-interaction.com\/tmp-web\/pt\/author\/mariana\/\" class=\"bypostauthor\" itemprop=\"url\" rel=\"author\">\n                Mariana            <\/a>\n        <\/span>\n\n                    <time class=\"updated semantic\" itemprop=\"dateModified\" datetime=\"2020-04-14T09:46:44+00:00\"><\/time>\n            <a href=\"https:\/\/voice-interaction.com\/tmp-web\/pt\/sabe-como-funciona-um-sistema-de-legendagem-automatica\/\" class=\"post-meta-date sh-default-color\">Abril 14, 2020<\/a>\n        \n    \t\t\t\t<\/div>\n\n\t\t\t\t<div class=\"post-content\">\n\t\t\t\t\t<p>Assumir uma nova l\u00edngua de trabalho pressup\u00f5e a reuni\u00e3o de ingredientes fundamentais para que o reconhecimento&#8230;<\/p>\n\t\t\t\t<\/div>\n\n\t\t\t\t<div class=\"post-meta post-meta-two\">\n\t\t\t\t\t\n        <div class=\"sh-columns post-meta-comments\">\n            <span class=\"post-meta-categories\">\n                <i class=\"icon-tag\"><\/i>\n                <a href=\"https:\/\/voice-interaction.com\/tmp-web\/pt\/category\/empresa-pt-pt\/\" rel=\"category tag\">Empresa<\/a>, <a href=\"https:\/\/voice-interaction.com\/tmp-web\/pt\/category\/empresa-pt-pt\/noticias-empresa-pt\/\" rel=\"category tag\">Not\u00edcias Empresa<\/a>            <\/span>\n\n                            <div><\/div>\n                    <\/div>\n\n    \t\t\t\t<\/div>\n\t\t\t<\/div>\n\n\t\t<\/div>\n\t<\/article>\n\n\n\n\t<article id=\"post-18441\" class=\"post-item post-18441 post type-post status-publish format-standard has-post-thumbnail hentry category-empresa-pt-pt tag-audimus-media-pt tag-audimus-server-pt tag-broadcast-monitoring-eu-pt tag-call-center tag-callscriber tag-camaras-municipais-pt tag-compliance-recording-eu-pt tag-legendagem-em-direto tag-quality-monitoring-pt tag-voiceinteraction\">\n\t\t<div class=\"post-container\">\n\t\t\t\n\t\t\t<div class=\"post-meta-thumb\">\n\t\t\t\t<img loading=\"lazy\" decoding=\"async\" width=\"533\" height=\"360\" src=\"https:\/\/voice-interaction.com\/tmp-web\/wp-content\/uploads\/2020\/04\/Focus-1.jpg\" class=\"attachment-large size-large wp-post-image\" alt=\"\" srcset=\"https:\/\/voice-interaction.com\/tmp-web\/wp-content\/uploads\/2020\/04\/Focus-1.jpg 533w, https:\/\/voice-interaction.com\/tmp-web\/wp-content\/uploads\/2020\/04\/Focus-1-300x203.jpg 300w\" sizes=\"auto, (max-width: 533px) 100vw, 533px\" \/>\t\t\t\t\n        <div class=\"sh-overlay-style1\">\n            <div class=\"sh-table-full\">\n                                    <a href=\"https:\/\/voice-interaction.com\/tmp-web\/pt\/a-transversalidade-dos-nossos-produtos\/\" class=\"sh-overlay-item sh-table-cell\" title=\"Open the article - A transversalidade dos nossos produtos\">\n                        <div class=\"sh-overlay-item-container\">\n                            <i class=\"icon-link\"><\/i>\n                        <\/div>\n                    <\/a>\n                \n                                    <a href=\"https:\/\/voice-interaction.com\/tmp-web\/wp-content\/uploads\/2020\/04\/Focus-1.jpg\" class=\"sh-overlay-item sh-table-cell\" data-rel=\"lightcase\">\n                        <div class=\"sh-overlay-item-container\">\n                            <i class=\"icon-magnifier-add\"><\/i>\n                        <\/div>\n                    <\/a>\n                            <\/div>\n        <\/div>\n\n    \t\t\t<\/div>\n\n\t\t\t<div class=\"post-content-container\">\n\t\t\t\t<a href=\"https:\/\/voice-interaction.com\/tmp-web\/pt\/a-transversalidade-dos-nossos-produtos\/\" class=\"post-title\">\n\t\t\t\t\t<h2>\n\t\t\t\t\t\t\t\t\t\t\t\tA transversalidade dos nossos produtos\t\t\t\t\t<\/h2>\n\t\t\t\t<\/a>\n\n\t\t\t\t<div class=\"post-meta post-meta-one\">\n\t\t\t\t\t\n        <span class=\"post-meta-author\">\n            by            <a href=\"https:\/\/voice-interaction.com\/tmp-web\/pt\/author\/mariana\/\" class=\"bypostauthor\" itemprop=\"url\" rel=\"author\">\n                Mariana            <\/a>\n        <\/span>\n\n                    <time class=\"updated semantic\" itemprop=\"dateModified\" datetime=\"2020-04-14T09:49:27+00:00\"><\/time>\n            <a href=\"https:\/\/voice-interaction.com\/tmp-web\/pt\/a-transversalidade-dos-nossos-produtos\/\" class=\"post-meta-date sh-default-color\">Abril 14, 2020<\/a>\n        \n    \t\t\t\t<\/div>\n\n\t\t\t\t<div class=\"post-content\">\n\t\t\t\t\t<p>Antes, durante e depois de uma reuni\u00e3o est\u00e1 presente a necessidade de que as decis\u00f5es tomadas&#8230;<\/p>\n\t\t\t\t<\/div>\n\n\t\t\t\t<div class=\"post-meta post-meta-two\">\n\t\t\t\t\t\n        <div class=\"sh-columns post-meta-comments\">\n            <span class=\"post-meta-categories\">\n                <i class=\"icon-tag\"><\/i>\n                <a href=\"https:\/\/voice-interaction.com\/tmp-web\/pt\/category\/empresa-pt-pt\/\" rel=\"category tag\">Empresa<\/a>            <\/span>\n\n                            <div><\/div>\n                    <\/div>\n\n    \t\t\t\t<\/div>\n\t\t\t<\/div>\n\n\t\t<\/div>\n\t<\/article>\n\n\n\n\t<article id=\"post-18445\" class=\"post-item post-18445 post type-post status-publish format-standard has-post-thumbnail hentry category-ditado-pt category-empresa-pt-pt category-noticias-empresa-pt category-solucoes-pt\">\n\t\t<div class=\"post-container\">\n\t\t\t\n\t\t\t<div class=\"post-meta-thumb\">\n\t\t\t\t<img loading=\"lazy\" decoding=\"async\" width=\"533\" height=\"360\" src=\"https:\/\/voice-interaction.com\/tmp-web\/wp-content\/uploads\/2020\/04\/Focus-3.jpg\" class=\"attachment-large size-large wp-post-image\" alt=\"\" srcset=\"https:\/\/voice-interaction.com\/tmp-web\/wp-content\/uploads\/2020\/04\/Focus-3.jpg 533w, https:\/\/voice-interaction.com\/tmp-web\/wp-content\/uploads\/2020\/04\/Focus-3-300x203.jpg 300w\" sizes=\"auto, (max-width: 533px) 100vw, 533px\" \/>\t\t\t\t\n        <div class=\"sh-overlay-style1\">\n            <div class=\"sh-table-full\">\n                                    <a href=\"https:\/\/voice-interaction.com\/tmp-web\/pt\/o-nosso-contributo-para-a-saude-voxcontrol\/\" class=\"sh-overlay-item sh-table-cell\" title=\"Open the article - O nosso contributo para a sa\u00fade \u2013 VoxControl\">\n                        <div class=\"sh-overlay-item-container\">\n                            <i class=\"icon-link\"><\/i>\n                        <\/div>\n                    <\/a>\n                \n                                    <a href=\"https:\/\/voice-interaction.com\/tmp-web\/wp-content\/uploads\/2020\/04\/Focus-3.jpg\" class=\"sh-overlay-item sh-table-cell\" data-rel=\"lightcase\">\n                        <div class=\"sh-overlay-item-container\">\n                            <i class=\"icon-magnifier-add\"><\/i>\n                        <\/div>\n                    <\/a>\n                            <\/div>\n        <\/div>\n\n    \t\t\t<\/div>\n\n\t\t\t<div class=\"post-content-container\">\n\t\t\t\t<a href=\"https:\/\/voice-interaction.com\/tmp-web\/pt\/o-nosso-contributo-para-a-saude-voxcontrol\/\" class=\"post-title\">\n\t\t\t\t\t<h2>\n\t\t\t\t\t\t\t\t\t\t\t\tO nosso contributo para a sa\u00fade \u2013 VoxControl\t\t\t\t\t<\/h2>\n\t\t\t\t<\/a>\n\n\t\t\t\t<div class=\"post-meta post-meta-one\">\n\t\t\t\t\t\n        <span class=\"post-meta-author\">\n            by            <a href=\"https:\/\/voice-interaction.com\/tmp-web\/pt\/author\/mariana\/\" class=\"bypostauthor\" itemprop=\"url\" rel=\"author\">\n                Mariana            <\/a>\n        <\/span>\n\n                    <time class=\"updated semantic\" itemprop=\"dateModified\" datetime=\"2020-04-14T09:47:46+00:00\"><\/time>\n            <a href=\"https:\/\/voice-interaction.com\/tmp-web\/pt\/o-nosso-contributo-para-a-saude-voxcontrol\/\" class=\"post-meta-date sh-default-color\">Abril 14, 2020<\/a>\n        \n    \t\t\t\t<\/div>\n\n\t\t\t\t<div class=\"post-content\">\n\t\t\t\t\t<p>H\u00e1 muito que os servi\u00e7os de transcri\u00e7\u00e3o s\u00e3o necess\u00e1rios no setor de Sa\u00fade. De facto, muitas&#8230;<\/p>\n\t\t\t\t<\/div>\n\n\t\t\t\t<div class=\"post-meta post-meta-two\">\n\t\t\t\t\t\n        <div class=\"sh-columns post-meta-comments\">\n            <span class=\"post-meta-categories\">\n                <i class=\"icon-tag\"><\/i>\n                <a href=\"https:\/\/voice-interaction.com\/tmp-web\/pt\/category\/solucoes-pt\/ditado-pt\/\" rel=\"category tag\">Ditado<\/a>, <a href=\"https:\/\/voice-interaction.com\/tmp-web\/pt\/category\/empresa-pt-pt\/\" rel=\"category tag\">Empresa<\/a>, <a href=\"https:\/\/voice-interaction.com\/tmp-web\/pt\/category\/empresa-pt-pt\/noticias-empresa-pt\/\" rel=\"category tag\">Not\u00edcias Empresa<\/a>, <a href=\"https:\/\/voice-interaction.com\/tmp-web\/pt\/category\/solucoes-pt\/\" rel=\"category tag\">Solu\u00e7\u00f5es<\/a>            <\/span>\n\n                            <div><\/div>\n                    <\/div>\n\n    \t\t\t\t<\/div>\n\t\t\t<\/div>\n\n\t\t<\/div>\n\t<\/article>\n\n\n\n\t<article id=\"post-18332\" class=\"post-item post-18332 post type-post status-publish format-standard has-post-thumbnail hentry category-empresa-pt-pt category-industrias-pt category-legendagem-automatica category-noticias-empresa-pt category-media_pt\">\n\t\t<div class=\"post-container\">\n\t\t\t\n\t\t\t<div class=\"post-meta-thumb\">\n\t\t\t\t<img loading=\"lazy\" decoding=\"async\" width=\"400\" height=\"270\" src=\"https:\/\/voice-interaction.com\/tmp-web\/wp-content\/uploads\/2020\/03\/Header.jpg\" class=\"attachment-large size-large wp-post-image\" alt=\"\" srcset=\"https:\/\/voice-interaction.com\/tmp-web\/wp-content\/uploads\/2020\/03\/Header.jpg 400w, https:\/\/voice-interaction.com\/tmp-web\/wp-content\/uploads\/2020\/03\/Header-300x203.jpg 300w\" sizes=\"auto, (max-width: 400px) 100vw, 400px\" \/>\t\t\t\t\n        <div class=\"sh-overlay-style1\">\n            <div class=\"sh-table-full\">\n                                    <a href=\"https:\/\/voice-interaction.com\/tmp-web\/pt\/voiceinteraction-em-forte-expansao-no-mercado-americano\/\" class=\"sh-overlay-item sh-table-cell\" title=\"Open the article - VoiceInteraction em forte expans\u00e3o no mercado americano\">\n                        <div class=\"sh-overlay-item-container\">\n                            <i class=\"icon-link\"><\/i>\n                        <\/div>\n                    <\/a>\n                \n                                    <a href=\"https:\/\/voice-interaction.com\/tmp-web\/wp-content\/uploads\/2020\/03\/Header.jpg\" class=\"sh-overlay-item sh-table-cell\" data-rel=\"lightcase\">\n                        <div class=\"sh-overlay-item-container\">\n                            <i class=\"icon-magnifier-add\"><\/i>\n                        <\/div>\n                    <\/a>\n                            <\/div>\n        <\/div>\n\n    \t\t\t<\/div>\n\n\t\t\t<div class=\"post-content-container\">\n\t\t\t\t<a href=\"https:\/\/voice-interaction.com\/tmp-web\/pt\/voiceinteraction-em-forte-expansao-no-mercado-americano\/\" class=\"post-title\">\n\t\t\t\t\t<h2>\n\t\t\t\t\t\t\t\t\t\t\t\tVoiceInteraction em forte expans\u00e3o no mercado americano\t\t\t\t\t<\/h2>\n\t\t\t\t<\/a>\n\n\t\t\t\t<div class=\"post-meta post-meta-one\">\n\t\t\t\t\t\n        <span class=\"post-meta-author\">\n            by            <a href=\"https:\/\/voice-interaction.com\/tmp-web\/pt\/author\/mariana\/\" class=\"bypostauthor\" itemprop=\"url\" rel=\"author\">\n                Mariana            <\/a>\n        <\/span>\n\n                    <time class=\"updated semantic\" itemprop=\"dateModified\" datetime=\"2020-03-09T12:31:05+00:00\"><\/time>\n            <a href=\"https:\/\/voice-interaction.com\/tmp-web\/pt\/voiceinteraction-em-forte-expansao-no-mercado-americano\/\" class=\"post-meta-date sh-default-color\">Mar\u00e7o 6, 2020<\/a>\n        \n    \t\t\t\t<\/div>\n\n\t\t\t\t<div class=\"post-content\">\n\t\t\t\t\t<p>Atualmente, mais de 400 emissoras de TV fazem parte do nosso portef\u00f3lio de clientes, com impacto&#8230;<\/p>\n\t\t\t\t<\/div>\n\n\t\t\t\t<div class=\"post-meta post-meta-two\">\n\t\t\t\t\t\n        <div class=\"sh-columns post-meta-comments\">\n            <span class=\"post-meta-categories\">\n                <i class=\"icon-tag\"><\/i>\n                <a href=\"https:\/\/voice-interaction.com\/tmp-web\/pt\/category\/empresa-pt-pt\/\" rel=\"category tag\">Empresa<\/a>, <a href=\"https:\/\/voice-interaction.com\/tmp-web\/pt\/category\/industrias-pt\/\" rel=\"category tag\">Ind\u00fastrias<\/a>, <a href=\"https:\/\/voice-interaction.com\/tmp-web\/pt\/category\/solucoes-pt\/legendagem-automatica\/\" rel=\"category tag\">Legendagem Autom\u00e1tica<\/a>, <a href=\"https:\/\/voice-interaction.com\/tmp-web\/pt\/category\/empresa-pt-pt\/noticias-empresa-pt\/\" rel=\"category tag\">Not\u00edcias Empresa<\/a>, <a href=\"https:\/\/voice-interaction.com\/tmp-web\/pt\/category\/industrias-pt\/media_pt\/\" rel=\"category tag\">Televis\u00e3o &amp; Media<\/a>            <\/span>\n\n                            <div><\/div>\n                    <\/div>\n\n    \t\t\t\t<\/div>\n\t\t\t<\/div>\n\n\t\t<\/div>\n\t<\/article>\n\n\n\n\t<article id=\"post-18259\" class=\"post-item post-18259 post type-post status-publish format-video has-post-thumbnail hentry category-empresa-pt-pt category-empresarial-pt category-industrias-pt category-noticias-empresa-pt category-speech-analytics-pt tag-callscriber tag-ivr-pt tag-quality-monitoring-pt tag-speech-analytics-pt tag-video post_format-post-format-video\" itemscope=\"itemscope\" itemtype=\"http:\/\/schema.org\/Article\">\n\t\t<div class=\"post-container\">\n\t\t\t\n\t\t\t\n\t<div class=\"post-meta-video\">\n\t\t<div class=\"ratio-container\">\n\t\t\t<div class=\"ratio-content\">\n\t\t\t\t\n\t\t\t<\/div>\n\t\t<\/div>\n\t<\/div>\n\t\t\t<div class=\"post-content-container\">\n\t\t\t\t<a href=\"https:\/\/voice-interaction.com\/tmp-web\/pt\/callscriber-em-video-para-todos-e-em-qualquer-lugar\/\" class=\"post-title\">\n\t\t\t\t\t<h2 itemprop=\"headline\">\n\t\t\t\t\t\t\t\t\t\t\t\tCallScriber em v\u00eddeo. Para todos e em qualquer lugar!\t\t\t\t\t<\/h2>\n\t\t\t\t<\/a>\n\n\t\t\t\t<div class=\"post-meta post-meta-one\">\n\t\t\t\t\t\n        <span class=\"post-meta-author\">\n            by            <a href=\"https:\/\/voice-interaction.com\/tmp-web\/pt\/author\/mariana\/\" class=\"bypostauthor\" itemprop=\"url\" rel=\"author\">\n                Mariana            <\/a>\n        <\/span>\n\n                    <time class=\"updated semantic\" itemprop=\"dateModified\" datetime=\"2020-03-09T14:29:42+00:00\"><\/time>\n            <a href=\"https:\/\/voice-interaction.com\/tmp-web\/pt\/callscriber-em-video-para-todos-e-em-qualquer-lugar\/\" class=\"post-meta-date sh-default-color\">Mar\u00e7o 4, 2020<\/a>\n        \n    \t\t\t\t<\/div>\n\n\t\t\t\t<div class=\"post-content\" itemprop=\"text\">\n\t\t\t\t\t<p>Se ainda n\u00e3o conhece o CallScriber, produto que analisa 100% das chamadas de um Contact Center\u00a0de&#8230;<\/p>\n\t\t\t\t<\/div>\n\n\t\t\t\t<div class=\"post-meta post-meta-two\">\n\t\t\t\t\t\n        <div class=\"sh-columns post-meta-comments\">\n            <span class=\"post-meta-categories\">\n                <i class=\"icon-tag\"><\/i>\n                <a href=\"https:\/\/voice-interaction.com\/tmp-web\/pt\/category\/empresa-pt-pt\/\" rel=\"category tag\">Empresa<\/a>, <a href=\"https:\/\/voice-interaction.com\/tmp-web\/pt\/category\/industrias-pt\/empresarial-pt\/\" rel=\"category tag\">Empresarial<\/a>, <a href=\"https:\/\/voice-interaction.com\/tmp-web\/pt\/category\/industrias-pt\/\" rel=\"category tag\">Ind\u00fastrias<\/a>, <a href=\"https:\/\/voice-interaction.com\/tmp-web\/pt\/category\/empresa-pt-pt\/noticias-empresa-pt\/\" rel=\"category tag\">Not\u00edcias Empresa<\/a>, <a href=\"https:\/\/voice-interaction.com\/tmp-web\/pt\/category\/solucoes-pt\/speech-analytics-pt\/\" rel=\"category tag\">Speech Analytics<\/a>            <\/span>\n\n                            <div><\/div>\n                    <\/div>\n\n    \t\t\t\t<\/div>\n\t\t\t<\/div>\n\n\t\t<\/div>\n\t<\/article>\n\n\t\n\t<article id=\"post-18253\" class=\"post-item post-18253 post type-post status-publish format-video has-post-thumbnail hentry category-empresa-pt-pt category-noticias-empresa-pt post_format-post-format-video\" itemscope=\"itemscope\" itemtype=\"http:\/\/schema.org\/Article\">\n\t\t<div class=\"post-container\">\n\t\t\t\n\t\t\t\n\t<div class=\"post-meta-video\">\n\t\t<div class=\"ratio-container\">\n\t\t\t<div class=\"ratio-content\">\n\t\t\t\t<iframe loading=\"lazy\" title=\"Take a look at VoiceInteraction&#039;s new office launch event!\" width=\"500\" height=\"281\" src=\"https:\/\/www.youtube.com\/embed\/XU_qNbWntNE?feature=oembed\" frameborder=\"0\" allow=\"accelerometer; autoplay; clipboard-write; encrypted-media; gyroscope; picture-in-picture; web-share\" referrerpolicy=\"strict-origin-when-cross-origin\" allowfullscreen><\/iframe>\n\t\t\t<\/div>\n\t\t<\/div>\n\t<\/div>\n\t\t\t<div class=\"post-content-container\">\n\t\t\t\t<a href=\"https:\/\/voice-interaction.com\/tmp-web\/pt\/a-inauguracao-dos-novos-escritorios-da-voiceinteraction-em-lisboa\/\" class=\"post-title\">\n\t\t\t\t\t<h2 itemprop=\"headline\">\n\t\t\t\t\t\t\t\t\t\t\t\tA inaugura\u00e7\u00e3o dos novos escrit\u00f3rios da VoiceInteraction em Lisboa!\t\t\t\t\t<\/h2>\n\t\t\t\t<\/a>\n\n\t\t\t\t<div class=\"post-meta post-meta-one\">\n\t\t\t\t\t\n        <span class=\"post-meta-author\">\n            by            <a href=\"https:\/\/voice-interaction.com\/tmp-web\/pt\/author\/mariana\/\" class=\"bypostauthor\" itemprop=\"url\" rel=\"author\">\n                Mariana            <\/a>\n        <\/span>\n\n                    <time class=\"updated semantic\" itemprop=\"dateModified\" datetime=\"2020-03-09T14:23:54+00:00\"><\/time>\n            <a href=\"https:\/\/voice-interaction.com\/tmp-web\/pt\/a-inauguracao-dos-novos-escritorios-da-voiceinteraction-em-lisboa\/\" class=\"post-meta-date sh-default-color\">Mar\u00e7o 4, 2020<\/a>\n        \n    \t\t\t\t<\/div>\n\n\t\t\t\t<div class=\"post-content\" itemprop=\"text\">\n\t\t\t\t\t<p>Com toda a empresa em crescimento, tamb\u00e9m as nossas infraestruturas t\u00eam de crescer. Como tal, os&#8230;<\/p>\n\t\t\t\t<\/div>\n\n\t\t\t\t<div class=\"post-meta post-meta-two\">\n\t\t\t\t\t\n        <div class=\"sh-columns post-meta-comments\">\n            <span class=\"post-meta-categories\">\n                <i class=\"icon-tag\"><\/i>\n                <a href=\"https:\/\/voice-interaction.com\/tmp-web\/pt\/category\/empresa-pt-pt\/\" rel=\"category tag\">Empresa<\/a>, <a href=\"https:\/\/voice-interaction.com\/tmp-web\/pt\/category\/empresa-pt-pt\/noticias-empresa-pt\/\" rel=\"category tag\">Not\u00edcias Empresa<\/a>            <\/span>\n\n                            <div><\/div>\n                    <\/div>\n\n    \t\t\t\t<\/div>\n\t\t\t<\/div>\n\n\t\t<\/div>\n\t<\/article>\n\n\t\n\t<article id=\"post-18235\" class=\"post-item post-18235 post type-post status-publish format-standard has-post-thumbnail hentry category-empresa-pt-pt category-noticias-empresa-pt tag-academy tag-research tag-speech-processing tag-technology-pt\">\n\t\t<div class=\"post-container\">\n\t\t\t\n\t\t\t<div class=\"post-meta-thumb\">\n\t\t\t\t<img loading=\"lazy\" decoding=\"async\" width=\"400\" height=\"270\" src=\"https:\/\/voice-interaction.com\/tmp-web\/wp-content\/uploads\/2020\/03\/B3_PT_L\u00ednguas.jpg\" class=\"attachment-large size-large wp-post-image\" alt=\"\" srcset=\"https:\/\/voice-interaction.com\/tmp-web\/wp-content\/uploads\/2020\/03\/B3_PT_L\u00ednguas.jpg 400w, https:\/\/voice-interaction.com\/tmp-web\/wp-content\/uploads\/2020\/03\/B3_PT_L\u00ednguas-300x203.jpg 300w\" sizes=\"auto, (max-width: 400px) 100vw, 400px\" \/>\t\t\t\t\n        <div class=\"sh-overlay-style1\">\n            <div class=\"sh-table-full\">\n                                    <a href=\"https:\/\/voice-interaction.com\/tmp-web\/pt\/a-dar-voz-ao-processamento-computacional-de-portugues-no-propor2020\/\" class=\"sh-overlay-item sh-table-cell\" title=\"Open the article - A dar voz ao Processamento Computacional de Portugu\u00eas no PROPOR2020\">\n                        <div class=\"sh-overlay-item-container\">\n                            <i class=\"icon-link\"><\/i>\n                        <\/div>\n                    <\/a>\n                \n                                    <a href=\"https:\/\/voice-interaction.com\/tmp-web\/wp-content\/uploads\/2020\/03\/B3_PT_L\u00ednguas.jpg\" class=\"sh-overlay-item sh-table-cell\" data-rel=\"lightcase\">\n                        <div class=\"sh-overlay-item-container\">\n                            <i class=\"icon-magnifier-add\"><\/i>\n                        <\/div>\n                    <\/a>\n                            <\/div>\n        <\/div>\n\n    \t\t\t<\/div>\n\n\t\t\t<div class=\"post-content-container\">\n\t\t\t\t<a href=\"https:\/\/voice-interaction.com\/tmp-web\/pt\/a-dar-voz-ao-processamento-computacional-de-portugues-no-propor2020\/\" class=\"post-title\">\n\t\t\t\t\t<h2>\n\t\t\t\t\t\t\t\t\t\t\t\tA dar voz ao Processamento Computacional de Portugu\u00eas no PROPOR2020\t\t\t\t\t<\/h2>\n\t\t\t\t<\/a>\n\n\t\t\t\t<div class=\"post-meta post-meta-one\">\n\t\t\t\t\t\n        <span class=\"post-meta-author\">\n            by            <a href=\"https:\/\/voice-interaction.com\/tmp-web\/pt\/author\/mariana\/\" class=\"bypostauthor\" itemprop=\"url\" rel=\"author\">\n                Mariana            <\/a>\n        <\/span>\n\n                    <time class=\"updated semantic\" itemprop=\"dateModified\" datetime=\"2020-03-09T14:21:25+00:00\"><\/time>\n            <a href=\"https:\/\/voice-interaction.com\/tmp-web\/pt\/a-dar-voz-ao-processamento-computacional-de-portugues-no-propor2020\/\" class=\"post-meta-date sh-default-color\">Mar\u00e7o 3, 2020<\/a>\n        \n    \t\t\t\t<\/div>\n\n\t\t\t\t<div class=\"post-content\">\n\t\t\t\t\t<p>A cada dois anos, a Confer\u00eancia Internacional de PROcessamento Computacional da L\u00edngua PORtuguesa &#8211; PROPOR &#8211;&#8230;<\/p>\n\t\t\t\t<\/div>\n\n\t\t\t\t<div class=\"post-meta post-meta-two\">\n\t\t\t\t\t\n        <div class=\"sh-columns post-meta-comments\">\n            <span class=\"post-meta-categories\">\n                <i class=\"icon-tag\"><\/i>\n                <a href=\"https:\/\/voice-interaction.com\/tmp-web\/pt\/category\/empresa-pt-pt\/\" rel=\"category tag\">Empresa<\/a>, <a href=\"https:\/\/voice-interaction.com\/tmp-web\/pt\/category\/empresa-pt-pt\/noticias-empresa-pt\/\" rel=\"category tag\">Not\u00edcias Empresa<\/a>            <\/span>\n\n                            <div><\/div>\n                    <\/div>\n\n    \t\t\t\t<\/div>\n\t\t\t<\/div>\n\n\t\t<\/div>\n\t<\/article>\n\n\n\n\t<article id=\"post-18199\" class=\"post-item post-18199 post type-post status-publish format-standard has-post-thumbnail hentry category-empresa-pt-pt category-noticias-empresa-pt tag-knowledge-from-speech tag-modelos-acusticos tag-modelos-linguisticos tag-speech-recognition-eu-pt tag-tecnologia\">\n\t\t<div class=\"post-container\">\n\t\t\t\n\t\t\t<div class=\"post-meta-thumb\">\n\t\t\t\t<img loading=\"lazy\" decoding=\"async\" width=\"400\" height=\"270\" src=\"https:\/\/voice-interaction.com\/tmp-web\/wp-content\/uploads\/2020\/03\/B2_PT_L\u00ednguas.jpg\" class=\"attachment-large size-large wp-post-image\" alt=\"\" srcset=\"https:\/\/voice-interaction.com\/tmp-web\/wp-content\/uploads\/2020\/03\/B2_PT_L\u00ednguas.jpg 400w, https:\/\/voice-interaction.com\/tmp-web\/wp-content\/uploads\/2020\/03\/B2_PT_L\u00ednguas-300x203.jpg 300w\" sizes=\"auto, (max-width: 400px) 100vw, 400px\" \/>\t\t\t\t\n        <div class=\"sh-overlay-style1\">\n            <div class=\"sh-table-full\">\n                                    <a href=\"https:\/\/voice-interaction.com\/tmp-web\/pt\/a-voiceinteraction-esta-a-trabalhar-em-novas-linguas\/\" class=\"sh-overlay-item sh-table-cell\" title=\"Open the article - A VoiceInteraction est\u00e1 a trabalhar em novas l\u00ednguas!\">\n                        <div class=\"sh-overlay-item-container\">\n                            <i class=\"icon-link\"><\/i>\n                        <\/div>\n                    <\/a>\n                \n                                    <a href=\"https:\/\/voice-interaction.com\/tmp-web\/wp-content\/uploads\/2020\/03\/B2_PT_L\u00ednguas.jpg\" class=\"sh-overlay-item sh-table-cell\" data-rel=\"lightcase\">\n                        <div class=\"sh-overlay-item-container\">\n                            <i class=\"icon-magnifier-add\"><\/i>\n                        <\/div>\n                    <\/a>\n                            <\/div>\n        <\/div>\n\n    \t\t\t<\/div>\n\n\t\t\t<div class=\"post-content-container\">\n\t\t\t\t<a href=\"https:\/\/voice-interaction.com\/tmp-web\/pt\/a-voiceinteraction-esta-a-trabalhar-em-novas-linguas\/\" class=\"post-title\">\n\t\t\t\t\t<h2>\n\t\t\t\t\t\t\t\t\t\t\t\tA VoiceInteraction est\u00e1 a trabalhar em novas l\u00ednguas!\t\t\t\t\t<\/h2>\n\t\t\t\t<\/a>\n\n\t\t\t\t<div class=\"post-meta post-meta-one\">\n\t\t\t\t\t\n        <span class=\"post-meta-author\">\n            by            <a href=\"https:\/\/voice-interaction.com\/tmp-web\/pt\/author\/mariana\/\" class=\"bypostauthor\" itemprop=\"url\" rel=\"author\">\n                Mariana            <\/a>\n        <\/span>\n\n                    <time class=\"updated semantic\" itemprop=\"dateModified\" datetime=\"2020-03-24T10:43:52+00:00\"><\/time>\n            <a href=\"https:\/\/voice-interaction.com\/tmp-web\/pt\/a-voiceinteraction-esta-a-trabalhar-em-novas-linguas\/\" class=\"post-meta-date sh-default-color\">Mar\u00e7o 3, 2020<\/a>\n        \n    \t\t\t\t<\/div>\n\n\t\t\t\t<div class=\"post-content\">\n\t\t\t\t\t<p>Consciente do mundo globalizado em que vivemos, a VoiceInteraction est\u00e1 continuamente empenhada no alargamento das suas&#8230;<\/p>\n\t\t\t\t<\/div>\n\n\t\t\t\t<div class=\"post-meta post-meta-two\">\n\t\t\t\t\t\n        <div class=\"sh-columns post-meta-comments\">\n            <span class=\"post-meta-categories\">\n                <i class=\"icon-tag\"><\/i>\n                <a href=\"https:\/\/voice-interaction.com\/tmp-web\/pt\/category\/empresa-pt-pt\/\" rel=\"category tag\">Empresa<\/a>, <a href=\"https:\/\/voice-interaction.com\/tmp-web\/pt\/category\/empresa-pt-pt\/noticias-empresa-pt\/\" rel=\"category tag\">Not\u00edcias Empresa<\/a>            <\/span>\n\n                            <div><\/div>\n                    <\/div>\n\n    \t\t\t\t<\/div>\n\t\t\t<\/div>\n\n\t\t<\/div>\n\t<\/article>\n\n\n\n\t<article id=\"post-18172\" class=\"post-item post-18172 post type-post status-publish format-standard has-post-thumbnail hentry category-empresa-pt-pt category-empresarial-pt category-industrias-pt category-noticias-empresa-pt category-projetos category-solucoes-pt category-speech-analytics-pt tag-call-center tag-call-scriber tag-callscriber tag-knowledge-from-speech tag-speech-analytics-pt tag-voiceinteraction\">\n\t\t<div class=\"post-container\">\n\t\t\t\n\t\t\t<div class=\"post-meta-thumb\">\n\t\t\t\t<img loading=\"lazy\" decoding=\"async\" width=\"400\" height=\"270\" src=\"https:\/\/voice-interaction.com\/tmp-web\/wp-content\/uploads\/2020\/03\/B1_PT_CallScriber.jpg\" class=\"attachment-large size-large wp-post-image\" alt=\"\" srcset=\"https:\/\/voice-interaction.com\/tmp-web\/wp-content\/uploads\/2020\/03\/B1_PT_CallScriber.jpg 400w, https:\/\/voice-interaction.com\/tmp-web\/wp-content\/uploads\/2020\/03\/B1_PT_CallScriber-300x203.jpg 300w\" sizes=\"auto, (max-width: 400px) 100vw, 400px\" \/>\t\t\t\t\n        <div class=\"sh-overlay-style1\">\n            <div class=\"sh-table-full\">\n                                    <a href=\"https:\/\/voice-interaction.com\/tmp-web\/pt\/descubra-a-razao-pela-qual-os-seus-clientes-entram-em-contacto-consigo\/\" class=\"sh-overlay-item sh-table-cell\" title=\"Open the article - Descubra a raz\u00e3o pela qual os seus clientes entram em contacto consigo!\">\n                        <div class=\"sh-overlay-item-container\">\n                            <i class=\"icon-link\"><\/i>\n                        <\/div>\n                    <\/a>\n                \n                                    <a href=\"https:\/\/voice-interaction.com\/tmp-web\/wp-content\/uploads\/2020\/03\/B1_PT_CallScriber.jpg\" class=\"sh-overlay-item sh-table-cell\" data-rel=\"lightcase\">\n                        <div class=\"sh-overlay-item-container\">\n                            <i class=\"icon-magnifier-add\"><\/i>\n                        <\/div>\n                    <\/a>\n                            <\/div>\n        <\/div>\n\n    \t\t\t<\/div>\n\n\t\t\t<div class=\"post-content-container\">\n\t\t\t\t<a href=\"https:\/\/voice-interaction.com\/tmp-web\/pt\/descubra-a-razao-pela-qual-os-seus-clientes-entram-em-contacto-consigo\/\" class=\"post-title\">\n\t\t\t\t\t<h2>\n\t\t\t\t\t\t\t\t\t\t\t\tDescubra a raz\u00e3o pela qual os seus clientes entram em contacto consigo!\t\t\t\t\t<\/h2>\n\t\t\t\t<\/a>\n\n\t\t\t\t<div class=\"post-meta post-meta-one\">\n\t\t\t\t\t\n        <span class=\"post-meta-author\">\n            by            <a href=\"https:\/\/voice-interaction.com\/tmp-web\/pt\/author\/mariana\/\" class=\"bypostauthor\" itemprop=\"url\" rel=\"author\">\n                Mariana            <\/a>\n        <\/span>\n\n                    <time class=\"updated semantic\" itemprop=\"dateModified\" datetime=\"2020-03-09T14:06:16+00:00\"><\/time>\n            <a href=\"https:\/\/voice-interaction.com\/tmp-web\/pt\/descubra-a-razao-pela-qual-os-seus-clientes-entram-em-contacto-consigo\/\" class=\"post-meta-date sh-default-color\">Mar\u00e7o 3, 2020<\/a>\n        \n    \t\t\t\t<\/div>\n\n\t\t\t\t<div class=\"post-content\">\n\t\t\t\t\t<p>CallScriber: o sistema que transcreve e analisa automaticamente 100% das chamadas que entram nos seus Contact&#8230;<\/p>\n\t\t\t\t<\/div>\n\n\t\t\t\t<div class=\"post-meta post-meta-two\">\n\t\t\t\t\t\n        <div class=\"sh-columns post-meta-comments\">\n            <span class=\"post-meta-categories\">\n                <i class=\"icon-tag\"><\/i>\n                <a href=\"https:\/\/voice-interaction.com\/tmp-web\/pt\/category\/empresa-pt-pt\/\" rel=\"category tag\">Empresa<\/a>, <a href=\"https:\/\/voice-interaction.com\/tmp-web\/pt\/category\/industrias-pt\/empresarial-pt\/\" rel=\"category tag\">Empresarial<\/a>, <a href=\"https:\/\/voice-interaction.com\/tmp-web\/pt\/category\/industrias-pt\/\" rel=\"category tag\">Ind\u00fastrias<\/a>, <a href=\"https:\/\/voice-interaction.com\/tmp-web\/pt\/category\/empresa-pt-pt\/noticias-empresa-pt\/\" rel=\"category tag\">Not\u00edcias Empresa<\/a>, <a href=\"https:\/\/voice-interaction.com\/tmp-web\/pt\/category\/empresa-pt-pt\/projetos\/\" rel=\"category tag\">Projetos<\/a>, <a href=\"https:\/\/voice-interaction.com\/tmp-web\/pt\/category\/solucoes-pt\/\" rel=\"category tag\">Solu\u00e7\u00f5es<\/a>, <a href=\"https:\/\/voice-interaction.com\/tmp-web\/pt\/category\/solucoes-pt\/speech-analytics-pt\/\" rel=\"category tag\">Speech Analytics<\/a>...            <\/span>\n\n                            <div><\/div>\n                    <\/div>\n\n    \t\t\t\t<\/div>\n\t\t\t<\/div>\n\n\t\t<\/div>\n\t<\/article>\n\n\n\n\t<article id=\"post-18000\" class=\"post-item post-18000 post type-post status-publish format-standard has-post-thumbnail hentry category-empresa-pt-pt category-empresarial-pt category-governo-pt category-noticias-empresa-pt category-transcricao-pt tag-audimus-server-pt tag-camaras-municipais-pt tag-noticias-pt tag-transcricao tag-voiceinteraction\">\n\t\t<div class=\"post-container\">\n\t\t\t\n\t\t\t<div class=\"post-meta-thumb\">\n\t\t\t\t<img loading=\"lazy\" decoding=\"async\" width=\"900\" height=\"900\" src=\"https:\/\/voice-interaction.com\/tmp-web\/wp-content\/uploads\/2020\/01\/Blast_Janeiro_RedesSociais.jpg\" class=\"attachment-large size-large wp-post-image\" alt=\"\" srcset=\"https:\/\/voice-interaction.com\/tmp-web\/wp-content\/uploads\/2020\/01\/Blast_Janeiro_RedesSociais.jpg 900w, https:\/\/voice-interaction.com\/tmp-web\/wp-content\/uploads\/2020\/01\/Blast_Janeiro_RedesSociais-150x150.jpg 150w, https:\/\/voice-interaction.com\/tmp-web\/wp-content\/uploads\/2020\/01\/Blast_Janeiro_RedesSociais-300x300.jpg 300w, https:\/\/voice-interaction.com\/tmp-web\/wp-content\/uploads\/2020\/01\/Blast_Janeiro_RedesSociais-768x768.jpg 768w, https:\/\/voice-interaction.com\/tmp-web\/wp-content\/uploads\/2020\/01\/Blast_Janeiro_RedesSociais-660x660.jpg 660w\" sizes=\"auto, (max-width: 900px) 100vw, 900px\" \/>\t\t\t\t\n        <div class=\"sh-overlay-style1\">\n            <div class=\"sh-table-full\">\n                                    <a href=\"https:\/\/voice-interaction.com\/tmp-web\/pt\/audimus-server-novas-aquisicoes-%f0%9f%93%a2-comecar-2020-da-melhor-forma\/\" class=\"sh-overlay-item sh-table-cell\" title=\"Open the article - AUDIMUS.SERVER &#8211; Novas Aquisi\u00e7\u00f5es &#x1f4e2; | Come\u00e7ar 2020 da melhor forma!\">\n                        <div class=\"sh-overlay-item-container\">\n                            <i class=\"icon-link\"><\/i>\n                        <\/div>\n                    <\/a>\n                \n                                    <a href=\"https:\/\/voice-interaction.com\/tmp-web\/wp-content\/uploads\/2020\/01\/Blast_Janeiro_RedesSociais.jpg\" class=\"sh-overlay-item sh-table-cell\" data-rel=\"lightcase\">\n                        <div class=\"sh-overlay-item-container\">\n                            <i class=\"icon-magnifier-add\"><\/i>\n                        <\/div>\n                    <\/a>\n                            <\/div>\n        <\/div>\n\n    \t\t\t<\/div>\n\n\t\t\t<div class=\"post-content-container\">\n\t\t\t\t<a href=\"https:\/\/voice-interaction.com\/tmp-web\/pt\/audimus-server-novas-aquisicoes-%f0%9f%93%a2-comecar-2020-da-melhor-forma\/\" class=\"post-title\">\n\t\t\t\t\t<h2>\n\t\t\t\t\t\t\t\t\t\t\t\tAUDIMUS.SERVER &#8211; Novas Aquisi\u00e7\u00f5es &#x1f4e2; | Come\u00e7ar 2020 da melhor forma!\t\t\t\t\t<\/h2>\n\t\t\t\t<\/a>\n\n\t\t\t\t<div class=\"post-meta post-meta-one\">\n\t\t\t\t\t\n        <span class=\"post-meta-author\">\n            by            <a href=\"https:\/\/voice-interaction.com\/tmp-web\/pt\/author\/mariana\/\" class=\"bypostauthor\" itemprop=\"url\" rel=\"author\">\n                Mariana            <\/a>\n        <\/span>\n\n                    <time class=\"updated semantic\" itemprop=\"dateModified\" datetime=\"2020-01-20T12:21:21+00:00\"><\/time>\n            <a href=\"https:\/\/voice-interaction.com\/tmp-web\/pt\/audimus-server-novas-aquisicoes-%f0%9f%93%a2-comecar-2020-da-melhor-forma\/\" class=\"post-meta-date sh-default-color\">Janeiro 20, 2020<\/a>\n        \n    \t\t\t\t<\/div>\n\n\t\t\t\t<div class=\"post-content\">\n\t\t\t\t\t<p>Ano novo, novas aquisi\u00e7\u00f5es, a qualidade de sempre! No virar do ano, a VoiceInteraction come\u00e7ou com&#8230;<\/p>\n\t\t\t\t<\/div>\n\n\t\t\t\t<div class=\"post-meta post-meta-two\">\n\t\t\t\t\t\n        <div class=\"sh-columns post-meta-comments\">\n            <span class=\"post-meta-categories\">\n                <i class=\"icon-tag\"><\/i>\n                <a href=\"https:\/\/voice-interaction.com\/tmp-web\/pt\/category\/empresa-pt-pt\/\" rel=\"category tag\">Empresa<\/a>, <a href=\"https:\/\/voice-interaction.com\/tmp-web\/pt\/category\/industrias-pt\/empresarial-pt\/\" rel=\"category tag\">Empresarial<\/a>, <a href=\"https:\/\/voice-interaction.com\/tmp-web\/pt\/category\/industrias-pt\/governo-pt\/\" rel=\"category tag\">Governo<\/a>, <a href=\"https:\/\/voice-interaction.com\/tmp-web\/pt\/category\/empresa-pt-pt\/noticias-empresa-pt\/\" rel=\"category tag\">Not\u00edcias Empresa<\/a>, <a href=\"https:\/\/voice-interaction.com\/tmp-web\/pt\/category\/solucoes-pt\/transcricao-pt\/\" rel=\"category tag\">Transcri\u00e7\u00e3o<\/a>            <\/span>\n\n                            <div><\/div>\n                    <\/div>\n\n    \t\t\t\t<\/div>\n\t\t\t<\/div>\n\n\t\t<\/div>\n\t<\/article>\n\n\n\n\t<article id=\"post-17953\" class=\"post-item post-17953 post type-post status-publish format-standard has-post-thumbnail hentry category-empresa-pt-pt category-empresarial-pt category-eventos-pt category-saude-pt tag-call-center-magazine-pt tag-callscriber tag-global-contact-center-pt tag-ivr-pt tag-news tag-noticias-pt tag-quality-monitoring-pt tag-speech-analytics-pt tag-technology-pt\">\n\t\t<div class=\"post-container\">\n\t\t\t\n\t\t\t<div class=\"post-meta-thumb\">\n\t\t\t\t<img loading=\"lazy\" decoding=\"async\" width=\"1024\" height=\"768\" src=\"https:\/\/voice-interaction.com\/tmp-web\/wp-content\/uploads\/2019\/11\/SOTM7170-1024x768.jpg\" class=\"attachment-large size-large wp-post-image\" alt=\"\" srcset=\"https:\/\/voice-interaction.com\/tmp-web\/wp-content\/uploads\/2019\/11\/SOTM7170-1024x768.jpg 1024w, https:\/\/voice-interaction.com\/tmp-web\/wp-content\/uploads\/2019\/11\/SOTM7170-300x225.jpg 300w, https:\/\/voice-interaction.com\/tmp-web\/wp-content\/uploads\/2019\/11\/SOTM7170-768x576.jpg 768w\" sizes=\"auto, (max-width: 1024px) 100vw, 1024px\" \/>\t\t\t\t\n        <div class=\"sh-overlay-style1\">\n            <div class=\"sh-table-full\">\n                                    <a href=\"https:\/\/voice-interaction.com\/tmp-web\/pt\/a-nossa-1-a-experiencia-no-global-contact-center\/\" class=\"sh-overlay-item sh-table-cell\" title=\"Open the article - A nossa 1.\u00aa experi\u00eancia no Global Contact Center!\">\n                        <div class=\"sh-overlay-item-container\">\n                            <i class=\"icon-link\"><\/i>\n                        <\/div>\n                    <\/a>\n                \n                                    <a href=\"https:\/\/voice-interaction.com\/tmp-web\/wp-content\/uploads\/2019\/11\/SOTM7170-1024x768.jpg\" class=\"sh-overlay-item sh-table-cell\" data-rel=\"lightcase\">\n                        <div class=\"sh-overlay-item-container\">\n                            <i class=\"icon-magnifier-add\"><\/i>\n                        <\/div>\n                    <\/a>\n                            <\/div>\n        <\/div>\n\n    \t\t\t<\/div>\n\n\t\t\t<div class=\"post-content-container\">\n\t\t\t\t<a href=\"https:\/\/voice-interaction.com\/tmp-web\/pt\/a-nossa-1-a-experiencia-no-global-contact-center\/\" class=\"post-title\">\n\t\t\t\t\t<h2>\n\t\t\t\t\t\t\t\t\t\t\t\tA nossa 1.\u00aa experi\u00eancia no Global Contact Center!\t\t\t\t\t<\/h2>\n\t\t\t\t<\/a>\n\n\t\t\t\t<div class=\"post-meta post-meta-one\">\n\t\t\t\t\t\n        <span class=\"post-meta-author\">\n            by            <a href=\"https:\/\/voice-interaction.com\/tmp-web\/pt\/author\/mariana\/\" class=\"bypostauthor\" itemprop=\"url\" rel=\"author\">\n                Mariana            <\/a>\n        <\/span>\n\n                    <time class=\"updated semantic\" itemprop=\"dateModified\" datetime=\"2019-11-18T13:00:00+00:00\"><\/time>\n            <a href=\"https:\/\/voice-interaction.com\/tmp-web\/pt\/a-nossa-1-a-experiencia-no-global-contact-center\/\" class=\"post-meta-date sh-default-color\">Novembro 15, 2019<\/a>\n        \n    \t\t\t\t<\/div>\n\n\t\t\t\t<div class=\"post-content\">\n\t\t\t\t\t<p>Terminou ontem a 21.\u00aa edi\u00e7\u00e3o do Global Contact Center e a VoiceInteraction esteve presente, pela primeira&#8230;<\/p>\n\t\t\t\t<\/div>\n\n\t\t\t\t<div class=\"post-meta post-meta-two\">\n\t\t\t\t\t\n        <div class=\"sh-columns post-meta-comments\">\n            <span class=\"post-meta-categories\">\n                <i class=\"icon-tag\"><\/i>\n                <a href=\"https:\/\/voice-interaction.com\/tmp-web\/pt\/category\/empresa-pt-pt\/\" rel=\"category tag\">Empresa<\/a>, <a href=\"https:\/\/voice-interaction.com\/tmp-web\/pt\/category\/industrias-pt\/empresarial-pt\/\" rel=\"category tag\">Empresarial<\/a>, <a href=\"https:\/\/voice-interaction.com\/tmp-web\/pt\/category\/empresa-pt-pt\/eventos-pt\/\" rel=\"category tag\">Eventos<\/a>, <a href=\"https:\/\/voice-interaction.com\/tmp-web\/pt\/category\/industrias-pt\/saude-pt\/\" rel=\"category tag\">Sa\u00fade<\/a>            <\/span>\n\n                            <div><\/div>\n                    <\/div>\n\n    \t\t\t\t<\/div>\n\t\t\t<\/div>\n\n\t\t<\/div>\n\t<\/article>\n\n\n\n\t<article id=\"post-17699\" class=\"post-item post-17699 post type-post status-publish format-standard has-post-thumbnail hentry category-empresa-pt-pt category-eventos-pt category-legendagem-automatica category-monitorizacao-de-media category-noticias-empresa-pt category-media_pt tag-audimus-media-pt tag-mms-broadcast-pt\">\n\t\t<div class=\"post-container\">\n\t\t\t\n\t\t\t<div class=\"post-meta-thumb\">\n\t\t\t\t<img loading=\"lazy\" decoding=\"async\" width=\"1024\" height=\"576\" src=\"https:\/\/voice-interaction.com\/tmp-web\/wp-content\/uploads\/2019\/10\/NAB_NY_1-1024x576.jpeg\" class=\"attachment-large size-large wp-post-image\" alt=\"\" srcset=\"https:\/\/voice-interaction.com\/tmp-web\/wp-content\/uploads\/2019\/10\/NAB_NY_1-1024x576.jpeg 1024w, https:\/\/voice-interaction.com\/tmp-web\/wp-content\/uploads\/2019\/10\/NAB_NY_1-300x169.jpeg 300w, https:\/\/voice-interaction.com\/tmp-web\/wp-content\/uploads\/2019\/10\/NAB_NY_1-768x432.jpeg 768w, https:\/\/voice-interaction.com\/tmp-web\/wp-content\/uploads\/2019\/10\/NAB_NY_1-1200x675.jpeg 1200w, https:\/\/voice-interaction.com\/tmp-web\/wp-content\/uploads\/2019\/10\/NAB_NY_1.jpeg 2016w\" sizes=\"auto, (max-width: 1024px) 100vw, 1024px\" \/>\t\t\t\t\n        <div class=\"sh-overlay-style1\">\n            <div class=\"sh-table-full\">\n                                    <a href=\"https:\/\/voice-interaction.com\/tmp-web\/pt\/nab-nova-iorque-2019-um-balanco-an-outstanding-balance\/\" class=\"sh-overlay-item sh-table-cell\" title=\"Open the article - NAB Nova Iorque 2019 | Um excelente balan\u00e7o!\">\n                        <div class=\"sh-overlay-item-container\">\n                            <i class=\"icon-link\"><\/i>\n                        <\/div>\n                    <\/a>\n                \n                                    <a href=\"https:\/\/voice-interaction.com\/tmp-web\/wp-content\/uploads\/2019\/10\/NAB_NY_1-1024x576.jpeg\" class=\"sh-overlay-item sh-table-cell\" data-rel=\"lightcase\">\n                        <div class=\"sh-overlay-item-container\">\n                            <i class=\"icon-magnifier-add\"><\/i>\n                        <\/div>\n                    <\/a>\n                            <\/div>\n        <\/div>\n\n    \t\t\t<\/div>\n\n\t\t\t<div class=\"post-content-container\">\n\t\t\t\t<a href=\"https:\/\/voice-interaction.com\/tmp-web\/pt\/nab-nova-iorque-2019-um-balanco-an-outstanding-balance\/\" class=\"post-title\">\n\t\t\t\t\t<h2>\n\t\t\t\t\t\t\t\t\t\t\t\tNAB Nova Iorque 2019 | Um excelente balan\u00e7o!\t\t\t\t\t<\/h2>\n\t\t\t\t<\/a>\n\n\t\t\t\t<div class=\"post-meta post-meta-one\">\n\t\t\t\t\t\n        <span class=\"post-meta-author\">\n            by            <a href=\"https:\/\/voice-interaction.com\/tmp-web\/pt\/author\/mariana\/\" class=\"bypostauthor\" itemprop=\"url\" rel=\"author\">\n                Mariana            <\/a>\n        <\/span>\n\n                    <time class=\"updated semantic\" itemprop=\"dateModified\" datetime=\"2019-10-21T10:48:48+00:00\"><\/time>\n            <a href=\"https:\/\/voice-interaction.com\/tmp-web\/pt\/nab-nova-iorque-2019-um-balanco-an-outstanding-balance\/\" class=\"post-meta-date sh-default-color\">Outubro 18, 2019<\/a>\n        \n    \t\t\t\t<\/div>\n\n\t\t\t\t<div class=\"post-content\">\n\t\t\t\t\t<p>Num piscar de olhos, a NAB Nova Iorque j\u00e1 acabou! Dois dias de trabalho \u00e1rduo, que&#8230;<\/p>\n\t\t\t\t<\/div>\n\n\t\t\t\t<div class=\"post-meta post-meta-two\">\n\t\t\t\t\t\n        <div class=\"sh-columns post-meta-comments\">\n            <span class=\"post-meta-categories\">\n                <i class=\"icon-tag\"><\/i>\n                <a href=\"https:\/\/voice-interaction.com\/tmp-web\/pt\/category\/empresa-pt-pt\/\" rel=\"category tag\">Empresa<\/a>, <a href=\"https:\/\/voice-interaction.com\/tmp-web\/pt\/category\/empresa-pt-pt\/eventos-pt\/\" rel=\"category tag\">Eventos<\/a>, <a href=\"https:\/\/voice-interaction.com\/tmp-web\/pt\/category\/solucoes-pt\/legendagem-automatica\/\" rel=\"category tag\">Legendagem Autom\u00e1tica<\/a>, <a href=\"https:\/\/voice-interaction.com\/tmp-web\/pt\/category\/solucoes-pt\/monitorizacao-de-media\/\" rel=\"category tag\">Monitoriza\u00e7\u00e3o de Media Broadcast<\/a>, <a href=\"https:\/\/voice-interaction.com\/tmp-web\/pt\/category\/empresa-pt-pt\/noticias-empresa-pt\/\" rel=\"category tag\">Not\u00edcias Empresa<\/a>, <a href=\"https:\/\/voice-interaction.com\/tmp-web\/pt\/category\/industrias-pt\/media_pt\/\" rel=\"category tag\">Televis\u00e3o &amp; Media<\/a>            <\/span>\n\n                            <div><\/div>\n                    <\/div>\n\n    \t\t\t\t<\/div>\n\t\t\t<\/div>\n\n\t\t<\/div>\n\t<\/article>\n\n\n\n\t<article id=\"post-17613\" class=\"post-item post-17613 post type-post status-publish format-standard has-post-thumbnail hentry category-empresa-pt-pt category-eventos-pt category-noticias-empresa-pt tag-big-data tag-conference tag-data tag-eventos-pt tag-i-data-meeting tag-ife\">\n\t\t<div class=\"post-container\">\n\t\t\t\n\t\t\t<div class=\"post-meta-thumb\">\n\t\t\t\t<img loading=\"lazy\" decoding=\"async\" width=\"1024\" height=\"768\" src=\"https:\/\/voice-interaction.com\/tmp-web\/wp-content\/uploads\/2019\/10\/I-data-2-1024x768.jpg\" class=\"attachment-large size-large wp-post-image\" alt=\"\" srcset=\"https:\/\/voice-interaction.com\/tmp-web\/wp-content\/uploads\/2019\/10\/I-data-2-1024x768.jpg 1024w, https:\/\/voice-interaction.com\/tmp-web\/wp-content\/uploads\/2019\/10\/I-data-2-300x225.jpg 300w, https:\/\/voice-interaction.com\/tmp-web\/wp-content\/uploads\/2019\/10\/I-data-2-768x576.jpg 768w, https:\/\/voice-interaction.com\/tmp-web\/wp-content\/uploads\/2019\/10\/I-data-2.jpg 1200w\" sizes=\"auto, (max-width: 1024px) 100vw, 1024px\" \/>\t\t\t\t\n        <div class=\"sh-overlay-style1\">\n            <div class=\"sh-table-full\">\n                                    <a href=\"https:\/\/voice-interaction.com\/tmp-web\/pt\/na-2a-edicao-do-i-data-meeting-a-voiceinteraction-esteve-la\/\" class=\"sh-overlay-item sh-table-cell\" title=\"Open the article - Na 2\u00aa edi\u00e7\u00e3o do i-Data Meeting, a VoiceInteraction esteve l\u00e1!\">\n                        <div class=\"sh-overlay-item-container\">\n                            <i class=\"icon-link\"><\/i>\n                        <\/div>\n                    <\/a>\n                \n                                    <a href=\"https:\/\/voice-interaction.com\/tmp-web\/wp-content\/uploads\/2019\/10\/I-data-2-1024x768.jpg\" class=\"sh-overlay-item sh-table-cell\" data-rel=\"lightcase\">\n                        <div class=\"sh-overlay-item-container\">\n                            <i class=\"icon-magnifier-add\"><\/i>\n                        <\/div>\n                    <\/a>\n                            <\/div>\n        <\/div>\n\n    \t\t\t<\/div>\n\n\t\t\t<div class=\"post-content-container\">\n\t\t\t\t<a href=\"https:\/\/voice-interaction.com\/tmp-web\/pt\/na-2a-edicao-do-i-data-meeting-a-voiceinteraction-esteve-la\/\" class=\"post-title\">\n\t\t\t\t\t<h2>\n\t\t\t\t\t\t\t\t\t\t\t\tNa 2\u00aa edi\u00e7\u00e3o do i-Data Meeting, a VoiceInteraction esteve l\u00e1!\t\t\t\t\t<\/h2>\n\t\t\t\t<\/a>\n\n\t\t\t\t<div class=\"post-meta post-meta-one\">\n\t\t\t\t\t\n        <span class=\"post-meta-author\">\n            by            <a href=\"https:\/\/voice-interaction.com\/tmp-web\/pt\/author\/mariana\/\" class=\"bypostauthor\" itemprop=\"url\" rel=\"author\">\n                Mariana            <\/a>\n        <\/span>\n\n                    <time class=\"updated semantic\" itemprop=\"dateModified\" datetime=\"2019-10-15T07:48:07+00:00\"><\/time>\n            <a href=\"https:\/\/voice-interaction.com\/tmp-web\/pt\/na-2a-edicao-do-i-data-meeting-a-voiceinteraction-esteve-la\/\" class=\"post-meta-date sh-default-color\">Outubro 9, 2019<\/a>\n        \n    \t\t\t\t<\/div>\n\n\t\t\t\t<div class=\"post-content\">\n\t\t\t\t\t<p>Foi no passado dia 8 de Outubro que decorreu a 2\u00aa edi\u00e7\u00e3o do evento i-Data Meeting&#8230;<\/p>\n\t\t\t\t<\/div>\n\n\t\t\t\t<div class=\"post-meta post-meta-two\">\n\t\t\t\t\t\n        <div class=\"sh-columns post-meta-comments\">\n            <span class=\"post-meta-categories\">\n                <i class=\"icon-tag\"><\/i>\n                <a href=\"https:\/\/voice-interaction.com\/tmp-web\/pt\/category\/empresa-pt-pt\/\" rel=\"category tag\">Empresa<\/a>, <a href=\"https:\/\/voice-interaction.com\/tmp-web\/pt\/category\/empresa-pt-pt\/eventos-pt\/\" rel=\"category tag\">Eventos<\/a>, <a href=\"https:\/\/voice-interaction.com\/tmp-web\/pt\/category\/empresa-pt-pt\/noticias-empresa-pt\/\" rel=\"category tag\">Not\u00edcias Empresa<\/a>            <\/span>\n\n                            <div><\/div>\n                    <\/div>\n\n    \t\t\t\t<\/div>\n\t\t\t<\/div>\n\n\t\t<\/div>\n\t<\/article>\n\n\n\n\t<article id=\"post-17609\" class=\"post-item post-17609 post type-post status-publish format-standard has-post-thumbnail hentry category-empresa-pt-pt category-eventos-pt category-noticias-empresa-pt category-parcerias-pt tag-closed-captioning-pt tag-eitv-pt tag-expotec-peru-pt tag-parceiros-pt\">\n\t\t<div class=\"post-container\">\n\t\t\t\n\t\t\t<div class=\"post-meta-thumb\">\n\t\t\t\t<img loading=\"lazy\" decoding=\"async\" width=\"1024\" height=\"498\" src=\"https:\/\/voice-interaction.com\/tmp-web\/wp-content\/uploads\/2019\/10\/Expotec-02-1024x498.jpg\" class=\"attachment-large size-large wp-post-image\" alt=\"\" srcset=\"https:\/\/voice-interaction.com\/tmp-web\/wp-content\/uploads\/2019\/10\/Expotec-02-1024x498.jpg 1024w, https:\/\/voice-interaction.com\/tmp-web\/wp-content\/uploads\/2019\/10\/Expotec-02-300x146.jpg 300w, https:\/\/voice-interaction.com\/tmp-web\/wp-content\/uploads\/2019\/10\/Expotec-02-768x373.jpg 768w\" sizes=\"auto, (max-width: 1024px) 100vw, 1024px\" \/>\t\t\t\t\n        <div class=\"sh-overlay-style1\">\n            <div class=\"sh-table-full\">\n                                    <a href=\"https:\/\/voice-interaction.com\/tmp-web\/pt\/expotec-peru-primeira-edicao-da-voiceinteraction\/\" class=\"sh-overlay-item sh-table-cell\" title=\"Open the article - EXPOTEC PER\u00da | Primeira Edi\u00e7\u00e3o da VoiceInteraction\">\n                        <div class=\"sh-overlay-item-container\">\n                            <i class=\"icon-link\"><\/i>\n                        <\/div>\n                    <\/a>\n                \n                                    <a href=\"https:\/\/voice-interaction.com\/tmp-web\/wp-content\/uploads\/2019\/10\/Expotec-02-1024x498.jpg\" class=\"sh-overlay-item sh-table-cell\" data-rel=\"lightcase\">\n                        <div class=\"sh-overlay-item-container\">\n                            <i class=\"icon-magnifier-add\"><\/i>\n                        <\/div>\n                    <\/a>\n                            <\/div>\n        <\/div>\n\n    \t\t\t<\/div>\n\n\t\t\t<div class=\"post-content-container\">\n\t\t\t\t<a href=\"https:\/\/voice-interaction.com\/tmp-web\/pt\/expotec-peru-primeira-edicao-da-voiceinteraction\/\" class=\"post-title\">\n\t\t\t\t\t<h2>\n\t\t\t\t\t\t\t\t\t\t\t\tEXPOTEC PER\u00da | Primeira Edi\u00e7\u00e3o da VoiceInteraction\t\t\t\t\t<\/h2>\n\t\t\t\t<\/a>\n\n\t\t\t\t<div class=\"post-meta post-meta-one\">\n\t\t\t\t\t\n        <span class=\"post-meta-author\">\n            by            <a href=\"https:\/\/voice-interaction.com\/tmp-web\/pt\/author\/mariana\/\" class=\"bypostauthor\" itemprop=\"url\" rel=\"author\">\n                Mariana            <\/a>\n        <\/span>\n\n                    <time class=\"updated semantic\" itemprop=\"dateModified\" datetime=\"2019-10-14T15:05:47+00:00\"><\/time>\n            <a href=\"https:\/\/voice-interaction.com\/tmp-web\/pt\/expotec-peru-primeira-edicao-da-voiceinteraction\/\" class=\"post-meta-date sh-default-color\">Outubro 7, 2019<\/a>\n        \n    \t\t\t\t<\/div>\n\n\t\t\t\t<div class=\"post-content\">\n\t\t\t\t\t<p>Um dos pilares em que a VoiceInteraction assenta o seu crescimento \u00e9 a internacionaliza\u00e7\u00e3o. Como tal,&#8230;<\/p>\n\t\t\t\t<\/div>\n\n\t\t\t\t<div class=\"post-meta post-meta-two\">\n\t\t\t\t\t\n        <div class=\"sh-columns post-meta-comments\">\n            <span class=\"post-meta-categories\">\n                <i class=\"icon-tag\"><\/i>\n                <a href=\"https:\/\/voice-interaction.com\/tmp-web\/pt\/category\/empresa-pt-pt\/\" rel=\"category tag\">Empresa<\/a>, <a href=\"https:\/\/voice-interaction.com\/tmp-web\/pt\/category\/empresa-pt-pt\/eventos-pt\/\" rel=\"category tag\">Eventos<\/a>, <a href=\"https:\/\/voice-interaction.com\/tmp-web\/pt\/category\/empresa-pt-pt\/noticias-empresa-pt\/\" rel=\"category tag\">Not\u00edcias Empresa<\/a>, <a href=\"https:\/\/voice-interaction.com\/tmp-web\/pt\/category\/empresa-pt-pt\/parcerias-pt\/\" rel=\"category tag\">Parcerias<\/a>            <\/span>\n\n                            <div><\/div>\n                    <\/div>\n\n    \t\t\t\t<\/div>\n\t\t\t<\/div>\n\n\t\t<\/div>\n\t<\/article>\n\n\n\n\t<article id=\"post-17395\" class=\"post-item post-17395 post type-post status-publish format-video hentry category-eventos-pt category-noticias-empresa-pt category-media_pt tag-audimus-media-pt tag-broadcast-monitoring-eu-pt tag-compliance-recording-eu-pt tag-ibc tag-legendagem-em-direto tag-live-streaming-pt tag-speech-recognition-eu-pt tag-subtitling-regulation-pt post_format-post-format-video\" itemscope=\"itemscope\" itemtype=\"http:\/\/schema.org\/Article\">\n\t\t<div class=\"post-container\">\n\t\t\t\n\t\t\t\n\t<div class=\"post-meta-video\">\n\t\t<div class=\"ratio-container\">\n\t\t\t<div class=\"ratio-content\">\n\t\t\t\t<iframe loading=\"lazy\" title=\"IBC Show 2019 | VoiceInteraction\u2019s groundbreaking technologies and latest updates!\" width=\"500\" height=\"281\" src=\"https:\/\/www.youtube.com\/embed\/AwIISi7gHok?feature=oembed\" frameborder=\"0\" allow=\"accelerometer; autoplay; clipboard-write; encrypted-media; gyroscope; picture-in-picture; web-share\" referrerpolicy=\"strict-origin-when-cross-origin\" allowfullscreen><\/iframe>\n\t\t\t<\/div>\n\t\t<\/div>\n\t<\/div>\n\t\t\t<div class=\"post-content-container\">\n\t\t\t\t<a href=\"https:\/\/voice-interaction.com\/tmp-web\/pt\/ibc-show-2019-entrevista-sobre-as-tecnologias-inovadoras-e-as-mais-recentes-atualizacoes-ds-voiceinteraction\/\" class=\"post-title\">\n\t\t\t\t\t<h2 itemprop=\"headline\">\n\t\t\t\t\t\t\t\t\t\t\t\tIBC Show 2019 | Entrevista sobre as tecnologias inovadoras e as mais recentes atualiza\u00e7\u00f5es da VoiceInteraction\t\t\t\t\t<\/h2>\n\t\t\t\t<\/a>\n\n\t\t\t\t<div class=\"post-meta post-meta-one\">\n\t\t\t\t\t\n        <span class=\"post-meta-author\">\n            by            <a href=\"https:\/\/voice-interaction.com\/tmp-web\/pt\/author\/mariana\/\" class=\"bypostauthor\" itemprop=\"url\" rel=\"author\">\n                Mariana            <\/a>\n        <\/span>\n\n                    <time class=\"updated semantic\" itemprop=\"dateModified\" datetime=\"2019-10-03T15:16:55+00:00\"><\/time>\n            <a href=\"https:\/\/voice-interaction.com\/tmp-web\/pt\/ibc-show-2019-entrevista-sobre-as-tecnologias-inovadoras-e-as-mais-recentes-atualizacoes-ds-voiceinteraction\/\" class=\"post-meta-date sh-default-color\">Setembro 23, 2019<\/a>\n        \n    \t\t\t\t<\/div>\n\n\t\t\t\t<div class=\"post-content\" itemprop=\"text\">\n\t\t\t\t\t<p>Veja a nossa \u00faltima entrevista para a InBroadcast durante a IBC 2019, com a participa\u00e7\u00e3o de&#8230;<\/p>\n\t\t\t\t<\/div>\n\n\t\t\t\t<div class=\"post-meta post-meta-two\">\n\t\t\t\t\t\n        <div class=\"sh-columns post-meta-comments\">\n            <span class=\"post-meta-categories\">\n                <i class=\"icon-tag\"><\/i>\n                <a href=\"https:\/\/voice-interaction.com\/tmp-web\/pt\/category\/empresa-pt-pt\/eventos-pt\/\" rel=\"category tag\">Eventos<\/a>, <a href=\"https:\/\/voice-interaction.com\/tmp-web\/pt\/category\/empresa-pt-pt\/noticias-empresa-pt\/\" rel=\"category tag\">Not\u00edcias Empresa<\/a>, <a href=\"https:\/\/voice-interaction.com\/tmp-web\/pt\/category\/industrias-pt\/media_pt\/\" rel=\"category tag\">Televis\u00e3o &amp; Media<\/a>            <\/span>\n\n                            <div><\/div>\n                    <\/div>\n\n    \t\t\t\t<\/div>\n\t\t\t<\/div>\n\n\t\t<\/div>\n\t<\/article>\n\n\t\n\t<article id=\"post-17586\" class=\"post-item post-17586 post type-post status-publish format-standard has-post-thumbnail hentry category-empresa-pt-pt category-eventos-pt tag-data-science-pt tag-dspa-pt tag-events tag-insights-pt\">\n\t\t<div class=\"post-container\">\n\t\t\t\n\t\t\t<div class=\"post-meta-thumb\">\n\t\t\t\t<img loading=\"lazy\" decoding=\"async\" width=\"1024\" height=\"768\" src=\"https:\/\/voice-interaction.com\/tmp-web\/wp-content\/uploads\/2019\/10\/DSPA_INSIGHTS_1-1024x768.jpg\" class=\"attachment-large size-large wp-post-image\" alt=\"\" srcset=\"https:\/\/voice-interaction.com\/tmp-web\/wp-content\/uploads\/2019\/10\/DSPA_INSIGHTS_1-1024x768.jpg 1024w, https:\/\/voice-interaction.com\/tmp-web\/wp-content\/uploads\/2019\/10\/DSPA_INSIGHTS_1-300x225.jpg 300w, https:\/\/voice-interaction.com\/tmp-web\/wp-content\/uploads\/2019\/10\/DSPA_INSIGHTS_1-768x576.jpg 768w, https:\/\/voice-interaction.com\/tmp-web\/wp-content\/uploads\/2019\/10\/DSPA_INSIGHTS_1.jpg 1920w\" sizes=\"auto, (max-width: 1024px) 100vw, 1024px\" \/>\t\t\t\t\n        <div class=\"sh-overlay-style1\">\n            <div class=\"sh-table-full\">\n                                    <a href=\"https:\/\/voice-interaction.com\/tmp-web\/pt\/dspa-insights-nos-estivemos-la\/\" class=\"sh-overlay-item sh-table-cell\" title=\"Open the article - DSPA &#8211; Insights | N\u00f3s estivemos l\u00e1!\">\n                        <div class=\"sh-overlay-item-container\">\n                            <i class=\"icon-link\"><\/i>\n                        <\/div>\n                    <\/a>\n                \n                                    <a href=\"https:\/\/voice-interaction.com\/tmp-web\/wp-content\/uploads\/2019\/10\/DSPA_INSIGHTS_1-1024x768.jpg\" class=\"sh-overlay-item sh-table-cell\" data-rel=\"lightcase\">\n                        <div class=\"sh-overlay-item-container\">\n                            <i class=\"icon-magnifier-add\"><\/i>\n                        <\/div>\n                    <\/a>\n                            <\/div>\n        <\/div>\n\n    \t\t\t<\/div>\n\n\t\t\t<div class=\"post-content-container\">\n\t\t\t\t<a href=\"https:\/\/voice-interaction.com\/tmp-web\/pt\/dspa-insights-nos-estivemos-la\/\" class=\"post-title\">\n\t\t\t\t\t<h2>\n\t\t\t\t\t\t\t\t\t\t\t\tDSPA &#8211; Insights | N\u00f3s estivemos l\u00e1!\t\t\t\t\t<\/h2>\n\t\t\t\t<\/a>\n\n\t\t\t\t<div class=\"post-meta post-meta-one\">\n\t\t\t\t\t\n        <span class=\"post-meta-author\">\n            by            <a href=\"https:\/\/voice-interaction.com\/tmp-web\/pt\/author\/mariana\/\" class=\"bypostauthor\" itemprop=\"url\" rel=\"author\">\n                Mariana            <\/a>\n        <\/span>\n\n                    <time class=\"updated semantic\" itemprop=\"dateModified\" datetime=\"2019-10-14T10:53:15+00:00\"><\/time>\n            <a href=\"https:\/\/voice-interaction.com\/tmp-web\/pt\/dspa-insights-nos-estivemos-la\/\" class=\"post-meta-date sh-default-color\">Setembro 21, 2019<\/a>\n        \n    \t\t\t\t<\/div>\n\n\t\t\t\t<div class=\"post-content\">\n\t\t\t\t\t<p>A VoiceInteraction teve a excelente oportunidade de fazer parte da confer\u00eancia DSPA &#8211; Insights, realizada no&#8230;<\/p>\n\t\t\t\t<\/div>\n\n\t\t\t\t<div class=\"post-meta post-meta-two\">\n\t\t\t\t\t\n        <div class=\"sh-columns post-meta-comments\">\n            <span class=\"post-meta-categories\">\n                <i class=\"icon-tag\"><\/i>\n                <a href=\"https:\/\/voice-interaction.com\/tmp-web\/pt\/category\/empresa-pt-pt\/\" rel=\"category tag\">Empresa<\/a>, <a href=\"https:\/\/voice-interaction.com\/tmp-web\/pt\/category\/empresa-pt-pt\/eventos-pt\/\" rel=\"category tag\">Eventos<\/a>            <\/span>\n\n                            <div><\/div>\n                    <\/div>\n\n    \t\t\t\t<\/div>\n\t\t\t<\/div>\n\n\t\t<\/div>\n\t<\/article>\n\n\n\n\t<article id=\"post-17488\" class=\"post-item post-17488 post type-post status-publish format-standard has-post-thumbnail hentry category-empresa-pt-pt category-eventos-pt category-noticias-empresa-pt\">\n\t\t<div class=\"post-container\">\n\t\t\t\n\t\t\t<div class=\"post-meta-thumb\">\n\t\t\t\t<img loading=\"lazy\" decoding=\"async\" width=\"996\" height=\"1024\" src=\"https:\/\/voice-interaction.com\/tmp-web\/wp-content\/uploads\/2019\/09\/LMIM9102-1-996x1024.jpg\" class=\"attachment-large size-large wp-post-image\" alt=\"\" srcset=\"https:\/\/voice-interaction.com\/tmp-web\/wp-content\/uploads\/2019\/09\/LMIM9102-1-996x1024.jpg 996w, https:\/\/voice-interaction.com\/tmp-web\/wp-content\/uploads\/2019\/09\/LMIM9102-1-292x300.jpg 292w, https:\/\/voice-interaction.com\/tmp-web\/wp-content\/uploads\/2019\/09\/LMIM9102-1-768x789.jpg 768w, https:\/\/voice-interaction.com\/tmp-web\/wp-content\/uploads\/2019\/09\/LMIM9102-1.jpg 1440w\" sizes=\"auto, (max-width: 996px) 100vw, 996px\" \/>\t\t\t\t\n        <div class=\"sh-overlay-style1\">\n            <div class=\"sh-table-full\">\n                                    <a href=\"https:\/\/voice-interaction.com\/tmp-web\/pt\/presenca-da-voiceinteraction-na-edicao-de-2019-da-interspeech\/\" class=\"sh-overlay-item sh-table-cell\" title=\"Open the article - Presen\u00e7a da VoiceInteraction na edi\u00e7\u00e3o de 2019 da InterSpeech\">\n                        <div class=\"sh-overlay-item-container\">\n                            <i class=\"icon-link\"><\/i>\n                        <\/div>\n                    <\/a>\n                \n                                    <a href=\"https:\/\/voice-interaction.com\/tmp-web\/wp-content\/uploads\/2019\/09\/LMIM9102-1-996x1024.jpg\" class=\"sh-overlay-item sh-table-cell\" data-rel=\"lightcase\">\n                        <div class=\"sh-overlay-item-container\">\n                            <i class=\"icon-magnifier-add\"><\/i>\n                        <\/div>\n                    <\/a>\n                            <\/div>\n        <\/div>\n\n    \t\t\t<\/div>\n\n\t\t\t<div class=\"post-content-container\">\n\t\t\t\t<a href=\"https:\/\/voice-interaction.com\/tmp-web\/pt\/presenca-da-voiceinteraction-na-edicao-de-2019-da-interspeech\/\" class=\"post-title\">\n\t\t\t\t\t<h2>\n\t\t\t\t\t\t\t\t\t\t\t\tPresen\u00e7a da VoiceInteraction na edi\u00e7\u00e3o de 2019 da InterSpeech\t\t\t\t\t<\/h2>\n\t\t\t\t<\/a>\n\n\t\t\t\t<div class=\"post-meta post-meta-one\">\n\t\t\t\t\t\n        <span class=\"post-meta-author\">\n            by            <a href=\"https:\/\/voice-interaction.com\/tmp-web\/pt\/author\/mariana\/\" class=\"bypostauthor\" itemprop=\"url\" rel=\"author\">\n                Mariana            <\/a>\n        <\/span>\n\n                    <time class=\"updated semantic\" itemprop=\"dateModified\" datetime=\"2019-09-30T14:02:17+00:00\"><\/time>\n            <a href=\"https:\/\/voice-interaction.com\/tmp-web\/pt\/presenca-da-voiceinteraction-na-edicao-de-2019-da-interspeech\/\" class=\"post-meta-date sh-default-color\">Setembro 20, 2019<\/a>\n        \n    \t\t\t\t<\/div>\n\n\t\t\t\t<div class=\"post-content\">\n\t\t\t\t\t<p>Nos \u00faltimos 5 dias, a VoiceInteraction teve a oportunidade de participar na InterSpeech a apresentar um&#8230;<\/p>\n\t\t\t\t<\/div>\n\n\t\t\t\t<div class=\"post-meta post-meta-two\">\n\t\t\t\t\t\n        <div class=\"sh-columns post-meta-comments\">\n            <span class=\"post-meta-categories\">\n                <i class=\"icon-tag\"><\/i>\n                <a href=\"https:\/\/voice-interaction.com\/tmp-web\/pt\/category\/empresa-pt-pt\/\" rel=\"category tag\">Empresa<\/a>, <a href=\"https:\/\/voice-interaction.com\/tmp-web\/pt\/category\/empresa-pt-pt\/eventos-pt\/\" rel=\"category tag\">Eventos<\/a>, <a href=\"https:\/\/voice-interaction.com\/tmp-web\/pt\/category\/empresa-pt-pt\/noticias-empresa-pt\/\" rel=\"category tag\">Not\u00edcias Empresa<\/a>            <\/span>\n\n                            <div><\/div>\n                    <\/div>\n\n    \t\t\t\t<\/div>\n\t\t\t<\/div>\n\n\t\t<\/div>\n\t<\/article>\n\n\n\n\t<article id=\"post-17546\" class=\"post-item post-17546 post type-post status-publish format-video has-post-thumbnail hentry category-eventos-pt category-noticias-empresa-pt category-media_pt tag-ibc tag-speech-recognition-eu-pt tag-subtitling-regulation-pt post_format-post-format-video\" itemscope=\"itemscope\" itemtype=\"http:\/\/schema.org\/Article\">\n\t\t<div class=\"post-container\">\n\t\t\t\n\t\t\t\n\t<div class=\"post-meta-video\">\n\t\t<div class=\"ratio-container\">\n\t\t\t<div class=\"ratio-content\">\n\t\t\t\t<iframe loading=\"lazy\" title=\"IBC2019 Content Everywhere Hub\" width=\"500\" height=\"281\" src=\"https:\/\/www.youtube.com\/embed\/aG7eNEw2EkQ?feature=oembed\" frameborder=\"0\" allow=\"accelerometer; autoplay; clipboard-write; encrypted-media; gyroscope; picture-in-picture; web-share\" referrerpolicy=\"strict-origin-when-cross-origin\" allowfullscreen><\/iframe>\n\t\t\t<\/div>\n\t\t<\/div>\n\t<\/div>\n\t\t\t<div class=\"post-content-container\">\n\t\t\t\t<a href=\"https:\/\/voice-interaction.com\/tmp-web\/pt\/ibc-2019-participacao-no-painel-de-debate-inovacao-tecnolgogica-no-dominio-digital\/\" class=\"post-title\">\n\t\t\t\t\t<h2 itemprop=\"headline\">\n\t\t\t\t\t\t\t\t\t\t\t\tIBC 2019 | Participa\u00e7\u00e3o no painel de debate: &#8220;Inova\u00e7\u00e3o tecnol\u00f3gica no dom\u00ednio digital&#8221;\t\t\t\t\t<\/h2>\n\t\t\t\t<\/a>\n\n\t\t\t\t<div class=\"post-meta post-meta-one\">\n\t\t\t\t\t\n        <span class=\"post-meta-author\">\n            by            <a href=\"https:\/\/voice-interaction.com\/tmp-web\/pt\/author\/mariana\/\" class=\"bypostauthor\" itemprop=\"url\" rel=\"author\">\n                Mariana            <\/a>\n        <\/span>\n\n                    <time class=\"updated semantic\" itemprop=\"dateModified\" datetime=\"2019-10-09T11:41:11+00:00\"><\/time>\n            <a href=\"https:\/\/voice-interaction.com\/tmp-web\/pt\/ibc-2019-participacao-no-painel-de-debate-inovacao-tecnolgogica-no-dominio-digital\/\" class=\"post-meta-date sh-default-color\">Setembro 20, 2019<\/a>\n        \n    \t\t\t\t<\/div>\n\n\t\t\t\t<div class=\"post-content\" itemprop=\"text\">\n\t\t\t\t\t<p>Assista ao v\u00eddeo completo da participa\u00e7\u00e3o do nosso CEO no painel de debate: &#8220;Inova\u00e7\u00e3o tecnol\u00f3gica no&#8230;<\/p>\n\t\t\t\t<\/div>\n\n\t\t\t\t<div class=\"post-meta post-meta-two\">\n\t\t\t\t\t\n        <div class=\"sh-columns post-meta-comments\">\n            <span class=\"post-meta-categories\">\n                <i class=\"icon-tag\"><\/i>\n                <a href=\"https:\/\/voice-interaction.com\/tmp-web\/pt\/category\/empresa-pt-pt\/eventos-pt\/\" rel=\"category tag\">Eventos<\/a>, <a href=\"https:\/\/voice-interaction.com\/tmp-web\/pt\/category\/empresa-pt-pt\/noticias-empresa-pt\/\" rel=\"category tag\">Not\u00edcias Empresa<\/a>, <a href=\"https:\/\/voice-interaction.com\/tmp-web\/pt\/category\/industrias-pt\/media_pt\/\" rel=\"category tag\">Televis\u00e3o &amp; Media<\/a>            <\/span>\n\n                            <div><\/div>\n                    <\/div>\n\n    \t\t\t\t<\/div>\n\t\t\t<\/div>\n\n\t\t<\/div>\n\t<\/article>\n\n\t\n\t<article id=\"post-17356\" class=\"post-item post-17356 post type-post status-publish format-video has-post-thumbnail hentry category-empresa-pt-pt category-eventos-pt category-legendagem-automatica category-monitorizacao-de-media category-noticias-empresa-pt category-media_pt tag-anatel-pt tag-setexpo-pt post_format-post-format-video\" itemscope=\"itemscope\" itemtype=\"http:\/\/schema.org\/Article\">\n\t\t<div class=\"post-container\">\n\t\t\t\n\t\t\t\n\t<div class=\"post-meta-video\">\n\t\t<div class=\"ratio-container\">\n\t\t\t<div class=\"ratio-content\">\n\t\t\t\t<iframe loading=\"lazy\" title=\"VoiceInteraction Brasil na SET Expo 2019\" width=\"500\" height=\"281\" src=\"https:\/\/www.youtube.com\/embed\/gyuXrM54Qdg?start=13&feature=oembed\" frameborder=\"0\" allow=\"accelerometer; autoplay; clipboard-write; encrypted-media; gyroscope; picture-in-picture; web-share\" referrerpolicy=\"strict-origin-when-cross-origin\" allowfullscreen><\/iframe>\n\t\t\t<\/div>\n\t\t<\/div>\n\t<\/div>\n\t\t\t<div class=\"post-content-container\">\n\t\t\t\t<a href=\"https:\/\/voice-interaction.com\/tmp-web\/pt\/promo-video-na-set-expo-2019\/\" class=\"post-title\">\n\t\t\t\t\t<h2 itemprop=\"headline\">\n\t\t\t\t\t\t\t\t\t\t\t\tPromo V\u00eddeo na SET Expo 2019!\t\t\t\t\t<\/h2>\n\t\t\t\t<\/a>\n\n\t\t\t\t<div class=\"post-meta post-meta-one\">\n\t\t\t\t\t\n        <span class=\"post-meta-author\">\n            by            <a href=\"https:\/\/voice-interaction.com\/tmp-web\/pt\/author\/mariana\/\" class=\"bypostauthor\" itemprop=\"url\" rel=\"author\">\n                Mariana            <\/a>\n        <\/span>\n\n                    <time class=\"updated semantic\" itemprop=\"dateModified\" datetime=\"2019-10-09T15:16:28+00:00\"><\/time>\n            <a href=\"https:\/\/voice-interaction.com\/tmp-web\/pt\/promo-video-na-set-expo-2019\/\" class=\"post-meta-date sh-default-color\">Setembro 18, 2019<\/a>\n        \n    \t\t\t\t<\/div>\n\n\t\t\t\t<div class=\"post-content\" itemprop=\"text\">\n\t\t\t\t\t<p>&nbsp; &nbsp; Assista ao nosso v\u00eddeo promocional gravado durante a SET Expo de 2019 em um&#8230;<\/p>\n\t\t\t\t<\/div>\n\n\t\t\t\t<div class=\"post-meta post-meta-two\">\n\t\t\t\t\t\n        <div class=\"sh-columns post-meta-comments\">\n            <span class=\"post-meta-categories\">\n                <i class=\"icon-tag\"><\/i>\n                <a href=\"https:\/\/voice-interaction.com\/tmp-web\/pt\/category\/empresa-pt-pt\/\" rel=\"category tag\">Empresa<\/a>, <a href=\"https:\/\/voice-interaction.com\/tmp-web\/pt\/category\/empresa-pt-pt\/eventos-pt\/\" rel=\"category tag\">Eventos<\/a>, <a href=\"https:\/\/voice-interaction.com\/tmp-web\/pt\/category\/solucoes-pt\/legendagem-automatica\/\" rel=\"category tag\">Legendagem Autom\u00e1tica<\/a>, <a href=\"https:\/\/voice-interaction.com\/tmp-web\/pt\/category\/solucoes-pt\/monitorizacao-de-media\/\" rel=\"category tag\">Monitoriza\u00e7\u00e3o de Media Broadcast<\/a>, <a href=\"https:\/\/voice-interaction.com\/tmp-web\/pt\/category\/empresa-pt-pt\/noticias-empresa-pt\/\" rel=\"category tag\">Not\u00edcias Empresa<\/a>, <a href=\"https:\/\/voice-interaction.com\/tmp-web\/pt\/category\/industrias-pt\/media_pt\/\" rel=\"category tag\">Televis\u00e3o &amp; Media<\/a>            <\/span>\n\n                            <div><\/div>\n                    <\/div>\n\n    \t\t\t\t<\/div>\n\t\t\t<\/div>\n\n\t\t<\/div>\n\t<\/article>\n\n\t\n\t<article id=\"post-17532\" class=\"post-item post-17532 post type-post status-publish format-standard has-post-thumbnail hentry category-empresa-pt-pt category-eventos-pt category-legendagem-automatica category-monitorizacao-de-media category-noticias-empresa-pt category-media_pt category-transcricao-pt tag-audimus-media-pt tag-audimus-server-pt tag-broadcast-monitoring-eu-pt tag-compliance-recording-eu-pt tag-ibc tag-legendagem-em-direto tag-mms-broadcast-pt tag-noticias-pt tag-speech-recognition-eu-pt\">\n\t\t<div class=\"post-container\">\n\t\t\t\n\t\t\t<div class=\"post-meta-thumb\">\n\t\t\t\t<img loading=\"lazy\" decoding=\"async\" width=\"1024\" height=\"768\" src=\"https:\/\/voice-interaction.com\/tmp-web\/wp-content\/uploads\/2019\/09\/FFGS4944-1024x768.jpg\" class=\"attachment-large size-large wp-post-image\" alt=\"\" srcset=\"https:\/\/voice-interaction.com\/tmp-web\/wp-content\/uploads\/2019\/09\/FFGS4944-1024x768.jpg 1024w, https:\/\/voice-interaction.com\/tmp-web\/wp-content\/uploads\/2019\/09\/FFGS4944-300x225.jpg 300w, https:\/\/voice-interaction.com\/tmp-web\/wp-content\/uploads\/2019\/09\/FFGS4944-768x576.jpg 768w\" sizes=\"auto, (max-width: 1024px) 100vw, 1024px\" \/>\t\t\t\t\n        <div class=\"sh-overlay-style1\">\n            <div class=\"sh-table-full\">\n                                    <a href=\"https:\/\/voice-interaction.com\/tmp-web\/pt\/obrigado-pela-sua-visita-durante-a-ibc\/\" class=\"sh-overlay-item sh-table-cell\" title=\"Open the article - Obrigado pela sua visita durante a IBC!\">\n                        <div class=\"sh-overlay-item-container\">\n                            <i class=\"icon-link\"><\/i>\n                        <\/div>\n                    <\/a>\n                \n                                    <a href=\"https:\/\/voice-interaction.com\/tmp-web\/wp-content\/uploads\/2019\/09\/FFGS4944-1024x768.jpg\" class=\"sh-overlay-item sh-table-cell\" data-rel=\"lightcase\">\n                        <div class=\"sh-overlay-item-container\">\n                            <i class=\"icon-magnifier-add\"><\/i>\n                        <\/div>\n                    <\/a>\n                            <\/div>\n        <\/div>\n\n    \t\t\t<\/div>\n\n\t\t\t<div class=\"post-content-container\">\n\t\t\t\t<a href=\"https:\/\/voice-interaction.com\/tmp-web\/pt\/obrigado-pela-sua-visita-durante-a-ibc\/\" class=\"post-title\">\n\t\t\t\t\t<h2>\n\t\t\t\t\t\t\t\t\t\t\t\tObrigado pela sua visita durante a IBC!\t\t\t\t\t<\/h2>\n\t\t\t\t<\/a>\n\n\t\t\t\t<div class=\"post-meta post-meta-one\">\n\t\t\t\t\t\n        <span class=\"post-meta-author\">\n            by            <a href=\"https:\/\/voice-interaction.com\/tmp-web\/pt\/author\/mariana\/\" class=\"bypostauthor\" itemprop=\"url\" rel=\"author\">\n                Mariana            <\/a>\n        <\/span>\n\n                    <time class=\"updated semantic\" itemprop=\"dateModified\" datetime=\"2019-10-04T11:16:45+00:00\"><\/time>\n            <a href=\"https:\/\/voice-interaction.com\/tmp-web\/pt\/obrigado-pela-sua-visita-durante-a-ibc\/\" class=\"post-meta-date sh-default-color\">Setembro 18, 2019<\/a>\n        \n    \t\t\t\t<\/div>\n\n\t\t\t\t<div class=\"post-content\">\n\t\t\t\t\t<p>&nbsp; Cinco gratificantes dias em que partilh\u00e1mos conhecimento, esclarecemos quem nos visitou sobre a import\u00e2ncia das&#8230;<\/p>\n\t\t\t\t<\/div>\n\n\t\t\t\t<div class=\"post-meta post-meta-two\">\n\t\t\t\t\t\n        <div class=\"sh-columns post-meta-comments\">\n            <span class=\"post-meta-categories\">\n                <i class=\"icon-tag\"><\/i>\n                <a href=\"https:\/\/voice-interaction.com\/tmp-web\/pt\/category\/empresa-pt-pt\/\" rel=\"category tag\">Empresa<\/a>, <a href=\"https:\/\/voice-interaction.com\/tmp-web\/pt\/category\/empresa-pt-pt\/eventos-pt\/\" rel=\"category tag\">Eventos<\/a>, <a href=\"https:\/\/voice-interaction.com\/tmp-web\/pt\/category\/solucoes-pt\/legendagem-automatica\/\" rel=\"category tag\">Legendagem Autom\u00e1tica<\/a>, <a href=\"https:\/\/voice-interaction.com\/tmp-web\/pt\/category\/solucoes-pt\/monitorizacao-de-media\/\" rel=\"category tag\">Monitoriza\u00e7\u00e3o de Media Broadcast<\/a>, <a href=\"https:\/\/voice-interaction.com\/tmp-web\/pt\/category\/empresa-pt-pt\/noticias-empresa-pt\/\" rel=\"category tag\">Not\u00edcias Empresa<\/a>, <a href=\"https:\/\/voice-interaction.com\/tmp-web\/pt\/category\/industrias-pt\/media_pt\/\" rel=\"category tag\">Televis\u00e3o &amp; Media<\/a>, <a href=\"https:\/\/voice-interaction.com\/tmp-web\/pt\/category\/solucoes-pt\/transcricao-pt\/\" rel=\"category tag\">Transcri\u00e7\u00e3o<\/a>...            <\/span>\n\n                            <div><\/div>\n                    <\/div>\n\n    \t\t\t\t<\/div>\n\t\t\t<\/div>\n\n\t\t<\/div>\n\t<\/article>\n\n\n\n\t<article id=\"post-17670\" class=\"post-item post-17670 post type-post status-publish format-standard has-post-thumbnail hentry category-monitorizacao-media-pt category-noticias-empresa-pt tag-mms-be tag-opinion-article-pt tag-tvb-europe\">\n\t\t<div class=\"post-container\">\n\t\t\t\n\t\t\t<div class=\"post-meta-thumb\">\n\t\t\t\t<img loading=\"lazy\" decoding=\"async\" width=\"768\" height=\"1024\" src=\"https:\/\/voice-interaction.com\/tmp-web\/wp-content\/uploads\/2019\/09\/Skype_Picture_2019_09_06T12_04_48_771Z-768x1024.jpeg\" class=\"attachment-large size-large wp-post-image\" alt=\"\" srcset=\"https:\/\/voice-interaction.com\/tmp-web\/wp-content\/uploads\/2019\/09\/Skype_Picture_2019_09_06T12_04_48_771Z-768x1024.jpeg 768w, https:\/\/voice-interaction.com\/tmp-web\/wp-content\/uploads\/2019\/09\/Skype_Picture_2019_09_06T12_04_48_771Z-225x300.jpeg 225w, https:\/\/voice-interaction.com\/tmp-web\/wp-content\/uploads\/2019\/09\/Skype_Picture_2019_09_06T12_04_48_771Z.jpeg 1440w\" sizes=\"auto, (max-width: 768px) 100vw, 768px\" \/>\t\t\t\t\n        <div class=\"sh-overlay-style1\">\n            <div class=\"sh-table-full\">\n                                    <a href=\"https:\/\/voice-interaction.com\/tmp-web\/pt\/the-foundations-of-media-monitoring-hailton-lopes-on-tvb-europe\/\" class=\"sh-overlay-item sh-table-cell\" title=\"Open the article - The foundations of Media Monitoring | Hailton Lopes on TVB Europe\">\n                        <div class=\"sh-overlay-item-container\">\n                            <i class=\"icon-link\"><\/i>\n                        <\/div>\n                    <\/a>\n                \n                                    <a href=\"https:\/\/voice-interaction.com\/tmp-web\/wp-content\/uploads\/2019\/09\/Skype_Picture_2019_09_06T12_04_48_771Z-768x1024.jpeg\" class=\"sh-overlay-item sh-table-cell\" data-rel=\"lightcase\">\n                        <div class=\"sh-overlay-item-container\">\n                            <i class=\"icon-magnifier-add\"><\/i>\n                        <\/div>\n                    <\/a>\n                            <\/div>\n        <\/div>\n\n    \t\t\t<\/div>\n\n\t\t\t<div class=\"post-content-container\">\n\t\t\t\t<a href=\"https:\/\/voice-interaction.com\/tmp-web\/pt\/the-foundations-of-media-monitoring-hailton-lopes-on-tvb-europe\/\" class=\"post-title\">\n\t\t\t\t\t<h2>\n\t\t\t\t\t\t\t\t\t\t\t\tThe foundations of Media Monitoring | Hailton Lopes on TVB Europe\t\t\t\t\t<\/h2>\n\t\t\t\t<\/a>\n\n\t\t\t\t<div class=\"post-meta post-meta-one\">\n\t\t\t\t\t\n        <span class=\"post-meta-author\">\n            by            <a href=\"https:\/\/voice-interaction.com\/tmp-web\/pt\/author\/mariana\/\" class=\"bypostauthor\" itemprop=\"url\" rel=\"author\">\n                Mariana            <\/a>\n        <\/span>\n\n                    <time class=\"updated semantic\" itemprop=\"dateModified\" datetime=\"2019-10-16T14:12:47+00:00\"><\/time>\n            <a href=\"https:\/\/voice-interaction.com\/tmp-web\/pt\/the-foundations-of-media-monitoring-hailton-lopes-on-tvb-europe\/\" class=\"post-meta-date sh-default-color\">Setembro 12, 2019<\/a>\n        \n    \t\t\t\t<\/div>\n\n\t\t\t\t<div class=\"post-content\">\n\t\t\t\t\t<p>O nosso gestor de produto, Hailton Lopes, teve a oportunidade de escrever um artigo de opini\u00e3o&#8230;<\/p>\n\t\t\t\t<\/div>\n\n\t\t\t\t<div class=\"post-meta post-meta-two\">\n\t\t\t\t\t\n        <div class=\"sh-columns post-meta-comments\">\n            <span class=\"post-meta-categories\">\n                <i class=\"icon-tag\"><\/i>\n                <a href=\"https:\/\/voice-interaction.com\/tmp-web\/pt\/category\/solucoes-pt\/monitorizacao-media-pt\/\" rel=\"category tag\">Monitoriza\u00e7\u00e3o de Media<\/a>, <a href=\"https:\/\/voice-interaction.com\/tmp-web\/pt\/category\/empresa-pt-pt\/noticias-empresa-pt\/\" rel=\"category tag\">Not\u00edcias Empresa<\/a>            <\/span>\n\n                            <div><\/div>\n                    <\/div>\n\n    \t\t\t\t<\/div>\n\t\t\t<\/div>\n\n\t\t<\/div>\n\t<\/article>\n\n\n\n\t<article id=\"post-17714\" class=\"post-item post-17714 post type-post status-publish format-standard has-post-thumbnail hentry category-empresa-pt-pt category-eventos-pt category-legendagem-automatica category-monitorizacao-de-media category-noticias-empresa-pt category-media_pt tag-audimus-media-pt tag-setexpo-pt\">\n\t\t<div class=\"post-container\">\n\t\t\t\n\t\t\t<div class=\"post-meta-thumb\">\n\t\t\t\t<img loading=\"lazy\" decoding=\"async\" width=\"1024\" height=\"768\" src=\"https:\/\/voice-interaction.com\/tmp-web\/wp-content\/uploads\/2019\/09\/Imagem-THANK-YOU-SET-19-1024x768.jpg\" class=\"attachment-large size-large wp-post-image\" alt=\"\" srcset=\"https:\/\/voice-interaction.com\/tmp-web\/wp-content\/uploads\/2019\/09\/Imagem-THANK-YOU-SET-19.jpg 1024w, https:\/\/voice-interaction.com\/tmp-web\/wp-content\/uploads\/2019\/09\/Imagem-THANK-YOU-SET-19-300x225.jpg 300w, https:\/\/voice-interaction.com\/tmp-web\/wp-content\/uploads\/2019\/09\/Imagem-THANK-YOU-SET-19-768x576.jpg 768w\" sizes=\"auto, (max-width: 1024px) 100vw, 1024px\" \/>\t\t\t\t\n        <div class=\"sh-overlay-style1\">\n            <div class=\"sh-table-full\">\n                                    <a href=\"https:\/\/voice-interaction.com\/tmp-web\/pt\/obrigada-set-expo-e-todos-os-que-nos-visitaram\/\" class=\"sh-overlay-item sh-table-cell\" title=\"Open the article - Obrigada SET Expo e todos os que nos visitaram!\">\n                        <div class=\"sh-overlay-item-container\">\n                            <i class=\"icon-link\"><\/i>\n                        <\/div>\n                    <\/a>\n                \n                                    <a href=\"https:\/\/voice-interaction.com\/tmp-web\/wp-content\/uploads\/2019\/09\/Imagem-THANK-YOU-SET-19-1024x768.jpg\" class=\"sh-overlay-item sh-table-cell\" data-rel=\"lightcase\">\n                        <div class=\"sh-overlay-item-container\">\n                            <i class=\"icon-magnifier-add\"><\/i>\n                        <\/div>\n                    <\/a>\n                            <\/div>\n        <\/div>\n\n    \t\t\t<\/div>\n\n\t\t\t<div class=\"post-content-container\">\n\t\t\t\t<a href=\"https:\/\/voice-interaction.com\/tmp-web\/pt\/obrigada-set-expo-e-todos-os-que-nos-visitaram\/\" class=\"post-title\">\n\t\t\t\t\t<h2>\n\t\t\t\t\t\t\t\t\t\t\t\tObrigada SET Expo e todos os que nos visitaram!\t\t\t\t\t<\/h2>\n\t\t\t\t<\/a>\n\n\t\t\t\t<div class=\"post-meta post-meta-one\">\n\t\t\t\t\t\n        <span class=\"post-meta-author\">\n            by            <a href=\"https:\/\/voice-interaction.com\/tmp-web\/pt\/author\/mariana\/\" class=\"bypostauthor\" itemprop=\"url\" rel=\"author\">\n                Mariana            <\/a>\n        <\/span>\n\n                    <time class=\"updated semantic\" itemprop=\"dateModified\" datetime=\"2019-10-21T13:02:52+00:00\"><\/time>\n            <a href=\"https:\/\/voice-interaction.com\/tmp-web\/pt\/obrigada-set-expo-e-todos-os-que-nos-visitaram\/\" class=\"post-meta-date sh-default-color\">Agosto 30, 2019<\/a>\n        \n    \t\t\t\t<\/div>\n\n\t\t\t\t<div class=\"post-content\">\n\t\t\t\t\t<p>Um dos eventos anuais de maior relevo, a SET Expo, \u00e9 encarada para a VoiceInteraction como&#8230;<\/p>\n\t\t\t\t<\/div>\n\n\t\t\t\t<div class=\"post-meta post-meta-two\">\n\t\t\t\t\t\n        <div class=\"sh-columns post-meta-comments\">\n            <span class=\"post-meta-categories\">\n                <i class=\"icon-tag\"><\/i>\n                <a href=\"https:\/\/voice-interaction.com\/tmp-web\/pt\/category\/empresa-pt-pt\/\" rel=\"category tag\">Empresa<\/a>, <a href=\"https:\/\/voice-interaction.com\/tmp-web\/pt\/category\/empresa-pt-pt\/eventos-pt\/\" rel=\"category tag\">Eventos<\/a>, <a href=\"https:\/\/voice-interaction.com\/tmp-web\/pt\/category\/solucoes-pt\/legendagem-automatica\/\" rel=\"category tag\">Legendagem Autom\u00e1tica<\/a>, <a href=\"https:\/\/voice-interaction.com\/tmp-web\/pt\/category\/solucoes-pt\/monitorizacao-de-media\/\" rel=\"category tag\">Monitoriza\u00e7\u00e3o de Media Broadcast<\/a>, <a href=\"https:\/\/voice-interaction.com\/tmp-web\/pt\/category\/empresa-pt-pt\/noticias-empresa-pt\/\" rel=\"category tag\">Not\u00edcias Empresa<\/a>, <a href=\"https:\/\/voice-interaction.com\/tmp-web\/pt\/category\/industrias-pt\/media_pt\/\" rel=\"category tag\">Televis\u00e3o &amp; Media<\/a>            <\/span>\n\n                            <div><\/div>\n                    <\/div>\n\n    \t\t\t\t<\/div>\n\t\t\t<\/div>\n\n\t\t<\/div>\n\t<\/article>\n\n\n\n\t<article id=\"post-17273\" class=\"post-item post-17273 post type-post status-publish format-standard has-post-thumbnail hentry category-empresa-pt-pt category-eventos-pt category-legendagem-automatica category-monitorizacao-de-media category-noticias-empresa-pt category-media_pt tag-audimus-media-pt tag-broadcast-monitoring-eu-pt tag-compliance-recording-eu-pt tag-ibc tag-legendagem-em-direto tag-speech-recognition-eu-pt\">\n\t\t<div class=\"post-container\">\n\t\t\t\n\t\t\t<div class=\"post-meta-thumb\">\n\t\t\t\t<img loading=\"lazy\" decoding=\"async\" width=\"1024\" height=\"1024\" src=\"https:\/\/voice-interaction.com\/tmp-web\/wp-content\/uploads\/2019\/08\/Banner-Redes-Sociais_IBC_19_PT-1024x1024.png\" class=\"attachment-large size-large wp-post-image\" alt=\"\" srcset=\"https:\/\/voice-interaction.com\/tmp-web\/wp-content\/uploads\/2019\/08\/Banner-Redes-Sociais_IBC_19_PT-1024x1024.png 1024w, https:\/\/voice-interaction.com\/tmp-web\/wp-content\/uploads\/2019\/08\/Banner-Redes-Sociais_IBC_19_PT-150x150.png 150w, https:\/\/voice-interaction.com\/tmp-web\/wp-content\/uploads\/2019\/08\/Banner-Redes-Sociais_IBC_19_PT-300x300.png 300w, https:\/\/voice-interaction.com\/tmp-web\/wp-content\/uploads\/2019\/08\/Banner-Redes-Sociais_IBC_19_PT-768x768.png 768w, https:\/\/voice-interaction.com\/tmp-web\/wp-content\/uploads\/2019\/08\/Banner-Redes-Sociais_IBC_19_PT-660x660.png 660w, https:\/\/voice-interaction.com\/tmp-web\/wp-content\/uploads\/2019\/08\/Banner-Redes-Sociais_IBC_19_PT.png 1200w\" sizes=\"auto, (max-width: 1024px) 100vw, 1024px\" \/>\t\t\t\t\n        <div class=\"sh-overlay-style1\">\n            <div class=\"sh-table-full\">\n                                    <a href=\"https:\/\/voice-interaction.com\/tmp-web\/pt\/visite-nos-na-ibc-temos-novidades\/\" class=\"sh-overlay-item sh-table-cell\" title=\"Open the article - Visite-nos na IBC, temos novidades!\">\n                        <div class=\"sh-overlay-item-container\">\n                            <i class=\"icon-link\"><\/i>\n                        <\/div>\n                    <\/a>\n                \n                                    <a href=\"https:\/\/voice-interaction.com\/tmp-web\/wp-content\/uploads\/2019\/08\/Banner-Redes-Sociais_IBC_19_PT-1024x1024.png\" class=\"sh-overlay-item sh-table-cell\" data-rel=\"lightcase\">\n                        <div class=\"sh-overlay-item-container\">\n                            <i class=\"icon-magnifier-add\"><\/i>\n                        <\/div>\n                    <\/a>\n                            <\/div>\n        <\/div>\n\n    \t\t\t<\/div>\n\n\t\t\t<div class=\"post-content-container\">\n\t\t\t\t<a href=\"https:\/\/voice-interaction.com\/tmp-web\/pt\/visite-nos-na-ibc-temos-novidades\/\" class=\"post-title\">\n\t\t\t\t\t<h2>\n\t\t\t\t\t\t\t\t\t\t\t\tVisite-nos na IBC, temos novidades!\t\t\t\t\t<\/h2>\n\t\t\t\t<\/a>\n\n\t\t\t\t<div class=\"post-meta post-meta-one\">\n\t\t\t\t\t\n        <span class=\"post-meta-author\">\n            by            <a href=\"https:\/\/voice-interaction.com\/tmp-web\/pt\/author\/mariana\/\" class=\"bypostauthor\" itemprop=\"url\" rel=\"author\">\n                Mariana            <\/a>\n        <\/span>\n\n                    <time class=\"updated semantic\" itemprop=\"dateModified\" datetime=\"2019-10-03T16:57:18+00:00\"><\/time>\n            <a href=\"https:\/\/voice-interaction.com\/tmp-web\/pt\/visite-nos-na-ibc-temos-novidades\/\" class=\"post-meta-date sh-default-color\">Agosto 28, 2019<\/a>\n        \n    \t\t\t\t<\/div>\n\n\t\t\t\t<div class=\"post-content\">\n\t\t\t\t\t<p>A IBC 2019 est\u00e1 prestes a come\u00e7ar e a VoiceInteraction estar\u00e1 presente! Encontramo-nos l\u00e1?&nbsp; Junte-se aos&#8230;<\/p>\n\t\t\t\t<\/div>\n\n\t\t\t\t<div class=\"post-meta post-meta-two\">\n\t\t\t\t\t\n        <div class=\"sh-columns post-meta-comments\">\n            <span class=\"post-meta-categories\">\n                <i class=\"icon-tag\"><\/i>\n                <a href=\"https:\/\/voice-interaction.com\/tmp-web\/pt\/category\/empresa-pt-pt\/\" rel=\"category tag\">Empresa<\/a>, <a href=\"https:\/\/voice-interaction.com\/tmp-web\/pt\/category\/empresa-pt-pt\/eventos-pt\/\" rel=\"category tag\">Eventos<\/a>, <a href=\"https:\/\/voice-interaction.com\/tmp-web\/pt\/category\/solucoes-pt\/legendagem-automatica\/\" rel=\"category tag\">Legendagem Autom\u00e1tica<\/a>, <a href=\"https:\/\/voice-interaction.com\/tmp-web\/pt\/category\/solucoes-pt\/monitorizacao-de-media\/\" rel=\"category tag\">Monitoriza\u00e7\u00e3o de Media Broadcast<\/a>, <a href=\"https:\/\/voice-interaction.com\/tmp-web\/pt\/category\/empresa-pt-pt\/noticias-empresa-pt\/\" rel=\"category tag\">Not\u00edcias Empresa<\/a>, <a href=\"https:\/\/voice-interaction.com\/tmp-web\/pt\/category\/industrias-pt\/media_pt\/\" rel=\"category tag\">Televis\u00e3o &amp; Media<\/a>            <\/span>\n\n                            <div><\/div>\n                    <\/div>\n\n    \t\t\t\t<\/div>\n\t\t\t<\/div>\n\n\t\t<\/div>\n\t<\/article>\n\n\n\n\t<article id=\"post-17209\" class=\"post-item post-17209 post type-post status-publish format-standard has-post-thumbnail hentry category-eventos-pt category-media_pt tag-audimus-media-pt tag-audimus-server-pt tag-mms-broadcast-pt tag-noticias-pt tag-setexpo-pt\">\n\t\t<div class=\"post-container\">\n\t\t\t\n\t\t\t<div class=\"post-meta-thumb\">\n\t\t\t\t<img loading=\"lazy\" decoding=\"async\" width=\"400\" height=\"333\" src=\"https:\/\/voice-interaction.com\/tmp-web\/wp-content\/uploads\/2019\/09\/Banner-2-_-NS-_-SET-19-_-VI.png\" class=\"attachment-large size-large wp-post-image\" alt=\"\" srcset=\"https:\/\/voice-interaction.com\/tmp-web\/wp-content\/uploads\/2019\/09\/Banner-2-_-NS-_-SET-19-_-VI.png 400w, https:\/\/voice-interaction.com\/tmp-web\/wp-content\/uploads\/2019\/09\/Banner-2-_-NS-_-SET-19-_-VI-300x250.png 300w\" sizes=\"auto, (max-width: 400px) 100vw, 400px\" \/>\t\t\t\t\n        <div class=\"sh-overlay-style1\">\n            <div class=\"sh-table-full\">\n                                    <a href=\"https:\/\/voice-interaction.com\/tmp-web\/pt\/a-voiceinteraction-prepara-a-sua-presenca-na-set-expo-em-sao-paulo\/\" class=\"sh-overlay-item sh-table-cell\" title=\"Open the article - A VoiceInteraction marcar\u00e1 presen\u00e7a na SET Expo em S\u00e3o Paulo!\">\n                        <div class=\"sh-overlay-item-container\">\n                            <i class=\"icon-link\"><\/i>\n                        <\/div>\n                    <\/a>\n                \n                                    <a href=\"https:\/\/voice-interaction.com\/tmp-web\/wp-content\/uploads\/2019\/09\/Banner-2-_-NS-_-SET-19-_-VI.png\" class=\"sh-overlay-item sh-table-cell\" data-rel=\"lightcase\">\n                        <div class=\"sh-overlay-item-container\">\n                            <i class=\"icon-magnifier-add\"><\/i>\n                        <\/div>\n                    <\/a>\n                            <\/div>\n        <\/div>\n\n    \t\t\t<\/div>\n\n\t\t\t<div class=\"post-content-container\">\n\t\t\t\t<a href=\"https:\/\/voice-interaction.com\/tmp-web\/pt\/a-voiceinteraction-prepara-a-sua-presenca-na-set-expo-em-sao-paulo\/\" class=\"post-title\">\n\t\t\t\t\t<h2>\n\t\t\t\t\t\t\t\t\t\t\t\tA VoiceInteraction marcar\u00e1 presen\u00e7a na SET Expo em S\u00e3o Paulo!\t\t\t\t\t<\/h2>\n\t\t\t\t<\/a>\n\n\t\t\t\t<div class=\"post-meta post-meta-one\">\n\t\t\t\t\t\n        <span class=\"post-meta-author\">\n            by            <a href=\"https:\/\/voice-interaction.com\/tmp-web\/pt\/author\/mariana\/\" class=\"bypostauthor\" itemprop=\"url\" rel=\"author\">\n                Mariana            <\/a>\n        <\/span>\n\n                    <time class=\"updated semantic\" itemprop=\"dateModified\" datetime=\"2019-09-25T14:56:18+00:00\"><\/time>\n            <a href=\"https:\/\/voice-interaction.com\/tmp-web\/pt\/a-voiceinteraction-prepara-a-sua-presenca-na-set-expo-em-sao-paulo\/\" class=\"post-meta-date sh-default-color\">Agosto 15, 2019<\/a>\n        \n    \t\t\t\t<\/div>\n\n\t\t\t\t<div class=\"post-content\">\n\t\t\t\t\t<p>A VoiceInteraction Brasil estar\u00e1 presente em mais uma edi\u00e7\u00e3o da SET Expo em S\u00e3o Paulo, de&#8230;<\/p>\n\t\t\t\t<\/div>\n\n\t\t\t\t<div class=\"post-meta post-meta-two\">\n\t\t\t\t\t\n        <div class=\"sh-columns post-meta-comments\">\n            <span class=\"post-meta-categories\">\n                <i class=\"icon-tag\"><\/i>\n                <a href=\"https:\/\/voice-interaction.com\/tmp-web\/pt\/category\/empresa-pt-pt\/eventos-pt\/\" rel=\"category tag\">Eventos<\/a>, <a href=\"https:\/\/voice-interaction.com\/tmp-web\/pt\/category\/industrias-pt\/media_pt\/\" rel=\"category tag\">Televis\u00e3o &amp; Media<\/a>            <\/span>\n\n                            <div><\/div>\n                    <\/div>\n\n    \t\t\t\t<\/div>\n\t\t\t<\/div>\n\n\t\t<\/div>\n\t<\/article>\n\n\n\n\t<article id=\"post-17087\" class=\"post-item post-17087 post type-post status-publish format-standard has-post-thumbnail hentry category-empresa-pt-pt category-eventos-pt category-noticias-empresa-pt category-media_pt tag-audimus-media-pt tag-audimus-server-pt tag-broadcast-asia tag-broadcast-monitoring-eu-pt tag-events tag-mms-broadcast-pt tag-singapura tag-voiceinteraction\">\n\t\t<div class=\"post-container\">\n\t\t\t\n\t\t\t<div class=\"post-meta-thumb\">\n\t\t\t\t<img loading=\"lazy\" decoding=\"async\" width=\"1024\" height=\"576\" src=\"https:\/\/voice-interaction.com\/tmp-web\/wp-content\/uploads\/2019\/07\/BroadcastAsia_18-2-1024x576.jpg\" class=\"attachment-large size-large wp-post-image\" alt=\"\" srcset=\"https:\/\/voice-interaction.com\/tmp-web\/wp-content\/uploads\/2019\/07\/BroadcastAsia_18-2-1024x576.jpg 1024w, https:\/\/voice-interaction.com\/tmp-web\/wp-content\/uploads\/2019\/07\/BroadcastAsia_18-2-300x169.jpg 300w, https:\/\/voice-interaction.com\/tmp-web\/wp-content\/uploads\/2019\/07\/BroadcastAsia_18-2-768x432.jpg 768w, https:\/\/voice-interaction.com\/tmp-web\/wp-content\/uploads\/2019\/07\/BroadcastAsia_18-2.jpg 1200w\" sizes=\"auto, (max-width: 1024px) 100vw, 1024px\" \/>\t\t\t\t\n        <div class=\"sh-overlay-style1\">\n            <div class=\"sh-table-full\">\n                                    <a href=\"https:\/\/voice-interaction.com\/tmp-web\/pt\/broadcast-asia-2019-we-did-captured-the-future\/\" class=\"sh-overlay-item sh-table-cell\" title=\"Open the article - Broadcast Asia 2019 | We did&#8230; Captured the Future!\">\n                        <div class=\"sh-overlay-item-container\">\n                            <i class=\"icon-link\"><\/i>\n                        <\/div>\n                    <\/a>\n                \n                                    <a href=\"https:\/\/voice-interaction.com\/tmp-web\/wp-content\/uploads\/2019\/07\/BroadcastAsia_18-2-1024x576.jpg\" class=\"sh-overlay-item sh-table-cell\" data-rel=\"lightcase\">\n                        <div class=\"sh-overlay-item-container\">\n                            <i class=\"icon-magnifier-add\"><\/i>\n                        <\/div>\n                    <\/a>\n                            <\/div>\n        <\/div>\n\n    \t\t\t<\/div>\n\n\t\t\t<div class=\"post-content-container\">\n\t\t\t\t<a href=\"https:\/\/voice-interaction.com\/tmp-web\/pt\/broadcast-asia-2019-we-did-captured-the-future\/\" class=\"post-title\">\n\t\t\t\t\t<h2>\n\t\t\t\t\t\t\t\t\t\t\t\tBroadcast Asia 2019 | We did&#8230; Captured the Future!\t\t\t\t\t<\/h2>\n\t\t\t\t<\/a>\n\n\t\t\t\t<div class=\"post-meta post-meta-one\">\n\t\t\t\t\t\n        <span class=\"post-meta-author\">\n            by            <a href=\"https:\/\/voice-interaction.com\/tmp-web\/pt\/author\/mariana\/\" class=\"bypostauthor\" itemprop=\"url\" rel=\"author\">\n                Mariana            <\/a>\n        <\/span>\n\n                    <time class=\"updated semantic\" itemprop=\"dateModified\" datetime=\"2019-07-04T14:01:18+00:00\"><\/time>\n            <a href=\"https:\/\/voice-interaction.com\/tmp-web\/pt\/broadcast-asia-2019-we-did-captured-the-future\/\" class=\"post-meta-date sh-default-color\">Junho 25, 2019<\/a>\n        \n    \t\t\t\t<\/div>\n\n\t\t\t\t<div class=\"post-content\">\n\t\t\t\t\t<p>Pela primeira vez, a VoiceInteraction esteve presente em Singapura para a 24\u00aa edi\u00e7\u00e3o da Broadcast Asia&#8230;<\/p>\n\t\t\t\t<\/div>\n\n\t\t\t\t<div class=\"post-meta post-meta-two\">\n\t\t\t\t\t\n        <div class=\"sh-columns post-meta-comments\">\n            <span class=\"post-meta-categories\">\n                <i class=\"icon-tag\"><\/i>\n                <a href=\"https:\/\/voice-interaction.com\/tmp-web\/pt\/category\/empresa-pt-pt\/\" rel=\"category tag\">Empresa<\/a>, <a href=\"https:\/\/voice-interaction.com\/tmp-web\/pt\/category\/empresa-pt-pt\/eventos-pt\/\" rel=\"category tag\">Eventos<\/a>, <a href=\"https:\/\/voice-interaction.com\/tmp-web\/pt\/category\/empresa-pt-pt\/noticias-empresa-pt\/\" rel=\"category tag\">Not\u00edcias Empresa<\/a>, <a href=\"https:\/\/voice-interaction.com\/tmp-web\/pt\/category\/industrias-pt\/media_pt\/\" rel=\"category tag\">Televis\u00e3o &amp; Media<\/a>            <\/span>\n\n                            <div><\/div>\n                    <\/div>\n\n    \t\t\t\t<\/div>\n\t\t\t<\/div>\n\n\t\t<\/div>\n\t<\/article>\n\n\n\n\t<article id=\"post-16969\" class=\"post-item post-16969 post type-post status-publish format-standard has-post-thumbnail hentry category-governo-pt category-noticias-empresa-pt category-transcricao-pt tag-audimus-server-pt tag-camaras-municipais-pt tag-knowledge-from-speech tag-speech-recognition-eu-pt tag-transcricao tag-voiceinteraction\">\n\t\t<div class=\"post-container\">\n\t\t\t\n\t\t\t<div class=\"post-meta-thumb\">\n\t\t\t\t<img loading=\"lazy\" decoding=\"async\" width=\"800\" height=\"370\" src=\"https:\/\/voice-interaction.com\/tmp-web\/wp-content\/uploads\/2019\/06\/VI-News_AudimusServer_Camaras2.png\" class=\"attachment-large size-large wp-post-image\" alt=\"\" srcset=\"https:\/\/voice-interaction.com\/tmp-web\/wp-content\/uploads\/2019\/06\/VI-News_AudimusServer_Camaras2.png 800w, https:\/\/voice-interaction.com\/tmp-web\/wp-content\/uploads\/2019\/06\/VI-News_AudimusServer_Camaras2-300x139.png 300w, https:\/\/voice-interaction.com\/tmp-web\/wp-content\/uploads\/2019\/06\/VI-News_AudimusServer_Camaras2-768x355.png 768w\" sizes=\"auto, (max-width: 800px) 100vw, 800px\" \/>\t\t\t\t\n        <div class=\"sh-overlay-style1\">\n            <div class=\"sh-table-full\">\n                                    <a href=\"https:\/\/voice-interaction.com\/tmp-web\/pt\/transcricao-automatica-a-qualidade-a-vista-de-todos\/\" class=\"sh-overlay-item sh-table-cell\" title=\"Open the article - Transcri\u00e7\u00e3o Autom\u00e1tica | A qualidade \u00e0 vista de todos\">\n                        <div class=\"sh-overlay-item-container\">\n                            <i class=\"icon-link\"><\/i>\n                        <\/div>\n                    <\/a>\n                \n                                    <a href=\"https:\/\/voice-interaction.com\/tmp-web\/wp-content\/uploads\/2019\/06\/VI-News_AudimusServer_Camaras2.png\" class=\"sh-overlay-item sh-table-cell\" data-rel=\"lightcase\">\n                        <div class=\"sh-overlay-item-container\">\n                            <i class=\"icon-magnifier-add\"><\/i>\n                        <\/div>\n                    <\/a>\n                            <\/div>\n        <\/div>\n\n    \t\t\t<\/div>\n\n\t\t\t<div class=\"post-content-container\">\n\t\t\t\t<a href=\"https:\/\/voice-interaction.com\/tmp-web\/pt\/transcricao-automatica-a-qualidade-a-vista-de-todos\/\" class=\"post-title\">\n\t\t\t\t\t<h2>\n\t\t\t\t\t\t\t\t\t\t\t\tTranscri\u00e7\u00e3o Autom\u00e1tica | A qualidade \u00e0 vista de todos\t\t\t\t\t<\/h2>\n\t\t\t\t<\/a>\n\n\t\t\t\t<div class=\"post-meta post-meta-one\">\n\t\t\t\t\t\n        <span class=\"post-meta-author\">\n            by            <a href=\"https:\/\/voice-interaction.com\/tmp-web\/pt\/author\/mariana\/\" class=\"bypostauthor\" itemprop=\"url\" rel=\"author\">\n                Mariana            <\/a>\n        <\/span>\n\n                    <time class=\"updated semantic\" itemprop=\"dateModified\" datetime=\"2019-06-06T14:22:07+00:00\"><\/time>\n            <a href=\"https:\/\/voice-interaction.com\/tmp-web\/pt\/transcricao-automatica-a-qualidade-a-vista-de-todos\/\" class=\"post-meta-date sh-default-color\">Junho 6, 2019<\/a>\n        \n    \t\t\t\t<\/div>\n\n\t\t\t\t<div class=\"post-content\">\n\t\t\t\t\t<p>Saiba quem se juntou a n\u00f3s e ao Audimus.Server!&nbsp; &nbsp; No seu dia-a-dia depara-se, ou a&#8230;<\/p>\n\t\t\t\t<\/div>\n\n\t\t\t\t<div class=\"post-meta post-meta-two\">\n\t\t\t\t\t\n        <div class=\"sh-columns post-meta-comments\">\n            <span class=\"post-meta-categories\">\n                <i class=\"icon-tag\"><\/i>\n                <a href=\"https:\/\/voice-interaction.com\/tmp-web\/pt\/category\/industrias-pt\/governo-pt\/\" rel=\"category tag\">Governo<\/a>, <a href=\"https:\/\/voice-interaction.com\/tmp-web\/pt\/category\/empresa-pt-pt\/noticias-empresa-pt\/\" rel=\"category tag\">Not\u00edcias Empresa<\/a>, <a href=\"https:\/\/voice-interaction.com\/tmp-web\/pt\/category\/solucoes-pt\/transcricao-pt\/\" rel=\"category tag\">Transcri\u00e7\u00e3o<\/a>            <\/span>\n\n                            <div><\/div>\n                    <\/div>\n\n    \t\t\t\t<\/div>\n\t\t\t<\/div>\n\n\t\t<\/div>\n\t<\/article>\n\n\n\n\t<article id=\"post-16872\" class=\"post-item post-16872 post type-post status-publish format-standard has-post-thumbnail hentry category-empresa-pt-pt category-eventos-pt category-noticias-empresa-pt category-media_pt tag-audimus-media-pt tag-audimus-server-pt tag-broadcast-monitoring-eu-pt tag-legendagem-em-direto tag-nab-pt tag-noticias-pt\">\n\t\t<div class=\"post-container\">\n\t\t\t\n\t\t\t<div class=\"post-meta-thumb\">\n\t\t\t\t<img loading=\"lazy\" decoding=\"async\" width=\"1024\" height=\"683\" src=\"https:\/\/voice-interaction.com\/tmp-web\/wp-content\/uploads\/2019\/05\/DSC09733-1-1024x683.jpg\" class=\"attachment-large size-large wp-post-image\" alt=\"\" srcset=\"https:\/\/voice-interaction.com\/tmp-web\/wp-content\/uploads\/2019\/05\/DSC09733-1-1024x683.jpg 1024w, https:\/\/voice-interaction.com\/tmp-web\/wp-content\/uploads\/2019\/05\/DSC09733-1-300x200.jpg 300w, https:\/\/voice-interaction.com\/tmp-web\/wp-content\/uploads\/2019\/05\/DSC09733-1-768x512.jpg 768w, https:\/\/voice-interaction.com\/tmp-web\/wp-content\/uploads\/2019\/05\/DSC09733-1.jpg 1200w\" sizes=\"auto, (max-width: 1024px) 100vw, 1024px\" \/>\t\t\t\t\n        <div class=\"sh-overlay-style1\">\n            <div class=\"sh-table-full\">\n                                    <a href=\"https:\/\/voice-interaction.com\/tmp-web\/pt\/a-primeira-experiencia-na-cmip-area-nab-show-2019\/\" class=\"sh-overlay-item sh-table-cell\" title=\"Open the article - A primeira experi\u00eancia na CM|IP Area | NAB Show 2019\">\n                        <div class=\"sh-overlay-item-container\">\n                            <i class=\"icon-link\"><\/i>\n                        <\/div>\n                    <\/a>\n                \n                                    <a href=\"https:\/\/voice-interaction.com\/tmp-web\/wp-content\/uploads\/2019\/05\/DSC09733-1-1024x683.jpg\" class=\"sh-overlay-item sh-table-cell\" data-rel=\"lightcase\">\n                        <div class=\"sh-overlay-item-container\">\n                            <i class=\"icon-magnifier-add\"><\/i>\n                        <\/div>\n                    <\/a>\n                            <\/div>\n        <\/div>\n\n    \t\t\t<\/div>\n\n\t\t\t<div class=\"post-content-container\">\n\t\t\t\t<a href=\"https:\/\/voice-interaction.com\/tmp-web\/pt\/a-primeira-experiencia-na-cmip-area-nab-show-2019\/\" class=\"post-title\">\n\t\t\t\t\t<h2>\n\t\t\t\t\t\t\t\t\t\t\t\tA primeira experi\u00eancia na CM|IP Area | NAB Show 2019\t\t\t\t\t<\/h2>\n\t\t\t\t<\/a>\n\n\t\t\t\t<div class=\"post-meta post-meta-one\">\n\t\t\t\t\t\n        <span class=\"post-meta-author\">\n            by            <a href=\"https:\/\/voice-interaction.com\/tmp-web\/pt\/author\/mariana\/\" class=\"bypostauthor\" itemprop=\"url\" rel=\"author\">\n                Mariana            <\/a>\n        <\/span>\n\n                    <time class=\"updated semantic\" itemprop=\"dateModified\" datetime=\"2019-05-09T11:43:11+00:00\"><\/time>\n            <a href=\"https:\/\/voice-interaction.com\/tmp-web\/pt\/a-primeira-experiencia-na-cmip-area-nab-show-2019\/\" class=\"post-meta-date sh-default-color\">Maio 9, 2019<\/a>\n        \n    \t\t\t\t<\/div>\n\n\t\t\t\t<div class=\"post-content\">\n\t\t\t\t\t<p>A edi\u00e7\u00e3o da&nbsp;NAB Show deste ano foi muito especial para a VoiceInteraction pois decidimos que faria&#8230;<\/p>\n\t\t\t\t<\/div>\n\n\t\t\t\t<div class=\"post-meta post-meta-two\">\n\t\t\t\t\t\n        <div class=\"sh-columns post-meta-comments\">\n            <span class=\"post-meta-categories\">\n                <i class=\"icon-tag\"><\/i>\n                <a href=\"https:\/\/voice-interaction.com\/tmp-web\/pt\/category\/empresa-pt-pt\/\" rel=\"category tag\">Empresa<\/a>, <a href=\"https:\/\/voice-interaction.com\/tmp-web\/pt\/category\/empresa-pt-pt\/eventos-pt\/\" rel=\"category tag\">Eventos<\/a>, <a href=\"https:\/\/voice-interaction.com\/tmp-web\/pt\/category\/empresa-pt-pt\/noticias-empresa-pt\/\" rel=\"category tag\">Not\u00edcias Empresa<\/a>, <a href=\"https:\/\/voice-interaction.com\/tmp-web\/pt\/category\/industrias-pt\/media_pt\/\" rel=\"category tag\">Televis\u00e3o &amp; Media<\/a>            <\/span>\n\n                            <div><\/div>\n                    <\/div>\n\n    \t\t\t\t<\/div>\n\t\t\t<\/div>\n\n\t\t<\/div>\n\t<\/article>\n\n\n\n\t<article id=\"post-16479\" class=\"post-item post-16479 post type-post status-publish format-video has-post-thumbnail hentry category-eventos-pt category-noticias-empresa-pt category-media_pt tag-audimus-media-pt tag-compliance-recording-eu-pt post_format-post-format-video\" itemscope=\"itemscope\" itemtype=\"http:\/\/schema.org\/Article\">\n\t\t<div class=\"post-container\">\n\t\t\t\n\t\t\t\n\t<div class=\"post-meta-video\">\n\t\t<div class=\"ratio-container\">\n\t\t\t<div class=\"ratio-content\">\n\t\t\t\t<iframe loading=\"lazy\" title=\"Obrigada, NAB Show 2019!\" width=\"500\" height=\"281\" src=\"https:\/\/www.youtube.com\/embed\/jcxl4bZk990?feature=oembed\" frameborder=\"0\" allow=\"accelerometer; autoplay; clipboard-write; encrypted-media; gyroscope; picture-in-picture; web-share\" referrerpolicy=\"strict-origin-when-cross-origin\" allowfullscreen><\/iframe>\n\t\t\t<\/div>\n\t\t<\/div>\n\t<\/div>\n\t\t\t<div class=\"post-content-container\">\n\t\t\t\t<a href=\"https:\/\/voice-interaction.com\/tmp-web\/pt\/obrigada-nab-show-2019\/\" class=\"post-title\">\n\t\t\t\t\t<h2 itemprop=\"headline\">\n\t\t\t\t\t\t\t\t\t\t\t\tObrigada, NAB Show 2019!\t\t\t\t\t<\/h2>\n\t\t\t\t<\/a>\n\n\t\t\t\t<div class=\"post-meta post-meta-one\">\n\t\t\t\t\t\n        <span class=\"post-meta-author\">\n            by            <a href=\"https:\/\/voice-interaction.com\/tmp-web\/pt\/author\/mariana\/\" class=\"bypostauthor\" itemprop=\"url\" rel=\"author\">\n                Mariana            <\/a>\n        <\/span>\n\n                    <time class=\"updated semantic\" itemprop=\"dateModified\" datetime=\"2019-10-09T15:17:24+00:00\"><\/time>\n            <a href=\"https:\/\/voice-interaction.com\/tmp-web\/pt\/obrigada-nab-show-2019\/\" class=\"post-meta-date sh-default-color\">Abril 18, 2019<\/a>\n        \n    \t\t\t\t<\/div>\n\n\t\t\t\t<div class=\"post-content\" itemprop=\"text\">\n\t\t\t\t\t<p>Um especial agradecimento \u00e0 NAB Show aos nossos visitantes! Contacte-nos para saber mais!\u00a0<\/p>\n\t\t\t\t<\/div>\n\n\t\t\t\t<div class=\"post-meta post-meta-two\">\n\t\t\t\t\t\n        <div class=\"sh-columns post-meta-comments\">\n            <span class=\"post-meta-categories\">\n                <i class=\"icon-tag\"><\/i>\n                <a href=\"https:\/\/voice-interaction.com\/tmp-web\/pt\/category\/empresa-pt-pt\/eventos-pt\/\" rel=\"category tag\">Eventos<\/a>, <a href=\"https:\/\/voice-interaction.com\/tmp-web\/pt\/category\/empresa-pt-pt\/noticias-empresa-pt\/\" rel=\"category tag\">Not\u00edcias Empresa<\/a>, <a href=\"https:\/\/voice-interaction.com\/tmp-web\/pt\/category\/industrias-pt\/media_pt\/\" rel=\"category tag\">Televis\u00e3o &amp; Media<\/a>            <\/span>\n\n                            <div><\/div>\n                    <\/div>\n\n    \t\t\t\t<\/div>\n\t\t\t<\/div>\n\n\t\t<\/div>\n\t<\/article>\n\n\t\n\t<article id=\"post-16354\" class=\"post-item post-16354 post type-post status-publish format-standard has-post-thumbnail hentry category-empresa-pt-pt category-eventos-pt category-noticias-empresa-pt tag-audimus-media-pt tag-audimus-server-pt tag-broadcast-monitoring-eu-pt tag-compliance-recording-eu-pt tag-mms-broadcast-pt tag-nab-pt tag-noticias-pt tag-speech-recognition-eu-pt\">\n\t\t<div class=\"post-container\">\n\t\t\t\n\t\t\t<div class=\"post-meta-thumb\">\n\t\t\t\t<img loading=\"lazy\" decoding=\"async\" width=\"800\" height=\"437\" src=\"https:\/\/voice-interaction.com\/tmp-web\/wp-content\/uploads\/2019\/04\/THANK-YOU.png\" class=\"attachment-large size-large wp-post-image\" alt=\"\" srcset=\"https:\/\/voice-interaction.com\/tmp-web\/wp-content\/uploads\/2019\/04\/THANK-YOU.png 800w, https:\/\/voice-interaction.com\/tmp-web\/wp-content\/uploads\/2019\/04\/THANK-YOU-300x164.png 300w, https:\/\/voice-interaction.com\/tmp-web\/wp-content\/uploads\/2019\/04\/THANK-YOU-768x420.png 768w\" sizes=\"auto, (max-width: 800px) 100vw, 800px\" \/>\t\t\t\t\n        <div class=\"sh-overlay-style1\">\n            <div class=\"sh-table-full\">\n                                    <a href=\"https:\/\/voice-interaction.com\/tmp-web\/pt\/thank-you-for-visiting-us-at-2019s-nab-show-las-vegas\/\" class=\"sh-overlay-item sh-table-cell\" title=\"Open the article - Obrigada pela sua visita ao nosso stand da NAB Show 2019, em Las Vegas!\">\n                        <div class=\"sh-overlay-item-container\">\n                            <i class=\"icon-link\"><\/i>\n                        <\/div>\n                    <\/a>\n                \n                                    <a href=\"https:\/\/voice-interaction.com\/tmp-web\/wp-content\/uploads\/2019\/04\/THANK-YOU.png\" class=\"sh-overlay-item sh-table-cell\" data-rel=\"lightcase\">\n                        <div class=\"sh-overlay-item-container\">\n                            <i class=\"icon-magnifier-add\"><\/i>\n                        <\/div>\n                    <\/a>\n                            <\/div>\n        <\/div>\n\n    \t\t\t<\/div>\n\n\t\t\t<div class=\"post-content-container\">\n\t\t\t\t<a href=\"https:\/\/voice-interaction.com\/tmp-web\/pt\/thank-you-for-visiting-us-at-2019s-nab-show-las-vegas\/\" class=\"post-title\">\n\t\t\t\t\t<h2>\n\t\t\t\t\t\t\t\t\t\t\t\tObrigada pela sua visita ao nosso stand da NAB Show 2019, em Las Vegas!\t\t\t\t\t<\/h2>\n\t\t\t\t<\/a>\n\n\t\t\t\t<div class=\"post-meta post-meta-one\">\n\t\t\t\t\t\n        <span class=\"post-meta-author\">\n            by            <a href=\"https:\/\/voice-interaction.com\/tmp-web\/pt\/author\/mariana\/\" class=\"bypostauthor\" itemprop=\"url\" rel=\"author\">\n                Mariana            <\/a>\n        <\/span>\n\n                    <time class=\"updated semantic\" itemprop=\"dateModified\" datetime=\"2019-04-30T10:41:05+00:00\"><\/time>\n            <a href=\"https:\/\/voice-interaction.com\/tmp-web\/pt\/thank-you-for-visiting-us-at-2019s-nab-show-las-vegas\/\" class=\"post-meta-date sh-default-color\">Abril 17, 2019<\/a>\n        \n    \t\t\t\t<\/div>\n\n\t\t\t\t<div class=\"post-content\">\n\t\t\t\t\t<p>Agora que o pico da NAB Show j\u00e1 passou, queremos agradecer-lhe pela sua visita ao nosso&#8230;<\/p>\n\t\t\t\t<\/div>\n\n\t\t\t\t<div class=\"post-meta post-meta-two\">\n\t\t\t\t\t\n        <div class=\"sh-columns post-meta-comments\">\n            <span class=\"post-meta-categories\">\n                <i class=\"icon-tag\"><\/i>\n                <a href=\"https:\/\/voice-interaction.com\/tmp-web\/pt\/category\/empresa-pt-pt\/\" rel=\"category tag\">Empresa<\/a>, <a href=\"https:\/\/voice-interaction.com\/tmp-web\/pt\/category\/empresa-pt-pt\/eventos-pt\/\" rel=\"category tag\">Eventos<\/a>, <a href=\"https:\/\/voice-interaction.com\/tmp-web\/pt\/category\/empresa-pt-pt\/noticias-empresa-pt\/\" rel=\"category tag\">Not\u00edcias Empresa<\/a>            <\/span>\n\n                            <div><\/div>\n                    <\/div>\n\n    \t\t\t\t<\/div>\n\t\t\t<\/div>\n\n\t\t<\/div>\n\t<\/article>\n\n\n\n\t<article id=\"post-16467\" class=\"post-item post-16467 post type-post status-publish format-video has-post-thumbnail hentry category-empresarial-pt category-eventos-pt category-noticias-empresa-pt category-media_pt tag-audimus-media-pt tag-live-streaming-pt post_format-post-format-video\" itemscope=\"itemscope\" itemtype=\"http:\/\/schema.org\/Article\">\n\t\t<div class=\"post-container\">\n\t\t\t\n\t\t\t\n\t<div class=\"post-meta-video\">\n\t\t<div class=\"ratio-container\">\n\t\t\t<div class=\"ratio-content\">\n\t\t\t\t<iframe loading=\"lazy\" title=\"Interview | Jo\u00e3o Neto Voice Interaction at the Connected Media IP - NAB Show 2019\" width=\"500\" height=\"281\" src=\"https:\/\/www.youtube.com\/embed\/gp9p4C46UF8?feature=oembed\" frameborder=\"0\" allow=\"accelerometer; autoplay; clipboard-write; encrypted-media; gyroscope; picture-in-picture; web-share\" referrerpolicy=\"strict-origin-when-cross-origin\" allowfullscreen><\/iframe>\n\t\t\t<\/div>\n\t\t<\/div>\n\t<\/div>\n\t\t\t<div class=\"post-content-container\">\n\t\t\t\t<a href=\"https:\/\/voice-interaction.com\/tmp-web\/pt\/entrevista-cmip-na-nab-show-2019\/\" class=\"post-title\">\n\t\t\t\t\t<h2 itemprop=\"headline\">\n\t\t\t\t\t\t\t\t\t\t\t\tEntrevista CM|IP na NAB Show 2019!\t\t\t\t\t<\/h2>\n\t\t\t\t<\/a>\n\n\t\t\t\t<div class=\"post-meta post-meta-one\">\n\t\t\t\t\t\n        <span class=\"post-meta-author\">\n            by            <a href=\"https:\/\/voice-interaction.com\/tmp-web\/pt\/author\/mariana\/\" class=\"bypostauthor\" itemprop=\"url\" rel=\"author\">\n                Mariana            <\/a>\n        <\/span>\n\n                    <time class=\"updated semantic\" itemprop=\"dateModified\" datetime=\"2019-10-09T15:18:40+00:00\"><\/time>\n            <a href=\"https:\/\/voice-interaction.com\/tmp-web\/pt\/entrevista-cmip-na-nab-show-2019\/\" class=\"post-meta-date sh-default-color\">Abril 14, 2019<\/a>\n        \n    \t\t\t\t<\/div>\n\n\t\t\t\t<div class=\"post-content\" itemprop=\"text\">\n\t\t\t\t\t<p>Durante a NAB Show deste ano, a VoiceInteraction teve uns dias bastante ocupados! No \u00faltimo dia&#8230;<\/p>\n\t\t\t\t<\/div>\n\n\t\t\t\t<div class=\"post-meta post-meta-two\">\n\t\t\t\t\t\n        <div class=\"sh-columns post-meta-comments\">\n            <span class=\"post-meta-categories\">\n                <i class=\"icon-tag\"><\/i>\n                <a href=\"https:\/\/voice-interaction.com\/tmp-web\/pt\/category\/industrias-pt\/empresarial-pt\/\" rel=\"category tag\">Empresarial<\/a>, <a href=\"https:\/\/voice-interaction.com\/tmp-web\/pt\/category\/empresa-pt-pt\/eventos-pt\/\" rel=\"category tag\">Eventos<\/a>, <a href=\"https:\/\/voice-interaction.com\/tmp-web\/pt\/category\/empresa-pt-pt\/noticias-empresa-pt\/\" rel=\"category tag\">Not\u00edcias Empresa<\/a>, <a href=\"https:\/\/voice-interaction.com\/tmp-web\/pt\/category\/industrias-pt\/media_pt\/\" rel=\"category tag\">Televis\u00e3o &amp; Media<\/a>            <\/span>\n\n                            <div><\/div>\n                    <\/div>\n\n    \t\t\t\t<\/div>\n\t\t\t<\/div>\n\n\t\t<\/div>\n\t<\/article>\n\n\t\n\t<article id=\"post-16455\" class=\"post-item post-16455 post type-post status-publish format-video has-post-thumbnail hentry category-empresa-pt-pt category-eventos-pt category-noticias-empresa-pt tag-audimus-media-pt tag-live-streaming-pt post_format-post-format-video\" itemscope=\"itemscope\" itemtype=\"http:\/\/schema.org\/Article\">\n\t\t<div class=\"post-container\">\n\t\t\t\n\t\t\t\n\t<div class=\"post-meta-video\">\n\t\t<div class=\"ratio-container\">\n\t\t\t<div class=\"ratio-content\">\n\t\t\t\t<iframe loading=\"lazy\" title=\"Media Monitoring based on Speech Processing technologies at NAB Show 2019\" width=\"500\" height=\"281\" src=\"https:\/\/www.youtube.com\/embed\/DfCPwvIR9f8?feature=oembed\" frameborder=\"0\" allow=\"accelerometer; autoplay; clipboard-write; encrypted-media; gyroscope; picture-in-picture; web-share\" referrerpolicy=\"strict-origin-when-cross-origin\" allowfullscreen><\/iframe>\n\t\t\t<\/div>\n\t\t<\/div>\n\t<\/div>\n\t\t\t<div class=\"post-content-container\">\n\t\t\t\t<a href=\"https:\/\/voice-interaction.com\/tmp-web\/pt\/entrevista-inbroadcast-nab-show-2019\/\" class=\"post-title\">\n\t\t\t\t\t<h2 itemprop=\"headline\">\n\t\t\t\t\t\t\t\t\t\t\t\tEntrevista InBroadcast | NAB Show 2019\t\t\t\t\t<\/h2>\n\t\t\t\t<\/a>\n\n\t\t\t\t<div class=\"post-meta post-meta-one\">\n\t\t\t\t\t\n        <span class=\"post-meta-author\">\n            by            <a href=\"https:\/\/voice-interaction.com\/tmp-web\/pt\/author\/mariana\/\" class=\"bypostauthor\" itemprop=\"url\" rel=\"author\">\n                Mariana            <\/a>\n        <\/span>\n\n                    <time class=\"updated semantic\" itemprop=\"dateModified\" datetime=\"2019-10-09T15:20:28+00:00\"><\/time>\n            <a href=\"https:\/\/voice-interaction.com\/tmp-web\/pt\/entrevista-inbroadcast-nab-show-2019\/\" class=\"post-meta-date sh-default-color\">Abril 13, 2019<\/a>\n        \n    \t\t\t\t<\/div>\n\n\t\t\t\t<div class=\"post-content\" itemprop=\"text\">\n\t\t\t\t\t<p>\u00c9 sempre um gosto para a VoiceInteraction ser entrevistada pela InBroadcast e pela querida\u00a0Ashley Blankenship! Na&#8230;<\/p>\n\t\t\t\t<\/div>\n\n\t\t\t\t<div class=\"post-meta post-meta-two\">\n\t\t\t\t\t\n        <div class=\"sh-columns post-meta-comments\">\n            <span class=\"post-meta-categories\">\n                <i class=\"icon-tag\"><\/i>\n                <a href=\"https:\/\/voice-interaction.com\/tmp-web\/pt\/category\/empresa-pt-pt\/\" rel=\"category tag\">Empresa<\/a>, <a href=\"https:\/\/voice-interaction.com\/tmp-web\/pt\/category\/empresa-pt-pt\/eventos-pt\/\" rel=\"category tag\">Eventos<\/a>, <a href=\"https:\/\/voice-interaction.com\/tmp-web\/pt\/category\/empresa-pt-pt\/noticias-empresa-pt\/\" rel=\"category tag\">Not\u00edcias Empresa<\/a>            <\/span>\n\n                            <div><\/div>\n                    <\/div>\n\n    \t\t\t\t<\/div>\n\t\t\t<\/div>\n\n\t\t<\/div>\n\t<\/article>\n\n\t\n\t<article id=\"post-16428\" class=\"post-item post-16428 post type-post status-publish format-standard has-post-thumbnail hentry category-empresa-pt-pt category-eventos-pt category-noticias-empresa-pt tag-audimus-media-pt tag-audimus-server-pt tag-broadcast-monitoring-eu-pt tag-legendagem-em-direto tag-live-streaming-pt tag-mms-broadcast-pt tag-nab-pt tag-noticias-pt tag-speech-recognition-eu-pt tag-subtitling-regulation-pt\">\n\t\t<div class=\"post-container\">\n\t\t\t\n\t\t\t<div class=\"post-meta-thumb\">\n\t\t\t\t<img loading=\"lazy\" decoding=\"async\" width=\"866\" height=\"1024\" src=\"https:\/\/voice-interaction.com\/tmp-web\/wp-content\/uploads\/2019\/05\/cmip-debate-866x1024.jpg\" class=\"attachment-large size-large wp-post-image\" alt=\"\" srcset=\"https:\/\/voice-interaction.com\/tmp-web\/wp-content\/uploads\/2019\/05\/cmip-debate-866x1024.jpg 866w, https:\/\/voice-interaction.com\/tmp-web\/wp-content\/uploads\/2019\/05\/cmip-debate-254x300.jpg 254w, https:\/\/voice-interaction.com\/tmp-web\/wp-content\/uploads\/2019\/05\/cmip-debate-768x908.jpg 768w, https:\/\/voice-interaction.com\/tmp-web\/wp-content\/uploads\/2019\/05\/cmip-debate.jpg 1439w\" sizes=\"auto, (max-width: 866px) 100vw, 866px\" \/>\t\t\t\t\n        <div class=\"sh-overlay-style1\">\n            <div class=\"sh-table-full\">\n                                    <a href=\"https:\/\/voice-interaction.com\/tmp-web\/pt\/cmip-debate-theater-nab-show-19-machine-learning-e-a-sua-presenca-na-tv\/\" class=\"sh-overlay-item sh-table-cell\" title=\"Open the article - CM|IP Debate Theater | NAB Show 19 | Machine Learning e a sua presen\u00e7a na TV\">\n                        <div class=\"sh-overlay-item-container\">\n                            <i class=\"icon-link\"><\/i>\n                        <\/div>\n                    <\/a>\n                \n                                    <a href=\"https:\/\/voice-interaction.com\/tmp-web\/wp-content\/uploads\/2019\/05\/cmip-debate-866x1024.jpg\" class=\"sh-overlay-item sh-table-cell\" data-rel=\"lightcase\">\n                        <div class=\"sh-overlay-item-container\">\n                            <i class=\"icon-magnifier-add\"><\/i>\n                        <\/div>\n                    <\/a>\n                            <\/div>\n        <\/div>\n\n    \t\t\t<\/div>\n\n\t\t\t<div class=\"post-content-container\">\n\t\t\t\t<a href=\"https:\/\/voice-interaction.com\/tmp-web\/pt\/cmip-debate-theater-nab-show-19-machine-learning-e-a-sua-presenca-na-tv\/\" class=\"post-title\">\n\t\t\t\t\t<h2>\n\t\t\t\t\t\t\t\t\t\t\t\tCM|IP Debate Theater | NAB Show 19 | Machine Learning e a sua presen\u00e7a na TV\t\t\t\t\t<\/h2>\n\t\t\t\t<\/a>\n\n\t\t\t\t<div class=\"post-meta post-meta-one\">\n\t\t\t\t\t\n        <span class=\"post-meta-author\">\n            by            <a href=\"https:\/\/voice-interaction.com\/tmp-web\/pt\/author\/mariana\/\" class=\"bypostauthor\" itemprop=\"url\" rel=\"author\">\n                Mariana            <\/a>\n        <\/span>\n\n                    <time class=\"updated semantic\" itemprop=\"dateModified\" datetime=\"2019-05-06T09:46:51+00:00\"><\/time>\n            <a href=\"https:\/\/voice-interaction.com\/tmp-web\/pt\/cmip-debate-theater-nab-show-19-machine-learning-e-a-sua-presenca-na-tv\/\" class=\"post-meta-date sh-default-color\">Abril 11, 2019<\/a>\n        \n    \t\t\t\t<\/div>\n\n\t\t\t\t<div class=\"post-content\">\n\t\t\t\t\t<p>No nosso Segundo dia na NAB Show, a presen\u00e7a da VoiceInteraction no Connected Media IP foi&#8230;<\/p>\n\t\t\t\t<\/div>\n\n\t\t\t\t<div class=\"post-meta post-meta-two\">\n\t\t\t\t\t\n        <div class=\"sh-columns post-meta-comments\">\n            <span class=\"post-meta-categories\">\n                <i class=\"icon-tag\"><\/i>\n                <a href=\"https:\/\/voice-interaction.com\/tmp-web\/pt\/category\/empresa-pt-pt\/\" rel=\"category tag\">Empresa<\/a>, <a href=\"https:\/\/voice-interaction.com\/tmp-web\/pt\/category\/empresa-pt-pt\/eventos-pt\/\" rel=\"category tag\">Eventos<\/a>, <a href=\"https:\/\/voice-interaction.com\/tmp-web\/pt\/category\/empresa-pt-pt\/noticias-empresa-pt\/\" rel=\"category tag\">Not\u00edcias Empresa<\/a>            <\/span>\n\n                            <div><\/div>\n                    <\/div>\n\n    \t\t\t\t<\/div>\n\t\t\t<\/div>\n\n\t\t<\/div>\n\t<\/article>\n\n\n\n\t<article id=\"post-16385\" class=\"post-item post-16385 post type-post status-publish format-video has-post-thumbnail hentry category-empresa-pt-pt category-eventos-pt category-noticias-empresa-pt tag-audimus-media-pt tag-mms-broadcast-pt post_format-post-format-video\" itemscope=\"itemscope\" itemtype=\"http:\/\/schema.org\/Article\">\n\t\t<div class=\"post-container\">\n\t\t\t\n\t\t\t\n\t<div class=\"post-meta-video\">\n\t\t<div class=\"ratio-container\">\n\t\t\t<div class=\"ratio-content\">\n\t\t\t\t<iframe loading=\"lazy\" title=\"NAB Show 2019 and VoiceInteraction&#039;s CEO presentation to a great audience!\" width=\"500\" height=\"281\" src=\"https:\/\/www.youtube.com\/embed\/RLZqx2N1Xcs?feature=oembed\" frameborder=\"0\" allow=\"accelerometer; autoplay; clipboard-write; encrypted-media; gyroscope; picture-in-picture; web-share\" referrerpolicy=\"strict-origin-when-cross-origin\" allowfullscreen><\/iframe>\n\t\t\t<\/div>\n\t\t<\/div>\n\t<\/div>\n\t\t\t<div class=\"post-content-container\">\n\t\t\t\t<a href=\"https:\/\/voice-interaction.com\/tmp-web\/pt\/apresentacao-do-nosso-ceo-no-auditorio-da-connected-medida-ip-nab-show-las-vegas-19\/\" class=\"post-title\">\n\t\t\t\t\t<h2 itemprop=\"headline\">\n\t\t\t\t\t\t\t\t\t\t\t\tApresenta\u00e7\u00e3o do nosso CEO no audit\u00f3rio da Connected Medida | IP | NAB Show Las Vegas 19\t\t\t\t\t<\/h2>\n\t\t\t\t<\/a>\n\n\t\t\t\t<div class=\"post-meta post-meta-one\">\n\t\t\t\t\t\n        <span class=\"post-meta-author\">\n            by            <a href=\"https:\/\/voice-interaction.com\/tmp-web\/pt\/author\/mariana\/\" class=\"bypostauthor\" itemprop=\"url\" rel=\"author\">\n                Mariana            <\/a>\n        <\/span>\n\n                    <time class=\"updated semantic\" itemprop=\"dateModified\" datetime=\"2019-10-09T15:22:02+00:00\"><\/time>\n            <a href=\"https:\/\/voice-interaction.com\/tmp-web\/pt\/apresentacao-do-nosso-ceo-no-auditorio-da-connected-medida-ip-nab-show-las-vegas-19\/\" class=\"post-meta-date sh-default-color\">Abril 10, 2019<\/a>\n        \n    \t\t\t\t<\/div>\n\n\t\t\t\t<div class=\"post-content\" itemprop=\"text\">\n\t\t\t\t\t<p>O CEO da VoiceInteraction, Jo\u00e3o Neto, teve a oportunidade de fazer uma apresenta\u00e7\u00e3o acerca da nossa&#8230;<\/p>\n\t\t\t\t<\/div>\n\n\t\t\t\t<div class=\"post-meta post-meta-two\">\n\t\t\t\t\t\n        <div class=\"sh-columns post-meta-comments\">\n            <span class=\"post-meta-categories\">\n                <i class=\"icon-tag\"><\/i>\n                <a href=\"https:\/\/voice-interaction.com\/tmp-web\/pt\/category\/empresa-pt-pt\/\" rel=\"category tag\">Empresa<\/a>, <a href=\"https:\/\/voice-interaction.com\/tmp-web\/pt\/category\/empresa-pt-pt\/eventos-pt\/\" rel=\"category tag\">Eventos<\/a>, <a href=\"https:\/\/voice-interaction.com\/tmp-web\/pt\/category\/empresa-pt-pt\/noticias-empresa-pt\/\" rel=\"category tag\">Not\u00edcias Empresa<\/a>            <\/span>\n\n                            <div><\/div>\n                    <\/div>\n\n    \t\t\t\t<\/div>\n\t\t\t<\/div>\n\n\t\t<\/div>\n\t<\/article>\n\n\t\n\t<article id=\"post-16908\" class=\"post-item post-16908 post type-post status-publish format-standard has-post-thumbnail hentry category-empresa-pt-pt category-eventos-pt category-monitorizacao-de-media category-noticias-empresa-pt category-media_pt tag-mms-broadcast-pt\">\n\t\t<div class=\"post-container\">\n\t\t\t\n\t\t\t<div class=\"post-meta-thumb\">\n\t\t\t\t<img loading=\"lazy\" decoding=\"async\" width=\"800\" height=\"800\" src=\"https:\/\/voice-interaction.com\/tmp-web\/wp-content\/uploads\/2019\/03\/voice-interaction-Bam-Awards-finalist.png\" class=\"attachment-large size-large wp-post-image\" alt=\"\" srcset=\"https:\/\/voice-interaction.com\/tmp-web\/wp-content\/uploads\/2019\/03\/voice-interaction-Bam-Awards-finalist.png 800w, https:\/\/voice-interaction.com\/tmp-web\/wp-content\/uploads\/2019\/03\/voice-interaction-Bam-Awards-finalist-150x150.png 150w, https:\/\/voice-interaction.com\/tmp-web\/wp-content\/uploads\/2019\/03\/voice-interaction-Bam-Awards-finalist-300x300.png 300w, https:\/\/voice-interaction.com\/tmp-web\/wp-content\/uploads\/2019\/03\/voice-interaction-Bam-Awards-finalist-768x768.png 768w, https:\/\/voice-interaction.com\/tmp-web\/wp-content\/uploads\/2019\/03\/voice-interaction-Bam-Awards-finalist-660x660.png 660w\" sizes=\"auto, (max-width: 800px) 100vw, 800px\" \/>\t\t\t\t\n        <div class=\"sh-overlay-style1\">\n            <div class=\"sh-table-full\">\n                                    <a href=\"https:\/\/voice-interaction.com\/tmp-web\/pt\/bam-awards-na-nab-show-estamos-na-final\/\" class=\"sh-overlay-item sh-table-cell\" title=\"Open the article - BaM Awards na NAB Show | Estamos na final!\">\n                        <div class=\"sh-overlay-item-container\">\n                            <i class=\"icon-link\"><\/i>\n                        <\/div>\n                    <\/a>\n                \n                                    <a href=\"https:\/\/voice-interaction.com\/tmp-web\/wp-content\/uploads\/2019\/03\/voice-interaction-Bam-Awards-finalist.png\" class=\"sh-overlay-item sh-table-cell\" data-rel=\"lightcase\">\n                        <div class=\"sh-overlay-item-container\">\n                            <i class=\"icon-magnifier-add\"><\/i>\n                        <\/div>\n                    <\/a>\n                            <\/div>\n        <\/div>\n\n    \t\t\t<\/div>\n\n\t\t\t<div class=\"post-content-container\">\n\t\t\t\t<a href=\"https:\/\/voice-interaction.com\/tmp-web\/pt\/bam-awards-na-nab-show-estamos-na-final\/\" class=\"post-title\">\n\t\t\t\t\t<h2>\n\t\t\t\t\t\t\t\t\t\t\t\tBaM Awards na NAB Show | Estamos na final!\t\t\t\t\t<\/h2>\n\t\t\t\t<\/a>\n\n\t\t\t\t<div class=\"post-meta post-meta-one\">\n\t\t\t\t\t\n        <span class=\"post-meta-author\">\n            by            <a href=\"https:\/\/voice-interaction.com\/tmp-web\/pt\/author\/mariana\/\" class=\"bypostauthor\" itemprop=\"url\" rel=\"author\">\n                Mariana            <\/a>\n        <\/span>\n\n                    <time class=\"updated semantic\" itemprop=\"dateModified\" datetime=\"2019-05-13T11:12:21+00:00\"><\/time>\n            <a href=\"https:\/\/voice-interaction.com\/tmp-web\/pt\/bam-awards-na-nab-show-estamos-na-final\/\" class=\"post-meta-date sh-default-color\">Abril 8, 2019<\/a>\n        \n    \t\t\t\t<\/div>\n\n\t\t\t\t<div class=\"post-content\">\n\t\t\t\t\t<p>Um ano cheio de agradav\u00e9is supresas, uma vez que particip\u00e1mos nos BaM Awards e chegamos \u00e0s&#8230;<\/p>\n\t\t\t\t<\/div>\n\n\t\t\t\t<div class=\"post-meta post-meta-two\">\n\t\t\t\t\t\n        <div class=\"sh-columns post-meta-comments\">\n            <span class=\"post-meta-categories\">\n                <i class=\"icon-tag\"><\/i>\n                <a href=\"https:\/\/voice-interaction.com\/tmp-web\/pt\/category\/empresa-pt-pt\/\" rel=\"category tag\">Empresa<\/a>, <a href=\"https:\/\/voice-interaction.com\/tmp-web\/pt\/category\/empresa-pt-pt\/eventos-pt\/\" rel=\"category tag\">Eventos<\/a>, <a href=\"https:\/\/voice-interaction.com\/tmp-web\/pt\/category\/solucoes-pt\/monitorizacao-de-media\/\" rel=\"category tag\">Monitoriza\u00e7\u00e3o de Media Broadcast<\/a>, <a href=\"https:\/\/voice-interaction.com\/tmp-web\/pt\/category\/empresa-pt-pt\/noticias-empresa-pt\/\" rel=\"category tag\">Not\u00edcias Empresa<\/a>, <a href=\"https:\/\/voice-interaction.com\/tmp-web\/pt\/category\/industrias-pt\/media_pt\/\" rel=\"category tag\">Televis\u00e3o &amp; Media<\/a>            <\/span>\n\n                            <div><\/div>\n                    <\/div>\n\n    \t\t\t\t<\/div>\n\t\t\t<\/div>\n\n\t\t<\/div>\n\t<\/article>\n\n\n\n\t<article id=\"post-16260\" class=\"post-item post-16260 post type-post status-publish format-standard has-post-thumbnail hentry category-eventos-pt tag-audimus-media-pt tag-audimus-server-pt tag-broadcast-monitoring-eu-pt tag-nab-pt tag-noticias-pt tag-speech-recognition-eu-pt\">\n\t\t<div class=\"post-container\">\n\t\t\t\n\t\t\t<div class=\"post-meta-thumb\">\n\t\t\t\t<img loading=\"lazy\" decoding=\"async\" width=\"1024\" height=\"356\" src=\"https:\/\/voice-interaction.com\/tmp-web\/wp-content\/uploads\/2019\/03\/VI-NAB2019-banner-EN-1024x356.jpg\" class=\"attachment-large size-large wp-post-image\" alt=\"\" srcset=\"https:\/\/voice-interaction.com\/tmp-web\/wp-content\/uploads\/2019\/03\/VI-NAB2019-banner-EN-1024x356.jpg 1024w, https:\/\/voice-interaction.com\/tmp-web\/wp-content\/uploads\/2019\/03\/VI-NAB2019-banner-EN-300x104.jpg 300w, https:\/\/voice-interaction.com\/tmp-web\/wp-content\/uploads\/2019\/03\/VI-NAB2019-banner-EN-768x267.jpg 768w, https:\/\/voice-interaction.com\/tmp-web\/wp-content\/uploads\/2019\/03\/VI-NAB2019-banner-EN.jpg 1440w\" sizes=\"auto, (max-width: 1024px) 100vw, 1024px\" \/>\t\t\t\t\n        <div class=\"sh-overlay-style1\">\n            <div class=\"sh-table-full\">\n                                    <a href=\"https:\/\/voice-interaction.com\/tmp-web\/pt\/have-you-planned-your-nab-onsite-route-visit-us-booth-su11021\/\" class=\"sh-overlay-item sh-table-cell\" title=\"Open the article - Tem a sua visita \u00e0 NAB planeada? Visite-nos &#8211; Stand SU11021!\">\n                        <div class=\"sh-overlay-item-container\">\n                            <i class=\"icon-link\"><\/i>\n                        <\/div>\n                    <\/a>\n                \n                                    <a href=\"https:\/\/voice-interaction.com\/tmp-web\/wp-content\/uploads\/2019\/03\/VI-NAB2019-banner-EN-1024x356.jpg\" class=\"sh-overlay-item sh-table-cell\" data-rel=\"lightcase\">\n                        <div class=\"sh-overlay-item-container\">\n                            <i class=\"icon-magnifier-add\"><\/i>\n                        <\/div>\n                    <\/a>\n                            <\/div>\n        <\/div>\n\n    \t\t\t<\/div>\n\n\t\t\t<div class=\"post-content-container\">\n\t\t\t\t<a href=\"https:\/\/voice-interaction.com\/tmp-web\/pt\/have-you-planned-your-nab-onsite-route-visit-us-booth-su11021\/\" class=\"post-title\">\n\t\t\t\t\t<h2>\n\t\t\t\t\t\t\t\t\t\t\t\tTem a sua visita \u00e0 NAB planeada? Visite-nos &#8211; Stand SU11021!\t\t\t\t\t<\/h2>\n\t\t\t\t<\/a>\n\n\t\t\t\t<div class=\"post-meta post-meta-one\">\n\t\t\t\t\t\n        <span class=\"post-meta-author\">\n            by            <a href=\"https:\/\/voice-interaction.com\/tmp-web\/pt\/author\/mariana\/\" class=\"bypostauthor\" itemprop=\"url\" rel=\"author\">\n                Mariana            <\/a>\n        <\/span>\n\n                    <time class=\"updated semantic\" itemprop=\"dateModified\" datetime=\"2019-03-31T00:51:23+00:00\"><\/time>\n            <a href=\"https:\/\/voice-interaction.com\/tmp-web\/pt\/have-you-planned-your-nab-onsite-route-visit-us-booth-su11021\/\" class=\"post-meta-date sh-default-color\">Mar\u00e7o 27, 2019<\/a>\n        \n    \t\t\t\t<\/div>\n\n\t\t\t\t<div class=\"post-content\">\n\t\t\t\t\t<p>Como todos sabem, a NAB Las Vegas est\u00e1 quase a\u00ed e a VoiceInteraction ir\u00e1 estar presente!&#8230;<\/p>\n\t\t\t\t<\/div>\n\n\t\t\t\t<div class=\"post-meta post-meta-two\">\n\t\t\t\t\t\n        <div class=\"sh-columns post-meta-comments\">\n            <span class=\"post-meta-categories\">\n                <i class=\"icon-tag\"><\/i>\n                <a href=\"https:\/\/voice-interaction.com\/tmp-web\/pt\/category\/empresa-pt-pt\/eventos-pt\/\" rel=\"category tag\">Eventos<\/a>            <\/span>\n\n                            <div><\/div>\n                    <\/div>\n\n    \t\t\t\t<\/div>\n\t\t\t<\/div>\n\n\t\t<\/div>\n\t<\/article>\n\n\n\n\t<article id=\"post-16059\" class=\"post-item post-16059 post type-post status-publish format-standard has-post-thumbnail hentry category-governo-pt category-noticias-empresa-pt tag-audimus-server-pt tag-camaras-municipais-pt tag-speech-recognition-eu-pt tag-subtitling-regulation-pt tag-transcricao tag-voiceinteraction\">\n\t\t<div class=\"post-container\">\n\t\t\t\n\t\t\t<div class=\"post-meta-thumb\">\n\t\t\t\t<img loading=\"lazy\" decoding=\"async\" width=\"800\" height=\"322\" src=\"https:\/\/voice-interaction.com\/tmp-web\/wp-content\/uploads\/2019\/02\/Blast_A.Server_Fevereiro2.jpg\" class=\"attachment-large size-large wp-post-image\" alt=\"\" \/>\t\t\t\t\n        <div class=\"sh-overlay-style1\">\n            <div class=\"sh-table-full\">\n                                    <a href=\"https:\/\/voice-interaction.com\/tmp-web\/pt\/a-server-inicio-do-1o-trimestre-de-2019-com-um-um-balanco-muito-positivo\/\" class=\"sh-overlay-item sh-table-cell\" title=\"Open the article - Audimus.Server | In\u00edcio do 1\u00ba trimestre de 2019 com um balan\u00e7o muito positivo\">\n                        <div class=\"sh-overlay-item-container\">\n                            <i class=\"icon-link\"><\/i>\n                        <\/div>\n                    <\/a>\n                \n                                    <a href=\"https:\/\/voice-interaction.com\/tmp-web\/wp-content\/uploads\/2019\/02\/Blast_A.Server_Fevereiro2.jpg\" class=\"sh-overlay-item sh-table-cell\" data-rel=\"lightcase\">\n                        <div class=\"sh-overlay-item-container\">\n                            <i class=\"icon-magnifier-add\"><\/i>\n                        <\/div>\n                    <\/a>\n                            <\/div>\n        <\/div>\n\n    \t\t\t<\/div>\n\n\t\t\t<div class=\"post-content-container\">\n\t\t\t\t<a href=\"https:\/\/voice-interaction.com\/tmp-web\/pt\/a-server-inicio-do-1o-trimestre-de-2019-com-um-um-balanco-muito-positivo\/\" class=\"post-title\">\n\t\t\t\t\t<h2>\n\t\t\t\t\t\t\t\t\t\t\t\tAudimus.Server | In\u00edcio do 1\u00ba trimestre de 2019 com um balan\u00e7o muito positivo\t\t\t\t\t<\/h2>\n\t\t\t\t<\/a>\n\n\t\t\t\t<div class=\"post-meta post-meta-one\">\n\t\t\t\t\t\n        <span class=\"post-meta-author\">\n            by            <a href=\"https:\/\/voice-interaction.com\/tmp-web\/pt\/author\/mariana\/\" class=\"bypostauthor\" itemprop=\"url\" rel=\"author\">\n                Mariana            <\/a>\n        <\/span>\n\n                    <time class=\"updated semantic\" itemprop=\"dateModified\" datetime=\"2019-06-06T14:27:09+00:00\"><\/time>\n            <a href=\"https:\/\/voice-interaction.com\/tmp-web\/pt\/a-server-inicio-do-1o-trimestre-de-2019-com-um-um-balanco-muito-positivo\/\" class=\"post-meta-date sh-default-color\">Fevereiro 26, 2019<\/a>\n        \n    \t\t\t\t<\/div>\n\n\t\t\t\t<div class=\"post-content\">\n\t\t\t\t\t<p>\u00c9 com uma enorme satisfa\u00e7\u00e3o que vemos o nosso portef\u00f3lio de clientes aumentado. Saiba quem se&#8230;<\/p>\n\t\t\t\t<\/div>\n\n\t\t\t\t<div class=\"post-meta post-meta-two\">\n\t\t\t\t\t\n        <div class=\"sh-columns post-meta-comments\">\n            <span class=\"post-meta-categories\">\n                <i class=\"icon-tag\"><\/i>\n                <a href=\"https:\/\/voice-interaction.com\/tmp-web\/pt\/category\/industrias-pt\/governo-pt\/\" rel=\"category tag\">Governo<\/a>, <a href=\"https:\/\/voice-interaction.com\/tmp-web\/pt\/category\/empresa-pt-pt\/noticias-empresa-pt\/\" rel=\"category tag\">Not\u00edcias Empresa<\/a>            <\/span>\n\n                            <div><\/div>\n                    <\/div>\n\n    \t\t\t\t<\/div>\n\t\t\t<\/div>\n\n\t\t<\/div>\n\t<\/article>\n\n\n\n\t<article id=\"post-16035\" class=\"post-item post-16035 post type-post status-publish format-standard has-post-thumbnail hentry category-eventos-pt\">\n\t\t<div class=\"post-container\">\n\t\t\t\n\t\t\t<div class=\"post-meta-thumb\">\n\t\t\t\t<img loading=\"lazy\" decoding=\"async\" width=\"1024\" height=\"768\" src=\"https:\/\/voice-interaction.com\/tmp-web\/wp-content\/uploads\/2019\/02\/IMG_1114-e1551187118377-1024x768.jpg\" class=\"attachment-large size-large wp-post-image\" alt=\"\" srcset=\"https:\/\/voice-interaction.com\/tmp-web\/wp-content\/uploads\/2019\/02\/IMG_1114-e1551187118377-1024x768.jpg 1024w, https:\/\/voice-interaction.com\/tmp-web\/wp-content\/uploads\/2019\/02\/IMG_1114-e1551187118377-300x225.jpg 300w, https:\/\/voice-interaction.com\/tmp-web\/wp-content\/uploads\/2019\/02\/IMG_1114-e1551187118377-768x576.jpg 768w, https:\/\/voice-interaction.com\/tmp-web\/wp-content\/uploads\/2019\/02\/IMG_1114-e1551187118377.jpg 1200w\" sizes=\"auto, (max-width: 1024px) 100vw, 1024px\" \/>\t\t\t\t\n        <div class=\"sh-overlay-style1\">\n            <div class=\"sh-table-full\">\n                                    <a href=\"https:\/\/voice-interaction.com\/tmp-web\/pt\/eventos-voiceinteraction-sinfo-2019\/\" class=\"sh-overlay-item sh-table-cell\" title=\"Open the article - Eventos VoiceInteraction | SINFO 2019\">\n                        <div class=\"sh-overlay-item-container\">\n                            <i class=\"icon-link\"><\/i>\n                        <\/div>\n                    <\/a>\n                \n                                    <a href=\"https:\/\/voice-interaction.com\/tmp-web\/wp-content\/uploads\/2019\/02\/IMG_1114-e1551187118377-1024x768.jpg\" class=\"sh-overlay-item sh-table-cell\" data-rel=\"lightcase\">\n                        <div class=\"sh-overlay-item-container\">\n                            <i class=\"icon-magnifier-add\"><\/i>\n                        <\/div>\n                    <\/a>\n                            <\/div>\n        <\/div>\n\n    \t\t\t<\/div>\n\n\t\t\t<div class=\"post-content-container\">\n\t\t\t\t<a href=\"https:\/\/voice-interaction.com\/tmp-web\/pt\/eventos-voiceinteraction-sinfo-2019\/\" class=\"post-title\">\n\t\t\t\t\t<h2>\n\t\t\t\t\t\t\t\t\t\t\t\tEventos VoiceInteraction | SINFO 2019\t\t\t\t\t<\/h2>\n\t\t\t\t<\/a>\n\n\t\t\t\t<div class=\"post-meta post-meta-one\">\n\t\t\t\t\t\n        <span class=\"post-meta-author\">\n            by            <a href=\"https:\/\/voice-interaction.com\/tmp-web\/pt\/author\/mariana\/\" class=\"bypostauthor\" itemprop=\"url\" rel=\"author\">\n                Mariana            <\/a>\n        <\/span>\n\n                    <time class=\"updated semantic\" itemprop=\"dateModified\" datetime=\"2019-02-26T16:36:23+00:00\"><\/time>\n            <a href=\"https:\/\/voice-interaction.com\/tmp-web\/pt\/eventos-voiceinteraction-sinfo-2019\/\" class=\"post-meta-date sh-default-color\">Fevereiro 26, 2019<\/a>\n        \n    \t\t\t\t<\/div>\n\n\t\t\t\t<div class=\"post-content\">\n\t\t\t\t\t<p>Na passada Sexta-feira, dia 22 de Fevereiro, a VoiceInteraction marcou presen\u00e7a na 26\u00aa edi\u00e7\u00e3o da SINFO&#8230;<\/p>\n\t\t\t\t<\/div>\n\n\t\t\t\t<div class=\"post-meta post-meta-two\">\n\t\t\t\t\t\n        <div class=\"sh-columns post-meta-comments\">\n            <span class=\"post-meta-categories\">\n                <i class=\"icon-tag\"><\/i>\n                <a href=\"https:\/\/voice-interaction.com\/tmp-web\/pt\/category\/empresa-pt-pt\/eventos-pt\/\" rel=\"category tag\">Eventos<\/a>            <\/span>\n\n                            <div><\/div>\n                    <\/div>\n\n    \t\t\t\t<\/div>\n\t\t\t<\/div>\n\n\t\t<\/div>\n\t<\/article>\n\n\n\n\t<article id=\"post-15964\" class=\"post-item post-15964 post type-post status-publish format-standard has-post-thumbnail hentry category-empresa-pt-pt category-eventos-pt tag-amsterdam tag-events tag-ise tag-knowledge-from-speech tag-voiceinteraction\">\n\t\t<div class=\"post-container\">\n\t\t\t\n\t\t\t<div class=\"post-meta-thumb\">\n\t\t\t\t<img loading=\"lazy\" decoding=\"async\" width=\"1024\" height=\"621\" src=\"https:\/\/voice-interaction.com\/tmp-web\/wp-content\/uploads\/2019\/02\/VI-ISE2-1024x621.png\" class=\"attachment-large size-large wp-post-image\" alt=\"\" srcset=\"https:\/\/voice-interaction.com\/tmp-web\/wp-content\/uploads\/2019\/02\/VI-ISE2-1024x621.png 1024w, https:\/\/voice-interaction.com\/tmp-web\/wp-content\/uploads\/2019\/02\/VI-ISE2-300x182.png 300w, https:\/\/voice-interaction.com\/tmp-web\/wp-content\/uploads\/2019\/02\/VI-ISE2-768x466.png 768w, https:\/\/voice-interaction.com\/tmp-web\/wp-content\/uploads\/2019\/02\/VI-ISE2.png 1600w\" sizes=\"auto, (max-width: 1024px) 100vw, 1024px\" \/>\t\t\t\t\n        <div class=\"sh-overlay-style1\">\n            <div class=\"sh-table-full\">\n                                    <a href=\"https:\/\/voice-interaction.com\/tmp-web\/pt\/ise-integrated-systems-europe-amsterdao-2019-we-were-there\/\" class=\"sh-overlay-item sh-table-cell\" title=\"Open the article - ISE \u2013 Integrated Systems Europe, Amsterd\u00e3o 2019 | We were there!\">\n                        <div class=\"sh-overlay-item-container\">\n                            <i class=\"icon-link\"><\/i>\n                        <\/div>\n                    <\/a>\n                \n                                    <a href=\"https:\/\/voice-interaction.com\/tmp-web\/wp-content\/uploads\/2019\/02\/VI-ISE2-1024x621.png\" class=\"sh-overlay-item sh-table-cell\" data-rel=\"lightcase\">\n                        <div class=\"sh-overlay-item-container\">\n                            <i class=\"icon-magnifier-add\"><\/i>\n                        <\/div>\n                    <\/a>\n                            <\/div>\n        <\/div>\n\n    \t\t\t<\/div>\n\n\t\t\t<div class=\"post-content-container\">\n\t\t\t\t<a href=\"https:\/\/voice-interaction.com\/tmp-web\/pt\/ise-integrated-systems-europe-amsterdao-2019-we-were-there\/\" class=\"post-title\">\n\t\t\t\t\t<h2>\n\t\t\t\t\t\t\t\t\t\t\t\tISE \u2013 Integrated Systems Europe, Amsterd\u00e3o 2019 | We were there!\t\t\t\t\t<\/h2>\n\t\t\t\t<\/a>\n\n\t\t\t\t<div class=\"post-meta post-meta-one\">\n\t\t\t\t\t\n        <span class=\"post-meta-author\">\n            by            <a href=\"https:\/\/voice-interaction.com\/tmp-web\/pt\/author\/mariana\/\" class=\"bypostauthor\" itemprop=\"url\" rel=\"author\">\n                Mariana            <\/a>\n        <\/span>\n\n                    <time class=\"updated semantic\" itemprop=\"dateModified\" datetime=\"2019-02-11T15:13:11+00:00\"><\/time>\n            <a href=\"https:\/\/voice-interaction.com\/tmp-web\/pt\/ise-integrated-systems-europe-amsterdao-2019-we-were-there\/\" class=\"post-meta-date sh-default-color\">Fevereiro 11, 2019<\/a>\n        \n    \t\t\t\t<\/div>\n\n\t\t\t\t<div class=\"post-content\">\n\t\t\t\t\t<p>A VoiceInteraction esteve presente na 16\u00aa edi\u00e7\u00e3o do maior evento de Audiovisuais e de Sistemas de&#8230;<\/p>\n\t\t\t\t<\/div>\n\n\t\t\t\t<div class=\"post-meta post-meta-two\">\n\t\t\t\t\t\n        <div class=\"sh-columns post-meta-comments\">\n            <span class=\"post-meta-categories\">\n                <i class=\"icon-tag\"><\/i>\n                <a href=\"https:\/\/voice-interaction.com\/tmp-web\/pt\/category\/empresa-pt-pt\/\" rel=\"category tag\">Empresa<\/a>, <a href=\"https:\/\/voice-interaction.com\/tmp-web\/pt\/category\/empresa-pt-pt\/eventos-pt\/\" rel=\"category tag\">Eventos<\/a>            <\/span>\n\n                            <div><\/div>\n                    <\/div>\n\n    \t\t\t\t<\/div>\n\t\t\t<\/div>\n\n\t\t<\/div>\n\t<\/article>\n\n\n\n\t<article id=\"post-16133\" class=\"post-item post-16133 post type-post status-publish format-standard has-post-thumbnail hentry category-empresa-pt-pt category-eventos-pt category-legendagem-automatica category-noticias-empresa-pt tag-analise-audiencias-pt tag-audimus-media-pt tag-espanhol-pt tag-speech-recognition-eu-pt tag-subtitling-regulation-pt\">\n\t\t<div class=\"post-container\">\n\t\t\t\n\t\t\t<div class=\"post-meta-thumb\">\n\t\t\t\t<img loading=\"lazy\" decoding=\"async\" width=\"1024\" height=\"724\" src=\"https:\/\/voice-interaction.com\/tmp-web\/wp-content\/uploads\/2019\/02\/VoiceInteraction-RTVE-Workshop-1024x724.jpg\" class=\"attachment-large size-large wp-post-image\" alt=\"\" srcset=\"https:\/\/voice-interaction.com\/tmp-web\/wp-content\/uploads\/2019\/02\/VoiceInteraction-RTVE-Workshop-1024x724.jpg 1024w, https:\/\/voice-interaction.com\/tmp-web\/wp-content\/uploads\/2019\/02\/VoiceInteraction-RTVE-Workshop-300x212.jpg 300w, https:\/\/voice-interaction.com\/tmp-web\/wp-content\/uploads\/2019\/02\/VoiceInteraction-RTVE-Workshop-768x543.jpg 768w\" sizes=\"auto, (max-width: 1024px) 100vw, 1024px\" \/>\t\t\t\t\n        <div class=\"sh-overlay-style1\">\n            <div class=\"sh-table-full\">\n                                    <a href=\"https:\/\/voice-interaction.com\/tmp-web\/pt\/workshop-da-rtve-sobre-acessibilidade-e-nos-estivemos-la\/\" class=\"sh-overlay-item sh-table-cell\" title=\"Open the article - Workshop da RTVE sobre Acessibilidade e n\u00f3s estivemos l\u00e1!\">\n                        <div class=\"sh-overlay-item-container\">\n                            <i class=\"icon-link\"><\/i>\n                        <\/div>\n                    <\/a>\n                \n                                    <a href=\"https:\/\/voice-interaction.com\/tmp-web\/wp-content\/uploads\/2019\/02\/VoiceInteraction-RTVE-Workshop-1024x724.jpg\" class=\"sh-overlay-item sh-table-cell\" data-rel=\"lightcase\">\n                        <div class=\"sh-overlay-item-container\">\n                            <i class=\"icon-magnifier-add\"><\/i>\n                        <\/div>\n                    <\/a>\n                            <\/div>\n        <\/div>\n\n    \t\t\t<\/div>\n\n\t\t\t<div class=\"post-content-container\">\n\t\t\t\t<a href=\"https:\/\/voice-interaction.com\/tmp-web\/pt\/workshop-da-rtve-sobre-acessibilidade-e-nos-estivemos-la\/\" class=\"post-title\">\n\t\t\t\t\t<h2>\n\t\t\t\t\t\t\t\t\t\t\t\tWorkshop da RTVE sobre Acessibilidade e n\u00f3s estivemos l\u00e1!\t\t\t\t\t<\/h2>\n\t\t\t\t<\/a>\n\n\t\t\t\t<div class=\"post-meta post-meta-one\">\n\t\t\t\t\t\n        <span class=\"post-meta-author\">\n            by            <a href=\"https:\/\/voice-interaction.com\/tmp-web\/pt\/author\/mariana\/\" class=\"bypostauthor\" itemprop=\"url\" rel=\"author\">\n                Mariana            <\/a>\n        <\/span>\n\n                    <time class=\"updated semantic\" itemprop=\"dateModified\" datetime=\"2019-02-28T10:45:51+00:00\"><\/time>\n            <a href=\"https:\/\/voice-interaction.com\/tmp-web\/pt\/workshop-da-rtve-sobre-acessibilidade-e-nos-estivemos-la\/\" class=\"post-meta-date sh-default-color\">Janeiro 27, 2019<\/a>\n        \n    \t\t\t\t<\/div>\n\n\t\t\t\t<div class=\"post-content\">\n\t\t\t\t\t<p>Presen\u00e7a da VoiceInteraction no Workshop em Acessibilidade realizado pela&nbsp;RTVE, no dia 26 de Janeiro. O nosso&#8230;<\/p>\n\t\t\t\t<\/div>\n\n\t\t\t\t<div class=\"post-meta post-meta-two\">\n\t\t\t\t\t\n        <div class=\"sh-columns post-meta-comments\">\n            <span class=\"post-meta-categories\">\n                <i class=\"icon-tag\"><\/i>\n                <a href=\"https:\/\/voice-interaction.com\/tmp-web\/pt\/category\/empresa-pt-pt\/\" rel=\"category tag\">Empresa<\/a>, <a href=\"https:\/\/voice-interaction.com\/tmp-web\/pt\/category\/empresa-pt-pt\/eventos-pt\/\" rel=\"category tag\">Eventos<\/a>, <a href=\"https:\/\/voice-interaction.com\/tmp-web\/pt\/category\/solucoes-pt\/legendagem-automatica\/\" rel=\"category tag\">Legendagem Autom\u00e1tica<\/a>, <a href=\"https:\/\/voice-interaction.com\/tmp-web\/pt\/category\/empresa-pt-pt\/noticias-empresa-pt\/\" rel=\"category tag\">Not\u00edcias Empresa<\/a>            <\/span>\n\n                            <div><\/div>\n                    <\/div>\n\n    \t\t\t\t<\/div>\n\t\t\t<\/div>\n\n\t\t<\/div>\n\t<\/article>\n\n\n\n\t<article id=\"post-15818\" class=\"post-item post-15818 post type-post status-publish format-standard hentry category-speech-analytics-pt tag-news-eu\">\n\t\t<div class=\"post-container\">\n\t\t\t\n\t\t\t<div class=\"post-meta-thumb\">\n\t\t\t\t\t\t\t\t\n        <div class=\"sh-overlay-style1\">\n            <div class=\"sh-table-full\">\n                                    <a href=\"https:\/\/voice-interaction.com\/tmp-web\/pt\/voiceinteraction-marca-presenca-na-20a-edicao-do-global-contact-center\/\" class=\"sh-overlay-item sh-table-cell\" title=\"Open the article - VoiceInteraction marca presen\u00e7a na 20\u00aa edi\u00e7\u00e3o do Global Contact Center!\">\n                        <div class=\"sh-overlay-item-container\">\n                            <i class=\"icon-link\"><\/i>\n                        <\/div>\n                    <\/a>\n                \n                                    <a href=\"https:\/\/voice-interaction.com\/tmp-web\/pt\/voiceinteraction-marca-presenca-na-20a-edicao-do-global-contact-center\/\" class=\"sh-overlay-item sh-table-cell\" data-rel=\"lightcase\">\n                        <div class=\"sh-overlay-item-container\">\n                            <i class=\"icon-magnifier-add\"><\/i>\n                        <\/div>\n                    <\/a>\n                            <\/div>\n        <\/div>\n\n    \t\t\t<\/div>\n\n\t\t\t<div class=\"post-content-container\">\n\t\t\t\t<a href=\"https:\/\/voice-interaction.com\/tmp-web\/pt\/voiceinteraction-marca-presenca-na-20a-edicao-do-global-contact-center\/\" class=\"post-title\">\n\t\t\t\t\t<h2>\n\t\t\t\t\t\t\t\t\t\t\t\tVoiceInteraction marca presen\u00e7a na 20\u00aa edi\u00e7\u00e3o do Global Contact Center!\t\t\t\t\t<\/h2>\n\t\t\t\t<\/a>\n\n\t\t\t\t<div class=\"post-meta post-meta-one\">\n\t\t\t\t\t\n        <span class=\"post-meta-author\">\n            by            <a href=\"https:\/\/voice-interaction.com\/tmp-web\/pt\/author\/mariana\/\" class=\"bypostauthor\" itemprop=\"url\" rel=\"author\">\n                Mariana            <\/a>\n        <\/span>\n\n                    <time class=\"updated semantic\" itemprop=\"dateModified\" datetime=\"2018-11-15T17:52:49+00:00\"><\/time>\n            <a href=\"https:\/\/voice-interaction.com\/tmp-web\/pt\/voiceinteraction-marca-presenca-na-20a-edicao-do-global-contact-center\/\" class=\"post-meta-date sh-default-color\">Novembro 15, 2018<\/a>\n        \n    \t\t\t\t<\/div>\n\n\t\t\t\t<div class=\"post-content\">\n\t\t\t\t\t<p>Come\u00e7ou ontem a 20\u00aa edi\u00e7\u00e3o do Global Contact Center, um ilustre evento em Portugal na \u00e1rea&#8230;<\/p>\n\t\t\t\t<\/div>\n\n\t\t\t\t<div class=\"post-meta post-meta-two\">\n\t\t\t\t\t\n        <div class=\"sh-columns post-meta-comments\">\n            <span class=\"post-meta-categories\">\n                <i class=\"icon-tag\"><\/i>\n                <a href=\"https:\/\/voice-interaction.com\/tmp-web\/pt\/category\/solucoes-pt\/speech-analytics-pt\/\" rel=\"category tag\">Speech Analytics<\/a>            <\/span>\n\n                            <div><\/div>\n                    <\/div>\n\n    \t\t\t\t<\/div>\n\t\t\t<\/div>\n\n\t\t<\/div>\n\t<\/article>\n\n\n\n\t<article id=\"post-15717\" class=\"post-item post-15717 post type-post status-publish format-video hentry category-empresa-pt-pt category-eventos-pt category-noticias-empresa-pt tag-news-eu post_format-post-format-video\" itemscope=\"itemscope\" itemtype=\"http:\/\/schema.org\/Article\">\n\t\t<div class=\"post-container\">\n\t\t\t\n\t\t\t\n\t<div class=\"post-meta-video\">\n\t\t<div class=\"ratio-container\">\n\t\t\t<div class=\"ratio-content\">\n\t\t\t\t<iframe loading=\"lazy\" title=\"IABM | Annual Member Interview with our CEO\" width=\"500\" height=\"281\" src=\"https:\/\/www.youtube.com\/embed\/5e8z48KqF8k?feature=oembed\" frameborder=\"0\" allow=\"accelerometer; autoplay; clipboard-write; encrypted-media; gyroscope; picture-in-picture; web-share\" referrerpolicy=\"strict-origin-when-cross-origin\" allowfullscreen><\/iframe>\n\t\t\t<\/div>\n\t\t<\/div>\n\t<\/div>\n\t\t\t<div class=\"post-content-container\">\n\t\t\t\t<a href=\"https:\/\/voice-interaction.com\/tmp-web\/pt\/entrevista-anual-da-iabm-durante-a-nab-show-nova-iorque-2018\/\" class=\"post-title\">\n\t\t\t\t\t<h2 itemprop=\"headline\">\n\t\t\t\t\t\t\t\t\t\t\t\tEntrevista anual da IABM durante a NAB Show Nova Iorque 2018!\t\t\t\t\t<\/h2>\n\t\t\t\t<\/a>\n\n\t\t\t\t<div class=\"post-meta post-meta-one\">\n\t\t\t\t\t\n        <span class=\"post-meta-author\">\n            by            <a href=\"https:\/\/voice-interaction.com\/tmp-web\/pt\/author\/mariana\/\" class=\"bypostauthor\" itemprop=\"url\" rel=\"author\">\n                Mariana            <\/a>\n        <\/span>\n\n                    <time class=\"updated semantic\" itemprop=\"dateModified\" datetime=\"2018-10-31T15:37:13+00:00\"><\/time>\n            <a href=\"https:\/\/voice-interaction.com\/tmp-web\/pt\/entrevista-anual-da-iabm-durante-a-nab-show-nova-iorque-2018\/\" class=\"post-meta-date sh-default-color\">Outubro 31, 2018<\/a>\n        \n    \t\t\t\t<\/div>\n\n\t\t\t\t<div class=\"post-content\" itemprop=\"text\">\n\t\t\t\t\t<p>Foi durante a NAB Show em Nova Iorque, que o nosso CEO, Jo\u00e3o Paulo Neto, deu&#8230;<\/p>\n\t\t\t\t<\/div>\n\n\t\t\t\t<div class=\"post-meta post-meta-two\">\n\t\t\t\t\t\n        <div class=\"sh-columns post-meta-comments\">\n            <span class=\"post-meta-categories\">\n                <i class=\"icon-tag\"><\/i>\n                <a href=\"https:\/\/voice-interaction.com\/tmp-web\/pt\/category\/empresa-pt-pt\/\" rel=\"category tag\">Empresa<\/a>, <a href=\"https:\/\/voice-interaction.com\/tmp-web\/pt\/category\/empresa-pt-pt\/eventos-pt\/\" rel=\"category tag\">Eventos<\/a>, <a href=\"https:\/\/voice-interaction.com\/tmp-web\/pt\/category\/empresa-pt-pt\/noticias-empresa-pt\/\" rel=\"category tag\">Not\u00edcias Empresa<\/a>            <\/span>\n\n                            <div><\/div>\n                    <\/div>\n\n    \t\t\t\t<\/div>\n\t\t\t<\/div>\n\n\t\t<\/div>\n\t<\/article>\n\n\t\n\t<article id=\"post-15567\" class=\"post-item post-15567 post type-post status-publish format-standard has-post-thumbnail hentry category-eventos-pt tag-audimus-media-pt tag-broadcast-monitoring-eu-pt tag-compliance-recording-eu-pt tag-legendagem-em-direto tag-nab-pt tag-noticias-pt tag-speech-recognition-eu-pt tag-subtitling-regulation-pt\">\n\t\t<div class=\"post-container\">\n\t\t\t\n\t\t\t<div class=\"post-meta-thumb\">\n\t\t\t\t<img loading=\"lazy\" decoding=\"async\" width=\"842\" height=\"340\" src=\"https:\/\/voice-interaction.com\/tmp-web\/wp-content\/uploads\/2018\/10\/Voiceinteraction-NAB-NY-email_02.jpg\" class=\"attachment-large size-large wp-post-image\" alt=\"\" srcset=\"https:\/\/voice-interaction.com\/tmp-web\/wp-content\/uploads\/2018\/10\/Voiceinteraction-NAB-NY-email_02.jpg 842w, https:\/\/voice-interaction.com\/tmp-web\/wp-content\/uploads\/2018\/10\/Voiceinteraction-NAB-NY-email_02-300x121.jpg 300w, https:\/\/voice-interaction.com\/tmp-web\/wp-content\/uploads\/2018\/10\/Voiceinteraction-NAB-NY-email_02-768x310.jpg 768w\" sizes=\"auto, (max-width: 842px) 100vw, 842px\" \/>\t\t\t\t\n        <div class=\"sh-overlay-style1\">\n            <div class=\"sh-table-full\">\n                                    <a href=\"https:\/\/voice-interaction.com\/tmp-web\/pt\/obrigado-pela-sua-visita-na-nab-show-nova-iorque\/\" class=\"sh-overlay-item sh-table-cell\" title=\"Open the article - Obrigado pela sua visita na NAB Show Nova Iorque!\">\n                        <div class=\"sh-overlay-item-container\">\n                            <i class=\"icon-link\"><\/i>\n                        <\/div>\n                    <\/a>\n                \n                                    <a href=\"https:\/\/voice-interaction.com\/tmp-web\/wp-content\/uploads\/2018\/10\/Voiceinteraction-NAB-NY-email_02.jpg\" class=\"sh-overlay-item sh-table-cell\" data-rel=\"lightcase\">\n                        <div class=\"sh-overlay-item-container\">\n                            <i class=\"icon-magnifier-add\"><\/i>\n                        <\/div>\n                    <\/a>\n                            <\/div>\n        <\/div>\n\n    \t\t\t<\/div>\n\n\t\t\t<div class=\"post-content-container\">\n\t\t\t\t<a href=\"https:\/\/voice-interaction.com\/tmp-web\/pt\/obrigado-pela-sua-visita-na-nab-show-nova-iorque\/\" class=\"post-title\">\n\t\t\t\t\t<h2>\n\t\t\t\t\t\t\t\t\t\t\t\tObrigado pela sua visita na NAB Show Nova Iorque!\t\t\t\t\t<\/h2>\n\t\t\t\t<\/a>\n\n\t\t\t\t<div class=\"post-meta post-meta-one\">\n\t\t\t\t\t\n        <span class=\"post-meta-author\">\n            by            <a href=\"https:\/\/voice-interaction.com\/tmp-web\/pt\/author\/mariana\/\" class=\"bypostauthor\" itemprop=\"url\" rel=\"author\">\n                Mariana            <\/a>\n        <\/span>\n\n                    <time class=\"updated semantic\" itemprop=\"dateModified\" datetime=\"2018-10-24T15:03:28+00:00\"><\/time>\n            <a href=\"https:\/\/voice-interaction.com\/tmp-web\/pt\/obrigado-pela-sua-visita-na-nab-show-nova-iorque\/\" class=\"post-meta-date sh-default-color\">Outubro 23, 2018<\/a>\n        \n    \t\t\t\t<\/div>\n\n\t\t\t\t<div class=\"post-content\">\n\t\t\t\t\t<p>A NAB Show Nova Iorque terminou no passado dia 18 de Outubro e a VoiceInteraction gostaria&#8230;<\/p>\n\t\t\t\t<\/div>\n\n\t\t\t\t<div class=\"post-meta post-meta-two\">\n\t\t\t\t\t\n        <div class=\"sh-columns post-meta-comments\">\n            <span class=\"post-meta-categories\">\n                <i class=\"icon-tag\"><\/i>\n                <a href=\"https:\/\/voice-interaction.com\/tmp-web\/pt\/category\/empresa-pt-pt\/eventos-pt\/\" rel=\"category tag\">Eventos<\/a>            <\/span>\n\n                            <div><\/div>\n                    <\/div>\n\n    \t\t\t\t<\/div>\n\t\t\t<\/div>\n\n\t\t<\/div>\n\t<\/article>\n\n\n\n\t<article id=\"post-15404\" class=\"post-item post-15404 post type-post status-publish format-standard has-post-thumbnail hentry category-governo-pt category-industrias-pt category-legal-pt category-transcricao-pt tag-camaras-municipais-pt tag-transcricao\">\n\t\t<div class=\"post-container\">\n\t\t\t\n\t\t\t<div class=\"post-meta-thumb\">\n\t\t\t\t<img loading=\"lazy\" decoding=\"async\" width=\"1024\" height=\"412\" src=\"https:\/\/voice-interaction.com\/tmp-web\/wp-content\/uploads\/2018\/10\/Blast_CM_Out-1024x412.jpg\" class=\"attachment-large size-large wp-post-image\" alt=\"\" srcset=\"https:\/\/voice-interaction.com\/tmp-web\/wp-content\/uploads\/2018\/10\/Blast_CM_Out-1024x412.jpg 1024w, https:\/\/voice-interaction.com\/tmp-web\/wp-content\/uploads\/2018\/10\/Blast_CM_Out-300x121.jpg 300w, https:\/\/voice-interaction.com\/tmp-web\/wp-content\/uploads\/2018\/10\/Blast_CM_Out-768x309.jpg 768w, https:\/\/voice-interaction.com\/tmp-web\/wp-content\/uploads\/2018\/10\/Blast_CM_Out.jpg 1666w\" sizes=\"auto, (max-width: 1024px) 100vw, 1024px\" \/>\t\t\t\t\n        <div class=\"sh-overlay-style1\">\n            <div class=\"sh-table-full\">\n                                    <a href=\"https:\/\/voice-interaction.com\/tmp-web\/pt\/a-server-tres-novas-autarquias\/\" class=\"sh-overlay-item sh-table-cell\" title=\"Open the article - AUDIMUS.SERVER reconhecido por tr\u00eas novas Autarquias!\">\n                        <div class=\"sh-overlay-item-container\">\n                            <i class=\"icon-link\"><\/i>\n                        <\/div>\n                    <\/a>\n                \n                                    <a href=\"https:\/\/voice-interaction.com\/tmp-web\/wp-content\/uploads\/2018\/10\/Blast_CM_Out-1024x412.jpg\" class=\"sh-overlay-item sh-table-cell\" data-rel=\"lightcase\">\n                        <div class=\"sh-overlay-item-container\">\n                            <i class=\"icon-magnifier-add\"><\/i>\n                        <\/div>\n                    <\/a>\n                            <\/div>\n        <\/div>\n\n    \t\t\t<\/div>\n\n\t\t\t<div class=\"post-content-container\">\n\t\t\t\t<a href=\"https:\/\/voice-interaction.com\/tmp-web\/pt\/a-server-tres-novas-autarquias\/\" class=\"post-title\">\n\t\t\t\t\t<h2>\n\t\t\t\t\t\t\t\t\t\t\t\tAUDIMUS.SERVER reconhecido por tr\u00eas novas Autarquias!\t\t\t\t\t<\/h2>\n\t\t\t\t<\/a>\n\n\t\t\t\t<div class=\"post-meta post-meta-one\">\n\t\t\t\t\t\n        <span class=\"post-meta-author\">\n            by            <a href=\"https:\/\/voice-interaction.com\/tmp-web\/pt\/author\/mariana\/\" class=\"bypostauthor\" itemprop=\"url\" rel=\"author\">\n                Mariana            <\/a>\n        <\/span>\n\n                    <time class=\"updated semantic\" itemprop=\"dateModified\" datetime=\"2018-10-09T12:12:04+00:00\"><\/time>\n            <a href=\"https:\/\/voice-interaction.com\/tmp-web\/pt\/a-server-tres-novas-autarquias\/\" class=\"post-meta-date sh-default-color\">Outubro 9, 2018<\/a>\n        \n    \t\t\t\t<\/div>\n\n\t\t\t\t<div class=\"post-content\">\n\t\t\t\t\t<p>\u00c9 com grande satisfa\u00e7\u00e3o e orgulho que vemos o nosso produto a ser reconhecido em territ\u00f3rio&#8230;<\/p>\n\t\t\t\t<\/div>\n\n\t\t\t\t<div class=\"post-meta post-meta-two\">\n\t\t\t\t\t\n        <div class=\"sh-columns post-meta-comments\">\n            <span class=\"post-meta-categories\">\n                <i class=\"icon-tag\"><\/i>\n                <a href=\"https:\/\/voice-interaction.com\/tmp-web\/pt\/category\/industrias-pt\/governo-pt\/\" rel=\"category tag\">Governo<\/a>, <a href=\"https:\/\/voice-interaction.com\/tmp-web\/pt\/category\/industrias-pt\/\" rel=\"category tag\">Ind\u00fastrias<\/a>, <a href=\"https:\/\/voice-interaction.com\/tmp-web\/pt\/category\/industrias-pt\/legal-pt\/\" rel=\"category tag\">Legal<\/a>, <a href=\"https:\/\/voice-interaction.com\/tmp-web\/pt\/category\/solucoes-pt\/transcricao-pt\/\" rel=\"category tag\">Transcri\u00e7\u00e3o<\/a>            <\/span>\n\n                            <div><\/div>\n                    <\/div>\n\n    \t\t\t\t<\/div>\n\t\t\t<\/div>\n\n\t\t<\/div>\n\t<\/article>\n\n\n\n\t<article id=\"post-15497\" class=\"post-item post-15497 post type-post status-publish format-standard has-post-thumbnail hentry category-empresa-pt-pt tag-audimus-media-pt tag-audimus-server-pt tag-mms-broadcast-pt tag-nab-pt tag-noticias-pt\">\n\t\t<div class=\"post-container\">\n\t\t\t\n\t\t\t<div class=\"post-meta-thumb\">\n\t\t\t\t<img loading=\"lazy\" decoding=\"async\" width=\"1024\" height=\"408\" src=\"https:\/\/voice-interaction.com\/tmp-web\/wp-content\/uploads\/2018\/03\/VI-NABNY-2018-v01-1024x408.jpg\" class=\"attachment-large size-large wp-post-image\" alt=\"\" srcset=\"https:\/\/voice-interaction.com\/tmp-web\/wp-content\/uploads\/2018\/03\/VI-NABNY-2018-v01-1024x408.jpg 1024w, https:\/\/voice-interaction.com\/tmp-web\/wp-content\/uploads\/2018\/03\/VI-NABNY-2018-v01-300x120.jpg 300w, https:\/\/voice-interaction.com\/tmp-web\/wp-content\/uploads\/2018\/03\/VI-NABNY-2018-v01-768x306.jpg 768w, https:\/\/voice-interaction.com\/tmp-web\/wp-content\/uploads\/2018\/03\/VI-NABNY-2018-v01.jpg 2048w\" sizes=\"auto, (max-width: 1024px) 100vw, 1024px\" \/>\t\t\t\t\n        <div class=\"sh-overlay-style1\">\n            <div class=\"sh-table-full\">\n                                    <a href=\"https:\/\/voice-interaction.com\/tmp-web\/pt\/visite-a-voiceinteraction-na-nab-show-ny-2018\/\" class=\"sh-overlay-item sh-table-cell\" title=\"Open the article - Visite a VoiceInteraction na NAB Show New York 2018!\">\n                        <div class=\"sh-overlay-item-container\">\n                            <i class=\"icon-link\"><\/i>\n                        <\/div>\n                    <\/a>\n                \n                                    <a href=\"https:\/\/voice-interaction.com\/tmp-web\/wp-content\/uploads\/2018\/03\/VI-NABNY-2018-v01-1024x408.jpg\" class=\"sh-overlay-item sh-table-cell\" data-rel=\"lightcase\">\n                        <div class=\"sh-overlay-item-container\">\n                            <i class=\"icon-magnifier-add\"><\/i>\n                        <\/div>\n                    <\/a>\n                            <\/div>\n        <\/div>\n\n    \t\t\t<\/div>\n\n\t\t\t<div class=\"post-content-container\">\n\t\t\t\t<a href=\"https:\/\/voice-interaction.com\/tmp-web\/pt\/visite-a-voiceinteraction-na-nab-show-ny-2018\/\" class=\"post-title\">\n\t\t\t\t\t<h2>\n\t\t\t\t\t\t\t\t\t\t\t\tVisite a VoiceInteraction na NAB Show New York 2018!\t\t\t\t\t<\/h2>\n\t\t\t\t<\/a>\n\n\t\t\t\t<div class=\"post-meta post-meta-one\">\n\t\t\t\t\t\n        <span class=\"post-meta-author\">\n            by            <a href=\"https:\/\/voice-interaction.com\/tmp-web\/pt\/author\/ritaferreira\/\" class=\"bypostauthor\" itemprop=\"url\" rel=\"author\">\n                ritaferreira            <\/a>\n        <\/span>\n\n                    <time class=\"updated semantic\" itemprop=\"dateModified\" datetime=\"2018-10-23T12:11:49+00:00\"><\/time>\n            <a href=\"https:\/\/voice-interaction.com\/tmp-web\/pt\/visite-a-voiceinteraction-na-nab-show-ny-2018\/\" class=\"post-meta-date sh-default-color\">Outubro 1, 2018<\/a>\n        \n    \t\t\t\t<\/div>\n\n\t\t\t\t<div class=\"post-content\">\n\t\t\t\t\t<p>A VoiceInteraction estar\u00e1 presente mais uma vez na NAB Show New York, de 17 a 18&#8230;<\/p>\n\t\t\t\t<\/div>\n\n\t\t\t\t<div class=\"post-meta post-meta-two\">\n\t\t\t\t\t\n        <div class=\"sh-columns post-meta-comments\">\n            <span class=\"post-meta-categories\">\n                <i class=\"icon-tag\"><\/i>\n                <a href=\"https:\/\/voice-interaction.com\/tmp-web\/pt\/category\/empresa-pt-pt\/\" rel=\"category tag\">Empresa<\/a>            <\/span>\n\n                            <div><\/div>\n                    <\/div>\n\n    \t\t\t\t<\/div>\n\t\t\t<\/div>\n\n\t\t<\/div>\n\t<\/article>\n\n\n\n\t<article id=\"post-15660\" class=\"post-item post-15660 post type-post status-publish format-video has-post-thumbnail hentry category-eventos-pt category-media_pt tag-ibc tag-noticias-br tag-noticias-pt post_format-post-format-video\" itemscope=\"itemscope\" itemtype=\"http:\/\/schema.org\/Article\">\n\t\t<div class=\"post-container\">\n\t\t\t\n\t\t\t\n\t<div class=\"post-meta-video\">\n\t\t<div class=\"ratio-container\">\n\t\t\t<div class=\"ratio-content\">\n\t\t\t\t<iframe loading=\"lazy\" title=\"InBroadcast Interview CEO\" width=\"500\" height=\"281\" src=\"https:\/\/www.youtube.com\/embed\/KBVq_iQw4qs?feature=oembed\" frameborder=\"0\" allow=\"accelerometer; autoplay; clipboard-write; encrypted-media; gyroscope; picture-in-picture; web-share\" referrerpolicy=\"strict-origin-when-cross-origin\" allowfullscreen><\/iframe>\n\t\t\t<\/div>\n\t\t<\/div>\n\t<\/div>\n\t\t\t<div class=\"post-content-container\">\n\t\t\t\t<a href=\"https:\/\/voice-interaction.com\/tmp-web\/pt\/obrigado-ibc-e-obrigado-a-todos-os-que-nos-visitaram\/\" class=\"post-title\">\n\t\t\t\t\t<h2 itemprop=\"headline\">\n\t\t\t\t\t\t\t\t\t\t\t\tObrigado IBC, e obrigado a todos os que nos visitaram!\t\t\t\t\t<\/h2>\n\t\t\t\t<\/a>\n\n\t\t\t\t<div class=\"post-meta post-meta-one\">\n\t\t\t\t\t\n        <span class=\"post-meta-author\">\n            by            <a href=\"https:\/\/voice-interaction.com\/tmp-web\/pt\/author\/fpreto\/\" class=\"bypostauthor\" itemprop=\"url\" rel=\"author\">\n                FPreto            <\/a>\n        <\/span>\n\n                    <time class=\"updated semantic\" itemprop=\"dateModified\" datetime=\"2018-10-29T18:48:52+00:00\"><\/time>\n            <a href=\"https:\/\/voice-interaction.com\/tmp-web\/pt\/obrigado-ibc-e-obrigado-a-todos-os-que-nos-visitaram\/\" class=\"post-meta-date sh-default-color\">Setembro 28, 2018<\/a>\n        \n    \t\t\t\t<\/div>\n\n\t\t\t\t<div class=\"post-content\" itemprop=\"text\">\n\t\t\t\t\t<p>Para quem n\u00e3o teve a oportunidade de estar com a VoiceInteraction durante o evento, assista \u00e0&#8230;<\/p>\n\t\t\t\t<\/div>\n\n\t\t\t\t<div class=\"post-meta post-meta-two\">\n\t\t\t\t\t\n        <div class=\"sh-columns post-meta-comments\">\n            <span class=\"post-meta-categories\">\n                <i class=\"icon-tag\"><\/i>\n                <a href=\"https:\/\/voice-interaction.com\/tmp-web\/pt\/category\/empresa-pt-pt\/eventos-pt\/\" rel=\"category tag\">Eventos<\/a>, <a href=\"https:\/\/voice-interaction.com\/tmp-web\/pt\/category\/industrias-pt\/media_pt\/\" rel=\"category tag\">Televis\u00e3o &amp; Media<\/a>            <\/span>\n\n                            <div><\/div>\n                    <\/div>\n\n    \t\t\t\t<\/div>\n\t\t\t<\/div>\n\n\t\t<\/div>\n\t<\/article>\n\n\t\n\t<article id=\"post-14999\" class=\"post-item post-14999 post type-post status-publish format-standard has-post-thumbnail hentry category-governo-pt category-legal-pt category-parcerias-pt category-projetos category-solucoes-pt category-transcricao-pt tag-camaras-municipais-pt tag-transcricao\">\n\t\t<div class=\"post-container\">\n\t\t\t\n\t\t\t<div class=\"post-meta-thumb\">\n\t\t\t\t<img loading=\"lazy\" decoding=\"async\" width=\"400\" height=\"161\" src=\"https:\/\/voice-interaction.com\/tmp-web\/wp-content\/uploads\/2018\/07\/VI-banner_blast-2018-jun-e1530809089230.png\" class=\"attachment-large size-large wp-post-image\" alt=\"\" \/>\t\t\t\t\n        <div class=\"sh-overlay-style1\">\n            <div class=\"sh-table-full\">\n                                    <a href=\"https:\/\/voice-interaction.com\/tmp-web\/pt\/cinco-municipios-aderem-ao-audimus-server\/\" class=\"sh-overlay-item sh-table-cell\" title=\"Open the article - Cinco Munic\u00edpios aderem ao AUDIMUS.SERVER!\">\n                        <div class=\"sh-overlay-item-container\">\n                            <i class=\"icon-link\"><\/i>\n                        <\/div>\n                    <\/a>\n                \n                                    <a href=\"https:\/\/voice-interaction.com\/tmp-web\/wp-content\/uploads\/2018\/07\/VI-banner_blast-2018-jun-e1530809089230.png\" class=\"sh-overlay-item sh-table-cell\" data-rel=\"lightcase\">\n                        <div class=\"sh-overlay-item-container\">\n                            <i class=\"icon-magnifier-add\"><\/i>\n                        <\/div>\n                    <\/a>\n                            <\/div>\n        <\/div>\n\n    \t\t\t<\/div>\n\n\t\t\t<div class=\"post-content-container\">\n\t\t\t\t<a href=\"https:\/\/voice-interaction.com\/tmp-web\/pt\/cinco-municipios-aderem-ao-audimus-server\/\" class=\"post-title\">\n\t\t\t\t\t<h2>\n\t\t\t\t\t\t\t\t\t\t\t\tCinco Munic\u00edpios aderem ao AUDIMUS.SERVER!\t\t\t\t\t<\/h2>\n\t\t\t\t<\/a>\n\n\t\t\t\t<div class=\"post-meta post-meta-one\">\n\t\t\t\t\t\n        <span class=\"post-meta-author\">\n            by            <a href=\"https:\/\/voice-interaction.com\/tmp-web\/pt\/author\/mariana\/\" class=\"bypostauthor\" itemprop=\"url\" rel=\"author\">\n                Mariana            <\/a>\n        <\/span>\n\n                    <time class=\"updated semantic\" itemprop=\"dateModified\" datetime=\"2018-07-05T17:09:48+00:00\"><\/time>\n            <a href=\"https:\/\/voice-interaction.com\/tmp-web\/pt\/cinco-municipios-aderem-ao-audimus-server\/\" class=\"post-meta-date sh-default-color\">Julho 5, 2018<\/a>\n        \n    \t\t\t\t<\/div>\n\n\t\t\t\t<div class=\"post-content\">\n\t\t\t\t\t<p>Criar uma ata de uma reuni\u00e3o nunca foi t\u00e3o f\u00e1cil &#8211; solu\u00e7\u00e3o de transcri\u00e7\u00e3o de fala&#8230;<\/p>\n\t\t\t\t<\/div>\n\n\t\t\t\t<div class=\"post-meta post-meta-two\">\n\t\t\t\t\t\n        <div class=\"sh-columns post-meta-comments\">\n            <span class=\"post-meta-categories\">\n                <i class=\"icon-tag\"><\/i>\n                <a href=\"https:\/\/voice-interaction.com\/tmp-web\/pt\/category\/industrias-pt\/governo-pt\/\" rel=\"category tag\">Governo<\/a>, <a href=\"https:\/\/voice-interaction.com\/tmp-web\/pt\/category\/industrias-pt\/legal-pt\/\" rel=\"category tag\">Legal<\/a>, <a href=\"https:\/\/voice-interaction.com\/tmp-web\/pt\/category\/empresa-pt-pt\/parcerias-pt\/\" rel=\"category tag\">Parcerias<\/a>, <a href=\"https:\/\/voice-interaction.com\/tmp-web\/pt\/category\/empresa-pt-pt\/projetos\/\" rel=\"category tag\">Projetos<\/a>, <a href=\"https:\/\/voice-interaction.com\/tmp-web\/pt\/category\/solucoes-pt\/\" rel=\"category tag\">Solu\u00e7\u00f5es<\/a>, <a href=\"https:\/\/voice-interaction.com\/tmp-web\/pt\/category\/solucoes-pt\/transcricao-pt\/\" rel=\"category tag\">Transcri\u00e7\u00e3o<\/a>            <\/span>\n\n                            <div><\/div>\n                    <\/div>\n\n    \t\t\t\t<\/div>\n\t\t\t<\/div>\n\n\t\t<\/div>\n\t<\/article>\n\n\n\n\t<article id=\"post-14592\" class=\"post-item post-14592 post type-post status-publish format-standard has-post-thumbnail hentry category-eventos-pt category-media_pt tag-audimus-media-pt tag-audimus-server-pt tag-mms-broadcast-pt tag-nab-pt tag-noticias-pt\">\n\t\t<div class=\"post-container\">\n\t\t\t\n\t\t\t<div class=\"post-meta-thumb\">\n\t\t\t\t<img loading=\"lazy\" decoding=\"async\" width=\"400\" height=\"301\" src=\"https:\/\/voice-interaction.com\/tmp-web\/wp-content\/uploads\/2018\/04\/VI-NABShow-2018-post_800x800-e1522668903818.png\" class=\"attachment-large size-large wp-post-image\" alt=\"\" \/>\t\t\t\t\n        <div class=\"sh-overlay-style1\">\n            <div class=\"sh-table-full\">\n                                    <a href=\"https:\/\/voice-interaction.com\/tmp-web\/pt\/visite-nos-na-nab-show-em-las-vegas\/\" class=\"sh-overlay-item sh-table-cell\" title=\"Open the article - Visite-nos na NAB SHOW, em Las Vegas\">\n                        <div class=\"sh-overlay-item-container\">\n                            <i class=\"icon-link\"><\/i>\n                        <\/div>\n                    <\/a>\n                \n                                    <a href=\"https:\/\/voice-interaction.com\/tmp-web\/wp-content\/uploads\/2018\/04\/VI-NABShow-2018-post_800x800-e1522668903818.png\" class=\"sh-overlay-item sh-table-cell\" data-rel=\"lightcase\">\n                        <div class=\"sh-overlay-item-container\">\n                            <i class=\"icon-magnifier-add\"><\/i>\n                        <\/div>\n                    <\/a>\n                            <\/div>\n        <\/div>\n\n    \t\t\t<\/div>\n\n\t\t\t<div class=\"post-content-container\">\n\t\t\t\t<a href=\"https:\/\/voice-interaction.com\/tmp-web\/pt\/visite-nos-na-nab-show-em-las-vegas\/\" class=\"post-title\">\n\t\t\t\t\t<h2>\n\t\t\t\t\t\t\t\t\t\t\t\tVisite-nos na NAB SHOW, em Las Vegas\t\t\t\t\t<\/h2>\n\t\t\t\t<\/a>\n\n\t\t\t\t<div class=\"post-meta post-meta-one\">\n\t\t\t\t\t\n        <span class=\"post-meta-author\">\n            by            <a href=\"https:\/\/voice-interaction.com\/tmp-web\/pt\/author\/ritaferreira\/\" class=\"bypostauthor\" itemprop=\"url\" rel=\"author\">\n                ritaferreira            <\/a>\n        <\/span>\n\n                    <time class=\"updated semantic\" itemprop=\"dateModified\" datetime=\"2018-04-02T11:40:48+00:00\"><\/time>\n            <a href=\"https:\/\/voice-interaction.com\/tmp-web\/pt\/visite-nos-na-nab-show-em-las-vegas\/\" class=\"post-meta-date sh-default-color\">Abril 2, 2018<\/a>\n        \n    \t\t\t\t<\/div>\n\n\t\t\t\t<div class=\"post-content\">\n\t\t\t\t\t<p>A VoiceInteraction estar\u00e1 presente em mais uma edi\u00e7\u00e3o do evento\u00a0NAB SHOW\u00a0em Las Vegas, de\u00a009 a 12&#8230;<\/p>\n\t\t\t\t<\/div>\n\n\t\t\t\t<div class=\"post-meta post-meta-two\">\n\t\t\t\t\t\n        <div class=\"sh-columns post-meta-comments\">\n            <span class=\"post-meta-categories\">\n                <i class=\"icon-tag\"><\/i>\n                <a href=\"https:\/\/voice-interaction.com\/tmp-web\/pt\/category\/empresa-pt-pt\/eventos-pt\/\" rel=\"category tag\">Eventos<\/a>, <a href=\"https:\/\/voice-interaction.com\/tmp-web\/pt\/category\/industrias-pt\/media_pt\/\" rel=\"category tag\">Televis\u00e3o &amp; Media<\/a>            <\/span>\n\n                            <div><\/div>\n                    <\/div>\n\n    \t\t\t\t<\/div>\n\t\t\t<\/div>\n\n\t\t<\/div>\n\t<\/article>\n\n\n\n\t<article id=\"post-14795\" class=\"post-item post-14795 post type-post status-publish format-standard has-post-thumbnail hentry category-eventos-pt category-noticias-empresa-pt category-seguranca category-speech-analytics-pt category-transcricao-pt tag-callscriber\">\n\t\t<div class=\"post-container\">\n\t\t\t\n\t\t\t<div class=\"post-meta-thumb\">\n\t\t\t\t<img loading=\"lazy\" decoding=\"async\" width=\"400\" height=\"270\" src=\"https:\/\/voice-interaction.com\/tmp-web\/wp-content\/uploads\/2018\/03\/VI-news-Projeto-CallScriber.jpg\" class=\"attachment-large size-large wp-post-image\" alt=\"\" srcset=\"https:\/\/voice-interaction.com\/tmp-web\/wp-content\/uploads\/2018\/03\/VI-news-Projeto-CallScriber.jpg 400w, https:\/\/voice-interaction.com\/tmp-web\/wp-content\/uploads\/2018\/03\/VI-news-Projeto-CallScriber-300x203.jpg 300w\" sizes=\"auto, (max-width: 400px) 100vw, 400px\" \/>\t\t\t\t\n        <div class=\"sh-overlay-style1\">\n            <div class=\"sh-table-full\">\n                                    <a href=\"https:\/\/voice-interaction.com\/tmp-web\/pt\/sessao-de-apresentacao-de-resultados-projeto-callscriber\/\" class=\"sh-overlay-item sh-table-cell\" title=\"Open the article - Apresenta\u00e7\u00e3o de Resultados do Projeto CallScriber\">\n                        <div class=\"sh-overlay-item-container\">\n                            <i class=\"icon-link\"><\/i>\n                        <\/div>\n                    <\/a>\n                \n                                    <a href=\"https:\/\/voice-interaction.com\/tmp-web\/wp-content\/uploads\/2018\/03\/VI-news-Projeto-CallScriber.jpg\" class=\"sh-overlay-item sh-table-cell\" data-rel=\"lightcase\">\n                        <div class=\"sh-overlay-item-container\">\n                            <i class=\"icon-magnifier-add\"><\/i>\n                        <\/div>\n                    <\/a>\n                            <\/div>\n        <\/div>\n\n    \t\t\t<\/div>\n\n\t\t\t<div class=\"post-content-container\">\n\t\t\t\t<a href=\"https:\/\/voice-interaction.com\/tmp-web\/pt\/sessao-de-apresentacao-de-resultados-projeto-callscriber\/\" class=\"post-title\">\n\t\t\t\t\t<h2>\n\t\t\t\t\t\t\t\t\t\t\t\tApresenta\u00e7\u00e3o de Resultados do Projeto CallScriber\t\t\t\t\t<\/h2>\n\t\t\t\t<\/a>\n\n\t\t\t\t<div class=\"post-meta post-meta-one\">\n\t\t\t\t\t\n        <span class=\"post-meta-author\">\n            by            <a href=\"https:\/\/voice-interaction.com\/tmp-web\/pt\/author\/ritaferreira\/\" class=\"bypostauthor\" itemprop=\"url\" rel=\"author\">\n                ritaferreira            <\/a>\n        <\/span>\n\n                    <time class=\"updated semantic\" itemprop=\"dateModified\" datetime=\"2018-03-29T10:58:55+00:00\"><\/time>\n            <a href=\"https:\/\/voice-interaction.com\/tmp-web\/pt\/sessao-de-apresentacao-de-resultados-projeto-callscriber\/\" class=\"post-meta-date sh-default-color\">Mar\u00e7o 29, 2018<\/a>\n        \n    \t\t\t\t<\/div>\n\n\t\t\t\t<div class=\"post-content\">\n\t\t\t\t\t<p>Projeto CallScriber &#8211; An\u00e1lise Autom\u00e1tica de Chamadas Telef\u00f3nicas para Apoio \u00e0 Atividade dos \u00d3rg\u00e3os de Pol\u00edcia&#8230;<\/p>\n\t\t\t\t<\/div>\n\n\t\t\t\t<div class=\"post-meta post-meta-two\">\n\t\t\t\t\t\n        <div class=\"sh-columns post-meta-comments\">\n            <span class=\"post-meta-categories\">\n                <i class=\"icon-tag\"><\/i>\n                <a href=\"https:\/\/voice-interaction.com\/tmp-web\/pt\/category\/empresa-pt-pt\/eventos-pt\/\" rel=\"category tag\">Eventos<\/a>, <a href=\"https:\/\/voice-interaction.com\/tmp-web\/pt\/category\/empresa-pt-pt\/noticias-empresa-pt\/\" rel=\"category tag\">Not\u00edcias Empresa<\/a>, <a href=\"https:\/\/voice-interaction.com\/tmp-web\/pt\/category\/industrias-pt\/seguranca\/\" rel=\"category tag\">Seguran\u00e7a<\/a>, <a href=\"https:\/\/voice-interaction.com\/tmp-web\/pt\/category\/solucoes-pt\/speech-analytics-pt\/\" rel=\"category tag\">Speech Analytics<\/a>, <a href=\"https:\/\/voice-interaction.com\/tmp-web\/pt\/category\/solucoes-pt\/transcricao-pt\/\" rel=\"category tag\">Transcri\u00e7\u00e3o<\/a>            <\/span>\n\n                            <div><\/div>\n                    <\/div>\n\n    \t\t\t\t<\/div>\n\t\t\t<\/div>\n\n\t\t<\/div>\n\t<\/article>\n\n\n\n\t<article id=\"post-14256\" class=\"post-item post-14256 post type-post status-publish format-standard has-post-thumbnail hentry category-seguranca category-speech-analytics-pt tag-callscriber\">\n\t\t<div class=\"post-container\">\n\t\t\t\n\t\t\t<div class=\"post-meta-thumb\">\n\t\t\t\t<img loading=\"lazy\" decoding=\"async\" width=\"280\" height=\"189\" src=\"https:\/\/voice-interaction.com\/tmp-web\/wp-content\/uploads\/2018\/02\/VI-news-Jan18-03-e1519816051253.jpg\" class=\"attachment-large size-large wp-post-image\" alt=\"\" \/>\t\t\t\t\n        <div class=\"sh-overlay-style1\">\n            <div class=\"sh-table-full\">\n                                    <a href=\"https:\/\/voice-interaction.com\/tmp-web\/pt\/speech-analytics-aplicado-a-area-da-seguranca\/\" class=\"sh-overlay-item sh-table-cell\" title=\"Open the article - Speech Analytics aplicado \u00e0 \u00e1rea da seguran\u00e7a\">\n                        <div class=\"sh-overlay-item-container\">\n                            <i class=\"icon-link\"><\/i>\n                        <\/div>\n                    <\/a>\n                \n                                    <a href=\"https:\/\/voice-interaction.com\/tmp-web\/wp-content\/uploads\/2018\/02\/VI-news-Jan18-03-e1519816051253.jpg\" class=\"sh-overlay-item sh-table-cell\" data-rel=\"lightcase\">\n                        <div class=\"sh-overlay-item-container\">\n                            <i class=\"icon-magnifier-add\"><\/i>\n                        <\/div>\n                    <\/a>\n                            <\/div>\n        <\/div>\n\n    \t\t\t<\/div>\n\n\t\t\t<div class=\"post-content-container\">\n\t\t\t\t<a href=\"https:\/\/voice-interaction.com\/tmp-web\/pt\/speech-analytics-aplicado-a-area-da-seguranca\/\" class=\"post-title\">\n\t\t\t\t\t<h2>\n\t\t\t\t\t\t\t\t\t\t\t\tSpeech Analytics aplicado \u00e0 \u00e1rea da seguran\u00e7a\t\t\t\t\t<\/h2>\n\t\t\t\t<\/a>\n\n\t\t\t\t<div class=\"post-meta post-meta-one\">\n\t\t\t\t\t\n        <span class=\"post-meta-author\">\n            by            <a href=\"https:\/\/voice-interaction.com\/tmp-web\/pt\/author\/ritaferreira\/\" class=\"bypostauthor\" itemprop=\"url\" rel=\"author\">\n                ritaferreira            <\/a>\n        <\/span>\n\n                    <time class=\"updated semantic\" itemprop=\"dateModified\" datetime=\"2018-05-03T09:03:28+00:00\"><\/time>\n            <a href=\"https:\/\/voice-interaction.com\/tmp-web\/pt\/speech-analytics-aplicado-a-area-da-seguranca\/\" class=\"post-meta-date sh-default-color\">Fevereiro 28, 2018<\/a>\n        \n    \t\t\t\t<\/div>\n\n\t\t\t\t<div class=\"post-content\">\n\t\t\t\t\t<p>As solu\u00e7\u00f5es da VoiceInteraction na \u00e1rea de seguran\u00e7a assentam num forte background em tecnologia ASR (reconhecimento&#8230;<\/p>\n\t\t\t\t<\/div>\n\n\t\t\t\t<div class=\"post-meta post-meta-two\">\n\t\t\t\t\t\n        <div class=\"sh-columns post-meta-comments\">\n            <span class=\"post-meta-categories\">\n                <i class=\"icon-tag\"><\/i>\n                <a href=\"https:\/\/voice-interaction.com\/tmp-web\/pt\/category\/industrias-pt\/seguranca\/\" rel=\"category tag\">Seguran\u00e7a<\/a>, <a href=\"https:\/\/voice-interaction.com\/tmp-web\/pt\/category\/solucoes-pt\/speech-analytics-pt\/\" rel=\"category tag\">Speech Analytics<\/a>            <\/span>\n\n                            <div><\/div>\n                    <\/div>\n\n    \t\t\t\t<\/div>\n\t\t\t<\/div>\n\n\t\t<\/div>\n\t<\/article>\n\n\n\n\t<article id=\"post-14259\" class=\"post-item post-14259 post type-post status-publish format-standard has-post-thumbnail hentry category-governo-pt category-transcricao-pt tag-audimus-server-pt tag-machine-learning\">\n\t\t<div class=\"post-container\">\n\t\t\t\n\t\t\t<div class=\"post-meta-thumb\">\n\t\t\t\t<img loading=\"lazy\" decoding=\"async\" width=\"280\" height=\"189\" src=\"https:\/\/voice-interaction.com\/tmp-web\/wp-content\/uploads\/2018\/02\/VI-news-Jan18-01-e1519817591343.jpg\" class=\"attachment-large size-large wp-post-image\" alt=\"\" \/>\t\t\t\t\n        <div class=\"sh-overlay-style1\">\n            <div class=\"sh-table-full\">\n                                    <a href=\"https:\/\/voice-interaction.com\/tmp-web\/pt\/solucoes-para-area-do-governo-com-tecnologia-de-machine-learning\/\" class=\"sh-overlay-item sh-table-cell\" title=\"Open the article - Solu\u00e7\u00f5es para \u00e1rea do Governo com tecnologia de machine learning\">\n                        <div class=\"sh-overlay-item-container\">\n                            <i class=\"icon-link\"><\/i>\n                        <\/div>\n                    <\/a>\n                \n                                    <a href=\"https:\/\/voice-interaction.com\/tmp-web\/wp-content\/uploads\/2018\/02\/VI-news-Jan18-01-e1519817591343.jpg\" class=\"sh-overlay-item sh-table-cell\" data-rel=\"lightcase\">\n                        <div class=\"sh-overlay-item-container\">\n                            <i class=\"icon-magnifier-add\"><\/i>\n                        <\/div>\n                    <\/a>\n                            <\/div>\n        <\/div>\n\n    \t\t\t<\/div>\n\n\t\t\t<div class=\"post-content-container\">\n\t\t\t\t<a href=\"https:\/\/voice-interaction.com\/tmp-web\/pt\/solucoes-para-area-do-governo-com-tecnologia-de-machine-learning\/\" class=\"post-title\">\n\t\t\t\t\t<h2>\n\t\t\t\t\t\t\t\t\t\t\t\tSolu\u00e7\u00f5es para \u00e1rea do Governo com tecnologia de machine learning\t\t\t\t\t<\/h2>\n\t\t\t\t<\/a>\n\n\t\t\t\t<div class=\"post-meta post-meta-one\">\n\t\t\t\t\t\n        <span class=\"post-meta-author\">\n            by            <a href=\"https:\/\/voice-interaction.com\/tmp-web\/pt\/author\/ritaferreira\/\" class=\"bypostauthor\" itemprop=\"url\" rel=\"author\">\n                ritaferreira            <\/a>\n        <\/span>\n\n                    <time class=\"updated semantic\" itemprop=\"dateModified\" datetime=\"2018-03-06T10:43:32+00:00\"><\/time>\n            <a href=\"https:\/\/voice-interaction.com\/tmp-web\/pt\/solucoes-para-area-do-governo-com-tecnologia-de-machine-learning\/\" class=\"post-meta-date sh-default-color\">Fevereiro 28, 2018<\/a>\n        \n    \t\t\t\t<\/div>\n\n\t\t\t\t<div class=\"post-content\">\n\t\t\t\t\t<p>Segundo a legisla\u00e7\u00e3o em vigor, parlamentos e c\u00e2maras municipais t\u00eam que disponibilizar para consulta p\u00fablica as&#8230;<\/p>\n\t\t\t\t<\/div>\n\n\t\t\t\t<div class=\"post-meta post-meta-two\">\n\t\t\t\t\t\n        <div class=\"sh-columns post-meta-comments\">\n            <span class=\"post-meta-categories\">\n                <i class=\"icon-tag\"><\/i>\n                <a href=\"https:\/\/voice-interaction.com\/tmp-web\/pt\/category\/industrias-pt\/governo-pt\/\" rel=\"category tag\">Governo<\/a>, <a href=\"https:\/\/voice-interaction.com\/tmp-web\/pt\/category\/solucoes-pt\/transcricao-pt\/\" rel=\"category tag\">Transcri\u00e7\u00e3o<\/a>            <\/span>\n\n                            <div><\/div>\n                    <\/div>\n\n    \t\t\t\t<\/div>\n\t\t\t<\/div>\n\n\t\t<\/div>\n\t<\/article>\n\n\n\n\t<article id=\"post-14262\" class=\"post-item post-14262 post type-post status-publish format-standard has-post-thumbnail hentry category-legendagem-automatica category-media_pt tag-audimus-media-pt\">\n\t\t<div class=\"post-container\">\n\t\t\t\n\t\t\t<div class=\"post-meta-thumb\">\n\t\t\t\t<img loading=\"lazy\" decoding=\"async\" width=\"280\" height=\"189\" src=\"https:\/\/voice-interaction.com\/tmp-web\/wp-content\/uploads\/2018\/02\/VI-news-Jan18-02-e1519818030764.jpg\" class=\"attachment-large size-large wp-post-image\" alt=\"\" \/>\t\t\t\t\n        <div class=\"sh-overlay-style1\">\n            <div class=\"sh-table-full\">\n                                    <a href=\"https:\/\/voice-interaction.com\/tmp-web\/pt\/audimus-media-ganha-terreno-nos-usa\/\" class=\"sh-overlay-item sh-table-cell\" title=\"Open the article - Audimus.Media ganha terreno nos EUA\">\n                        <div class=\"sh-overlay-item-container\">\n                            <i class=\"icon-link\"><\/i>\n                        <\/div>\n                    <\/a>\n                \n                                    <a href=\"https:\/\/voice-interaction.com\/tmp-web\/wp-content\/uploads\/2018\/02\/VI-news-Jan18-02-e1519818030764.jpg\" class=\"sh-overlay-item sh-table-cell\" data-rel=\"lightcase\">\n                        <div class=\"sh-overlay-item-container\">\n                            <i class=\"icon-magnifier-add\"><\/i>\n                        <\/div>\n                    <\/a>\n                            <\/div>\n        <\/div>\n\n    \t\t\t<\/div>\n\n\t\t\t<div class=\"post-content-container\">\n\t\t\t\t<a href=\"https:\/\/voice-interaction.com\/tmp-web\/pt\/audimus-media-ganha-terreno-nos-usa\/\" class=\"post-title\">\n\t\t\t\t\t<h2>\n\t\t\t\t\t\t\t\t\t\t\t\tAudimus.Media ganha terreno nos EUA\t\t\t\t\t<\/h2>\n\t\t\t\t<\/a>\n\n\t\t\t\t<div class=\"post-meta post-meta-one\">\n\t\t\t\t\t\n        <span class=\"post-meta-author\">\n            by            <a href=\"https:\/\/voice-interaction.com\/tmp-web\/pt\/author\/ritaferreira\/\" class=\"bypostauthor\" itemprop=\"url\" rel=\"author\">\n                ritaferreira            <\/a>\n        <\/span>\n\n                    <time class=\"updated semantic\" itemprop=\"dateModified\" datetime=\"2018-03-05T10:02:31+00:00\"><\/time>\n            <a href=\"https:\/\/voice-interaction.com\/tmp-web\/pt\/audimus-media-ganha-terreno-nos-usa\/\" class=\"post-meta-date sh-default-color\">Fevereiro 28, 2018<\/a>\n        \n    \t\t\t\t<\/div>\n\n\t\t\t\t<div class=\"post-content\">\n\t\t\t\t\t<p>Nos \u00faltimos anos, a legendagem autom\u00e1tica tem ganho a aten\u00e7\u00e3o por parte da ind\u00fastria dos media&#8230;.<\/p>\n\t\t\t\t<\/div>\n\n\t\t\t\t<div class=\"post-meta post-meta-two\">\n\t\t\t\t\t\n        <div class=\"sh-columns post-meta-comments\">\n            <span class=\"post-meta-categories\">\n                <i class=\"icon-tag\"><\/i>\n                <a href=\"https:\/\/voice-interaction.com\/tmp-web\/pt\/category\/solucoes-pt\/legendagem-automatica\/\" rel=\"category tag\">Legendagem Autom\u00e1tica<\/a>, <a href=\"https:\/\/voice-interaction.com\/tmp-web\/pt\/category\/industrias-pt\/media_pt\/\" rel=\"category tag\">Televis\u00e3o &amp; Media<\/a>            <\/span>\n\n                            <div><\/div>\n                    <\/div>\n\n    \t\t\t\t<\/div>\n\t\t\t<\/div>\n\n\t\t<\/div>\n\t<\/article>\n\n\n\n\t<article id=\"post-14268\" class=\"post-item post-14268 post type-post status-publish format-standard has-post-thumbnail hentry category-monitorizacao-de-media category-media_pt tag-mms-broadcast-pt\">\n\t\t<div class=\"post-container\">\n\t\t\t\n\t\t\t<div class=\"post-meta-thumb\">\n\t\t\t\t<img loading=\"lazy\" decoding=\"async\" width=\"280\" height=\"189\" src=\"https:\/\/voice-interaction.com\/tmp-web\/wp-content\/uploads\/2018\/02\/VI-news-MMS-BE-02-e1519818617536.jpg\" class=\"attachment-large size-large wp-post-image\" alt=\"\" \/>\t\t\t\t\n        <div class=\"sh-overlay-style1\">\n            <div class=\"sh-table-full\">\n                                    <a href=\"https:\/\/voice-interaction.com\/tmp-web\/pt\/o-que-precisa-saber-sobre-o-mms-broadcast-edition\/\" class=\"sh-overlay-item sh-table-cell\" title=\"Open the article - Monitoriza\u00e7\u00e3o de Media para canais de TV\">\n                        <div class=\"sh-overlay-item-container\">\n                            <i class=\"icon-link\"><\/i>\n                        <\/div>\n                    <\/a>\n                \n                                    <a href=\"https:\/\/voice-interaction.com\/tmp-web\/wp-content\/uploads\/2018\/02\/VI-news-MMS-BE-02-e1519818617536.jpg\" class=\"sh-overlay-item sh-table-cell\" data-rel=\"lightcase\">\n                        <div class=\"sh-overlay-item-container\">\n                            <i class=\"icon-magnifier-add\"><\/i>\n                        <\/div>\n                    <\/a>\n                            <\/div>\n        <\/div>\n\n    \t\t\t<\/div>\n\n\t\t\t<div class=\"post-content-container\">\n\t\t\t\t<a href=\"https:\/\/voice-interaction.com\/tmp-web\/pt\/o-que-precisa-saber-sobre-o-mms-broadcast-edition\/\" class=\"post-title\">\n\t\t\t\t\t<h2>\n\t\t\t\t\t\t\t\t\t\t\t\tMonitoriza\u00e7\u00e3o de Media para canais de TV\t\t\t\t\t<\/h2>\n\t\t\t\t<\/a>\n\n\t\t\t\t<div class=\"post-meta post-meta-one\">\n\t\t\t\t\t\n        <span class=\"post-meta-author\">\n            by            <a href=\"https:\/\/voice-interaction.com\/tmp-web\/pt\/author\/ritaferreira\/\" class=\"bypostauthor\" itemprop=\"url\" rel=\"author\">\n                ritaferreira            <\/a>\n        <\/span>\n\n                    <time class=\"updated semantic\" itemprop=\"dateModified\" datetime=\"2018-03-05T10:04:41+00:00\"><\/time>\n            <a href=\"https:\/\/voice-interaction.com\/tmp-web\/pt\/o-que-precisa-saber-sobre-o-mms-broadcast-edition\/\" class=\"post-meta-date sh-default-color\">Fevereiro 28, 2018<\/a>\n        \n    \t\t\t\t<\/div>\n\n\t\t\t\t<div class=\"post-content\">\n\t\t\t\t\t<p>A VoiceInteraction prepara o lan\u00e7amento de uma nova vers\u00e3o da sua plataforma de monitoriza\u00e7\u00e3o de media&#8230;<\/p>\n\t\t\t\t<\/div>\n\n\t\t\t\t<div class=\"post-meta post-meta-two\">\n\t\t\t\t\t\n        <div class=\"sh-columns post-meta-comments\">\n            <span class=\"post-meta-categories\">\n                <i class=\"icon-tag\"><\/i>\n                <a href=\"https:\/\/voice-interaction.com\/tmp-web\/pt\/category\/solucoes-pt\/monitorizacao-de-media\/\" rel=\"category tag\">Monitoriza\u00e7\u00e3o de Media Broadcast<\/a>, <a href=\"https:\/\/voice-interaction.com\/tmp-web\/pt\/category\/industrias-pt\/media_pt\/\" rel=\"category tag\">Televis\u00e3o &amp; Media<\/a>            <\/span>\n\n                            <div><\/div>\n                    <\/div>\n\n    \t\t\t\t<\/div>\n\t\t\t<\/div>\n\n\t\t<\/div>\n\t<\/article>\n\n\n\n\t<article id=\"post-14193\" class=\"post-item post-14193 post type-post status-publish format-standard has-post-thumbnail hentry category-governo-pt category-transcricao-pt tag-audimus-server-pt tag-camaras-municipais-pt\">\n\t\t<div class=\"post-container\">\n\t\t\t\n\t\t\t<div class=\"post-meta-thumb\">\n\t\t\t\t<img loading=\"lazy\" decoding=\"async\" width=\"400\" height=\"270\" src=\"https:\/\/voice-interaction.com\/tmp-web\/wp-content\/uploads\/2018\/02\/cm-maia.jpg\" class=\"attachment-large size-large wp-post-image\" alt=\"\" srcset=\"https:\/\/voice-interaction.com\/tmp-web\/wp-content\/uploads\/2018\/02\/cm-maia.jpg 400w, https:\/\/voice-interaction.com\/tmp-web\/wp-content\/uploads\/2018\/02\/cm-maia-300x203.jpg 300w\" sizes=\"auto, (max-width: 400px) 100vw, 400px\" \/>\t\t\t\t\n        <div class=\"sh-overlay-style1\">\n            <div class=\"sh-table-full\">\n                                    <a href=\"https:\/\/voice-interaction.com\/tmp-web\/pt\/camara-municipal-da-maia-adere-a-transcricao-automatica-das-atas\/\" class=\"sh-overlay-item sh-table-cell\" title=\"Open the article - C\u00e2mara Municipal da Maia adere \u00e0 transcri\u00e7\u00e3o autom\u00e1tica das atas\">\n                        <div class=\"sh-overlay-item-container\">\n                            <i class=\"icon-link\"><\/i>\n                        <\/div>\n                    <\/a>\n                \n                                    <a href=\"https:\/\/voice-interaction.com\/tmp-web\/wp-content\/uploads\/2018\/02\/cm-maia.jpg\" class=\"sh-overlay-item sh-table-cell\" data-rel=\"lightcase\">\n                        <div class=\"sh-overlay-item-container\">\n                            <i class=\"icon-magnifier-add\"><\/i>\n                        <\/div>\n                    <\/a>\n                            <\/div>\n        <\/div>\n\n    \t\t\t<\/div>\n\n\t\t\t<div class=\"post-content-container\">\n\t\t\t\t<a href=\"https:\/\/voice-interaction.com\/tmp-web\/pt\/camara-municipal-da-maia-adere-a-transcricao-automatica-das-atas\/\" class=\"post-title\">\n\t\t\t\t\t<h2>\n\t\t\t\t\t\t\t\t\t\t\t\tC\u00e2mara Municipal da Maia adere \u00e0 transcri\u00e7\u00e3o autom\u00e1tica das atas\t\t\t\t\t<\/h2>\n\t\t\t\t<\/a>\n\n\t\t\t\t<div class=\"post-meta post-meta-one\">\n\t\t\t\t\t\n        <span class=\"post-meta-author\">\n            by            <a href=\"https:\/\/voice-interaction.com\/tmp-web\/pt\/author\/ritaferreira\/\" class=\"bypostauthor\" itemprop=\"url\" rel=\"author\">\n                ritaferreira            <\/a>\n        <\/span>\n\n                    <time class=\"updated semantic\" itemprop=\"dateModified\" datetime=\"2018-05-17T11:32:20+00:00\"><\/time>\n            <a href=\"https:\/\/voice-interaction.com\/tmp-web\/pt\/camara-municipal-da-maia-adere-a-transcricao-automatica-das-atas\/\" class=\"post-meta-date sh-default-color\">Fevereiro 28, 2018<\/a>\n        \n    \t\t\t\t<\/div>\n\n\t\t\t\t<div class=\"post-content\">\n\t\t\t\t\t<p>A C\u00e2mara Municipal da Maia come\u00e7ou a utilizar o software Audimus.Server para produ\u00e7\u00e3o das atas das&#8230;<\/p>\n\t\t\t\t<\/div>\n\n\t\t\t\t<div class=\"post-meta post-meta-two\">\n\t\t\t\t\t\n        <div class=\"sh-columns post-meta-comments\">\n            <span class=\"post-meta-categories\">\n                <i class=\"icon-tag\"><\/i>\n                <a href=\"https:\/\/voice-interaction.com\/tmp-web\/pt\/category\/industrias-pt\/governo-pt\/\" rel=\"category tag\">Governo<\/a>, <a href=\"https:\/\/voice-interaction.com\/tmp-web\/pt\/category\/solucoes-pt\/transcricao-pt\/\" rel=\"category tag\">Transcri\u00e7\u00e3o<\/a>            <\/span>\n\n                            <div><\/div>\n                    <\/div>\n\n    \t\t\t\t<\/div>\n\t\t\t<\/div>\n\n\t\t<\/div>\n\t<\/article>\n\n\n\n\t<article id=\"post-13542\" class=\"post-item post-13542 post type-post status-publish format-standard has-post-thumbnail hentry category-noticias-empresa-pt tag-noticias-pt\">\n\t\t<div class=\"post-container\">\n\t\t\t\n\t\t\t<div class=\"post-meta-thumb\">\n\t\t\t\t<img loading=\"lazy\" decoding=\"async\" width=\"270\" height=\"103\" src=\"https:\/\/voice-interaction.com\/tmp-web\/wp-content\/uploads\/2018\/01\/1.png\" class=\"attachment-large size-large wp-post-image\" alt=\"\" \/>\t\t\t\t\n        <div class=\"sh-overlay-style1\">\n            <div class=\"sh-table-full\">\n                                    <a href=\"https:\/\/voice-interaction.com\/tmp-web\/pt\/2018-novo-website\/\" class=\"sh-overlay-item sh-table-cell\" title=\"Open the article - Celebramos a chegada de 2018 com um novo website\">\n                        <div class=\"sh-overlay-item-container\">\n                            <i class=\"icon-link\"><\/i>\n                        <\/div>\n                    <\/a>\n                \n                                    <a href=\"https:\/\/voice-interaction.com\/tmp-web\/wp-content\/uploads\/2018\/01\/1.png\" class=\"sh-overlay-item sh-table-cell\" data-rel=\"lightcase\">\n                        <div class=\"sh-overlay-item-container\">\n                            <i class=\"icon-magnifier-add\"><\/i>\n                        <\/div>\n                    <\/a>\n                            <\/div>\n        <\/div>\n\n    \t\t\t<\/div>\n\n\t\t\t<div class=\"post-content-container\">\n\t\t\t\t<a href=\"https:\/\/voice-interaction.com\/tmp-web\/pt\/2018-novo-website\/\" class=\"post-title\">\n\t\t\t\t\t<h2>\n\t\t\t\t\t\t\t\t\t\t\t\tCelebramos a chegada de 2018 com um novo website\t\t\t\t\t<\/h2>\n\t\t\t\t<\/a>\n\n\t\t\t\t<div class=\"post-meta post-meta-one\">\n\t\t\t\t\t\n        <span class=\"post-meta-author\">\n            by            <a href=\"https:\/\/voice-interaction.com\/tmp-web\/pt\/author\/ritaferreira\/\" class=\"bypostauthor\" itemprop=\"url\" rel=\"author\">\n                ritaferreira            <\/a>\n        <\/span>\n\n                    <time class=\"updated semantic\" itemprop=\"dateModified\" datetime=\"2018-01-05T12:38:20+00:00\"><\/time>\n            <a href=\"https:\/\/voice-interaction.com\/tmp-web\/pt\/2018-novo-website\/\" class=\"post-meta-date sh-default-color\">Janeiro 5, 2018<\/a>\n        \n    \t\t\t\t<\/div>\n\n\t\t\t\t<div class=\"post-content\">\n\t\t\t\t\t<p>Seja bem vindo ao novo site da VoiceInteraction! Tendo em vista os grandes desafios nacionais e&#8230;<\/p>\n\t\t\t\t<\/div>\n\n\t\t\t\t<div class=\"post-meta post-meta-two\">\n\t\t\t\t\t\n        <div class=\"sh-columns post-meta-comments\">\n            <span class=\"post-meta-categories\">\n                <i class=\"icon-tag\"><\/i>\n                <a href=\"https:\/\/voice-interaction.com\/tmp-web\/pt\/category\/empresa-pt-pt\/noticias-empresa-pt\/\" rel=\"category tag\">Not\u00edcias Empresa<\/a>            <\/span>\n\n                            <div><\/div>\n                    <\/div>\n\n    \t\t\t\t<\/div>\n\t\t\t<\/div>\n\n\t\t<\/div>\n\t<\/article>\n\n\n\n\t<article id=\"post-13426\" class=\"post-item post-13426 post type-post status-publish format-standard has-post-thumbnail hentry category-governo-pt category-transcricao-pt tag-audimus-server-pt tag-camaras-municipais-pt\">\n\t\t<div class=\"post-container\">\n\t\t\t\n\t\t\t<div class=\"post-meta-thumb\">\n\t\t\t\t<img loading=\"lazy\" decoding=\"async\" width=\"260\" height=\"105\" src=\"https:\/\/voice-interaction.com\/tmp-web\/wp-content\/uploads\/2017\/12\/VI-banner_Nov17_pt-e1513183195588.png\" class=\"attachment-large size-large wp-post-image\" alt=\"\" \/>\t\t\t\t\n        <div class=\"sh-overlay-style1\">\n            <div class=\"sh-table-full\">\n                                    <a href=\"https:\/\/voice-interaction.com\/tmp-web\/pt\/cm-alenquer-e-ces-adquirem-audimus-server\/\" class=\"sh-overlay-item sh-table-cell\" title=\"Open the article - CM Set\u00fabal, CM Alenquer e CES adquirem Audimus.Server\">\n                        <div class=\"sh-overlay-item-container\">\n                            <i class=\"icon-link\"><\/i>\n                        <\/div>\n                    <\/a>\n                \n                                    <a href=\"https:\/\/voice-interaction.com\/tmp-web\/wp-content\/uploads\/2017\/12\/VI-banner_Nov17_pt-e1513183195588.png\" class=\"sh-overlay-item sh-table-cell\" data-rel=\"lightcase\">\n                        <div class=\"sh-overlay-item-container\">\n                            <i class=\"icon-magnifier-add\"><\/i>\n                        <\/div>\n                    <\/a>\n                            <\/div>\n        <\/div>\n\n    \t\t\t<\/div>\n\n\t\t\t<div class=\"post-content-container\">\n\t\t\t\t<a href=\"https:\/\/voice-interaction.com\/tmp-web\/pt\/cm-alenquer-e-ces-adquirem-audimus-server\/\" class=\"post-title\">\n\t\t\t\t\t<h2>\n\t\t\t\t\t\t\t\t\t\t\t\tCM Set\u00fabal, CM Alenquer e CES adquirem Audimus.Server\t\t\t\t\t<\/h2>\n\t\t\t\t<\/a>\n\n\t\t\t\t<div class=\"post-meta post-meta-one\">\n\t\t\t\t\t\n        <span class=\"post-meta-author\">\n            by            <a href=\"https:\/\/voice-interaction.com\/tmp-web\/pt\/author\/ritaferreira\/\" class=\"bypostauthor\" itemprop=\"url\" rel=\"author\">\n                ritaferreira            <\/a>\n        <\/span>\n\n                    <time class=\"updated semantic\" itemprop=\"dateModified\" datetime=\"2018-05-17T11:34:00+00:00\"><\/time>\n            <a href=\"https:\/\/voice-interaction.com\/tmp-web\/pt\/cm-alenquer-e-ces-adquirem-audimus-server\/\" class=\"post-meta-date sh-default-color\">Dezembro 13, 2017<\/a>\n        \n    \t\t\t\t<\/div>\n\n\t\t\t\t<div class=\"post-content\">\n\t\t\t\t\t<p>As Camaras Municipais de Alenquer e Set\u00fabal e o Conselho Econ\u00f3mico Social s\u00e3o as entidades da&#8230;<\/p>\n\t\t\t\t<\/div>\n\n\t\t\t\t<div class=\"post-meta post-meta-two\">\n\t\t\t\t\t\n        <div class=\"sh-columns post-meta-comments\">\n            <span class=\"post-meta-categories\">\n                <i class=\"icon-tag\"><\/i>\n                <a href=\"https:\/\/voice-interaction.com\/tmp-web\/pt\/category\/industrias-pt\/governo-pt\/\" rel=\"category tag\">Governo<\/a>, <a href=\"https:\/\/voice-interaction.com\/tmp-web\/pt\/category\/solucoes-pt\/transcricao-pt\/\" rel=\"category tag\">Transcri\u00e7\u00e3o<\/a>            <\/span>\n\n                            <div><\/div>\n                    <\/div>\n\n    \t\t\t\t<\/div>\n\t\t\t<\/div>\n\n\t\t<\/div>\n\t<\/article>\n\n\n\n\t<article id=\"post-13404\" class=\"post-item post-13404 post type-post status-publish format-standard has-post-thumbnail hentry category-legendagem-automatica tag-audimus-media-pt tag-noticias-pt\">\n\t\t<div class=\"post-container\">\n\t\t\t\n\t\t\t<div class=\"post-meta-thumb\">\n\t\t\t\t<img loading=\"lazy\" decoding=\"async\" width=\"260\" height=\"176\" src=\"https:\/\/voice-interaction.com\/tmp-web\/wp-content\/uploads\/2017\/12\/VI-news-Nov17-02-e1513186699890.jpg\" class=\"attachment-large size-large wp-post-image\" alt=\"\" \/>\t\t\t\t\n        <div class=\"sh-overlay-style1\">\n            <div class=\"sh-table-full\">\n                                    <a href=\"https:\/\/voice-interaction.com\/tmp-web\/pt\/saiba-porque-a-nova-versao-do-audimus-media-ja-e-um-sucesso\/\" class=\"sh-overlay-item sh-table-cell\" title=\"Open the article - Saiba porque a nova vers\u00e3o do Audimus.Media \u00e9 um sucesso\">\n                        <div class=\"sh-overlay-item-container\">\n                            <i class=\"icon-link\"><\/i>\n                        <\/div>\n                    <\/a>\n                \n                                    <a href=\"https:\/\/voice-interaction.com\/tmp-web\/wp-content\/uploads\/2017\/12\/VI-news-Nov17-02-e1513186699890.jpg\" class=\"sh-overlay-item sh-table-cell\" data-rel=\"lightcase\">\n                        <div class=\"sh-overlay-item-container\">\n                            <i class=\"icon-magnifier-add\"><\/i>\n                        <\/div>\n                    <\/a>\n                            <\/div>\n        <\/div>\n\n    \t\t\t<\/div>\n\n\t\t\t<div class=\"post-content-container\">\n\t\t\t\t<a href=\"https:\/\/voice-interaction.com\/tmp-web\/pt\/saiba-porque-a-nova-versao-do-audimus-media-ja-e-um-sucesso\/\" class=\"post-title\">\n\t\t\t\t\t<h2>\n\t\t\t\t\t\t\t\t\t\t\t\tSaiba porque a nova vers\u00e3o do Audimus.Media \u00e9 um sucesso\t\t\t\t\t<\/h2>\n\t\t\t\t<\/a>\n\n\t\t\t\t<div class=\"post-meta post-meta-one\">\n\t\t\t\t\t\n        <span class=\"post-meta-author\">\n            by            <a href=\"https:\/\/voice-interaction.com\/tmp-web\/pt\/author\/ritaferreira\/\" class=\"bypostauthor\" itemprop=\"url\" rel=\"author\">\n                ritaferreira            <\/a>\n        <\/span>\n\n                    <time class=\"updated semantic\" itemprop=\"dateModified\" datetime=\"2018-01-04T14:50:13+00:00\"><\/time>\n            <a href=\"https:\/\/voice-interaction.com\/tmp-web\/pt\/saiba-porque-a-nova-versao-do-audimus-media-ja-e-um-sucesso\/\" class=\"post-meta-date sh-default-color\">Dezembro 13, 2017<\/a>\n        \n    \t\t\t\t<\/div>\n\n\t\t\t\t<div class=\"post-content\">\n\t\t\t\t\t<p>A nova vers\u00e3o do sistema Audimus.Media tem se imposto como produto, ao contr\u00e1rio de outras solu\u00e7\u00f5es&#8230;<\/p>\n\t\t\t\t<\/div>\n\n\t\t\t\t<div class=\"post-meta post-meta-two\">\n\t\t\t\t\t\n        <div class=\"sh-columns post-meta-comments\">\n            <span class=\"post-meta-categories\">\n                <i class=\"icon-tag\"><\/i>\n                <a href=\"https:\/\/voice-interaction.com\/tmp-web\/pt\/category\/solucoes-pt\/legendagem-automatica\/\" rel=\"category tag\">Legendagem Autom\u00e1tica<\/a>            <\/span>\n\n                            <div><\/div>\n                    <\/div>\n\n    \t\t\t\t<\/div>\n\t\t\t<\/div>\n\n\t\t<\/div>\n\t<\/article>\n\n\n\n\t<article id=\"post-13378\" class=\"post-item post-13378 post type-post status-publish format-standard has-post-thumbnail hentry category-eventos-pt category-legendagem-automatica category-noticias-empresa-pt\">\n\t\t<div class=\"post-container\">\n\t\t\t\n\t\t\t<div class=\"post-meta-thumb\">\n\t\t\t\t<img loading=\"lazy\" decoding=\"async\" width=\"260\" height=\"176\" src=\"https:\/\/voice-interaction.com\/tmp-web\/wp-content\/uploads\/2017\/12\/VI-news-Nov17-03-e1513181826971.jpg\" class=\"attachment-large size-large wp-post-image\" alt=\"\" \/>\t\t\t\t\n        <div class=\"sh-overlay-style1\">\n            <div class=\"sh-table-full\">\n                                    <a href=\"https:\/\/voice-interaction.com\/tmp-web\/pt\/voiceinteraction-crescimento-eua\/\" class=\"sh-overlay-item sh-table-cell\" title=\"Open the article - VoiceInteraction em crescimento nos EUA\">\n                        <div class=\"sh-overlay-item-container\">\n                            <i class=\"icon-link\"><\/i>\n                        <\/div>\n                    <\/a>\n                \n                                    <a href=\"https:\/\/voice-interaction.com\/tmp-web\/wp-content\/uploads\/2017\/12\/VI-news-Nov17-03-e1513181826971.jpg\" class=\"sh-overlay-item sh-table-cell\" data-rel=\"lightcase\">\n                        <div class=\"sh-overlay-item-container\">\n                            <i class=\"icon-magnifier-add\"><\/i>\n                        <\/div>\n                    <\/a>\n                            <\/div>\n        <\/div>\n\n    \t\t\t<\/div>\n\n\t\t\t<div class=\"post-content-container\">\n\t\t\t\t<a href=\"https:\/\/voice-interaction.com\/tmp-web\/pt\/voiceinteraction-crescimento-eua\/\" class=\"post-title\">\n\t\t\t\t\t<h2>\n\t\t\t\t\t\t\t\t\t\t\t\tVoiceInteraction em crescimento nos EUA\t\t\t\t\t<\/h2>\n\t\t\t\t<\/a>\n\n\t\t\t\t<div class=\"post-meta post-meta-one\">\n\t\t\t\t\t\n        <span class=\"post-meta-author\">\n            by            <a href=\"https:\/\/voice-interaction.com\/tmp-web\/pt\/author\/ritaferreira\/\" class=\"bypostauthor\" itemprop=\"url\" rel=\"author\">\n                ritaferreira            <\/a>\n        <\/span>\n\n                    <time class=\"updated semantic\" itemprop=\"dateModified\" datetime=\"2018-01-05T18:09:58+00:00\"><\/time>\n            <a href=\"https:\/\/voice-interaction.com\/tmp-web\/pt\/voiceinteraction-crescimento-eua\/\" class=\"post-meta-date sh-default-color\">Dezembro 13, 2017<\/a>\n        \n    \t\t\t\t<\/div>\n\n\t\t\t\t<div class=\"post-content\">\n\t\t\t\t\t<p>A participa\u00e7\u00e3o da VoiceInteraction na NAB Show Nova York e na Video Week teve resultados bastante&#8230;<\/p>\n\t\t\t\t<\/div>\n\n\t\t\t\t<div class=\"post-meta post-meta-two\">\n\t\t\t\t\t\n        <div class=\"sh-columns post-meta-comments\">\n            <span class=\"post-meta-categories\">\n                <i class=\"icon-tag\"><\/i>\n                <a href=\"https:\/\/voice-interaction.com\/tmp-web\/pt\/category\/empresa-pt-pt\/eventos-pt\/\" rel=\"category tag\">Eventos<\/a>, <a href=\"https:\/\/voice-interaction.com\/tmp-web\/pt\/category\/solucoes-pt\/legendagem-automatica\/\" rel=\"category tag\">Legendagem Autom\u00e1tica<\/a>, <a href=\"https:\/\/voice-interaction.com\/tmp-web\/pt\/category\/empresa-pt-pt\/noticias-empresa-pt\/\" rel=\"category tag\">Not\u00edcias Empresa<\/a>            <\/span>\n\n                            <div><\/div>\n                    <\/div>\n\n    \t\t\t\t<\/div>\n\t\t\t<\/div>\n\n\t\t<\/div>\n\t<\/article>\n\n\n\n\t<article id=\"post-13408\" class=\"post-item post-13408 post type-post status-publish format-standard has-post-thumbnail hentry category-speech-analytics-pt tag-call-center\">\n\t\t<div class=\"post-container\">\n\t\t\t\n\t\t\t<div class=\"post-meta-thumb\">\n\t\t\t\t<img loading=\"lazy\" decoding=\"async\" width=\"260\" height=\"176\" src=\"https:\/\/voice-interaction.com\/tmp-web\/wp-content\/uploads\/2017\/12\/VI-news-Nov17-06-e1513189462917.jpg\" class=\"attachment-large size-large wp-post-image\" alt=\"\" \/>\t\t\t\t\n        <div class=\"sh-overlay-style1\">\n            <div class=\"sh-table-full\">\n                                    <a href=\"https:\/\/voice-interaction.com\/tmp-web\/pt\/reconhecimento-de-voz-em-call-centers\/\" class=\"sh-overlay-item sh-table-cell\" title=\"Open the article - O que o reconhecimento de voz pode fazer pelo seu call center\">\n                        <div class=\"sh-overlay-item-container\">\n                            <i class=\"icon-link\"><\/i>\n                        <\/div>\n                    <\/a>\n                \n                                    <a href=\"https:\/\/voice-interaction.com\/tmp-web\/wp-content\/uploads\/2017\/12\/VI-news-Nov17-06-e1513189462917.jpg\" class=\"sh-overlay-item sh-table-cell\" data-rel=\"lightcase\">\n                        <div class=\"sh-overlay-item-container\">\n                            <i class=\"icon-magnifier-add\"><\/i>\n                        <\/div>\n                    <\/a>\n                            <\/div>\n        <\/div>\n\n    \t\t\t<\/div>\n\n\t\t\t<div class=\"post-content-container\">\n\t\t\t\t<a href=\"https:\/\/voice-interaction.com\/tmp-web\/pt\/reconhecimento-de-voz-em-call-centers\/\" class=\"post-title\">\n\t\t\t\t\t<h2>\n\t\t\t\t\t\t\t\t\t\t\t\tO que o reconhecimento de voz pode fazer pelo seu call center\t\t\t\t\t<\/h2>\n\t\t\t\t<\/a>\n\n\t\t\t\t<div class=\"post-meta post-meta-one\">\n\t\t\t\t\t\n        <span class=\"post-meta-author\">\n            by            <a href=\"https:\/\/voice-interaction.com\/tmp-web\/pt\/author\/ritaferreira\/\" class=\"bypostauthor\" itemprop=\"url\" rel=\"author\">\n                ritaferreira            <\/a>\n        <\/span>\n\n                    <time class=\"updated semantic\" itemprop=\"dateModified\" datetime=\"2018-02-01T11:38:39+00:00\"><\/time>\n            <a href=\"https:\/\/voice-interaction.com\/tmp-web\/pt\/reconhecimento-de-voz-em-call-centers\/\" class=\"post-meta-date sh-default-color\">Dezembro 13, 2017<\/a>\n        \n    \t\t\t\t<\/div>\n\n\t\t\t\t<div class=\"post-content\">\n\t\t\t\t\t<p>As nossas solu\u00e7\u00f5es para call centers assentam num forte background em tecnologia ASR (reconhecimento autom\u00e1tico de&#8230;<\/p>\n\t\t\t\t<\/div>\n\n\t\t\t\t<div class=\"post-meta post-meta-two\">\n\t\t\t\t\t\n        <div class=\"sh-columns post-meta-comments\">\n            <span class=\"post-meta-categories\">\n                <i class=\"icon-tag\"><\/i>\n                <a href=\"https:\/\/voice-interaction.com\/tmp-web\/pt\/category\/solucoes-pt\/speech-analytics-pt\/\" rel=\"category tag\">Speech Analytics<\/a>            <\/span>\n\n                            <div><\/div>\n                    <\/div>\n\n    \t\t\t\t<\/div>\n\t\t\t<\/div>\n\n\t\t<\/div>\n\t<\/article>\n\n\n\n\t<article id=\"post-12787\" class=\"post-item post-12787 post type-post status-publish format-standard has-post-thumbnail hentry category-eventos-pt category-media_pt tag-nab-pt tag-noticias-pt\">\n\t\t<div class=\"post-container\">\n\t\t\t\n\t\t\t<div class=\"post-meta-thumb\">\n\t\t\t\t<img loading=\"lazy\" decoding=\"async\" width=\"1024\" height=\"425\" src=\"https:\/\/voice-interaction.com\/tmp-web\/wp-content\/uploads\/2017\/10\/voiceinteraction-NABShow-NY-2017_02-1-1024x425.png\" class=\"attachment-large size-large wp-post-image\" alt=\"\" srcset=\"https:\/\/voice-interaction.com\/tmp-web\/wp-content\/uploads\/2017\/10\/voiceinteraction-NABShow-NY-2017_02-1-1024x425.png 1024w, https:\/\/voice-interaction.com\/tmp-web\/wp-content\/uploads\/2017\/10\/voiceinteraction-NABShow-NY-2017_02-1-300x125.png 300w, https:\/\/voice-interaction.com\/tmp-web\/wp-content\/uploads\/2017\/10\/voiceinteraction-NABShow-NY-2017_02-1-768x319.png 768w, https:\/\/voice-interaction.com\/tmp-web\/wp-content\/uploads\/2017\/10\/voiceinteraction-NABShow-NY-2017_02-1-e1510933434880.png 260w\" sizes=\"auto, (max-width: 1024px) 100vw, 1024px\" \/>\t\t\t\t\n        <div class=\"sh-overlay-style1\">\n            <div class=\"sh-table-full\">\n                                    <a href=\"https:\/\/voice-interaction.com\/tmp-web\/pt\/venha-visitar-nos-na-nab-show-nova-york\/\" class=\"sh-overlay-item sh-table-cell\" title=\"Open the article - Venha visitar-nos na NAB Show Nova York\">\n                        <div class=\"sh-overlay-item-container\">\n                            <i class=\"icon-link\"><\/i>\n                        <\/div>\n                    <\/a>\n                \n                                    <a href=\"https:\/\/voice-interaction.com\/tmp-web\/wp-content\/uploads\/2017\/10\/voiceinteraction-NABShow-NY-2017_02-1-1024x425.png\" class=\"sh-overlay-item sh-table-cell\" data-rel=\"lightcase\">\n                        <div class=\"sh-overlay-item-container\">\n                            <i class=\"icon-magnifier-add\"><\/i>\n                        <\/div>\n                    <\/a>\n                            <\/div>\n        <\/div>\n\n    \t\t\t<\/div>\n\n\t\t\t<div class=\"post-content-container\">\n\t\t\t\t<a href=\"https:\/\/voice-interaction.com\/tmp-web\/pt\/venha-visitar-nos-na-nab-show-nova-york\/\" class=\"post-title\">\n\t\t\t\t\t<h2>\n\t\t\t\t\t\t\t\t\t\t\t\tVenha visitar-nos na NAB Show Nova York\t\t\t\t\t<\/h2>\n\t\t\t\t<\/a>\n\n\t\t\t\t<div class=\"post-meta post-meta-one\">\n\t\t\t\t\t\n        <span class=\"post-meta-author\">\n            by            <a href=\"https:\/\/voice-interaction.com\/tmp-web\/pt\/author\/ritaferreira\/\" class=\"bypostauthor\" itemprop=\"url\" rel=\"author\">\n                ritaferreira            <\/a>\n        <\/span>\n\n                    <time class=\"updated semantic\" itemprop=\"dateModified\" datetime=\"2017-12-13T16:35:43+00:00\"><\/time>\n            <a href=\"https:\/\/voice-interaction.com\/tmp-web\/pt\/venha-visitar-nos-na-nab-show-nova-york\/\" class=\"post-meta-date sh-default-color\">Outubro 12, 2017<\/a>\n        \n    \t\t\t\t<\/div>\n\n\t\t\t\t<div class=\"post-content\">\n\t\t\t\t\t<p>A VoiceInteraction marca presen\u00e7a em mais uma edi\u00e7\u00e3o do evento NABShow New\u00a0York, a decorrer no centro&#8230;<\/p>\n\t\t\t\t<\/div>\n\n\t\t\t\t<div class=\"post-meta post-meta-two\">\n\t\t\t\t\t\n        <div class=\"sh-columns post-meta-comments\">\n            <span class=\"post-meta-categories\">\n                <i class=\"icon-tag\"><\/i>\n                <a href=\"https:\/\/voice-interaction.com\/tmp-web\/pt\/category\/empresa-pt-pt\/eventos-pt\/\" rel=\"category tag\">Eventos<\/a>, <a href=\"https:\/\/voice-interaction.com\/tmp-web\/pt\/category\/industrias-pt\/media_pt\/\" rel=\"category tag\">Televis\u00e3o &amp; Media<\/a>            <\/span>\n\n                            <div><\/div>\n                    <\/div>\n\n    \t\t\t\t<\/div>\n\t\t\t<\/div>\n\n\t\t<\/div>\n\t<\/article>\n\n\n\n\t<article id=\"post-12797\" class=\"post-item post-12797 post type-post status-publish format-standard has-post-thumbnail hentry category-eventos-pt category-media_pt tag-ibc\">\n\t\t<div class=\"post-container\">\n\t\t\t\n\t\t\t<div class=\"post-meta-thumb\">\n\t\t\t\t<img loading=\"lazy\" decoding=\"async\" width=\"280\" height=\"130\" src=\"https:\/\/voice-interaction.com\/tmp-web\/wp-content\/uploads\/2017\/10\/vi-banner-thankyou-IBC-2017-e1519664097264.jpg\" class=\"attachment-large size-large wp-post-image\" alt=\"\" \/>\t\t\t\t\n        <div class=\"sh-overlay-style1\">\n            <div class=\"sh-table-full\">\n                                    <a href=\"https:\/\/voice-interaction.com\/tmp-web\/pt\/obrigada-ibc-2017\/\" class=\"sh-overlay-item sh-table-cell\" title=\"Open the article - Um obrigada a todos os que nos visitaram na IBC 2017!\">\n                        <div class=\"sh-overlay-item-container\">\n                            <i class=\"icon-link\"><\/i>\n                        <\/div>\n                    <\/a>\n                \n                                    <a href=\"https:\/\/voice-interaction.com\/tmp-web\/wp-content\/uploads\/2017\/10\/vi-banner-thankyou-IBC-2017-e1519664097264.jpg\" class=\"sh-overlay-item sh-table-cell\" data-rel=\"lightcase\">\n                        <div class=\"sh-overlay-item-container\">\n                            <i class=\"icon-magnifier-add\"><\/i>\n                        <\/div>\n                    <\/a>\n                            <\/div>\n        <\/div>\n\n    \t\t\t<\/div>\n\n\t\t\t<div class=\"post-content-container\">\n\t\t\t\t<a href=\"https:\/\/voice-interaction.com\/tmp-web\/pt\/obrigada-ibc-2017\/\" class=\"post-title\">\n\t\t\t\t\t<h2>\n\t\t\t\t\t\t\t\t\t\t\t\tUm obrigada a todos os que nos visitaram na IBC 2017!\t\t\t\t\t<\/h2>\n\t\t\t\t<\/a>\n\n\t\t\t\t<div class=\"post-meta post-meta-one\">\n\t\t\t\t\t\n        <span class=\"post-meta-author\">\n            by            <a href=\"https:\/\/voice-interaction.com\/tmp-web\/pt\/author\/ritaferreira\/\" class=\"bypostauthor\" itemprop=\"url\" rel=\"author\">\n                ritaferreira            <\/a>\n        <\/span>\n\n                    <time class=\"updated semantic\" itemprop=\"dateModified\" datetime=\"2017-11-16T12:29:13+00:00\"><\/time>\n            <a href=\"https:\/\/voice-interaction.com\/tmp-web\/pt\/obrigada-ibc-2017\/\" class=\"post-meta-date sh-default-color\">Setembro 22, 2017<\/a>\n        \n    \t\t\t\t<\/div>\n\n\t\t\t\t<div class=\"post-content\">\n\t\t\t\t\t<p>Reveja a participa\u00e7\u00e3o da VoiceInteraction no evento: &nbsp; &nbsp; N\u00f3s ajudamos com os pr\u00f3ximos passos: Conhe\u00e7a&#8230;<\/p>\n\t\t\t\t<\/div>\n\n\t\t\t\t<div class=\"post-meta post-meta-two\">\n\t\t\t\t\t\n        <div class=\"sh-columns post-meta-comments\">\n            <span class=\"post-meta-categories\">\n                <i class=\"icon-tag\"><\/i>\n                <a href=\"https:\/\/voice-interaction.com\/tmp-web\/pt\/category\/empresa-pt-pt\/eventos-pt\/\" rel=\"category tag\">Eventos<\/a>, <a href=\"https:\/\/voice-interaction.com\/tmp-web\/pt\/category\/industrias-pt\/media_pt\/\" rel=\"category tag\">Televis\u00e3o &amp; Media<\/a>            <\/span>\n\n                            <div><\/div>\n                    <\/div>\n\n    \t\t\t\t<\/div>\n\t\t\t<\/div>\n\n\t\t<\/div>\n\t<\/article>\n\n\n\n\t<article id=\"post-4271\" class=\"post-item post-4271 post type-post status-publish format-standard has-post-thumbnail hentry category-eventos-pt category-media_pt tag-ibc\">\n\t\t<div class=\"post-container\">\n\t\t\t\n\t\t\t<div class=\"post-meta-thumb\">\n\t\t\t\t<img loading=\"lazy\" decoding=\"async\" width=\"900\" height=\"320\" src=\"https:\/\/voice-interaction.com\/tmp-web\/wp-content\/uploads\/2017\/09\/VI-IBC-2017_banner-site_PT-2.png\" class=\"attachment-large size-large wp-post-image\" alt=\"\" srcset=\"https:\/\/voice-interaction.com\/tmp-web\/wp-content\/uploads\/2017\/09\/VI-IBC-2017_banner-site_PT-2.png 900w, https:\/\/voice-interaction.com\/tmp-web\/wp-content\/uploads\/2017\/09\/VI-IBC-2017_banner-site_PT-2-300x107.png 300w, https:\/\/voice-interaction.com\/tmp-web\/wp-content\/uploads\/2017\/09\/VI-IBC-2017_banner-site_PT-2-768x273.png 768w\" sizes=\"auto, (max-width: 900px) 100vw, 900px\" \/>\t\t\t\t\n        <div class=\"sh-overlay-style1\">\n            <div class=\"sh-table-full\">\n                                    <a href=\"https:\/\/voice-interaction.com\/tmp-web\/pt\/voiceinteraction-em-amesterdao-para-a-ibc-2017\/\" class=\"sh-overlay-item sh-table-cell\" title=\"Open the article - VoiceInteraction em Amesterd\u00e3o para a IBC 2017\">\n                        <div class=\"sh-overlay-item-container\">\n                            <i class=\"icon-link\"><\/i>\n                        <\/div>\n                    <\/a>\n                \n                                    <a href=\"https:\/\/voice-interaction.com\/tmp-web\/wp-content\/uploads\/2017\/09\/VI-IBC-2017_banner-site_PT-2.png\" class=\"sh-overlay-item sh-table-cell\" data-rel=\"lightcase\">\n                        <div class=\"sh-overlay-item-container\">\n                            <i class=\"icon-magnifier-add\"><\/i>\n                        <\/div>\n                    <\/a>\n                            <\/div>\n        <\/div>\n\n    \t\t\t<\/div>\n\n\t\t\t<div class=\"post-content-container\">\n\t\t\t\t<a href=\"https:\/\/voice-interaction.com\/tmp-web\/pt\/voiceinteraction-em-amesterdao-para-a-ibc-2017\/\" class=\"post-title\">\n\t\t\t\t\t<h2>\n\t\t\t\t\t\t\t\t\t\t\t\tVoiceInteraction em Amesterd\u00e3o para a IBC 2017\t\t\t\t\t<\/h2>\n\t\t\t\t<\/a>\n\n\t\t\t\t<div class=\"post-meta post-meta-one\">\n\t\t\t\t\t\n        <span class=\"post-meta-author\">\n            by            <a href=\"https:\/\/voice-interaction.com\/tmp-web\/pt\/author\/ritaferreira\/\" class=\"bypostauthor\" itemprop=\"url\" rel=\"author\">\n                ritaferreira            <\/a>\n        <\/span>\n\n                    <time class=\"updated semantic\" itemprop=\"dateModified\" datetime=\"2017-11-27T17:48:19+00:00\"><\/time>\n            <a href=\"https:\/\/voice-interaction.com\/tmp-web\/pt\/voiceinteraction-em-amesterdao-para-a-ibc-2017\/\" class=\"post-meta-date sh-default-color\">Setembro 5, 2017<\/a>\n        \n    \t\t\t\t<\/div>\n\n\t\t\t\t<div class=\"post-content\">\n\t\t\t\t\t<p>De 15 a\u00a019 de Setembro, a\u00a0VoiceInteraction\u00a0apresenta em Amesterd\u00e3o as suas \u00faltimas inova\u00e7\u00f5es nas \u00e1reas de\u00a0legendagem autom\u00e1tica&#8230;<\/p>\n\t\t\t\t<\/div>\n\n\t\t\t\t<div class=\"post-meta post-meta-two\">\n\t\t\t\t\t\n        <div class=\"sh-columns post-meta-comments\">\n            <span class=\"post-meta-categories\">\n                <i class=\"icon-tag\"><\/i>\n                <a href=\"https:\/\/voice-interaction.com\/tmp-web\/pt\/category\/empresa-pt-pt\/eventos-pt\/\" rel=\"category tag\">Eventos<\/a>, <a href=\"https:\/\/voice-interaction.com\/tmp-web\/pt\/category\/industrias-pt\/media_pt\/\" rel=\"category tag\">Televis\u00e3o &amp; Media<\/a>            <\/span>\n\n                            <div><\/div>\n                    <\/div>\n\n    \t\t\t\t<\/div>\n\t\t\t<\/div>\n\n\t\t<\/div>\n\t<\/article>\n\n\n\n\t<article id=\"post-4235\" class=\"post-item post-4235 post type-post status-publish format-standard has-post-thumbnail hentry category-transcricao-pt tag-seo\">\n\t\t<div class=\"post-container\">\n\t\t\t\n\t\t\t<div class=\"post-meta-thumb\">\n\t\t\t\t<img loading=\"lazy\" decoding=\"async\" width=\"280\" height=\"189\" src=\"https:\/\/voice-interaction.com\/tmp-web\/wp-content\/uploads\/2017\/07\/vi-img-news-06-e1519663490828.jpg\" class=\"attachment-large size-large wp-post-image\" alt=\"\" \/>\t\t\t\t\n        <div class=\"sh-overlay-style1\">\n            <div class=\"sh-table-full\">\n                                    <a href=\"https:\/\/voice-interaction.com\/tmp-web\/pt\/legendas-melhoram-os-resultados-de-seo\/\" class=\"sh-overlay-item sh-table-cell\" title=\"Open the article - Legendas melhoram resultados de SEO\">\n                        <div class=\"sh-overlay-item-container\">\n                            <i class=\"icon-link\"><\/i>\n                        <\/div>\n                    <\/a>\n                \n                                    <a href=\"https:\/\/voice-interaction.com\/tmp-web\/wp-content\/uploads\/2017\/07\/vi-img-news-06-e1519663490828.jpg\" class=\"sh-overlay-item sh-table-cell\" data-rel=\"lightcase\">\n                        <div class=\"sh-overlay-item-container\">\n                            <i class=\"icon-magnifier-add\"><\/i>\n                        <\/div>\n                    <\/a>\n                            <\/div>\n        <\/div>\n\n    \t\t\t<\/div>\n\n\t\t\t<div class=\"post-content-container\">\n\t\t\t\t<a href=\"https:\/\/voice-interaction.com\/tmp-web\/pt\/legendas-melhoram-os-resultados-de-seo\/\" class=\"post-title\">\n\t\t\t\t\t<h2>\n\t\t\t\t\t\t\t\t\t\t\t\tLegendas melhoram resultados de SEO\t\t\t\t\t<\/h2>\n\t\t\t\t<\/a>\n\n\t\t\t\t<div class=\"post-meta post-meta-one\">\n\t\t\t\t\t\n        <span class=\"post-meta-author\">\n            by            <a href=\"https:\/\/voice-interaction.com\/tmp-web\/pt\/author\/ritaferreira\/\" class=\"bypostauthor\" itemprop=\"url\" rel=\"author\">\n                ritaferreira            <\/a>\n        <\/span>\n\n                    <time class=\"updated semantic\" itemprop=\"dateModified\" datetime=\"2017-11-13T19:05:47+00:00\"><\/time>\n            <a href=\"https:\/\/voice-interaction.com\/tmp-web\/pt\/legendas-melhoram-os-resultados-de-seo\/\" class=\"post-meta-date sh-default-color\">Julho 27, 2017<\/a>\n        \n    \t\t\t\t<\/div>\n\n\t\t\t\t<div class=\"post-content\">\n\t\t\t\t\t<p>Adicionar legendas a um v\u00eddeo online traz uma s\u00e9rie de vantagens, pois os seus conte\u00fados ficam&#8230;<\/p>\n\t\t\t\t<\/div>\n\n\t\t\t\t<div class=\"post-meta post-meta-two\">\n\t\t\t\t\t\n        <div class=\"sh-columns post-meta-comments\">\n            <span class=\"post-meta-categories\">\n                <i class=\"icon-tag\"><\/i>\n                <a href=\"https:\/\/voice-interaction.com\/tmp-web\/pt\/category\/solucoes-pt\/transcricao-pt\/\" rel=\"category tag\">Transcri\u00e7\u00e3o<\/a>            <\/span>\n\n                            <div><\/div>\n                    <\/div>\n\n    \t\t\t\t<\/div>\n\t\t\t<\/div>\n\n\t\t<\/div>\n\t<\/article>\n\n\n\n\t<article id=\"post-4188\" class=\"post-item post-4188 post type-post status-publish format-standard has-post-thumbnail hentry category-eventos-pt category-media_pt tag-setexpo-pt\">\n\t\t<div class=\"post-container\">\n\t\t\t\n\t\t\t<div class=\"post-meta-thumb\">\n\t\t\t\t<img loading=\"lazy\" decoding=\"async\" width=\"900\" height=\"320\" src=\"https:\/\/voice-interaction.com\/tmp-web\/wp-content\/uploads\/2017\/07\/VI-SETExpo-2017_banner-site_PT.png\" class=\"attachment-large size-large wp-post-image\" alt=\"\" srcset=\"https:\/\/voice-interaction.com\/tmp-web\/wp-content\/uploads\/2017\/07\/VI-SETExpo-2017_banner-site_PT.png 900w, https:\/\/voice-interaction.com\/tmp-web\/wp-content\/uploads\/2017\/07\/VI-SETExpo-2017_banner-site_PT-300x107.png 300w, https:\/\/voice-interaction.com\/tmp-web\/wp-content\/uploads\/2017\/07\/VI-SETExpo-2017_banner-site_PT-768x273.png 768w\" sizes=\"auto, (max-width: 900px) 100vw, 900px\" \/>\t\t\t\t\n        <div class=\"sh-overlay-style1\">\n            <div class=\"sh-table-full\">\n                                    <a href=\"https:\/\/voice-interaction.com\/tmp-web\/pt\/voiceinteraction-regressa-ao-set-expo-em-sao-paulo\/\" class=\"sh-overlay-item sh-table-cell\" title=\"Open the article - A VoiceInteraction regressa ao SET EXPO, em S\u00e3o Paulo\">\n                        <div class=\"sh-overlay-item-container\">\n                            <i class=\"icon-link\"><\/i>\n                        <\/div>\n                    <\/a>\n                \n                                    <a href=\"https:\/\/voice-interaction.com\/tmp-web\/wp-content\/uploads\/2017\/07\/VI-SETExpo-2017_banner-site_PT.png\" class=\"sh-overlay-item sh-table-cell\" data-rel=\"lightcase\">\n                        <div class=\"sh-overlay-item-container\">\n                            <i class=\"icon-magnifier-add\"><\/i>\n                        <\/div>\n                    <\/a>\n                            <\/div>\n        <\/div>\n\n    \t\t\t<\/div>\n\n\t\t\t<div class=\"post-content-container\">\n\t\t\t\t<a href=\"https:\/\/voice-interaction.com\/tmp-web\/pt\/voiceinteraction-regressa-ao-set-expo-em-sao-paulo\/\" class=\"post-title\">\n\t\t\t\t\t<h2>\n\t\t\t\t\t\t\t\t\t\t\t\tA VoiceInteraction regressa ao SET EXPO, em S\u00e3o Paulo\t\t\t\t\t<\/h2>\n\t\t\t\t<\/a>\n\n\t\t\t\t<div class=\"post-meta post-meta-one\">\n\t\t\t\t\t\n        <span class=\"post-meta-author\">\n            by            <a href=\"https:\/\/voice-interaction.com\/tmp-web\/pt\/author\/ritaferreira\/\" class=\"bypostauthor\" itemprop=\"url\" rel=\"author\">\n                ritaferreira            <\/a>\n        <\/span>\n\n                    <time class=\"updated semantic\" itemprop=\"dateModified\" datetime=\"2017-11-16T18:09:22+00:00\"><\/time>\n            <a href=\"https:\/\/voice-interaction.com\/tmp-web\/pt\/voiceinteraction-regressa-ao-set-expo-em-sao-paulo\/\" class=\"post-meta-date sh-default-color\">Julho 27, 2017<\/a>\n        \n    \t\t\t\t<\/div>\n\n\t\t\t\t<div class=\"post-content\">\n\t\t\t\t\t<p>De 22\u00a0a 24\u00a0de Agosto, a VoiceInteraction\u00a0apresenta as \u00faltimas novidades em solu\u00e7\u00f5es de closed captioning e monitoriza\u00e7\u00e3o&#8230;<\/p>\n\t\t\t\t<\/div>\n\n\t\t\t\t<div class=\"post-meta post-meta-two\">\n\t\t\t\t\t\n        <div class=\"sh-columns post-meta-comments\">\n            <span class=\"post-meta-categories\">\n                <i class=\"icon-tag\"><\/i>\n                <a href=\"https:\/\/voice-interaction.com\/tmp-web\/pt\/category\/empresa-pt-pt\/eventos-pt\/\" rel=\"category tag\">Eventos<\/a>, <a href=\"https:\/\/voice-interaction.com\/tmp-web\/pt\/category\/industrias-pt\/media_pt\/\" rel=\"category tag\">Televis\u00e3o &amp; Media<\/a>            <\/span>\n\n                            <div><\/div>\n                    <\/div>\n\n    \t\t\t\t<\/div>\n\t\t\t<\/div>\n\n\t\t<\/div>\n\t<\/article>\n\n\n\n\t<article id=\"post-4201\" class=\"post-item post-4201 post type-post status-publish format-standard has-post-thumbnail hentry category-industrias-pt category-legendagem-automatica category-transcricao-pt\">\n\t\t<div class=\"post-container\">\n\t\t\t\n\t\t\t<div class=\"post-meta-thumb\">\n\t\t\t\t<img loading=\"lazy\" decoding=\"async\" width=\"260\" height=\"176\" src=\"https:\/\/voice-interaction.com\/tmp-web\/wp-content\/uploads\/2017\/07\/VI-news-201707-04-e1510933889241.jpg\" class=\"attachment-large size-large wp-post-image\" alt=\"\" \/>\t\t\t\t\n        <div class=\"sh-overlay-style1\">\n            <div class=\"sh-table-full\">\n                                    <a href=\"https:\/\/voice-interaction.com\/tmp-web\/pt\/que-tipo-de-empresas-podem-tirar-partido-da-legendagem\/\" class=\"sh-overlay-item sh-table-cell\" title=\"Open the article - Como tirar partido da legendagem?\">\n                        <div class=\"sh-overlay-item-container\">\n                            <i class=\"icon-link\"><\/i>\n                        <\/div>\n                    <\/a>\n                \n                                    <a href=\"https:\/\/voice-interaction.com\/tmp-web\/wp-content\/uploads\/2017\/07\/VI-news-201707-04-e1510933889241.jpg\" class=\"sh-overlay-item sh-table-cell\" data-rel=\"lightcase\">\n                        <div class=\"sh-overlay-item-container\">\n                            <i class=\"icon-magnifier-add\"><\/i>\n                        <\/div>\n                    <\/a>\n                            <\/div>\n        <\/div>\n\n    \t\t\t<\/div>\n\n\t\t\t<div class=\"post-content-container\">\n\t\t\t\t<a href=\"https:\/\/voice-interaction.com\/tmp-web\/pt\/que-tipo-de-empresas-podem-tirar-partido-da-legendagem\/\" class=\"post-title\">\n\t\t\t\t\t<h2>\n\t\t\t\t\t\t\t\t\t\t\t\tComo tirar partido da legendagem?\t\t\t\t\t<\/h2>\n\t\t\t\t<\/a>\n\n\t\t\t\t<div class=\"post-meta post-meta-one\">\n\t\t\t\t\t\n        <span class=\"post-meta-author\">\n            by            <a href=\"https:\/\/voice-interaction.com\/tmp-web\/pt\/author\/ritaferreira\/\" class=\"bypostauthor\" itemprop=\"url\" rel=\"author\">\n                ritaferreira            <\/a>\n        <\/span>\n\n                    <time class=\"updated semantic\" itemprop=\"dateModified\" datetime=\"2017-11-17T15:52:47+00:00\"><\/time>\n            <a href=\"https:\/\/voice-interaction.com\/tmp-web\/pt\/que-tipo-de-empresas-podem-tirar-partido-da-legendagem\/\" class=\"post-meta-date sh-default-color\">Julho 27, 2017<\/a>\n        \n    \t\t\t\t<\/div>\n\n\t\t\t\t<div class=\"post-content\">\n\t\t\t\t\t<p>Est\u00e1 comprovado que a\u00a0legendagem \u00e9 \u00fatil em uma s\u00e9rie de circunst\u00e2ncias, n\u00e3o s\u00f3 ao n\u00edvel de&#8230;<\/p>\n\t\t\t\t<\/div>\n\n\t\t\t\t<div class=\"post-meta post-meta-two\">\n\t\t\t\t\t\n        <div class=\"sh-columns post-meta-comments\">\n            <span class=\"post-meta-categories\">\n                <i class=\"icon-tag\"><\/i>\n                <a href=\"https:\/\/voice-interaction.com\/tmp-web\/pt\/category\/industrias-pt\/\" rel=\"category tag\">Ind\u00fastrias<\/a>, <a href=\"https:\/\/voice-interaction.com\/tmp-web\/pt\/category\/solucoes-pt\/legendagem-automatica\/\" rel=\"category tag\">Legendagem Autom\u00e1tica<\/a>, <a href=\"https:\/\/voice-interaction.com\/tmp-web\/pt\/category\/solucoes-pt\/transcricao-pt\/\" rel=\"category tag\">Transcri\u00e7\u00e3o<\/a>            <\/span>\n\n                            <div><\/div>\n                    <\/div>\n\n    \t\t\t\t<\/div>\n\t\t\t<\/div>\n\n\t\t<\/div>\n\t<\/article>\n\n\n\n\t<article id=\"post-4200\" class=\"post-item post-4200 post type-post status-publish format-standard has-post-thumbnail hentry category-legendagem-automatica tag-anatel tag-ebu-tt-pt tag-fcc-pt tag-legendagem-em-direto\">\n\t\t<div class=\"post-container\">\n\t\t\t\n\t\t\t<div class=\"post-meta-thumb\">\n\t\t\t\t<img loading=\"lazy\" decoding=\"async\" width=\"800\" height=\"322\" src=\"https:\/\/voice-interaction.com\/tmp-web\/wp-content\/uploads\/2017\/07\/VI-banner_News-201706-PT.jpg\" class=\"attachment-large size-large wp-post-image\" alt=\"\" srcset=\"https:\/\/voice-interaction.com\/tmp-web\/wp-content\/uploads\/2017\/07\/VI-banner_News-201706-PT.jpg 800w, https:\/\/voice-interaction.com\/tmp-web\/wp-content\/uploads\/2017\/07\/VI-banner_News-201706-PT-300x121.jpg 300w, https:\/\/voice-interaction.com\/tmp-web\/wp-content\/uploads\/2017\/07\/VI-banner_News-201706-PT-768x309.jpg 768w\" sizes=\"auto, (max-width: 800px) 100vw, 800px\" \/>\t\t\t\t\n        <div class=\"sh-overlay-style1\">\n            <div class=\"sh-table-full\">\n                                    <a href=\"https:\/\/voice-interaction.com\/tmp-web\/pt\/1-de-julho-com-novas-regras-para-os-canais-de-televisao\/\" class=\"sh-overlay-item sh-table-cell\" title=\"Open the article - 1 de Julho com novas regras para os canais de televis\u00e3o\">\n                        <div class=\"sh-overlay-item-container\">\n                            <i class=\"icon-link\"><\/i>\n                        <\/div>\n                    <\/a>\n                \n                                    <a href=\"https:\/\/voice-interaction.com\/tmp-web\/wp-content\/uploads\/2017\/07\/VI-banner_News-201706-PT.jpg\" class=\"sh-overlay-item sh-table-cell\" data-rel=\"lightcase\">\n                        <div class=\"sh-overlay-item-container\">\n                            <i class=\"icon-magnifier-add\"><\/i>\n                        <\/div>\n                    <\/a>\n                            <\/div>\n        <\/div>\n\n    \t\t\t<\/div>\n\n\t\t\t<div class=\"post-content-container\">\n\t\t\t\t<a href=\"https:\/\/voice-interaction.com\/tmp-web\/pt\/1-de-julho-com-novas-regras-para-os-canais-de-televisao\/\" class=\"post-title\">\n\t\t\t\t\t<h2>\n\t\t\t\t\t\t\t\t\t\t\t\t1 de Julho com novas regras para os canais de televis\u00e3o\t\t\t\t\t<\/h2>\n\t\t\t\t<\/a>\n\n\t\t\t\t<div class=\"post-meta post-meta-one\">\n\t\t\t\t\t\n        <span class=\"post-meta-author\">\n            by            <a href=\"https:\/\/voice-interaction.com\/tmp-web\/pt\/author\/ritaferreira\/\" class=\"bypostauthor\" itemprop=\"url\" rel=\"author\">\n                ritaferreira            <\/a>\n        <\/span>\n\n                    <time class=\"updated semantic\" itemprop=\"dateModified\" datetime=\"2017-12-14T16:37:36+00:00\"><\/time>\n            <a href=\"https:\/\/voice-interaction.com\/tmp-web\/pt\/1-de-julho-com-novas-regras-para-os-canais-de-televisao\/\" class=\"post-meta-date sh-default-color\">Julho 27, 2017<\/a>\n        \n    \t\t\t\t<\/div>\n\n\t\t\t\t<div class=\"post-content\">\n\t\t\t\t\t<p>Quem trabalha na \u00e1rea da televis\u00e3o tem presente que as legendas s\u00e3o um contributo fundamental para&#8230;<\/p>\n\t\t\t\t<\/div>\n\n\t\t\t\t<div class=\"post-meta post-meta-two\">\n\t\t\t\t\t\n        <div class=\"sh-columns post-meta-comments\">\n            <span class=\"post-meta-categories\">\n                <i class=\"icon-tag\"><\/i>\n                <a href=\"https:\/\/voice-interaction.com\/tmp-web\/pt\/category\/solucoes-pt\/legendagem-automatica\/\" rel=\"category tag\">Legendagem Autom\u00e1tica<\/a>            <\/span>\n\n                            <div><\/div>\n                    <\/div>\n\n    \t\t\t\t<\/div>\n\t\t\t<\/div>\n\n\t\t<\/div>\n\t<\/article>\n\n\n\n\t<article id=\"post-4199\" class=\"post-item post-4199 post type-post status-publish format-standard has-post-thumbnail hentry category-legendagem-automatica category-noticias-empresa-pt category-parcerias-pt category-transcricao-pt tag-rtp\">\n\t\t<div class=\"post-container\">\n\t\t\t\n\t\t\t<div class=\"post-meta-thumb\">\n\t\t\t\t<img loading=\"lazy\" decoding=\"async\" width=\"1024\" height=\"731\" src=\"https:\/\/voice-interaction.com\/tmp-web\/wp-content\/uploads\/2017\/03\/AudimusMedia-live-closedcaptioning-1024x731.png\" class=\"attachment-large size-large wp-post-image\" alt=\"\" srcset=\"https:\/\/voice-interaction.com\/tmp-web\/wp-content\/uploads\/2017\/03\/AudimusMedia-live-closedcaptioning-1024x731.png 1024w, https:\/\/voice-interaction.com\/tmp-web\/wp-content\/uploads\/2017\/03\/AudimusMedia-live-closedcaptioning-300x214.png 300w, https:\/\/voice-interaction.com\/tmp-web\/wp-content\/uploads\/2017\/03\/AudimusMedia-live-closedcaptioning-768x548.png 768w, https:\/\/voice-interaction.com\/tmp-web\/wp-content\/uploads\/2017\/03\/AudimusMedia-live-closedcaptioning-e1519661733662.png 280w\" sizes=\"auto, (max-width: 1024px) 100vw, 1024px\" \/>\t\t\t\t\n        <div class=\"sh-overlay-style1\">\n            <div class=\"sh-table-full\">\n                                    <a href=\"https:\/\/voice-interaction.com\/tmp-web\/pt\/novos-formatos-de-legendas-ao-vivo-ebut-tt-d-e-imsc-1-0\/\" class=\"sh-overlay-item sh-table-cell\" title=\"Open the article - Novos formatos de legendas em direto: EBUT-TT-D e IMSC 1.0\">\n                        <div class=\"sh-overlay-item-container\">\n                            <i class=\"icon-link\"><\/i>\n                        <\/div>\n                    <\/a>\n                \n                                    <a href=\"https:\/\/voice-interaction.com\/tmp-web\/wp-content\/uploads\/2017\/03\/AudimusMedia-live-closedcaptioning-1024x731.png\" class=\"sh-overlay-item sh-table-cell\" data-rel=\"lightcase\">\n                        <div class=\"sh-overlay-item-container\">\n                            <i class=\"icon-magnifier-add\"><\/i>\n                        <\/div>\n                    <\/a>\n                            <\/div>\n        <\/div>\n\n    \t\t\t<\/div>\n\n\t\t\t<div class=\"post-content-container\">\n\t\t\t\t<a href=\"https:\/\/voice-interaction.com\/tmp-web\/pt\/novos-formatos-de-legendas-ao-vivo-ebut-tt-d-e-imsc-1-0\/\" class=\"post-title\">\n\t\t\t\t\t<h2>\n\t\t\t\t\t\t\t\t\t\t\t\tNovos formatos de legendas em direto: EBUT-TT-D e IMSC 1.0\t\t\t\t\t<\/h2>\n\t\t\t\t<\/a>\n\n\t\t\t\t<div class=\"post-meta post-meta-one\">\n\t\t\t\t\t\n        <span class=\"post-meta-author\">\n            by            <a href=\"https:\/\/voice-interaction.com\/tmp-web\/pt\/author\/ritaferreira\/\" class=\"bypostauthor\" itemprop=\"url\" rel=\"author\">\n                ritaferreira            <\/a>\n        <\/span>\n\n                    <time class=\"updated semantic\" itemprop=\"dateModified\" datetime=\"2017-11-27T18:43:53+00:00\"><\/time>\n            <a href=\"https:\/\/voice-interaction.com\/tmp-web\/pt\/novos-formatos-de-legendas-ao-vivo-ebut-tt-d-e-imsc-1-0\/\" class=\"post-meta-date sh-default-color\">Julho 25, 2017<\/a>\n        \n    \t\t\t\t<\/div>\n\n\t\t\t\t<div class=\"post-content\">\n\t\t\t\t\t<p>Um dos cont\u00ednuos esfor\u00e7os\u00a0da VoiceInteraction tem sido transportar a legendagem autom\u00e1tica para novas aplica\u00e7\u00f5es. Um dos&#8230;<\/p>\n\t\t\t\t<\/div>\n\n\t\t\t\t<div class=\"post-meta post-meta-two\">\n\t\t\t\t\t\n        <div class=\"sh-columns post-meta-comments\">\n            <span class=\"post-meta-categories\">\n                <i class=\"icon-tag\"><\/i>\n                <a href=\"https:\/\/voice-interaction.com\/tmp-web\/pt\/category\/solucoes-pt\/legendagem-automatica\/\" rel=\"category tag\">Legendagem Autom\u00e1tica<\/a>, <a href=\"https:\/\/voice-interaction.com\/tmp-web\/pt\/category\/empresa-pt-pt\/noticias-empresa-pt\/\" rel=\"category tag\">Not\u00edcias Empresa<\/a>, <a href=\"https:\/\/voice-interaction.com\/tmp-web\/pt\/category\/empresa-pt-pt\/parcerias-pt\/\" rel=\"category tag\">Parcerias<\/a>, <a href=\"https:\/\/voice-interaction.com\/tmp-web\/pt\/category\/solucoes-pt\/transcricao-pt\/\" rel=\"category tag\">Transcri\u00e7\u00e3o<\/a>            <\/span>\n\n                            <div><\/div>\n                    <\/div>\n\n    \t\t\t\t<\/div>\n\t\t\t<\/div>\n\n\t\t<\/div>\n\t<\/article>\n\n\n\n\t<article id=\"post-4056\" class=\"post-item post-4056 post type-post status-publish format-standard has-post-thumbnail hentry category-governo-pt category-transcricao-pt tag-audimus-server-pt tag-camaras-municipais-pt\">\n\t\t<div class=\"post-container\">\n\t\t\t\n\t\t\t<div class=\"post-meta-thumb\">\n\t\t\t\t<img loading=\"lazy\" decoding=\"async\" width=\"800\" height=\"323\" src=\"https:\/\/voice-interaction.com\/tmp-web\/wp-content\/uploads\/2017\/06\/VI-banner_AServer-201706-02.jpg\" class=\"attachment-large size-large wp-post-image\" alt=\"\" srcset=\"https:\/\/voice-interaction.com\/tmp-web\/wp-content\/uploads\/2017\/06\/VI-banner_AServer-201706-02.jpg 800w, https:\/\/voice-interaction.com\/tmp-web\/wp-content\/uploads\/2017\/06\/VI-banner_AServer-201706-02-300x121.jpg 300w, https:\/\/voice-interaction.com\/tmp-web\/wp-content\/uploads\/2017\/06\/VI-banner_AServer-201706-02-768x310.jpg 768w\" sizes=\"auto, (max-width: 800px) 100vw, 800px\" \/>\t\t\t\t\n        <div class=\"sh-overlay-style1\">\n            <div class=\"sh-table-full\">\n                                    <a href=\"https:\/\/voice-interaction.com\/tmp-web\/pt\/camara-municipal-do-bombarral-adquire-audimus-server\/\" class=\"sh-overlay-item sh-table-cell\" title=\"Open the article - C\u00e2mara Municipal do Bombarral adquire Audimus.Server\">\n                        <div class=\"sh-overlay-item-container\">\n                            <i class=\"icon-link\"><\/i>\n                        <\/div>\n                    <\/a>\n                \n                                    <a href=\"https:\/\/voice-interaction.com\/tmp-web\/wp-content\/uploads\/2017\/06\/VI-banner_AServer-201706-02.jpg\" class=\"sh-overlay-item sh-table-cell\" data-rel=\"lightcase\">\n                        <div class=\"sh-overlay-item-container\">\n                            <i class=\"icon-magnifier-add\"><\/i>\n                        <\/div>\n                    <\/a>\n                            <\/div>\n        <\/div>\n\n    \t\t\t<\/div>\n\n\t\t\t<div class=\"post-content-container\">\n\t\t\t\t<a href=\"https:\/\/voice-interaction.com\/tmp-web\/pt\/camara-municipal-do-bombarral-adquire-audimus-server\/\" class=\"post-title\">\n\t\t\t\t\t<h2>\n\t\t\t\t\t\t\t\t\t\t\t\tC\u00e2mara Municipal do Bombarral adquire Audimus.Server\t\t\t\t\t<\/h2>\n\t\t\t\t<\/a>\n\n\t\t\t\t<div class=\"post-meta post-meta-one\">\n\t\t\t\t\t\n        <span class=\"post-meta-author\">\n            by            <a href=\"https:\/\/voice-interaction.com\/tmp-web\/pt\/author\/ritaferreira\/\" class=\"bypostauthor\" itemprop=\"url\" rel=\"author\">\n                ritaferreira            <\/a>\n        <\/span>\n\n                    <time class=\"updated semantic\" itemprop=\"dateModified\" datetime=\"2018-05-17T11:34:18+00:00\"><\/time>\n            <a href=\"https:\/\/voice-interaction.com\/tmp-web\/pt\/camara-municipal-do-bombarral-adquire-audimus-server\/\" class=\"post-meta-date sh-default-color\">Junho 20, 2017<\/a>\n        \n    \t\t\t\t<\/div>\n\n\t\t\t\t<div class=\"post-content\">\n\t\t\t\t\t<p>A C\u00e2mara Municipal do Bombarral come\u00e7ou recentemente a utilizar o software AUDIMUS.SERVER de transcri\u00e7\u00e3o autom\u00e1tica para&#8230;<\/p>\n\t\t\t\t<\/div>\n\n\t\t\t\t<div class=\"post-meta post-meta-two\">\n\t\t\t\t\t\n        <div class=\"sh-columns post-meta-comments\">\n            <span class=\"post-meta-categories\">\n                <i class=\"icon-tag\"><\/i>\n                <a href=\"https:\/\/voice-interaction.com\/tmp-web\/pt\/category\/industrias-pt\/governo-pt\/\" rel=\"category tag\">Governo<\/a>, <a href=\"https:\/\/voice-interaction.com\/tmp-web\/pt\/category\/solucoes-pt\/transcricao-pt\/\" rel=\"category tag\">Transcri\u00e7\u00e3o<\/a>            <\/span>\n\n                            <div><\/div>\n                    <\/div>\n\n    \t\t\t\t<\/div>\n\t\t\t<\/div>\n\n\t\t<\/div>\n\t<\/article>\n\n\n\n\t<article id=\"post-4055\" class=\"post-item post-4055 post type-post status-publish format-standard has-post-thumbnail hentry category-legendagem-automatica category-media_pt\">\n\t\t<div class=\"post-container\">\n\t\t\t\n\t\t\t<div class=\"post-meta-thumb\">\n\t\t\t\t<img loading=\"lazy\" decoding=\"async\" width=\"280\" height=\"189\" src=\"https:\/\/voice-interaction.com\/tmp-web\/wp-content\/uploads\/2017\/06\/VI-news-201706-01-e1519664028293.jpg\" class=\"attachment-large size-large wp-post-image\" alt=\"\" \/>\t\t\t\t\n        <div class=\"sh-overlay-style1\">\n            <div class=\"sh-table-full\">\n                                    <a href=\"https:\/\/voice-interaction.com\/tmp-web\/pt\/novos-clientes-no-brasil-e-eua\/\" class=\"sh-overlay-item sh-table-cell\" title=\"Open the article - AUDIMUS.MEDIA com novos clientes no Brasil e EUA\">\n                        <div class=\"sh-overlay-item-container\">\n                            <i class=\"icon-link\"><\/i>\n                        <\/div>\n                    <\/a>\n                \n                                    <a href=\"https:\/\/voice-interaction.com\/tmp-web\/wp-content\/uploads\/2017\/06\/VI-news-201706-01-e1519664028293.jpg\" class=\"sh-overlay-item sh-table-cell\" data-rel=\"lightcase\">\n                        <div class=\"sh-overlay-item-container\">\n                            <i class=\"icon-magnifier-add\"><\/i>\n                        <\/div>\n                    <\/a>\n                            <\/div>\n        <\/div>\n\n    \t\t\t<\/div>\n\n\t\t\t<div class=\"post-content-container\">\n\t\t\t\t<a href=\"https:\/\/voice-interaction.com\/tmp-web\/pt\/novos-clientes-no-brasil-e-eua\/\" class=\"post-title\">\n\t\t\t\t\t<h2>\n\t\t\t\t\t\t\t\t\t\t\t\tAUDIMUS.MEDIA com novos clientes no Brasil e EUA\t\t\t\t\t<\/h2>\n\t\t\t\t<\/a>\n\n\t\t\t\t<div class=\"post-meta post-meta-one\">\n\t\t\t\t\t\n        <span class=\"post-meta-author\">\n            by            <a href=\"https:\/\/voice-interaction.com\/tmp-web\/pt\/author\/ritaferreira\/\" class=\"bypostauthor\" itemprop=\"url\" rel=\"author\">\n                ritaferreira            <\/a>\n        <\/span>\n\n                    <time class=\"updated semantic\" itemprop=\"dateModified\" datetime=\"2017-11-16T12:44:48+00:00\"><\/time>\n            <a href=\"https:\/\/voice-interaction.com\/tmp-web\/pt\/novos-clientes-no-brasil-e-eua\/\" class=\"post-meta-date sh-default-color\">Junho 20, 2017<\/a>\n        \n    \t\t\t\t<\/div>\n\n\t\t\t\t<div class=\"post-content\">\n\t\t\t\t\t<p>Lan\u00e7\u00e1mos uma nova vers\u00e3o do AUDIMUS.MEDIA\u00a0na NAB Show 2017 e desde ent\u00e3o,\u00a0a aceita\u00e7\u00e3o deste sistema tem&#8230;<\/p>\n\t\t\t\t<\/div>\n\n\t\t\t\t<div class=\"post-meta post-meta-two\">\n\t\t\t\t\t\n        <div class=\"sh-columns post-meta-comments\">\n            <span class=\"post-meta-categories\">\n                <i class=\"icon-tag\"><\/i>\n                <a href=\"https:\/\/voice-interaction.com\/tmp-web\/pt\/category\/solucoes-pt\/legendagem-automatica\/\" rel=\"category tag\">Legendagem Autom\u00e1tica<\/a>, <a href=\"https:\/\/voice-interaction.com\/tmp-web\/pt\/category\/industrias-pt\/media_pt\/\" rel=\"category tag\">Televis\u00e3o &amp; Media<\/a>            <\/span>\n\n                            <div><\/div>\n                    <\/div>\n\n    \t\t\t\t<\/div>\n\t\t\t<\/div>\n\n\t\t<\/div>\n\t<\/article>\n\n\n\n\t<article id=\"post-4054\" class=\"post-item post-4054 post type-post status-publish format-standard has-post-thumbnail hentry category-solucoes-pt\">\n\t\t<div class=\"post-container\">\n\t\t\t\n\t\t\t<div class=\"post-meta-thumb\">\n\t\t\t\t<img loading=\"lazy\" decoding=\"async\" width=\"280\" height=\"189\" src=\"https:\/\/voice-interaction.com\/tmp-web\/wp-content\/uploads\/2017\/06\/VI-news-201706-02-e1519663866975.jpg\" class=\"attachment-large size-large wp-post-image\" alt=\"\" \/>\t\t\t\t\n        <div class=\"sh-overlay-style1\">\n            <div class=\"sh-table-full\">\n                                    <a href=\"https:\/\/voice-interaction.com\/tmp-web\/pt\/tecnologia-voiceinteraction\/\" class=\"sh-overlay-item sh-table-cell\" title=\"Open the article - Conhe\u00e7a a tecnologia da VoiceInteraction\">\n                        <div class=\"sh-overlay-item-container\">\n                            <i class=\"icon-link\"><\/i>\n                        <\/div>\n                    <\/a>\n                \n                                    <a href=\"https:\/\/voice-interaction.com\/tmp-web\/wp-content\/uploads\/2017\/06\/VI-news-201706-02-e1519663866975.jpg\" class=\"sh-overlay-item sh-table-cell\" data-rel=\"lightcase\">\n                        <div class=\"sh-overlay-item-container\">\n                            <i class=\"icon-magnifier-add\"><\/i>\n                        <\/div>\n                    <\/a>\n                            <\/div>\n        <\/div>\n\n    \t\t\t<\/div>\n\n\t\t\t<div class=\"post-content-container\">\n\t\t\t\t<a href=\"https:\/\/voice-interaction.com\/tmp-web\/pt\/tecnologia-voiceinteraction\/\" class=\"post-title\">\n\t\t\t\t\t<h2>\n\t\t\t\t\t\t\t\t\t\t\t\tConhe\u00e7a a tecnologia da VoiceInteraction\t\t\t\t\t<\/h2>\n\t\t\t\t<\/a>\n\n\t\t\t\t<div class=\"post-meta post-meta-one\">\n\t\t\t\t\t\n        <span class=\"post-meta-author\">\n            by            <a href=\"https:\/\/voice-interaction.com\/tmp-web\/pt\/author\/ritaferreira\/\" class=\"bypostauthor\" itemprop=\"url\" rel=\"author\">\n                ritaferreira            <\/a>\n        <\/span>\n\n                    <time class=\"updated semantic\" itemprop=\"dateModified\" datetime=\"2017-11-16T12:45:31+00:00\"><\/time>\n            <a href=\"https:\/\/voice-interaction.com\/tmp-web\/pt\/tecnologia-voiceinteraction\/\" class=\"post-meta-date sh-default-color\">Junho 20, 2017<\/a>\n        \n    \t\t\t\t<\/div>\n\n\t\t\t\t<div class=\"post-content\">\n\t\t\t\t\t<p>A VoiceInteraction acredita que a fala ser\u00e1 no futuro a interface privilegiada no acesso \u00e0s tecnologias&#8230;<\/p>\n\t\t\t\t<\/div>\n\n\t\t\t\t<div class=\"post-meta post-meta-two\">\n\t\t\t\t\t\n        <div class=\"sh-columns post-meta-comments\">\n            <span class=\"post-meta-categories\">\n                <i class=\"icon-tag\"><\/i>\n                <a href=\"https:\/\/voice-interaction.com\/tmp-web\/pt\/category\/solucoes-pt\/\" rel=\"category tag\">Solu\u00e7\u00f5es<\/a>            <\/span>\n\n                            <div><\/div>\n                    <\/div>\n\n    \t\t\t\t<\/div>\n\t\t\t<\/div>\n\n\t\t<\/div>\n\t<\/article>\n\n\n\n\t<article id=\"post-4053\" class=\"post-item post-4053 post type-post status-publish format-standard has-post-thumbnail hentry category-empresarial-pt category-speech-analytics-pt\">\n\t\t<div class=\"post-container\">\n\t\t\t\n\t\t\t<div class=\"post-meta-thumb\">\n\t\t\t\t<img loading=\"lazy\" decoding=\"async\" width=\"1024\" height=\"647\" src=\"https:\/\/voice-interaction.com\/tmp-web\/wp-content\/uploads\/2017\/06\/vi-news-systems-1024x647.png\" class=\"attachment-large size-large wp-post-image\" alt=\"\" srcset=\"https:\/\/voice-interaction.com\/tmp-web\/wp-content\/uploads\/2017\/06\/vi-news-systems-1024x647.png 1024w, https:\/\/voice-interaction.com\/tmp-web\/wp-content\/uploads\/2017\/06\/vi-news-systems-e1519659324872.png 300w, https:\/\/voice-interaction.com\/tmp-web\/wp-content\/uploads\/2017\/06\/vi-news-systems-768x485.png 768w\" sizes=\"auto, (max-width: 1024px) 100vw, 1024px\" \/>\t\t\t\t\n        <div class=\"sh-overlay-style1\">\n            <div class=\"sh-table-full\">\n                                    <a href=\"https:\/\/voice-interaction.com\/tmp-web\/pt\/speech-analytics-aplicado-a-seguranca-e-corporate\/\" class=\"sh-overlay-item sh-table-cell\" title=\"Open the article - Speech analytics aplicado \u00e0s areas de seguran\u00e7a e corporate\">\n                        <div class=\"sh-overlay-item-container\">\n                            <i class=\"icon-link\"><\/i>\n                        <\/div>\n                    <\/a>\n                \n                                    <a href=\"https:\/\/voice-interaction.com\/tmp-web\/wp-content\/uploads\/2017\/06\/vi-news-systems-1024x647.png\" class=\"sh-overlay-item sh-table-cell\" data-rel=\"lightcase\">\n                        <div class=\"sh-overlay-item-container\">\n                            <i class=\"icon-magnifier-add\"><\/i>\n                        <\/div>\n                    <\/a>\n                            <\/div>\n        <\/div>\n\n    \t\t\t<\/div>\n\n\t\t\t<div class=\"post-content-container\">\n\t\t\t\t<a href=\"https:\/\/voice-interaction.com\/tmp-web\/pt\/speech-analytics-aplicado-a-seguranca-e-corporate\/\" class=\"post-title\">\n\t\t\t\t\t<h2>\n\t\t\t\t\t\t\t\t\t\t\t\tSpeech analytics aplicado \u00e0s areas de seguran\u00e7a e corporate\t\t\t\t\t<\/h2>\n\t\t\t\t<\/a>\n\n\t\t\t\t<div class=\"post-meta post-meta-one\">\n\t\t\t\t\t\n        <span class=\"post-meta-author\">\n            by            <a href=\"https:\/\/voice-interaction.com\/tmp-web\/pt\/author\/ritaferreira\/\" class=\"bypostauthor\" itemprop=\"url\" rel=\"author\">\n                ritaferreira            <\/a>\n        <\/span>\n\n                    <time class=\"updated semantic\" itemprop=\"dateModified\" datetime=\"2017-11-21T17:44:45+00:00\"><\/time>\n            <a href=\"https:\/\/voice-interaction.com\/tmp-web\/pt\/speech-analytics-aplicado-a-seguranca-e-corporate\/\" class=\"post-meta-date sh-default-color\">Junho 20, 2017<\/a>\n        \n    \t\t\t\t<\/div>\n\n\t\t\t\t<div class=\"post-content\">\n\t\t\t\t\t<p>A VoiceInteraction instalou o software CMS em\u00a0v\u00e1rios clientes nas \u00e1rea\u00a0de seguran\u00e7a e corporate, com o objetivo&#8230;<\/p>\n\t\t\t\t<\/div>\n\n\t\t\t\t<div class=\"post-meta post-meta-two\">\n\t\t\t\t\t\n        <div class=\"sh-columns post-meta-comments\">\n            <span class=\"post-meta-categories\">\n                <i class=\"icon-tag\"><\/i>\n                <a href=\"https:\/\/voice-interaction.com\/tmp-web\/pt\/category\/industrias-pt\/empresarial-pt\/\" rel=\"category tag\">Empresarial<\/a>, <a href=\"https:\/\/voice-interaction.com\/tmp-web\/pt\/category\/solucoes-pt\/speech-analytics-pt\/\" rel=\"category tag\">Speech Analytics<\/a>            <\/span>\n\n                            <div><\/div>\n                    <\/div>\n\n    \t\t\t\t<\/div>\n\t\t\t<\/div>\n\n\t\t<\/div>\n\t<\/article>\n\n\n\n\t<article id=\"post-4052\" class=\"post-item post-4052 post type-post status-publish format-standard has-post-thumbnail hentry category-eventos-pt category-media_pt tag-setexpo-pt\">\n\t\t<div class=\"post-container\">\n\t\t\t\n\t\t\t<div class=\"post-meta-thumb\">\n\t\t\t\t<img loading=\"lazy\" decoding=\"async\" width=\"900\" height=\"320\" src=\"https:\/\/voice-interaction.com\/tmp-web\/wp-content\/uploads\/2017\/06\/VI-SETExpo-2017_banner-site_PT.png\" class=\"attachment-large size-large wp-post-image\" alt=\"\" srcset=\"https:\/\/voice-interaction.com\/tmp-web\/wp-content\/uploads\/2017\/06\/VI-SETExpo-2017_banner-site_PT.png 900w, https:\/\/voice-interaction.com\/tmp-web\/wp-content\/uploads\/2017\/06\/VI-SETExpo-2017_banner-site_PT-300x107.png 300w, https:\/\/voice-interaction.com\/tmp-web\/wp-content\/uploads\/2017\/06\/VI-SETExpo-2017_banner-site_PT-768x273.png 768w\" sizes=\"auto, (max-width: 900px) 100vw, 900px\" \/>\t\t\t\t\n        <div class=\"sh-overlay-style1\">\n            <div class=\"sh-table-full\">\n                                    <a href=\"https:\/\/voice-interaction.com\/tmp-web\/pt\/sextexpo-2017\/\" class=\"sh-overlay-item sh-table-cell\" title=\"Open the article - Pr\u00f3xima Paragem: SET Expo, S\u00e3o Paulo.\">\n                        <div class=\"sh-overlay-item-container\">\n                            <i class=\"icon-link\"><\/i>\n                        <\/div>\n                    <\/a>\n                \n                                    <a href=\"https:\/\/voice-interaction.com\/tmp-web\/wp-content\/uploads\/2017\/06\/VI-SETExpo-2017_banner-site_PT.png\" class=\"sh-overlay-item sh-table-cell\" data-rel=\"lightcase\">\n                        <div class=\"sh-overlay-item-container\">\n                            <i class=\"icon-magnifier-add\"><\/i>\n                        <\/div>\n                    <\/a>\n                            <\/div>\n        <\/div>\n\n    \t\t\t<\/div>\n\n\t\t\t<div class=\"post-content-container\">\n\t\t\t\t<a href=\"https:\/\/voice-interaction.com\/tmp-web\/pt\/sextexpo-2017\/\" class=\"post-title\">\n\t\t\t\t\t<h2>\n\t\t\t\t\t\t\t\t\t\t\t\tPr\u00f3xima Paragem: SET Expo, S\u00e3o Paulo.\t\t\t\t\t<\/h2>\n\t\t\t\t<\/a>\n\n\t\t\t\t<div class=\"post-meta post-meta-one\">\n\t\t\t\t\t\n        <span class=\"post-meta-author\">\n            by            <a href=\"https:\/\/voice-interaction.com\/tmp-web\/pt\/author\/ritaferreira\/\" class=\"bypostauthor\" itemprop=\"url\" rel=\"author\">\n                ritaferreira            <\/a>\n        <\/span>\n\n                    <time class=\"updated semantic\" itemprop=\"dateModified\" datetime=\"2017-11-16T18:09:23+00:00\"><\/time>\n            <a href=\"https:\/\/voice-interaction.com\/tmp-web\/pt\/sextexpo-2017\/\" class=\"post-meta-date sh-default-color\">Junho 8, 2017<\/a>\n        \n    \t\t\t\t<\/div>\n\n\t\t\t\t<div class=\"post-content\">\n\t\t\t\t\t<p>A cidade de S\u00e3o Paulo \u00e9 considerada uma das cidades mais globalizadas do mundo. Talvez seja&#8230;<\/p>\n\t\t\t\t<\/div>\n\n\t\t\t\t<div class=\"post-meta post-meta-two\">\n\t\t\t\t\t\n        <div class=\"sh-columns post-meta-comments\">\n            <span class=\"post-meta-categories\">\n                <i class=\"icon-tag\"><\/i>\n                <a href=\"https:\/\/voice-interaction.com\/tmp-web\/pt\/category\/empresa-pt-pt\/eventos-pt\/\" rel=\"category tag\">Eventos<\/a>, <a href=\"https:\/\/voice-interaction.com\/tmp-web\/pt\/category\/industrias-pt\/media_pt\/\" rel=\"category tag\">Televis\u00e3o &amp; Media<\/a>            <\/span>\n\n                            <div><\/div>\n                    <\/div>\n\n    \t\t\t\t<\/div>\n\t\t\t<\/div>\n\n\t\t<\/div>\n\t<\/article>\n\n\n\n\t<article id=\"post-3909\" class=\"post-item post-3909 post type-post status-publish format-standard has-post-thumbnail hentry category-governo-pt category-transcricao-pt tag-audimus-server-pt tag-camaras-municipais-pt\">\n\t\t<div class=\"post-container\">\n\t\t\t\n\t\t\t<div class=\"post-meta-thumb\">\n\t\t\t\t<img loading=\"lazy\" decoding=\"async\" width=\"900\" height=\"320\" src=\"https:\/\/voice-interaction.com\/tmp-web\/wp-content\/uploads\/2017\/05\/VI-banner_AudimusServer-201705.jpg\" class=\"attachment-large size-large wp-post-image\" alt=\"\" srcset=\"https:\/\/voice-interaction.com\/tmp-web\/wp-content\/uploads\/2017\/05\/VI-banner_AudimusServer-201705.jpg 900w, https:\/\/voice-interaction.com\/tmp-web\/wp-content\/uploads\/2017\/05\/VI-banner_AudimusServer-201705-300x107.jpg 300w, https:\/\/voice-interaction.com\/tmp-web\/wp-content\/uploads\/2017\/05\/VI-banner_AudimusServer-201705-768x273.jpg 768w\" sizes=\"auto, (max-width: 900px) 100vw, 900px\" \/>\t\t\t\t\n        <div class=\"sh-overlay-style1\">\n            <div class=\"sh-table-full\">\n                                    <a href=\"https:\/\/voice-interaction.com\/tmp-web\/pt\/camaras-municipais-do-porto-e-sao-joao-da-madeira-adquirem-sistema-de-transcricao-automatico-de-atas\/\" class=\"sh-overlay-item sh-table-cell\" title=\"Open the article - C\u00e2maras Municipais do Porto, S\u00e3o Jo\u00e3o da Madeira e Guimar\u00e3es adquirem Sistema de Transcri\u00e7\u00e3o Autom\u00e1tico de Atas\">\n                        <div class=\"sh-overlay-item-container\">\n                            <i class=\"icon-link\"><\/i>\n                        <\/div>\n                    <\/a>\n                \n                                    <a href=\"https:\/\/voice-interaction.com\/tmp-web\/wp-content\/uploads\/2017\/05\/VI-banner_AudimusServer-201705.jpg\" class=\"sh-overlay-item sh-table-cell\" data-rel=\"lightcase\">\n                        <div class=\"sh-overlay-item-container\">\n                            <i class=\"icon-magnifier-add\"><\/i>\n                        <\/div>\n                    <\/a>\n                            <\/div>\n        <\/div>\n\n    \t\t\t<\/div>\n\n\t\t\t<div class=\"post-content-container\">\n\t\t\t\t<a href=\"https:\/\/voice-interaction.com\/tmp-web\/pt\/camaras-municipais-do-porto-e-sao-joao-da-madeira-adquirem-sistema-de-transcricao-automatico-de-atas\/\" class=\"post-title\">\n\t\t\t\t\t<h2>\n\t\t\t\t\t\t\t\t\t\t\t\tC\u00e2maras Municipais do Porto, S\u00e3o Jo\u00e3o da Madeira e Guimar\u00e3es adquirem Sistema de Transcri\u00e7\u00e3o Autom\u00e1tico de Atas\t\t\t\t\t<\/h2>\n\t\t\t\t<\/a>\n\n\t\t\t\t<div class=\"post-meta post-meta-one\">\n\t\t\t\t\t\n        <span class=\"post-meta-author\">\n            by            <a href=\"https:\/\/voice-interaction.com\/tmp-web\/pt\/author\/ritaferreira\/\" class=\"bypostauthor\" itemprop=\"url\" rel=\"author\">\n                ritaferreira            <\/a>\n        <\/span>\n\n                    <time class=\"updated semantic\" itemprop=\"dateModified\" datetime=\"2018-05-17T11:34:28+00:00\"><\/time>\n            <a href=\"https:\/\/voice-interaction.com\/tmp-web\/pt\/camaras-municipais-do-porto-e-sao-joao-da-madeira-adquirem-sistema-de-transcricao-automatico-de-atas\/\" class=\"post-meta-date sh-default-color\">Maio 17, 2017<\/a>\n        \n    \t\t\t\t<\/div>\n\n\t\t\t\t<div class=\"post-content\">\n\t\t\t\t\t<p>A VoiceInteraction adiciona ao seu portef\u00f3lio de clientes a C\u00e2mara Municipal do Porto e a C\u00e2mara&#8230;<\/p>\n\t\t\t\t<\/div>\n\n\t\t\t\t<div class=\"post-meta post-meta-two\">\n\t\t\t\t\t\n        <div class=\"sh-columns post-meta-comments\">\n            <span class=\"post-meta-categories\">\n                <i class=\"icon-tag\"><\/i>\n                <a href=\"https:\/\/voice-interaction.com\/tmp-web\/pt\/category\/industrias-pt\/governo-pt\/\" rel=\"category tag\">Governo<\/a>, <a href=\"https:\/\/voice-interaction.com\/tmp-web\/pt\/category\/solucoes-pt\/transcricao-pt\/\" rel=\"category tag\">Transcri\u00e7\u00e3o<\/a>            <\/span>\n\n                            <div><\/div>\n                    <\/div>\n\n    \t\t\t\t<\/div>\n\t\t\t<\/div>\n\n\t\t<\/div>\n\t<\/article>\n\n\n\n\t<article id=\"post-3709\" class=\"post-item post-3709 post type-post status-publish format-standard has-post-thumbnail hentry category-governo-pt category-transcricao-pt tag-audimus-server-pt tag-camaras-municipais-pt\">\n\t\t<div class=\"post-container\">\n\t\t\t\n\t\t\t<div class=\"post-meta-thumb\">\n\t\t\t\t<img loading=\"lazy\" decoding=\"async\" width=\"280\" height=\"112\" src=\"https:\/\/voice-interaction.com\/tmp-web\/wp-content\/uploads\/2017\/03\/vi-img-news-00-e1519660599218.jpg\" class=\"attachment-large size-large wp-post-image\" alt=\"\" \/>\t\t\t\t\n        <div class=\"sh-overlay-style1\">\n            <div class=\"sh-table-full\">\n                                    <a href=\"https:\/\/voice-interaction.com\/tmp-web\/pt\/camaras\/\" class=\"sh-overlay-item sh-table-cell\" title=\"Open the article - Audimus.Server em testes em mais de 30 c\u00e2maras municipais.\">\n                        <div class=\"sh-overlay-item-container\">\n                            <i class=\"icon-link\"><\/i>\n                        <\/div>\n                    <\/a>\n                \n                                    <a href=\"https:\/\/voice-interaction.com\/tmp-web\/wp-content\/uploads\/2017\/03\/vi-img-news-00-e1519660599218.jpg\" class=\"sh-overlay-item sh-table-cell\" data-rel=\"lightcase\">\n                        <div class=\"sh-overlay-item-container\">\n                            <i class=\"icon-magnifier-add\"><\/i>\n                        <\/div>\n                    <\/a>\n                            <\/div>\n        <\/div>\n\n    \t\t\t<\/div>\n\n\t\t\t<div class=\"post-content-container\">\n\t\t\t\t<a href=\"https:\/\/voice-interaction.com\/tmp-web\/pt\/camaras\/\" class=\"post-title\">\n\t\t\t\t\t<h2>\n\t\t\t\t\t\t\t\t\t\t\t\tAudimus.Server em testes em mais de 30 c\u00e2maras municipais.\t\t\t\t\t<\/h2>\n\t\t\t\t<\/a>\n\n\t\t\t\t<div class=\"post-meta post-meta-one\">\n\t\t\t\t\t\n        <span class=\"post-meta-author\">\n            by            <a href=\"https:\/\/voice-interaction.com\/tmp-web\/pt\/author\/ritaferreira\/\" class=\"bypostauthor\" itemprop=\"url\" rel=\"author\">\n                ritaferreira            <\/a>\n        <\/span>\n\n                    <time class=\"updated semantic\" itemprop=\"dateModified\" datetime=\"2018-05-17T11:34:44+00:00\"><\/time>\n            <a href=\"https:\/\/voice-interaction.com\/tmp-web\/pt\/camaras\/\" class=\"post-meta-date sh-default-color\">Mar\u00e7o 6, 2017<\/a>\n        \n    \t\t\t\t<\/div>\n\n\t\t\t\t<div class=\"post-content\">\n\t\t\t\t\t<p>A VoiceInteraction est\u00e1 a promover uma iniciativa junto das c\u00e2maras municipais e comunidades intermunicipais de todo&#8230;<\/p>\n\t\t\t\t<\/div>\n\n\t\t\t\t<div class=\"post-meta post-meta-two\">\n\t\t\t\t\t\n        <div class=\"sh-columns post-meta-comments\">\n            <span class=\"post-meta-categories\">\n                <i class=\"icon-tag\"><\/i>\n                <a href=\"https:\/\/voice-interaction.com\/tmp-web\/pt\/category\/industrias-pt\/governo-pt\/\" rel=\"category tag\">Governo<\/a>, <a href=\"https:\/\/voice-interaction.com\/tmp-web\/pt\/category\/solucoes-pt\/transcricao-pt\/\" rel=\"category tag\">Transcri\u00e7\u00e3o<\/a>            <\/span>\n\n                            <div><\/div>\n                    <\/div>\n\n    \t\t\t\t<\/div>\n\t\t\t<\/div>\n\n\t\t<\/div>\n\t<\/article>\n\n\n\n\t<article id=\"post-3707\" class=\"post-item post-3707 post type-post status-publish format-standard has-post-thumbnail hentry category-legendagem-automatica category-media_pt tag-audimus-media-pt\">\n\t\t<div class=\"post-container\">\n\t\t\t\n\t\t\t<div class=\"post-meta-thumb\">\n\t\t\t\t<img loading=\"lazy\" decoding=\"async\" width=\"280\" height=\"189\" src=\"https:\/\/voice-interaction.com\/tmp-web\/wp-content\/uploads\/2017\/03\/vi-img-news-03-e1519660541543.jpg\" class=\"attachment-large size-large wp-post-image\" alt=\"\" \/>\t\t\t\t\n        <div class=\"sh-overlay-style1\">\n            <div class=\"sh-table-full\">\n                                    <a href=\"https:\/\/voice-interaction.com\/tmp-web\/pt\/100-emissoras-brasil\/\" class=\"sh-overlay-item sh-table-cell\" title=\"Open the article - O futuro promissor do Brasil e Am\u00e9rica Latina\">\n                        <div class=\"sh-overlay-item-container\">\n                            <i class=\"icon-link\"><\/i>\n                        <\/div>\n                    <\/a>\n                \n                                    <a href=\"https:\/\/voice-interaction.com\/tmp-web\/wp-content\/uploads\/2017\/03\/vi-img-news-03-e1519660541543.jpg\" class=\"sh-overlay-item sh-table-cell\" data-rel=\"lightcase\">\n                        <div class=\"sh-overlay-item-container\">\n                            <i class=\"icon-magnifier-add\"><\/i>\n                        <\/div>\n                    <\/a>\n                            <\/div>\n        <\/div>\n\n    \t\t\t<\/div>\n\n\t\t\t<div class=\"post-content-container\">\n\t\t\t\t<a href=\"https:\/\/voice-interaction.com\/tmp-web\/pt\/100-emissoras-brasil\/\" class=\"post-title\">\n\t\t\t\t\t<h2>\n\t\t\t\t\t\t\t\t\t\t\t\tO futuro promissor do Brasil e Am\u00e9rica Latina\t\t\t\t\t<\/h2>\n\t\t\t\t<\/a>\n\n\t\t\t\t<div class=\"post-meta post-meta-one\">\n\t\t\t\t\t\n        <span class=\"post-meta-author\">\n            by            <a href=\"https:\/\/voice-interaction.com\/tmp-web\/pt\/author\/ritaferreira\/\" class=\"bypostauthor\" itemprop=\"url\" rel=\"author\">\n                ritaferreira            <\/a>\n        <\/span>\n\n                    <time class=\"updated semantic\" itemprop=\"dateModified\" datetime=\"2017-11-13T19:29:51+00:00\"><\/time>\n            <a href=\"https:\/\/voice-interaction.com\/tmp-web\/pt\/100-emissoras-brasil\/\" class=\"post-meta-date sh-default-color\">Mar\u00e7o 6, 2017<\/a>\n        \n    \t\t\t\t<\/div>\n\n\t\t\t\t<div class=\"post-content\">\n\t\t\t\t\t<p>Alcan\u00e7\u00e1mos mais um marco hist\u00f3rico na globaliza\u00e7\u00e3o da VoiceInteraction: 100 emissoras clientes no Brasil e pa\u00edses&#8230;<\/p>\n\t\t\t\t<\/div>\n\n\t\t\t\t<div class=\"post-meta post-meta-two\">\n\t\t\t\t\t\n        <div class=\"sh-columns post-meta-comments\">\n            <span class=\"post-meta-categories\">\n                <i class=\"icon-tag\"><\/i>\n                <a href=\"https:\/\/voice-interaction.com\/tmp-web\/pt\/category\/solucoes-pt\/legendagem-automatica\/\" rel=\"category tag\">Legendagem Autom\u00e1tica<\/a>, <a href=\"https:\/\/voice-interaction.com\/tmp-web\/pt\/category\/industrias-pt\/media_pt\/\" rel=\"category tag\">Televis\u00e3o &amp; Media<\/a>            <\/span>\n\n                            <div><\/div>\n                    <\/div>\n\n    \t\t\t\t<\/div>\n\t\t\t<\/div>\n\n\t\t<\/div>\n\t<\/article>\n\n\n\n\t<article id=\"post-3705\" class=\"post-item post-3705 post type-post status-publish format-standard has-post-thumbnail hentry category-empresarial-pt category-speech-analytics-pt\">\n\t\t<div class=\"post-container\">\n\t\t\t\n\t\t\t<div class=\"post-meta-thumb\">\n\t\t\t\t<img loading=\"lazy\" decoding=\"async\" width=\"280\" height=\"189\" src=\"https:\/\/voice-interaction.com\/tmp-web\/wp-content\/uploads\/2017\/03\/vi-img-news-01-e1519660704980.jpg\" class=\"attachment-large size-large wp-post-image\" alt=\"\" \/>\t\t\t\t\n        <div class=\"sh-overlay-style1\">\n            <div class=\"sh-table-full\">\n                                    <a href=\"https:\/\/voice-interaction.com\/tmp-web\/pt\/cms\/\" class=\"sh-overlay-item sh-table-cell\" title=\"Open the article - CMS: o software de Speech Analytics que precisa conhecer\">\n                        <div class=\"sh-overlay-item-container\">\n                            <i class=\"icon-link\"><\/i>\n                        <\/div>\n                    <\/a>\n                \n                                    <a href=\"https:\/\/voice-interaction.com\/tmp-web\/wp-content\/uploads\/2017\/03\/vi-img-news-01-e1519660704980.jpg\" class=\"sh-overlay-item sh-table-cell\" data-rel=\"lightcase\">\n                        <div class=\"sh-overlay-item-container\">\n                            <i class=\"icon-magnifier-add\"><\/i>\n                        <\/div>\n                    <\/a>\n                            <\/div>\n        <\/div>\n\n    \t\t\t<\/div>\n\n\t\t\t<div class=\"post-content-container\">\n\t\t\t\t<a href=\"https:\/\/voice-interaction.com\/tmp-web\/pt\/cms\/\" class=\"post-title\">\n\t\t\t\t\t<h2>\n\t\t\t\t\t\t\t\t\t\t\t\tCMS: o software de Speech Analytics que precisa conhecer\t\t\t\t\t<\/h2>\n\t\t\t\t<\/a>\n\n\t\t\t\t<div class=\"post-meta post-meta-one\">\n\t\t\t\t\t\n        <span class=\"post-meta-author\">\n            by            <a href=\"https:\/\/voice-interaction.com\/tmp-web\/pt\/author\/ritaferreira\/\" class=\"bypostauthor\" itemprop=\"url\" rel=\"author\">\n                ritaferreira            <\/a>\n        <\/span>\n\n                    <time class=\"updated semantic\" itemprop=\"dateModified\" datetime=\"2017-11-13T19:30:20+00:00\"><\/time>\n            <a href=\"https:\/\/voice-interaction.com\/tmp-web\/pt\/cms\/\" class=\"post-meta-date sh-default-color\">Mar\u00e7o 6, 2017<\/a>\n        \n    \t\t\t\t<\/div>\n\n\t\t\t\t<div class=\"post-content\">\n\t\t\t\t\t<p>O CMS foi desenvolvido tendo por base uma tecnologia inovadora de reconhecimento autom\u00e1tico de fala (ASR)&#8230;<\/p>\n\t\t\t\t<\/div>\n\n\t\t\t\t<div class=\"post-meta post-meta-two\">\n\t\t\t\t\t\n        <div class=\"sh-columns post-meta-comments\">\n            <span class=\"post-meta-categories\">\n                <i class=\"icon-tag\"><\/i>\n                <a href=\"https:\/\/voice-interaction.com\/tmp-web\/pt\/category\/industrias-pt\/empresarial-pt\/\" rel=\"category tag\">Empresarial<\/a>, <a href=\"https:\/\/voice-interaction.com\/tmp-web\/pt\/category\/solucoes-pt\/speech-analytics-pt\/\" rel=\"category tag\">Speech Analytics<\/a>            <\/span>\n\n                            <div><\/div>\n                    <\/div>\n\n    \t\t\t\t<\/div>\n\t\t\t<\/div>\n\n\t\t<\/div>\n\t<\/article>\n\n\n\n\t<article id=\"post-3701\" class=\"post-item post-3701 post type-post status-publish format-standard has-post-thumbnail hentry category-eventos-pt category-media_pt tag-audimus-media-pt tag-mms-be tag-nab-pt\">\n\t\t<div class=\"post-container\">\n\t\t\t\n\t\t\t<div class=\"post-meta-thumb\">\n\t\t\t\t<img loading=\"lazy\" decoding=\"async\" width=\"900\" height=\"321\" src=\"https:\/\/voice-interaction.com\/tmp-web\/wp-content\/uploads\/2017\/03\/VI-NABShow2017_FB_cover-_banner-site_PT.png\" class=\"attachment-large size-large wp-post-image\" alt=\"\" srcset=\"https:\/\/voice-interaction.com\/tmp-web\/wp-content\/uploads\/2017\/03\/VI-NABShow2017_FB_cover-_banner-site_PT.png 900w, https:\/\/voice-interaction.com\/tmp-web\/wp-content\/uploads\/2017\/03\/VI-NABShow2017_FB_cover-_banner-site_PT-300x107.png 300w, https:\/\/voice-interaction.com\/tmp-web\/wp-content\/uploads\/2017\/03\/VI-NABShow2017_FB_cover-_banner-site_PT-768x274.png 768w\" sizes=\"auto, (max-width: 900px) 100vw, 900px\" \/>\t\t\t\t\n        <div class=\"sh-overlay-style1\">\n            <div class=\"sh-table-full\">\n                                    <a href=\"https:\/\/voice-interaction.com\/tmp-web\/pt\/nabshow-2017\/\" class=\"sh-overlay-item sh-table-cell\" title=\"Open the article - A VoiceInteraction demonstra solu\u00e7\u00f5es de legendagem autom\u00e1tica e monitoriza\u00e7\u00e3o de media na NABShow 2017\">\n                        <div class=\"sh-overlay-item-container\">\n                            <i class=\"icon-link\"><\/i>\n                        <\/div>\n                    <\/a>\n                \n                                    <a href=\"https:\/\/voice-interaction.com\/tmp-web\/wp-content\/uploads\/2017\/03\/VI-NABShow2017_FB_cover-_banner-site_PT.png\" class=\"sh-overlay-item sh-table-cell\" data-rel=\"lightcase\">\n                        <div class=\"sh-overlay-item-container\">\n                            <i class=\"icon-magnifier-add\"><\/i>\n                        <\/div>\n                    <\/a>\n                            <\/div>\n        <\/div>\n\n    \t\t\t<\/div>\n\n\t\t\t<div class=\"post-content-container\">\n\t\t\t\t<a href=\"https:\/\/voice-interaction.com\/tmp-web\/pt\/nabshow-2017\/\" class=\"post-title\">\n\t\t\t\t\t<h2>\n\t\t\t\t\t\t\t\t\t\t\t\tA VoiceInteraction demonstra solu\u00e7\u00f5es de legendagem autom\u00e1tica e monitoriza\u00e7\u00e3o de media na NABShow 2017\t\t\t\t\t<\/h2>\n\t\t\t\t<\/a>\n\n\t\t\t\t<div class=\"post-meta post-meta-one\">\n\t\t\t\t\t\n        <span class=\"post-meta-author\">\n            by            <a href=\"https:\/\/voice-interaction.com\/tmp-web\/pt\/author\/ritaferreira\/\" class=\"bypostauthor\" itemprop=\"url\" rel=\"author\">\n                ritaferreira            <\/a>\n        <\/span>\n\n                    <time class=\"updated semantic\" itemprop=\"dateModified\" datetime=\"2018-02-14T15:43:17+00:00\"><\/time>\n            <a href=\"https:\/\/voice-interaction.com\/tmp-web\/pt\/nabshow-2017\/\" class=\"post-meta-date sh-default-color\">Mar\u00e7o 6, 2017<\/a>\n        \n    \t\t\t\t<\/div>\n\n\t\t\t\t<div class=\"post-content\">\n\t\t\t\t\t<p>De 24 a 27 de Abril, a VoiceInteraction ir\u00e1 estar em Las Vegas para apresentar as&#8230;<\/p>\n\t\t\t\t<\/div>\n\n\t\t\t\t<div class=\"post-meta post-meta-two\">\n\t\t\t\t\t\n        <div class=\"sh-columns post-meta-comments\">\n            <span class=\"post-meta-categories\">\n                <i class=\"icon-tag\"><\/i>\n                <a href=\"https:\/\/voice-interaction.com\/tmp-web\/pt\/category\/empresa-pt-pt\/eventos-pt\/\" rel=\"category tag\">Eventos<\/a>, <a href=\"https:\/\/voice-interaction.com\/tmp-web\/pt\/category\/industrias-pt\/media_pt\/\" rel=\"category tag\">Televis\u00e3o &amp; Media<\/a>            <\/span>\n\n                            <div><\/div>\n                    <\/div>\n\n    \t\t\t\t<\/div>\n\t\t\t<\/div>\n\n\t\t<\/div>\n\t<\/article>\n\n\n\n\t<article id=\"post-3641\" class=\"post-item post-3641 post type-post status-publish format-standard has-post-thumbnail hentry category-noticias-empresa-pt\">\n\t\t<div class=\"post-container\">\n\t\t\t\n\t\t\t<div class=\"post-meta-thumb\">\n\t\t\t\t<img loading=\"lazy\" decoding=\"async\" width=\"280\" height=\"88\" src=\"https:\/\/voice-interaction.com\/tmp-web\/wp-content\/uploads\/2017\/02\/vi-img-news-001-1-e1519663767213.jpg\" class=\"attachment-large size-large wp-post-image\" alt=\"\" \/>\t\t\t\t\n        <div class=\"sh-overlay-style1\">\n            <div class=\"sh-table-full\">\n                                    <a href=\"https:\/\/voice-interaction.com\/tmp-web\/pt\/2016-e-prospecoes-futuro\/\" class=\"sh-overlay-item sh-table-cell\" title=\"Open the article - Um Olhar Sobre 2016 e Prospe\u00e7\u00f5es para o Futuro\">\n                        <div class=\"sh-overlay-item-container\">\n                            <i class=\"icon-link\"><\/i>\n                        <\/div>\n                    <\/a>\n                \n                                    <a href=\"https:\/\/voice-interaction.com\/tmp-web\/wp-content\/uploads\/2017\/02\/vi-img-news-001-1-e1519663767213.jpg\" class=\"sh-overlay-item sh-table-cell\" data-rel=\"lightcase\">\n                        <div class=\"sh-overlay-item-container\">\n                            <i class=\"icon-magnifier-add\"><\/i>\n                        <\/div>\n                    <\/a>\n                            <\/div>\n        <\/div>\n\n    \t\t\t<\/div>\n\n\t\t\t<div class=\"post-content-container\">\n\t\t\t\t<a href=\"https:\/\/voice-interaction.com\/tmp-web\/pt\/2016-e-prospecoes-futuro\/\" class=\"post-title\">\n\t\t\t\t\t<h2>\n\t\t\t\t\t\t\t\t\t\t\t\tUm Olhar Sobre 2016 e Prospe\u00e7\u00f5es para o Futuro\t\t\t\t\t<\/h2>\n\t\t\t\t<\/a>\n\n\t\t\t\t<div class=\"post-meta post-meta-one\">\n\t\t\t\t\t\n        <span class=\"post-meta-author\">\n            by            <a href=\"https:\/\/voice-interaction.com\/tmp-web\/pt\/author\/ritaferreira\/\" class=\"bypostauthor\" itemprop=\"url\" rel=\"author\">\n                ritaferreira            <\/a>\n        <\/span>\n\n                    <time class=\"updated semantic\" itemprop=\"dateModified\" datetime=\"2017-11-16T12:48:29+00:00\"><\/time>\n            <a href=\"https:\/\/voice-interaction.com\/tmp-web\/pt\/2016-e-prospecoes-futuro\/\" class=\"post-meta-date sh-default-color\">Fevereiro 8, 2017<\/a>\n        \n    \t\t\t\t<\/div>\n\n\t\t\t\t<div class=\"post-content\">\n\t\t\t\t\t<p>No seguimento do seu projeto de internacionaliza\u00e7\u00e3o, a VoiceInteraction encerra o ano de 2016 com mais&#8230;<\/p>\n\t\t\t\t<\/div>\n\n\t\t\t\t<div class=\"post-meta post-meta-two\">\n\t\t\t\t\t\n        <div class=\"sh-columns post-meta-comments\">\n            <span class=\"post-meta-categories\">\n                <i class=\"icon-tag\"><\/i>\n                <a href=\"https:\/\/voice-interaction.com\/tmp-web\/pt\/category\/empresa-pt-pt\/noticias-empresa-pt\/\" rel=\"category tag\">Not\u00edcias Empresa<\/a>            <\/span>\n\n                            <div><\/div>\n                    <\/div>\n\n    \t\t\t\t<\/div>\n\t\t\t<\/div>\n\n\t\t<\/div>\n\t<\/article>\n\n\n\n\t<article id=\"post-3660\" class=\"post-item post-3660 post type-post status-publish format-standard has-post-thumbnail hentry category-noticias-empresa-pt\">\n\t\t<div class=\"post-container\">\n\t\t\t\n\t\t\t<div class=\"post-meta-thumb\">\n\t\t\t\t<img loading=\"lazy\" decoding=\"async\" width=\"260\" height=\"180\" src=\"https:\/\/voice-interaction.com\/tmp-web\/wp-content\/uploads\/2017\/10\/vi-img-news-01-e1510601993442.jpg\" class=\"attachment-large size-large wp-post-image\" alt=\"\" \/>\t\t\t\t\n        <div class=\"sh-overlay-style1\">\n            <div class=\"sh-table-full\">\n                                    <a href=\"https:\/\/voice-interaction.com\/tmp-web\/pt\/novo-escritorio-em-nova-iorque\/\" class=\"sh-overlay-item sh-table-cell\" title=\"Open the article - VoiceInteraction abre escrit\u00f3rio em Nova Iorque\">\n                        <div class=\"sh-overlay-item-container\">\n                            <i class=\"icon-link\"><\/i>\n                        <\/div>\n                    <\/a>\n                \n                                    <a href=\"https:\/\/voice-interaction.com\/tmp-web\/wp-content\/uploads\/2017\/10\/vi-img-news-01-e1510601993442.jpg\" class=\"sh-overlay-item sh-table-cell\" data-rel=\"lightcase\">\n                        <div class=\"sh-overlay-item-container\">\n                            <i class=\"icon-magnifier-add\"><\/i>\n                        <\/div>\n                    <\/a>\n                            <\/div>\n        <\/div>\n\n    \t\t\t<\/div>\n\n\t\t\t<div class=\"post-content-container\">\n\t\t\t\t<a href=\"https:\/\/voice-interaction.com\/tmp-web\/pt\/novo-escritorio-em-nova-iorque\/\" class=\"post-title\">\n\t\t\t\t\t<h2>\n\t\t\t\t\t\t\t\t\t\t\t\tVoiceInteraction abre escrit\u00f3rio em Nova Iorque\t\t\t\t\t<\/h2>\n\t\t\t\t<\/a>\n\n\t\t\t\t<div class=\"post-meta post-meta-one\">\n\t\t\t\t\t\n        <span class=\"post-meta-author\">\n            by            <a href=\"https:\/\/voice-interaction.com\/tmp-web\/pt\/author\/ritaferreira\/\" class=\"bypostauthor\" itemprop=\"url\" rel=\"author\">\n                ritaferreira            <\/a>\n        <\/span>\n\n                    <time class=\"updated semantic\" itemprop=\"dateModified\" datetime=\"2017-11-16T12:48:48+00:00\"><\/time>\n            <a href=\"https:\/\/voice-interaction.com\/tmp-web\/pt\/novo-escritorio-em-nova-iorque\/\" class=\"post-meta-date sh-default-color\">Fevereiro 8, 2017<\/a>\n        \n    \t\t\t\t<\/div>\n\n\t\t\t\t<div class=\"post-content\">\n\t\t\t\t\t<p>A VoiceInteraction refor\u00e7a a sua posi\u00e7\u00e3o estrat\u00e9gica nos EUA com a abertura de um novo escrit\u00f3rio&#8230;<\/p>\n\t\t\t\t<\/div>\n\n\t\t\t\t<div class=\"post-meta post-meta-two\">\n\t\t\t\t\t\n        <div class=\"sh-columns post-meta-comments\">\n            <span class=\"post-meta-categories\">\n                <i class=\"icon-tag\"><\/i>\n                <a href=\"https:\/\/voice-interaction.com\/tmp-web\/pt\/category\/empresa-pt-pt\/noticias-empresa-pt\/\" rel=\"category tag\">Not\u00edcias Empresa<\/a>            <\/span>\n\n                            <div><\/div>\n                    <\/div>\n\n    \t\t\t\t<\/div>\n\t\t\t<\/div>\n\n\t\t<\/div>\n\t<\/article>\n\n\n\n\t<article id=\"post-3652\" class=\"post-item post-3652 post type-post status-publish format-standard hentry category-governo-pt category-transcricao-pt tag-audimus-server-pt tag-camaras-municipais-pt\">\n\t\t<div class=\"post-container\">\n\t\t\t\n\t\t\t<div class=\"post-meta-thumb\">\n\t\t\t\t\t\t\t\t\n        <div class=\"sh-overlay-style1\">\n            <div class=\"sh-table-full\">\n                                    <a href=\"https:\/\/voice-interaction.com\/tmp-web\/pt\/inovacao-em-transcricao-atas-municipais\/\" class=\"sh-overlay-item sh-table-cell\" title=\"Open the article - Inova\u00e7\u00e3o em Transcri\u00e7\u00e3o: Atas Municipais\">\n                        <div class=\"sh-overlay-item-container\">\n                            <i class=\"icon-link\"><\/i>\n                        <\/div>\n                    <\/a>\n                \n                                    <a href=\"https:\/\/voice-interaction.com\/tmp-web\/pt\/inovacao-em-transcricao-atas-municipais\/\" class=\"sh-overlay-item sh-table-cell\" data-rel=\"lightcase\">\n                        <div class=\"sh-overlay-item-container\">\n                            <i class=\"icon-magnifier-add\"><\/i>\n                        <\/div>\n                    <\/a>\n                            <\/div>\n        <\/div>\n\n    \t\t\t<\/div>\n\n\t\t\t<div class=\"post-content-container\">\n\t\t\t\t<a href=\"https:\/\/voice-interaction.com\/tmp-web\/pt\/inovacao-em-transcricao-atas-municipais\/\" class=\"post-title\">\n\t\t\t\t\t<h2>\n\t\t\t\t\t\t\t\t\t\t\t\tInova\u00e7\u00e3o em Transcri\u00e7\u00e3o: Atas Municipais\t\t\t\t\t<\/h2>\n\t\t\t\t<\/a>\n\n\t\t\t\t<div class=\"post-meta post-meta-one\">\n\t\t\t\t\t\n        <span class=\"post-meta-author\">\n            by            <a href=\"https:\/\/voice-interaction.com\/tmp-web\/pt\/author\/ritaferreira\/\" class=\"bypostauthor\" itemprop=\"url\" rel=\"author\">\n                ritaferreira            <\/a>\n        <\/span>\n\n                    <time class=\"updated semantic\" itemprop=\"dateModified\" datetime=\"2018-05-17T11:32:36+00:00\"><\/time>\n            <a href=\"https:\/\/voice-interaction.com\/tmp-web\/pt\/inovacao-em-transcricao-atas-municipais\/\" class=\"post-meta-date sh-default-color\">Fevereiro 8, 2017<\/a>\n        \n    \t\t\t\t<\/div>\n\n\t\t\t\t<div class=\"post-content\">\n\t\t\t\t\t<p>A VoiceInteraction tem vindo a promover o seu produto para Transcri\u00e7\u00e3o Autom\u00e1tica junto das C\u00e2maras e&#8230;<\/p>\n\t\t\t\t<\/div>\n\n\t\t\t\t<div class=\"post-meta post-meta-two\">\n\t\t\t\t\t\n        <div class=\"sh-columns post-meta-comments\">\n            <span class=\"post-meta-categories\">\n                <i class=\"icon-tag\"><\/i>\n                <a href=\"https:\/\/voice-interaction.com\/tmp-web\/pt\/category\/industrias-pt\/governo-pt\/\" rel=\"category tag\">Governo<\/a>, <a href=\"https:\/\/voice-interaction.com\/tmp-web\/pt\/category\/solucoes-pt\/transcricao-pt\/\" rel=\"category tag\">Transcri\u00e7\u00e3o<\/a>            <\/span>\n\n                            <div><\/div>\n                    <\/div>\n\n    \t\t\t\t<\/div>\n\t\t\t<\/div>\n\n\t\t<\/div>\n\t<\/article>\n\n\n\n\t<article id=\"post-3655\" class=\"post-item post-3655 post type-post status-publish format-standard has-post-thumbnail hentry category-empresarial-pt category-noticias-empresa-pt category-speech-analytics-pt\">\n\t\t<div class=\"post-container\">\n\t\t\t\n\t\t\t<div class=\"post-meta-thumb\">\n\t\t\t\t<img loading=\"lazy\" decoding=\"async\" width=\"280\" height=\"189\" src=\"https:\/\/voice-interaction.com\/tmp-web\/wp-content\/uploads\/2017\/03\/vi-img-news-01-e1519660704980.jpg\" class=\"attachment-large size-large wp-post-image\" alt=\"\" \/>\t\t\t\t\n        <div class=\"sh-overlay-style1\">\n            <div class=\"sh-table-full\">\n                                    <a href=\"https:\/\/voice-interaction.com\/tmp-web\/pt\/voiceinteraction-lanca-solucao-de-speech-analytics\/\" class=\"sh-overlay-item sh-table-cell\" title=\"Open the article - VoiceInteraction lan\u00e7a solu\u00e7\u00e3o de Speech Analytics\">\n                        <div class=\"sh-overlay-item-container\">\n                            <i class=\"icon-link\"><\/i>\n                        <\/div>\n                    <\/a>\n                \n                                    <a href=\"https:\/\/voice-interaction.com\/tmp-web\/wp-content\/uploads\/2017\/03\/vi-img-news-01-e1519660704980.jpg\" class=\"sh-overlay-item sh-table-cell\" data-rel=\"lightcase\">\n                        <div class=\"sh-overlay-item-container\">\n                            <i class=\"icon-magnifier-add\"><\/i>\n                        <\/div>\n                    <\/a>\n                            <\/div>\n        <\/div>\n\n    \t\t\t<\/div>\n\n\t\t\t<div class=\"post-content-container\">\n\t\t\t\t<a href=\"https:\/\/voice-interaction.com\/tmp-web\/pt\/voiceinteraction-lanca-solucao-de-speech-analytics\/\" class=\"post-title\">\n\t\t\t\t\t<h2>\n\t\t\t\t\t\t\t\t\t\t\t\tVoiceInteraction lan\u00e7a solu\u00e7\u00e3o de Speech Analytics\t\t\t\t\t<\/h2>\n\t\t\t\t<\/a>\n\n\t\t\t\t<div class=\"post-meta post-meta-one\">\n\t\t\t\t\t\n        <span class=\"post-meta-author\">\n            by            <a href=\"https:\/\/voice-interaction.com\/tmp-web\/pt\/author\/ritaferreira\/\" class=\"bypostauthor\" itemprop=\"url\" rel=\"author\">\n                ritaferreira            <\/a>\n        <\/span>\n\n                    <time class=\"updated semantic\" itemprop=\"dateModified\" datetime=\"2017-11-14T14:33:38+00:00\"><\/time>\n            <a href=\"https:\/\/voice-interaction.com\/tmp-web\/pt\/voiceinteraction-lanca-solucao-de-speech-analytics\/\" class=\"post-meta-date sh-default-color\">Fevereiro 8, 2017<\/a>\n        \n    \t\t\t\t<\/div>\n\n\t\t\t\t<div class=\"post-content\">\n\t\t\t\t\t<p>A VoiceInteraction anuncia ao mercado uma solu\u00e7\u00e3o de Speech Analytics para an\u00e1lise de chamadas telef\u00f3nicas e&#8230;<\/p>\n\t\t\t\t<\/div>\n\n\t\t\t\t<div class=\"post-meta post-meta-two\">\n\t\t\t\t\t\n        <div class=\"sh-columns post-meta-comments\">\n            <span class=\"post-meta-categories\">\n                <i class=\"icon-tag\"><\/i>\n                <a href=\"https:\/\/voice-interaction.com\/tmp-web\/pt\/category\/industrias-pt\/empresarial-pt\/\" rel=\"category tag\">Empresarial<\/a>, <a href=\"https:\/\/voice-interaction.com\/tmp-web\/pt\/category\/empresa-pt-pt\/noticias-empresa-pt\/\" rel=\"category tag\">Not\u00edcias Empresa<\/a>, <a href=\"https:\/\/voice-interaction.com\/tmp-web\/pt\/category\/solucoes-pt\/speech-analytics-pt\/\" rel=\"category tag\">Speech Analytics<\/a>            <\/span>\n\n                            <div><\/div>\n                    <\/div>\n\n    \t\t\t\t<\/div>\n\t\t\t<\/div>\n\n\t\t<\/div>\n\t<\/article>\n\n\n\n\t<article id=\"post-3583\" class=\"post-item post-3583 post type-post status-publish format-standard has-post-thumbnail hentry category-eventos-pt category-media_pt tag-ibc\">\n\t\t<div class=\"post-container\">\n\t\t\t\n\t\t\t<div class=\"post-meta-thumb\">\n\t\t\t\t<img loading=\"lazy\" decoding=\"async\" width=\"280\" height=\"141\" src=\"https:\/\/voice-interaction.com\/tmp-web\/wp-content\/uploads\/2017\/10\/VI-slider-IBC2016-e1519663620502.png\" class=\"attachment-large size-large wp-post-image\" alt=\"\" \/>\t\t\t\t\n        <div class=\"sh-overlay-style1\">\n            <div class=\"sh-table-full\">\n                                    <a href=\"https:\/\/voice-interaction.com\/tmp-web\/pt\/voiceinteraction-participa-na-ibc-2016\/\" class=\"sh-overlay-item sh-table-cell\" title=\"Open the article - VoiceInteraction participa na IBC 2016\">\n                        <div class=\"sh-overlay-item-container\">\n                            <i class=\"icon-link\"><\/i>\n                        <\/div>\n                    <\/a>\n                \n                                    <a href=\"https:\/\/voice-interaction.com\/tmp-web\/wp-content\/uploads\/2017\/10\/VI-slider-IBC2016-e1519663620502.png\" class=\"sh-overlay-item sh-table-cell\" data-rel=\"lightcase\">\n                        <div class=\"sh-overlay-item-container\">\n                            <i class=\"icon-magnifier-add\"><\/i>\n                        <\/div>\n                    <\/a>\n                            <\/div>\n        <\/div>\n\n    \t\t\t<\/div>\n\n\t\t\t<div class=\"post-content-container\">\n\t\t\t\t<a href=\"https:\/\/voice-interaction.com\/tmp-web\/pt\/voiceinteraction-participa-na-ibc-2016\/\" class=\"post-title\">\n\t\t\t\t\t<h2>\n\t\t\t\t\t\t\t\t\t\t\t\tVoiceInteraction participa na IBC 2016\t\t\t\t\t<\/h2>\n\t\t\t\t<\/a>\n\n\t\t\t\t<div class=\"post-meta post-meta-one\">\n\t\t\t\t\t\n        <span class=\"post-meta-author\">\n            by            <a href=\"https:\/\/voice-interaction.com\/tmp-web\/pt\/author\/peras\/\" class=\"bypostauthor\" itemprop=\"url\" rel=\"author\">\n                peras            <\/a>\n        <\/span>\n\n                    <time class=\"updated semantic\" itemprop=\"dateModified\" datetime=\"2017-11-14T14:48:31+00:00\"><\/time>\n            <a href=\"https:\/\/voice-interaction.com\/tmp-web\/pt\/voiceinteraction-participa-na-ibc-2016\/\" class=\"post-meta-date sh-default-color\">Julho 20, 2016<\/a>\n        \n    \t\t\t\t<\/div>\n\n\t\t\t\t<div class=\"post-content\">\n\t\t\t\t\t<p>A VoiceInteraction estar\u00e1 mais uma vez presente em Amsterd\u00e3o a fim de participar na International Broadcasting&#8230;<\/p>\n\t\t\t\t<\/div>\n\n\t\t\t\t<div class=\"post-meta post-meta-two\">\n\t\t\t\t\t\n        <div class=\"sh-columns post-meta-comments\">\n            <span class=\"post-meta-categories\">\n                <i class=\"icon-tag\"><\/i>\n                <a href=\"https:\/\/voice-interaction.com\/tmp-web\/pt\/category\/empresa-pt-pt\/eventos-pt\/\" rel=\"category tag\">Eventos<\/a>, <a href=\"https:\/\/voice-interaction.com\/tmp-web\/pt\/category\/industrias-pt\/media_pt\/\" rel=\"category tag\">Televis\u00e3o &amp; Media<\/a>            <\/span>\n\n                            <div><\/div>\n                    <\/div>\n\n    \t\t\t\t<\/div>\n\t\t\t<\/div>\n\n\t\t<\/div>\n\t<\/article>\n\n\n\n\t<article id=\"post-3576\" class=\"post-item post-3576 post type-post status-publish format-standard has-post-thumbnail hentry category-governo-pt category-transcricao-pt tag-audimus-server-pt tag-camaras-municipais-pt\">\n\t\t<div class=\"post-container\">\n\t\t\t\n\t\t\t<div class=\"post-meta-thumb\">\n\t\t\t\t<img loading=\"lazy\" decoding=\"async\" width=\"421\" height=\"298\" src=\"https:\/\/voice-interaction.com\/tmp-web\/wp-content\/uploads\/2016\/06\/logo-CML.jpg\" class=\"attachment-large size-large wp-post-image\" alt=\"\" srcset=\"https:\/\/voice-interaction.com\/tmp-web\/wp-content\/uploads\/2016\/06\/logo-CML.jpg 421w, https:\/\/voice-interaction.com\/tmp-web\/wp-content\/uploads\/2016\/06\/logo-CML-300x212.jpg 300w, https:\/\/voice-interaction.com\/tmp-web\/wp-content\/uploads\/2016\/06\/logo-CML-420x298.jpg 420w\" sizes=\"auto, (max-width: 421px) 100vw, 421px\" \/>\t\t\t\t\n        <div class=\"sh-overlay-style1\">\n            <div class=\"sh-table-full\">\n                                    <a href=\"https:\/\/voice-interaction.com\/tmp-web\/pt\/camara-municipal-de-lisboa-adquire-o-sistema-de-transcricao-automatico-de-atas\/\" class=\"sh-overlay-item sh-table-cell\" title=\"Open the article - C\u00e2mara Municipal de Lisboa adquire o Sistema de Transcri\u00e7\u00e3o Autom\u00e1tico de Atas\">\n                        <div class=\"sh-overlay-item-container\">\n                            <i class=\"icon-link\"><\/i>\n                        <\/div>\n                    <\/a>\n                \n                                    <a href=\"https:\/\/voice-interaction.com\/tmp-web\/wp-content\/uploads\/2016\/06\/logo-CML.jpg\" class=\"sh-overlay-item sh-table-cell\" data-rel=\"lightcase\">\n                        <div class=\"sh-overlay-item-container\">\n                            <i class=\"icon-magnifier-add\"><\/i>\n                        <\/div>\n                    <\/a>\n                            <\/div>\n        <\/div>\n\n    \t\t\t<\/div>\n\n\t\t\t<div class=\"post-content-container\">\n\t\t\t\t<a href=\"https:\/\/voice-interaction.com\/tmp-web\/pt\/camara-municipal-de-lisboa-adquire-o-sistema-de-transcricao-automatico-de-atas\/\" class=\"post-title\">\n\t\t\t\t\t<h2>\n\t\t\t\t\t\t\t\t\t\t\t\tC\u00e2mara Municipal de Lisboa adquire o Sistema de Transcri\u00e7\u00e3o Autom\u00e1tico de Atas\t\t\t\t\t<\/h2>\n\t\t\t\t<\/a>\n\n\t\t\t\t<div class=\"post-meta post-meta-one\">\n\t\t\t\t\t\n        <span class=\"post-meta-author\">\n            by            <a href=\"https:\/\/voice-interaction.com\/tmp-web\/pt\/author\/peras\/\" class=\"bypostauthor\" itemprop=\"url\" rel=\"author\">\n                peras            <\/a>\n        <\/span>\n\n                    <time class=\"updated semantic\" itemprop=\"dateModified\" datetime=\"2018-05-17T11:32:50+00:00\"><\/time>\n            <a href=\"https:\/\/voice-interaction.com\/tmp-web\/pt\/camara-municipal-de-lisboa-adquire-o-sistema-de-transcricao-automatico-de-atas\/\" class=\"post-meta-date sh-default-color\">Junho 30, 2016<\/a>\n        \n    \t\t\t\t<\/div>\n\n\t\t\t\t<div class=\"post-content\">\n\t\t\t\t\t<p>A VoiceInteraction ap\u00f3s o lan\u00e7amento do seu produto de Transcri\u00e7\u00e3o Autom\u00e1tica de Atas para C\u00e2maras e&#8230;<\/p>\n\t\t\t\t<\/div>\n\n\t\t\t\t<div class=\"post-meta post-meta-two\">\n\t\t\t\t\t\n        <div class=\"sh-columns post-meta-comments\">\n            <span class=\"post-meta-categories\">\n                <i class=\"icon-tag\"><\/i>\n                <a href=\"https:\/\/voice-interaction.com\/tmp-web\/pt\/category\/industrias-pt\/governo-pt\/\" rel=\"category tag\">Governo<\/a>, <a href=\"https:\/\/voice-interaction.com\/tmp-web\/pt\/category\/solucoes-pt\/transcricao-pt\/\" rel=\"category tag\">Transcri\u00e7\u00e3o<\/a>            <\/span>\n\n                            <div><\/div>\n                    <\/div>\n\n    \t\t\t\t<\/div>\n\t\t\t<\/div>\n\n\t\t<\/div>\n\t<\/article>\n\n\n\n\t<article id=\"post-3488\" class=\"post-item post-3488 post type-post status-publish format-standard has-post-thumbnail hentry category-eventos-pt category-media_pt\">\n\t\t<div class=\"post-container\">\n\t\t\t\n\t\t\t<div class=\"post-meta-thumb\">\n\t\t\t\t<img loading=\"lazy\" decoding=\"async\" width=\"260\" height=\"78\" src=\"https:\/\/voice-interaction.com\/tmp-web\/wp-content\/uploads\/2014\/03\/nRbGNavN-e1510914666322.jpg\" class=\"attachment-large size-large wp-post-image\" alt=\"\" \/>\t\t\t\t\n        <div class=\"sh-overlay-style1\">\n            <div class=\"sh-table-full\">\n                                    <a href=\"https:\/\/voice-interaction.com\/tmp-web\/pt\/voiceinteraction-brasil-participa-no-nabshow-2016\/\" class=\"sh-overlay-item sh-table-cell\" title=\"Open the article - VoiceInteraction Brasil participa no NABSHOW 2016 (18-21 Abril)\">\n                        <div class=\"sh-overlay-item-container\">\n                            <i class=\"icon-link\"><\/i>\n                        <\/div>\n                    <\/a>\n                \n                                    <a href=\"https:\/\/voice-interaction.com\/tmp-web\/wp-content\/uploads\/2014\/03\/nRbGNavN-e1510914666322.jpg\" class=\"sh-overlay-item sh-table-cell\" data-rel=\"lightcase\">\n                        <div class=\"sh-overlay-item-container\">\n                            <i class=\"icon-magnifier-add\"><\/i>\n                        <\/div>\n                    <\/a>\n                            <\/div>\n        <\/div>\n\n    \t\t\t<\/div>\n\n\t\t\t<div class=\"post-content-container\">\n\t\t\t\t<a href=\"https:\/\/voice-interaction.com\/tmp-web\/pt\/voiceinteraction-brasil-participa-no-nabshow-2016\/\" class=\"post-title\">\n\t\t\t\t\t<h2>\n\t\t\t\t\t\t\t\t\t\t\t\tVoiceInteraction Brasil participa no NABSHOW 2016 (18-21 Abril)\t\t\t\t\t<\/h2>\n\t\t\t\t<\/a>\n\n\t\t\t\t<div class=\"post-meta post-meta-one\">\n\t\t\t\t\t\n        <span class=\"post-meta-author\">\n            by            <a href=\"https:\/\/voice-interaction.com\/tmp-web\/pt\/author\/peras\/\" class=\"bypostauthor\" itemprop=\"url\" rel=\"author\">\n                peras            <\/a>\n        <\/span>\n\n                    <time class=\"updated semantic\" itemprop=\"dateModified\" datetime=\"2017-11-14T14:52:31+00:00\"><\/time>\n            <a href=\"https:\/\/voice-interaction.com\/tmp-web\/pt\/voiceinteraction-brasil-participa-no-nabshow-2016\/\" class=\"post-meta-date sh-default-color\">Mar\u00e7o 30, 2016<\/a>\n        \n    \t\t\t\t<\/div>\n\n\t\t\t\t<div class=\"post-content\">\n\t\t\t\t\t<p>A VoiceInteraction Brasil vai estar mais uma vez presente na NABSHOW de 18 a 21 de&#8230;<\/p>\n\t\t\t\t<\/div>\n\n\t\t\t\t<div class=\"post-meta post-meta-two\">\n\t\t\t\t\t\n        <div class=\"sh-columns post-meta-comments\">\n            <span class=\"post-meta-categories\">\n                <i class=\"icon-tag\"><\/i>\n                <a href=\"https:\/\/voice-interaction.com\/tmp-web\/pt\/category\/empresa-pt-pt\/eventos-pt\/\" rel=\"category tag\">Eventos<\/a>, <a href=\"https:\/\/voice-interaction.com\/tmp-web\/pt\/category\/industrias-pt\/media_pt\/\" rel=\"category tag\">Televis\u00e3o &amp; Media<\/a>            <\/span>\n\n                            <div><\/div>\n                    <\/div>\n\n    \t\t\t\t<\/div>\n\t\t\t<\/div>\n\n\t\t<\/div>\n\t<\/article>\n\n\n\n\t<article id=\"post-3504\" class=\"post-item post-3504 post type-post status-publish format-standard has-post-thumbnail hentry category-governo-pt category-transcricao-pt tag-audimus-server-pt tag-camaras-municipais-pt\">\n\t\t<div class=\"post-container\">\n\t\t\t\n\t\t\t<div class=\"post-meta-thumb\">\n\t\t\t\t<img loading=\"lazy\" decoding=\"async\" width=\"260\" height=\"196\" src=\"https:\/\/voice-interaction.com\/tmp-web\/wp-content\/uploads\/2017\/10\/vi-img-news-02-e1510671272947.jpg\" class=\"attachment-large size-large wp-post-image\" alt=\"\" \/>\t\t\t\t\n        <div class=\"sh-overlay-style1\">\n            <div class=\"sh-table-full\">\n                                    <a href=\"https:\/\/voice-interaction.com\/tmp-web\/pt\/sistema-automatico-de-transcricao-de-voz-para-apoio-a-producao-de-atas-de-camaras-municipais\/\" class=\"sh-overlay-item sh-table-cell\" title=\"Open the article - Transcri\u00e7\u00e3o Autom\u00e1tica de atas para C\u00e2maras e Assembleias Municipais\">\n                        <div class=\"sh-overlay-item-container\">\n                            <i class=\"icon-link\"><\/i>\n                        <\/div>\n                    <\/a>\n                \n                                    <a href=\"https:\/\/voice-interaction.com\/tmp-web\/wp-content\/uploads\/2017\/10\/vi-img-news-02-e1510671272947.jpg\" class=\"sh-overlay-item sh-table-cell\" data-rel=\"lightcase\">\n                        <div class=\"sh-overlay-item-container\">\n                            <i class=\"icon-magnifier-add\"><\/i>\n                        <\/div>\n                    <\/a>\n                            <\/div>\n        <\/div>\n\n    \t\t\t<\/div>\n\n\t\t\t<div class=\"post-content-container\">\n\t\t\t\t<a href=\"https:\/\/voice-interaction.com\/tmp-web\/pt\/sistema-automatico-de-transcricao-de-voz-para-apoio-a-producao-de-atas-de-camaras-municipais\/\" class=\"post-title\">\n\t\t\t\t\t<h2>\n\t\t\t\t\t\t\t\t\t\t\t\tTranscri\u00e7\u00e3o Autom\u00e1tica de atas para C\u00e2maras e Assembleias Municipais\t\t\t\t\t<\/h2>\n\t\t\t\t<\/a>\n\n\t\t\t\t<div class=\"post-meta post-meta-one\">\n\t\t\t\t\t\n        <span class=\"post-meta-author\">\n            by            <a href=\"https:\/\/voice-interaction.com\/tmp-web\/pt\/author\/peras\/\" class=\"bypostauthor\" itemprop=\"url\" rel=\"author\">\n                peras            <\/a>\n        <\/span>\n\n                    <time class=\"updated semantic\" itemprop=\"dateModified\" datetime=\"2018-05-17T11:33:38+00:00\"><\/time>\n            <a href=\"https:\/\/voice-interaction.com\/tmp-web\/pt\/sistema-automatico-de-transcricao-de-voz-para-apoio-a-producao-de-atas-de-camaras-municipais\/\" class=\"post-meta-date sh-default-color\">Fevereiro 12, 2016<\/a>\n        \n    \t\t\t\t<\/div>\n\n\t\t\t\t<div class=\"post-content\">\n\t\t\t\t\t<p>Simples. Autom\u00e1tico. Acess\u00edvel. Para promover a moderniza\u00e7\u00e3o administrativa de entidades p\u00fablicas e privadas, a VoiceInteraction inicia,&#8230;<\/p>\n\t\t\t\t<\/div>\n\n\t\t\t\t<div class=\"post-meta post-meta-two\">\n\t\t\t\t\t\n        <div class=\"sh-columns post-meta-comments\">\n            <span class=\"post-meta-categories\">\n                <i class=\"icon-tag\"><\/i>\n                <a href=\"https:\/\/voice-interaction.com\/tmp-web\/pt\/category\/industrias-pt\/governo-pt\/\" rel=\"category tag\">Governo<\/a>, <a href=\"https:\/\/voice-interaction.com\/tmp-web\/pt\/category\/solucoes-pt\/transcricao-pt\/\" rel=\"category tag\">Transcri\u00e7\u00e3o<\/a>            <\/span>\n\n                            <div><\/div>\n                    <\/div>\n\n    \t\t\t\t<\/div>\n\t\t\t<\/div>\n\n\t\t<\/div>\n\t<\/article>\n\n\n\n\t<article id=\"post-3498\" class=\"post-item post-3498 post type-post status-publish format-standard has-post-thumbnail hentry category-empresa-pt-pt\">\n\t\t<div class=\"post-container\">\n\t\t\t\n\t\t\t<div class=\"post-meta-thumb\">\n\t\t\t\t<img loading=\"lazy\" decoding=\"async\" width=\"499\" height=\"258\" src=\"https:\/\/voice-interaction.com\/tmp-web\/wp-content\/uploads\/2016\/02\/vi-6-mercados-e1510673602879.jpg\" class=\"attachment-large size-large wp-post-image\" alt=\"\" srcset=\"https:\/\/voice-interaction.com\/tmp-web\/wp-content\/uploads\/2016\/02\/vi-6-mercados-e1510673602879.jpg 499w, https:\/\/voice-interaction.com\/tmp-web\/wp-content\/uploads\/2016\/02\/vi-6-mercados-e1510673602879-300x155.jpg 300w\" sizes=\"auto, (max-width: 499px) 100vw, 499px\" \/>\t\t\t\t\n        <div class=\"sh-overlay-style1\">\n            <div class=\"sh-table-full\">\n                                    <a href=\"https:\/\/voice-interaction.com\/tmp-web\/pt\/internacionalizacao-como-objetivo-estrategico\/\" class=\"sh-overlay-item sh-table-cell\" title=\"Open the article - A Internacionaliza\u00e7\u00e3o como Objetivo Estrat\u00e9gico\">\n                        <div class=\"sh-overlay-item-container\">\n                            <i class=\"icon-link\"><\/i>\n                        <\/div>\n                    <\/a>\n                \n                                    <a href=\"https:\/\/voice-interaction.com\/tmp-web\/wp-content\/uploads\/2016\/02\/vi-6-mercados-e1510673602879.jpg\" class=\"sh-overlay-item sh-table-cell\" data-rel=\"lightcase\">\n                        <div class=\"sh-overlay-item-container\">\n                            <i class=\"icon-magnifier-add\"><\/i>\n                        <\/div>\n                    <\/a>\n                            <\/div>\n        <\/div>\n\n    \t\t\t<\/div>\n\n\t\t\t<div class=\"post-content-container\">\n\t\t\t\t<a href=\"https:\/\/voice-interaction.com\/tmp-web\/pt\/internacionalizacao-como-objetivo-estrategico\/\" class=\"post-title\">\n\t\t\t\t\t<h2>\n\t\t\t\t\t\t\t\t\t\t\t\tA Internacionaliza\u00e7\u00e3o como Objetivo Estrat\u00e9gico\t\t\t\t\t<\/h2>\n\t\t\t\t<\/a>\n\n\t\t\t\t<div class=\"post-meta post-meta-one\">\n\t\t\t\t\t\n        <span class=\"post-meta-author\">\n            by            <a href=\"https:\/\/voice-interaction.com\/tmp-web\/pt\/author\/peras\/\" class=\"bypostauthor\" itemprop=\"url\" rel=\"author\">\n                peras            <\/a>\n        <\/span>\n\n                    <time class=\"updated semantic\" itemprop=\"dateModified\" datetime=\"2017-11-14T15:33:38+00:00\"><\/time>\n            <a href=\"https:\/\/voice-interaction.com\/tmp-web\/pt\/internacionalizacao-como-objetivo-estrategico\/\" class=\"post-meta-date sh-default-color\">Fevereiro 12, 2016<\/a>\n        \n    \t\t\t\t<\/div>\n\n\t\t\t\t<div class=\"post-content\">\n\t\t\t\t\t<p>Desde os primeiros dias da sua exist\u00eancia, a VoiceInteraction tem-se empenhado fortemente na expans\u00e3o da\u00a0 sua&#8230;<\/p>\n\t\t\t\t<\/div>\n\n\t\t\t\t<div class=\"post-meta post-meta-two\">\n\t\t\t\t\t\n        <div class=\"sh-columns post-meta-comments\">\n            <span class=\"post-meta-categories\">\n                <i class=\"icon-tag\"><\/i>\n                <a href=\"https:\/\/voice-interaction.com\/tmp-web\/pt\/category\/empresa-pt-pt\/\" rel=\"category tag\">Empresa<\/a>            <\/span>\n\n                            <div><\/div>\n                    <\/div>\n\n    \t\t\t\t<\/div>\n\t\t\t<\/div>\n\n\t\t<\/div>\n\t<\/article>\n\n\n\n\t<article id=\"post-3439\" class=\"post-item post-3439 post type-post status-publish format-standard has-post-thumbnail hentry category-eventos-pt category-media_pt tag-ibc\">\n\t\t<div class=\"post-container\">\n\t\t\t\n\t\t\t<div class=\"post-meta-thumb\">\n\t\t\t\t<img loading=\"lazy\" decoding=\"async\" width=\"1024\" height=\"682\" src=\"https:\/\/voice-interaction.com\/tmp-web\/wp-content\/uploads\/2017\/09\/VOICEINTERACTION-Pre\u0301via-produto-1100x733-1024x682.png\" class=\"attachment-large size-large wp-post-image\" alt=\"\" srcset=\"https:\/\/voice-interaction.com\/tmp-web\/wp-content\/uploads\/2017\/09\/VOICEINTERACTION-Pre\u0301via-produto-1100x733-1024x682.png 1024w, https:\/\/voice-interaction.com\/tmp-web\/wp-content\/uploads\/2017\/09\/VOICEINTERACTION-Pre\u0301via-produto-1100x733-300x200.png 300w, https:\/\/voice-interaction.com\/tmp-web\/wp-content\/uploads\/2017\/09\/VOICEINTERACTION-Pre\u0301via-produto-1100x733-768x512.png 768w, https:\/\/voice-interaction.com\/tmp-web\/wp-content\/uploads\/2017\/09\/VOICEINTERACTION-Pre\u0301via-produto-1100x733.png 1100w\" sizes=\"auto, (max-width: 1024px) 100vw, 1024px\" \/>\t\t\t\t\n        <div class=\"sh-overlay-style1\">\n            <div class=\"sh-table-full\">\n                                    <a href=\"https:\/\/voice-interaction.com\/tmp-web\/pt\/legendagem-automatica-na-ibc-2015\/\" class=\"sh-overlay-item sh-table-cell\" title=\"Open the article - Legendagem Autom\u00e1tica na IBC 2015\">\n                        <div class=\"sh-overlay-item-container\">\n                            <i class=\"icon-link\"><\/i>\n                        <\/div>\n                    <\/a>\n                \n                                    <a href=\"https:\/\/voice-interaction.com\/tmp-web\/wp-content\/uploads\/2017\/09\/VOICEINTERACTION-Pre\u0301via-produto-1100x733-1024x682.png\" class=\"sh-overlay-item sh-table-cell\" data-rel=\"lightcase\">\n                        <div class=\"sh-overlay-item-container\">\n                            <i class=\"icon-magnifier-add\"><\/i>\n                        <\/div>\n                    <\/a>\n                            <\/div>\n        <\/div>\n\n    \t\t\t<\/div>\n\n\t\t\t<div class=\"post-content-container\">\n\t\t\t\t<a href=\"https:\/\/voice-interaction.com\/tmp-web\/pt\/legendagem-automatica-na-ibc-2015\/\" class=\"post-title\">\n\t\t\t\t\t<h2>\n\t\t\t\t\t\t\t\t\t\t\t\tLegendagem Autom\u00e1tica na IBC 2015\t\t\t\t\t<\/h2>\n\t\t\t\t<\/a>\n\n\t\t\t\t<div class=\"post-meta post-meta-one\">\n\t\t\t\t\t\n        <span class=\"post-meta-author\">\n            by            <a href=\"https:\/\/voice-interaction.com\/tmp-web\/pt\/author\/fpreto\/\" class=\"bypostauthor\" itemprop=\"url\" rel=\"author\">\n                FPreto            <\/a>\n        <\/span>\n\n                    <time class=\"updated semantic\" itemprop=\"dateModified\" datetime=\"2017-11-14T15:35:32+00:00\"><\/time>\n            <a href=\"https:\/\/voice-interaction.com\/tmp-web\/pt\/legendagem-automatica-na-ibc-2015\/\" class=\"post-meta-date sh-default-color\">Setembro 7, 2015<\/a>\n        \n    \t\t\t\t<\/div>\n\n\t\t\t\t<div class=\"post-content\">\n\t\t\t\t\t<p>Como j\u00e1 vem sendo h\u00e1bito nesta altura do ano, a VoiceInteraction apresenta os mais recentes desenvolvimentos&#8230;<\/p>\n\t\t\t\t<\/div>\n\n\t\t\t\t<div class=\"post-meta post-meta-two\">\n\t\t\t\t\t\n        <div class=\"sh-columns post-meta-comments\">\n            <span class=\"post-meta-categories\">\n                <i class=\"icon-tag\"><\/i>\n                <a href=\"https:\/\/voice-interaction.com\/tmp-web\/pt\/category\/empresa-pt-pt\/eventos-pt\/\" rel=\"category tag\">Eventos<\/a>, <a href=\"https:\/\/voice-interaction.com\/tmp-web\/pt\/category\/industrias-pt\/media_pt\/\" rel=\"category tag\">Televis\u00e3o &amp; Media<\/a>            <\/span>\n\n                            <div><\/div>\n                    <\/div>\n\n    \t\t\t\t<\/div>\n\t\t\t<\/div>\n\n\t\t<\/div>\n\t<\/article>\n\n\n\n\t<article id=\"post-3413\" class=\"post-item post-3413 post type-post status-publish format-standard has-post-thumbnail hentry category-eventos-pt category-media_pt\">\n\t\t<div class=\"post-container\">\n\t\t\t\n\t\t\t<div class=\"post-meta-thumb\">\n\t\t\t\t<img loading=\"lazy\" decoding=\"async\" width=\"280\" height=\"209\" src=\"https:\/\/voice-interaction.com\/tmp-web\/wp-content\/uploads\/2016\/04\/NAB-Email-e1519661579915.png\" class=\"attachment-large size-large wp-post-image\" alt=\"\" \/>\t\t\t\t\n        <div class=\"sh-overlay-style1\">\n            <div class=\"sh-table-full\">\n                                    <a href=\"https:\/\/voice-interaction.com\/tmp-web\/pt\/obrigada-nab\/\" class=\"sh-overlay-item sh-table-cell\" title=\"Open the article - Agradecemos o interesse de todos os visitantes do nosso stand\">\n                        <div class=\"sh-overlay-item-container\">\n                            <i class=\"icon-link\"><\/i>\n                        <\/div>\n                    <\/a>\n                \n                                    <a href=\"https:\/\/voice-interaction.com\/tmp-web\/wp-content\/uploads\/2016\/04\/NAB-Email-e1519661579915.png\" class=\"sh-overlay-item sh-table-cell\" data-rel=\"lightcase\">\n                        <div class=\"sh-overlay-item-container\">\n                            <i class=\"icon-magnifier-add\"><\/i>\n                        <\/div>\n                    <\/a>\n                            <\/div>\n        <\/div>\n\n    \t\t\t<\/div>\n\n\t\t\t<div class=\"post-content-container\">\n\t\t\t\t<a href=\"https:\/\/voice-interaction.com\/tmp-web\/pt\/obrigada-nab\/\" class=\"post-title\">\n\t\t\t\t\t<h2>\n\t\t\t\t\t\t\t\t\t\t\t\tAgradecemos o interesse de todos os visitantes do nosso stand\t\t\t\t\t<\/h2>\n\t\t\t\t<\/a>\n\n\t\t\t\t<div class=\"post-meta post-meta-one\">\n\t\t\t\t\t\n        <span class=\"post-meta-author\">\n            by            <a href=\"https:\/\/voice-interaction.com\/tmp-web\/pt\/author\/fpreto\/\" class=\"bypostauthor\" itemprop=\"url\" rel=\"author\">\n                FPreto            <\/a>\n        <\/span>\n\n                    <time class=\"updated semantic\" itemprop=\"dateModified\" datetime=\"2017-11-14T15:39:58+00:00\"><\/time>\n            <a href=\"https:\/\/voice-interaction.com\/tmp-web\/pt\/obrigada-nab\/\" class=\"post-meta-date sh-default-color\">Abril 27, 2015<\/a>\n        \n    \t\t\t\t<\/div>\n\n\t\t\t\t<div class=\"post-content\">\n\t\t\t\t\t<p>A equipa da VoiceInteraction agradece a todos pela visita ao stand da empresa no NABSHOW 2015&#8230;.<\/p>\n\t\t\t\t<\/div>\n\n\t\t\t\t<div class=\"post-meta post-meta-two\">\n\t\t\t\t\t\n        <div class=\"sh-columns post-meta-comments\">\n            <span class=\"post-meta-categories\">\n                <i class=\"icon-tag\"><\/i>\n                <a href=\"https:\/\/voice-interaction.com\/tmp-web\/pt\/category\/empresa-pt-pt\/eventos-pt\/\" rel=\"category tag\">Eventos<\/a>, <a href=\"https:\/\/voice-interaction.com\/tmp-web\/pt\/category\/industrias-pt\/media_pt\/\" rel=\"category tag\">Televis\u00e3o &amp; Media<\/a>            <\/span>\n\n                            <div><\/div>\n                    <\/div>\n\n    \t\t\t\t<\/div>\n\t\t\t<\/div>\n\n\t\t<\/div>\n\t<\/article>\n\n\n\n\t<article id=\"post-3354\" class=\"post-item post-3354 post type-post status-publish format-standard has-post-thumbnail hentry category-eventos-pt category-media_pt tag-nab-pt\">\n\t\t<div class=\"post-container\">\n\t\t\t\n\t\t\t<div class=\"post-meta-thumb\">\n\t\t\t\t<img loading=\"lazy\" decoding=\"async\" width=\"260\" height=\"78\" src=\"https:\/\/voice-interaction.com\/tmp-web\/wp-content\/uploads\/2014\/03\/nRbGNavN-e1510914666322.jpg\" class=\"attachment-large size-large wp-post-image\" alt=\"\" \/>\t\t\t\t\n        <div class=\"sh-overlay-style1\">\n            <div class=\"sh-table-full\">\n                                    <a href=\"https:\/\/voice-interaction.com\/tmp-web\/pt\/voiceinteraction-participa-no-nabshow\/\" class=\"sh-overlay-item sh-table-cell\" title=\"Open the article - VoiceInteraction Brasil participa no NABSHOW 2015\">\n                        <div class=\"sh-overlay-item-container\">\n                            <i class=\"icon-link\"><\/i>\n                        <\/div>\n                    <\/a>\n                \n                                    <a href=\"https:\/\/voice-interaction.com\/tmp-web\/wp-content\/uploads\/2014\/03\/nRbGNavN-e1510914666322.jpg\" class=\"sh-overlay-item sh-table-cell\" data-rel=\"lightcase\">\n                        <div class=\"sh-overlay-item-container\">\n                            <i class=\"icon-magnifier-add\"><\/i>\n                        <\/div>\n                    <\/a>\n                            <\/div>\n        <\/div>\n\n    \t\t\t<\/div>\n\n\t\t\t<div class=\"post-content-container\">\n\t\t\t\t<a href=\"https:\/\/voice-interaction.com\/tmp-web\/pt\/voiceinteraction-participa-no-nabshow\/\" class=\"post-title\">\n\t\t\t\t\t<h2>\n\t\t\t\t\t\t\t\t\t\t\t\tVoiceInteraction Brasil participa no NABSHOW 2015\t\t\t\t\t<\/h2>\n\t\t\t\t<\/a>\n\n\t\t\t\t<div class=\"post-meta post-meta-one\">\n\t\t\t\t\t\n        <span class=\"post-meta-author\">\n            by            <a href=\"https:\/\/voice-interaction.com\/tmp-web\/pt\/author\/fpreto\/\" class=\"bypostauthor\" itemprop=\"url\" rel=\"author\">\n                FPreto            <\/a>\n        <\/span>\n\n                    <time class=\"updated semantic\" itemprop=\"dateModified\" datetime=\"2017-11-17T10:31:20+00:00\"><\/time>\n            <a href=\"https:\/\/voice-interaction.com\/tmp-web\/pt\/voiceinteraction-participa-no-nabshow\/\" class=\"post-meta-date sh-default-color\">Abril 2, 2015<\/a>\n        \n    \t\t\t\t<\/div>\n\n\t\t\t\t<div class=\"post-content\">\n\t\t\t\t\t<p>A VoiceInteraction apresentar\u00e1 no NAB Show 2015 duas novas solu\u00e7\u00f5es associadas \u00e0 ind\u00fastria de broadcast: a&#8230;<\/p>\n\t\t\t\t<\/div>\n\n\t\t\t\t<div class=\"post-meta post-meta-two\">\n\t\t\t\t\t\n        <div class=\"sh-columns post-meta-comments\">\n            <span class=\"post-meta-categories\">\n                <i class=\"icon-tag\"><\/i>\n                <a href=\"https:\/\/voice-interaction.com\/tmp-web\/pt\/category\/empresa-pt-pt\/eventos-pt\/\" rel=\"category tag\">Eventos<\/a>, <a href=\"https:\/\/voice-interaction.com\/tmp-web\/pt\/category\/industrias-pt\/media_pt\/\" rel=\"category tag\">Televis\u00e3o &amp; Media<\/a>            <\/span>\n\n                            <div><\/div>\n                    <\/div>\n\n    \t\t\t\t<\/div>\n\t\t\t<\/div>\n\n\t\t<\/div>\n\t<\/article>\n\n\n\n\t<article id=\"post-3010\" class=\"post-item post-3010 post type-post status-publish format-standard has-post-thumbnail hentry category-noticias-empresa-pt\">\n\t\t<div class=\"post-container\">\n\t\t\t\n\t\t\t<div class=\"post-meta-thumb\">\n\t\t\t\t<img loading=\"lazy\" decoding=\"async\" width=\"260\" height=\"69\" src=\"https:\/\/voice-interaction.com\/tmp-web\/wp-content\/uploads\/2014\/10\/VI-Certification-e1511282389968.jpg\" class=\"attachment-large size-large wp-post-image\" alt=\"\" \/>\t\t\t\t\n        <div class=\"sh-overlay-style1\">\n            <div class=\"sh-table-full\">\n                                    <a href=\"https:\/\/voice-interaction.com\/tmp-web\/pt\/voiceinteraction-mantem-certificacoes-iso-9001-e-np-4457\/\" class=\"sh-overlay-item sh-table-cell\" title=\"Open the article - VoiceInteraction mant\u00e9m certifica\u00e7\u00f5es ISO-9001 e NP-4457\">\n                        <div class=\"sh-overlay-item-container\">\n                            <i class=\"icon-link\"><\/i>\n                        <\/div>\n                    <\/a>\n                \n                                    <a href=\"https:\/\/voice-interaction.com\/tmp-web\/wp-content\/uploads\/2014\/10\/VI-Certification-e1511282389968.jpg\" class=\"sh-overlay-item sh-table-cell\" data-rel=\"lightcase\">\n                        <div class=\"sh-overlay-item-container\">\n                            <i class=\"icon-magnifier-add\"><\/i>\n                        <\/div>\n                    <\/a>\n                            <\/div>\n        <\/div>\n\n    \t\t\t<\/div>\n\n\t\t\t<div class=\"post-content-container\">\n\t\t\t\t<a href=\"https:\/\/voice-interaction.com\/tmp-web\/pt\/voiceinteraction-mantem-certificacoes-iso-9001-e-np-4457\/\" class=\"post-title\">\n\t\t\t\t\t<h2>\n\t\t\t\t\t\t\t\t\t\t\t\tVoiceInteraction mant\u00e9m certifica\u00e7\u00f5es ISO-9001 e NP-4457\t\t\t\t\t<\/h2>\n\t\t\t\t<\/a>\n\n\t\t\t\t<div class=\"post-meta post-meta-one\">\n\t\t\t\t\t\n        <span class=\"post-meta-author\">\n            by            <a href=\"https:\/\/voice-interaction.com\/tmp-web\/pt\/author\/fpreto\/\" class=\"bypostauthor\" itemprop=\"url\" rel=\"author\">\n                FPreto            <\/a>\n        <\/span>\n\n                    <time class=\"updated semantic\" itemprop=\"dateModified\" datetime=\"2017-11-14T16:14:48+00:00\"><\/time>\n            <a href=\"https:\/\/voice-interaction.com\/tmp-web\/pt\/voiceinteraction-mantem-certificacoes-iso-9001-e-np-4457\/\" class=\"post-meta-date sh-default-color\">Novembro 19, 2014<\/a>\n        \n    \t\t\t\t<\/div>\n\n\t\t\t\t<div class=\"post-content\">\n\t\t\t\t\t<p>Como corol\u00e1rio natural do seu compromisso de satisfa\u00e7\u00e3o do cliente pela procura cont\u00ednua de solu\u00e7\u00f5es inovadoras&#8230;<\/p>\n\t\t\t\t<\/div>\n\n\t\t\t\t<div class=\"post-meta post-meta-two\">\n\t\t\t\t\t\n        <div class=\"sh-columns post-meta-comments\">\n            <span class=\"post-meta-categories\">\n                <i class=\"icon-tag\"><\/i>\n                <a href=\"https:\/\/voice-interaction.com\/tmp-web\/pt\/category\/empresa-pt-pt\/noticias-empresa-pt\/\" rel=\"category tag\">Not\u00edcias Empresa<\/a>            <\/span>\n\n                            <div><\/div>\n                    <\/div>\n\n    \t\t\t\t<\/div>\n\t\t\t<\/div>\n\n\t\t<\/div>\n\t<\/article>\n\n\n\n\t<article id=\"post-2993\" class=\"post-item post-2993 post type-post status-publish format-standard has-post-thumbnail hentry category-eventos-pt category-media_pt tag-ibc\">\n\t\t<div class=\"post-container\">\n\t\t\t\n\t\t\t<div class=\"post-meta-thumb\">\n\t\t\t\t<img loading=\"lazy\" decoding=\"async\" width=\"265\" height=\"149\" src=\"https:\/\/voice-interaction.com\/tmp-web\/wp-content\/uploads\/2014\/09\/ibc-poster.jpg\" class=\"attachment-large size-large wp-post-image\" alt=\"\" \/>\t\t\t\t\n        <div class=\"sh-overlay-style1\">\n            <div class=\"sh-table-full\">\n                                    <a href=\"https:\/\/voice-interaction.com\/tmp-web\/pt\/a-ibc-2014-terminou-obrigado-pela-sua-visita\/\" class=\"sh-overlay-item sh-table-cell\" title=\"Open the article - A IBC 2014 terminou&#8230; obrigado pela sua visita.\">\n                        <div class=\"sh-overlay-item-container\">\n                            <i class=\"icon-link\"><\/i>\n                        <\/div>\n                    <\/a>\n                \n                                    <a href=\"https:\/\/voice-interaction.com\/tmp-web\/wp-content\/uploads\/2014\/09\/ibc-poster.jpg\" class=\"sh-overlay-item sh-table-cell\" data-rel=\"lightcase\">\n                        <div class=\"sh-overlay-item-container\">\n                            <i class=\"icon-magnifier-add\"><\/i>\n                        <\/div>\n                    <\/a>\n                            <\/div>\n        <\/div>\n\n    \t\t\t<\/div>\n\n\t\t\t<div class=\"post-content-container\">\n\t\t\t\t<a href=\"https:\/\/voice-interaction.com\/tmp-web\/pt\/a-ibc-2014-terminou-obrigado-pela-sua-visita\/\" class=\"post-title\">\n\t\t\t\t\t<h2>\n\t\t\t\t\t\t\t\t\t\t\t\tA IBC 2014 terminou&#8230; obrigado pela sua visita.\t\t\t\t\t<\/h2>\n\t\t\t\t<\/a>\n\n\t\t\t\t<div class=\"post-meta post-meta-one\">\n\t\t\t\t\t\n        <span class=\"post-meta-author\">\n            by            <a href=\"https:\/\/voice-interaction.com\/tmp-web\/pt\/author\/fpreto\/\" class=\"bypostauthor\" itemprop=\"url\" rel=\"author\">\n                FPreto            <\/a>\n        <\/span>\n\n                    <time class=\"updated semantic\" itemprop=\"dateModified\" datetime=\"2017-11-17T10:34:22+00:00\"><\/time>\n            <a href=\"https:\/\/voice-interaction.com\/tmp-web\/pt\/a-ibc-2014-terminou-obrigado-pela-sua-visita\/\" class=\"post-meta-date sh-default-color\">Setembro 20, 2014<\/a>\n        \n    \t\t\t\t<\/div>\n\n\t\t\t\t<div class=\"post-content\">\n\t\t\t\t\t<p>A VoiceInteraction esteve novamente presente na International Broadcasting Convention (IBC) que decorreu em Amesterd\u00e3o, entre os&#8230;<\/p>\n\t\t\t\t<\/div>\n\n\t\t\t\t<div class=\"post-meta post-meta-two\">\n\t\t\t\t\t\n        <div class=\"sh-columns post-meta-comments\">\n            <span class=\"post-meta-categories\">\n                <i class=\"icon-tag\"><\/i>\n                <a href=\"https:\/\/voice-interaction.com\/tmp-web\/pt\/category\/empresa-pt-pt\/eventos-pt\/\" rel=\"category tag\">Eventos<\/a>, <a href=\"https:\/\/voice-interaction.com\/tmp-web\/pt\/category\/industrias-pt\/media_pt\/\" rel=\"category tag\">Televis\u00e3o &amp; Media<\/a>            <\/span>\n\n                            <div><\/div>\n                    <\/div>\n\n    \t\t\t\t<\/div>\n\t\t\t<\/div>\n\n\t\t<\/div>\n\t<\/article>\n\n\n\n\t<article id=\"post-2972\" class=\"post-item post-2972 post type-post status-publish format-standard has-post-thumbnail hentry category-eventos-pt category-media_pt tag-ibc\">\n\t\t<div class=\"post-container\">\n\t\t\t\n\t\t\t<div class=\"post-meta-thumb\">\n\t\t\t\t<img loading=\"lazy\" decoding=\"async\" width=\"260\" height=\"169\" src=\"https:\/\/voice-interaction.com\/tmp-web\/wp-content\/uploads\/2014\/09\/IBC-300x267-e1510915002240.png\" class=\"attachment-large size-large wp-post-image\" alt=\"\" \/>\t\t\t\t\n        <div class=\"sh-overlay-style1\">\n            <div class=\"sh-table-full\">\n                                    <a href=\"https:\/\/voice-interaction.com\/tmp-web\/pt\/voiceinteraction-participara-na-ibc-2014\/\" class=\"sh-overlay-item sh-table-cell\" title=\"Open the article - VoiceInteraction participa na IBC 2014\">\n                        <div class=\"sh-overlay-item-container\">\n                            <i class=\"icon-link\"><\/i>\n                        <\/div>\n                    <\/a>\n                \n                                    <a href=\"https:\/\/voice-interaction.com\/tmp-web\/wp-content\/uploads\/2014\/09\/IBC-300x267-e1510915002240.png\" class=\"sh-overlay-item sh-table-cell\" data-rel=\"lightcase\">\n                        <div class=\"sh-overlay-item-container\">\n                            <i class=\"icon-magnifier-add\"><\/i>\n                        <\/div>\n                    <\/a>\n                            <\/div>\n        <\/div>\n\n    \t\t\t<\/div>\n\n\t\t\t<div class=\"post-content-container\">\n\t\t\t\t<a href=\"https:\/\/voice-interaction.com\/tmp-web\/pt\/voiceinteraction-participara-na-ibc-2014\/\" class=\"post-title\">\n\t\t\t\t\t<h2>\n\t\t\t\t\t\t\t\t\t\t\t\tVoiceInteraction participa na IBC 2014\t\t\t\t\t<\/h2>\n\t\t\t\t<\/a>\n\n\t\t\t\t<div class=\"post-meta post-meta-one\">\n\t\t\t\t\t\n        <span class=\"post-meta-author\">\n            by            <a href=\"https:\/\/voice-interaction.com\/tmp-web\/pt\/author\/fpreto\/\" class=\"bypostauthor\" itemprop=\"url\" rel=\"author\">\n                FPreto            <\/a>\n        <\/span>\n\n                    <time class=\"updated semantic\" itemprop=\"dateModified\" datetime=\"2017-11-17T10:37:14+00:00\"><\/time>\n            <a href=\"https:\/\/voice-interaction.com\/tmp-web\/pt\/voiceinteraction-participara-na-ibc-2014\/\" class=\"post-meta-date sh-default-color\">Setembro 5, 2014<\/a>\n        \n    \t\t\t\t<\/div>\n\n\t\t\t\t<div class=\"post-content\">\n\t\t\t\t\t<p>A VoiceInteraction estar\u00e1 novamente em Amesterd\u00e3o a fim de participar na International Broadcasting Convention (IBC). Durante&#8230;<\/p>\n\t\t\t\t<\/div>\n\n\t\t\t\t<div class=\"post-meta post-meta-two\">\n\t\t\t\t\t\n        <div class=\"sh-columns post-meta-comments\">\n            <span class=\"post-meta-categories\">\n                <i class=\"icon-tag\"><\/i>\n                <a href=\"https:\/\/voice-interaction.com\/tmp-web\/pt\/category\/empresa-pt-pt\/eventos-pt\/\" rel=\"category tag\">Eventos<\/a>, <a href=\"https:\/\/voice-interaction.com\/tmp-web\/pt\/category\/industrias-pt\/media_pt\/\" rel=\"category tag\">Televis\u00e3o &amp; Media<\/a>            <\/span>\n\n                            <div><\/div>\n                    <\/div>\n\n    \t\t\t\t<\/div>\n\t\t\t<\/div>\n\n\t\t<\/div>\n\t<\/article>\n\n\n\n\t<article id=\"post-2961\" class=\"post-item post-2961 post type-post status-publish format-standard has-post-thumbnail hentry category-eventos-pt category-media_pt tag-nab-pt\">\n\t\t<div class=\"post-container\">\n\t\t\t\n\t\t\t<div class=\"post-meta-thumb\">\n\t\t\t\t<img loading=\"lazy\" decoding=\"async\" width=\"260\" height=\"78\" src=\"https:\/\/voice-interaction.com\/tmp-web\/wp-content\/uploads\/2014\/03\/nRbGNavN-e1510914666322.jpg\" class=\"attachment-large size-large wp-post-image\" alt=\"\" \/>\t\t\t\t\n        <div class=\"sh-overlay-style1\">\n            <div class=\"sh-table-full\">\n                                    <a href=\"https:\/\/voice-interaction.com\/tmp-web\/pt\/voiceinteraction-agradece-o-interesse-de-todos-os-visitantes-do-seu-stand-na-nab\/\" class=\"sh-overlay-item sh-table-cell\" title=\"Open the article - A VoiceInteraction agradece o interesse de todos os visitantes do seu stand na NAB\">\n                        <div class=\"sh-overlay-item-container\">\n                            <i class=\"icon-link\"><\/i>\n                        <\/div>\n                    <\/a>\n                \n                                    <a href=\"https:\/\/voice-interaction.com\/tmp-web\/wp-content\/uploads\/2014\/03\/nRbGNavN-e1510914666322.jpg\" class=\"sh-overlay-item sh-table-cell\" data-rel=\"lightcase\">\n                        <div class=\"sh-overlay-item-container\">\n                            <i class=\"icon-magnifier-add\"><\/i>\n                        <\/div>\n                    <\/a>\n                            <\/div>\n        <\/div>\n\n    \t\t\t<\/div>\n\n\t\t\t<div class=\"post-content-container\">\n\t\t\t\t<a href=\"https:\/\/voice-interaction.com\/tmp-web\/pt\/voiceinteraction-agradece-o-interesse-de-todos-os-visitantes-do-seu-stand-na-nab\/\" class=\"post-title\">\n\t\t\t\t\t<h2>\n\t\t\t\t\t\t\t\t\t\t\t\tA VoiceInteraction agradece o interesse de todos os visitantes do seu stand na NAB\t\t\t\t\t<\/h2>\n\t\t\t\t<\/a>\n\n\t\t\t\t<div class=\"post-meta post-meta-one\">\n\t\t\t\t\t\n        <span class=\"post-meta-author\">\n            by            <a href=\"https:\/\/voice-interaction.com\/tmp-web\/pt\/author\/fpreto\/\" class=\"bypostauthor\" itemprop=\"url\" rel=\"author\">\n                FPreto            <\/a>\n        <\/span>\n\n                    <time class=\"updated semantic\" itemprop=\"dateModified\" datetime=\"2017-11-17T10:39:00+00:00\"><\/time>\n            <a href=\"https:\/\/voice-interaction.com\/tmp-web\/pt\/voiceinteraction-agradece-o-interesse-de-todos-os-visitantes-do-seu-stand-na-nab\/\" class=\"post-meta-date sh-default-color\">Abril 17, 2014<\/a>\n        \n    \t\t\t\t<\/div>\n\n\t\t\t\t<div class=\"post-content\">\n\t\t\t\t\t<p>Obrigado por nos ter visitado\u00a0no stand da VoiceInteraction na NAB, na semana passada. N\u00f3s esperamos que&#8230;<\/p>\n\t\t\t\t<\/div>\n\n\t\t\t\t<div class=\"post-meta post-meta-two\">\n\t\t\t\t\t\n        <div class=\"sh-columns post-meta-comments\">\n            <span class=\"post-meta-categories\">\n                <i class=\"icon-tag\"><\/i>\n                <a href=\"https:\/\/voice-interaction.com\/tmp-web\/pt\/category\/empresa-pt-pt\/eventos-pt\/\" rel=\"category tag\">Eventos<\/a>, <a href=\"https:\/\/voice-interaction.com\/tmp-web\/pt\/category\/industrias-pt\/media_pt\/\" rel=\"category tag\">Televis\u00e3o &amp; Media<\/a>            <\/span>\n\n                            <div><\/div>\n                    <\/div>\n\n    \t\t\t\t<\/div>\n\t\t\t<\/div>\n\n\t\t<\/div>\n\t<\/article>\n\n\n\n\t<article id=\"post-2945\" class=\"post-item post-2945 post type-post status-publish format-standard has-post-thumbnail hentry category-eventos-pt category-media_pt\">\n\t\t<div class=\"post-container\">\n\t\t\t\n\t\t\t<div class=\"post-meta-thumb\">\n\t\t\t\t<img loading=\"lazy\" decoding=\"async\" width=\"260\" height=\"78\" src=\"https:\/\/voice-interaction.com\/tmp-web\/wp-content\/uploads\/2014\/03\/nRbGNavN-e1510914666322.jpg\" class=\"attachment-large size-large wp-post-image\" alt=\"\" \/>\t\t\t\t\n        <div class=\"sh-overlay-style1\">\n            <div class=\"sh-table-full\">\n                                    <a href=\"https:\/\/voice-interaction.com\/tmp-web\/pt\/voiceinteraction-brasil-nab2014\/\" class=\"sh-overlay-item sh-table-cell\" title=\"Open the article - VoiceInteraction Brasil participou na NAB\">\n                        <div class=\"sh-overlay-item-container\">\n                            <i class=\"icon-link\"><\/i>\n                        <\/div>\n                    <\/a>\n                \n                                    <a href=\"https:\/\/voice-interaction.com\/tmp-web\/wp-content\/uploads\/2014\/03\/nRbGNavN-e1510914666322.jpg\" class=\"sh-overlay-item sh-table-cell\" data-rel=\"lightcase\">\n                        <div class=\"sh-overlay-item-container\">\n                            <i class=\"icon-magnifier-add\"><\/i>\n                        <\/div>\n                    <\/a>\n                            <\/div>\n        <\/div>\n\n    \t\t\t<\/div>\n\n\t\t\t<div class=\"post-content-container\">\n\t\t\t\t<a href=\"https:\/\/voice-interaction.com\/tmp-web\/pt\/voiceinteraction-brasil-nab2014\/\" class=\"post-title\">\n\t\t\t\t\t<h2>\n\t\t\t\t\t\t\t\t\t\t\t\tVoiceInteraction Brasil participou na NAB\t\t\t\t\t<\/h2>\n\t\t\t\t<\/a>\n\n\t\t\t\t<div class=\"post-meta post-meta-one\">\n\t\t\t\t\t\n        <span class=\"post-meta-author\">\n            by            <a href=\"https:\/\/voice-interaction.com\/tmp-web\/pt\/author\/fpreto\/\" class=\"bypostauthor\" itemprop=\"url\" rel=\"author\">\n                FPreto            <\/a>\n        <\/span>\n\n                    <time class=\"updated semantic\" itemprop=\"dateModified\" datetime=\"2017-11-17T10:42:56+00:00\"><\/time>\n            <a href=\"https:\/\/voice-interaction.com\/tmp-web\/pt\/voiceinteraction-brasil-nab2014\/\" class=\"post-meta-date sh-default-color\">Abril 11, 2014<\/a>\n        \n    \t\t\t\t<\/div>\n\n\t\t\t\t<div class=\"post-content\">\n\t\t\t\t\t<p>A VoiceInteraction, uma empresa especialista em Tecnologias de Processamento de Fala, apresentou na NABSHOW, as suas&#8230;<\/p>\n\t\t\t\t<\/div>\n\n\t\t\t\t<div class=\"post-meta post-meta-two\">\n\t\t\t\t\t\n        <div class=\"sh-columns post-meta-comments\">\n            <span class=\"post-meta-categories\">\n                <i class=\"icon-tag\"><\/i>\n                <a href=\"https:\/\/voice-interaction.com\/tmp-web\/pt\/category\/empresa-pt-pt\/eventos-pt\/\" rel=\"category tag\">Eventos<\/a>, <a href=\"https:\/\/voice-interaction.com\/tmp-web\/pt\/category\/industrias-pt\/media_pt\/\" rel=\"category tag\">Televis\u00e3o &amp; Media<\/a>            <\/span>\n\n                            <div><\/div>\n                    <\/div>\n\n    \t\t\t\t<\/div>\n\t\t\t<\/div>\n\n\t\t<\/div>\n\t<\/article>\n\n\n\n\t<article id=\"post-2936\" class=\"post-item post-2936 post type-post status-publish format-standard has-post-thumbnail hentry category-eventos-pt category-media_pt\">\n\t\t<div class=\"post-container\">\n\t\t\t\n\t\t\t<div class=\"post-meta-thumb\">\n\t\t\t\t<img loading=\"lazy\" decoding=\"async\" width=\"260\" height=\"78\" src=\"https:\/\/voice-interaction.com\/tmp-web\/wp-content\/uploads\/2014\/03\/nRbGNavN-e1510914666322.jpg\" class=\"attachment-large size-large wp-post-image\" alt=\"\" \/>\t\t\t\t\n        <div class=\"sh-overlay-style1\">\n            <div class=\"sh-table-full\">\n                                    <a href=\"https:\/\/voice-interaction.com\/tmp-web\/pt\/voiceinteraction-brasil-nabshow-5-10-abril\/\" class=\"sh-overlay-item sh-table-cell\" title=\"Open the article - VoiceInteraction Brasil na NABSHOW (5-10 Abril)\">\n                        <div class=\"sh-overlay-item-container\">\n                            <i class=\"icon-link\"><\/i>\n                        <\/div>\n                    <\/a>\n                \n                                    <a href=\"https:\/\/voice-interaction.com\/tmp-web\/wp-content\/uploads\/2014\/03\/nRbGNavN-e1510914666322.jpg\" class=\"sh-overlay-item sh-table-cell\" data-rel=\"lightcase\">\n                        <div class=\"sh-overlay-item-container\">\n                            <i class=\"icon-magnifier-add\"><\/i>\n                        <\/div>\n                    <\/a>\n                            <\/div>\n        <\/div>\n\n    \t\t\t<\/div>\n\n\t\t\t<div class=\"post-content-container\">\n\t\t\t\t<a href=\"https:\/\/voice-interaction.com\/tmp-web\/pt\/voiceinteraction-brasil-nabshow-5-10-abril\/\" class=\"post-title\">\n\t\t\t\t\t<h2>\n\t\t\t\t\t\t\t\t\t\t\t\tVoiceInteraction Brasil na NABSHOW (5-10 Abril)\t\t\t\t\t<\/h2>\n\t\t\t\t<\/a>\n\n\t\t\t\t<div class=\"post-meta post-meta-one\">\n\t\t\t\t\t\n        <span class=\"post-meta-author\">\n            by            <a href=\"https:\/\/voice-interaction.com\/tmp-web\/pt\/author\/fpreto\/\" class=\"bypostauthor\" itemprop=\"url\" rel=\"author\">\n                FPreto            <\/a>\n        <\/span>\n\n                    <time class=\"updated semantic\" itemprop=\"dateModified\" datetime=\"2017-11-17T10:44:12+00:00\"><\/time>\n            <a href=\"https:\/\/voice-interaction.com\/tmp-web\/pt\/voiceinteraction-brasil-nabshow-5-10-abril\/\" class=\"post-meta-date sh-default-color\">Mar\u00e7o 27, 2014<\/a>\n        \n    \t\t\t\t<\/div>\n\n\t\t\t\t<div class=\"post-content\">\n\t\t\t\t\t<p>A VoiceInteraction Brasil vai estar presente na NABSHOW de 5 a 10 de Abril 2014, NABSHOW&#8230;.<\/p>\n\t\t\t\t<\/div>\n\n\t\t\t\t<div class=\"post-meta post-meta-two\">\n\t\t\t\t\t\n        <div class=\"sh-columns post-meta-comments\">\n            <span class=\"post-meta-categories\">\n                <i class=\"icon-tag\"><\/i>\n                <a href=\"https:\/\/voice-interaction.com\/tmp-web\/pt\/category\/empresa-pt-pt\/eventos-pt\/\" rel=\"category tag\">Eventos<\/a>, <a href=\"https:\/\/voice-interaction.com\/tmp-web\/pt\/category\/industrias-pt\/media_pt\/\" rel=\"category tag\">Televis\u00e3o &amp; Media<\/a>            <\/span>\n\n                            <div><\/div>\n                    <\/div>\n\n    \t\t\t\t<\/div>\n\t\t\t<\/div>\n\n\t\t<\/div>\n\t<\/article>\n\n\n\n\t<article id=\"post-2913\" class=\"post-item post-2913 post type-post status-publish format-standard has-post-thumbnail hentry category-noticias-empresa-pt\">\n\t\t<div class=\"post-container\">\n\t\t\t\n\t\t\t<div class=\"post-meta-thumb\">\n\t\t\t\t<img loading=\"lazy\" decoding=\"async\" width=\"264\" height=\"148\" src=\"https:\/\/voice-interaction.com\/tmp-web\/wp-content\/uploads\/2013\/12\/2017-11-17_110921.png\" class=\"attachment-large size-large wp-post-image\" alt=\"\" \/>\t\t\t\t\n        <div class=\"sh-overlay-style1\">\n            <div class=\"sh-table-full\">\n                                    <a href=\"https:\/\/voice-interaction.com\/tmp-web\/pt\/feliz-natal-e-um-excelente-2014\/\" class=\"sh-overlay-item sh-table-cell\" title=\"Open the article - Feliz Natal e um Excelente 2014\">\n                        <div class=\"sh-overlay-item-container\">\n                            <i class=\"icon-link\"><\/i>\n                        <\/div>\n                    <\/a>\n                \n                                    <a href=\"https:\/\/voice-interaction.com\/tmp-web\/wp-content\/uploads\/2013\/12\/2017-11-17_110921.png\" class=\"sh-overlay-item sh-table-cell\" data-rel=\"lightcase\">\n                        <div class=\"sh-overlay-item-container\">\n                            <i class=\"icon-magnifier-add\"><\/i>\n                        <\/div>\n                    <\/a>\n                            <\/div>\n        <\/div>\n\n    \t\t\t<\/div>\n\n\t\t\t<div class=\"post-content-container\">\n\t\t\t\t<a href=\"https:\/\/voice-interaction.com\/tmp-web\/pt\/feliz-natal-e-um-excelente-2014\/\" class=\"post-title\">\n\t\t\t\t\t<h2>\n\t\t\t\t\t\t\t\t\t\t\t\tFeliz Natal e um Excelente 2014\t\t\t\t\t<\/h2>\n\t\t\t\t<\/a>\n\n\t\t\t\t<div class=\"post-meta post-meta-one\">\n\t\t\t\t\t\n        <span class=\"post-meta-author\">\n            by            <a href=\"https:\/\/voice-interaction.com\/tmp-web\/pt\/author\/fpreto\/\" class=\"bypostauthor\" itemprop=\"url\" rel=\"author\">\n                FPreto            <\/a>\n        <\/span>\n\n                    <time class=\"updated semantic\" itemprop=\"dateModified\" datetime=\"2017-11-17T11:10:31+00:00\"><\/time>\n            <a href=\"https:\/\/voice-interaction.com\/tmp-web\/pt\/feliz-natal-e-um-excelente-2014\/\" class=\"post-meta-date sh-default-color\">Dezembro 20, 2013<\/a>\n        \n    \t\t\t\t<\/div>\n\n\t\t\t\t<div class=\"post-content\">\n\t\t\t\t\t<p>A VoiceInteraction deseja a todos os seus colaboradores, associados e clientes,\u00a0um Feliz Natal e um Excelente&#8230;<\/p>\n\t\t\t\t<\/div>\n\n\t\t\t\t<div class=\"post-meta post-meta-two\">\n\t\t\t\t\t\n        <div class=\"sh-columns post-meta-comments\">\n            <span class=\"post-meta-categories\">\n                <i class=\"icon-tag\"><\/i>\n                <a href=\"https:\/\/voice-interaction.com\/tmp-web\/pt\/category\/empresa-pt-pt\/noticias-empresa-pt\/\" rel=\"category tag\">Not\u00edcias Empresa<\/a>            <\/span>\n\n                            <div><\/div>\n                    <\/div>\n\n    \t\t\t\t<\/div>\n\t\t\t<\/div>\n\n\t\t<\/div>\n\t<\/article>\n\n\n\n\t<article id=\"post-11643\" class=\"post-item post-11643 post type-post status-publish format-standard has-post-thumbnail hentry category-parcerias-pt category-media_pt tag-rtp\">\n\t\t<div class=\"post-container\">\n\t\t\t\n\t\t\t<div class=\"post-meta-thumb\">\n\t\t\t\t<img loading=\"lazy\" decoding=\"async\" width=\"260\" height=\"142\" src=\"https:\/\/voice-interaction.com\/tmp-web\/wp-content\/uploads\/2013\/10\/fetchUID.INBOX21417-e1511282269581.jpg\" class=\"attachment-large size-large wp-post-image\" alt=\"\" \/>\t\t\t\t\n        <div class=\"sh-overlay-style1\">\n            <div class=\"sh-table-full\">\n                                    <a href=\"https:\/\/voice-interaction.com\/tmp-web\/pt\/voiceinteraction-integra-o-cluster-tecnologico-criado-pela-rtp-pims\/\" class=\"sh-overlay-item sh-table-cell\" title=\"Open the article - VoiceInteraction integra o Cluster Tecnol\u00f3gico criado pela RTP &#8211; PIMS\">\n                        <div class=\"sh-overlay-item-container\">\n                            <i class=\"icon-link\"><\/i>\n                        <\/div>\n                    <\/a>\n                \n                                    <a href=\"https:\/\/voice-interaction.com\/tmp-web\/wp-content\/uploads\/2013\/10\/fetchUID.INBOX21417-e1511282269581.jpg\" class=\"sh-overlay-item sh-table-cell\" data-rel=\"lightcase\">\n                        <div class=\"sh-overlay-item-container\">\n                            <i class=\"icon-magnifier-add\"><\/i>\n                        <\/div>\n                    <\/a>\n                            <\/div>\n        <\/div>\n\n    \t\t\t<\/div>\n\n\t\t\t<div class=\"post-content-container\">\n\t\t\t\t<a href=\"https:\/\/voice-interaction.com\/tmp-web\/pt\/voiceinteraction-integra-o-cluster-tecnologico-criado-pela-rtp-pims\/\" class=\"post-title\">\n\t\t\t\t\t<h2>\n\t\t\t\t\t\t\t\t\t\t\t\tVoiceInteraction integra o Cluster Tecnol\u00f3gico criado pela RTP &#8211; PIMS\t\t\t\t\t<\/h2>\n\t\t\t\t<\/a>\n\n\t\t\t\t<div class=\"post-meta post-meta-one\">\n\t\t\t\t\t\n        <span class=\"post-meta-author\">\n            by            <a href=\"https:\/\/voice-interaction.com\/tmp-web\/pt\/author\/fpreto\/\" class=\"bypostauthor\" itemprop=\"url\" rel=\"author\">\n                FPreto            <\/a>\n        <\/span>\n\n                    <time class=\"updated semantic\" itemprop=\"dateModified\" datetime=\"2017-11-17T12:03:09+00:00\"><\/time>\n            <a href=\"https:\/\/voice-interaction.com\/tmp-web\/pt\/voiceinteraction-integra-o-cluster-tecnologico-criado-pela-rtp-pims\/\" class=\"post-meta-date sh-default-color\">Outubro 4, 2013<\/a>\n        \n    \t\t\t\t<\/div>\n\n\t\t\t\t<div class=\"post-content\">\n\t\t\t\t\t<p>A RTP reuniu nove empresas tecnol\u00f3gicas, do qual faz parte a VoiceInteraction, denominado PIMS, um cluster&#8230;<\/p>\n\t\t\t\t<\/div>\n\n\t\t\t\t<div class=\"post-meta post-meta-two\">\n\t\t\t\t\t\n        <div class=\"sh-columns post-meta-comments\">\n            <span class=\"post-meta-categories\">\n                <i class=\"icon-tag\"><\/i>\n                <a href=\"https:\/\/voice-interaction.com\/tmp-web\/pt\/category\/empresa-pt-pt\/parcerias-pt\/\" rel=\"category tag\">Parcerias<\/a>, <a href=\"https:\/\/voice-interaction.com\/tmp-web\/pt\/category\/industrias-pt\/media_pt\/\" rel=\"category tag\">Televis\u00e3o &amp; Media<\/a>            <\/span>\n\n                            <div><\/div>\n                    <\/div>\n\n    \t\t\t\t<\/div>\n\t\t\t<\/div>\n\n\t\t<\/div>\n\t<\/article>\n\n\n\n\t<article id=\"post-2515\" class=\"post-item post-2515 post type-post status-publish format-standard has-post-thumbnail hentry category-eventos-pt category-media_pt tag-ibc\">\n\t\t<div class=\"post-container\">\n\t\t\t\n\t\t\t<div class=\"post-meta-thumb\">\n\t\t\t\t<img loading=\"lazy\" decoding=\"async\" width=\"260\" height=\"194\" src=\"https:\/\/voice-interaction.com\/tmp-web\/wp-content\/uploads\/2013\/09\/IMG_1057-300x224-1-e1510915807901.jpg\" class=\"attachment-large size-large wp-post-image\" alt=\"\" \/>\t\t\t\t\n        <div class=\"sh-overlay-style1\">\n            <div class=\"sh-table-full\">\n                                    <a href=\"https:\/\/voice-interaction.com\/tmp-web\/pt\/voiceinteraction-participou-na-ibc\/\" class=\"sh-overlay-item sh-table-cell\" title=\"Open the article - VoiceInteraction participou na IBC\">\n                        <div class=\"sh-overlay-item-container\">\n                            <i class=\"icon-link\"><\/i>\n                        <\/div>\n                    <\/a>\n                \n                                    <a href=\"https:\/\/voice-interaction.com\/tmp-web\/wp-content\/uploads\/2013\/09\/IMG_1057-300x224-1-e1510915807901.jpg\" class=\"sh-overlay-item sh-table-cell\" data-rel=\"lightcase\">\n                        <div class=\"sh-overlay-item-container\">\n                            <i class=\"icon-magnifier-add\"><\/i>\n                        <\/div>\n                    <\/a>\n                            <\/div>\n        <\/div>\n\n    \t\t\t<\/div>\n\n\t\t\t<div class=\"post-content-container\">\n\t\t\t\t<a href=\"https:\/\/voice-interaction.com\/tmp-web\/pt\/voiceinteraction-participou-na-ibc\/\" class=\"post-title\">\n\t\t\t\t\t<h2>\n\t\t\t\t\t\t\t\t\t\t\t\tVoiceInteraction participou na IBC\t\t\t\t\t<\/h2>\n\t\t\t\t<\/a>\n\n\t\t\t\t<div class=\"post-meta post-meta-one\">\n\t\t\t\t\t\n        <span class=\"post-meta-author\">\n            by            <a href=\"https:\/\/voice-interaction.com\/tmp-web\/pt\/author\/fpreto\/\" class=\"bypostauthor\" itemprop=\"url\" rel=\"author\">\n                FPreto            <\/a>\n        <\/span>\n\n                    <time class=\"updated semantic\" itemprop=\"dateModified\" datetime=\"2017-11-17T10:51:41+00:00\"><\/time>\n            <a href=\"https:\/\/voice-interaction.com\/tmp-web\/pt\/voiceinteraction-participou-na-ibc\/\" class=\"post-meta-date sh-default-color\">Setembro 18, 2013<\/a>\n        \n    \t\t\t\t<\/div>\n\n\t\t\t\t<div class=\"post-content\">\n\t\t\t\t\t<p>A VoiceInteraction, uma empresa especialista em Tecnologias de Processamento de Fala, apresentou na\u00a0IBC\u00a0as suas novas solu\u00e7\u00f5es&#8230;<\/p>\n\t\t\t\t<\/div>\n\n\t\t\t\t<div class=\"post-meta post-meta-two\">\n\t\t\t\t\t\n        <div class=\"sh-columns post-meta-comments\">\n            <span class=\"post-meta-categories\">\n                <i class=\"icon-tag\"><\/i>\n                <a href=\"https:\/\/voice-interaction.com\/tmp-web\/pt\/category\/empresa-pt-pt\/eventos-pt\/\" rel=\"category tag\">Eventos<\/a>, <a href=\"https:\/\/voice-interaction.com\/tmp-web\/pt\/category\/industrias-pt\/media_pt\/\" rel=\"category tag\">Televis\u00e3o &amp; Media<\/a>            <\/span>\n\n                            <div><\/div>\n                    <\/div>\n\n    \t\t\t\t<\/div>\n\t\t\t<\/div>\n\n\t\t<\/div>\n\t<\/article>\n\n\n\n\t<article id=\"post-2442\" class=\"post-item post-2442 post type-post status-publish format-standard has-post-thumbnail hentry category-noticias-empresa-pt\">\n\t\t<div class=\"post-container\">\n\t\t\t\n\t\t\t<div class=\"post-meta-thumb\">\n\t\t\t\t<img loading=\"lazy\" decoding=\"async\" width=\"260\" height=\"159\" src=\"https:\/\/voice-interaction.com\/tmp-web\/wp-content\/uploads\/2013\/05\/VI-BR_logo1_cor_72dpi-e1510676508237.png\" class=\"attachment-large size-large wp-post-image\" alt=\"\" \/>\t\t\t\t\n        <div class=\"sh-overlay-style1\">\n            <div class=\"sh-table-full\">\n                                    <a href=\"https:\/\/voice-interaction.com\/tmp-web\/pt\/criada-a-voiceinteraction-brasil\/\" class=\"sh-overlay-item sh-table-cell\" title=\"Open the article - Criada a VoiceInteraction Brasil\">\n                        <div class=\"sh-overlay-item-container\">\n                            <i class=\"icon-link\"><\/i>\n                        <\/div>\n                    <\/a>\n                \n                                    <a href=\"https:\/\/voice-interaction.com\/tmp-web\/wp-content\/uploads\/2013\/05\/VI-BR_logo1_cor_72dpi-e1510676508237.png\" class=\"sh-overlay-item sh-table-cell\" data-rel=\"lightcase\">\n                        <div class=\"sh-overlay-item-container\">\n                            <i class=\"icon-magnifier-add\"><\/i>\n                        <\/div>\n                    <\/a>\n                            <\/div>\n        <\/div>\n\n    \t\t\t<\/div>\n\n\t\t\t<div class=\"post-content-container\">\n\t\t\t\t<a href=\"https:\/\/voice-interaction.com\/tmp-web\/pt\/criada-a-voiceinteraction-brasil\/\" class=\"post-title\">\n\t\t\t\t\t<h2>\n\t\t\t\t\t\t\t\t\t\t\t\tCriada a VoiceInteraction Brasil\t\t\t\t\t<\/h2>\n\t\t\t\t<\/a>\n\n\t\t\t\t<div class=\"post-meta post-meta-one\">\n\t\t\t\t\t\n        <span class=\"post-meta-author\">\n            by            <a href=\"https:\/\/voice-interaction.com\/tmp-web\/pt\/author\/fpreto\/\" class=\"bypostauthor\" itemprop=\"url\" rel=\"author\">\n                FPreto            <\/a>\n        <\/span>\n\n                    <time class=\"updated semantic\" itemprop=\"dateModified\" datetime=\"2017-11-14T16:22:10+00:00\"><\/time>\n            <a href=\"https:\/\/voice-interaction.com\/tmp-web\/pt\/criada-a-voiceinteraction-brasil\/\" class=\"post-meta-date sh-default-color\">Maio 3, 2013<\/a>\n        \n    \t\t\t\t<\/div>\n\n\t\t\t\t<div class=\"post-content\">\n\t\t\t\t\t<p>No seu processo de internacionaliza\u00e7\u00e3o a VoiceInteraction criou uma empresa no Brasil para dar um suporte&#8230;<\/p>\n\t\t\t\t<\/div>\n\n\t\t\t\t<div class=\"post-meta post-meta-two\">\n\t\t\t\t\t\n        <div class=\"sh-columns post-meta-comments\">\n            <span class=\"post-meta-categories\">\n                <i class=\"icon-tag\"><\/i>\n                <a href=\"https:\/\/voice-interaction.com\/tmp-web\/pt\/category\/empresa-pt-pt\/noticias-empresa-pt\/\" rel=\"category tag\">Not\u00edcias Empresa<\/a>            <\/span>\n\n                            <div><\/div>\n                    <\/div>\n\n    \t\t\t\t<\/div>\n\t\t\t<\/div>\n\n\t\t<\/div>\n\t<\/article>\n\n\n\n\t<article id=\"post-2432\" class=\"post-item post-2432 post type-post status-publish format-standard has-post-thumbnail hentry category-noticias-empresa-pt category-solucoes-pt\">\n\t\t<div class=\"post-container\">\n\t\t\t\n\t\t\t<div class=\"post-meta-thumb\">\n\t\t\t\t<img loading=\"lazy\" decoding=\"async\" width=\"614\" height=\"390\" src=\"https:\/\/voice-interaction.com\/tmp-web\/wp-content\/uploads\/2013\/04\/Vi-news-german-french.jpg\" class=\"attachment-large size-large wp-post-image\" alt=\"VoiceInteraction - news - Alem\u00e3o - Franc\u00eas\" srcset=\"https:\/\/voice-interaction.com\/tmp-web\/wp-content\/uploads\/2013\/04\/Vi-news-german-french.jpg 614w, https:\/\/voice-interaction.com\/tmp-web\/wp-content\/uploads\/2013\/04\/Vi-news-german-french-300x191.jpg 300w\" sizes=\"auto, (max-width: 614px) 100vw, 614px\" \/>\t\t\t\t\n        <div class=\"sh-overlay-style1\">\n            <div class=\"sh-table-full\">\n                                    <a href=\"https:\/\/voice-interaction.com\/tmp-web\/pt\/voiceinteraction-disponibiliza-novo-sistema-de-reconhecimento-de-fala-para-alemao-e-frances\/\" class=\"sh-overlay-item sh-table-cell\" title=\"Open the article - VoiceInteraction disponibiliza novo sistema de reconhecimento de fala para Alem\u00e3o e Franc\u00eas\">\n                        <div class=\"sh-overlay-item-container\">\n                            <i class=\"icon-link\"><\/i>\n                        <\/div>\n                    <\/a>\n                \n                                    <a href=\"https:\/\/voice-interaction.com\/tmp-web\/wp-content\/uploads\/2013\/04\/Vi-news-german-french.jpg\" class=\"sh-overlay-item sh-table-cell\" data-rel=\"lightcase\">\n                        <div class=\"sh-overlay-item-container\">\n                            <i class=\"icon-magnifier-add\"><\/i>\n                        <\/div>\n                    <\/a>\n                            <\/div>\n        <\/div>\n\n    \t\t\t<\/div>\n\n\t\t\t<div class=\"post-content-container\">\n\t\t\t\t<a href=\"https:\/\/voice-interaction.com\/tmp-web\/pt\/voiceinteraction-disponibiliza-novo-sistema-de-reconhecimento-de-fala-para-alemao-e-frances\/\" class=\"post-title\">\n\t\t\t\t\t<h2>\n\t\t\t\t\t\t\t\t\t\t\t\tVoiceInteraction disponibiliza novo sistema de reconhecimento de fala para Alem\u00e3o e Franc\u00eas\t\t\t\t\t<\/h2>\n\t\t\t\t<\/a>\n\n\t\t\t\t<div class=\"post-meta post-meta-one\">\n\t\t\t\t\t\n        <span class=\"post-meta-author\">\n            by            <a href=\"https:\/\/voice-interaction.com\/tmp-web\/pt\/author\/fpreto\/\" class=\"bypostauthor\" itemprop=\"url\" rel=\"author\">\n                FPreto            <\/a>\n        <\/span>\n\n                    <time class=\"updated semantic\" itemprop=\"dateModified\" datetime=\"2018-01-03T15:17:42+00:00\"><\/time>\n            <a href=\"https:\/\/voice-interaction.com\/tmp-web\/pt\/voiceinteraction-disponibiliza-novo-sistema-de-reconhecimento-de-fala-para-alemao-e-frances\/\" class=\"post-meta-date sh-default-color\">Abril 26, 2013<\/a>\n        \n    \t\t\t\t<\/div>\n\n\t\t\t\t<div class=\"post-content\">\n\t\t\t\t\t<p>A VoiceInteraction desenvolveu um conjunto de modelos de\u00a0Alem\u00e3o e Franc\u00eas\u00a0para o seu sistema de reconhecimento de&#8230;<\/p>\n\t\t\t\t<\/div>\n\n\t\t\t\t<div class=\"post-meta post-meta-two\">\n\t\t\t\t\t\n        <div class=\"sh-columns post-meta-comments\">\n            <span class=\"post-meta-categories\">\n                <i class=\"icon-tag\"><\/i>\n                <a href=\"https:\/\/voice-interaction.com\/tmp-web\/pt\/category\/empresa-pt-pt\/noticias-empresa-pt\/\" rel=\"category tag\">Not\u00edcias Empresa<\/a>, <a href=\"https:\/\/voice-interaction.com\/tmp-web\/pt\/category\/solucoes-pt\/\" rel=\"category tag\">Solu\u00e7\u00f5es<\/a>            <\/span>\n\n                            <div><\/div>\n                    <\/div>\n\n    \t\t\t\t<\/div>\n\t\t\t<\/div>\n\n\t\t<\/div>\n\t<\/article>\n\n\n\n\t<article id=\"post-2368\" class=\"post-item post-2368 post type-post status-publish format-standard has-post-thumbnail hentry category-noticias-empresa-pt\">\n\t\t<div class=\"post-container\">\n\t\t\t\n\t\t\t<div class=\"post-meta-thumb\">\n\t\t\t\t<img loading=\"lazy\" decoding=\"async\" width=\"300\" height=\"221\" src=\"https:\/\/voice-interaction.com\/tmp-web\/wp-content\/uploads\/2013\/01\/VI-news-italian-e1519659690790.jpg\" class=\"attachment-large size-large wp-post-image\" alt=\"\" \/>\t\t\t\t\n        <div class=\"sh-overlay-style1\">\n            <div class=\"sh-table-full\">\n                                    <a href=\"https:\/\/voice-interaction.com\/tmp-web\/pt\/voiceinteraction-disponibiliza-novo-sistema-de-reconhecimento-de-fala-para-italiano\/\" class=\"sh-overlay-item sh-table-cell\" title=\"Open the article - VOICEINTERACTION disponibiliza novo sistema de reconhecimento de fala para Italiano\">\n                        <div class=\"sh-overlay-item-container\">\n                            <i class=\"icon-link\"><\/i>\n                        <\/div>\n                    <\/a>\n                \n                                    <a href=\"https:\/\/voice-interaction.com\/tmp-web\/wp-content\/uploads\/2013\/01\/VI-news-italian-e1519659690790.jpg\" class=\"sh-overlay-item sh-table-cell\" data-rel=\"lightcase\">\n                        <div class=\"sh-overlay-item-container\">\n                            <i class=\"icon-magnifier-add\"><\/i>\n                        <\/div>\n                    <\/a>\n                            <\/div>\n        <\/div>\n\n    \t\t\t<\/div>\n\n\t\t\t<div class=\"post-content-container\">\n\t\t\t\t<a href=\"https:\/\/voice-interaction.com\/tmp-web\/pt\/voiceinteraction-disponibiliza-novo-sistema-de-reconhecimento-de-fala-para-italiano\/\" class=\"post-title\">\n\t\t\t\t\t<h2>\n\t\t\t\t\t\t\t\t\t\t\t\tVOICEINTERACTION disponibiliza novo sistema de reconhecimento de fala para Italiano\t\t\t\t\t<\/h2>\n\t\t\t\t<\/a>\n\n\t\t\t\t<div class=\"post-meta post-meta-one\">\n\t\t\t\t\t\n        <span class=\"post-meta-author\">\n            by            <a href=\"https:\/\/voice-interaction.com\/tmp-web\/pt\/author\/fpreto\/\" class=\"bypostauthor\" itemprop=\"url\" rel=\"author\">\n                FPreto            <\/a>\n        <\/span>\n\n                    <time class=\"updated semantic\" itemprop=\"dateModified\" datetime=\"2017-11-16T15:52:37+00:00\"><\/time>\n            <a href=\"https:\/\/voice-interaction.com\/tmp-web\/pt\/voiceinteraction-disponibiliza-novo-sistema-de-reconhecimento-de-fala-para-italiano\/\" class=\"post-meta-date sh-default-color\">Janeiro 10, 2013<\/a>\n        \n    \t\t\t\t<\/div>\n\n\t\t\t\t<div class=\"post-content\">\n\t\t\t\t\t<p>A VOICEINTERACTION desenvolveu um conjunto de modelos de Italiano para o seu sistema de reconhecimento de&#8230;<\/p>\n\t\t\t\t<\/div>\n\n\t\t\t\t<div class=\"post-meta post-meta-two\">\n\t\t\t\t\t\n        <div class=\"sh-columns post-meta-comments\">\n            <span class=\"post-meta-categories\">\n                <i class=\"icon-tag\"><\/i>\n                <a href=\"https:\/\/voice-interaction.com\/tmp-web\/pt\/category\/empresa-pt-pt\/noticias-empresa-pt\/\" rel=\"category tag\">Not\u00edcias Empresa<\/a>            <\/span>\n\n                            <div><\/div>\n                    <\/div>\n\n    \t\t\t\t<\/div>\n\t\t\t<\/div>\n\n\t\t<\/div>\n\t<\/article>\n\n\n\n\t<article id=\"post-2103\" class=\"post-item post-2103 post type-post status-publish format-standard has-post-thumbnail hentry category-noticias-empresa-pt\">\n\t\t<div class=\"post-container\">\n\t\t\t\n\t\t\t<div class=\"post-meta-thumb\">\n\t\t\t\t<img loading=\"lazy\" decoding=\"async\" width=\"260\" height=\"69\" src=\"https:\/\/voice-interaction.com\/tmp-web\/wp-content\/uploads\/2014\/10\/VI-Certification-e1511282389968.jpg\" class=\"attachment-large size-large wp-post-image\" alt=\"\" \/>\t\t\t\t\n        <div class=\"sh-overlay-style1\">\n            <div class=\"sh-table-full\">\n                                    <a href=\"https:\/\/voice-interaction.com\/tmp-web\/pt\/voiceinteraction-certificada-iso-90012008-e-np-44572007\/\" class=\"sh-overlay-item sh-table-cell\" title=\"Open the article - VoiceInteraction certificada ISO 9001:2008 e NP 4457:2007\">\n                        <div class=\"sh-overlay-item-container\">\n                            <i class=\"icon-link\"><\/i>\n                        <\/div>\n                    <\/a>\n                \n                                    <a href=\"https:\/\/voice-interaction.com\/tmp-web\/wp-content\/uploads\/2014\/10\/VI-Certification-e1511282389968.jpg\" class=\"sh-overlay-item sh-table-cell\" data-rel=\"lightcase\">\n                        <div class=\"sh-overlay-item-container\">\n                            <i class=\"icon-magnifier-add\"><\/i>\n                        <\/div>\n                    <\/a>\n                            <\/div>\n        <\/div>\n\n    \t\t\t<\/div>\n\n\t\t\t<div class=\"post-content-container\">\n\t\t\t\t<a href=\"https:\/\/voice-interaction.com\/tmp-web\/pt\/voiceinteraction-certificada-iso-90012008-e-np-44572007\/\" class=\"post-title\">\n\t\t\t\t\t<h2>\n\t\t\t\t\t\t\t\t\t\t\t\tVoiceInteraction certificada ISO 9001:2008 e NP 4457:2007\t\t\t\t\t<\/h2>\n\t\t\t\t<\/a>\n\n\t\t\t\t<div class=\"post-meta post-meta-one\">\n\t\t\t\t\t\n        <span class=\"post-meta-author\">\n            by            <a href=\"https:\/\/voice-interaction.com\/tmp-web\/pt\/author\/fpreto\/\" class=\"bypostauthor\" itemprop=\"url\" rel=\"author\">\n                FPreto            <\/a>\n        <\/span>\n\n                    <time class=\"updated semantic\" itemprop=\"dateModified\" datetime=\"2017-11-15T14:29:27+00:00\"><\/time>\n            <a href=\"https:\/\/voice-interaction.com\/tmp-web\/pt\/voiceinteraction-certificada-iso-90012008-e-np-44572007\/\" class=\"post-meta-date sh-default-color\">Novembro 8, 2012<\/a>\n        \n    \t\t\t\t<\/div>\n\n\t\t\t\t<div class=\"post-content\">\n\t\t\t\t\t<p>Comprovada a estrat\u00e9gia na qualidade dos seus produtos e servi\u00e7os prestados, a VoiceInteraction obteve a certifica\u00e7\u00e3o&#8230;<\/p>\n\t\t\t\t<\/div>\n\n\t\t\t\t<div class=\"post-meta post-meta-two\">\n\t\t\t\t\t\n        <div class=\"sh-columns post-meta-comments\">\n            <span class=\"post-meta-categories\">\n                <i class=\"icon-tag\"><\/i>\n                <a href=\"https:\/\/voice-interaction.com\/tmp-web\/pt\/category\/empresa-pt-pt\/noticias-empresa-pt\/\" rel=\"category tag\">Not\u00edcias Empresa<\/a>            <\/span>\n\n                            <div><\/div>\n                    <\/div>\n\n    \t\t\t\t<\/div>\n\t\t\t<\/div>\n\n\t\t<\/div>\n\t<\/article>\n\n\n\n\t<article id=\"post-2100\" class=\"post-item post-2100 post type-post status-publish format-standard has-post-thumbnail hentry category-governo-pt category-monitorizacao-media-pt\">\n\t\t<div class=\"post-container\">\n\t\t\t\n\t\t\t<div class=\"post-meta-thumb\">\n\t\t\t\t<img loading=\"lazy\" decoding=\"async\" width=\"260\" height=\"206\" src=\"https:\/\/voice-interaction.com\/tmp-web\/wp-content\/uploads\/2012\/11\/PRODAM-e1511282437267.jpg\" class=\"attachment-large size-large wp-post-image\" alt=\"\" \/>\t\t\t\t\n        <div class=\"sh-overlay-style1\">\n            <div class=\"sh-table-full\">\n                                    <a href=\"https:\/\/voice-interaction.com\/tmp-web\/pt\/mms-instalado-na-prodam-em-manausamazonas\/\" class=\"sh-overlay-item sh-table-cell\" title=\"Open the article - MMS instalado na PRODAM em Manaus\/Amazonas\">\n                        <div class=\"sh-overlay-item-container\">\n                            <i class=\"icon-link\"><\/i>\n                        <\/div>\n                    <\/a>\n                \n                                    <a href=\"https:\/\/voice-interaction.com\/tmp-web\/wp-content\/uploads\/2012\/11\/PRODAM-e1511282437267.jpg\" class=\"sh-overlay-item sh-table-cell\" data-rel=\"lightcase\">\n                        <div class=\"sh-overlay-item-container\">\n                            <i class=\"icon-magnifier-add\"><\/i>\n                        <\/div>\n                    <\/a>\n                            <\/div>\n        <\/div>\n\n    \t\t\t<\/div>\n\n\t\t\t<div class=\"post-content-container\">\n\t\t\t\t<a href=\"https:\/\/voice-interaction.com\/tmp-web\/pt\/mms-instalado-na-prodam-em-manausamazonas\/\" class=\"post-title\">\n\t\t\t\t\t<h2>\n\t\t\t\t\t\t\t\t\t\t\t\tMMS instalado na PRODAM em Manaus\/Amazonas\t\t\t\t\t<\/h2>\n\t\t\t\t<\/a>\n\n\t\t\t\t<div class=\"post-meta post-meta-one\">\n\t\t\t\t\t\n        <span class=\"post-meta-author\">\n            by            <a href=\"https:\/\/voice-interaction.com\/tmp-web\/pt\/author\/fpreto\/\" class=\"bypostauthor\" itemprop=\"url\" rel=\"author\">\n                FPreto            <\/a>\n        <\/span>\n\n                    <time class=\"updated semantic\" itemprop=\"dateModified\" datetime=\"2017-11-17T12:03:28+00:00\"><\/time>\n            <a href=\"https:\/\/voice-interaction.com\/tmp-web\/pt\/mms-instalado-na-prodam-em-manausamazonas\/\" class=\"post-meta-date sh-default-color\">Novembro 8, 2012<\/a>\n        \n    \t\t\t\t<\/div>\n\n\t\t\t\t<div class=\"post-content\">\n\t\t\t\t\t<p>A VoiceInteraction, em parceria com a empresa LUCA, uma das suas parceiras, concluiu a instala\u00e7\u00e3o do&#8230;<\/p>\n\t\t\t\t<\/div>\n\n\t\t\t\t<div class=\"post-meta post-meta-two\">\n\t\t\t\t\t\n        <div class=\"sh-columns post-meta-comments\">\n            <span class=\"post-meta-categories\">\n                <i class=\"icon-tag\"><\/i>\n                <a href=\"https:\/\/voice-interaction.com\/tmp-web\/pt\/category\/industrias-pt\/governo-pt\/\" rel=\"category tag\">Governo<\/a>, <a href=\"https:\/\/voice-interaction.com\/tmp-web\/pt\/category\/solucoes-pt\/monitorizacao-media-pt\/\" rel=\"category tag\">Monitoriza\u00e7\u00e3o de Media<\/a>            <\/span>\n\n                            <div><\/div>\n                    <\/div>\n\n    \t\t\t\t<\/div>\n\t\t\t<\/div>\n\n\t\t<\/div>\n\t<\/article>\n\n\n\n\t<article id=\"post-2097\" class=\"post-item post-2097 post type-post status-publish format-standard has-post-thumbnail hentry category-monitorizacao-media-pt category-media_pt tag-mms-pt\">\n\t\t<div class=\"post-container\">\n\t\t\t\n\t\t\t<div class=\"post-meta-thumb\">\n\t\t\t\t<img loading=\"lazy\" decoding=\"async\" width=\"93\" height=\"93\" src=\"https:\/\/voice-interaction.com\/tmp-web\/wp-content\/uploads\/2017\/10\/logo_Info4-02-e1519659665754.png\" class=\"attachment-large size-large wp-post-image\" alt=\"\" \/>\t\t\t\t\n        <div class=\"sh-overlay-style1\">\n            <div class=\"sh-table-full\">\n                                    <a href=\"https:\/\/voice-interaction.com\/tmp-web\/pt\/info4-mms\/\" class=\"sh-overlay-item sh-table-cell\" title=\"Open the article - INFO4 instala MMS\">\n                        <div class=\"sh-overlay-item-container\">\n                            <i class=\"icon-link\"><\/i>\n                        <\/div>\n                    <\/a>\n                \n                                    <a href=\"https:\/\/voice-interaction.com\/tmp-web\/wp-content\/uploads\/2017\/10\/logo_Info4-02-e1519659665754.png\" class=\"sh-overlay-item sh-table-cell\" data-rel=\"lightcase\">\n                        <div class=\"sh-overlay-item-container\">\n                            <i class=\"icon-magnifier-add\"><\/i>\n                        <\/div>\n                    <\/a>\n                            <\/div>\n        <\/div>\n\n    \t\t\t<\/div>\n\n\t\t\t<div class=\"post-content-container\">\n\t\t\t\t<a href=\"https:\/\/voice-interaction.com\/tmp-web\/pt\/info4-mms\/\" class=\"post-title\">\n\t\t\t\t\t<h2>\n\t\t\t\t\t\t\t\t\t\t\t\tINFO4 instala MMS\t\t\t\t\t<\/h2>\n\t\t\t\t<\/a>\n\n\t\t\t\t<div class=\"post-meta post-meta-one\">\n\t\t\t\t\t\n        <span class=\"post-meta-author\">\n            by            <a href=\"https:\/\/voice-interaction.com\/tmp-web\/pt\/author\/fpreto\/\" class=\"bypostauthor\" itemprop=\"url\" rel=\"author\">\n                FPreto            <\/a>\n        <\/span>\n\n                    <time class=\"updated semantic\" itemprop=\"dateModified\" datetime=\"2017-11-17T12:44:14+00:00\"><\/time>\n            <a href=\"https:\/\/voice-interaction.com\/tmp-web\/pt\/info4-mms\/\" class=\"post-meta-date sh-default-color\">Novembro 8, 2012<\/a>\n        \n    \t\t\t\t<\/div>\n\n\t\t\t\t<div class=\"post-content\">\n\t\t\t\t\t<p>A VoiceInteraction concluiu a instala\u00e7\u00e3o do sistema MMS &#8211; Media Monitoring Solution\u00a0&#8211; na INFO4, uma das&#8230;<\/p>\n\t\t\t\t<\/div>\n\n\t\t\t\t<div class=\"post-meta post-meta-two\">\n\t\t\t\t\t\n        <div class=\"sh-columns post-meta-comments\">\n            <span class=\"post-meta-categories\">\n                <i class=\"icon-tag\"><\/i>\n                <a href=\"https:\/\/voice-interaction.com\/tmp-web\/pt\/category\/solucoes-pt\/monitorizacao-media-pt\/\" rel=\"category tag\">Monitoriza\u00e7\u00e3o de Media<\/a>, <a href=\"https:\/\/voice-interaction.com\/tmp-web\/pt\/category\/industrias-pt\/media_pt\/\" rel=\"category tag\">Televis\u00e3o &amp; Media<\/a>            <\/span>\n\n                            <div><\/div>\n                    <\/div>\n\n    \t\t\t\t<\/div>\n\t\t\t<\/div>\n\n\t\t<\/div>\n\t<\/article>\n\n\n\n\t<article id=\"post-11642\" class=\"post-item post-11642 post type-post status-publish format-standard has-post-thumbnail hentry category-monitorizacao-media-pt tag-mms-pt\">\n\t\t<div class=\"post-container\">\n\t\t\t\n\t\t\t<div class=\"post-meta-thumb\">\n\t\t\t\t<img loading=\"lazy\" decoding=\"async\" width=\"560\" height=\"220\" src=\"https:\/\/voice-interaction.com\/tmp-web\/wp-content\/uploads\/2017\/07\/voiceinteraction-MMS-logo-01.png\" class=\"attachment-large size-large wp-post-image\" alt=\"\" srcset=\"https:\/\/voice-interaction.com\/tmp-web\/wp-content\/uploads\/2017\/07\/voiceinteraction-MMS-logo-01.png 560w, https:\/\/voice-interaction.com\/tmp-web\/wp-content\/uploads\/2017\/07\/voiceinteraction-MMS-logo-01-300x118.png 300w\" sizes=\"auto, (max-width: 560px) 100vw, 560px\" \/>\t\t\t\t\n        <div class=\"sh-overlay-style1\">\n            <div class=\"sh-table-full\">\n                                    <a href=\"https:\/\/voice-interaction.com\/tmp-web\/pt\/lancada-versao-2-0-do-mms\/\" class=\"sh-overlay-item sh-table-cell\" title=\"Open the article - VoiceInteraction lan\u00e7a nova vers\u00e3o do Media Monitoring System\">\n                        <div class=\"sh-overlay-item-container\">\n                            <i class=\"icon-link\"><\/i>\n                        <\/div>\n                    <\/a>\n                \n                                    <a href=\"https:\/\/voice-interaction.com\/tmp-web\/wp-content\/uploads\/2017\/07\/voiceinteraction-MMS-logo-01.png\" class=\"sh-overlay-item sh-table-cell\" data-rel=\"lightcase\">\n                        <div class=\"sh-overlay-item-container\">\n                            <i class=\"icon-magnifier-add\"><\/i>\n                        <\/div>\n                    <\/a>\n                            <\/div>\n        <\/div>\n\n    \t\t\t<\/div>\n\n\t\t\t<div class=\"post-content-container\">\n\t\t\t\t<a href=\"https:\/\/voice-interaction.com\/tmp-web\/pt\/lancada-versao-2-0-do-mms\/\" class=\"post-title\">\n\t\t\t\t\t<h2>\n\t\t\t\t\t\t\t\t\t\t\t\tVoiceInteraction lan\u00e7a nova vers\u00e3o do Media Monitoring System\t\t\t\t\t<\/h2>\n\t\t\t\t<\/a>\n\n\t\t\t\t<div class=\"post-meta post-meta-one\">\n\t\t\t\t\t\n        <span class=\"post-meta-author\">\n            by            <a href=\"https:\/\/voice-interaction.com\/tmp-web\/pt\/author\/fpreto\/\" class=\"bypostauthor\" itemprop=\"url\" rel=\"author\">\n                FPreto            <\/a>\n        <\/span>\n\n                    <time class=\"updated semantic\" itemprop=\"dateModified\" datetime=\"2017-11-17T12:44:14+00:00\"><\/time>\n            <a href=\"https:\/\/voice-interaction.com\/tmp-web\/pt\/lancada-versao-2-0-do-mms\/\" class=\"post-meta-date sh-default-color\">Julho 11, 2012<\/a>\n        \n    \t\t\t\t<\/div>\n\n\t\t\t\t<div class=\"post-content\">\n\t\t\t\t\t<p>A VoiceInteraction acaba de lan\u00e7ar, em simult\u00e2neo nos mercados brasileiro e portugu\u00eas, a nova vers\u00e3o 2&#8230;<\/p>\n\t\t\t\t<\/div>\n\n\t\t\t\t<div class=\"post-meta post-meta-two\">\n\t\t\t\t\t\n        <div class=\"sh-columns post-meta-comments\">\n            <span class=\"post-meta-categories\">\n                <i class=\"icon-tag\"><\/i>\n                <a href=\"https:\/\/voice-interaction.com\/tmp-web\/pt\/category\/solucoes-pt\/monitorizacao-media-pt\/\" rel=\"category tag\">Monitoriza\u00e7\u00e3o de Media<\/a>            <\/span>\n\n                            <div><\/div>\n                    <\/div>\n\n    \t\t\t\t<\/div>\n\t\t\t<\/div>\n\n\t\t<\/div>\n\t<\/article>\n\n\n\n\t<article id=\"post-1519\" class=\"post-item post-1519 post type-post status-publish format-standard has-post-thumbnail hentry category-noticias-empresa-pt\">\n\t\t<div class=\"post-container\">\n\t\t\t\n\t\t\t<div class=\"post-meta-thumb\">\n\t\t\t\t<img loading=\"lazy\" decoding=\"async\" width=\"262\" height=\"184\" src=\"https:\/\/voice-interaction.com\/tmp-web\/wp-content\/uploads\/2012\/07\/site.png\" class=\"attachment-large size-large wp-post-image\" alt=\"\" \/>\t\t\t\t\n        <div class=\"sh-overlay-style1\">\n            <div class=\"sh-table-full\">\n                                    <a href=\"https:\/\/voice-interaction.com\/tmp-web\/pt\/nova-apresentacao-grafica\/\" class=\"sh-overlay-item sh-table-cell\" title=\"Open the article - Nova apresenta\u00e7\u00e3o gr\u00e1fica\">\n                        <div class=\"sh-overlay-item-container\">\n                            <i class=\"icon-link\"><\/i>\n                        <\/div>\n                    <\/a>\n                \n                                    <a href=\"https:\/\/voice-interaction.com\/tmp-web\/wp-content\/uploads\/2012\/07\/site.png\" class=\"sh-overlay-item sh-table-cell\" data-rel=\"lightcase\">\n                        <div class=\"sh-overlay-item-container\">\n                            <i class=\"icon-magnifier-add\"><\/i>\n                        <\/div>\n                    <\/a>\n                            <\/div>\n        <\/div>\n\n    \t\t\t<\/div>\n\n\t\t\t<div class=\"post-content-container\">\n\t\t\t\t<a href=\"https:\/\/voice-interaction.com\/tmp-web\/pt\/nova-apresentacao-grafica\/\" class=\"post-title\">\n\t\t\t\t\t<h2>\n\t\t\t\t\t\t\t\t\t\t\t\tNova apresenta\u00e7\u00e3o gr\u00e1fica\t\t\t\t\t<\/h2>\n\t\t\t\t<\/a>\n\n\t\t\t\t<div class=\"post-meta post-meta-one\">\n\t\t\t\t\t\n        <span class=\"post-meta-author\">\n            by            <a href=\"https:\/\/voice-interaction.com\/tmp-web\/pt\/author\/fpreto\/\" class=\"bypostauthor\" itemprop=\"url\" rel=\"author\">\n                FPreto            <\/a>\n        <\/span>\n\n                    <time class=\"updated semantic\" itemprop=\"dateModified\" datetime=\"2017-11-17T11:14:05+00:00\"><\/time>\n            <a href=\"https:\/\/voice-interaction.com\/tmp-web\/pt\/nova-apresentacao-grafica\/\" class=\"post-meta-date sh-default-color\">Julho 11, 2012<\/a>\n        \n    \t\t\t\t<\/div>\n\n\t\t\t\t<div class=\"post-content\">\n\t\t\t\t\t<p>De forma a refor\u00e7ar a sua condi\u00e7\u00e3o de empresa a operar no mercado global, mas que&#8230;<\/p>\n\t\t\t\t<\/div>\n\n\t\t\t\t<div class=\"post-meta post-meta-two\">\n\t\t\t\t\t\n        <div class=\"sh-columns post-meta-comments\">\n            <span class=\"post-meta-categories\">\n                <i class=\"icon-tag\"><\/i>\n                <a href=\"https:\/\/voice-interaction.com\/tmp-web\/pt\/category\/empresa-pt-pt\/noticias-empresa-pt\/\" rel=\"category tag\">Not\u00edcias Empresa<\/a>            <\/span>\n\n                            <div><\/div>\n                    <\/div>\n\n    \t\t\t\t<\/div>\n\t\t\t<\/div>\n\n\t\t<\/div>\n\t<\/article>\n\n\n\n\t<article id=\"post-1513\" class=\"post-item post-1513 post type-post status-publish format-standard has-post-thumbnail hentry category-noticias-empresa-pt\">\n\t\t<div class=\"post-container\">\n\t\t\t\n\t\t\t<div class=\"post-meta-thumb\">\n\t\t\t\t<img loading=\"lazy\" decoding=\"async\" width=\"499\" height=\"258\" src=\"https:\/\/voice-interaction.com\/tmp-web\/wp-content\/uploads\/2016\/02\/vi-6-mercados-e1510673602879.jpg\" class=\"attachment-large size-large wp-post-image\" alt=\"\" srcset=\"https:\/\/voice-interaction.com\/tmp-web\/wp-content\/uploads\/2016\/02\/vi-6-mercados-e1510673602879.jpg 499w, https:\/\/voice-interaction.com\/tmp-web\/wp-content\/uploads\/2016\/02\/vi-6-mercados-e1510673602879-300x155.jpg 300w\" sizes=\"auto, (max-width: 499px) 100vw, 499px\" \/>\t\t\t\t\n        <div class=\"sh-overlay-style1\">\n            <div class=\"sh-table-full\">\n                                    <a href=\"https:\/\/voice-interaction.com\/tmp-web\/pt\/a-descoberta-de-novos-mercados\/\" class=\"sh-overlay-item sh-table-cell\" title=\"Open the article - Novos mercados\">\n                        <div class=\"sh-overlay-item-container\">\n                            <i class=\"icon-link\"><\/i>\n                        <\/div>\n                    <\/a>\n                \n                                    <a href=\"https:\/\/voice-interaction.com\/tmp-web\/wp-content\/uploads\/2016\/02\/vi-6-mercados-e1510673602879.jpg\" class=\"sh-overlay-item sh-table-cell\" data-rel=\"lightcase\">\n                        <div class=\"sh-overlay-item-container\">\n                            <i class=\"icon-magnifier-add\"><\/i>\n                        <\/div>\n                    <\/a>\n                            <\/div>\n        <\/div>\n\n    \t\t\t<\/div>\n\n\t\t\t<div class=\"post-content-container\">\n\t\t\t\t<a href=\"https:\/\/voice-interaction.com\/tmp-web\/pt\/a-descoberta-de-novos-mercados\/\" class=\"post-title\">\n\t\t\t\t\t<h2>\n\t\t\t\t\t\t\t\t\t\t\t\tNovos mercados\t\t\t\t\t<\/h2>\n\t\t\t\t<\/a>\n\n\t\t\t\t<div class=\"post-meta post-meta-one\">\n\t\t\t\t\t\n        <span class=\"post-meta-author\">\n            by            <a href=\"https:\/\/voice-interaction.com\/tmp-web\/pt\/author\/fpreto\/\" class=\"bypostauthor\" itemprop=\"url\" rel=\"author\">\n                FPreto            <\/a>\n        <\/span>\n\n                    <time class=\"updated semantic\" itemprop=\"dateModified\" datetime=\"2017-11-14T18:54:00+00:00\"><\/time>\n            <a href=\"https:\/\/voice-interaction.com\/tmp-web\/pt\/a-descoberta-de-novos-mercados\/\" class=\"post-meta-date sh-default-color\">Julho 11, 2012<\/a>\n        \n    \t\t\t\t<\/div>\n\n\t\t\t\t<div class=\"post-content\">\n\t\t\t\t\t<p>A VoiceInteraction tem trabalhado no \u00faltimo ano na sua expans\u00e3o internacional. Essa pol\u00edtica de internacionaliza\u00e7\u00e3o passou&#8230;<\/p>\n\t\t\t\t<\/div>\n\n\t\t\t\t<div class=\"post-meta post-meta-two\">\n\t\t\t\t\t\n        <div class=\"sh-columns post-meta-comments\">\n            <span class=\"post-meta-categories\">\n                <i class=\"icon-tag\"><\/i>\n                <a href=\"https:\/\/voice-interaction.com\/tmp-web\/pt\/category\/empresa-pt-pt\/noticias-empresa-pt\/\" rel=\"category tag\">Not\u00edcias Empresa<\/a>            <\/span>\n\n                            <div><\/div>\n                    <\/div>\n\n    \t\t\t\t<\/div>\n\t\t\t<\/div>\n\n\t\t<\/div>\n\t<\/article>\n\n\n\n\t<article id=\"post-1795\" class=\"post-item post-1795 post type-post status-publish format-standard has-post-thumbnail hentry category-noticias-empresa-pt category-projetos\">\n\t\t<div class=\"post-container\">\n\t\t\t\n\t\t\t<div class=\"post-meta-thumb\">\n\t\t\t\t<img loading=\"lazy\" decoding=\"async\" width=\"269\" height=\"87\" src=\"https:\/\/voice-interaction.com\/tmp-web\/wp-content\/uploads\/2012\/05\/savas.png\" class=\"attachment-large size-large wp-post-image\" alt=\"\" \/>\t\t\t\t\n        <div class=\"sh-overlay-style1\">\n            <div class=\"sh-table-full\">\n                                    <a href=\"https:\/\/voice-interaction.com\/tmp-web\/pt\/lancamento-do-projecto-europeu-savas\/\" class=\"sh-overlay-item sh-table-cell\" title=\"Open the article - Lan\u00e7amento do Projecto Europeu SAVAS\">\n                        <div class=\"sh-overlay-item-container\">\n                            <i class=\"icon-link\"><\/i>\n                        <\/div>\n                    <\/a>\n                \n                                    <a href=\"https:\/\/voice-interaction.com\/tmp-web\/wp-content\/uploads\/2012\/05\/savas.png\" class=\"sh-overlay-item sh-table-cell\" data-rel=\"lightcase\">\n                        <div class=\"sh-overlay-item-container\">\n                            <i class=\"icon-magnifier-add\"><\/i>\n                        <\/div>\n                    <\/a>\n                            <\/div>\n        <\/div>\n\n    \t\t\t<\/div>\n\n\t\t\t<div class=\"post-content-container\">\n\t\t\t\t<a href=\"https:\/\/voice-interaction.com\/tmp-web\/pt\/lancamento-do-projecto-europeu-savas\/\" class=\"post-title\">\n\t\t\t\t\t<h2>\n\t\t\t\t\t\t\t\t\t\t\t\tLan\u00e7amento do Projecto Europeu SAVAS\t\t\t\t\t<\/h2>\n\t\t\t\t<\/a>\n\n\t\t\t\t<div class=\"post-meta post-meta-one\">\n\t\t\t\t\t\n        <span class=\"post-meta-author\">\n            by            <a href=\"https:\/\/voice-interaction.com\/tmp-web\/pt\/author\/fpreto\/\" class=\"bypostauthor\" itemprop=\"url\" rel=\"author\">\n                FPreto            <\/a>\n        <\/span>\n\n                    <time class=\"updated semantic\" itemprop=\"dateModified\" datetime=\"2017-11-17T11:24:24+00:00\"><\/time>\n            <a href=\"https:\/\/voice-interaction.com\/tmp-web\/pt\/lancamento-do-projecto-europeu-savas\/\" class=\"post-meta-date sh-default-color\">Maio 1, 2012<\/a>\n        \n    \t\t\t\t<\/div>\n\n\t\t\t\t<div class=\"post-content\">\n\t\t\t\t\t<p>A VoiceInteraction participa no projeto SAVAS (Sharing Audio Visual language resources for Automatic Subtitling), financiado pelo&#8230;<\/p>\n\t\t\t\t<\/div>\n\n\t\t\t\t<div class=\"post-meta post-meta-two\">\n\t\t\t\t\t\n        <div class=\"sh-columns post-meta-comments\">\n            <span class=\"post-meta-categories\">\n                <i class=\"icon-tag\"><\/i>\n                <a href=\"https:\/\/voice-interaction.com\/tmp-web\/pt\/category\/empresa-pt-pt\/noticias-empresa-pt\/\" rel=\"category tag\">Not\u00edcias Empresa<\/a>, <a href=\"https:\/\/voice-interaction.com\/tmp-web\/pt\/category\/empresa-pt-pt\/projetos\/\" rel=\"category tag\">Projetos<\/a>            <\/span>\n\n                            <div><\/div>\n                    <\/div>\n\n    \t\t\t\t<\/div>\n\t\t\t<\/div>\n\n\t\t<\/div>\n\t<\/article>\n\n\n\n\t<article id=\"post-277\" class=\"post-item post-277 post type-post status-publish format-standard has-post-thumbnail hentry category-eventos-pt\">\n\t\t<div class=\"post-container\">\n\t\t\t\n\t\t\t<div class=\"post-meta-thumb\">\n\t\t\t\t<img loading=\"lazy\" decoding=\"async\" width=\"247\" height=\"48\" src=\"https:\/\/voice-interaction.com\/tmp-web\/wp-content\/uploads\/2011\/12\/idclogo.gif\" class=\"attachment-large size-large wp-post-image\" alt=\"\" \/>\t\t\t\t\n        <div class=\"sh-overlay-style1\">\n            <div class=\"sh-table-full\">\n                                    <a href=\"https:\/\/voice-interaction.com\/tmp-web\/pt\/voiceinteraction-participou-no-idc-no-brasil\/\" class=\"sh-overlay-item sh-table-cell\" title=\"Open the article - VoiceInteraction participou num evento da IDC no Brasil\">\n                        <div class=\"sh-overlay-item-container\">\n                            <i class=\"icon-link\"><\/i>\n                        <\/div>\n                    <\/a>\n                \n                                    <a href=\"https:\/\/voice-interaction.com\/tmp-web\/wp-content\/uploads\/2011\/12\/idclogo.gif\" class=\"sh-overlay-item sh-table-cell\" data-rel=\"lightcase\">\n                        <div class=\"sh-overlay-item-container\">\n                            <i class=\"icon-magnifier-add\"><\/i>\n                        <\/div>\n                    <\/a>\n                            <\/div>\n        <\/div>\n\n    \t\t\t<\/div>\n\n\t\t\t<div class=\"post-content-container\">\n\t\t\t\t<a href=\"https:\/\/voice-interaction.com\/tmp-web\/pt\/voiceinteraction-participou-no-idc-no-brasil\/\" class=\"post-title\">\n\t\t\t\t\t<h2>\n\t\t\t\t\t\t\t\t\t\t\t\tVoiceInteraction participou num evento da IDC no Brasil\t\t\t\t\t<\/h2>\n\t\t\t\t<\/a>\n\n\t\t\t\t<div class=\"post-meta post-meta-one\">\n\t\t\t\t\t\n        <span class=\"post-meta-author\">\n            by            <a href=\"https:\/\/voice-interaction.com\/tmp-web\/pt\/author\/fpreto\/\" class=\"bypostauthor\" itemprop=\"url\" rel=\"author\">\n                FPreto            <\/a>\n        <\/span>\n\n                    <time class=\"updated semantic\" itemprop=\"dateModified\" datetime=\"2017-11-17T12:06:08+00:00\"><\/time>\n            <a href=\"https:\/\/voice-interaction.com\/tmp-web\/pt\/voiceinteraction-participou-no-idc-no-brasil\/\" class=\"post-meta-date sh-default-color\">Dezembro 10, 2011<\/a>\n        \n    \t\t\t\t<\/div>\n\n\t\t\t\t<div class=\"post-content\">\n\t\t\t\t\t<p>Integrando uma miss\u00e3o de empresas nacionais, organizada pela ANETIE, que teve como objectivos primordiais a participa\u00e7\u00e3o&#8230;<\/p>\n\t\t\t\t<\/div>\n\n\t\t\t\t<div class=\"post-meta post-meta-two\">\n\t\t\t\t\t\n        <div class=\"sh-columns post-meta-comments\">\n            <span class=\"post-meta-categories\">\n                <i class=\"icon-tag\"><\/i>\n                <a href=\"https:\/\/voice-interaction.com\/tmp-web\/pt\/category\/empresa-pt-pt\/eventos-pt\/\" rel=\"category tag\">Eventos<\/a>            <\/span>\n\n                            <div><\/div>\n                    <\/div>\n\n    \t\t\t\t<\/div>\n\t\t\t<\/div>\n\n\t\t<\/div>\n\t<\/article>\n\n\n\n\t<article id=\"post-272\" class=\"post-item post-272 post type-post status-publish format-standard has-post-thumbnail hentry category-empresarial-pt category-eventos-pt\">\n\t\t<div class=\"post-container\">\n\t\t\t\n\t\t\t<div class=\"post-meta-thumb\">\n\t\t\t\t<img loading=\"lazy\" decoding=\"async\" width=\"267\" height=\"121\" src=\"https:\/\/voice-interaction.com\/tmp-web\/wp-content\/uploads\/2011\/11\/BankSummit.jpg\" class=\"attachment-large size-large wp-post-image\" alt=\"\" \/>\t\t\t\t\n        <div class=\"sh-overlay-style1\">\n            <div class=\"sh-table-full\">\n                                    <a href=\"https:\/\/voice-interaction.com\/tmp-web\/pt\/voiceinteraction-participou-no-bank-summit-em-angola\/\" class=\"sh-overlay-item sh-table-cell\" title=\"Open the article - VoiceInteraction participou no Bank Summit em Angola\">\n                        <div class=\"sh-overlay-item-container\">\n                            <i class=\"icon-link\"><\/i>\n                        <\/div>\n                    <\/a>\n                \n                                    <a href=\"https:\/\/voice-interaction.com\/tmp-web\/wp-content\/uploads\/2011\/11\/BankSummit.jpg\" class=\"sh-overlay-item sh-table-cell\" data-rel=\"lightcase\">\n                        <div class=\"sh-overlay-item-container\">\n                            <i class=\"icon-magnifier-add\"><\/i>\n                        <\/div>\n                    <\/a>\n                            <\/div>\n        <\/div>\n\n    \t\t\t<\/div>\n\n\t\t\t<div class=\"post-content-container\">\n\t\t\t\t<a href=\"https:\/\/voice-interaction.com\/tmp-web\/pt\/voiceinteraction-participou-no-bank-summit-em-angola\/\" class=\"post-title\">\n\t\t\t\t\t<h2>\n\t\t\t\t\t\t\t\t\t\t\t\tVoiceInteraction participou no Bank Summit em Angola\t\t\t\t\t<\/h2>\n\t\t\t\t<\/a>\n\n\t\t\t\t<div class=\"post-meta post-meta-one\">\n\t\t\t\t\t\n        <span class=\"post-meta-author\">\n            by            <a href=\"https:\/\/voice-interaction.com\/tmp-web\/pt\/author\/fpreto\/\" class=\"bypostauthor\" itemprop=\"url\" rel=\"author\">\n                FPreto            <\/a>\n        <\/span>\n\n                    <time class=\"updated semantic\" itemprop=\"dateModified\" datetime=\"2017-11-17T12:06:29+00:00\"><\/time>\n            <a href=\"https:\/\/voice-interaction.com\/tmp-web\/pt\/voiceinteraction-participou-no-bank-summit-em-angola\/\" class=\"post-meta-date sh-default-color\">Novembro 25, 2011<\/a>\n        \n    \t\t\t\t<\/div>\n\n\t\t\t\t<div class=\"post-content\">\n\t\t\t\t\t<p>Realizou-se nos dias\u00a0 22 e 23 de Novembro no HCTA, em Luanda, Angola, o Bank Summit&#8230;<\/p>\n\t\t\t\t<\/div>\n\n\t\t\t\t<div class=\"post-meta post-meta-two\">\n\t\t\t\t\t\n        <div class=\"sh-columns post-meta-comments\">\n            <span class=\"post-meta-categories\">\n                <i class=\"icon-tag\"><\/i>\n                <a href=\"https:\/\/voice-interaction.com\/tmp-web\/pt\/category\/industrias-pt\/empresarial-pt\/\" rel=\"category tag\">Empresarial<\/a>, <a href=\"https:\/\/voice-interaction.com\/tmp-web\/pt\/category\/empresa-pt-pt\/eventos-pt\/\" rel=\"category tag\">Eventos<\/a>            <\/span>\n\n                            <div><\/div>\n                    <\/div>\n\n    \t\t\t\t<\/div>\n\t\t\t<\/div>\n\n\t\t<\/div>\n\t<\/article>\n\n\n\n\t<article id=\"post-1790\" class=\"post-item post-1790 post type-post status-publish format-standard has-post-thumbnail hentry category-governo-pt category-projetos\">\n\t\t<div class=\"post-container\">\n\t\t\t\n\t\t\t<div class=\"post-meta-thumb\">\n\t\t\t\t<img loading=\"lazy\" decoding=\"async\" width=\"257\" height=\"82\" src=\"https:\/\/voice-interaction.com\/tmp-web\/wp-content\/uploads\/2011\/07\/caper.jpg\" class=\"attachment-large size-large wp-post-image\" alt=\"\" \/>\t\t\t\t\n        <div class=\"sh-overlay-style1\">\n            <div class=\"sh-table-full\">\n                                    <a href=\"https:\/\/voice-interaction.com\/tmp-web\/pt\/lancamento-do-projecto-europeu-caper\/\" class=\"sh-overlay-item sh-table-cell\" title=\"Open the article - Lan\u00e7amento do Projecto Europeu CAPER\">\n                        <div class=\"sh-overlay-item-container\">\n                            <i class=\"icon-link\"><\/i>\n                        <\/div>\n                    <\/a>\n                \n                                    <a href=\"https:\/\/voice-interaction.com\/tmp-web\/wp-content\/uploads\/2011\/07\/caper.jpg\" class=\"sh-overlay-item sh-table-cell\" data-rel=\"lightcase\">\n                        <div class=\"sh-overlay-item-container\">\n                            <i class=\"icon-magnifier-add\"><\/i>\n                        <\/div>\n                    <\/a>\n                            <\/div>\n        <\/div>\n\n    \t\t\t<\/div>\n\n\t\t\t<div class=\"post-content-container\">\n\t\t\t\t<a href=\"https:\/\/voice-interaction.com\/tmp-web\/pt\/lancamento-do-projecto-europeu-caper\/\" class=\"post-title\">\n\t\t\t\t\t<h2>\n\t\t\t\t\t\t\t\t\t\t\t\tLan\u00e7amento do Projecto Europeu CAPER\t\t\t\t\t<\/h2>\n\t\t\t\t<\/a>\n\n\t\t\t\t<div class=\"post-meta post-meta-one\">\n\t\t\t\t\t\n        <span class=\"post-meta-author\">\n            by            <a href=\"https:\/\/voice-interaction.com\/tmp-web\/pt\/author\/fpreto\/\" class=\"bypostauthor\" itemprop=\"url\" rel=\"author\">\n                FPreto            <\/a>\n        <\/span>\n\n                    <time class=\"updated semantic\" itemprop=\"dateModified\" datetime=\"2017-11-17T12:34:40+00:00\"><\/time>\n            <a href=\"https:\/\/voice-interaction.com\/tmp-web\/pt\/lancamento-do-projecto-europeu-caper\/\" class=\"post-meta-date sh-default-color\">Julho 1, 2011<\/a>\n        \n    \t\t\t\t<\/div>\n\n\t\t\t\t<div class=\"post-content\">\n\t\t\t\t\t<p>A VoiceInteraction participa no projeto CAPER &#8211; Collaborative information, Acquisition, Processing, Exploitation and Reporting for the&#8230;<\/p>\n\t\t\t\t<\/div>\n\n\t\t\t\t<div class=\"post-meta post-meta-two\">\n\t\t\t\t\t\n        <div class=\"sh-columns post-meta-comments\">\n            <span class=\"post-meta-categories\">\n                <i class=\"icon-tag\"><\/i>\n                <a href=\"https:\/\/voice-interaction.com\/tmp-web\/pt\/category\/industrias-pt\/governo-pt\/\" rel=\"category tag\">Governo<\/a>, <a href=\"https:\/\/voice-interaction.com\/tmp-web\/pt\/category\/empresa-pt-pt\/projetos\/\" rel=\"category tag\">Projetos<\/a>            <\/span>\n\n                            <div><\/div>\n                    <\/div>\n\n    \t\t\t\t<\/div>\n\t\t\t<\/div>\n\n\t\t<\/div>\n\t<\/article>\n\n\n\n\t<article id=\"post-267\" class=\"post-item post-267 post type-post status-publish format-standard has-post-thumbnail hentry category-empresarial-pt category-eventos-pt\">\n\t\t<div class=\"post-container\">\n\t\t\t\n\t\t\t<div class=\"post-meta-thumb\">\n\t\t\t\t<img loading=\"lazy\" decoding=\"async\" width=\"429\" height=\"151\" src=\"https:\/\/voice-interaction.com\/tmp-web\/wp-content\/uploads\/2010\/10\/simo.gif\" class=\"attachment-large size-large wp-post-image\" alt=\"\" \/>\t\t\t\t\n        <div class=\"sh-overlay-style1\">\n            <div class=\"sh-table-full\">\n                                    <a href=\"https:\/\/voice-interaction.com\/tmp-web\/pt\/voiceinteraction-no-radar-de-negocios-na-rtpn-4\/\" class=\"sh-overlay-item sh-table-cell\" title=\"Open the article - VoiceInteraction na SIMO Network em Madrid\">\n                        <div class=\"sh-overlay-item-container\">\n                            <i class=\"icon-link\"><\/i>\n                        <\/div>\n                    <\/a>\n                \n                                    <a href=\"https:\/\/voice-interaction.com\/tmp-web\/wp-content\/uploads\/2010\/10\/simo.gif\" class=\"sh-overlay-item sh-table-cell\" data-rel=\"lightcase\">\n                        <div class=\"sh-overlay-item-container\">\n                            <i class=\"icon-magnifier-add\"><\/i>\n                        <\/div>\n                    <\/a>\n                            <\/div>\n        <\/div>\n\n    \t\t\t<\/div>\n\n\t\t\t<div class=\"post-content-container\">\n\t\t\t\t<a href=\"https:\/\/voice-interaction.com\/tmp-web\/pt\/voiceinteraction-no-radar-de-negocios-na-rtpn-4\/\" class=\"post-title\">\n\t\t\t\t\t<h2>\n\t\t\t\t\t\t\t\t\t\t\t\tVoiceInteraction na SIMO Network em Madrid\t\t\t\t\t<\/h2>\n\t\t\t\t<\/a>\n\n\t\t\t\t<div class=\"post-meta post-meta-one\">\n\t\t\t\t\t\n        <span class=\"post-meta-author\">\n            by            <a href=\"https:\/\/voice-interaction.com\/tmp-web\/pt\/author\/fpreto\/\" class=\"bypostauthor\" itemprop=\"url\" rel=\"author\">\n                FPreto            <\/a>\n        <\/span>\n\n                    <time class=\"updated semantic\" itemprop=\"dateModified\" datetime=\"2017-11-20T11:09:48+00:00\"><\/time>\n            <a href=\"https:\/\/voice-interaction.com\/tmp-web\/pt\/voiceinteraction-no-radar-de-negocios-na-rtpn-4\/\" class=\"post-meta-date sh-default-color\">Outubro 7, 2010<\/a>\n        \n    \t\t\t\t<\/div>\n\n\t\t\t\t<div class=\"post-content\">\n\t\t\t\t\t<p>A VoiceInteraction esteve presente na SIMO Network &#8211; Feria Internacional de Servicios y soluciones TIC para&#8230;<\/p>\n\t\t\t\t<\/div>\n\n\t\t\t\t<div class=\"post-meta post-meta-two\">\n\t\t\t\t\t\n        <div class=\"sh-columns post-meta-comments\">\n            <span class=\"post-meta-categories\">\n                <i class=\"icon-tag\"><\/i>\n                <a href=\"https:\/\/voice-interaction.com\/tmp-web\/pt\/category\/industrias-pt\/empresarial-pt\/\" rel=\"category tag\">Empresarial<\/a>, <a href=\"https:\/\/voice-interaction.com\/tmp-web\/pt\/category\/empresa-pt-pt\/eventos-pt\/\" rel=\"category tag\">Eventos<\/a>            <\/span>\n\n                            <div><\/div>\n                    <\/div>\n\n    \t\t\t\t<\/div>\n\t\t\t<\/div>\n\n\t\t<\/div>\n\t<\/article>\n\n\n\n\t<article id=\"post-264\" class=\"post-item post-264 post type-post status-publish format-standard has-post-thumbnail hentry category-eventos-pt\">\n\t\t<div class=\"post-container\">\n\t\t\t\n\t\t\t<div class=\"post-meta-thumb\">\n\t\t\t\t<img loading=\"lazy\" decoding=\"async\" width=\"284\" height=\"120\" src=\"https:\/\/voice-interaction.com\/tmp-web\/wp-content\/uploads\/2010\/09\/PortugalTecnologico.png\" class=\"attachment-large size-large wp-post-image\" alt=\"\" \/>\t\t\t\t\n        <div class=\"sh-overlay-style1\">\n            <div class=\"sh-table-full\">\n                                    <a href=\"https:\/\/voice-interaction.com\/tmp-web\/pt\/voiceinteraction-no-portugal-tecnologico-2010\/\" class=\"sh-overlay-item sh-table-cell\" title=\"Open the article - VoiceInteraction no Portugal Tecnol\u00f3gico 2010\">\n                        <div class=\"sh-overlay-item-container\">\n                            <i class=\"icon-link\"><\/i>\n                        <\/div>\n                    <\/a>\n                \n                                    <a href=\"https:\/\/voice-interaction.com\/tmp-web\/wp-content\/uploads\/2010\/09\/PortugalTecnologico.png\" class=\"sh-overlay-item sh-table-cell\" data-rel=\"lightcase\">\n                        <div class=\"sh-overlay-item-container\">\n                            <i class=\"icon-magnifier-add\"><\/i>\n                        <\/div>\n                    <\/a>\n                            <\/div>\n        <\/div>\n\n    \t\t\t<\/div>\n\n\t\t\t<div class=\"post-content-container\">\n\t\t\t\t<a href=\"https:\/\/voice-interaction.com\/tmp-web\/pt\/voiceinteraction-no-portugal-tecnologico-2010\/\" class=\"post-title\">\n\t\t\t\t\t<h2>\n\t\t\t\t\t\t\t\t\t\t\t\tVoiceInteraction no Portugal Tecnol\u00f3gico 2010\t\t\t\t\t<\/h2>\n\t\t\t\t<\/a>\n\n\t\t\t\t<div class=\"post-meta post-meta-one\">\n\t\t\t\t\t\n        <span class=\"post-meta-author\">\n            by            <a href=\"https:\/\/voice-interaction.com\/tmp-web\/pt\/author\/fpreto\/\" class=\"bypostauthor\" itemprop=\"url\" rel=\"author\">\n                FPreto            <\/a>\n        <\/span>\n\n                    <time class=\"updated semantic\" itemprop=\"dateModified\" datetime=\"2017-11-17T12:39:31+00:00\"><\/time>\n            <a href=\"https:\/\/voice-interaction.com\/tmp-web\/pt\/voiceinteraction-no-portugal-tecnologico-2010\/\" class=\"post-meta-date sh-default-color\">Setembro 27, 2010<\/a>\n        \n    \t\t\t\t<\/div>\n\n\t\t\t\t<div class=\"post-content\">\n\t\t\t\t\t<p>A VoiceInteraction participou no Portugal Tecnol\u00f3gico 2010, atrav\u00e9s de uma presen\u00e7a no stand da ADI em&#8230;<\/p>\n\t\t\t\t<\/div>\n\n\t\t\t\t<div class=\"post-meta post-meta-two\">\n\t\t\t\t\t\n        <div class=\"sh-columns post-meta-comments\">\n            <span class=\"post-meta-categories\">\n                <i class=\"icon-tag\"><\/i>\n                <a href=\"https:\/\/voice-interaction.com\/tmp-web\/pt\/category\/empresa-pt-pt\/eventos-pt\/\" rel=\"category tag\">Eventos<\/a>            <\/span>\n\n                            <div><\/div>\n                    <\/div>\n\n    \t\t\t\t<\/div>\n\t\t\t<\/div>\n\n\t\t<\/div>\n\t<\/article>\n\n\n\n\t<article id=\"post-256\" class=\"post-item post-256 post type-post status-publish format-standard has-post-thumbnail hentry category-educacao-cultura-pt category-quiosques-interativos-pt\">\n\t\t<div class=\"post-container\">\n\t\t\t\n\t\t\t<div class=\"post-meta-thumb\">\n\t\t\t\t<img loading=\"lazy\" decoding=\"async\" width=\"160\" height=\"117\" src=\"https:\/\/voice-interaction.com\/tmp-web\/wp-content\/uploads\/2010\/06\/Maria.jpg\" class=\"attachment-large size-large wp-post-image\" alt=\"\" \/>\t\t\t\t\n        <div class=\"sh-overlay-style1\">\n            <div class=\"sh-table-full\">\n                                    <a href=\"https:\/\/voice-interaction.com\/tmp-web\/pt\/world-voice-day-2010-3\/\" class=\"sh-overlay-item sh-table-cell\" title=\"Open the article - Maria: um agente virtual capaz de responder a quest\u00f5es sobre o Pante\u00e3o Nacional\">\n                        <div class=\"sh-overlay-item-container\">\n                            <i class=\"icon-link\"><\/i>\n                        <\/div>\n                    <\/a>\n                \n                                    <a href=\"https:\/\/voice-interaction.com\/tmp-web\/wp-content\/uploads\/2010\/06\/Maria.jpg\" class=\"sh-overlay-item sh-table-cell\" data-rel=\"lightcase\">\n                        <div class=\"sh-overlay-item-container\">\n                            <i class=\"icon-magnifier-add\"><\/i>\n                        <\/div>\n                    <\/a>\n                            <\/div>\n        <\/div>\n\n    \t\t\t<\/div>\n\n\t\t\t<div class=\"post-content-container\">\n\t\t\t\t<a href=\"https:\/\/voice-interaction.com\/tmp-web\/pt\/world-voice-day-2010-3\/\" class=\"post-title\">\n\t\t\t\t\t<h2>\n\t\t\t\t\t\t\t\t\t\t\t\tMaria: um agente virtual capaz de responder a quest\u00f5es sobre o Pante\u00e3o Nacional\t\t\t\t\t<\/h2>\n\t\t\t\t<\/a>\n\n\t\t\t\t<div class=\"post-meta post-meta-one\">\n\t\t\t\t\t\n        <span class=\"post-meta-author\">\n            by            <a href=\"https:\/\/voice-interaction.com\/tmp-web\/pt\/author\/fpreto\/\" class=\"bypostauthor\" itemprop=\"url\" rel=\"author\">\n                FPreto            <\/a>\n        <\/span>\n\n                    <time class=\"updated semantic\" itemprop=\"dateModified\" datetime=\"2017-11-17T12:41:43+00:00\"><\/time>\n            <a href=\"https:\/\/voice-interaction.com\/tmp-web\/pt\/world-voice-day-2010-3\/\" class=\"post-meta-date sh-default-color\">Junho 28, 2010<\/a>\n        \n    \t\t\t\t<\/div>\n\n\t\t\t\t<div class=\"post-content\">\n\t\t\t\t\t<p>VoiceInteraction disponibiliza um Agente Virtual para responder a perguntas sobre o Pante\u00e3o Nacional no \u00e2mbito da&#8230;<\/p>\n\t\t\t\t<\/div>\n\n\t\t\t\t<div class=\"post-meta post-meta-two\">\n\t\t\t\t\t\n        <div class=\"sh-columns post-meta-comments\">\n            <span class=\"post-meta-categories\">\n                <i class=\"icon-tag\"><\/i>\n                <a href=\"https:\/\/voice-interaction.com\/tmp-web\/pt\/category\/industrias-pt\/educacao-cultura-pt\/\" rel=\"category tag\">Educa\u00e7\u00e3o &amp; Cultura<\/a>, <a href=\"https:\/\/voice-interaction.com\/tmp-web\/pt\/category\/solucoes-pt\/quiosques-interativos-pt\/\" rel=\"category tag\">Quiosques Interativos<\/a>            <\/span>\n\n                            <div><\/div>\n                    <\/div>\n\n    \t\t\t\t<\/div>\n\t\t\t<\/div>\n\n\t\t<\/div>\n\t<\/article>\n\n\n\n\t<article id=\"post-253\" class=\"post-item post-253 post type-post status-publish format-standard has-post-thumbnail hentry category-eventos-pt category-speech-analytics-pt\">\n\t\t<div class=\"post-container\">\n\t\t\t\n\t\t\t<div class=\"post-meta-thumb\">\n\t\t\t\t<img loading=\"lazy\" decoding=\"async\" width=\"275\" height=\"151\" src=\"https:\/\/voice-interaction.com\/tmp-web\/wp-content\/uploads\/2010\/06\/asterisk.png\" class=\"attachment-large size-large wp-post-image\" alt=\"\" \/>\t\t\t\t\n        <div class=\"sh-overlay-style1\">\n            <div class=\"sh-table-full\">\n                                    <a href=\"https:\/\/voice-interaction.com\/tmp-web\/pt\/world-voice-day-2010-2\/\" class=\"sh-overlay-item sh-table-cell\" title=\"Open the article - A VoiceInteraction participou no VoIP2DAY no Museu das Comunica\u00e7\u00f5es\">\n                        <div class=\"sh-overlay-item-container\">\n                            <i class=\"icon-link\"><\/i>\n                        <\/div>\n                    <\/a>\n                \n                                    <a href=\"https:\/\/voice-interaction.com\/tmp-web\/wp-content\/uploads\/2010\/06\/asterisk.png\" class=\"sh-overlay-item sh-table-cell\" data-rel=\"lightcase\">\n                        <div class=\"sh-overlay-item-container\">\n                            <i class=\"icon-magnifier-add\"><\/i>\n                        <\/div>\n                    <\/a>\n                            <\/div>\n        <\/div>\n\n    \t\t\t<\/div>\n\n\t\t\t<div class=\"post-content-container\">\n\t\t\t\t<a href=\"https:\/\/voice-interaction.com\/tmp-web\/pt\/world-voice-day-2010-2\/\" class=\"post-title\">\n\t\t\t\t\t<h2>\n\t\t\t\t\t\t\t\t\t\t\t\tA VoiceInteraction participou no VoIP2DAY no Museu das Comunica\u00e7\u00f5es\t\t\t\t\t<\/h2>\n\t\t\t\t<\/a>\n\n\t\t\t\t<div class=\"post-meta post-meta-one\">\n\t\t\t\t\t\n        <span class=\"post-meta-author\">\n            by            <a href=\"https:\/\/voice-interaction.com\/tmp-web\/pt\/author\/fpreto\/\" class=\"bypostauthor\" itemprop=\"url\" rel=\"author\">\n                FPreto            <\/a>\n        <\/span>\n\n                    <time class=\"updated semantic\" itemprop=\"dateModified\" datetime=\"2017-11-17T12:43:42+00:00\"><\/time>\n            <a href=\"https:\/\/voice-interaction.com\/tmp-web\/pt\/world-voice-day-2010-2\/\" class=\"post-meta-date sh-default-color\">Junho 19, 2010<\/a>\n        \n    \t\t\t\t<\/div>\n\n\t\t\t\t<div class=\"post-content\">\n\t\t\t\t\t<p>Sendo uma confer\u00eancia que tem por base sistemas Asterisk a VoiceInteraction apresentou as suas mais recentes&#8230;<\/p>\n\t\t\t\t<\/div>\n\n\t\t\t\t<div class=\"post-meta post-meta-two\">\n\t\t\t\t\t\n        <div class=\"sh-columns post-meta-comments\">\n            <span class=\"post-meta-categories\">\n                <i class=\"icon-tag\"><\/i>\n                <a href=\"https:\/\/voice-interaction.com\/tmp-web\/pt\/category\/empresa-pt-pt\/eventos-pt\/\" rel=\"category tag\">Eventos<\/a>, <a href=\"https:\/\/voice-interaction.com\/tmp-web\/pt\/category\/solucoes-pt\/speech-analytics-pt\/\" rel=\"category tag\">Speech Analytics<\/a>            <\/span>\n\n                            <div><\/div>\n                    <\/div>\n\n    \t\t\t\t<\/div>\n\t\t\t<\/div>\n\n\t\t<\/div>\n\t<\/article>\n\n\n\n\t<article id=\"post-250\" class=\"post-item post-250 post type-post status-publish format-standard has-post-thumbnail hentry category-eventos-pt category-noticias-empresa-pt\">\n\t\t<div class=\"post-container\">\n\t\t\t\n\t\t\t<div class=\"post-meta-thumb\">\n\t\t\t\t<img loading=\"lazy\" decoding=\"async\" width=\"273\" height=\"133\" src=\"https:\/\/voice-interaction.com\/tmp-web\/wp-content\/uploads\/2010\/04\/Dia-mundial-da-voz-2014.png\" class=\"attachment-large size-large wp-post-image\" alt=\"\" \/>\t\t\t\t\n        <div class=\"sh-overlay-style1\">\n            <div class=\"sh-table-full\">\n                                    <a href=\"https:\/\/voice-interaction.com\/tmp-web\/pt\/world-voice-day-2010\/\" class=\"sh-overlay-item sh-table-cell\" title=\"Open the article - VoiceInteraction associa-se ao World Voice Day 2010 atrav\u00e9s de iniciativas de divulga\u00e7\u00e3o cient\u00edfica\">\n                        <div class=\"sh-overlay-item-container\">\n                            <i class=\"icon-link\"><\/i>\n                        <\/div>\n                    <\/a>\n                \n                                    <a href=\"https:\/\/voice-interaction.com\/tmp-web\/wp-content\/uploads\/2010\/04\/Dia-mundial-da-voz-2014.png\" class=\"sh-overlay-item sh-table-cell\" data-rel=\"lightcase\">\n                        <div class=\"sh-overlay-item-container\">\n                            <i class=\"icon-magnifier-add\"><\/i>\n                        <\/div>\n                    <\/a>\n                            <\/div>\n        <\/div>\n\n    \t\t\t<\/div>\n\n\t\t\t<div class=\"post-content-container\">\n\t\t\t\t<a href=\"https:\/\/voice-interaction.com\/tmp-web\/pt\/world-voice-day-2010\/\" class=\"post-title\">\n\t\t\t\t\t<h2>\n\t\t\t\t\t\t\t\t\t\t\t\tVoiceInteraction associa-se ao World Voice Day 2010 atrav\u00e9s de iniciativas de divulga\u00e7\u00e3o cient\u00edfica\t\t\t\t\t<\/h2>\n\t\t\t\t<\/a>\n\n\t\t\t\t<div class=\"post-meta post-meta-one\">\n\t\t\t\t\t\n        <span class=\"post-meta-author\">\n            by            <a href=\"https:\/\/voice-interaction.com\/tmp-web\/pt\/author\/fpreto\/\" class=\"bypostauthor\" itemprop=\"url\" rel=\"author\">\n                FPreto            <\/a>\n        <\/span>\n\n                    <time class=\"updated semantic\" itemprop=\"dateModified\" datetime=\"2017-11-17T15:10:34+00:00\"><\/time>\n            <a href=\"https:\/\/voice-interaction.com\/tmp-web\/pt\/world-voice-day-2010\/\" class=\"post-meta-date sh-default-color\">Abril 16, 2010<\/a>\n        \n    \t\t\t\t<\/div>\n\n\t\t\t\t<div class=\"post-content\">\n\t\t\t\t\t<p>A VoiceInteraction assinala este dia associando-se a um conjunto de iniciativas de divulga\u00e7\u00e3o cient\u00edfica e de&#8230;<\/p>\n\t\t\t\t<\/div>\n\n\t\t\t\t<div class=\"post-meta post-meta-two\">\n\t\t\t\t\t\n        <div class=\"sh-columns post-meta-comments\">\n            <span class=\"post-meta-categories\">\n                <i class=\"icon-tag\"><\/i>\n                <a href=\"https:\/\/voice-interaction.com\/tmp-web\/pt\/category\/empresa-pt-pt\/eventos-pt\/\" rel=\"category tag\">Eventos<\/a>, <a href=\"https:\/\/voice-interaction.com\/tmp-web\/pt\/category\/empresa-pt-pt\/noticias-empresa-pt\/\" rel=\"category tag\">Not\u00edcias Empresa<\/a>            <\/span>\n\n                            <div><\/div>\n                    <\/div>\n\n    \t\t\t\t<\/div>\n\t\t\t<\/div>\n\n\t\t<\/div>\n\t<\/article>\n\n\n\n\t<article id=\"post-243\" class=\"post-item post-243 post type-post status-publish format-standard has-post-thumbnail hentry category-parcerias-pt category-speech-analytics-pt\">\n\t\t<div class=\"post-container\">\n\t\t\t\n\t\t\t<div class=\"post-meta-thumb\">\n\t\t\t\t<img loading=\"lazy\" decoding=\"async\" width=\"135\" height=\"60\" src=\"https:\/\/voice-interaction.com\/tmp-web\/wp-content\/uploads\/2010\/02\/i6net.gif\" class=\"attachment-large size-large wp-post-image\" alt=\"\" \/>\t\t\t\t\n        <div class=\"sh-overlay-style1\">\n            <div class=\"sh-table-full\">\n                                    <a href=\"https:\/\/voice-interaction.com\/tmp-web\/pt\/audimus-compativel-com-browser-de-voicexml-da-i6net\/\" class=\"sh-overlay-item sh-table-cell\" title=\"Open the article - Audimus compat\u00edvel com browser de VoiceXML da I6Net\">\n                        <div class=\"sh-overlay-item-container\">\n                            <i class=\"icon-link\"><\/i>\n                        <\/div>\n                    <\/a>\n                \n                                    <a href=\"https:\/\/voice-interaction.com\/tmp-web\/wp-content\/uploads\/2010\/02\/i6net.gif\" class=\"sh-overlay-item sh-table-cell\" data-rel=\"lightcase\">\n                        <div class=\"sh-overlay-item-container\">\n                            <i class=\"icon-magnifier-add\"><\/i>\n                        <\/div>\n                    <\/a>\n                            <\/div>\n        <\/div>\n\n    \t\t\t<\/div>\n\n\t\t\t<div class=\"post-content-container\">\n\t\t\t\t<a href=\"https:\/\/voice-interaction.com\/tmp-web\/pt\/audimus-compativel-com-browser-de-voicexml-da-i6net\/\" class=\"post-title\">\n\t\t\t\t\t<h2>\n\t\t\t\t\t\t\t\t\t\t\t\tAudimus compat\u00edvel com browser de VoiceXML da I6Net\t\t\t\t\t<\/h2>\n\t\t\t\t<\/a>\n\n\t\t\t\t<div class=\"post-meta post-meta-one\">\n\t\t\t\t\t\n        <span class=\"post-meta-author\">\n            by            <a href=\"https:\/\/voice-interaction.com\/tmp-web\/pt\/author\/fpreto\/\" class=\"bypostauthor\" itemprop=\"url\" rel=\"author\">\n                FPreto            <\/a>\n        <\/span>\n\n                    <time class=\"updated semantic\" itemprop=\"dateModified\" datetime=\"2017-11-17T15:11:45+00:00\"><\/time>\n            <a href=\"https:\/\/voice-interaction.com\/tmp-web\/pt\/audimus-compativel-com-browser-de-voicexml-da-i6net\/\" class=\"post-meta-date sh-default-color\">Fevereiro 3, 2010<\/a>\n        \n    \t\t\t\t<\/div>\n\n\t\t\t\t<div class=\"post-content\">\n\t\t\t\t\t<p>O Audimus, sistema de reconhecimento de fala desenvolvido pela VoiceInteraction, \u00e9 compat\u00edvel com o browser de&#8230;<\/p>\n\t\t\t\t<\/div>\n\n\t\t\t\t<div class=\"post-meta post-meta-two\">\n\t\t\t\t\t\n        <div class=\"sh-columns post-meta-comments\">\n            <span class=\"post-meta-categories\">\n                <i class=\"icon-tag\"><\/i>\n                <a href=\"https:\/\/voice-interaction.com\/tmp-web\/pt\/category\/empresa-pt-pt\/parcerias-pt\/\" rel=\"category tag\">Parcerias<\/a>, <a href=\"https:\/\/voice-interaction.com\/tmp-web\/pt\/category\/solucoes-pt\/speech-analytics-pt\/\" rel=\"category tag\">Speech Analytics<\/a>            <\/span>\n\n                            <div><\/div>\n                    <\/div>\n\n    \t\t\t\t<\/div>\n\t\t\t<\/div>\n\n\t\t<\/div>\n\t<\/article>\n\n\n\n\t<article id=\"post-224\" class=\"post-item post-224 post type-post status-publish format-standard has-post-thumbnail hentry category-empresarial-pt\">\n\t\t<div class=\"post-container\">\n\t\t\t\n\t\t\t<div class=\"post-meta-thumb\">\n\t\t\t\t<img loading=\"lazy\" decoding=\"async\" width=\"140\" height=\"133\" src=\"https:\/\/voice-interaction.com\/tmp-web\/wp-content\/uploads\/2009\/12\/pai_natal_tmn.jpg\" class=\"attachment-large size-large wp-post-image\" alt=\"\" \/>\t\t\t\t\n        <div class=\"sh-overlay-style1\">\n            <div class=\"sh-table-full\">\n                                    <a href=\"https:\/\/voice-interaction.com\/tmp-web\/pt\/voiceinteraction-desenvolve-solucao-de-cartoes-animados-para-tmn\/\" class=\"sh-overlay-item sh-table-cell\" title=\"Open the article - VoiceInteraction desenvolve solu\u00e7\u00e3o de Cart\u00f5es Animados para TMN\">\n                        <div class=\"sh-overlay-item-container\">\n                            <i class=\"icon-link\"><\/i>\n                        <\/div>\n                    <\/a>\n                \n                                    <a href=\"https:\/\/voice-interaction.com\/tmp-web\/wp-content\/uploads\/2009\/12\/pai_natal_tmn.jpg\" class=\"sh-overlay-item sh-table-cell\" data-rel=\"lightcase\">\n                        <div class=\"sh-overlay-item-container\">\n                            <i class=\"icon-magnifier-add\"><\/i>\n                        <\/div>\n                    <\/a>\n                            <\/div>\n        <\/div>\n\n    \t\t\t<\/div>\n\n\t\t\t<div class=\"post-content-container\">\n\t\t\t\t<a href=\"https:\/\/voice-interaction.com\/tmp-web\/pt\/voiceinteraction-desenvolve-solucao-de-cartoes-animados-para-tmn\/\" class=\"post-title\">\n\t\t\t\t\t<h2>\n\t\t\t\t\t\t\t\t\t\t\t\tVoiceInteraction desenvolve solu\u00e7\u00e3o de Cart\u00f5es Animados para TMN\t\t\t\t\t<\/h2>\n\t\t\t\t<\/a>\n\n\t\t\t\t<div class=\"post-meta post-meta-one\">\n\t\t\t\t\t\n        <span class=\"post-meta-author\">\n            by            <a href=\"https:\/\/voice-interaction.com\/tmp-web\/pt\/author\/fpreto\/\" class=\"bypostauthor\" itemprop=\"url\" rel=\"author\">\n                FPreto            <\/a>\n        <\/span>\n\n                    <time class=\"updated semantic\" itemprop=\"dateModified\" datetime=\"2017-11-17T15:13:25+00:00\"><\/time>\n            <a href=\"https:\/\/voice-interaction.com\/tmp-web\/pt\/voiceinteraction-desenvolve-solucao-de-cartoes-animados-para-tmn\/\" class=\"post-meta-date sh-default-color\">Dezembro 21, 2009<\/a>\n        \n    \t\t\t\t<\/div>\n\n\t\t\t\t<div class=\"post-content\">\n\t\t\t\t\t<p>A VoiceInteraction, em parceria com a TIMw.e., realizou para a TMN um projecto para gera\u00e7\u00e3o de&#8230;<\/p>\n\t\t\t\t<\/div>\n\n\t\t\t\t<div class=\"post-meta post-meta-two\">\n\t\t\t\t\t\n        <div class=\"sh-columns post-meta-comments\">\n            <span class=\"post-meta-categories\">\n                <i class=\"icon-tag\"><\/i>\n                <a href=\"https:\/\/voice-interaction.com\/tmp-web\/pt\/category\/industrias-pt\/empresarial-pt\/\" rel=\"category tag\">Empresarial<\/a>            <\/span>\n\n                            <div><\/div>\n                    <\/div>\n\n    \t\t\t\t<\/div>\n\t\t\t<\/div>\n\n\t\t<\/div>\n\t<\/article>\n\n\n\n\t<article id=\"post-217\" class=\"post-item post-217 post type-post status-publish format-standard has-post-thumbnail hentry category-noticias-empresa-pt\">\n\t\t<div class=\"post-container\">\n\t\t\t\n\t\t\t<div class=\"post-meta-thumb\">\n\t\t\t\t<img loading=\"lazy\" decoding=\"async\" width=\"262\" height=\"59\" src=\"https:\/\/voice-interaction.com\/tmp-web\/wp-content\/uploads\/2009\/11\/MARCA-IST-SPIN-OFF-PARCEIROS.png\" class=\"attachment-large size-large wp-post-image\" alt=\"\" \/>\t\t\t\t\n        <div class=\"sh-overlay-style1\">\n            <div class=\"sh-table-full\">\n                                    <a href=\"https:\/\/voice-interaction.com\/tmp-web\/pt\/atribuido-estatuto-de-ist-spin-off-a-voiceinteraction\/\" class=\"sh-overlay-item sh-table-cell\" title=\"Open the article - Atribu\u00eddo estatuto de IST SPIN-OFF \u00e0 VoiceInteraction\">\n                        <div class=\"sh-overlay-item-container\">\n                            <i class=\"icon-link\"><\/i>\n                        <\/div>\n                    <\/a>\n                \n                                    <a href=\"https:\/\/voice-interaction.com\/tmp-web\/wp-content\/uploads\/2009\/11\/MARCA-IST-SPIN-OFF-PARCEIROS.png\" class=\"sh-overlay-item sh-table-cell\" data-rel=\"lightcase\">\n                        <div class=\"sh-overlay-item-container\">\n                            <i class=\"icon-magnifier-add\"><\/i>\n                        <\/div>\n                    <\/a>\n                            <\/div>\n        <\/div>\n\n    \t\t\t<\/div>\n\n\t\t\t<div class=\"post-content-container\">\n\t\t\t\t<a href=\"https:\/\/voice-interaction.com\/tmp-web\/pt\/atribuido-estatuto-de-ist-spin-off-a-voiceinteraction\/\" class=\"post-title\">\n\t\t\t\t\t<h2>\n\t\t\t\t\t\t\t\t\t\t\t\tAtribu\u00eddo estatuto de IST SPIN-OFF \u00e0 VoiceInteraction\t\t\t\t\t<\/h2>\n\t\t\t\t<\/a>\n\n\t\t\t\t<div class=\"post-meta post-meta-one\">\n\t\t\t\t\t\n        <span class=\"post-meta-author\">\n            by            <a href=\"https:\/\/voice-interaction.com\/tmp-web\/pt\/author\/fpreto\/\" class=\"bypostauthor\" itemprop=\"url\" rel=\"author\">\n                FPreto            <\/a>\n        <\/span>\n\n                    <time class=\"updated semantic\" itemprop=\"dateModified\" datetime=\"2017-11-15T14:32:10+00:00\"><\/time>\n            <a href=\"https:\/\/voice-interaction.com\/tmp-web\/pt\/atribuido-estatuto-de-ist-spin-off-a-voiceinteraction\/\" class=\"post-meta-date sh-default-color\">Novembro 19, 2009<\/a>\n        \n    \t\t\t\t<\/div>\n\n\t\t\t\t<div class=\"post-content\">\n\t\t\t\t\t<p>A VoiceInteraction faz parte da recentemente criada \u201cComunidade das SPIN-OFFs do IST&#8221;, uma iniciativa do Instituto&#8230;<\/p>\n\t\t\t\t<\/div>\n\n\t\t\t\t<div class=\"post-meta post-meta-two\">\n\t\t\t\t\t\n        <div class=\"sh-columns post-meta-comments\">\n            <span class=\"post-meta-categories\">\n                <i class=\"icon-tag\"><\/i>\n                <a href=\"https:\/\/voice-interaction.com\/tmp-web\/pt\/category\/empresa-pt-pt\/noticias-empresa-pt\/\" rel=\"category tag\">Not\u00edcias Empresa<\/a>            <\/span>\n\n                            <div><\/div>\n                    <\/div>\n\n    \t\t\t\t<\/div>\n\t\t\t<\/div>\n\n\t\t<\/div>\n\t<\/article>\n\n\n\n\t<article id=\"post-215\" class=\"post-item post-215 post type-post status-publish format-standard has-post-thumbnail hentry category-empresarial-pt category-parcerias-pt category-speech-analytics-pt\">\n\t\t<div class=\"post-container\">\n\t\t\t\n\t\t\t<div class=\"post-meta-thumb\">\n\t\t\t\t<img loading=\"lazy\" decoding=\"async\" width=\"275\" height=\"151\" src=\"https:\/\/voice-interaction.com\/tmp-web\/wp-content\/uploads\/2010\/06\/asterisk.png\" class=\"attachment-large size-large wp-post-image\" alt=\"\" \/>\t\t\t\t\n        <div class=\"sh-overlay-style1\">\n            <div class=\"sh-table-full\">\n                                    <a href=\"https:\/\/voice-interaction.com\/tmp-web\/pt\/voiceinteraction-realiza-parceria-no-brasil-na-area-dos-ivrs\/\" class=\"sh-overlay-item sh-table-cell\" title=\"Open the article - VoiceInteraction realiza parceria na \u00e1rea dos IVRs no Brasil\">\n                        <div class=\"sh-overlay-item-container\">\n                            <i class=\"icon-link\"><\/i>\n                        <\/div>\n                    <\/a>\n                \n                                    <a href=\"https:\/\/voice-interaction.com\/tmp-web\/wp-content\/uploads\/2010\/06\/asterisk.png\" class=\"sh-overlay-item sh-table-cell\" data-rel=\"lightcase\">\n                        <div class=\"sh-overlay-item-container\">\n                            <i class=\"icon-magnifier-add\"><\/i>\n                        <\/div>\n                    <\/a>\n                            <\/div>\n        <\/div>\n\n    \t\t\t<\/div>\n\n\t\t\t<div class=\"post-content-container\">\n\t\t\t\t<a href=\"https:\/\/voice-interaction.com\/tmp-web\/pt\/voiceinteraction-realiza-parceria-no-brasil-na-area-dos-ivrs\/\" class=\"post-title\">\n\t\t\t\t\t<h2>\n\t\t\t\t\t\t\t\t\t\t\t\tVoiceInteraction realiza parceria na \u00e1rea dos IVRs no Brasil\t\t\t\t\t<\/h2>\n\t\t\t\t<\/a>\n\n\t\t\t\t<div class=\"post-meta post-meta-one\">\n\t\t\t\t\t\n        <span class=\"post-meta-author\">\n            by            <a href=\"https:\/\/voice-interaction.com\/tmp-web\/pt\/author\/fpreto\/\" class=\"bypostauthor\" itemprop=\"url\" rel=\"author\">\n                FPreto            <\/a>\n        <\/span>\n\n                    <time class=\"updated semantic\" itemprop=\"dateModified\" datetime=\"2017-11-17T15:15:14+00:00\"><\/time>\n            <a href=\"https:\/\/voice-interaction.com\/tmp-web\/pt\/voiceinteraction-realiza-parceria-no-brasil-na-area-dos-ivrs\/\" class=\"post-meta-date sh-default-color\">Novembro 2, 2009<\/a>\n        \n    \t\t\t\t<\/div>\n\n\t\t\t\t<div class=\"post-content\">\n\t\t\t\t\t<p>Disponibiliza\u00e7\u00e3o das tecnologias de reconhecimento e s\u00edntese de fala da VoiceInteraction integradas em ambiente Asterisk. A&#8230;<\/p>\n\t\t\t\t<\/div>\n\n\t\t\t\t<div class=\"post-meta post-meta-two\">\n\t\t\t\t\t\n        <div class=\"sh-columns post-meta-comments\">\n            <span class=\"post-meta-categories\">\n                <i class=\"icon-tag\"><\/i>\n                <a href=\"https:\/\/voice-interaction.com\/tmp-web\/pt\/category\/industrias-pt\/empresarial-pt\/\" rel=\"category tag\">Empresarial<\/a>, <a href=\"https:\/\/voice-interaction.com\/tmp-web\/pt\/category\/empresa-pt-pt\/parcerias-pt\/\" rel=\"category tag\">Parcerias<\/a>, <a href=\"https:\/\/voice-interaction.com\/tmp-web\/pt\/category\/solucoes-pt\/speech-analytics-pt\/\" rel=\"category tag\">Speech Analytics<\/a>            <\/span>\n\n                            <div><\/div>\n                    <\/div>\n\n    \t\t\t\t<\/div>\n\t\t\t<\/div>\n\n\t\t<\/div>\n\t<\/article>\n\n\n\n\t<article id=\"post-213\" class=\"post-item post-213 post type-post status-publish format-standard has-post-thumbnail hentry category-governo-pt category-transcricao-pt\">\n\t\t<div class=\"post-container\">\n\t\t\t\n\t\t\t<div class=\"post-meta-thumb\">\n\t\t\t\t<img loading=\"lazy\" decoding=\"async\" width=\"140\" height=\"134\" src=\"https:\/\/voice-interaction.com\/tmp-web\/wp-content\/uploads\/2009\/10\/ios_72dpi_140px.jpg\" class=\"attachment-large size-large wp-post-image\" alt=\"\" \/>\t\t\t\t\n        <div class=\"sh-overlay-style1\">\n            <div class=\"sh-table-full\">\n                                    <a href=\"https:\/\/voice-interaction.com\/tmp-web\/pt\/utilizacao-do-sistema-de-transcricao-de-fala-da-voiceinteraction-nos-tribunais-do-brasil\/\" class=\"sh-overlay-item sh-table-cell\" title=\"Open the article - Utiliza\u00e7\u00e3o do sistema de transcri\u00e7\u00e3o de fala da VoiceInteraction nos Tribunais do Brasil\">\n                        <div class=\"sh-overlay-item-container\">\n                            <i class=\"icon-link\"><\/i>\n                        <\/div>\n                    <\/a>\n                \n                                    <a href=\"https:\/\/voice-interaction.com\/tmp-web\/wp-content\/uploads\/2009\/10\/ios_72dpi_140px.jpg\" class=\"sh-overlay-item sh-table-cell\" data-rel=\"lightcase\">\n                        <div class=\"sh-overlay-item-container\">\n                            <i class=\"icon-magnifier-add\"><\/i>\n                        <\/div>\n                    <\/a>\n                            <\/div>\n        <\/div>\n\n    \t\t\t<\/div>\n\n\t\t\t<div class=\"post-content-container\">\n\t\t\t\t<a href=\"https:\/\/voice-interaction.com\/tmp-web\/pt\/utilizacao-do-sistema-de-transcricao-de-fala-da-voiceinteraction-nos-tribunais-do-brasil\/\" class=\"post-title\">\n\t\t\t\t\t<h2>\n\t\t\t\t\t\t\t\t\t\t\t\tUtiliza\u00e7\u00e3o do sistema de transcri\u00e7\u00e3o de fala da VoiceInteraction nos Tribunais do Brasil\t\t\t\t\t<\/h2>\n\t\t\t\t<\/a>\n\n\t\t\t\t<div class=\"post-meta post-meta-one\">\n\t\t\t\t\t\n        <span class=\"post-meta-author\">\n            by            <a href=\"https:\/\/voice-interaction.com\/tmp-web\/pt\/author\/fpreto\/\" class=\"bypostauthor\" itemprop=\"url\" rel=\"author\">\n                FPreto            <\/a>\n        <\/span>\n\n                    <time class=\"updated semantic\" itemprop=\"dateModified\" datetime=\"2017-11-17T15:34:09+00:00\"><\/time>\n            <a href=\"https:\/\/voice-interaction.com\/tmp-web\/pt\/utilizacao-do-sistema-de-transcricao-de-fala-da-voiceinteraction-nos-tribunais-do-brasil\/\" class=\"post-meta-date sh-default-color\">Outubro 28, 2009<\/a>\n        \n    \t\t\t\t<\/div>\n\n\t\t\t\t<div class=\"post-content\">\n\t\t\t\t\t<p>A VoiceInteraction estabeleceu um acordo de parceria com a empresa IOS &#8211; Comunica\u00e7\u00e3o Digital, de Curitiba,&#8230;<\/p>\n\t\t\t\t<\/div>\n\n\t\t\t\t<div class=\"post-meta post-meta-two\">\n\t\t\t\t\t\n        <div class=\"sh-columns post-meta-comments\">\n            <span class=\"post-meta-categories\">\n                <i class=\"icon-tag\"><\/i>\n                <a href=\"https:\/\/voice-interaction.com\/tmp-web\/pt\/category\/industrias-pt\/governo-pt\/\" rel=\"category tag\">Governo<\/a>, <a href=\"https:\/\/voice-interaction.com\/tmp-web\/pt\/category\/solucoes-pt\/transcricao-pt\/\" rel=\"category tag\">Transcri\u00e7\u00e3o<\/a>            <\/span>\n\n                            <div><\/div>\n                    <\/div>\n\n    \t\t\t\t<\/div>\n\t\t\t<\/div>\n\n\t\t<\/div>\n\t<\/article>\n\n\n\n\t<article id=\"post-211\" class=\"post-item post-211 post type-post status-publish format-standard has-post-thumbnail hentry category-eventos-pt category-projetos\">\n\t\t<div class=\"post-container\">\n\t\t\t\n\t\t\t<div class=\"post-meta-thumb\">\n\t\t\t\t<img loading=\"lazy\" decoding=\"async\" width=\"140\" height=\"94\" src=\"https:\/\/voice-interaction.com\/tmp-web\/wp-content\/uploads\/2009\/09\/TICE.jpg\" class=\"attachment-large size-large wp-post-image\" alt=\"\" \/>\t\t\t\t\n        <div class=\"sh-overlay-style1\">\n            <div class=\"sh-table-full\">\n                                    <a href=\"https:\/\/voice-interaction.com\/tmp-web\/pt\/voiceinteraction-participa-em-mostra-tecnologica-no-brasil\/\" class=\"sh-overlay-item sh-table-cell\" title=\"Open the article - VoiceInteraction participa em Mostra Tecnol\u00f3gica no Brasil\">\n                        <div class=\"sh-overlay-item-container\">\n                            <i class=\"icon-link\"><\/i>\n                        <\/div>\n                    <\/a>\n                \n                                    <a href=\"https:\/\/voice-interaction.com\/tmp-web\/wp-content\/uploads\/2009\/09\/TICE.jpg\" class=\"sh-overlay-item sh-table-cell\" data-rel=\"lightcase\">\n                        <div class=\"sh-overlay-item-container\">\n                            <i class=\"icon-magnifier-add\"><\/i>\n                        <\/div>\n                    <\/a>\n                            <\/div>\n        <\/div>\n\n    \t\t\t<\/div>\n\n\t\t\t<div class=\"post-content-container\">\n\t\t\t\t<a href=\"https:\/\/voice-interaction.com\/tmp-web\/pt\/voiceinteraction-participa-em-mostra-tecnologica-no-brasil\/\" class=\"post-title\">\n\t\t\t\t\t<h2>\n\t\t\t\t\t\t\t\t\t\t\t\tVoiceInteraction participa em Mostra Tecnol\u00f3gica no Brasil\t\t\t\t\t<\/h2>\n\t\t\t\t<\/a>\n\n\t\t\t\t<div class=\"post-meta post-meta-one\">\n\t\t\t\t\t\n        <span class=\"post-meta-author\">\n            by            <a href=\"https:\/\/voice-interaction.com\/tmp-web\/pt\/author\/fpreto\/\" class=\"bypostauthor\" itemprop=\"url\" rel=\"author\">\n                FPreto            <\/a>\n        <\/span>\n\n                    <time class=\"updated semantic\" itemprop=\"dateModified\" datetime=\"2017-11-17T15:37:00+00:00\"><\/time>\n            <a href=\"https:\/\/voice-interaction.com\/tmp-web\/pt\/voiceinteraction-participa-em-mostra-tecnologica-no-brasil\/\" class=\"post-meta-date sh-default-color\">Setembro 20, 2009<\/a>\n        \n    \t\t\t\t<\/div>\n\n\t\t\t\t<div class=\"post-content\">\n\t\t\t\t\t<p>A VoiceInteraction integrou a Miss\u00e3o \/ Mostra Tecnol\u00f3gica que decorreu em S\u00e3o Paulo e no Rio&#8230;<\/p>\n\t\t\t\t<\/div>\n\n\t\t\t\t<div class=\"post-meta post-meta-two\">\n\t\t\t\t\t\n        <div class=\"sh-columns post-meta-comments\">\n            <span class=\"post-meta-categories\">\n                <i class=\"icon-tag\"><\/i>\n                <a href=\"https:\/\/voice-interaction.com\/tmp-web\/pt\/category\/empresa-pt-pt\/eventos-pt\/\" rel=\"category tag\">Eventos<\/a>, <a href=\"https:\/\/voice-interaction.com\/tmp-web\/pt\/category\/empresa-pt-pt\/projetos\/\" rel=\"category tag\">Projetos<\/a>            <\/span>\n\n                            <div><\/div>\n                    <\/div>\n\n    \t\t\t\t<\/div>\n\t\t\t<\/div>\n\n\t\t<\/div>\n\t<\/article>\n\n\n\n\t<article id=\"post-207\" class=\"post-item post-207 post type-post status-publish format-standard has-post-thumbnail hentry category-eventos-pt\">\n\t\t<div class=\"post-container\">\n\t\t\t\n\t\t\t<div class=\"post-meta-thumb\">\n\t\t\t\t<img loading=\"lazy\" decoding=\"async\" width=\"214\" height=\"82\" src=\"https:\/\/voice-interaction.com\/tmp-web\/wp-content\/uploads\/2009\/06\/4JI_ID_adi.jpg\" class=\"attachment-large size-large wp-post-image\" alt=\"\" \/>\t\t\t\t\n        <div class=\"sh-overlay-style1\">\n            <div class=\"sh-table-full\">\n                                    <a href=\"https:\/\/voice-interaction.com\/tmp-web\/pt\/voiceinteraction-participa-nas-4as-jornadas-de-inovacao\/\" class=\"sh-overlay-item sh-table-cell\" title=\"Open the article - Participa\u00e7\u00e3o da VoiceInteraction nas 4\u00aa Jornadas de Inova\u00e7\u00e3o\">\n                        <div class=\"sh-overlay-item-container\">\n                            <i class=\"icon-link\"><\/i>\n                        <\/div>\n                    <\/a>\n                \n                                    <a href=\"https:\/\/voice-interaction.com\/tmp-web\/wp-content\/uploads\/2009\/06\/4JI_ID_adi.jpg\" class=\"sh-overlay-item sh-table-cell\" data-rel=\"lightcase\">\n                        <div class=\"sh-overlay-item-container\">\n                            <i class=\"icon-magnifier-add\"><\/i>\n                        <\/div>\n                    <\/a>\n                            <\/div>\n        <\/div>\n\n    \t\t\t<\/div>\n\n\t\t\t<div class=\"post-content-container\">\n\t\t\t\t<a href=\"https:\/\/voice-interaction.com\/tmp-web\/pt\/voiceinteraction-participa-nas-4as-jornadas-de-inovacao\/\" class=\"post-title\">\n\t\t\t\t\t<h2>\n\t\t\t\t\t\t\t\t\t\t\t\tParticipa\u00e7\u00e3o da VoiceInteraction nas 4\u00aa Jornadas de Inova\u00e7\u00e3o\t\t\t\t\t<\/h2>\n\t\t\t\t<\/a>\n\n\t\t\t\t<div class=\"post-meta post-meta-one\">\n\t\t\t\t\t\n        <span class=\"post-meta-author\">\n            by            <a href=\"https:\/\/voice-interaction.com\/tmp-web\/pt\/author\/fpreto\/\" class=\"bypostauthor\" itemprop=\"url\" rel=\"author\">\n                FPreto            <\/a>\n        <\/span>\n\n                    <time class=\"updated semantic\" itemprop=\"dateModified\" datetime=\"2017-11-17T15:38:28+00:00\"><\/time>\n            <a href=\"https:\/\/voice-interaction.com\/tmp-web\/pt\/voiceinteraction-participa-nas-4as-jornadas-de-inovacao\/\" class=\"post-meta-date sh-default-color\">Junho 22, 2009<\/a>\n        \n    \t\t\t\t<\/div>\n\n\t\t\t\t<div class=\"post-content\">\n\t\t\t\t\t<p>A VoiceInteraction participou nas 4as. Jornadas de Inova\u00e7\u00e3o promovidas pela ADI na FIL, nos dias 18,&#8230;<\/p>\n\t\t\t\t<\/div>\n\n\t\t\t\t<div class=\"post-meta post-meta-two\">\n\t\t\t\t\t\n        <div class=\"sh-columns post-meta-comments\">\n            <span class=\"post-meta-categories\">\n                <i class=\"icon-tag\"><\/i>\n                <a href=\"https:\/\/voice-interaction.com\/tmp-web\/pt\/category\/empresa-pt-pt\/eventos-pt\/\" rel=\"category tag\">Eventos<\/a>            <\/span>\n\n                            <div><\/div>\n                    <\/div>\n\n    \t\t\t\t<\/div>\n\t\t\t<\/div>\n\n\t\t<\/div>\n\t<\/article>\n\n\n\n\t<article id=\"post-198\" class=\"post-item post-198 post type-post status-publish format-standard has-post-thumbnail hentry category-empresarial-pt category-eventos-pt\">\n\t\t<div class=\"post-container\">\n\t\t\t\n\t\t\t<div class=\"post-meta-thumb\">\n\t\t\t\t<img loading=\"lazy\" decoding=\"async\" width=\"182\" height=\"120\" src=\"https:\/\/voice-interaction.com\/tmp-web\/wp-content\/uploads\/2009\/06\/expotec09.jpg\" class=\"attachment-large size-large wp-post-image\" alt=\"\" \/>\t\t\t\t\n        <div class=\"sh-overlay-style1\">\n            <div class=\"sh-table-full\">\n                                    <a href=\"https:\/\/voice-interaction.com\/tmp-web\/pt\/voiceinteraction-expotec09\/\" class=\"sh-overlay-item sh-table-cell\" title=\"Open the article - VoiceInteraction participou na EXPOTEC\u201909 em Viseu\">\n                        <div class=\"sh-overlay-item-container\">\n                            <i class=\"icon-link\"><\/i>\n                        <\/div>\n                    <\/a>\n                \n                                    <a href=\"https:\/\/voice-interaction.com\/tmp-web\/wp-content\/uploads\/2009\/06\/expotec09.jpg\" class=\"sh-overlay-item sh-table-cell\" data-rel=\"lightcase\">\n                        <div class=\"sh-overlay-item-container\">\n                            <i class=\"icon-magnifier-add\"><\/i>\n                        <\/div>\n                    <\/a>\n                            <\/div>\n        <\/div>\n\n    \t\t\t<\/div>\n\n\t\t\t<div class=\"post-content-container\">\n\t\t\t\t<a href=\"https:\/\/voice-interaction.com\/tmp-web\/pt\/voiceinteraction-expotec09\/\" class=\"post-title\">\n\t\t\t\t\t<h2>\n\t\t\t\t\t\t\t\t\t\t\t\tVoiceInteraction participou na EXPOTEC\u201909 em Viseu\t\t\t\t\t<\/h2>\n\t\t\t\t<\/a>\n\n\t\t\t\t<div class=\"post-meta post-meta-one\">\n\t\t\t\t\t\n        <span class=\"post-meta-author\">\n            by            <a href=\"https:\/\/voice-interaction.com\/tmp-web\/pt\/author\/fpreto\/\" class=\"bypostauthor\" itemprop=\"url\" rel=\"author\">\n                FPreto            <\/a>\n        <\/span>\n\n                    <time class=\"updated semantic\" itemprop=\"dateModified\" datetime=\"2017-11-17T15:40:09+00:00\"><\/time>\n            <a href=\"https:\/\/voice-interaction.com\/tmp-web\/pt\/voiceinteraction-expotec09\/\" class=\"post-meta-date sh-default-color\">Junho 8, 2009<\/a>\n        \n    \t\t\t\t<\/div>\n\n\t\t\t\t<div class=\"post-content\">\n\t\t\t\t\t<p>Decorreu no Pavilh\u00e3o Multiusos de Viseu de 3 a 7 de Junho de 2009 a EXPOTEC&#8230;<\/p>\n\t\t\t\t<\/div>\n\n\t\t\t\t<div class=\"post-meta post-meta-two\">\n\t\t\t\t\t\n        <div class=\"sh-columns post-meta-comments\">\n            <span class=\"post-meta-categories\">\n                <i class=\"icon-tag\"><\/i>\n                <a href=\"https:\/\/voice-interaction.com\/tmp-web\/pt\/category\/industrias-pt\/empresarial-pt\/\" rel=\"category tag\">Empresarial<\/a>, <a href=\"https:\/\/voice-interaction.com\/tmp-web\/pt\/category\/empresa-pt-pt\/eventos-pt\/\" rel=\"category tag\">Eventos<\/a>            <\/span>\n\n                            <div><\/div>\n                    <\/div>\n\n    \t\t\t\t<\/div>\n\t\t\t<\/div>\n\n\t\t<\/div>\n\t<\/article>\n\n\n\n\t<article id=\"post-200\" class=\"post-item post-200 post type-post status-publish format-standard has-post-thumbnail hentry category-ditado-pt category-empresarial-pt\">\n\t\t<div class=\"post-container\">\n\t\t\t\n\t\t\t<div class=\"post-meta-thumb\">\n\t\t\t\t<img loading=\"lazy\" decoding=\"async\" width=\"174\" height=\"98\" src=\"https:\/\/voice-interaction.com\/tmp-web\/wp-content\/uploads\/2009\/06\/controlvet.jpg\" class=\"attachment-large size-large wp-post-image\" alt=\"\" \/>\t\t\t\t\n        <div class=\"sh-overlay-style1\">\n            <div class=\"sh-table-full\">\n                                    <a href=\"https:\/\/voice-interaction.com\/tmp-web\/pt\/voiceinteraction-controlvet\/\" class=\"sh-overlay-item sh-table-cell\" title=\"Open the article - Controlvet instala o VOXControl da VoiceInteraction\">\n                        <div class=\"sh-overlay-item-container\">\n                            <i class=\"icon-link\"><\/i>\n                        <\/div>\n                    <\/a>\n                \n                                    <a href=\"https:\/\/voice-interaction.com\/tmp-web\/wp-content\/uploads\/2009\/06\/controlvet.jpg\" class=\"sh-overlay-item sh-table-cell\" data-rel=\"lightcase\">\n                        <div class=\"sh-overlay-item-container\">\n                            <i class=\"icon-magnifier-add\"><\/i>\n                        <\/div>\n                    <\/a>\n                            <\/div>\n        <\/div>\n\n    \t\t\t<\/div>\n\n\t\t\t<div class=\"post-content-container\">\n\t\t\t\t<a href=\"https:\/\/voice-interaction.com\/tmp-web\/pt\/voiceinteraction-controlvet\/\" class=\"post-title\">\n\t\t\t\t\t<h2>\n\t\t\t\t\t\t\t\t\t\t\t\tControlvet instala o VOXControl da VoiceInteraction\t\t\t\t\t<\/h2>\n\t\t\t\t<\/a>\n\n\t\t\t\t<div class=\"post-meta post-meta-one\">\n\t\t\t\t\t\n        <span class=\"post-meta-author\">\n            by            <a href=\"https:\/\/voice-interaction.com\/tmp-web\/pt\/author\/fpreto\/\" class=\"bypostauthor\" itemprop=\"url\" rel=\"author\">\n                FPreto            <\/a>\n        <\/span>\n\n                    <time class=\"updated semantic\" itemprop=\"dateModified\" datetime=\"2017-11-17T11:37:43+00:00\"><\/time>\n            <a href=\"https:\/\/voice-interaction.com\/tmp-web\/pt\/voiceinteraction-controlvet\/\" class=\"post-meta-date sh-default-color\">Junho 1, 2009<\/a>\n        \n    \t\t\t\t<\/div>\n\n\t\t\t\t<div class=\"post-content\">\n\t\t\t\t\t<p>A Controlvet, empresa da \u00e1rea da seguran\u00e7a alimentar sediada em Tondela, passa a utilizar o VOXControl&#8230;<\/p>\n\t\t\t\t<\/div>\n\n\t\t\t\t<div class=\"post-meta post-meta-two\">\n\t\t\t\t\t\n        <div class=\"sh-columns post-meta-comments\">\n            <span class=\"post-meta-categories\">\n                <i class=\"icon-tag\"><\/i>\n                <a href=\"https:\/\/voice-interaction.com\/tmp-web\/pt\/category\/solucoes-pt\/ditado-pt\/\" rel=\"category tag\">Ditado<\/a>, <a href=\"https:\/\/voice-interaction.com\/tmp-web\/pt\/category\/industrias-pt\/empresarial-pt\/\" rel=\"category tag\">Empresarial<\/a>            <\/span>\n\n                            <div><\/div>\n                    <\/div>\n\n    \t\t\t\t<\/div>\n\t\t\t<\/div>\n\n\t\t<\/div>\n\t<\/article>\n\n\n\n\t<article id=\"post-196\" class=\"post-item post-196 post type-post status-publish format-standard has-post-thumbnail hentry category-ditado-pt category-eventos-pt category-legal-pt\">\n\t\t<div class=\"post-container\">\n\t\t\t\n\t\t\t<div class=\"post-meta-thumb\">\n\t\t\t\t<img loading=\"lazy\" decoding=\"async\" width=\"260\" height=\"113\" src=\"https:\/\/voice-interaction.com\/tmp-web\/wp-content\/uploads\/2009\/05\/asap-e1510932640564.png\" class=\"attachment-large size-large wp-post-image\" alt=\"\" \/>\t\t\t\t\n        <div class=\"sh-overlay-style1\">\n            <div class=\"sh-table-full\">\n                                    <a href=\"https:\/\/voice-interaction.com\/tmp-web\/pt\/voiceinteraction-asap\/\" class=\"sh-overlay-item sh-table-cell\" title=\"Open the article - VoiceInteraction participa em Confer\u00eancia organizada pela ASAP\">\n                        <div class=\"sh-overlay-item-container\">\n                            <i class=\"icon-link\"><\/i>\n                        <\/div>\n                    <\/a>\n                \n                                    <a href=\"https:\/\/voice-interaction.com\/tmp-web\/wp-content\/uploads\/2009\/05\/asap-e1510932640564.png\" class=\"sh-overlay-item sh-table-cell\" data-rel=\"lightcase\">\n                        <div class=\"sh-overlay-item-container\">\n                            <i class=\"icon-magnifier-add\"><\/i>\n                        <\/div>\n                    <\/a>\n                            <\/div>\n        <\/div>\n\n    \t\t\t<\/div>\n\n\t\t\t<div class=\"post-content-container\">\n\t\t\t\t<a href=\"https:\/\/voice-interaction.com\/tmp-web\/pt\/voiceinteraction-asap\/\" class=\"post-title\">\n\t\t\t\t\t<h2>\n\t\t\t\t\t\t\t\t\t\t\t\tVoiceInteraction participa em Confer\u00eancia organizada pela ASAP\t\t\t\t\t<\/h2>\n\t\t\t\t<\/a>\n\n\t\t\t\t<div class=\"post-meta post-meta-one\">\n\t\t\t\t\t\n        <span class=\"post-meta-author\">\n            by            <a href=\"https:\/\/voice-interaction.com\/tmp-web\/pt\/author\/fpreto\/\" class=\"bypostauthor\" itemprop=\"url\" rel=\"author\">\n                FPreto            <\/a>\n        <\/span>\n\n                    <time class=\"updated semantic\" itemprop=\"dateModified\" datetime=\"2017-12-12T14:46:09+00:00\"><\/time>\n            <a href=\"https:\/\/voice-interaction.com\/tmp-web\/pt\/voiceinteraction-asap\/\" class=\"post-meta-date sh-default-color\">Maio 25, 2009<\/a>\n        \n    \t\t\t\t<\/div>\n\n\t\t\t\t<div class=\"post-content\">\n\t\t\t\t\t<p>A VoiceInteraction, atrav\u00e9s da sua parceria com a XTR, participou no 2\u00ba Encontro Nacional das Sociedades&#8230;<\/p>\n\t\t\t\t<\/div>\n\n\t\t\t\t<div class=\"post-meta post-meta-two\">\n\t\t\t\t\t\n        <div class=\"sh-columns post-meta-comments\">\n            <span class=\"post-meta-categories\">\n                <i class=\"icon-tag\"><\/i>\n                <a href=\"https:\/\/voice-interaction.com\/tmp-web\/pt\/category\/solucoes-pt\/ditado-pt\/\" rel=\"category tag\">Ditado<\/a>, <a href=\"https:\/\/voice-interaction.com\/tmp-web\/pt\/category\/empresa-pt-pt\/eventos-pt\/\" rel=\"category tag\">Eventos<\/a>, <a href=\"https:\/\/voice-interaction.com\/tmp-web\/pt\/category\/industrias-pt\/legal-pt\/\" rel=\"category tag\">Legal<\/a>            <\/span>\n\n                            <div><\/div>\n                    <\/div>\n\n    \t\t\t\t<\/div>\n\t\t\t<\/div>\n\n\t\t<\/div>\n\t<\/article>\n\n\n\n\t<article id=\"post-193\" class=\"post-item post-193 post type-post status-publish format-standard has-post-thumbnail hentry category-monitorizacao-media-pt\">\n\t\t<div class=\"post-container\">\n\t\t\t\n\t\t\t<div class=\"post-meta-thumb\">\n\t\t\t\t<img loading=\"lazy\" decoding=\"async\" width=\"560\" height=\"220\" src=\"https:\/\/voice-interaction.com\/tmp-web\/wp-content\/uploads\/2017\/07\/voiceinteraction-MMS-logo-01.png\" class=\"attachment-large size-large wp-post-image\" alt=\"\" srcset=\"https:\/\/voice-interaction.com\/tmp-web\/wp-content\/uploads\/2017\/07\/voiceinteraction-MMS-logo-01.png 560w, https:\/\/voice-interaction.com\/tmp-web\/wp-content\/uploads\/2017\/07\/voiceinteraction-MMS-logo-01-300x118.png 300w\" sizes=\"auto, (max-width: 560px) 100vw, 560px\" \/>\t\t\t\t\n        <div class=\"sh-overlay-style1\">\n            <div class=\"sh-table-full\">\n                                    <a href=\"https:\/\/voice-interaction.com\/tmp-web\/pt\/voiceinteraction-disponibiliza-media-monitoring-solution\/\" class=\"sh-overlay-item sh-table-cell\" title=\"Open the article - VoiceInteraction disponibiliza Media Monitoring Solution\">\n                        <div class=\"sh-overlay-item-container\">\n                            <i class=\"icon-link\"><\/i>\n                        <\/div>\n                    <\/a>\n                \n                                    <a href=\"https:\/\/voice-interaction.com\/tmp-web\/wp-content\/uploads\/2017\/07\/voiceinteraction-MMS-logo-01.png\" class=\"sh-overlay-item sh-table-cell\" data-rel=\"lightcase\">\n                        <div class=\"sh-overlay-item-container\">\n                            <i class=\"icon-magnifier-add\"><\/i>\n                        <\/div>\n                    <\/a>\n                            <\/div>\n        <\/div>\n\n    \t\t\t<\/div>\n\n\t\t\t<div class=\"post-content-container\">\n\t\t\t\t<a href=\"https:\/\/voice-interaction.com\/tmp-web\/pt\/voiceinteraction-disponibiliza-media-monitoring-solution\/\" class=\"post-title\">\n\t\t\t\t\t<h2>\n\t\t\t\t\t\t\t\t\t\t\t\tVoiceInteraction disponibiliza Media Monitoring Solution\t\t\t\t\t<\/h2>\n\t\t\t\t<\/a>\n\n\t\t\t\t<div class=\"post-meta post-meta-one\">\n\t\t\t\t\t\n        <span class=\"post-meta-author\">\n            by            <a href=\"https:\/\/voice-interaction.com\/tmp-web\/pt\/author\/fpreto\/\" class=\"bypostauthor\" itemprop=\"url\" rel=\"author\">\n                FPreto            <\/a>\n        <\/span>\n\n                    <time class=\"updated semantic\" itemprop=\"dateModified\" datetime=\"2017-11-17T12:00:03+00:00\"><\/time>\n            <a href=\"https:\/\/voice-interaction.com\/tmp-web\/pt\/voiceinteraction-disponibiliza-media-monitoring-solution\/\" class=\"post-meta-date sh-default-color\">Maio 7, 2009<\/a>\n        \n    \t\t\t\t<\/div>\n\n\t\t\t\t<div class=\"post-content\">\n\t\t\t\t\t<p>Sistema autom\u00e1tico para transcri\u00e7\u00e3o, segmenta\u00e7\u00e3o e indexa\u00e7\u00e3o de programas de televis\u00e3o e r\u00e1dio com possibilidades de&#8230;<\/p>\n\t\t\t\t<\/div>\n\n\t\t\t\t<div class=\"post-meta post-meta-two\">\n\t\t\t\t\t\n        <div class=\"sh-columns post-meta-comments\">\n            <span class=\"post-meta-categories\">\n                <i class=\"icon-tag\"><\/i>\n                <a href=\"https:\/\/voice-interaction.com\/tmp-web\/pt\/category\/solucoes-pt\/monitorizacao-media-pt\/\" rel=\"category tag\">Monitoriza\u00e7\u00e3o de Media<\/a>            <\/span>\n\n                            <div><\/div>\n                    <\/div>\n\n    \t\t\t\t<\/div>\n\t\t\t<\/div>\n\n\t\t<\/div>\n\t<\/article>\n\n\n\n\t<article id=\"post-190\" class=\"post-item post-190 post type-post status-publish format-standard has-post-thumbnail hentry category-governo-pt category-projetos category-sintese-pt category-solucoes-pt\">\n\t\t<div class=\"post-container\">\n\t\t\t\n\t\t\t<div class=\"post-meta-thumb\">\n\t\t\t\t<img loading=\"lazy\" decoding=\"async\" width=\"253\" height=\"204\" src=\"https:\/\/voice-interaction.com\/tmp-web\/wp-content\/uploads\/2009\/04\/magalhaes-e1510918526457.jpg\" class=\"attachment-large size-large wp-post-image\" alt=\"\" \/>\t\t\t\t\n        <div class=\"sh-overlay-style1\">\n            <div class=\"sh-table-full\">\n                                    <a href=\"https:\/\/voice-interaction.com\/tmp-web\/pt\/magalhaes-mais-acessiveis\/\" class=\"sh-overlay-item sh-table-cell\" title=\"Open the article - Magalh\u00e3es mais acess\u00edveis com tecnologia VoiceInteraction\">\n                        <div class=\"sh-overlay-item-container\">\n                            <i class=\"icon-link\"><\/i>\n                        <\/div>\n                    <\/a>\n                \n                                    <a href=\"https:\/\/voice-interaction.com\/tmp-web\/wp-content\/uploads\/2009\/04\/magalhaes-e1510918526457.jpg\" class=\"sh-overlay-item sh-table-cell\" data-rel=\"lightcase\">\n                        <div class=\"sh-overlay-item-container\">\n                            <i class=\"icon-magnifier-add\"><\/i>\n                        <\/div>\n                    <\/a>\n                            <\/div>\n        <\/div>\n\n    \t\t\t<\/div>\n\n\t\t\t<div class=\"post-content-container\">\n\t\t\t\t<a href=\"https:\/\/voice-interaction.com\/tmp-web\/pt\/magalhaes-mais-acessiveis\/\" class=\"post-title\">\n\t\t\t\t\t<h2>\n\t\t\t\t\t\t\t\t\t\t\t\tMagalh\u00e3es mais acess\u00edveis com tecnologia VoiceInteraction\t\t\t\t\t<\/h2>\n\t\t\t\t<\/a>\n\n\t\t\t\t<div class=\"post-meta post-meta-one\">\n\t\t\t\t\t\n        <span class=\"post-meta-author\">\n            by            <a href=\"https:\/\/voice-interaction.com\/tmp-web\/pt\/author\/fpreto\/\" class=\"bypostauthor\" itemprop=\"url\" rel=\"author\">\n                FPreto            <\/a>\n        <\/span>\n\n                    <time class=\"updated semantic\" itemprop=\"dateModified\" datetime=\"2017-11-17T11:37:15+00:00\"><\/time>\n            <a href=\"https:\/\/voice-interaction.com\/tmp-web\/pt\/magalhaes-mais-acessiveis\/\" class=\"post-meta-date sh-default-color\">Abril 29, 2009<\/a>\n        \n    \t\t\t\t<\/div>\n\n\t\t\t\t<div class=\"post-content\">\n\t\t\t\t\t<p>A VoiceInteraction em parceria com o INESC-ID e INOV participa numa iniciativa da J. P. S\u00e1&#8230;<\/p>\n\t\t\t\t<\/div>\n\n\t\t\t\t<div class=\"post-meta post-meta-two\">\n\t\t\t\t\t\n        <div class=\"sh-columns post-meta-comments\">\n            <span class=\"post-meta-categories\">\n                <i class=\"icon-tag\"><\/i>\n                <a href=\"https:\/\/voice-interaction.com\/tmp-web\/pt\/category\/industrias-pt\/governo-pt\/\" rel=\"category tag\">Governo<\/a>, <a href=\"https:\/\/voice-interaction.com\/tmp-web\/pt\/category\/empresa-pt-pt\/projetos\/\" rel=\"category tag\">Projetos<\/a>, <a href=\"https:\/\/voice-interaction.com\/tmp-web\/pt\/category\/solucoes-pt\/sintese-pt\/\" rel=\"category tag\">S\u00edntese<\/a>, <a href=\"https:\/\/voice-interaction.com\/tmp-web\/pt\/category\/solucoes-pt\/\" rel=\"category tag\">Solu\u00e7\u00f5es<\/a>            <\/span>\n\n                            <div><\/div>\n                    <\/div>\n\n    \t\t\t\t<\/div>\n\t\t\t<\/div>\n\n\t\t<\/div>\n\t<\/article>\n\n\n\n\t<article id=\"post-184\" class=\"post-item post-184 post type-post status-publish format-standard has-post-thumbnail hentry category-ditado-pt category-noticias-empresa-pt category-saude-pt\">\n\t\t<div class=\"post-container\">\n\t\t\t\n\t\t\t<div class=\"post-meta-thumb\">\n\t\t\t\t<img loading=\"lazy\" decoding=\"async\" width=\"171\" height=\"120\" src=\"https:\/\/voice-interaction.com\/tmp-web\/wp-content\/uploads\/2017\/04\/logo-GlinttHS.jpg\" class=\"attachment-large size-large wp-post-image\" alt=\"\" \/>\t\t\t\t\n        <div class=\"sh-overlay-style1\">\n            <div class=\"sh-table-full\">\n                                    <a href=\"https:\/\/voice-interaction.com\/tmp-web\/pt\/voiceinteraction-glintths\/\" class=\"sh-overlay-item sh-table-cell\" title=\"Open the article - GLINTT HS integra tecnologias da VoiceInteraction\">\n                        <div class=\"sh-overlay-item-container\">\n                            <i class=\"icon-link\"><\/i>\n                        <\/div>\n                    <\/a>\n                \n                                    <a href=\"https:\/\/voice-interaction.com\/tmp-web\/wp-content\/uploads\/2017\/04\/logo-GlinttHS.jpg\" class=\"sh-overlay-item sh-table-cell\" data-rel=\"lightcase\">\n                        <div class=\"sh-overlay-item-container\">\n                            <i class=\"icon-magnifier-add\"><\/i>\n                        <\/div>\n                    <\/a>\n                            <\/div>\n        <\/div>\n\n    \t\t\t<\/div>\n\n\t\t\t<div class=\"post-content-container\">\n\t\t\t\t<a href=\"https:\/\/voice-interaction.com\/tmp-web\/pt\/voiceinteraction-glintths\/\" class=\"post-title\">\n\t\t\t\t\t<h2>\n\t\t\t\t\t\t\t\t\t\t\t\tGLINTT HS integra tecnologias da VoiceInteraction\t\t\t\t\t<\/h2>\n\t\t\t\t<\/a>\n\n\t\t\t\t<div class=\"post-meta post-meta-one\">\n\t\t\t\t\t\n        <span class=\"post-meta-author\">\n            by            <a href=\"https:\/\/voice-interaction.com\/tmp-web\/pt\/author\/fpreto\/\" class=\"bypostauthor\" itemprop=\"url\" rel=\"author\">\n                FPreto            <\/a>\n        <\/span>\n\n                    <time class=\"updated semantic\" itemprop=\"dateModified\" datetime=\"2017-11-17T11:38:43+00:00\"><\/time>\n            <a href=\"https:\/\/voice-interaction.com\/tmp-web\/pt\/voiceinteraction-glintths\/\" class=\"post-meta-date sh-default-color\">Mar\u00e7o 9, 2009<\/a>\n        \n    \t\t\t\t<\/div>\n\n\t\t\t\t<div class=\"post-content\">\n\t\t\t\t\t<p>A GLINTT HS potencia os seus produtos de Gest\u00e3o Hospitalar atrav\u00e9s da integra\u00e7\u00e3o das tecnologias de&#8230;<\/p>\n\t\t\t\t<\/div>\n\n\t\t\t\t<div class=\"post-meta post-meta-two\">\n\t\t\t\t\t\n        <div class=\"sh-columns post-meta-comments\">\n            <span class=\"post-meta-categories\">\n                <i class=\"icon-tag\"><\/i>\n                <a href=\"https:\/\/voice-interaction.com\/tmp-web\/pt\/category\/solucoes-pt\/ditado-pt\/\" rel=\"category tag\">Ditado<\/a>, <a href=\"https:\/\/voice-interaction.com\/tmp-web\/pt\/category\/empresa-pt-pt\/noticias-empresa-pt\/\" rel=\"category tag\">Not\u00edcias Empresa<\/a>, <a href=\"https:\/\/voice-interaction.com\/tmp-web\/pt\/category\/industrias-pt\/saude-pt\/\" rel=\"category tag\">Sa\u00fade<\/a>            <\/span>\n\n                            <div><\/div>\n                    <\/div>\n\n    \t\t\t\t<\/div>\n\t\t\t<\/div>\n\n\t\t<\/div>\n\t<\/article>\n\n\n\n\t<article id=\"post-182\" class=\"post-item post-182 post type-post status-publish format-standard has-post-thumbnail hentry category-noticias-empresa-pt category-parcerias-pt\">\n\t\t<div class=\"post-container\">\n\t\t\t\n\t\t\t<div class=\"post-meta-thumb\">\n\t\t\t\t<img loading=\"lazy\" decoding=\"async\" width=\"261\" height=\"102\" src=\"https:\/\/voice-interaction.com\/tmp-web\/wp-content\/uploads\/2009\/03\/prologica.png\" class=\"attachment-large size-large wp-post-image\" alt=\"\" \/>\t\t\t\t\n        <div class=\"sh-overlay-style1\">\n            <div class=\"sh-table-full\">\n                                    <a href=\"https:\/\/voice-interaction.com\/tmp-web\/pt\/voiceinteraction-prologica\/\" class=\"sh-overlay-item sh-table-cell\" title=\"Open the article - VoiceInteraction realiza parceria com Prol\u00f3gica\">\n                        <div class=\"sh-overlay-item-container\">\n                            <i class=\"icon-link\"><\/i>\n                        <\/div>\n                    <\/a>\n                \n                                    <a href=\"https:\/\/voice-interaction.com\/tmp-web\/wp-content\/uploads\/2009\/03\/prologica.png\" class=\"sh-overlay-item sh-table-cell\" data-rel=\"lightcase\">\n                        <div class=\"sh-overlay-item-container\">\n                            <i class=\"icon-magnifier-add\"><\/i>\n                        <\/div>\n                    <\/a>\n                            <\/div>\n        <\/div>\n\n    \t\t\t<\/div>\n\n\t\t\t<div class=\"post-content-container\">\n\t\t\t\t<a href=\"https:\/\/voice-interaction.com\/tmp-web\/pt\/voiceinteraction-prologica\/\" class=\"post-title\">\n\t\t\t\t\t<h2>\n\t\t\t\t\t\t\t\t\t\t\t\tVoiceInteraction realiza parceria com Prol\u00f3gica\t\t\t\t\t<\/h2>\n\t\t\t\t<\/a>\n\n\t\t\t\t<div class=\"post-meta post-meta-one\">\n\t\t\t\t\t\n        <span class=\"post-meta-author\">\n            by            <a href=\"https:\/\/voice-interaction.com\/tmp-web\/pt\/author\/fpreto\/\" class=\"bypostauthor\" itemprop=\"url\" rel=\"author\">\n                FPreto            <\/a>\n        <\/span>\n\n                    <time class=\"updated semantic\" itemprop=\"dateModified\" datetime=\"2017-12-12T14:47:20+00:00\"><\/time>\n            <a href=\"https:\/\/voice-interaction.com\/tmp-web\/pt\/voiceinteraction-prologica\/\" class=\"post-meta-date sh-default-color\">Mar\u00e7o 9, 2009<\/a>\n        \n    \t\t\t\t<\/div>\n\n\t\t\t\t<div class=\"post-content\">\n\t\t\t\t\t<p>As empresas acordaram no sentido de potenciarem a integra\u00e7\u00e3o e a distribui\u00e7\u00e3o de produtos baseados em&#8230;<\/p>\n\t\t\t\t<\/div>\n\n\t\t\t\t<div class=\"post-meta post-meta-two\">\n\t\t\t\t\t\n        <div class=\"sh-columns post-meta-comments\">\n            <span class=\"post-meta-categories\">\n                <i class=\"icon-tag\"><\/i>\n                <a href=\"https:\/\/voice-interaction.com\/tmp-web\/pt\/category\/empresa-pt-pt\/noticias-empresa-pt\/\" rel=\"category tag\">Not\u00edcias Empresa<\/a>, <a href=\"https:\/\/voice-interaction.com\/tmp-web\/pt\/category\/empresa-pt-pt\/parcerias-pt\/\" rel=\"category tag\">Parcerias<\/a>            <\/span>\n\n                            <div><\/div>\n                    <\/div>\n\n    \t\t\t\t<\/div>\n\t\t\t<\/div>\n\n\t\t<\/div>\n\t<\/article>\n\n\n\n\t<article id=\"post-178\" class=\"post-item post-178 post type-post status-publish format-standard has-post-thumbnail hentry category-noticias-empresa-pt category-projetos\">\n\t\t<div class=\"post-container\">\n\t\t\t\n\t\t\t<div class=\"post-meta-thumb\">\n\t\t\t\t<img loading=\"lazy\" decoding=\"async\" width=\"268\" height=\"107\" src=\"https:\/\/voice-interaction.com\/tmp-web\/wp-content\/uploads\/2009\/02\/qren.jpg\" class=\"attachment-large size-large wp-post-image\" alt=\"\" \/>\t\t\t\t\n        <div class=\"sh-overlay-style1\">\n            <div class=\"sh-table-full\">\n                                    <a href=\"https:\/\/voice-interaction.com\/tmp-web\/pt\/projectos-iad\/\" class=\"sh-overlay-item sh-table-cell\" title=\"Open the article - VoiceInteraction refor\u00e7a as suas compet\u00eancias de I&#038;D\">\n                        <div class=\"sh-overlay-item-container\">\n                            <i class=\"icon-link\"><\/i>\n                        <\/div>\n                    <\/a>\n                \n                                    <a href=\"https:\/\/voice-interaction.com\/tmp-web\/wp-content\/uploads\/2009\/02\/qren.jpg\" class=\"sh-overlay-item sh-table-cell\" data-rel=\"lightcase\">\n                        <div class=\"sh-overlay-item-container\">\n                            <i class=\"icon-magnifier-add\"><\/i>\n                        <\/div>\n                    <\/a>\n                            <\/div>\n        <\/div>\n\n    \t\t\t<\/div>\n\n\t\t\t<div class=\"post-content-container\">\n\t\t\t\t<a href=\"https:\/\/voice-interaction.com\/tmp-web\/pt\/projectos-iad\/\" class=\"post-title\">\n\t\t\t\t\t<h2>\n\t\t\t\t\t\t\t\t\t\t\t\tVoiceInteraction refor\u00e7a as suas compet\u00eancias de I&#038;D\t\t\t\t\t<\/h2>\n\t\t\t\t<\/a>\n\n\t\t\t\t<div class=\"post-meta post-meta-one\">\n\t\t\t\t\t\n        <span class=\"post-meta-author\">\n            by            <a href=\"https:\/\/voice-interaction.com\/tmp-web\/pt\/author\/fpreto\/\" class=\"bypostauthor\" itemprop=\"url\" rel=\"author\">\n                FPreto            <\/a>\n        <\/span>\n\n                    <time class=\"updated semantic\" itemprop=\"dateModified\" datetime=\"2017-11-17T11:41:26+00:00\"><\/time>\n            <a href=\"https:\/\/voice-interaction.com\/tmp-web\/pt\/projectos-iad\/\" class=\"post-meta-date sh-default-color\">Fevereiro 12, 2009<\/a>\n        \n    \t\t\t\t<\/div>\n\n\t\t\t\t<div class=\"post-content\">\n\t\t\t\t\t<p>A VoiceInteraction atrav\u00e9s duma participa\u00e7\u00e3o significativa em projectos de Investiga\u00e7\u00e3o e Desenvolvimento Tecnol\u00f3gico, no \u00e2mbito do&#8230;<\/p>\n\t\t\t\t<\/div>\n\n\t\t\t\t<div class=\"post-meta post-meta-two\">\n\t\t\t\t\t\n        <div class=\"sh-columns post-meta-comments\">\n            <span class=\"post-meta-categories\">\n                <i class=\"icon-tag\"><\/i>\n                <a href=\"https:\/\/voice-interaction.com\/tmp-web\/pt\/category\/empresa-pt-pt\/noticias-empresa-pt\/\" rel=\"category tag\">Not\u00edcias Empresa<\/a>, <a href=\"https:\/\/voice-interaction.com\/tmp-web\/pt\/category\/empresa-pt-pt\/projetos\/\" rel=\"category tag\">Projetos<\/a>            <\/span>\n\n                            <div><\/div>\n                    <\/div>\n\n    \t\t\t\t<\/div>\n\t\t\t<\/div>\n\n\t\t<\/div>\n\t<\/article>\n\n\n\n\t<article id=\"post-176\" class=\"post-item post-176 post type-post status-publish format-standard has-post-thumbnail hentry category-ditado-pt\">\n\t\t<div class=\"post-container\">\n\t\t\t\n\t\t\t<div class=\"post-meta-thumb\">\n\t\t\t\t<img loading=\"lazy\" decoding=\"async\" width=\"560\" height=\"220\" src=\"https:\/\/voice-interaction.com\/tmp-web\/wp-content\/uploads\/2017\/07\/voiceinteraction-VoxControl-logo-01.png\" class=\"attachment-large size-large wp-post-image\" alt=\"\" srcset=\"https:\/\/voice-interaction.com\/tmp-web\/wp-content\/uploads\/2017\/07\/voiceinteraction-VoxControl-logo-01.png 560w, https:\/\/voice-interaction.com\/tmp-web\/wp-content\/uploads\/2017\/07\/voiceinteraction-VoxControl-logo-01-300x118.png 300w\" sizes=\"auto, (max-width: 560px) 100vw, 560px\" \/>\t\t\t\t\n        <div class=\"sh-overlay-style1\">\n            <div class=\"sh-table-full\">\n                                    <a href=\"https:\/\/voice-interaction.com\/tmp-web\/pt\/voxcontrol\/\" class=\"sh-overlay-item sh-table-cell\" title=\"Open the article - Ditado no VoxControl em avalia\u00e7\u00e3o\">\n                        <div class=\"sh-overlay-item-container\">\n                            <i class=\"icon-link\"><\/i>\n                        <\/div>\n                    <\/a>\n                \n                                    <a href=\"https:\/\/voice-interaction.com\/tmp-web\/wp-content\/uploads\/2017\/07\/voiceinteraction-VoxControl-logo-01.png\" class=\"sh-overlay-item sh-table-cell\" data-rel=\"lightcase\">\n                        <div class=\"sh-overlay-item-container\">\n                            <i class=\"icon-magnifier-add\"><\/i>\n                        <\/div>\n                    <\/a>\n                            <\/div>\n        <\/div>\n\n    \t\t\t<\/div>\n\n\t\t\t<div class=\"post-content-container\">\n\t\t\t\t<a href=\"https:\/\/voice-interaction.com\/tmp-web\/pt\/voxcontrol\/\" class=\"post-title\">\n\t\t\t\t\t<h2>\n\t\t\t\t\t\t\t\t\t\t\t\tDitado no VoxControl em avalia\u00e7\u00e3o\t\t\t\t\t<\/h2>\n\t\t\t\t<\/a>\n\n\t\t\t\t<div class=\"post-meta post-meta-one\">\n\t\t\t\t\t\n        <span class=\"post-meta-author\">\n            by            <a href=\"https:\/\/voice-interaction.com\/tmp-web\/pt\/author\/fpreto\/\" class=\"bypostauthor\" itemprop=\"url\" rel=\"author\">\n                FPreto            <\/a>\n        <\/span>\n\n                    <time class=\"updated semantic\" itemprop=\"dateModified\" datetime=\"2017-11-17T15:27:25+00:00\"><\/time>\n            <a href=\"https:\/\/voice-interaction.com\/tmp-web\/pt\/voxcontrol\/\" class=\"post-meta-date sh-default-color\">Fevereiro 11, 2009<\/a>\n        \n    \t\t\t\t<\/div>\n\n\t\t\t\t<div class=\"post-content\">\n\t\t\t\t\t<p>A VoiceInteraction lan\u00e7ou um programa de avalia\u00e7\u00e3o da sua vers\u00e3o de um sistema de ditado para&#8230;<\/p>\n\t\t\t\t<\/div>\n\n\t\t\t\t<div class=\"post-meta post-meta-two\">\n\t\t\t\t\t\n        <div class=\"sh-columns post-meta-comments\">\n            <span class=\"post-meta-categories\">\n                <i class=\"icon-tag\"><\/i>\n                <a href=\"https:\/\/voice-interaction.com\/tmp-web\/pt\/category\/solucoes-pt\/ditado-pt\/\" rel=\"category tag\">Ditado<\/a>            <\/span>\n\n                            <div><\/div>\n                    <\/div>\n\n    \t\t\t\t<\/div>\n\t\t\t<\/div>\n\n\t\t<\/div>\n\t<\/article>\n\n\n\n\t<article id=\"post-174\" class=\"post-item post-174 post type-post status-publish format-standard has-post-thumbnail hentry category-quiosques-interativos-pt\">\n\t\t<div class=\"post-container\">\n\t\t\t\n\t\t\t<div class=\"post-meta-thumb\">\n\t\t\t\t<img loading=\"lazy\" decoding=\"async\" width=\"400\" height=\"270\" src=\"https:\/\/voice-interaction.com\/tmp-web\/wp-content\/uploads\/2009\/02\/VI-news-DIXI.png\" class=\"attachment-large size-large wp-post-image\" alt=\"VoiceInteraction - news - DIXI Server\" srcset=\"https:\/\/voice-interaction.com\/tmp-web\/wp-content\/uploads\/2009\/02\/VI-news-DIXI.png 400w, https:\/\/voice-interaction.com\/tmp-web\/wp-content\/uploads\/2009\/02\/VI-news-DIXI-300x203.png 300w\" sizes=\"auto, (max-width: 400px) 100vw, 400px\" \/>\t\t\t\t\n        <div class=\"sh-overlay-style1\">\n            <div class=\"sh-table-full\">\n                                    <a href=\"https:\/\/voice-interaction.com\/tmp-web\/pt\/sapi-dixi\/\" class=\"sh-overlay-item sh-table-cell\" title=\"Open the article - Lan\u00e7amento da interface SAPI para o DIXI\">\n                        <div class=\"sh-overlay-item-container\">\n                            <i class=\"icon-link\"><\/i>\n                        <\/div>\n                    <\/a>\n                \n                                    <a href=\"https:\/\/voice-interaction.com\/tmp-web\/wp-content\/uploads\/2009\/02\/VI-news-DIXI.png\" class=\"sh-overlay-item sh-table-cell\" data-rel=\"lightcase\">\n                        <div class=\"sh-overlay-item-container\">\n                            <i class=\"icon-magnifier-add\"><\/i>\n                        <\/div>\n                    <\/a>\n                            <\/div>\n        <\/div>\n\n    \t\t\t<\/div>\n\n\t\t\t<div class=\"post-content-container\">\n\t\t\t\t<a href=\"https:\/\/voice-interaction.com\/tmp-web\/pt\/sapi-dixi\/\" class=\"post-title\">\n\t\t\t\t\t<h2>\n\t\t\t\t\t\t\t\t\t\t\t\tLan\u00e7amento da interface SAPI para o DIXI\t\t\t\t\t<\/h2>\n\t\t\t\t<\/a>\n\n\t\t\t\t<div class=\"post-meta post-meta-one\">\n\t\t\t\t\t\n        <span class=\"post-meta-author\">\n            by            <a href=\"https:\/\/voice-interaction.com\/tmp-web\/pt\/author\/fpreto\/\" class=\"bypostauthor\" itemprop=\"url\" rel=\"author\">\n                FPreto            <\/a>\n        <\/span>\n\n                    <time class=\"updated semantic\" itemprop=\"dateModified\" datetime=\"2018-01-03T15:09:47+00:00\"><\/time>\n            <a href=\"https:\/\/voice-interaction.com\/tmp-web\/pt\/sapi-dixi\/\" class=\"post-meta-date sh-default-color\">Fevereiro 10, 2009<\/a>\n        \n    \t\t\t\t<\/div>\n\n\t\t\t\t<div class=\"post-content\">\n\t\t\t\t\t<p>A VoiceInteraction passou a disponibilizar uma interface SAPI para o seu sistema de s\u00edntese de fala&#8230;<\/p>\n\t\t\t\t<\/div>\n\n\t\t\t\t<div class=\"post-meta post-meta-two\">\n\t\t\t\t\t\n        <div class=\"sh-columns post-meta-comments\">\n            <span class=\"post-meta-categories\">\n                <i class=\"icon-tag\"><\/i>\n                <a href=\"https:\/\/voice-interaction.com\/tmp-web\/pt\/category\/solucoes-pt\/quiosques-interativos-pt\/\" rel=\"category tag\">Quiosques Interativos<\/a>            <\/span>\n\n                            <div><\/div>\n                    <\/div>\n\n    \t\t\t\t<\/div>\n\t\t\t<\/div>\n\n\t\t<\/div>\n\t<\/article>\n\n\n\n\t<article id=\"post-173\" class=\"post-item post-173 post type-post status-publish format-standard has-post-thumbnail hentry category-noticias-empresa-pt\">\n\t\t<div class=\"post-container\">\n\t\t\t\n\t\t\t<div class=\"post-meta-thumb\">\n\t\t\t\t<img loading=\"lazy\" decoding=\"async\" width=\"275\" height=\"151\" src=\"https:\/\/voice-interaction.com\/tmp-web\/wp-content\/uploads\/2010\/06\/asterisk.png\" class=\"attachment-large size-large wp-post-image\" alt=\"\" \/>\t\t\t\t\n        <div class=\"sh-overlay-style1\">\n            <div class=\"sh-table-full\">\n                                    <a href=\"https:\/\/voice-interaction.com\/tmp-web\/pt\/audimus-dixi-asterisk\/\" class=\"sh-overlay-item sh-table-cell\" title=\"Open the article - Integra\u00e7\u00e3o do AUDIMUS e DIXI no Asterisk\">\n                        <div class=\"sh-overlay-item-container\">\n                            <i class=\"icon-link\"><\/i>\n                        <\/div>\n                    <\/a>\n                \n                                    <a href=\"https:\/\/voice-interaction.com\/tmp-web\/wp-content\/uploads\/2010\/06\/asterisk.png\" class=\"sh-overlay-item sh-table-cell\" data-rel=\"lightcase\">\n                        <div class=\"sh-overlay-item-container\">\n                            <i class=\"icon-magnifier-add\"><\/i>\n                        <\/div>\n                    <\/a>\n                            <\/div>\n        <\/div>\n\n    \t\t\t<\/div>\n\n\t\t\t<div class=\"post-content-container\">\n\t\t\t\t<a href=\"https:\/\/voice-interaction.com\/tmp-web\/pt\/audimus-dixi-asterisk\/\" class=\"post-title\">\n\t\t\t\t\t<h2>\n\t\t\t\t\t\t\t\t\t\t\t\tIntegra\u00e7\u00e3o do AUDIMUS e DIXI no Asterisk\t\t\t\t\t<\/h2>\n\t\t\t\t<\/a>\n\n\t\t\t\t<div class=\"post-meta post-meta-one\">\n\t\t\t\t\t\n        <span class=\"post-meta-author\">\n            by            <a href=\"https:\/\/voice-interaction.com\/tmp-web\/pt\/author\/fpreto\/\" class=\"bypostauthor\" itemprop=\"url\" rel=\"author\">\n                FPreto            <\/a>\n        <\/span>\n\n                    <time class=\"updated semantic\" itemprop=\"dateModified\" datetime=\"2017-11-17T15:24:55+00:00\"><\/time>\n            <a href=\"https:\/\/voice-interaction.com\/tmp-web\/pt\/audimus-dixi-asterisk\/\" class=\"post-meta-date sh-default-color\">Fevereiro 8, 2009<\/a>\n        \n    \t\t\t\t<\/div>\n\n\t\t\t\t<div class=\"post-content\">\n\t\t\t\t\t<p>Os sistemas de reconhecimento e s\u00edntese de fala (AUDIMUS e DIXI) da VoiceInteraction est\u00e3o agora directamente&#8230;<\/p>\n\t\t\t\t<\/div>\n\n\t\t\t\t<div class=\"post-meta post-meta-two\">\n\t\t\t\t\t\n        <div class=\"sh-columns post-meta-comments\">\n            <span class=\"post-meta-categories\">\n                <i class=\"icon-tag\"><\/i>\n                <a href=\"https:\/\/voice-interaction.com\/tmp-web\/pt\/category\/empresa-pt-pt\/noticias-empresa-pt\/\" rel=\"category tag\">Not\u00edcias Empresa<\/a>            <\/span>\n\n                            <div><\/div>\n                    <\/div>\n\n    \t\t\t\t<\/div>\n\t\t\t<\/div>\n\n\t\t<\/div>\n\t<\/article>\n\n\n\n\t<article id=\"post-160\" class=\"post-item post-160 post type-post status-publish format-standard has-post-thumbnail hentry category-legendagem-automatica category-media_pt tag-rtp\">\n\t\t<div class=\"post-container\">\n\t\t\t\n\t\t\t<div class=\"post-meta-thumb\">\n\t\t\t\t<img loading=\"lazy\" decoding=\"async\" width=\"261\" height=\"83\" src=\"https:\/\/voice-interaction.com\/tmp-web\/wp-content\/uploads\/2008\/11\/RTP2.jpg\" class=\"attachment-large size-large wp-post-image\" alt=\"\" \/>\t\t\t\t\n        <div class=\"sh-overlay-style1\">\n            <div class=\"sh-table-full\">\n                                    <a href=\"https:\/\/voice-interaction.com\/tmp-web\/pt\/sistema-de-legendagem-automatica-no-jornal-2\/\" class=\"sh-overlay-item sh-table-cell\" title=\"Open the article - Sistema de Legendagem Autom\u00e1tica no Jornal 2\">\n                        <div class=\"sh-overlay-item-container\">\n                            <i class=\"icon-link\"><\/i>\n                        <\/div>\n                    <\/a>\n                \n                                    <a href=\"https:\/\/voice-interaction.com\/tmp-web\/wp-content\/uploads\/2008\/11\/RTP2.jpg\" class=\"sh-overlay-item sh-table-cell\" data-rel=\"lightcase\">\n                        <div class=\"sh-overlay-item-container\">\n                            <i class=\"icon-magnifier-add\"><\/i>\n                        <\/div>\n                    <\/a>\n                            <\/div>\n        <\/div>\n\n    \t\t\t<\/div>\n\n\t\t\t<div class=\"post-content-container\">\n\t\t\t\t<a href=\"https:\/\/voice-interaction.com\/tmp-web\/pt\/sistema-de-legendagem-automatica-no-jornal-2\/\" class=\"post-title\">\n\t\t\t\t\t<h2>\n\t\t\t\t\t\t\t\t\t\t\t\tSistema de Legendagem Autom\u00e1tica no Jornal 2\t\t\t\t\t<\/h2>\n\t\t\t\t<\/a>\n\n\t\t\t\t<div class=\"post-meta post-meta-one\">\n\t\t\t\t\t\n        <span class=\"post-meta-author\">\n            by            <a href=\"https:\/\/voice-interaction.com\/tmp-web\/pt\/author\/fpreto\/\" class=\"bypostauthor\" itemprop=\"url\" rel=\"author\">\n                FPreto            <\/a>\n        <\/span>\n\n                    <time class=\"updated semantic\" itemprop=\"dateModified\" datetime=\"2017-11-17T12:14:38+00:00\"><\/time>\n            <a href=\"https:\/\/voice-interaction.com\/tmp-web\/pt\/sistema-de-legendagem-automatica-no-jornal-2\/\" class=\"post-meta-date sh-default-color\">Novembro 25, 2008<\/a>\n        \n    \t\t\t\t<\/div>\n\n\t\t\t\t<div class=\"post-content\">\n\t\t\t\t\t<p>O Sistema de Legendagem Autom\u00e1tica est\u00e1 acess\u00edvel para o Jornal 2, desde o dia 20 de&#8230;<\/p>\n\t\t\t\t<\/div>\n\n\t\t\t\t<div class=\"post-meta post-meta-two\">\n\t\t\t\t\t\n        <div class=\"sh-columns post-meta-comments\">\n            <span class=\"post-meta-categories\">\n                <i class=\"icon-tag\"><\/i>\n                <a href=\"https:\/\/voice-interaction.com\/tmp-web\/pt\/category\/solucoes-pt\/legendagem-automatica\/\" rel=\"category tag\">Legendagem Autom\u00e1tica<\/a>, <a href=\"https:\/\/voice-interaction.com\/tmp-web\/pt\/category\/industrias-pt\/media_pt\/\" rel=\"category tag\">Televis\u00e3o &amp; Media<\/a>            <\/span>\n\n                            <div><\/div>\n                    <\/div>\n\n    \t\t\t\t<\/div>\n\t\t\t<\/div>\n\n\t\t<\/div>\n\t<\/article>\n\n\n\n\t<article id=\"post-156\" class=\"post-item post-156 post type-post status-publish format-standard has-post-thumbnail hentry category-legendagem-automatica category-media_pt tag-rtp\">\n\t\t<div class=\"post-container\">\n\t\t\t\n\t\t\t<div class=\"post-meta-thumb\">\n\t\t\t\t<img loading=\"lazy\" decoding=\"async\" width=\"1024\" height=\"529\" src=\"https:\/\/voice-interaction.com\/tmp-web\/wp-content\/uploads\/2008\/11\/2000px-Logo_RTVE.svg_-1024x529.png\" class=\"attachment-large size-large wp-post-image\" alt=\"\" srcset=\"https:\/\/voice-interaction.com\/tmp-web\/wp-content\/uploads\/2008\/11\/2000px-Logo_RTVE.svg_-1024x529.png 1024w, https:\/\/voice-interaction.com\/tmp-web\/wp-content\/uploads\/2008\/11\/2000px-Logo_RTVE.svg_-300x155.png 300w, https:\/\/voice-interaction.com\/tmp-web\/wp-content\/uploads\/2008\/11\/2000px-Logo_RTVE.svg_-768x397.png 768w, https:\/\/voice-interaction.com\/tmp-web\/wp-content\/uploads\/2008\/11\/2000px-Logo_RTVE.svg_-e1510858182781.png 260w\" sizes=\"auto, (max-width: 1024px) 100vw, 1024px\" \/>\t\t\t\t\n        <div class=\"sh-overlay-style1\">\n            <div class=\"sh-table-full\">\n                                    <a href=\"https:\/\/voice-interaction.com\/tmp-web\/pt\/voiceinteraction-inicia-contactos-com-a-tve\/\" class=\"sh-overlay-item sh-table-cell\" title=\"Open the article - Sistema de Legendagem da VoiceInteraction apresentado na RTVE\">\n                        <div class=\"sh-overlay-item-container\">\n                            <i class=\"icon-link\"><\/i>\n                        <\/div>\n                    <\/a>\n                \n                                    <a href=\"https:\/\/voice-interaction.com\/tmp-web\/wp-content\/uploads\/2008\/11\/2000px-Logo_RTVE.svg_-1024x529.png\" class=\"sh-overlay-item sh-table-cell\" data-rel=\"lightcase\">\n                        <div class=\"sh-overlay-item-container\">\n                            <i class=\"icon-magnifier-add\"><\/i>\n                        <\/div>\n                    <\/a>\n                            <\/div>\n        <\/div>\n\n    \t\t\t<\/div>\n\n\t\t\t<div class=\"post-content-container\">\n\t\t\t\t<a href=\"https:\/\/voice-interaction.com\/tmp-web\/pt\/voiceinteraction-inicia-contactos-com-a-tve\/\" class=\"post-title\">\n\t\t\t\t\t<h2>\n\t\t\t\t\t\t\t\t\t\t\t\tSistema de Legendagem da VoiceInteraction apresentado na RTVE\t\t\t\t\t<\/h2>\n\t\t\t\t<\/a>\n\n\t\t\t\t<div class=\"post-meta post-meta-one\">\n\t\t\t\t\t\n        <span class=\"post-meta-author\">\n            by            <a href=\"https:\/\/voice-interaction.com\/tmp-web\/pt\/author\/fpreto\/\" class=\"bypostauthor\" itemprop=\"url\" rel=\"author\">\n                FPreto            <\/a>\n        <\/span>\n\n                    <time class=\"updated semantic\" itemprop=\"dateModified\" datetime=\"2017-11-17T12:48:43+00:00\"><\/time>\n            <a href=\"https:\/\/voice-interaction.com\/tmp-web\/pt\/voiceinteraction-inicia-contactos-com-a-tve\/\" class=\"post-meta-date sh-default-color\">Novembro 15, 2008<\/a>\n        \n    \t\t\t\t<\/div>\n\n\t\t\t\t<div class=\"post-content\">\n\t\t\t\t\t<p>A VoiceInteraction apresentou em Madrid, na RTVE, o seu sistema de legendagem para Espanhol. A VoiceInteraction&#8230;<\/p>\n\t\t\t\t<\/div>\n\n\t\t\t\t<div class=\"post-meta post-meta-two\">\n\t\t\t\t\t\n        <div class=\"sh-columns post-meta-comments\">\n            <span class=\"post-meta-categories\">\n                <i class=\"icon-tag\"><\/i>\n                <a href=\"https:\/\/voice-interaction.com\/tmp-web\/pt\/category\/solucoes-pt\/legendagem-automatica\/\" rel=\"category tag\">Legendagem Autom\u00e1tica<\/a>, <a href=\"https:\/\/voice-interaction.com\/tmp-web\/pt\/category\/industrias-pt\/media_pt\/\" rel=\"category tag\">Televis\u00e3o &amp; Media<\/a>            <\/span>\n\n                            <div><\/div>\n                    <\/div>\n\n    \t\t\t\t<\/div>\n\t\t\t<\/div>\n\n\t\t<\/div>\n\t<\/article>\n\n\n\n\t<article id=\"post-154\" class=\"post-item post-154 post type-post status-publish format-standard has-post-thumbnail hentry category-eventos-pt category-quiosques-interativos-pt\">\n\t\t<div class=\"post-container\">\n\t\t\t\n\t\t\t<div class=\"post-meta-thumb\">\n\t\t\t\t<img loading=\"lazy\" decoding=\"async\" width=\"1024\" height=\"575\" src=\"https:\/\/voice-interaction.com\/tmp-web\/wp-content\/uploads\/2008\/11\/pt-logo-1024x575-1024x575.jpg\" class=\"attachment-large size-large wp-post-image\" alt=\"\" srcset=\"https:\/\/voice-interaction.com\/tmp-web\/wp-content\/uploads\/2008\/11\/pt-logo-1024x575-1024x575.jpg 1024w, https:\/\/voice-interaction.com\/tmp-web\/wp-content\/uploads\/2008\/11\/pt-logo-1024x575-300x168.jpg 300w, https:\/\/voice-interaction.com\/tmp-web\/wp-content\/uploads\/2008\/11\/pt-logo-1024x575-768x431.jpg 768w, https:\/\/voice-interaction.com\/tmp-web\/wp-content\/uploads\/2008\/11\/pt-logo-1024x575-e1510857973200.jpg 260w\" sizes=\"auto, (max-width: 1024px) 100vw, 1024px\" \/>\t\t\t\t\n        <div class=\"sh-overlay-style1\">\n            <div class=\"sh-table-full\">\n                                    <a href=\"https:\/\/voice-interaction.com\/tmp-web\/pt\/innovation-day-pt\/\" class=\"sh-overlay-item sh-table-cell\" title=\"Open the article - Participa\u00e7\u00e3o da VoiceInteraction no Innovation Day da PT\">\n                        <div class=\"sh-overlay-item-container\">\n                            <i class=\"icon-link\"><\/i>\n                        <\/div>\n                    <\/a>\n                \n                                    <a href=\"https:\/\/voice-interaction.com\/tmp-web\/wp-content\/uploads\/2008\/11\/pt-logo-1024x575-1024x575.jpg\" class=\"sh-overlay-item sh-table-cell\" data-rel=\"lightcase\">\n                        <div class=\"sh-overlay-item-container\">\n                            <i class=\"icon-magnifier-add\"><\/i>\n                        <\/div>\n                    <\/a>\n                            <\/div>\n        <\/div>\n\n    \t\t\t<\/div>\n\n\t\t\t<div class=\"post-content-container\">\n\t\t\t\t<a href=\"https:\/\/voice-interaction.com\/tmp-web\/pt\/innovation-day-pt\/\" class=\"post-title\">\n\t\t\t\t\t<h2>\n\t\t\t\t\t\t\t\t\t\t\t\tParticipa\u00e7\u00e3o da VoiceInteraction no Innovation Day da PT\t\t\t\t\t<\/h2>\n\t\t\t\t<\/a>\n\n\t\t\t\t<div class=\"post-meta post-meta-one\">\n\t\t\t\t\t\n        <span class=\"post-meta-author\">\n            by            <a href=\"https:\/\/voice-interaction.com\/tmp-web\/pt\/author\/fpreto\/\" class=\"bypostauthor\" itemprop=\"url\" rel=\"author\">\n                FPreto            <\/a>\n        <\/span>\n\n                    <time class=\"updated semantic\" itemprop=\"dateModified\" datetime=\"2017-11-17T12:16:44+00:00\"><\/time>\n            <a href=\"https:\/\/voice-interaction.com\/tmp-web\/pt\/innovation-day-pt\/\" class=\"post-meta-date sh-default-color\">Novembro 15, 2008<\/a>\n        \n    \t\t\t\t<\/div>\n\n\t\t\t\t<div class=\"post-content\">\n\t\t\t\t\t<p>A VoiceInteraction, numa parceria com a Mobbit, participou no Innovation Day promovido pela PT. Decorreu no&#8230;<\/p>\n\t\t\t\t<\/div>\n\n\t\t\t\t<div class=\"post-meta post-meta-two\">\n\t\t\t\t\t\n        <div class=\"sh-columns post-meta-comments\">\n            <span class=\"post-meta-categories\">\n                <i class=\"icon-tag\"><\/i>\n                <a href=\"https:\/\/voice-interaction.com\/tmp-web\/pt\/category\/empresa-pt-pt\/eventos-pt\/\" rel=\"category tag\">Eventos<\/a>, <a href=\"https:\/\/voice-interaction.com\/tmp-web\/pt\/category\/solucoes-pt\/quiosques-interativos-pt\/\" rel=\"category tag\">Quiosques Interativos<\/a>            <\/span>\n\n                            <div><\/div>\n                    <\/div>\n\n    \t\t\t\t<\/div>\n\t\t\t<\/div>\n\n\t\t<\/div>\n\t<\/article>\n\n\n\n\t<article id=\"post-150\" class=\"post-item post-150 post type-post status-publish format-standard has-post-thumbnail hentry category-legendagem-automatica category-media_pt tag-rtp\">\n\t\t<div class=\"post-container\">\n\t\t\t\n\t\t\t<div class=\"post-meta-thumb\">\n\t\t\t\t<img loading=\"lazy\" decoding=\"async\" width=\"170\" height=\"145\" src=\"https:\/\/voice-interaction.com\/tmp-web\/wp-content\/uploads\/2017\/04\/RTP-logo.jpeg\" class=\"attachment-large size-large wp-post-image\" alt=\"\" \/>\t\t\t\t\n        <div class=\"sh-overlay-style1\">\n            <div class=\"sh-table-full\">\n                                    <a href=\"https:\/\/voice-interaction.com\/tmp-web\/pt\/sistema-segmentacao-rtp\/\" class=\"sh-overlay-item sh-table-cell\" title=\"Open the article - Sistema da VoiceInteraction no s\u00edtio da RTP\">\n                        <div class=\"sh-overlay-item-container\">\n                            <i class=\"icon-link\"><\/i>\n                        <\/div>\n                    <\/a>\n                \n                                    <a href=\"https:\/\/voice-interaction.com\/tmp-web\/wp-content\/uploads\/2017\/04\/RTP-logo.jpeg\" class=\"sh-overlay-item sh-table-cell\" data-rel=\"lightcase\">\n                        <div class=\"sh-overlay-item-container\">\n                            <i class=\"icon-magnifier-add\"><\/i>\n                        <\/div>\n                    <\/a>\n                            <\/div>\n        <\/div>\n\n    \t\t\t<\/div>\n\n\t\t\t<div class=\"post-content-container\">\n\t\t\t\t<a href=\"https:\/\/voice-interaction.com\/tmp-web\/pt\/sistema-segmentacao-rtp\/\" class=\"post-title\">\n\t\t\t\t\t<h2>\n\t\t\t\t\t\t\t\t\t\t\t\tSistema da VoiceInteraction no s\u00edtio da RTP\t\t\t\t\t<\/h2>\n\t\t\t\t<\/a>\n\n\t\t\t\t<div class=\"post-meta post-meta-one\">\n\t\t\t\t\t\n        <span class=\"post-meta-author\">\n            by            <a href=\"https:\/\/voice-interaction.com\/tmp-web\/pt\/author\/fpreto\/\" class=\"bypostauthor\" itemprop=\"url\" rel=\"author\">\n                FPreto            <\/a>\n        <\/span>\n\n                    <time class=\"updated semantic\" itemprop=\"dateModified\" datetime=\"2017-11-17T12:15:45+00:00\"><\/time>\n            <a href=\"https:\/\/voice-interaction.com\/tmp-web\/pt\/sistema-segmentacao-rtp\/\" class=\"post-meta-date sh-default-color\">Outubro 11, 2008<\/a>\n        \n    \t\t\t\t<\/div>\n\n\t\t\t\t<div class=\"post-content\">\n\t\t\t\t\t<p>A RTP passou a disponibilizar no seu s\u00edtio, na \u00e1rea das Acessibilidades, o sistema da VoiceInteraction&#8230;<\/p>\n\t\t\t\t<\/div>\n\n\t\t\t\t<div class=\"post-meta post-meta-two\">\n\t\t\t\t\t\n        <div class=\"sh-columns post-meta-comments\">\n            <span class=\"post-meta-categories\">\n                <i class=\"icon-tag\"><\/i>\n                <a href=\"https:\/\/voice-interaction.com\/tmp-web\/pt\/category\/solucoes-pt\/legendagem-automatica\/\" rel=\"category tag\">Legendagem Autom\u00e1tica<\/a>, <a href=\"https:\/\/voice-interaction.com\/tmp-web\/pt\/category\/industrias-pt\/media_pt\/\" rel=\"category tag\">Televis\u00e3o &amp; Media<\/a>            <\/span>\n\n                            <div><\/div>\n                    <\/div>\n\n    \t\t\t\t<\/div>\n\t\t\t<\/div>\n\n\t\t<\/div>\n\t<\/article>\n\n\n\n\t<article id=\"post-130\" class=\"post-item post-130 post type-post status-publish format-standard has-post-thumbnail hentry category-eventos-pt category-projetos\">\n\t\t<div class=\"post-container\">\n\t\t\t\n\t\t\t<div class=\"post-meta-thumb\">\n\t\t\t\t<img loading=\"lazy\" decoding=\"async\" width=\"150\" height=\"88\" src=\"https:\/\/voice-interaction.com\/tmp-web\/wp-content\/uploads\/2008\/06\/is2008logo.png\" class=\"attachment-large size-large wp-post-image\" alt=\"\" \/>\t\t\t\t\n        <div class=\"sh-overlay-style1\">\n            <div class=\"sh-table-full\">\n                                    <a href=\"https:\/\/voice-interaction.com\/tmp-web\/pt\/voiceinteraction-participa-na-interspeech2008-2\/\" class=\"sh-overlay-item sh-table-cell\" title=\"Open the article - VoiceInteraction participa na INTERSPEECH2008\">\n                        <div class=\"sh-overlay-item-container\">\n                            <i class=\"icon-link\"><\/i>\n                        <\/div>\n                    <\/a>\n                \n                                    <a href=\"https:\/\/voice-interaction.com\/tmp-web\/wp-content\/uploads\/2008\/06\/is2008logo.png\" class=\"sh-overlay-item sh-table-cell\" data-rel=\"lightcase\">\n                        <div class=\"sh-overlay-item-container\">\n                            <i class=\"icon-magnifier-add\"><\/i>\n                        <\/div>\n                    <\/a>\n                            <\/div>\n        <\/div>\n\n    \t\t\t<\/div>\n\n\t\t\t<div class=\"post-content-container\">\n\t\t\t\t<a href=\"https:\/\/voice-interaction.com\/tmp-web\/pt\/voiceinteraction-participa-na-interspeech2008-2\/\" class=\"post-title\">\n\t\t\t\t\t<h2>\n\t\t\t\t\t\t\t\t\t\t\t\tVoiceInteraction participa na INTERSPEECH2008\t\t\t\t\t<\/h2>\n\t\t\t\t<\/a>\n\n\t\t\t\t<div class=\"post-meta post-meta-one\">\n\t\t\t\t\t\n        <span class=\"post-meta-author\">\n            by            <a href=\"https:\/\/voice-interaction.com\/tmp-web\/pt\/author\/fpreto\/\" class=\"bypostauthor\" itemprop=\"url\" rel=\"author\">\n                FPreto            <\/a>\n        <\/span>\n\n                    <time class=\"updated semantic\" itemprop=\"dateModified\" datetime=\"2017-11-17T15:24:23+00:00\"><\/time>\n            <a href=\"https:\/\/voice-interaction.com\/tmp-web\/pt\/voiceinteraction-participa-na-interspeech2008-2\/\" class=\"post-meta-date sh-default-color\">Outubro 1, 2008<\/a>\n        \n    \t\t\t\t<\/div>\n\n\t\t\t\t<div class=\"post-content\">\n\t\t\t\t\t<p>Decorreu entre 22 e 26 de Setembro a edi\u00e7\u00e3o de 2008 da INTERSPEECH em Brisbane, Austr\u00e1lia&#8230;.<\/p>\n\t\t\t\t<\/div>\n\n\t\t\t\t<div class=\"post-meta post-meta-two\">\n\t\t\t\t\t\n        <div class=\"sh-columns post-meta-comments\">\n            <span class=\"post-meta-categories\">\n                <i class=\"icon-tag\"><\/i>\n                <a href=\"https:\/\/voice-interaction.com\/tmp-web\/pt\/category\/empresa-pt-pt\/eventos-pt\/\" rel=\"category tag\">Eventos<\/a>, <a href=\"https:\/\/voice-interaction.com\/tmp-web\/pt\/category\/empresa-pt-pt\/projetos\/\" rel=\"category tag\">Projetos<\/a>            <\/span>\n\n                            <div><\/div>\n                    <\/div>\n\n    \t\t\t\t<\/div>\n\t\t\t<\/div>\n\n\t\t<\/div>\n\t<\/article>\n\n\n\n\t<article id=\"post-129\" class=\"post-item post-129 post type-post status-publish format-standard has-post-thumbnail hentry category-eventos-pt category-projetos\">\n\t\t<div class=\"post-container\">\n\t\t\t\n\t\t\t<div class=\"post-meta-thumb\">\n\t\t\t\t<img loading=\"lazy\" decoding=\"async\" width=\"260\" height=\"53\" src=\"https:\/\/voice-interaction.com\/tmp-web\/wp-content\/uploads\/2008\/10\/logo-e1510857627533.png\" class=\"attachment-large size-large wp-post-image\" alt=\"\" \/>\t\t\t\t\n        <div class=\"sh-overlay-style1\">\n            <div class=\"sh-table-full\">\n                                    <a href=\"https:\/\/voice-interaction.com\/tmp-web\/pt\/sessao-de-divulgacao-de-resultados-do-tecnovoz\/\" class=\"sh-overlay-item sh-table-cell\" title=\"Open the article - VoiceInteraction apresentada no CCB\">\n                        <div class=\"sh-overlay-item-container\">\n                            <i class=\"icon-link\"><\/i>\n                        <\/div>\n                    <\/a>\n                \n                                    <a href=\"https:\/\/voice-interaction.com\/tmp-web\/wp-content\/uploads\/2008\/10\/logo-e1510857627533.png\" class=\"sh-overlay-item sh-table-cell\" data-rel=\"lightcase\">\n                        <div class=\"sh-overlay-item-container\">\n                            <i class=\"icon-magnifier-add\"><\/i>\n                        <\/div>\n                    <\/a>\n                            <\/div>\n        <\/div>\n\n    \t\t\t<\/div>\n\n\t\t\t<div class=\"post-content-container\">\n\t\t\t\t<a href=\"https:\/\/voice-interaction.com\/tmp-web\/pt\/sessao-de-divulgacao-de-resultados-do-tecnovoz\/\" class=\"post-title\">\n\t\t\t\t\t<h2>\n\t\t\t\t\t\t\t\t\t\t\t\tVoiceInteraction apresentada no CCB\t\t\t\t\t<\/h2>\n\t\t\t\t<\/a>\n\n\t\t\t\t<div class=\"post-meta post-meta-one\">\n\t\t\t\t\t\n        <span class=\"post-meta-author\">\n            by            <a href=\"https:\/\/voice-interaction.com\/tmp-web\/pt\/author\/fpreto\/\" class=\"bypostauthor\" itemprop=\"url\" rel=\"author\">\n                FPreto            <\/a>\n        <\/span>\n\n                    <time class=\"updated semantic\" itemprop=\"dateModified\" datetime=\"2017-11-16T18:40:55+00:00\"><\/time>\n            <a href=\"https:\/\/voice-interaction.com\/tmp-web\/pt\/sessao-de-divulgacao-de-resultados-do-tecnovoz\/\" class=\"post-meta-date sh-default-color\">Outubro 1, 2008<\/a>\n        \n    \t\t\t\t<\/div>\n\n\t\t\t\t<div class=\"post-content\">\n\t\t\t\t\t<p>No passado dia 24 de Setembro, a VoiceInteraction apresentou-se ao p\u00fablico em geral com a sua&#8230;<\/p>\n\t\t\t\t<\/div>\n\n\t\t\t\t<div class=\"post-meta post-meta-two\">\n\t\t\t\t\t\n        <div class=\"sh-columns post-meta-comments\">\n            <span class=\"post-meta-categories\">\n                <i class=\"icon-tag\"><\/i>\n                <a href=\"https:\/\/voice-interaction.com\/tmp-web\/pt\/category\/empresa-pt-pt\/eventos-pt\/\" rel=\"category tag\">Eventos<\/a>, <a href=\"https:\/\/voice-interaction.com\/tmp-web\/pt\/category\/empresa-pt-pt\/projetos\/\" rel=\"category tag\">Projetos<\/a>            <\/span>\n\n                            <div><\/div>\n                    <\/div>\n\n    \t\t\t\t<\/div>\n\t\t\t<\/div>\n\n\t\t<\/div>\n\t<\/article>\n\n\n\n\t<article id=\"post-124\" class=\"post-item post-124 post type-post status-publish format-standard has-post-thumbnail hentry category-eventos-pt category-projetos\">\n\t\t<div class=\"post-container\">\n\t\t\t\n\t\t\t<div class=\"post-meta-thumb\">\n\t\t\t\t<img loading=\"lazy\" decoding=\"async\" width=\"400\" height=\"164\" src=\"https:\/\/voice-interaction.com\/tmp-web\/wp-content\/uploads\/2017\/04\/logo-TECNOVOZ.png\" class=\"attachment-large size-large wp-post-image\" alt=\"TECNOVOZ logo\" srcset=\"https:\/\/voice-interaction.com\/tmp-web\/wp-content\/uploads\/2017\/04\/logo-TECNOVOZ.png 400w, https:\/\/voice-interaction.com\/tmp-web\/wp-content\/uploads\/2017\/04\/logo-TECNOVOZ-300x123.png 300w\" sizes=\"auto, (max-width: 400px) 100vw, 400px\" \/>\t\t\t\t\n        <div class=\"sh-overlay-style1\">\n            <div class=\"sh-table-full\">\n                                    <a href=\"https:\/\/voice-interaction.com\/tmp-web\/pt\/sessao-tecnovoz\/\" class=\"sh-overlay-item sh-table-cell\" title=\"Open the article - Sess\u00e3o de Divulga\u00e7\u00e3o de Resultados do TECNOVOZ\">\n                        <div class=\"sh-overlay-item-container\">\n                            <i class=\"icon-link\"><\/i>\n                        <\/div>\n                    <\/a>\n                \n                                    <a href=\"https:\/\/voice-interaction.com\/tmp-web\/wp-content\/uploads\/2017\/04\/logo-TECNOVOZ.png\" class=\"sh-overlay-item sh-table-cell\" data-rel=\"lightcase\">\n                        <div class=\"sh-overlay-item-container\">\n                            <i class=\"icon-magnifier-add\"><\/i>\n                        <\/div>\n                    <\/a>\n                            <\/div>\n        <\/div>\n\n    \t\t\t<\/div>\n\n\t\t\t<div class=\"post-content-container\">\n\t\t\t\t<a href=\"https:\/\/voice-interaction.com\/tmp-web\/pt\/sessao-tecnovoz\/\" class=\"post-title\">\n\t\t\t\t\t<h2>\n\t\t\t\t\t\t\t\t\t\t\t\tSess\u00e3o de Divulga\u00e7\u00e3o de Resultados do TECNOVOZ\t\t\t\t\t<\/h2>\n\t\t\t\t<\/a>\n\n\t\t\t\t<div class=\"post-meta post-meta-one\">\n\t\t\t\t\t\n        <span class=\"post-meta-author\">\n            by            <a href=\"https:\/\/voice-interaction.com\/tmp-web\/pt\/author\/fpreto\/\" class=\"bypostauthor\" itemprop=\"url\" rel=\"author\">\n                FPreto            <\/a>\n        <\/span>\n\n                    <time class=\"updated semantic\" itemprop=\"dateModified\" datetime=\"2017-11-17T15:23:54+00:00\"><\/time>\n            <a href=\"https:\/\/voice-interaction.com\/tmp-web\/pt\/sessao-tecnovoz\/\" class=\"post-meta-date sh-default-color\">Setembro 16, 2008<\/a>\n        \n    \t\t\t\t<\/div>\n\n\t\t\t\t<div class=\"post-content\">\n\t\t\t\t\t<p>No passado dia 24 de Setembro, a VoiceInteraction participou nesta sess\u00e3o promovida pelo TECNOVOZ, que teve&#8230;<\/p>\n\t\t\t\t<\/div>\n\n\t\t\t\t<div class=\"post-meta post-meta-two\">\n\t\t\t\t\t\n        <div class=\"sh-columns post-meta-comments\">\n            <span class=\"post-meta-categories\">\n                <i class=\"icon-tag\"><\/i>\n                <a href=\"https:\/\/voice-interaction.com\/tmp-web\/pt\/category\/empresa-pt-pt\/eventos-pt\/\" rel=\"category tag\">Eventos<\/a>, <a href=\"https:\/\/voice-interaction.com\/tmp-web\/pt\/category\/empresa-pt-pt\/projetos\/\" rel=\"category tag\">Projetos<\/a>            <\/span>\n\n                            <div><\/div>\n                    <\/div>\n\n    \t\t\t\t<\/div>\n\t\t\t<\/div>\n\n\t\t<\/div>\n\t<\/article>\n\n\n\n\t<article id=\"post-122\" class=\"post-item post-122 post type-post status-publish format-standard has-post-thumbnail hentry category-eventos-pt category-projetos\">\n\t\t<div class=\"post-container\">\n\t\t\t\n\t\t\t<div class=\"post-meta-thumb\">\n\t\t\t\t<img loading=\"lazy\" decoding=\"async\" width=\"276\" height=\"120\" src=\"https:\/\/voice-interaction.com\/tmp-web\/wp-content\/uploads\/2008\/06\/propor2008.jpg\" class=\"attachment-large size-large wp-post-image\" alt=\"\" \/>\t\t\t\t\n        <div class=\"sh-overlay-style1\">\n            <div class=\"sh-table-full\">\n                                    <a href=\"https:\/\/voice-interaction.com\/tmp-web\/pt\/voiceinteraction-participa-no-propor2008\/\" class=\"sh-overlay-item sh-table-cell\" title=\"Open the article - VoiceInteraction demonstra produtos no PROPOR2008\">\n                        <div class=\"sh-overlay-item-container\">\n                            <i class=\"icon-link\"><\/i>\n                        <\/div>\n                    <\/a>\n                \n                                    <a href=\"https:\/\/voice-interaction.com\/tmp-web\/wp-content\/uploads\/2008\/06\/propor2008.jpg\" class=\"sh-overlay-item sh-table-cell\" data-rel=\"lightcase\">\n                        <div class=\"sh-overlay-item-container\">\n                            <i class=\"icon-magnifier-add\"><\/i>\n                        <\/div>\n                    <\/a>\n                            <\/div>\n        <\/div>\n\n    \t\t\t<\/div>\n\n\t\t\t<div class=\"post-content-container\">\n\t\t\t\t<a href=\"https:\/\/voice-interaction.com\/tmp-web\/pt\/voiceinteraction-participa-no-propor2008\/\" class=\"post-title\">\n\t\t\t\t\t<h2>\n\t\t\t\t\t\t\t\t\t\t\t\tVoiceInteraction demonstra produtos no PROPOR2008\t\t\t\t\t<\/h2>\n\t\t\t\t<\/a>\n\n\t\t\t\t<div class=\"post-meta post-meta-one\">\n\t\t\t\t\t\n        <span class=\"post-meta-author\">\n            by            <a href=\"https:\/\/voice-interaction.com\/tmp-web\/pt\/author\/fpreto\/\" class=\"bypostauthor\" itemprop=\"url\" rel=\"author\">\n                FPreto            <\/a>\n        <\/span>\n\n                    <time class=\"updated semantic\" itemprop=\"dateModified\" datetime=\"2017-11-17T15:22:00+00:00\"><\/time>\n            <a href=\"https:\/\/voice-interaction.com\/tmp-web\/pt\/voiceinteraction-participa-no-propor2008\/\" class=\"post-meta-date sh-default-color\">Setembro 11, 2008<\/a>\n        \n    \t\t\t\t<\/div>\n\n\t\t\t\t<div class=\"post-content\">\n\t\t\t\t\t<p>Decorreu na Curia, entre 8 e 10 de Setembro, a Confer\u00eancia Internacional sobre o Processamento Computacional&#8230;<\/p>\n\t\t\t\t<\/div>\n\n\t\t\t\t<div class=\"post-meta post-meta-two\">\n\t\t\t\t\t\n        <div class=\"sh-columns post-meta-comments\">\n            <span class=\"post-meta-categories\">\n                <i class=\"icon-tag\"><\/i>\n                <a href=\"https:\/\/voice-interaction.com\/tmp-web\/pt\/category\/empresa-pt-pt\/eventos-pt\/\" rel=\"category tag\">Eventos<\/a>, <a href=\"https:\/\/voice-interaction.com\/tmp-web\/pt\/category\/empresa-pt-pt\/projetos\/\" rel=\"category tag\">Projetos<\/a>            <\/span>\n\n                            <div><\/div>\n                    <\/div>\n\n    \t\t\t\t<\/div>\n\t\t\t<\/div>\n\n\t\t<\/div>\n\t<\/article>\n\n\n\n\t<article id=\"post-116\" class=\"post-item post-116 post type-post status-publish format-standard has-post-thumbnail hentry category-eventos-pt\">\n\t\t<div class=\"post-container\">\n\t\t\t\n\t\t\t<div class=\"post-meta-thumb\">\n\t\t\t\t<img loading=\"lazy\" decoding=\"async\" width=\"197\" height=\"60\" src=\"https:\/\/voice-interaction.com\/tmp-web\/wp-content\/uploads\/2008\/08\/speechtek08.gif\" class=\"attachment-large size-large wp-post-image\" alt=\"\" \/>\t\t\t\t\n        <div class=\"sh-overlay-style1\">\n            <div class=\"sh-table-full\">\n                                    <a href=\"https:\/\/voice-interaction.com\/tmp-web\/pt\/voiceinteraction-participa-na-speechtek2008\/\" class=\"sh-overlay-item sh-table-cell\" title=\"Open the article - Sucesso na participa\u00e7\u00e3o da VoiceInteraction na SpeechTEK2008\">\n                        <div class=\"sh-overlay-item-container\">\n                            <i class=\"icon-link\"><\/i>\n                        <\/div>\n                    <\/a>\n                \n                                    <a href=\"https:\/\/voice-interaction.com\/tmp-web\/wp-content\/uploads\/2008\/08\/speechtek08.gif\" class=\"sh-overlay-item sh-table-cell\" data-rel=\"lightcase\">\n                        <div class=\"sh-overlay-item-container\">\n                            <i class=\"icon-magnifier-add\"><\/i>\n                        <\/div>\n                    <\/a>\n                            <\/div>\n        <\/div>\n\n    \t\t\t<\/div>\n\n\t\t\t<div class=\"post-content-container\">\n\t\t\t\t<a href=\"https:\/\/voice-interaction.com\/tmp-web\/pt\/voiceinteraction-participa-na-speechtek2008\/\" class=\"post-title\">\n\t\t\t\t\t<h2>\n\t\t\t\t\t\t\t\t\t\t\t\tSucesso na participa\u00e7\u00e3o da VoiceInteraction na SpeechTEK2008\t\t\t\t\t<\/h2>\n\t\t\t\t<\/a>\n\n\t\t\t\t<div class=\"post-meta post-meta-one\">\n\t\t\t\t\t\n        <span class=\"post-meta-author\">\n            by            <a href=\"https:\/\/voice-interaction.com\/tmp-web\/pt\/author\/fpreto\/\" class=\"bypostauthor\" itemprop=\"url\" rel=\"author\">\n                FPreto            <\/a>\n        <\/span>\n\n                    <time class=\"updated semantic\" itemprop=\"dateModified\" datetime=\"2017-11-16T18:38:28+00:00\"><\/time>\n            <a href=\"https:\/\/voice-interaction.com\/tmp-web\/pt\/voiceinteraction-participa-na-speechtek2008\/\" class=\"post-meta-date sh-default-color\">Agosto 26, 2008<\/a>\n        \n    \t\t\t\t<\/div>\n\n\t\t\t\t<div class=\"post-content\">\n\t\t\t\t\t<p>A participa\u00e7\u00e3o da VoiceInteraction na SpeechTEK2008, que decorreu em Nova Iorque, EUA, entre 18 e 20&#8230;<\/p>\n\t\t\t\t<\/div>\n\n\t\t\t\t<div class=\"post-meta post-meta-two\">\n\t\t\t\t\t\n        <div class=\"sh-columns post-meta-comments\">\n            <span class=\"post-meta-categories\">\n                <i class=\"icon-tag\"><\/i>\n                <a href=\"https:\/\/voice-interaction.com\/tmp-web\/pt\/category\/empresa-pt-pt\/eventos-pt\/\" rel=\"category tag\">Eventos<\/a>            <\/span>\n\n                            <div><\/div>\n                    <\/div>\n\n    \t\t\t\t<\/div>\n\t\t\t<\/div>\n\n\t\t<\/div>\n\t<\/article>\n\n\n\n\t<article id=\"post-32\" class=\"post-item post-32 post type-post status-publish format-standard has-post-thumbnail hentry category-eventos-pt\">\n\t\t<div class=\"post-container\">\n\t\t\t\n\t\t\t<div class=\"post-meta-thumb\">\n\t\t\t\t<img loading=\"lazy\" decoding=\"async\" width=\"197\" height=\"60\" src=\"https:\/\/voice-interaction.com\/tmp-web\/wp-content\/uploads\/2008\/08\/speechtek08.gif\" class=\"attachment-large size-large wp-post-image\" alt=\"\" \/>\t\t\t\t\n        <div class=\"sh-overlay-style1\">\n            <div class=\"sh-table-full\">\n                                    <a href=\"https:\/\/voice-interaction.com\/tmp-web\/pt\/speechtek2008\/\" class=\"sh-overlay-item sh-table-cell\" title=\"Open the article - VoiceInteraction participa na SpeechTEK2008\">\n                        <div class=\"sh-overlay-item-container\">\n                            <i class=\"icon-link\"><\/i>\n                        <\/div>\n                    <\/a>\n                \n                                    <a href=\"https:\/\/voice-interaction.com\/tmp-web\/wp-content\/uploads\/2008\/08\/speechtek08.gif\" class=\"sh-overlay-item sh-table-cell\" data-rel=\"lightcase\">\n                        <div class=\"sh-overlay-item-container\">\n                            <i class=\"icon-magnifier-add\"><\/i>\n                        <\/div>\n                    <\/a>\n                            <\/div>\n        <\/div>\n\n    \t\t\t<\/div>\n\n\t\t\t<div class=\"post-content-container\">\n\t\t\t\t<a href=\"https:\/\/voice-interaction.com\/tmp-web\/pt\/speechtek2008\/\" class=\"post-title\">\n\t\t\t\t\t<h2>\n\t\t\t\t\t\t\t\t\t\t\t\tVoiceInteraction participa na SpeechTEK2008\t\t\t\t\t<\/h2>\n\t\t\t\t<\/a>\n\n\t\t\t\t<div class=\"post-meta post-meta-one\">\n\t\t\t\t\t\n        <span class=\"post-meta-author\">\n            by            <a href=\"https:\/\/voice-interaction.com\/tmp-web\/pt\/author\/fpreto\/\" class=\"bypostauthor\" itemprop=\"url\" rel=\"author\">\n                FPreto            <\/a>\n        <\/span>\n\n                    <time class=\"updated semantic\" itemprop=\"dateModified\" datetime=\"2017-11-16T18:37:18+00:00\"><\/time>\n            <a href=\"https:\/\/voice-interaction.com\/tmp-web\/pt\/speechtek2008\/\" class=\"post-meta-date sh-default-color\">Agosto 15, 2008<\/a>\n        \n    \t\t\t\t<\/div>\n\n\t\t\t\t<div class=\"post-content\">\n\t\t\t\t\t<p>Est\u00e1 a realizar-se em Nova Iorque, EUA, de 18 a 20 de Agosto de 2008 a&#8230;<\/p>\n\t\t\t\t<\/div>\n\n\t\t\t\t<div class=\"post-meta post-meta-two\">\n\t\t\t\t\t\n        <div class=\"sh-columns post-meta-comments\">\n            <span class=\"post-meta-categories\">\n                <i class=\"icon-tag\"><\/i>\n                <a href=\"https:\/\/voice-interaction.com\/tmp-web\/pt\/category\/empresa-pt-pt\/eventos-pt\/\" rel=\"category tag\">Eventos<\/a>            <\/span>\n\n                            <div><\/div>\n                    <\/div>\n\n    \t\t\t\t<\/div>\n\t\t\t<\/div>\n\n\t\t<\/div>\n\t<\/article>\n\n\n\n\t<article id=\"post-88\" class=\"post-item post-88 post type-post status-publish format-standard has-post-thumbnail hentry category-legendagem-automatica category-media_pt tag-spanish\">\n\t\t<div class=\"post-container\">\n\t\t\t\n\t\t\t<div class=\"post-meta-thumb\">\n\t\t\t\t<img loading=\"lazy\" decoding=\"async\" width=\"200\" height=\"124\" src=\"https:\/\/voice-interaction.com\/tmp-web\/wp-content\/uploads\/2008\/07\/200px-TVE.svg_.png\" class=\"attachment-large size-large wp-post-image\" alt=\"\" \/>\t\t\t\t\n        <div class=\"sh-overlay-style1\">\n            <div class=\"sh-table-full\">\n                                    <a href=\"https:\/\/voice-interaction.com\/tmp-web\/pt\/voiceinteraction-inicia-contactos-com-a-tve-2\/\" class=\"sh-overlay-item sh-table-cell\" title=\"Open the article - VoiceInteraction inicia contactos com a TVE\">\n                        <div class=\"sh-overlay-item-container\">\n                            <i class=\"icon-link\"><\/i>\n                        <\/div>\n                    <\/a>\n                \n                                    <a href=\"https:\/\/voice-interaction.com\/tmp-web\/wp-content\/uploads\/2008\/07\/200px-TVE.svg_.png\" class=\"sh-overlay-item sh-table-cell\" data-rel=\"lightcase\">\n                        <div class=\"sh-overlay-item-container\">\n                            <i class=\"icon-magnifier-add\"><\/i>\n                        <\/div>\n                    <\/a>\n                            <\/div>\n        <\/div>\n\n    \t\t\t<\/div>\n\n\t\t\t<div class=\"post-content-container\">\n\t\t\t\t<a href=\"https:\/\/voice-interaction.com\/tmp-web\/pt\/voiceinteraction-inicia-contactos-com-a-tve-2\/\" class=\"post-title\">\n\t\t\t\t\t<h2>\n\t\t\t\t\t\t\t\t\t\t\t\tVoiceInteraction inicia contactos com a TVE\t\t\t\t\t<\/h2>\n\t\t\t\t<\/a>\n\n\t\t\t\t<div class=\"post-meta post-meta-one\">\n\t\t\t\t\t\n        <span class=\"post-meta-author\">\n            by            <a href=\"https:\/\/voice-interaction.com\/tmp-web\/pt\/author\/fpreto\/\" class=\"bypostauthor\" itemprop=\"url\" rel=\"author\">\n                FPreto            <\/a>\n        <\/span>\n\n                    <time class=\"updated semantic\" itemprop=\"dateModified\" datetime=\"2017-11-17T12:16:16+00:00\"><\/time>\n            <a href=\"https:\/\/voice-interaction.com\/tmp-web\/pt\/voiceinteraction-inicia-contactos-com-a-tve-2\/\" class=\"post-meta-date sh-default-color\">Julho 22, 2008<\/a>\n        \n    \t\t\t\t<\/div>\n\n\t\t\t\t<div class=\"post-content\">\n\t\t\t\t\t<p>Foram estabelecidos contactos entre a TVE (Televisi\u00f3n Espa\u00f1ola) e a VoiceInteraction, relativamente ao sistema de legendagem&#8230;<\/p>\n\t\t\t\t<\/div>\n\n\t\t\t\t<div class=\"post-meta post-meta-two\">\n\t\t\t\t\t\n        <div class=\"sh-columns post-meta-comments\">\n            <span class=\"post-meta-categories\">\n                <i class=\"icon-tag\"><\/i>\n                <a href=\"https:\/\/voice-interaction.com\/tmp-web\/pt\/category\/solucoes-pt\/legendagem-automatica\/\" rel=\"category tag\">Legendagem Autom\u00e1tica<\/a>, <a href=\"https:\/\/voice-interaction.com\/tmp-web\/pt\/category\/industrias-pt\/media_pt\/\" rel=\"category tag\">Televis\u00e3o &amp; Media<\/a>            <\/span>\n\n                            <div><\/div>\n                    <\/div>\n\n    \t\t\t\t<\/div>\n\t\t\t<\/div>\n\n\t\t<\/div>\n\t<\/article>\n\n\n\n\t<article id=\"post-34\" class=\"post-item post-34 post type-post status-publish format-standard has-post-thumbnail hentry category-eventos-pt category-projetos\">\n\t\t<div class=\"post-container\">\n\t\t\t\n\t\t\t<div class=\"post-meta-thumb\">\n\t\t\t\t<img loading=\"lazy\" decoding=\"async\" width=\"276\" height=\"120\" src=\"https:\/\/voice-interaction.com\/tmp-web\/wp-content\/uploads\/2008\/06\/propor2008.jpg\" class=\"attachment-large size-large wp-post-image\" alt=\"\" \/>\t\t\t\t\n        <div class=\"sh-overlay-style1\">\n            <div class=\"sh-table-full\">\n                                    <a href=\"https:\/\/voice-interaction.com\/tmp-web\/pt\/voiceinteraction-participa-no-propor2008-2\/\" class=\"sh-overlay-item sh-table-cell\" title=\"Open the article - VoiceInteraction participa no PROPOR2008\">\n                        <div class=\"sh-overlay-item-container\">\n                            <i class=\"icon-link\"><\/i>\n                        <\/div>\n                    <\/a>\n                \n                                    <a href=\"https:\/\/voice-interaction.com\/tmp-web\/wp-content\/uploads\/2008\/06\/propor2008.jpg\" class=\"sh-overlay-item sh-table-cell\" data-rel=\"lightcase\">\n                        <div class=\"sh-overlay-item-container\">\n                            <i class=\"icon-magnifier-add\"><\/i>\n                        <\/div>\n                    <\/a>\n                            <\/div>\n        <\/div>\n\n    \t\t\t<\/div>\n\n\t\t\t<div class=\"post-content-container\">\n\t\t\t\t<a href=\"https:\/\/voice-interaction.com\/tmp-web\/pt\/voiceinteraction-participa-no-propor2008-2\/\" class=\"post-title\">\n\t\t\t\t\t<h2>\n\t\t\t\t\t\t\t\t\t\t\t\tVoiceInteraction participa no PROPOR2008\t\t\t\t\t<\/h2>\n\t\t\t\t<\/a>\n\n\t\t\t\t<div class=\"post-meta post-meta-one\">\n\t\t\t\t\t\n        <span class=\"post-meta-author\">\n            by            <a href=\"https:\/\/voice-interaction.com\/tmp-web\/pt\/author\/fpreto\/\" class=\"bypostauthor\" itemprop=\"url\" rel=\"author\">\n                FPreto            <\/a>\n        <\/span>\n\n                    <time class=\"updated semantic\" itemprop=\"dateModified\" datetime=\"2017-11-17T15:21:19+00:00\"><\/time>\n            <a href=\"https:\/\/voice-interaction.com\/tmp-web\/pt\/voiceinteraction-participa-no-propor2008-2\/\" class=\"post-meta-date sh-default-color\">Junho 10, 2008<\/a>\n        \n    \t\t\t\t<\/div>\n\n\t\t\t\t<div class=\"post-content\">\n\t\t\t\t\t<p>A VoiceInteraction participa na Confer\u00eancia Internacional sobre o Processamento Computacional do Portugu\u00eas (PROPOR), que vai realizar-se&#8230;<\/p>\n\t\t\t\t<\/div>\n\n\t\t\t\t<div class=\"post-meta post-meta-two\">\n\t\t\t\t\t\n        <div class=\"sh-columns post-meta-comments\">\n            <span class=\"post-meta-categories\">\n                <i class=\"icon-tag\"><\/i>\n                <a href=\"https:\/\/voice-interaction.com\/tmp-web\/pt\/category\/empresa-pt-pt\/eventos-pt\/\" rel=\"category tag\">Eventos<\/a>, <a href=\"https:\/\/voice-interaction.com\/tmp-web\/pt\/category\/empresa-pt-pt\/projetos\/\" rel=\"category tag\">Projetos<\/a>            <\/span>\n\n                            <div><\/div>\n                    <\/div>\n\n    \t\t\t\t<\/div>\n\t\t\t<\/div>\n\n\t\t<\/div>\n\t<\/article>\n\n\n\n\t<article id=\"post-30\" class=\"post-item post-30 post type-post status-publish format-standard has-post-thumbnail hentry category-eventos-pt category-media_pt\">\n\t\t<div class=\"post-container\">\n\t\t\t\n\t\t\t<div class=\"post-meta-thumb\">\n\t\t\t\t<img loading=\"lazy\" decoding=\"async\" width=\"206\" height=\"79\" src=\"https:\/\/voice-interaction.com\/tmp-web\/wp-content\/uploads\/2008\/06\/amadis08.jpg\" class=\"attachment-large size-large wp-post-image\" alt=\"\" \/>\t\t\t\t\n        <div class=\"sh-overlay-style1\">\n            <div class=\"sh-table-full\">\n                                    <a href=\"https:\/\/voice-interaction.com\/tmp-web\/pt\/voiceinteraction-participa-no-amadis08\/\" class=\"sh-overlay-item sh-table-cell\" title=\"Open the article - VoiceInteraction participa no AMADIS\u201908\">\n                        <div class=\"sh-overlay-item-container\">\n                            <i class=\"icon-link\"><\/i>\n                        <\/div>\n                    <\/a>\n                \n                                    <a href=\"https:\/\/voice-interaction.com\/tmp-web\/wp-content\/uploads\/2008\/06\/amadis08.jpg\" class=\"sh-overlay-item sh-table-cell\" data-rel=\"lightcase\">\n                        <div class=\"sh-overlay-item-container\">\n                            <i class=\"icon-magnifier-add\"><\/i>\n                        <\/div>\n                    <\/a>\n                            <\/div>\n        <\/div>\n\n    \t\t\t<\/div>\n\n\t\t\t<div class=\"post-content-container\">\n\t\t\t\t<a href=\"https:\/\/voice-interaction.com\/tmp-web\/pt\/voiceinteraction-participa-no-amadis08\/\" class=\"post-title\">\n\t\t\t\t\t<h2>\n\t\t\t\t\t\t\t\t\t\t\t\tVoiceInteraction participa no AMADIS\u201908\t\t\t\t\t<\/h2>\n\t\t\t\t<\/a>\n\n\t\t\t\t<div class=\"post-meta post-meta-one\">\n\t\t\t\t\t\n        <span class=\"post-meta-author\">\n            by            <a href=\"https:\/\/voice-interaction.com\/tmp-web\/pt\/author\/fpreto\/\" class=\"bypostauthor\" itemprop=\"url\" rel=\"author\">\n                FPreto            <\/a>\n        <\/span>\n\n                    <time class=\"updated semantic\" itemprop=\"dateModified\" datetime=\"2017-11-17T11:27:52+00:00\"><\/time>\n            <a href=\"https:\/\/voice-interaction.com\/tmp-web\/pt\/voiceinteraction-participa-no-amadis08\/\" class=\"post-meta-date sh-default-color\">Junho 10, 2008<\/a>\n        \n    \t\t\t\t<\/div>\n\n\t\t\t\t<div class=\"post-content\">\n\t\t\t\t\t<p>A VoiceInteraction participou no III Congreso de Accesibilidad a los Medios Audiovisuales para Personas con Discapacidad,&#8230;<\/p>\n\t\t\t\t<\/div>\n\n\t\t\t\t<div class=\"post-meta post-meta-two\">\n\t\t\t\t\t\n        <div class=\"sh-columns post-meta-comments\">\n            <span class=\"post-meta-categories\">\n                <i class=\"icon-tag\"><\/i>\n                <a href=\"https:\/\/voice-interaction.com\/tmp-web\/pt\/category\/empresa-pt-pt\/eventos-pt\/\" rel=\"category tag\">Eventos<\/a>, <a href=\"https:\/\/voice-interaction.com\/tmp-web\/pt\/category\/industrias-pt\/media_pt\/\" rel=\"category tag\">Televis\u00e3o &amp; Media<\/a>            <\/span>\n\n                            <div><\/div>\n                    <\/div>\n\n    \t\t\t\t<\/div>\n\t\t\t<\/div>\n\n\t\t<\/div>\n\t<\/article>\n\n\n\t<\/div>\n\n\t<\/div>\n\t<\/div>\n\n\n\t\t\n\n<\/div>\n<\/div>\n\n\t<\/div>\n<\/section>\n\n<section class=\"sh-section sh-section-9aaa37828cdd5b833ae7f0ab04654bb4 fw-main-row sh-section-visibility-everywhere\">\n\t\n\t\n\t<div class=\"sh-section-container container-fluid\">\n\t\t<div class=\"fw-row\">\n\t\n<div class=\"sh-column sh-column-3d9a4337dc1804e6da717cabb1c9af10 fw-col-xs-12\" >\n\n\t\n\t<div class=\"sh-column-wrapper\">\n\t\t\n\n\t<div class=\"sh-heading sh-heading-style1\" id=\"heading-e4afbd1dcf12243659d2594d72eb35bd\">\n\t\t<h1 class=\"sh-heading-content size-default\">\n\t\t\t<span style=\"text-align: center;\">Subscreva as nossas newsletters.<\/span>\t\t<\/h1>\n\t<\/div>\n\n\t<\/div>\n\n\n\t\t\n\n<\/div>\n<\/div>\n\n<div class=\"fw-row\">\n\t\n<div class=\"sh-column sh-column-6b8a582dbdf224f8b7fcee9fbd83b046 fw-col-xs-12\" >\n\n\t\n\t<div class=\"sh-column-wrapper\">\n\t\t<div id=\"contact-form-bb617fb2ae32f1951e8f9d52bd2d38a9\" class=\"form-wrapper contact-form\">\n\t<form data-fw-form-id=\"fw_form\" method=\"post\" action=\"https:\/\/voice-interaction.com\/tmp-web\/pt\/wp-json\/wp\/v2\/pages\/10660\" class=\"fw_form_fw_form\" data-fw-ext-forms-type=\"contact-forms\"><input type=\"hidden\" name=\"fwf\" value=\"fw_form\" \/><input type=\"hidden\" id=\"_nonce_6ed5f0e4af20607e82aa4ae11b8eed22\" name=\"_nonce_6ed5f0e4af20607e82aa4ae11b8eed22\" value=\"fa67155503\" \/><input type=\"hidden\" name=\"_wp_http_referer\" value=\"\/tmp-web\/pt\/wp-json\/wp\/v2\/pages\/10660\" \/><input type=\"hidden\" name=\"fw_ext_forms_form_type\" value=\"contact-forms\" \/><input type=\"hidden\" name=\"fw_ext_forms_form_id\" value=\"bb617fb2ae32f1951e8f9d52bd2d38a9\" \/><div class=\"wrap-forms\">\n\t<div class=\"fw-row\"><\/div><div class=\"fw-row\"><div class=\"fw-col-xs-12 fw-col-sm-4 form-builder-item\">\n\t<div class=\"field-text\">\n\t\t\t\t<label for=\"id-1\">Nome\t\t\t<sup>*<\/sup>\t\t<\/label>\n\t\t\t\t<input type=\"text\" name=\"text_01619b1\" placeholder=\"Nome\" value=\"\" id=\"id-1\" required=\"required\">\n\t\t\t<\/div>\n<\/div><div class=\"fw-col-xs-12 fw-col-sm-4 form-builder-item\">\n\t<div class=\"field-text\">\n\t\t\t\t<label for=\"id-2\">Empresa\t\t\t<sup>*<\/sup>\t\t<\/label>\n\t\t\t\t<input type=\"text\" name=\"text_73ea2b2\" placeholder=\"Empresa\" value=\"\" id=\"id-2\" required=\"required\">\n\t\t\t<\/div>\n<\/div><div class=\"fw-col-xs-12 fw-col-sm-4 form-builder-item\">\n\t<div class=\"field-text\">\n\t\t\t\t<label for=\"id-3\">Email\t\t\t<sup>*<\/sup>\t\t<\/label>\n\t\t\t\t<input type=\"text\" name=\"text_899036c\" placeholder=\"Email\" value=\"\" id=\"id-3\" required=\"required\">\n\t\t\t<\/div>\n<\/div><\/div><div class=\"fw-row\"><\/div><\/div><div>\n\t<input type=\"submit\" value=\"SUBSCREVER\" \/>\n<\/div><\/form><\/div>\t<\/div>\n\n\n\t\t\n\n<\/div>\n<\/div>\n\n\t<\/div>\n<\/section>\n\n<section class=\"sh-section sh-section-2285a3fcdb1805839297d34319d8b57b fw-main-row sh-section-visibility-everywhere sh-animated fadeIn\" data-wow-duration=\"3.6s\" >\n\t\n\t\n\t<div class=\"sh-section-container container\">\n\t\t<div class=\"fw-row\">\n\t\n<div class=\"sh-column sh-column-3141d5ca7d957f36d59e1364dc05ab7b fw-col-xs-12 fw-col-sm-8\" >\n\n\t\n\t<div class=\"sh-column-wrapper\">\n\t\t\n<div class=\"sh-heading  \" id=\"heading-b76af1b976138f96c56d4dbda20211c2\">\n\t<div class=\"sh-element-margin\">\n\n\t\t\n\t\t\t<h2 class=\"sh-heading-content size-default text-left\">\n\t\t\t\tPara assuntos relacionados com imprensa, contacte:\t\t\t<\/h2>\n\n\t\t\n\t<\/div>\n<\/div>\n\t<\/div>\n\n\n\t\t\n\n<\/div>\n\n<div class=\"sh-column sh-column-25a2f7cc2eb6a7b1e280cfeaf7fb6aff fw-col-xs-12 fw-col-sm-4\" >\n\n\t\n\t<div class=\"sh-column-wrapper\">\n\t\t\n<div id=\"button-076b43f8033bbbc04f3f0cb509f06036\" class=\"sh-button-container  sh-button-style-2\">\n\t<div class=\"sh-element-margin\">\n\t\t<a href=\"mailto:press@voiceinteraction.pt\" target=\"_self\" class=\"sh-button sh-button-xlarge sh-button-icon-left\">\n\n\t\t\t\t\t\t\t<span class=\"sh-button-icon\">\n\t\t\t\t\t<i class=\"ti-email\"><\/i>\n\t\t\t\t<\/span>\n\t\t\t\n\t\t\t\t\t\t\t<span class=\"sh-button-text\">\n\t\t\t\t\tpress@voiceinteraction.pt\t\t\t\t<\/span>\n\t\t\t\n\t\t\t\n\t\t<\/a>\n\t\t\t<\/div>\n<\/div>\n\t<\/div>\n\n\n\t\t\n\n<\/div>\n<\/div>\n\n\t<\/div>\n<\/section>\n","protected":false},"excerpt":{"rendered":"<p>A VoiceInteraction participou no III Congreso de Accesibilidad a los Medios Audiovisuales para Personas con Discapacidad,&#8230;<\/p>\n","protected":false},"author":2,"featured_media":0,"parent":10674,"menu_order":0,"comment_status":"closed","ping_status":"closed","template":"","meta":{"_links_to":"","_links_to_target":"","footnotes":""},"class_list":["post-10660","page","type-page","status-publish","hentry"],"_links":{"self":[{"href":"https:\/\/voice-interaction.com\/tmp-web\/pt\/wp-json\/wp\/v2\/pages\/10660","targetHints":{"allow":["GET"]}}],"collection":[{"href":"https:\/\/voice-interaction.com\/tmp-web\/pt\/wp-json\/wp\/v2\/pages"}],"about":[{"href":"https:\/\/voice-interaction.com\/tmp-web\/pt\/wp-json\/wp\/v2\/types\/page"}],"author":[{"embeddable":true,"href":"https:\/\/voice-interaction.com\/tmp-web\/pt\/wp-json\/wp\/v2\/users\/2"}],"replies":[{"embeddable":true,"href":"https:\/\/voice-interaction.com\/tmp-web\/pt\/wp-json\/wp\/v2\/comments?post=10660"}],"version-history":[{"count":0,"href":"https:\/\/voice-interaction.com\/tmp-web\/pt\/wp-json\/wp\/v2\/pages\/10660\/revisions"}],"up":[{"embeddable":true,"href":"https:\/\/voice-interaction.com\/tmp-web\/pt\/wp-json\/wp\/v2\/pages\/10674"}],"wp:attachment":[{"href":"https:\/\/voice-interaction.com\/tmp-web\/pt\/wp-json\/wp\/v2\/media?parent=10660"}],"curies":[{"name":"wp","href":"https:\/\/api.w.org\/{rel}","templated":true}]}}