{"id":10673,"date":"2017-03-27T15:04:14","date_gmt":"2017-03-27T15:04:14","guid":{"rendered":"https:\/\/voice-interaction.com\/tmp-web\/news-press\/"},"modified":"2018-01-29T19:34:38","modified_gmt":"2018-01-29T19:34:38","slug":"news-press","status":"publish","type":"page","link":"https:\/\/voice-interaction.com\/tmp-web\/br\/news-press\/","title":{"rendered":"Not\u00edcias"},"content":{"rendered":"\n<section class=\"sh-section sh-section-3ff739742a6c8f8e1f5955e6f6161aba fw-main-row sh-section-visibility-everywhere\">\n\t\n\t\n\t<div class=\"sh-section-container container\">\n\t\t<div class=\"fw-row\">\n\t\n<div class=\"sh-column sh-column-9d5d75d5764b8baa65fb4a3e6a11e7a1 fw-col-xs-12\" >\n\n\t\n\t<div class=\"sh-column-wrapper\">\n\t\t\n\n\n\n<div class=\"sh-recent-posts\" id=\"recent-posts-05cb3f7554b7fb9d7f74912d1b3cfd26\" data-id=\"3\">\n\n\t\t\n\t<div class=\"sh-group blog-list blog-style-masonry masonry2\">\n\t\t\n\t<article id=\"post-17958\" class=\"post-item post-17958 post type-post status-publish format-standard has-post-thumbnail hentry category-empresa category-eventos-br category-saude tag-call-center-magazine-br tag-callscriber-br tag-global-contact-center-br tag-ivr-br tag-news-br tag-noticias-br tag-quality-monitoring-br tag-speech-analytics-br tag-technology-br\">\n\t\t<div class=\"post-container\">\n\t\t\t\n\t\t\t<div class=\"post-meta-thumb\">\n\t\t\t\t<img loading=\"lazy\" decoding=\"async\" width=\"1024\" height=\"768\" src=\"https:\/\/voice-interaction.com\/tmp-web\/wp-content\/uploads\/2019\/11\/SOTM7170-1024x768.jpg\" class=\"attachment-large size-large wp-post-image\" alt=\"\" srcset=\"https:\/\/voice-interaction.com\/tmp-web\/wp-content\/uploads\/2019\/11\/SOTM7170-1024x768.jpg 1024w, https:\/\/voice-interaction.com\/tmp-web\/wp-content\/uploads\/2019\/11\/SOTM7170-300x225.jpg 300w, https:\/\/voice-interaction.com\/tmp-web\/wp-content\/uploads\/2019\/11\/SOTM7170-768x576.jpg 768w\" sizes=\"auto, (max-width: 1024px) 100vw, 1024px\" \/>\t\t\t\t\n        <div class=\"sh-overlay-style1\">\n            <div class=\"sh-table-full\">\n                                    <a href=\"https:\/\/voice-interaction.com\/tmp-web\/br\/nossa-1-a-experiencia-no-global-contact-center\/\" class=\"sh-overlay-item sh-table-cell\" title=\"Open the article - Nossa 1.\u00aa experi\u00eancia no Global Contact Center!\">\n                        <div class=\"sh-overlay-item-container\">\n                            <i class=\"icon-link\"><\/i>\n                        <\/div>\n                    <\/a>\n                \n                                    <a href=\"https:\/\/voice-interaction.com\/tmp-web\/wp-content\/uploads\/2019\/11\/SOTM7170-1024x768.jpg\" class=\"sh-overlay-item sh-table-cell\" data-rel=\"lightcase\">\n                        <div class=\"sh-overlay-item-container\">\n                            <i class=\"icon-magnifier-add\"><\/i>\n                        <\/div>\n                    <\/a>\n                            <\/div>\n        <\/div>\n\n    \t\t\t<\/div>\n\n\t\t\t<div class=\"post-content-container\">\n\n\t\t\t\t<div class=\"post-meta post-meta-one\">\n\t\t\t\t\t\n        <span class=\"post-meta-author\">\n            by            <a href=\"https:\/\/voice-interaction.com\/tmp-web\/br\/author\/mariana\/\" class=\"bypostauthor\" itemprop=\"url\" rel=\"author\">\n                Mariana            <\/a>\n        <\/span>\n\n                    <time class=\"updated semantic\" itemprop=\"dateModified\" datetime=\"2019-11-18T13:06:13+00:00\"><\/time>\n            <a href=\"https:\/\/voice-interaction.com\/tmp-web\/br\/nossa-1-a-experiencia-no-global-contact-center\/\" class=\"post-meta-date sh-default-color\">novembro 15, 2019<\/a>\n        \n    \t\t\t\t<\/div>\n\n\t\t\t\t<a href=\"https:\/\/voice-interaction.com\/tmp-web\/br\/nossa-1-a-experiencia-no-global-contact-center\/\" class=\"post-title\">\n\t\t\t\t\t<h2>\n\t\t\t\t\t\t\t\t\t\t\t\tNossa 1.\u00aa experi\u00eancia no Global Contact Center!\t\t\t\t\t<\/h2>\n\t\t\t\t<\/a>\n\n\t\t\t\t<div class=\"post-content\">\n\t\t\t\t\t\t\t\t\t\t\tTerminou ontem a 21.\u00aa edi\u00e7\u00e3o do Global Contact Center e a VoiceInteraction esteve presente, pela primeira&hellip;\t\t\t\t\t\t\t\t\t<\/div>\n\n\t\t\t\t<div class=\"post-meta post-meta-two\">\n\t\t\t\t\t\n        <div class=\"sh-columns post-meta-comments\">\n            <span class=\"post-meta-categories\">\n                <i class=\"icon-tag\"><\/i>\n                <a href=\"https:\/\/voice-interaction.com\/tmp-web\/br\/category\/empresa\/\" rel=\"category tag\">Empresa<\/a>, <a href=\"https:\/\/voice-interaction.com\/tmp-web\/br\/category\/empresa\/eventos-br\/\" rel=\"category tag\">Eventos<\/a>, <a href=\"https:\/\/voice-interaction.com\/tmp-web\/br\/category\/industrias_br\/saude\/\" rel=\"category tag\">Sa\u00fade<\/a>            <\/span>\n\n                            <div><\/div>\n                    <\/div>\n\n    \t\t\t\t<\/div>\n\t\t\t<\/div>\n\n\t\t<\/div>\n\t<\/article>\n\n\n\n\t<article id=\"post-17535\" class=\"post-item post-17535 post type-post status-publish format-standard has-post-thumbnail hentry category-broadcast-midia category-empresa category-eventos-br category-legendagem category-monitoramento-de-midia-broadcast category-noticias-empresa category-transcricao-br tag-audimus-media-br tag-audimus-server-br tag-broadcast-monitoring-eu-br tag-compliance-recording-eu-br tag-ibc-br tag-legendagem-ao-vivo tag-mms-broadcast-br tag-noticias-br tag-speech-recognition-eu-br\">\n\t\t<div class=\"post-container\">\n\t\t\t\n\t\t\t<div class=\"post-meta-thumb\">\n\t\t\t\t<img loading=\"lazy\" decoding=\"async\" width=\"1024\" height=\"768\" src=\"https:\/\/voice-interaction.com\/tmp-web\/wp-content\/uploads\/2019\/09\/FFGS4944-1024x768.jpg\" class=\"attachment-large size-large wp-post-image\" alt=\"\" srcset=\"https:\/\/voice-interaction.com\/tmp-web\/wp-content\/uploads\/2019\/09\/FFGS4944-1024x768.jpg 1024w, https:\/\/voice-interaction.com\/tmp-web\/wp-content\/uploads\/2019\/09\/FFGS4944-300x225.jpg 300w, https:\/\/voice-interaction.com\/tmp-web\/wp-content\/uploads\/2019\/09\/FFGS4944-768x576.jpg 768w\" sizes=\"auto, (max-width: 1024px) 100vw, 1024px\" \/>\t\t\t\t\n        <div class=\"sh-overlay-style1\">\n            <div class=\"sh-table-full\">\n                                    <a href=\"https:\/\/voice-interaction.com\/tmp-web\/br\/obrigado-pela-sua-visita-durante-a-ibc\/\" class=\"sh-overlay-item sh-table-cell\" title=\"Open the article - Obrigado pela sua visita durante a IBC!\">\n                        <div class=\"sh-overlay-item-container\">\n                            <i class=\"icon-link\"><\/i>\n                        <\/div>\n                    <\/a>\n                \n                                    <a href=\"https:\/\/voice-interaction.com\/tmp-web\/wp-content\/uploads\/2019\/09\/FFGS4944-1024x768.jpg\" class=\"sh-overlay-item sh-table-cell\" data-rel=\"lightcase\">\n                        <div class=\"sh-overlay-item-container\">\n                            <i class=\"icon-magnifier-add\"><\/i>\n                        <\/div>\n                    <\/a>\n                            <\/div>\n        <\/div>\n\n    \t\t\t<\/div>\n\n\t\t\t<div class=\"post-content-container\">\n\n\t\t\t\t<div class=\"post-meta post-meta-one\">\n\t\t\t\t\t\n        <span class=\"post-meta-author\">\n            by            <a href=\"https:\/\/voice-interaction.com\/tmp-web\/br\/author\/mariana\/\" class=\"bypostauthor\" itemprop=\"url\" rel=\"author\">\n                Mariana            <\/a>\n        <\/span>\n\n                    <time class=\"updated semantic\" itemprop=\"dateModified\" datetime=\"2019-10-04T11:20:38+00:00\"><\/time>\n            <a href=\"https:\/\/voice-interaction.com\/tmp-web\/br\/obrigado-pela-sua-visita-durante-a-ibc\/\" class=\"post-meta-date sh-default-color\">setembro 18, 2019<\/a>\n        \n    \t\t\t\t<\/div>\n\n\t\t\t\t<a href=\"https:\/\/voice-interaction.com\/tmp-web\/br\/obrigado-pela-sua-visita-durante-a-ibc\/\" class=\"post-title\">\n\t\t\t\t\t<h2>\n\t\t\t\t\t\t\t\t\t\t\t\tObrigado pela sua visita durante a IBC!\t\t\t\t\t<\/h2>\n\t\t\t\t<\/a>\n\n\t\t\t\t<div class=\"post-content\">\n\t\t\t\t\t\t\t\t\t\t\t&nbsp; [image_gallery id=\"c72223bcd95051002f079d165c7e36f3\" images=\"\u2039\u00ba\u203a{\u2039\u00b2\u203aattachment_id\u2039\u00b2\u203a:17319,\u2039\u00b2\u203aurl\u2039\u00b2\u203a:\u2039\u00b2\u203a\/\/voice-interaction.com\/tmp-web\/wp-content\/uploads\/2019\/09\/FFGS4944.jpg\u2039\u00b2\u203a},{\u2039\u00b2\u203aattachment_id\u2039\u00b2\u203a:17315,\u2039\u00b2\u203aurl\u2039\u00b2\u203a:\u2039\u00b2\u203a\/\/voice-interaction.com\/tmp-web\/wp-content\/uploads\/2019\/09\/CORH4857.jpg\u2039\u00b2\u203a},{\u2039\u00b2\u203aattachment_id\u2039\u00b2\u203a:17335,\u2039\u00b2\u203aurl\u2039\u00b2\u203a:\u2039\u00b2\u203a\/\/voice-interaction.com\/tmp-web\/wp-content\/uploads\/2019\/09\/DSC07406.jpg\u2039\u00b2\u203a},{\u2039\u00b2\u203aattachment_id\u2039\u00b2\u203a:17323,\u2039\u00b2\u203aurl\u2039\u00b2\u203a:\u2039\u00b2\u203a\/\/voice-interaction.com\/tmp-web\/wp-content\/uploads\/2019\/09\/IMG_3188.jpg\u2039\u00b2\u203a}\u2039\u00b9\u203a\" columns=\"4columns\" image_ratio=\"square\" autoplay=\"{\u2039\u00b2\u203aautoplay\u2039\u00b2\u203a:\u2039\u00b2\u203aoff\u2039\u00b2\u203a,\u2039\u00b2\u203aon\u2039\u00b2\u203a:{\u2039\u00b2\u203aanimation_speed\u2039\u00b2\u203a:3}}\" overlay=\"on\" margin=\"0\" radius=\"0\" shadow=\"disabled\" dots=\"dots1\" dots_alignment=\"center\" dots_color=\"\" __fw_editor_shortcodes_id=\"ccd5ebfcaa0aa09c9d6653411daad7b0\" _array_keys=\"{\u2039\u00b2\u203aimages\u2039\u00b2\u203a:\u2039\u00b2\u203aimages\u2039\u00b2\u203a,\u2039\u00b2\u203aautoplay\u2039\u00b2\u203a:\u2039\u00b2\u203aautoplay\u2039\u00b2\u203a}\"&hellip;\t\t\t\t\t\t\t\t\t<\/div>\n\n\t\t\t\t<div class=\"post-meta post-meta-two\">\n\t\t\t\t\t\n        <div class=\"sh-columns post-meta-comments\">\n            <span class=\"post-meta-categories\">\n                <i class=\"icon-tag\"><\/i>\n                <a href=\"https:\/\/voice-interaction.com\/tmp-web\/br\/category\/industrias_br\/broadcast-midia\/\" rel=\"category tag\">Broadcast &amp; M\u00eddia<\/a>, <a href=\"https:\/\/voice-interaction.com\/tmp-web\/br\/category\/empresa\/\" rel=\"category tag\">Empresa<\/a>, <a href=\"https:\/\/voice-interaction.com\/tmp-web\/br\/category\/empresa\/eventos-br\/\" rel=\"category tag\">Eventos<\/a>, <a href=\"https:\/\/voice-interaction.com\/tmp-web\/br\/category\/solucoes\/legendagem\/\" rel=\"category tag\">Legendagem<\/a>, <a href=\"https:\/\/voice-interaction.com\/tmp-web\/br\/category\/solucoes\/monitoramento-de-midia-broadcast\/\" rel=\"category tag\">Monitoramento de M\u00eddia - Broadcast<\/a>, <a href=\"https:\/\/voice-interaction.com\/tmp-web\/br\/category\/empresa\/noticias-empresa\/\" rel=\"category tag\">Not\u00edcias Empresa<\/a>, <a href=\"https:\/\/voice-interaction.com\/tmp-web\/br\/category\/solucoes\/transcricao-br\/\" rel=\"category tag\">Transcri\u00e7\u00e3o<\/a>...            <\/span>\n\n                            <div><\/div>\n                    <\/div>\n\n    \t\t\t\t<\/div>\n\t\t\t<\/div>\n\n\t\t<\/div>\n\t<\/article>\n\n\n\n\t<article id=\"post-17181\" class=\"post-item post-17181 post type-post status-publish format-standard has-post-thumbnail hentry category-broadcast-midia category-eventos-br tag-audimus-media-br tag-audimus-server-br tag-mms-broadcast-br tag-noticias-br tag-set-expo_br tag-voiceinteraction-brasil\">\n\t\t<div class=\"post-container\">\n\t\t\t\n\t\t\t<div class=\"post-meta-thumb\">\n\t\t\t\t<img loading=\"lazy\" decoding=\"async\" width=\"800\" height=\"370\" src=\"https:\/\/voice-interaction.com\/tmp-web\/wp-content\/uploads\/2018\/08\/Banner_VI_SET19_BR.jpg\" class=\"attachment-large size-large wp-post-image\" alt=\"\" srcset=\"https:\/\/voice-interaction.com\/tmp-web\/wp-content\/uploads\/2018\/08\/Banner_VI_SET19_BR.jpg 800w, https:\/\/voice-interaction.com\/tmp-web\/wp-content\/uploads\/2018\/08\/Banner_VI_SET19_BR-300x139.jpg 300w, https:\/\/voice-interaction.com\/tmp-web\/wp-content\/uploads\/2018\/08\/Banner_VI_SET19_BR-768x355.jpg 768w\" sizes=\"auto, (max-width: 800px) 100vw, 800px\" \/>\t\t\t\t\n        <div class=\"sh-overlay-style1\">\n            <div class=\"sh-table-full\">\n                                    <a href=\"https:\/\/voice-interaction.com\/tmp-web\/br\/visite-nos-na-set-expo-2019\/\" class=\"sh-overlay-item sh-table-cell\" title=\"Open the article - J\u00e1 preparou a sua visita \u00e0 SET Expo? Estamos no Estande 90!\">\n                        <div class=\"sh-overlay-item-container\">\n                            <i class=\"icon-link\"><\/i>\n                        <\/div>\n                    <\/a>\n                \n                                    <a href=\"https:\/\/voice-interaction.com\/tmp-web\/wp-content\/uploads\/2018\/08\/Banner_VI_SET19_BR.jpg\" class=\"sh-overlay-item sh-table-cell\" data-rel=\"lightcase\">\n                        <div class=\"sh-overlay-item-container\">\n                            <i class=\"icon-magnifier-add\"><\/i>\n                        <\/div>\n                    <\/a>\n                            <\/div>\n        <\/div>\n\n    \t\t\t<\/div>\n\n\t\t\t<div class=\"post-content-container\">\n\n\t\t\t\t<div class=\"post-meta post-meta-one\">\n\t\t\t\t\t\n        <span class=\"post-meta-author\">\n            by            <a href=\"https:\/\/voice-interaction.com\/tmp-web\/br\/author\/ritaferreira\/\" class=\"bypostauthor\" itemprop=\"url\" rel=\"author\">\n                ritaferreira            <\/a>\n        <\/span>\n\n                    <time class=\"updated semantic\" itemprop=\"dateModified\" datetime=\"2019-08-27T11:58:28+00:00\"><\/time>\n            <a href=\"https:\/\/voice-interaction.com\/tmp-web\/br\/visite-nos-na-set-expo-2019\/\" class=\"post-meta-date sh-default-color\">agosto 19, 2019<\/a>\n        \n    \t\t\t\t<\/div>\n\n\t\t\t\t<a href=\"https:\/\/voice-interaction.com\/tmp-web\/br\/visite-nos-na-set-expo-2019\/\" class=\"post-title\">\n\t\t\t\t\t<h2>\n\t\t\t\t\t\t\t\t\t\t\t\tJ\u00e1 preparou a sua visita \u00e0 SET Expo? Estamos no Estande 90!\t\t\t\t\t<\/h2>\n\t\t\t\t<\/a>\n\n\t\t\t\t<div class=\"post-content\">\n\t\t\t\t\t\t\t\t\t\t\tA VoiceInteraction Brasil estar\u00e1 presente em mais uma edi\u00e7\u00e3o da SET Expo em S\u00e3o Paulo, de&hellip;\t\t\t\t\t\t\t\t\t<\/div>\n\n\t\t\t\t<div class=\"post-meta post-meta-two\">\n\t\t\t\t\t\n        <div class=\"sh-columns post-meta-comments\">\n            <span class=\"post-meta-categories\">\n                <i class=\"icon-tag\"><\/i>\n                <a href=\"https:\/\/voice-interaction.com\/tmp-web\/br\/category\/industrias_br\/broadcast-midia\/\" rel=\"category tag\">Broadcast &amp; M\u00eddia<\/a>, <a href=\"https:\/\/voice-interaction.com\/tmp-web\/br\/category\/empresa\/eventos-br\/\" rel=\"category tag\">Eventos<\/a>            <\/span>\n\n                            <div><\/div>\n                    <\/div>\n\n    \t\t\t\t<\/div>\n\t\t\t<\/div>\n\n\t\t<\/div>\n\t<\/article>\n\n\n\n\t<article id=\"post-16884\" class=\"post-item post-16884 post type-post status-publish format-standard has-post-thumbnail hentry category-broadcast-midia category-empresa category-eventos-br category-noticias-empresa tag-audimus-media-br tag-audimus-server-br tag-broadcast-monitoring-eu-br tag-legendagem-ao-vivo tag-nab-br tag-noticias-br\">\n\t\t<div class=\"post-container\">\n\t\t\t\n\t\t\t<div class=\"post-meta-thumb\">\n\t\t\t\t<img loading=\"lazy\" decoding=\"async\" width=\"1024\" height=\"683\" src=\"https:\/\/voice-interaction.com\/tmp-web\/wp-content\/uploads\/2019\/05\/DSC09733-1-1024x683.jpg\" class=\"attachment-large size-large wp-post-image\" alt=\"\" srcset=\"https:\/\/voice-interaction.com\/tmp-web\/wp-content\/uploads\/2019\/05\/DSC09733-1-1024x683.jpg 1024w, https:\/\/voice-interaction.com\/tmp-web\/wp-content\/uploads\/2019\/05\/DSC09733-1-300x200.jpg 300w, https:\/\/voice-interaction.com\/tmp-web\/wp-content\/uploads\/2019\/05\/DSC09733-1-768x512.jpg 768w\" sizes=\"auto, (max-width: 1024px) 100vw, 1024px\" \/>\t\t\t\t\n        <div class=\"sh-overlay-style1\">\n            <div class=\"sh-table-full\">\n                                    <a href=\"https:\/\/voice-interaction.com\/tmp-web\/br\/a-primeira-experiencia-na-cmip-area-nab-show-2019\/\" class=\"sh-overlay-item sh-table-cell\" title=\"Open the article - A primeira experi\u00eancia na CM|IP Area | NAB Show 2019\">\n                        <div class=\"sh-overlay-item-container\">\n                            <i class=\"icon-link\"><\/i>\n                        <\/div>\n                    <\/a>\n                \n                                    <a href=\"https:\/\/voice-interaction.com\/tmp-web\/wp-content\/uploads\/2019\/05\/DSC09733-1-1024x683.jpg\" class=\"sh-overlay-item sh-table-cell\" data-rel=\"lightcase\">\n                        <div class=\"sh-overlay-item-container\">\n                            <i class=\"icon-magnifier-add\"><\/i>\n                        <\/div>\n                    <\/a>\n                            <\/div>\n        <\/div>\n\n    \t\t\t<\/div>\n\n\t\t\t<div class=\"post-content-container\">\n\n\t\t\t\t<div class=\"post-meta post-meta-one\">\n\t\t\t\t\t\n        <span class=\"post-meta-author\">\n            by            <a href=\"https:\/\/voice-interaction.com\/tmp-web\/br\/author\/mariana\/\" class=\"bypostauthor\" itemprop=\"url\" rel=\"author\">\n                Mariana            <\/a>\n        <\/span>\n\n                    <time class=\"updated semantic\" itemprop=\"dateModified\" datetime=\"2019-05-09T15:50:18+00:00\"><\/time>\n            <a href=\"https:\/\/voice-interaction.com\/tmp-web\/br\/a-primeira-experiencia-na-cmip-area-nab-show-2019\/\" class=\"post-meta-date sh-default-color\">maio 9, 2019<\/a>\n        \n    \t\t\t\t<\/div>\n\n\t\t\t\t<a href=\"https:\/\/voice-interaction.com\/tmp-web\/br\/a-primeira-experiencia-na-cmip-area-nab-show-2019\/\" class=\"post-title\">\n\t\t\t\t\t<h2>\n\t\t\t\t\t\t\t\t\t\t\t\tA primeira experi\u00eancia na CM|IP Area | NAB Show 2019\t\t\t\t\t<\/h2>\n\t\t\t\t<\/a>\n\n\t\t\t\t<div class=\"post-content\">\n\t\t\t\t\t\t\t\t\t\t\tA edi\u00e7\u00e3o da&nbsp;NAB Show deste ano foi muito especial para a VoiceInteraction pois decidimos que faria&hellip;\t\t\t\t\t\t\t\t\t<\/div>\n\n\t\t\t\t<div class=\"post-meta post-meta-two\">\n\t\t\t\t\t\n        <div class=\"sh-columns post-meta-comments\">\n            <span class=\"post-meta-categories\">\n                <i class=\"icon-tag\"><\/i>\n                <a href=\"https:\/\/voice-interaction.com\/tmp-web\/br\/category\/industrias_br\/broadcast-midia\/\" rel=\"category tag\">Broadcast &amp; M\u00eddia<\/a>, <a href=\"https:\/\/voice-interaction.com\/tmp-web\/br\/category\/empresa\/\" rel=\"category tag\">Empresa<\/a>, <a href=\"https:\/\/voice-interaction.com\/tmp-web\/br\/category\/empresa\/eventos-br\/\" rel=\"category tag\">Eventos<\/a>, <a href=\"https:\/\/voice-interaction.com\/tmp-web\/br\/category\/empresa\/noticias-empresa\/\" rel=\"category tag\">Not\u00edcias Empresa<\/a>            <\/span>\n\n                            <div><\/div>\n                    <\/div>\n\n    \t\t\t\t<\/div>\n\t\t\t<\/div>\n\n\t\t<\/div>\n\t<\/article>\n\n\n\n\t<article id=\"post-16477\" class=\"post-item post-16477 post type-post status-publish format-video has-post-thumbnail hentry category-broadcast-midia category-eventos-br category-noticias-empresa tag-audimus-media-br tag-audimus-server-br tag-broadcast-monitoring-eu-br tag-compliance-recording-eu-br tag-legendagem-ao-vivo tag-legendas-ao-vivo tag-live-streaming-br tag-mms-broadcast-br tag-nab-br tag-noticias-br tag-speech-recognition-eu-br tag-subtitling-regulation-br tag-voiceinteraction-brasil post_format-post-format-video\" itemscope=\"itemscope\" itemtype=\"http:\/\/schema.org\/Article\">\n\t\t<div class=\"post-container\">\n\t\t\t\n\t\t\t\n\t<div class=\"post-meta-video\">\n\t\t<div class=\"ratio-container\">\n\t\t\t<div class=\"ratio-content\">\n\t\t\t\t<iframe loading=\"lazy\" title=\"Obrigada, NAB Show 2019!\" width=\"500\" height=\"281\" src=\"https:\/\/www.youtube.com\/embed\/jcxl4bZk990?feature=oembed\" frameborder=\"0\" allow=\"accelerometer; autoplay; clipboard-write; encrypted-media; gyroscope; picture-in-picture; web-share\" referrerpolicy=\"strict-origin-when-cross-origin\" allowfullscreen><\/iframe>\n\t\t\t<\/div>\n\t\t<\/div>\n\t<\/div>\n\t\t\t<div class=\"post-content-container\">\n\t\t\t\t<div class=\"post-meta post-meta-one\">\n\t\t\t\t\t\n        <span class=\"post-meta-author\">\n            by            <a href=\"https:\/\/voice-interaction.com\/tmp-web\/br\/author\/mariana\/\" class=\"bypostauthor\" itemprop=\"url\" rel=\"author\">\n                Mariana            <\/a>\n        <\/span>\n\n                    <time class=\"updated semantic\" itemprop=\"dateModified\" datetime=\"2019-10-09T11:52:00+00:00\"><\/time>\n            <a href=\"https:\/\/voice-interaction.com\/tmp-web\/br\/obrigada-nab-show-2019\/\" class=\"post-meta-date sh-default-color\">abril 18, 2019<\/a>\n        \n    \t\t\t\t<\/div>\n\n\t\t\t\t<a href=\"https:\/\/voice-interaction.com\/tmp-web\/br\/obrigada-nab-show-2019\/\" class=\"post-title\">\n\t\t\t\t\t<h2 itemprop=\"headline\">\n\t\t\t\t\t\t\t\t\t\t\t\tObrigada, NAB Show 2019!\t\t\t\t\t<\/h2>\n\t\t\t\t<\/a>\n\n\t\t\t\t<div class=\"post-content\" itemprop=\"text\">\n\t\t\t\t\t\t\t\t\t\t\tUm especial agradecimento \u00e0 NAB Show aos nossos visitantes! Contacte-nos para saber mais!\u00a0\t\t\t\t\t\t\t\t\t<\/div>\n\n\t\t\t\t<div class=\"post-meta post-meta-two\">\n\t\t\t\t\t\n        <div class=\"sh-columns post-meta-comments\">\n            <span class=\"post-meta-categories\">\n                <i class=\"icon-tag\"><\/i>\n                <a href=\"https:\/\/voice-interaction.com\/tmp-web\/br\/category\/industrias_br\/broadcast-midia\/\" rel=\"category tag\">Broadcast &amp; M\u00eddia<\/a>, <a href=\"https:\/\/voice-interaction.com\/tmp-web\/br\/category\/empresa\/eventos-br\/\" rel=\"category tag\">Eventos<\/a>, <a href=\"https:\/\/voice-interaction.com\/tmp-web\/br\/category\/empresa\/noticias-empresa\/\" rel=\"category tag\">Not\u00edcias Empresa<\/a>            <\/span>\n\n                            <div><\/div>\n                    <\/div>\n\n    \t\t\t\t<\/div>\n\t\t\t<\/div>\n\n\t\t<\/div>\n\t<\/article>\n\n\n\n\t<article id=\"post-16366\" class=\"post-item post-16366 post type-post status-publish format-standard has-post-thumbnail hentry category-empresa category-eventos-br category-noticias-empresa tag-audimus-media-br tag-audimus-server-br tag-broadcast-monitoring-eu-br tag-compliance-recording-eu-br tag-mms-broadcast-br tag-nab-br tag-noticias-br tag-speech-recognition-eu-br\">\n\t\t<div class=\"post-container\">\n\t\t\t\n\t\t\t<div class=\"post-meta-thumb\">\n\t\t\t\t<img loading=\"lazy\" decoding=\"async\" width=\"800\" height=\"435\" src=\"https:\/\/voice-interaction.com\/tmp-web\/wp-content\/uploads\/2019\/04\/Banner_ThankYou_NAB19.png\" class=\"attachment-large size-large wp-post-image\" alt=\"\" srcset=\"https:\/\/voice-interaction.com\/tmp-web\/wp-content\/uploads\/2019\/04\/Banner_ThankYou_NAB19.png 800w, https:\/\/voice-interaction.com\/tmp-web\/wp-content\/uploads\/2019\/04\/Banner_ThankYou_NAB19-300x163.png 300w, https:\/\/voice-interaction.com\/tmp-web\/wp-content\/uploads\/2019\/04\/Banner_ThankYou_NAB19-768x418.png 768w\" sizes=\"auto, (max-width: 800px) 100vw, 800px\" \/>\t\t\t\t\n        <div class=\"sh-overlay-style1\">\n            <div class=\"sh-table-full\">\n                                    <a href=\"https:\/\/voice-interaction.com\/tmp-web\/br\/obrigada-pela-sua-visita-ao-nosso-stand-da-nab-show-2019-em-las-vegas\/\" class=\"sh-overlay-item sh-table-cell\" title=\"Open the article - Obrigada pela sua visita ao nosso stand da NAB Show 2019, em Las Vegas!\">\n                        <div class=\"sh-overlay-item-container\">\n                            <i class=\"icon-link\"><\/i>\n                        <\/div>\n                    <\/a>\n                \n                                    <a href=\"https:\/\/voice-interaction.com\/tmp-web\/wp-content\/uploads\/2019\/04\/Banner_ThankYou_NAB19.png\" class=\"sh-overlay-item sh-table-cell\" data-rel=\"lightcase\">\n                        <div class=\"sh-overlay-item-container\">\n                            <i class=\"icon-magnifier-add\"><\/i>\n                        <\/div>\n                    <\/a>\n                            <\/div>\n        <\/div>\n\n    \t\t\t<\/div>\n\n\t\t\t<div class=\"post-content-container\">\n\n\t\t\t\t<div class=\"post-meta post-meta-one\">\n\t\t\t\t\t\n        <span class=\"post-meta-author\">\n            by            <a href=\"https:\/\/voice-interaction.com\/tmp-web\/br\/author\/mariana\/\" class=\"bypostauthor\" itemprop=\"url\" rel=\"author\">\n                Mariana            <\/a>\n        <\/span>\n\n                    <time class=\"updated semantic\" itemprop=\"dateModified\" datetime=\"2019-04-30T10:45:44+00:00\"><\/time>\n            <a href=\"https:\/\/voice-interaction.com\/tmp-web\/br\/obrigada-pela-sua-visita-ao-nosso-stand-da-nab-show-2019-em-las-vegas\/\" class=\"post-meta-date sh-default-color\">abril 17, 2019<\/a>\n        \n    \t\t\t\t<\/div>\n\n\t\t\t\t<a href=\"https:\/\/voice-interaction.com\/tmp-web\/br\/obrigada-pela-sua-visita-ao-nosso-stand-da-nab-show-2019-em-las-vegas\/\" class=\"post-title\">\n\t\t\t\t\t<h2>\n\t\t\t\t\t\t\t\t\t\t\t\tObrigada pela sua visita ao nosso stand da NAB Show 2019, em Las Vegas!\t\t\t\t\t<\/h2>\n\t\t\t\t<\/a>\n\n\t\t\t\t<div class=\"post-content\">\n\t\t\t\t\t\t\t\t\t\t\tAgora que o grande evento da NAB Show j\u00e1 passou, queremos agradecer-lhe pela sua visita ao&hellip;\t\t\t\t\t\t\t\t\t<\/div>\n\n\t\t\t\t<div class=\"post-meta post-meta-two\">\n\t\t\t\t\t\n        <div class=\"sh-columns post-meta-comments\">\n            <span class=\"post-meta-categories\">\n                <i class=\"icon-tag\"><\/i>\n                <a href=\"https:\/\/voice-interaction.com\/tmp-web\/br\/category\/empresa\/\" rel=\"category tag\">Empresa<\/a>, <a href=\"https:\/\/voice-interaction.com\/tmp-web\/br\/category\/empresa\/eventos-br\/\" rel=\"category tag\">Eventos<\/a>, <a href=\"https:\/\/voice-interaction.com\/tmp-web\/br\/category\/empresa\/noticias-empresa\/\" rel=\"category tag\">Not\u00edcias Empresa<\/a>            <\/span>\n\n                            <div><\/div>\n                    <\/div>\n\n    \t\t\t\t<\/div>\n\t\t\t<\/div>\n\n\t\t<\/div>\n\t<\/article>\n\n\n\n\t<article id=\"post-16435\" class=\"post-item post-16435 post type-post status-publish format-standard has-post-thumbnail hentry category-empresa category-eventos-br category-noticias-empresa tag-audimus-media-br tag-audimus-server-br tag-broadcast-monitoring-eu-br tag-legendagem-ao-vivo tag-live-streaming-br tag-mms-broadcast-br tag-nab-br tag-noticias-br tag-speech-recognition-eu-br tag-subtitling-regulation-br\">\n\t\t<div class=\"post-container\">\n\t\t\t\n\t\t\t<div class=\"post-meta-thumb\">\n\t\t\t\t<img loading=\"lazy\" decoding=\"async\" width=\"866\" height=\"1024\" src=\"https:\/\/voice-interaction.com\/tmp-web\/wp-content\/uploads\/2019\/05\/cmip-debate-866x1024.jpg\" class=\"attachment-large size-large wp-post-image\" alt=\"\" srcset=\"https:\/\/voice-interaction.com\/tmp-web\/wp-content\/uploads\/2019\/05\/cmip-debate-866x1024.jpg 866w, https:\/\/voice-interaction.com\/tmp-web\/wp-content\/uploads\/2019\/05\/cmip-debate-254x300.jpg 254w, https:\/\/voice-interaction.com\/tmp-web\/wp-content\/uploads\/2019\/05\/cmip-debate-768x908.jpg 768w, https:\/\/voice-interaction.com\/tmp-web\/wp-content\/uploads\/2019\/05\/cmip-debate.jpg 1439w\" sizes=\"auto, (max-width: 866px) 100vw, 866px\" \/>\t\t\t\t\n        <div class=\"sh-overlay-style1\">\n            <div class=\"sh-table-full\">\n                                    <a href=\"https:\/\/voice-interaction.com\/tmp-web\/br\/cmip-debate-theater-nab-show-19-machine-learning-e-a-sua-presenca-na-tv\/\" class=\"sh-overlay-item sh-table-cell\" title=\"Open the article - CM|IP Debate Theater | NAB Show 19 | Machine Learning e a sua presen\u00e7a na TV\">\n                        <div class=\"sh-overlay-item-container\">\n                            <i class=\"icon-link\"><\/i>\n                        <\/div>\n                    <\/a>\n                \n                                    <a href=\"https:\/\/voice-interaction.com\/tmp-web\/wp-content\/uploads\/2019\/05\/cmip-debate-866x1024.jpg\" class=\"sh-overlay-item sh-table-cell\" data-rel=\"lightcase\">\n                        <div class=\"sh-overlay-item-container\">\n                            <i class=\"icon-magnifier-add\"><\/i>\n                        <\/div>\n                    <\/a>\n                            <\/div>\n        <\/div>\n\n    \t\t\t<\/div>\n\n\t\t\t<div class=\"post-content-container\">\n\n\t\t\t\t<div class=\"post-meta post-meta-one\">\n\t\t\t\t\t\n        <span class=\"post-meta-author\">\n            by            <a href=\"https:\/\/voice-interaction.com\/tmp-web\/br\/author\/mariana\/\" class=\"bypostauthor\" itemprop=\"url\" rel=\"author\">\n                Mariana            <\/a>\n        <\/span>\n\n                    <time class=\"updated semantic\" itemprop=\"dateModified\" datetime=\"2019-05-06T09:51:43+00:00\"><\/time>\n            <a href=\"https:\/\/voice-interaction.com\/tmp-web\/br\/cmip-debate-theater-nab-show-19-machine-learning-e-a-sua-presenca-na-tv\/\" class=\"post-meta-date sh-default-color\">abril 11, 2019<\/a>\n        \n    \t\t\t\t<\/div>\n\n\t\t\t\t<a href=\"https:\/\/voice-interaction.com\/tmp-web\/br\/cmip-debate-theater-nab-show-19-machine-learning-e-a-sua-presenca-na-tv\/\" class=\"post-title\">\n\t\t\t\t\t<h2>\n\t\t\t\t\t\t\t\t\t\t\t\tCM|IP Debate Theater | NAB Show 19 | Machine Learning e a sua presen\u00e7a na TV\t\t\t\t\t<\/h2>\n\t\t\t\t<\/a>\n\n\t\t\t\t<div class=\"post-content\">\n\t\t\t\t\t\t\t\t\t\t\tNo nosso segundo dia na NAB Show, a presen\u00e7a da VoiceInteraction no Connected Media IP foi&hellip;\t\t\t\t\t\t\t\t\t<\/div>\n\n\t\t\t\t<div class=\"post-meta post-meta-two\">\n\t\t\t\t\t\n        <div class=\"sh-columns post-meta-comments\">\n            <span class=\"post-meta-categories\">\n                <i class=\"icon-tag\"><\/i>\n                <a href=\"https:\/\/voice-interaction.com\/tmp-web\/br\/category\/empresa\/\" rel=\"category tag\">Empresa<\/a>, <a href=\"https:\/\/voice-interaction.com\/tmp-web\/br\/category\/empresa\/eventos-br\/\" rel=\"category tag\">Eventos<\/a>, <a href=\"https:\/\/voice-interaction.com\/tmp-web\/br\/category\/empresa\/noticias-empresa\/\" rel=\"category tag\">Not\u00edcias Empresa<\/a>            <\/span>\n\n                            <div><\/div>\n                    <\/div>\n\n    \t\t\t\t<\/div>\n\t\t\t<\/div>\n\n\t\t<\/div>\n\t<\/article>\n\n\n\n\t<article id=\"post-16269\" class=\"post-item post-16269 post type-post status-publish format-standard has-post-thumbnail hentry category-eventos-br tag-audimus-media-br tag-audimus-server-br tag-broadcast-monitoring-eu-br tag-nab-br tag-noticias-br tag-speech-recognition-eu-br\">\n\t\t<div class=\"post-container\">\n\t\t\t\n\t\t\t<div class=\"post-meta-thumb\">\n\t\t\t\t<img loading=\"lazy\" decoding=\"async\" width=\"1024\" height=\"356\" src=\"https:\/\/voice-interaction.com\/tmp-web\/wp-content\/uploads\/2019\/03\/Banner_VI_BR-1024x356.jpg\" class=\"attachment-large size-large wp-post-image\" alt=\"\" srcset=\"https:\/\/voice-interaction.com\/tmp-web\/wp-content\/uploads\/2019\/03\/Banner_VI_BR-1024x356.jpg 1024w, https:\/\/voice-interaction.com\/tmp-web\/wp-content\/uploads\/2019\/03\/Banner_VI_BR-300x104.jpg 300w, https:\/\/voice-interaction.com\/tmp-web\/wp-content\/uploads\/2019\/03\/Banner_VI_BR-768x267.jpg 768w, https:\/\/voice-interaction.com\/tmp-web\/wp-content\/uploads\/2019\/03\/Banner_VI_BR.jpg 1440w\" sizes=\"auto, (max-width: 1024px) 100vw, 1024px\" \/>\t\t\t\t\n        <div class=\"sh-overlay-style1\">\n            <div class=\"sh-table-full\">\n                                    <a href=\"https:\/\/voice-interaction.com\/tmp-web\/br\/tem-sua-visita-a-nab-planejada-visite-nos-stand-su2721\/\" class=\"sh-overlay-item sh-table-cell\" title=\"Open the article - Tem sua visita \u00e0 NAB planejada? Visite-nos &#8211; Stand SU2721!\">\n                        <div class=\"sh-overlay-item-container\">\n                            <i class=\"icon-link\"><\/i>\n                        <\/div>\n                    <\/a>\n                \n                                    <a href=\"https:\/\/voice-interaction.com\/tmp-web\/wp-content\/uploads\/2019\/03\/Banner_VI_BR-1024x356.jpg\" class=\"sh-overlay-item sh-table-cell\" data-rel=\"lightcase\">\n                        <div class=\"sh-overlay-item-container\">\n                            <i class=\"icon-magnifier-add\"><\/i>\n                        <\/div>\n                    <\/a>\n                            <\/div>\n        <\/div>\n\n    \t\t\t<\/div>\n\n\t\t\t<div class=\"post-content-container\">\n\n\t\t\t\t<div class=\"post-meta post-meta-one\">\n\t\t\t\t\t\n        <span class=\"post-meta-author\">\n            by            <a href=\"https:\/\/voice-interaction.com\/tmp-web\/br\/author\/mariana\/\" class=\"bypostauthor\" itemprop=\"url\" rel=\"author\">\n                Mariana            <\/a>\n        <\/span>\n\n                    <time class=\"updated semantic\" itemprop=\"dateModified\" datetime=\"2019-03-31T01:10:10+00:00\"><\/time>\n            <a href=\"https:\/\/voice-interaction.com\/tmp-web\/br\/tem-sua-visita-a-nab-planejada-visite-nos-stand-su2721\/\" class=\"post-meta-date sh-default-color\">mar\u00e7o 27, 2019<\/a>\n        \n    \t\t\t\t<\/div>\n\n\t\t\t\t<a href=\"https:\/\/voice-interaction.com\/tmp-web\/br\/tem-sua-visita-a-nab-planejada-visite-nos-stand-su2721\/\" class=\"post-title\">\n\t\t\t\t\t<h2>\n\t\t\t\t\t\t\t\t\t\t\t\tTem sua visita \u00e0 NAB planejada? Visite-nos &#8211; Stand SU2721!\t\t\t\t\t<\/h2>\n\t\t\t\t<\/a>\n\n\t\t\t\t<div class=\"post-content\">\n\t\t\t\t\t\t\t\t\t\t\tComo todos sabem, a NAB Las Vegas est\u00e1 quase a\u00ed e a VoiceInteraction Brasil estar\u00e1 presente&hellip;\t\t\t\t\t\t\t\t\t<\/div>\n\n\t\t\t\t<div class=\"post-meta post-meta-two\">\n\t\t\t\t\t\n        <div class=\"sh-columns post-meta-comments\">\n            <span class=\"post-meta-categories\">\n                <i class=\"icon-tag\"><\/i>\n                <a href=\"https:\/\/voice-interaction.com\/tmp-web\/br\/category\/empresa\/eventos-br\/\" rel=\"category tag\">Eventos<\/a>            <\/span>\n\n                            <div><\/div>\n                    <\/div>\n\n    \t\t\t\t<\/div>\n\t\t\t<\/div>\n\n\t\t<\/div>\n\t<\/article>\n\n\n\n\t<article id=\"post-15721\" class=\"post-item post-15721 post type-post status-publish format-video hentry category-empresa category-eventos-br category-noticias-empresa tag-noticias-br post_format-post-format-video\" itemscope=\"itemscope\" itemtype=\"http:\/\/schema.org\/Article\">\n\t\t<div class=\"post-container\">\n\t\t\t\n\t\t\t\n\t<div class=\"post-meta-video\">\n\t\t<div class=\"ratio-container\">\n\t\t\t<div class=\"ratio-content\">\n\t\t\t\t<iframe loading=\"lazy\" title=\"IABM | Annual Member Interview with our CEO\" width=\"500\" height=\"281\" src=\"https:\/\/www.youtube.com\/embed\/5e8z48KqF8k?feature=oembed\" frameborder=\"0\" allow=\"accelerometer; autoplay; clipboard-write; encrypted-media; gyroscope; picture-in-picture; web-share\" referrerpolicy=\"strict-origin-when-cross-origin\" allowfullscreen><\/iframe>\n\t\t\t<\/div>\n\t\t<\/div>\n\t<\/div>\n\t\t\t<div class=\"post-content-container\">\n\t\t\t\t<div class=\"post-meta post-meta-one\">\n\t\t\t\t\t\n        <span class=\"post-meta-author\">\n            by            <a href=\"https:\/\/voice-interaction.com\/tmp-web\/br\/author\/mariana\/\" class=\"bypostauthor\" itemprop=\"url\" rel=\"author\">\n                Mariana            <\/a>\n        <\/span>\n\n                    <time class=\"updated semantic\" itemprop=\"dateModified\" datetime=\"2018-10-31T15:21:43+00:00\"><\/time>\n            <a href=\"https:\/\/voice-interaction.com\/tmp-web\/br\/entrevista-anual-da-iabm-durante-a-nab-show-nova-iorque-2018\/\" class=\"post-meta-date sh-default-color\">outubro 31, 2018<\/a>\n        \n    \t\t\t\t<\/div>\n\n\t\t\t\t<a href=\"https:\/\/voice-interaction.com\/tmp-web\/br\/entrevista-anual-da-iabm-durante-a-nab-show-nova-iorque-2018\/\" class=\"post-title\">\n\t\t\t\t\t<h2 itemprop=\"headline\">\n\t\t\t\t\t\t\t\t\t\t\t\tEntrevista anual da IABM durante a NAB Show Nova Iorque 2018!\t\t\t\t\t<\/h2>\n\t\t\t\t<\/a>\n\n\t\t\t\t<div class=\"post-content\" itemprop=\"text\">\n\t\t\t\t\t\t\t\t\t\t\tFoi durante a NAB Show em Nova Iorque, que o nosso CEO, Jo\u00e3o Paulo Neto, concedeu...\t\t\t\t\t\t\t\t\t<\/div>\n\n\t\t\t\t<div class=\"post-meta post-meta-two\">\n\t\t\t\t\t\n        <div class=\"sh-columns post-meta-comments\">\n            <span class=\"post-meta-categories\">\n                <i class=\"icon-tag\"><\/i>\n                <a href=\"https:\/\/voice-interaction.com\/tmp-web\/br\/category\/empresa\/\" rel=\"category tag\">Empresa<\/a>, <a href=\"https:\/\/voice-interaction.com\/tmp-web\/br\/category\/empresa\/eventos-br\/\" rel=\"category tag\">Eventos<\/a>, <a href=\"https:\/\/voice-interaction.com\/tmp-web\/br\/category\/empresa\/noticias-empresa\/\" rel=\"category tag\">Not\u00edcias Empresa<\/a>            <\/span>\n\n                            <div><\/div>\n                    <\/div>\n\n    \t\t\t\t<\/div>\n\t\t\t<\/div>\n\n\t\t<\/div>\n\t<\/article>\n\n\n\n\t<article id=\"post-15612\" class=\"post-item post-15612 post type-post status-publish format-standard has-post-thumbnail hentry category-eventos-br tag-audimus-media-br tag-broadcast-monitoring-eu-br tag-compliance-recording-eu-br tag-legendagem-ao-vivo tag-nab-br tag-noticias-br tag-speech-recognition-eu-br tag-subtitling-regulation-br\">\n\t\t<div class=\"post-container\">\n\t\t\t\n\t\t\t<div class=\"post-meta-thumb\">\n\t\t\t\t<img loading=\"lazy\" decoding=\"async\" width=\"842\" height=\"340\" src=\"https:\/\/voice-interaction.com\/tmp-web\/wp-content\/uploads\/2018\/10\/Voiceinteraction-NAB-NY-email_02.jpg\" class=\"attachment-large size-large wp-post-image\" alt=\"\" srcset=\"https:\/\/voice-interaction.com\/tmp-web\/wp-content\/uploads\/2018\/10\/Voiceinteraction-NAB-NY-email_02.jpg 842w, https:\/\/voice-interaction.com\/tmp-web\/wp-content\/uploads\/2018\/10\/Voiceinteraction-NAB-NY-email_02-300x121.jpg 300w, https:\/\/voice-interaction.com\/tmp-web\/wp-content\/uploads\/2018\/10\/Voiceinteraction-NAB-NY-email_02-768x310.jpg 768w\" sizes=\"auto, (max-width: 842px) 100vw, 842px\" \/>\t\t\t\t\n        <div class=\"sh-overlay-style1\">\n            <div class=\"sh-table-full\">\n                                    <a href=\"https:\/\/voice-interaction.com\/tmp-web\/br\/obrigado-pela-sua-visita-na-nab-show-nova-iorque\/\" class=\"sh-overlay-item sh-table-cell\" title=\"Open the article - Obrigado pela sua visita na NAB Show Nova Iorque!\">\n                        <div class=\"sh-overlay-item-container\">\n                            <i class=\"icon-link\"><\/i>\n                        <\/div>\n                    <\/a>\n                \n                                    <a href=\"https:\/\/voice-interaction.com\/tmp-web\/wp-content\/uploads\/2018\/10\/Voiceinteraction-NAB-NY-email_02.jpg\" class=\"sh-overlay-item sh-table-cell\" data-rel=\"lightcase\">\n                        <div class=\"sh-overlay-item-container\">\n                            <i class=\"icon-magnifier-add\"><\/i>\n                        <\/div>\n                    <\/a>\n                            <\/div>\n        <\/div>\n\n    \t\t\t<\/div>\n\n\t\t\t<div class=\"post-content-container\">\n\n\t\t\t\t<div class=\"post-meta post-meta-one\">\n\t\t\t\t\t\n        <span class=\"post-meta-author\">\n            by            <a href=\"https:\/\/voice-interaction.com\/tmp-web\/br\/author\/mariana\/\" class=\"bypostauthor\" itemprop=\"url\" rel=\"author\">\n                Mariana            <\/a>\n        <\/span>\n\n                    <time class=\"updated semantic\" itemprop=\"dateModified\" datetime=\"2018-10-24T15:02:25+00:00\"><\/time>\n            <a href=\"https:\/\/voice-interaction.com\/tmp-web\/br\/obrigado-pela-sua-visita-na-nab-show-nova-iorque\/\" class=\"post-meta-date sh-default-color\">outubro 23, 2018<\/a>\n        \n    \t\t\t\t<\/div>\n\n\t\t\t\t<a href=\"https:\/\/voice-interaction.com\/tmp-web\/br\/obrigado-pela-sua-visita-na-nab-show-nova-iorque\/\" class=\"post-title\">\n\t\t\t\t\t<h2>\n\t\t\t\t\t\t\t\t\t\t\t\tObrigado pela sua visita na NAB Show Nova Iorque!\t\t\t\t\t<\/h2>\n\t\t\t\t<\/a>\n\n\t\t\t\t<div class=\"post-content\">\n\t\t\t\t\t\t\t\t\t\t\tA NAB Show Nova Iorque terminou no dia 18 de Outubro e a VoiceInteraction agradece a&hellip;\t\t\t\t\t\t\t\t\t<\/div>\n\n\t\t\t\t<div class=\"post-meta post-meta-two\">\n\t\t\t\t\t\n        <div class=\"sh-columns post-meta-comments\">\n            <span class=\"post-meta-categories\">\n                <i class=\"icon-tag\"><\/i>\n                <a href=\"https:\/\/voice-interaction.com\/tmp-web\/br\/category\/empresa\/eventos-br\/\" rel=\"category tag\">Eventos<\/a>            <\/span>\n\n                            <div><\/div>\n                    <\/div>\n\n    \t\t\t\t<\/div>\n\t\t\t<\/div>\n\n\t\t<\/div>\n\t<\/article>\n\n\n\n\t<article id=\"post-15496\" class=\"post-item post-15496 post type-post status-publish format-standard has-post-thumbnail hentry category-empresa tag-audimus-media-br tag-audimus-server-br tag-mms-broadcast-br tag-nab-br tag-noticias-br\">\n\t\t<div class=\"post-container\">\n\t\t\t\n\t\t\t<div class=\"post-meta-thumb\">\n\t\t\t\t<img loading=\"lazy\" decoding=\"async\" width=\"1024\" height=\"408\" src=\"https:\/\/voice-interaction.com\/tmp-web\/wp-content\/uploads\/2018\/03\/VI-NABNY-2018-v01-1024x408.jpg\" class=\"attachment-large size-large wp-post-image\" alt=\"\" srcset=\"https:\/\/voice-interaction.com\/tmp-web\/wp-content\/uploads\/2018\/03\/VI-NABNY-2018-v01-1024x408.jpg 1024w, https:\/\/voice-interaction.com\/tmp-web\/wp-content\/uploads\/2018\/03\/VI-NABNY-2018-v01-300x120.jpg 300w, https:\/\/voice-interaction.com\/tmp-web\/wp-content\/uploads\/2018\/03\/VI-NABNY-2018-v01-768x306.jpg 768w, https:\/\/voice-interaction.com\/tmp-web\/wp-content\/uploads\/2018\/03\/VI-NABNY-2018-v01.jpg 2048w\" sizes=\"auto, (max-width: 1024px) 100vw, 1024px\" \/>\t\t\t\t\n        <div class=\"sh-overlay-style1\">\n            <div class=\"sh-table-full\">\n                                    <a href=\"https:\/\/voice-interaction.com\/tmp-web\/br\/visite-a-voiceinteraction-na-nab-show-ny-2018\/\" class=\"sh-overlay-item sh-table-cell\" title=\"Open the article - Venha visitar a VoiceInteraction na NAB Show New York 2018!\">\n                        <div class=\"sh-overlay-item-container\">\n                            <i class=\"icon-link\"><\/i>\n                        <\/div>\n                    <\/a>\n                \n                                    <a href=\"https:\/\/voice-interaction.com\/tmp-web\/wp-content\/uploads\/2018\/03\/VI-NABNY-2018-v01-1024x408.jpg\" class=\"sh-overlay-item sh-table-cell\" data-rel=\"lightcase\">\n                        <div class=\"sh-overlay-item-container\">\n                            <i class=\"icon-magnifier-add\"><\/i>\n                        <\/div>\n                    <\/a>\n                            <\/div>\n        <\/div>\n\n    \t\t\t<\/div>\n\n\t\t\t<div class=\"post-content-container\">\n\n\t\t\t\t<div class=\"post-meta post-meta-one\">\n\t\t\t\t\t\n        <span class=\"post-meta-author\">\n            by            <a href=\"https:\/\/voice-interaction.com\/tmp-web\/br\/author\/ritaferreira\/\" class=\"bypostauthor\" itemprop=\"url\" rel=\"author\">\n                ritaferreira            <\/a>\n        <\/span>\n\n                    <time class=\"updated semantic\" itemprop=\"dateModified\" datetime=\"2018-10-10T15:31:02+00:00\"><\/time>\n            <a href=\"https:\/\/voice-interaction.com\/tmp-web\/br\/visite-a-voiceinteraction-na-nab-show-ny-2018\/\" class=\"post-meta-date sh-default-color\">outubro 1, 2018<\/a>\n        \n    \t\t\t\t<\/div>\n\n\t\t\t\t<a href=\"https:\/\/voice-interaction.com\/tmp-web\/br\/visite-a-voiceinteraction-na-nab-show-ny-2018\/\" class=\"post-title\">\n\t\t\t\t\t<h2>\n\t\t\t\t\t\t\t\t\t\t\t\tVenha visitar a VoiceInteraction na NAB Show New York 2018!\t\t\t\t\t<\/h2>\n\t\t\t\t<\/a>\n\n\t\t\t\t<div class=\"post-content\">\n\t\t\t\t\t\t\t\t\t\t\tA VoiceInteraction estar\u00e1 presente novamente na NAB Show New York, de 17 a 18 de Outubro,&hellip;\t\t\t\t\t\t\t\t\t<\/div>\n\n\t\t\t\t<div class=\"post-meta post-meta-two\">\n\t\t\t\t\t\n        <div class=\"sh-columns post-meta-comments\">\n            <span class=\"post-meta-categories\">\n                <i class=\"icon-tag\"><\/i>\n                <a href=\"https:\/\/voice-interaction.com\/tmp-web\/br\/category\/empresa\/\" rel=\"category tag\">Empresa<\/a>            <\/span>\n\n                            <div><\/div>\n                    <\/div>\n\n    \t\t\t\t<\/div>\n\t\t\t<\/div>\n\n\t\t<\/div>\n\t<\/article>\n\n\n\n\t<article id=\"post-15666\" class=\"post-item post-15666 post type-post status-publish format-video has-post-thumbnail hentry category-broadcast-midia category-eventos-br tag-ibc-br tag-ibc tag-noticias-br post_format-post-format-video\" itemscope=\"itemscope\" itemtype=\"http:\/\/schema.org\/Article\">\n\t\t<div class=\"post-container\">\n\t\t\t\n\t\t\t\n\t<div class=\"post-meta-video\">\n\t\t<div class=\"ratio-container\">\n\t\t\t<div class=\"ratio-content\">\n\t\t\t\t<iframe loading=\"lazy\" title=\"InBroadcast Interview CEO\" width=\"500\" height=\"281\" src=\"https:\/\/www.youtube.com\/embed\/KBVq_iQw4qs?feature=oembed\" frameborder=\"0\" allow=\"accelerometer; autoplay; clipboard-write; encrypted-media; gyroscope; picture-in-picture; web-share\" referrerpolicy=\"strict-origin-when-cross-origin\" allowfullscreen><\/iframe>\n\t\t\t<\/div>\n\t\t<\/div>\n\t<\/div>\n\t\t\t<div class=\"post-content-container\">\n\t\t\t\t<div class=\"post-meta post-meta-one\">\n\t\t\t\t\t\n        <span class=\"post-meta-author\">\n            by            <a href=\"https:\/\/voice-interaction.com\/tmp-web\/br\/author\/fpreto\/\" class=\"bypostauthor\" itemprop=\"url\" rel=\"author\">\n                FPreto            <\/a>\n        <\/span>\n\n                    <time class=\"updated semantic\" itemprop=\"dateModified\" datetime=\"2018-10-29T18:48:34+00:00\"><\/time>\n            <a href=\"https:\/\/voice-interaction.com\/tmp-web\/br\/obrigado-ibc-e-obrigado-a-todos-os-que-nos-visitaram\/\" class=\"post-meta-date sh-default-color\">setembro 28, 2018<\/a>\n        \n    \t\t\t\t<\/div>\n\n\t\t\t\t<a href=\"https:\/\/voice-interaction.com\/tmp-web\/br\/obrigado-ibc-e-obrigado-a-todos-os-que-nos-visitaram\/\" class=\"post-title\">\n\t\t\t\t\t<h2 itemprop=\"headline\">\n\t\t\t\t\t\t\t\t\t\t\t\tObrigado IBC, e obrigado a todos os que nos visitaram!\t\t\t\t\t<\/h2>\n\t\t\t\t<\/a>\n\n\t\t\t\t<div class=\"post-content\" itemprop=\"text\">\n\t\t\t\t\t\t\t\t\t\t\tPara quem n\u00e3o teve a oportunidade de estar com a VoiceInteraction durante o evento, assista \u00e0...\t\t\t\t\t\t\t\t\t<\/div>\n\n\t\t\t\t<div class=\"post-meta post-meta-two\">\n\t\t\t\t\t\n        <div class=\"sh-columns post-meta-comments\">\n            <span class=\"post-meta-categories\">\n                <i class=\"icon-tag\"><\/i>\n                <a href=\"https:\/\/voice-interaction.com\/tmp-web\/br\/category\/industrias_br\/broadcast-midia\/\" rel=\"category tag\">Broadcast &amp; M\u00eddia<\/a>, <a href=\"https:\/\/voice-interaction.com\/tmp-web\/br\/category\/empresa\/eventos-br\/\" rel=\"category tag\">Eventos<\/a>            <\/span>\n\n                            <div><\/div>\n                    <\/div>\n\n    \t\t\t\t<\/div>\n\t\t\t<\/div>\n\n\t\t<\/div>\n\t<\/article>\n\n\n\n\t<article id=\"post-15288\" class=\"post-item post-15288 post type-post status-publish format-standard has-post-thumbnail hentry category-broadcast-midia category-eventos-br tag-audimus-media-br tag-audimus-server-br tag-mms-broadcast-br tag-noticias-br tag-set-expo_br tag-voiceinteraction-brasil\">\n\t\t<div class=\"post-container\">\n\t\t\t\n\t\t\t<div class=\"post-meta-thumb\">\n\t\t\t\t<img loading=\"lazy\" decoding=\"async\" width=\"800\" height=\"400\" src=\"https:\/\/voice-interaction.com\/tmp-web\/wp-content\/uploads\/2018\/04\/SET-EXPO-2018_Convite.png\" class=\"attachment-large size-large wp-post-image\" alt=\"\" srcset=\"https:\/\/voice-interaction.com\/tmp-web\/wp-content\/uploads\/2018\/04\/SET-EXPO-2018_Convite.png 800w, https:\/\/voice-interaction.com\/tmp-web\/wp-content\/uploads\/2018\/04\/SET-EXPO-2018_Convite-300x150.png 300w, https:\/\/voice-interaction.com\/tmp-web\/wp-content\/uploads\/2018\/04\/SET-EXPO-2018_Convite-768x384.png 768w\" sizes=\"auto, (max-width: 800px) 100vw, 800px\" \/>\t\t\t\t\n        <div class=\"sh-overlay-style1\">\n            <div class=\"sh-table-full\">\n                                    <a href=\"https:\/\/voice-interaction.com\/tmp-web\/br\/visite-nos-na-set-expo-em-sao-paulo-copy\/\" class=\"sh-overlay-item sh-table-cell\" title=\"Open the article - SET EXPO 2018: Obrigado!\">\n                        <div class=\"sh-overlay-item-container\">\n                            <i class=\"icon-link\"><\/i>\n                        <\/div>\n                    <\/a>\n                \n                                    <a href=\"https:\/\/voice-interaction.com\/tmp-web\/wp-content\/uploads\/2018\/04\/SET-EXPO-2018_Convite.png\" class=\"sh-overlay-item sh-table-cell\" data-rel=\"lightcase\">\n                        <div class=\"sh-overlay-item-container\">\n                            <i class=\"icon-magnifier-add\"><\/i>\n                        <\/div>\n                    <\/a>\n                            <\/div>\n        <\/div>\n\n    \t\t\t<\/div>\n\n\t\t\t<div class=\"post-content-container\">\n\n\t\t\t\t<div class=\"post-meta post-meta-one\">\n\t\t\t\t\t\n        <span class=\"post-meta-author\">\n            by            <a href=\"https:\/\/voice-interaction.com\/tmp-web\/br\/author\/ritaferreira\/\" class=\"bypostauthor\" itemprop=\"url\" rel=\"author\">\n                ritaferreira            <\/a>\n        <\/span>\n\n                    <time class=\"updated semantic\" itemprop=\"dateModified\" datetime=\"2018-09-06T13:31:57+00:00\"><\/time>\n            <a href=\"https:\/\/voice-interaction.com\/tmp-web\/br\/visite-nos-na-set-expo-em-sao-paulo-copy\/\" class=\"post-meta-date sh-default-color\">setembro 6, 2018<\/a>\n        \n    \t\t\t\t<\/div>\n\n\t\t\t\t<a href=\"https:\/\/voice-interaction.com\/tmp-web\/br\/visite-nos-na-set-expo-em-sao-paulo-copy\/\" class=\"post-title\">\n\t\t\t\t\t<h2>\n\t\t\t\t\t\t\t\t\t\t\t\tSET EXPO 2018: Obrigado!\t\t\t\t\t<\/h2>\n\t\t\t\t<\/a>\n\n\t\t\t\t<div class=\"post-content\">\n\t\t\t\t\t\t\t\t\t\t\tA VoiceInteraction Brasil agradece a todos os que nos visitaram em mais uma edi\u00e7\u00e3o da SET&hellip;\t\t\t\t\t\t\t\t\t<\/div>\n\n\t\t\t\t<div class=\"post-meta post-meta-two\">\n\t\t\t\t\t\n        <div class=\"sh-columns post-meta-comments\">\n            <span class=\"post-meta-categories\">\n                <i class=\"icon-tag\"><\/i>\n                <a href=\"https:\/\/voice-interaction.com\/tmp-web\/br\/category\/industrias_br\/broadcast-midia\/\" rel=\"category tag\">Broadcast &amp; M\u00eddia<\/a>, <a href=\"https:\/\/voice-interaction.com\/tmp-web\/br\/category\/empresa\/eventos-br\/\" rel=\"category tag\">Eventos<\/a>            <\/span>\n\n                            <div><\/div>\n                    <\/div>\n\n    \t\t\t\t<\/div>\n\t\t\t<\/div>\n\n\t\t<\/div>\n\t<\/article>\n\n\n\n\t<article id=\"post-15272\" class=\"post-item post-15272 post type-post status-publish format-standard has-post-thumbnail hentry category-broadcast-midia category-eventos-br tag-audimus-media-br tag-audimus-server-br tag-mms-broadcast-br tag-noticias-br tag-set-expo_br tag-voiceinteraction-brasil\">\n\t\t<div class=\"post-container\">\n\t\t\t\n\t\t\t<div class=\"post-meta-thumb\">\n\t\t\t\t<img loading=\"lazy\" decoding=\"async\" width=\"800\" height=\"400\" src=\"https:\/\/voice-interaction.com\/tmp-web\/wp-content\/uploads\/2018\/04\/SET-EXPO-2018_Convite.png\" class=\"attachment-large size-large wp-post-image\" alt=\"\" srcset=\"https:\/\/voice-interaction.com\/tmp-web\/wp-content\/uploads\/2018\/04\/SET-EXPO-2018_Convite.png 800w, https:\/\/voice-interaction.com\/tmp-web\/wp-content\/uploads\/2018\/04\/SET-EXPO-2018_Convite-300x150.png 300w, https:\/\/voice-interaction.com\/tmp-web\/wp-content\/uploads\/2018\/04\/SET-EXPO-2018_Convite-768x384.png 768w\" sizes=\"auto, (max-width: 800px) 100vw, 800px\" \/>\t\t\t\t\n        <div class=\"sh-overlay-style1\">\n            <div class=\"sh-table-full\">\n                                    <a href=\"https:\/\/voice-interaction.com\/tmp-web\/br\/visite-nos-na-set-expo-em-sao-paulo\/\" class=\"sh-overlay-item sh-table-cell\" title=\"Open the article - Visite-nos na SET EXPO em S\u00e3o Paulo!\">\n                        <div class=\"sh-overlay-item-container\">\n                            <i class=\"icon-link\"><\/i>\n                        <\/div>\n                    <\/a>\n                \n                                    <a href=\"https:\/\/voice-interaction.com\/tmp-web\/wp-content\/uploads\/2018\/04\/SET-EXPO-2018_Convite.png\" class=\"sh-overlay-item sh-table-cell\" data-rel=\"lightcase\">\n                        <div class=\"sh-overlay-item-container\">\n                            <i class=\"icon-magnifier-add\"><\/i>\n                        <\/div>\n                    <\/a>\n                            <\/div>\n        <\/div>\n\n    \t\t\t<\/div>\n\n\t\t\t<div class=\"post-content-container\">\n\n\t\t\t\t<div class=\"post-meta post-meta-one\">\n\t\t\t\t\t\n        <span class=\"post-meta-author\">\n            by            <a href=\"https:\/\/voice-interaction.com\/tmp-web\/br\/author\/ritaferreira\/\" class=\"bypostauthor\" itemprop=\"url\" rel=\"author\">\n                ritaferreira            <\/a>\n        <\/span>\n\n                    <time class=\"updated semantic\" itemprop=\"dateModified\" datetime=\"2018-08-29T08:47:17+00:00\"><\/time>\n            <a href=\"https:\/\/voice-interaction.com\/tmp-web\/br\/visite-nos-na-set-expo-em-sao-paulo\/\" class=\"post-meta-date sh-default-color\">agosto 28, 2018<\/a>\n        \n    \t\t\t\t<\/div>\n\n\t\t\t\t<a href=\"https:\/\/voice-interaction.com\/tmp-web\/br\/visite-nos-na-set-expo-em-sao-paulo\/\" class=\"post-title\">\n\t\t\t\t\t<h2>\n\t\t\t\t\t\t\t\t\t\t\t\tVisite-nos na SET EXPO em S\u00e3o Paulo!\t\t\t\t\t<\/h2>\n\t\t\t\t<\/a>\n\n\t\t\t\t<div class=\"post-content\">\n\t\t\t\t\t\t\t\t\t\t\tA VoiceInteraction Brasil est\u00e1 presente em mais uma edi\u00e7\u00e3o da SET Expo em S\u00e3o Paulo, de&hellip;\t\t\t\t\t\t\t\t\t<\/div>\n\n\t\t\t\t<div class=\"post-meta post-meta-two\">\n\t\t\t\t\t\n        <div class=\"sh-columns post-meta-comments\">\n            <span class=\"post-meta-categories\">\n                <i class=\"icon-tag\"><\/i>\n                <a href=\"https:\/\/voice-interaction.com\/tmp-web\/br\/category\/industrias_br\/broadcast-midia\/\" rel=\"category tag\">Broadcast &amp; M\u00eddia<\/a>, <a href=\"https:\/\/voice-interaction.com\/tmp-web\/br\/category\/empresa\/eventos-br\/\" rel=\"category tag\">Eventos<\/a>            <\/span>\n\n                            <div><\/div>\n                    <\/div>\n\n    \t\t\t\t<\/div>\n\t\t\t<\/div>\n\n\t\t<\/div>\n\t<\/article>\n\n\n\n\t<article id=\"post-14816\" class=\"post-item post-14816 post type-post status-publish format-standard has-post-thumbnail hentry category-broadcast-midia category-eventos-br tag-audimus-media-br tag-audimus-server-br tag-mms-broadcast-br tag-nab-br tag-noticias-br\">\n\t\t<div class=\"post-container\">\n\t\t\t\n\t\t\t<div class=\"post-meta-thumb\">\n\t\t\t\t<img loading=\"lazy\" decoding=\"async\" width=\"400\" height=\"301\" src=\"https:\/\/voice-interaction.com\/tmp-web\/wp-content\/uploads\/2018\/04\/VI-NABShow-2018-post_800x800-e1522668903818.png\" class=\"attachment-large size-large wp-post-image\" alt=\"\" \/>\t\t\t\t\n        <div class=\"sh-overlay-style1\">\n            <div class=\"sh-table-full\">\n                                    <a href=\"https:\/\/voice-interaction.com\/tmp-web\/br\/visite-nos-na-nab-show-em-las-vegas\/\" class=\"sh-overlay-item sh-table-cell\" title=\"Open the article - Visite-nos na NAB SHOW, em Las Vegas\">\n                        <div class=\"sh-overlay-item-container\">\n                            <i class=\"icon-link\"><\/i>\n                        <\/div>\n                    <\/a>\n                \n                                    <a href=\"https:\/\/voice-interaction.com\/tmp-web\/wp-content\/uploads\/2018\/04\/VI-NABShow-2018-post_800x800-e1522668903818.png\" class=\"sh-overlay-item sh-table-cell\" data-rel=\"lightcase\">\n                        <div class=\"sh-overlay-item-container\">\n                            <i class=\"icon-magnifier-add\"><\/i>\n                        <\/div>\n                    <\/a>\n                            <\/div>\n        <\/div>\n\n    \t\t\t<\/div>\n\n\t\t\t<div class=\"post-content-container\">\n\n\t\t\t\t<div class=\"post-meta post-meta-one\">\n\t\t\t\t\t\n        <span class=\"post-meta-author\">\n            by            <a href=\"https:\/\/voice-interaction.com\/tmp-web\/br\/author\/ritaferreira\/\" class=\"bypostauthor\" itemprop=\"url\" rel=\"author\">\n                ritaferreira            <\/a>\n        <\/span>\n\n                    <time class=\"updated semantic\" itemprop=\"dateModified\" datetime=\"2018-04-02T11:46:28+00:00\"><\/time>\n            <a href=\"https:\/\/voice-interaction.com\/tmp-web\/br\/visite-nos-na-nab-show-em-las-vegas\/\" class=\"post-meta-date sh-default-color\">abril 2, 2018<\/a>\n        \n    \t\t\t\t<\/div>\n\n\t\t\t\t<a href=\"https:\/\/voice-interaction.com\/tmp-web\/br\/visite-nos-na-nab-show-em-las-vegas\/\" class=\"post-title\">\n\t\t\t\t\t<h2>\n\t\t\t\t\t\t\t\t\t\t\t\tVisite-nos na NAB SHOW, em Las Vegas\t\t\t\t\t<\/h2>\n\t\t\t\t<\/a>\n\n\t\t\t\t<div class=\"post-content\">\n\t\t\t\t\t\t\t\t\t\t\tA VoiceInteraction estar\u00e1 presente em mais uma edi\u00e7\u00e3o do evento\u00a0NAB SHOW\u00a0em Las Vegas, de\u00a009 a 12&hellip;\t\t\t\t\t\t\t\t\t<\/div>\n\n\t\t\t\t<div class=\"post-meta post-meta-two\">\n\t\t\t\t\t\n        <div class=\"sh-columns post-meta-comments\">\n            <span class=\"post-meta-categories\">\n                <i class=\"icon-tag\"><\/i>\n                <a href=\"https:\/\/voice-interaction.com\/tmp-web\/br\/category\/industrias_br\/broadcast-midia\/\" rel=\"category tag\">Broadcast &amp; M\u00eddia<\/a>, <a href=\"https:\/\/voice-interaction.com\/tmp-web\/br\/category\/empresa\/eventos-br\/\" rel=\"category tag\">Eventos<\/a>            <\/span>\n\n                            <div><\/div>\n                    <\/div>\n\n    \t\t\t\t<\/div>\n\t\t\t<\/div>\n\n\t\t<\/div>\n\t<\/article>\n\n\n\n\t<article id=\"post-13548\" class=\"post-item post-13548 post type-post status-publish format-standard has-post-thumbnail hentry category-noticias-empresa tag-noticias-br\">\n\t\t<div class=\"post-container\">\n\t\t\t\n\t\t\t<div class=\"post-meta-thumb\">\n\t\t\t\t<img loading=\"lazy\" decoding=\"async\" width=\"800\" height=\"375\" src=\"https:\/\/voice-interaction.com\/tmp-web\/wp-content\/uploads\/2018\/01\/vi-homepage-br-1.jpg\" class=\"attachment-large size-large wp-post-image\" alt=\"\" srcset=\"https:\/\/voice-interaction.com\/tmp-web\/wp-content\/uploads\/2018\/01\/vi-homepage-br-1.jpg 800w, https:\/\/voice-interaction.com\/tmp-web\/wp-content\/uploads\/2018\/01\/vi-homepage-br-1-300x141.jpg 300w, https:\/\/voice-interaction.com\/tmp-web\/wp-content\/uploads\/2018\/01\/vi-homepage-br-1-768x360.jpg 768w\" sizes=\"auto, (max-width: 800px) 100vw, 800px\" \/>\t\t\t\t\n        <div class=\"sh-overlay-style1\">\n            <div class=\"sh-table-full\">\n                                    <a href=\"https:\/\/voice-interaction.com\/tmp-web\/br\/celebramos-a-chegada-de-2018-com-um-novo-website\/\" class=\"sh-overlay-item sh-table-cell\" title=\"Open the article - Celebramos a chegada de 2018 com um novo website\">\n                        <div class=\"sh-overlay-item-container\">\n                            <i class=\"icon-link\"><\/i>\n                        <\/div>\n                    <\/a>\n                \n                                    <a href=\"https:\/\/voice-interaction.com\/tmp-web\/wp-content\/uploads\/2018\/01\/vi-homepage-br-1.jpg\" class=\"sh-overlay-item sh-table-cell\" data-rel=\"lightcase\">\n                        <div class=\"sh-overlay-item-container\">\n                            <i class=\"icon-magnifier-add\"><\/i>\n                        <\/div>\n                    <\/a>\n                            <\/div>\n        <\/div>\n\n    \t\t\t<\/div>\n\n\t\t\t<div class=\"post-content-container\">\n\n\t\t\t\t<div class=\"post-meta post-meta-one\">\n\t\t\t\t\t\n        <span class=\"post-meta-author\">\n            by            <a href=\"https:\/\/voice-interaction.com\/tmp-web\/br\/author\/ritaferreira\/\" class=\"bypostauthor\" itemprop=\"url\" rel=\"author\">\n                ritaferreira            <\/a>\n        <\/span>\n\n                    <time class=\"updated semantic\" itemprop=\"dateModified\" datetime=\"2018-01-05T14:21:09+00:00\"><\/time>\n            <a href=\"https:\/\/voice-interaction.com\/tmp-web\/br\/celebramos-a-chegada-de-2018-com-um-novo-website\/\" class=\"post-meta-date sh-default-color\">janeiro 5, 2018<\/a>\n        \n    \t\t\t\t<\/div>\n\n\t\t\t\t<a href=\"https:\/\/voice-interaction.com\/tmp-web\/br\/celebramos-a-chegada-de-2018-com-um-novo-website\/\" class=\"post-title\">\n\t\t\t\t\t<h2>\n\t\t\t\t\t\t\t\t\t\t\t\tCelebramos a chegada de 2018 com um novo website\t\t\t\t\t<\/h2>\n\t\t\t\t<\/a>\n\n\t\t\t\t<div class=\"post-content\">\n\t\t\t\t\t\t\t\t\t\t\tSeja bem vindo ao novo site da VoiceInteraction! Tendo em visto os grandes desafios nacionais e&hellip;\t\t\t\t\t\t\t\t\t<\/div>\n\n\t\t\t\t<div class=\"post-meta post-meta-two\">\n\t\t\t\t\t\n        <div class=\"sh-columns post-meta-comments\">\n            <span class=\"post-meta-categories\">\n                <i class=\"icon-tag\"><\/i>\n                <a href=\"https:\/\/voice-interaction.com\/tmp-web\/br\/category\/empresa\/noticias-empresa\/\" rel=\"category tag\">Not\u00edcias Empresa<\/a>            <\/span>\n\n                            <div><\/div>\n                    <\/div>\n\n    \t\t\t\t<\/div>\n\t\t\t<\/div>\n\n\t\t<\/div>\n\t<\/article>\n\n\n\n\t<article id=\"post-13406\" class=\"post-item post-13406 post type-post status-publish format-standard has-post-thumbnail hentry category-legendagem tag-audimus-media-br tag-noticias-br\">\n\t\t<div class=\"post-container\">\n\t\t\t\n\t\t\t<div class=\"post-meta-thumb\">\n\t\t\t\t<img loading=\"lazy\" decoding=\"async\" width=\"260\" height=\"176\" src=\"https:\/\/voice-interaction.com\/tmp-web\/wp-content\/uploads\/2017\/12\/VI-news-Nov17-02-e1513186699890.jpg\" class=\"attachment-large size-large wp-post-image\" alt=\"\" \/>\t\t\t\t\n        <div class=\"sh-overlay-style1\">\n            <div class=\"sh-table-full\">\n                                    <a href=\"https:\/\/voice-interaction.com\/tmp-web\/br\/nova-versao-do-audimus-media-e-um-sucesso-no-brasil\/\" class=\"sh-overlay-item sh-table-cell\" title=\"Open the article - Audimus.Media \u00e9 um sucesso no Brasil\">\n                        <div class=\"sh-overlay-item-container\">\n                            <i class=\"icon-link\"><\/i>\n                        <\/div>\n                    <\/a>\n                \n                                    <a href=\"https:\/\/voice-interaction.com\/tmp-web\/wp-content\/uploads\/2017\/12\/VI-news-Nov17-02-e1513186699890.jpg\" class=\"sh-overlay-item sh-table-cell\" data-rel=\"lightcase\">\n                        <div class=\"sh-overlay-item-container\">\n                            <i class=\"icon-magnifier-add\"><\/i>\n                        <\/div>\n                    <\/a>\n                            <\/div>\n        <\/div>\n\n    \t\t\t<\/div>\n\n\t\t\t<div class=\"post-content-container\">\n\n\t\t\t\t<div class=\"post-meta post-meta-one\">\n\t\t\t\t\t\n        <span class=\"post-meta-author\">\n            by            <a href=\"https:\/\/voice-interaction.com\/tmp-web\/br\/author\/ritaferreira\/\" class=\"bypostauthor\" itemprop=\"url\" rel=\"author\">\n                ritaferreira            <\/a>\n        <\/span>\n\n                    <time class=\"updated semantic\" itemprop=\"dateModified\" datetime=\"2018-01-04T11:48:12+00:00\"><\/time>\n            <a href=\"https:\/\/voice-interaction.com\/tmp-web\/br\/nova-versao-do-audimus-media-e-um-sucesso-no-brasil\/\" class=\"post-meta-date sh-default-color\">dezembro 13, 2017<\/a>\n        \n    \t\t\t\t<\/div>\n\n\t\t\t\t<a href=\"https:\/\/voice-interaction.com\/tmp-web\/br\/nova-versao-do-audimus-media-e-um-sucesso-no-brasil\/\" class=\"post-title\">\n\t\t\t\t\t<h2>\n\t\t\t\t\t\t\t\t\t\t\t\tAudimus.Media \u00e9 um sucesso no Brasil\t\t\t\t\t<\/h2>\n\t\t\t\t<\/a>\n\n\t\t\t\t<div class=\"post-content\">\n\t\t\t\t\t\t\t\t\t\t\tA nova vers\u00e3o do sistema Audimus.Media tem se imposto como produto, ao contr\u00e1rio de outras solu\u00e7\u00f5es&hellip;\t\t\t\t\t\t\t\t\t<\/div>\n\n\t\t\t\t<div class=\"post-meta post-meta-two\">\n\t\t\t\t\t\n        <div class=\"sh-columns post-meta-comments\">\n            <span class=\"post-meta-categories\">\n                <i class=\"icon-tag\"><\/i>\n                <a href=\"https:\/\/voice-interaction.com\/tmp-web\/br\/category\/solucoes\/legendagem\/\" rel=\"category tag\">Legendagem<\/a>            <\/span>\n\n                            <div><\/div>\n                    <\/div>\n\n    \t\t\t\t<\/div>\n\t\t\t<\/div>\n\n\t\t<\/div>\n\t<\/article>\n\n\n\n\t<article id=\"post-13392\" class=\"post-item post-13392 post type-post status-publish format-standard has-post-thumbnail hentry category-eventos-br category-legendagem category-noticias-empresa tag-audimus-media-br tag-espanhol tag-noticias-br\">\n\t\t<div class=\"post-container\">\n\t\t\t\n\t\t\t<div class=\"post-meta-thumb\">\n\t\t\t\t<img loading=\"lazy\" decoding=\"async\" width=\"260\" height=\"176\" src=\"https:\/\/voice-interaction.com\/tmp-web\/wp-content\/uploads\/2017\/12\/VI-news-Nov17-03-e1513181826971.jpg\" class=\"attachment-large size-large wp-post-image\" alt=\"\" \/>\t\t\t\t\n        <div class=\"sh-overlay-style1\">\n            <div class=\"sh-table-full\">\n                                    <a href=\"https:\/\/voice-interaction.com\/tmp-web\/br\/voiceinteraction-em-crescimento-nos-eua\/\" class=\"sh-overlay-item sh-table-cell\" title=\"Open the article - VoiceInteraction em crescimento nos EUA\">\n                        <div class=\"sh-overlay-item-container\">\n                            <i class=\"icon-link\"><\/i>\n                        <\/div>\n                    <\/a>\n                \n                                    <a href=\"https:\/\/voice-interaction.com\/tmp-web\/wp-content\/uploads\/2017\/12\/VI-news-Nov17-03-e1513181826971.jpg\" class=\"sh-overlay-item sh-table-cell\" data-rel=\"lightcase\">\n                        <div class=\"sh-overlay-item-container\">\n                            <i class=\"icon-magnifier-add\"><\/i>\n                        <\/div>\n                    <\/a>\n                            <\/div>\n        <\/div>\n\n    \t\t\t<\/div>\n\n\t\t\t<div class=\"post-content-container\">\n\n\t\t\t\t<div class=\"post-meta post-meta-one\">\n\t\t\t\t\t\n        <span class=\"post-meta-author\">\n            by            <a href=\"https:\/\/voice-interaction.com\/tmp-web\/br\/author\/ritaferreira\/\" class=\"bypostauthor\" itemprop=\"url\" rel=\"author\">\n                ritaferreira            <\/a>\n        <\/span>\n\n                    <time class=\"updated semantic\" itemprop=\"dateModified\" datetime=\"2018-01-05T18:09:13+00:00\"><\/time>\n            <a href=\"https:\/\/voice-interaction.com\/tmp-web\/br\/voiceinteraction-em-crescimento-nos-eua\/\" class=\"post-meta-date sh-default-color\">dezembro 13, 2017<\/a>\n        \n    \t\t\t\t<\/div>\n\n\t\t\t\t<a href=\"https:\/\/voice-interaction.com\/tmp-web\/br\/voiceinteraction-em-crescimento-nos-eua\/\" class=\"post-title\">\n\t\t\t\t\t<h2>\n\t\t\t\t\t\t\t\t\t\t\t\tVoiceInteraction em crescimento nos EUA\t\t\t\t\t<\/h2>\n\t\t\t\t<\/a>\n\n\t\t\t\t<div class=\"post-content\">\n\t\t\t\t\t\t\t\t\t\t\tA participa\u00e7\u00e3o da VoiceInteraction na NAB Show Nova York e na Video Week teve resultados bastante&hellip;\t\t\t\t\t\t\t\t\t<\/div>\n\n\t\t\t\t<div class=\"post-meta post-meta-two\">\n\t\t\t\t\t\n        <div class=\"sh-columns post-meta-comments\">\n            <span class=\"post-meta-categories\">\n                <i class=\"icon-tag\"><\/i>\n                <a href=\"https:\/\/voice-interaction.com\/tmp-web\/br\/category\/empresa\/eventos-br\/\" rel=\"category tag\">Eventos<\/a>, <a href=\"https:\/\/voice-interaction.com\/tmp-web\/br\/category\/solucoes\/legendagem\/\" rel=\"category tag\">Legendagem<\/a>, <a href=\"https:\/\/voice-interaction.com\/tmp-web\/br\/category\/empresa\/noticias-empresa\/\" rel=\"category tag\">Not\u00edcias Empresa<\/a>            <\/span>\n\n                            <div><\/div>\n                    <\/div>\n\n    \t\t\t\t<\/div>\n\t\t\t<\/div>\n\n\t\t<\/div>\n\t<\/article>\n\n\n\n\t<article id=\"post-13097\" class=\"post-item post-13097 post type-post status-publish format-standard has-post-thumbnail hentry category-broadcast-midia category-eventos-br tag-nab-br tag-noticias-br\">\n\t\t<div class=\"post-container\">\n\t\t\t\n\t\t\t<div class=\"post-meta-thumb\">\n\t\t\t\t<img loading=\"lazy\" decoding=\"async\" width=\"1024\" height=\"425\" src=\"https:\/\/voice-interaction.com\/tmp-web\/wp-content\/uploads\/2017\/10\/voiceinteraction-NABShow-NY-2017_02-1-1024x425.png\" class=\"attachment-large size-large wp-post-image\" alt=\"\" srcset=\"https:\/\/voice-interaction.com\/tmp-web\/wp-content\/uploads\/2017\/10\/voiceinteraction-NABShow-NY-2017_02-1-1024x425.png 1024w, https:\/\/voice-interaction.com\/tmp-web\/wp-content\/uploads\/2017\/10\/voiceinteraction-NABShow-NY-2017_02-1-300x125.png 300w, https:\/\/voice-interaction.com\/tmp-web\/wp-content\/uploads\/2017\/10\/voiceinteraction-NABShow-NY-2017_02-1-768x319.png 768w, https:\/\/voice-interaction.com\/tmp-web\/wp-content\/uploads\/2017\/10\/voiceinteraction-NABShow-NY-2017_02-1-e1510933434880.png 260w\" sizes=\"auto, (max-width: 1024px) 100vw, 1024px\" \/>\t\t\t\t\n        <div class=\"sh-overlay-style1\">\n            <div class=\"sh-table-full\">\n                                    <a href=\"https:\/\/voice-interaction.com\/tmp-web\/br\/nab-show-nova-york\/\" class=\"sh-overlay-item sh-table-cell\" title=\"Open the article - Venha visitar-nos na NAB Show Nova York\">\n                        <div class=\"sh-overlay-item-container\">\n                            <i class=\"icon-link\"><\/i>\n                        <\/div>\n                    <\/a>\n                \n                                    <a href=\"https:\/\/voice-interaction.com\/tmp-web\/wp-content\/uploads\/2017\/10\/voiceinteraction-NABShow-NY-2017_02-1-1024x425.png\" class=\"sh-overlay-item sh-table-cell\" data-rel=\"lightcase\">\n                        <div class=\"sh-overlay-item-container\">\n                            <i class=\"icon-magnifier-add\"><\/i>\n                        <\/div>\n                    <\/a>\n                            <\/div>\n        <\/div>\n\n    \t\t\t<\/div>\n\n\t\t\t<div class=\"post-content-container\">\n\n\t\t\t\t<div class=\"post-meta post-meta-one\">\n\t\t\t\t\t\n        <span class=\"post-meta-author\">\n            by            <a href=\"https:\/\/voice-interaction.com\/tmp-web\/br\/author\/ritaferreira\/\" class=\"bypostauthor\" itemprop=\"url\" rel=\"author\">\n                ritaferreira            <\/a>\n        <\/span>\n\n                    <time class=\"updated semantic\" itemprop=\"dateModified\" datetime=\"2017-11-17T15:48:04+00:00\"><\/time>\n            <a href=\"https:\/\/voice-interaction.com\/tmp-web\/br\/nab-show-nova-york\/\" class=\"post-meta-date sh-default-color\">novembro 17, 2017<\/a>\n        \n    \t\t\t\t<\/div>\n\n\t\t\t\t<a href=\"https:\/\/voice-interaction.com\/tmp-web\/br\/nab-show-nova-york\/\" class=\"post-title\">\n\t\t\t\t\t<h2>\n\t\t\t\t\t\t\t\t\t\t\t\tVenha visitar-nos na NAB Show Nova York\t\t\t\t\t<\/h2>\n\t\t\t\t<\/a>\n\n\t\t\t\t<div class=\"post-content\">\n\t\t\t\t\t\t\t\t\t\t\tA VoiceInteraction marca presen\u00e7a em mais uma edi\u00e7\u00e3o do evento NABShow New\u00a0York, a decorrer no centro&hellip;\t\t\t\t\t\t\t\t\t<\/div>\n\n\t\t\t\t<div class=\"post-meta post-meta-two\">\n\t\t\t\t\t\n        <div class=\"sh-columns post-meta-comments\">\n            <span class=\"post-meta-categories\">\n                <i class=\"icon-tag\"><\/i>\n                <a href=\"https:\/\/voice-interaction.com\/tmp-web\/br\/category\/industrias_br\/broadcast-midia\/\" rel=\"category tag\">Broadcast &amp; M\u00eddia<\/a>, <a href=\"https:\/\/voice-interaction.com\/tmp-web\/br\/category\/empresa\/eventos-br\/\" rel=\"category tag\">Eventos<\/a>            <\/span>\n\n                            <div><\/div>\n                    <\/div>\n\n    \t\t\t\t<\/div>\n\t\t\t<\/div>\n\n\t\t<\/div>\n\t<\/article>\n\n\n\t<\/div>\n\n\t<\/div>\n\t<\/div>\n\n\n\t\t\n\n<\/div>\n<\/div>\n\n\t<\/div>\n<\/section>\n\n","protected":false},"excerpt":{"rendered":"<p>A VoiceInteraction marca presen\u00e7a em mais uma edi\u00e7\u00e3o do evento NABShow New\u00a0York, a decorrer no centro&#8230;<\/p>\n","protected":false},"author":2,"featured_media":0,"parent":0,"menu_order":0,"comment_status":"closed","ping_status":"closed","template":"page-blog.php","meta":{"_links_to":"","_links_to_target":"","footnotes":""},"class_list":["post-10673","page","type-page","status-publish","hentry"],"_links":{"self":[{"href":"https:\/\/voice-interaction.com\/tmp-web\/br\/wp-json\/wp\/v2\/pages\/10673","targetHints":{"allow":["GET"]}}],"collection":[{"href":"https:\/\/voice-interaction.com\/tmp-web\/br\/wp-json\/wp\/v2\/pages"}],"about":[{"href":"https:\/\/voice-interaction.com\/tmp-web\/br\/wp-json\/wp\/v2\/types\/page"}],"author":[{"embeddable":true,"href":"https:\/\/voice-interaction.com\/tmp-web\/br\/wp-json\/wp\/v2\/users\/2"}],"replies":[{"embeddable":true,"href":"https:\/\/voice-interaction.com\/tmp-web\/br\/wp-json\/wp\/v2\/comments?post=10673"}],"version-history":[{"count":0,"href":"https:\/\/voice-interaction.com\/tmp-web\/br\/wp-json\/wp\/v2\/pages\/10673\/revisions"}],"wp:attachment":[{"href":"https:\/\/voice-interaction.com\/tmp-web\/br\/wp-json\/wp\/v2\/media?parent=10673"}],"curies":[{"name":"wp","href":"https:\/\/api.w.org\/{rel}","templated":true}]}}