{"id":10659,"date":"2017-05-19T17:50:39","date_gmt":"2017-05-19T17:50:39","guid":{"rendered":"https:\/\/voice-interaction.com\/tmp-web\/news-feed\/"},"modified":"2018-04-07T12:06:50","modified_gmt":"2018-04-07T12:06:50","slug":"news-feed","status":"publish","type":"page","link":"https:\/\/voice-interaction.com\/tmp-web\/br\/news-press\/news-feed\/","title":{"rendered":"\u00daltimas Not\u00edcias"},"content":{"rendered":"<section class=\"sh-section sh-section-3ff739742a6c8f8e1f5955e6f6161aba fw-main-row sh-section-visibility-everywhere\">\n\t\n\t\n\t<div class=\"sh-section-container container\">\n\t\t<div class=\"fw-row\">\n\t\n<div class=\"sh-column sh-column-9d5d75d5764b8baa65fb4a3e6a11e7a1 fw-col-xs-12\" >\n\n\t\n\t<div class=\"sh-column-wrapper\">\n\t\t\n<div class=\"sh-heading  \" id=\"heading-b56fedaed50a39ed7c73f6fd3cf0d94c\">\n\t<div class=\"sh-element-margin\">\n\n\t\t\n\t\t\t<h2 class=\"sh-heading-content size-default text-left\">\n\t\t\t\t\u00daltimas not\u00edcias\t\t\t<\/h2>\n\n\t\t\n\t<\/div>\n<\/div>\n\n\n\n\n<div class=\"sh-recent-posts sh-recent-posts-columns4 sh-recent-posts-carousel\" id=\"recent-posts-2ae0f2a57edc650e0cc2652b6e3c6807\" data-id=\"4\">\n\n\t\t\n\t<div class=\"sh-group blog-list blog-style-masonry masonry-shadow sh-recent-posts-list-carousel\">\n\t\t\n\t<article id=\"post-18623\" class=\"post-item post-18623 post type-post status-publish format-standard has-post-thumbnail hentry category-broadcast-midia category-empresa category-industrias_br category-legendagem category-noticias-empresa tag-audimus-media-br tag-live-streaming-br\">\n\t\t<div class=\"post-container\">\n\t\t\t\n\t\t\t<div class=\"post-meta-thumb\">\n\t\t\t\t<img loading=\"lazy\" decoding=\"async\" width=\"800\" height=\"433\" src=\"https:\/\/voice-interaction.com\/tmp-web\/wp-content\/uploads\/2020\/04\/VI-banner-april-PT_01C_Header-1.png\" class=\"attachment-large size-large wp-post-image\" alt=\"\" srcset=\"https:\/\/voice-interaction.com\/tmp-web\/wp-content\/uploads\/2020\/04\/VI-banner-april-PT_01C_Header-1.png 800w, https:\/\/voice-interaction.com\/tmp-web\/wp-content\/uploads\/2020\/04\/VI-banner-april-PT_01C_Header-1-300x162.png 300w, https:\/\/voice-interaction.com\/tmp-web\/wp-content\/uploads\/2020\/04\/VI-banner-april-PT_01C_Header-1-768x416.png 768w\" sizes=\"auto, (max-width: 800px) 100vw, 800px\" \/>\t\t\t\t\n        <div class=\"sh-overlay-style1\">\n            <div class=\"sh-table-full\">\n                                    <a href=\"https:\/\/voice-interaction.com\/tmp-web\/br\/nao-estaremos-com-voce-na-nab-show-2020-mas-estamos-sempre-aqui-para-si\/\" class=\"sh-overlay-item sh-table-cell\" title=\"Open the article - N\u00e3o estaremos com voc\u00ea na NAB Show, mas estamos sempre aqui para si.\">\n                        <div class=\"sh-overlay-item-container\">\n                            <i class=\"icon-link\"><\/i>\n                        <\/div>\n                    <\/a>\n                \n                                    <a href=\"https:\/\/voice-interaction.com\/tmp-web\/wp-content\/uploads\/2020\/04\/VI-banner-april-PT_01C_Header-1.png\" class=\"sh-overlay-item sh-table-cell\" data-rel=\"lightcase\">\n                        <div class=\"sh-overlay-item-container\">\n                            <i class=\"icon-magnifier-add\"><\/i>\n                        <\/div>\n                    <\/a>\n                            <\/div>\n        <\/div>\n\n    \t\t\t<\/div>\n\n\t\t\t<div class=\"post-content-container\">\n\t\t\t\t<a href=\"https:\/\/voice-interaction.com\/tmp-web\/br\/nao-estaremos-com-voce-na-nab-show-2020-mas-estamos-sempre-aqui-para-si\/\" class=\"post-title\">\n\t\t\t\t\t<h2>\n\t\t\t\t\t\t\t\t\t\t\t\tN\u00e3o estaremos com voc\u00ea na NAB Show, mas estamos sempre aqui para si.\t\t\t\t\t<\/h2>\n\t\t\t\t<\/a>\n\n\t\t\t\t<div class=\"post-meta post-meta-one\">\n\t\t\t\t\t\n        <span class=\"post-meta-author\">\n            by            <a href=\"https:\/\/voice-interaction.com\/tmp-web\/br\/author\/mariana\/\" class=\"bypostauthor\" itemprop=\"url\" rel=\"author\">\n                Mariana            <\/a>\n        <\/span>\n\n                    <time class=\"updated semantic\" itemprop=\"dateModified\" datetime=\"2020-04-20T15:13:46+00:00\"><\/time>\n            <a href=\"https:\/\/voice-interaction.com\/tmp-web\/br\/nao-estaremos-com-voce-na-nab-show-2020-mas-estamos-sempre-aqui-para-si\/\" class=\"post-meta-date sh-default-color\">abril 14, 2020<\/a>\n        \n    \t\t\t\t<\/div>\n\n\t\t\t\t<div class=\"post-content\">\n\t\t\t\t\t<p>Para maior divulga\u00e7\u00e3o na NAB Las Vegas 2020, t\u00ednhamos preparado um conjunto de desenvolvimentos associados ao&#8230;<\/p>\n\t\t\t\t<\/div>\n\n\t\t\t\t<div class=\"post-meta post-meta-two\">\n\t\t\t\t\t\n        <div class=\"sh-columns post-meta-comments\">\n            <span class=\"post-meta-categories\">\n                <i class=\"icon-tag\"><\/i>\n                <a href=\"https:\/\/voice-interaction.com\/tmp-web\/br\/category\/industrias_br\/broadcast-midia\/\" rel=\"category tag\">Broadcast &amp; M\u00eddia<\/a>, <a href=\"https:\/\/voice-interaction.com\/tmp-web\/br\/category\/empresa\/\" rel=\"category tag\">Empresa<\/a>, <a href=\"https:\/\/voice-interaction.com\/tmp-web\/br\/category\/industrias_br\/\" rel=\"category tag\">Ind\u00fastrias<\/a>, <a href=\"https:\/\/voice-interaction.com\/tmp-web\/br\/category\/solucoes\/legendagem\/\" rel=\"category tag\">Legendagem<\/a>, <a href=\"https:\/\/voice-interaction.com\/tmp-web\/br\/category\/empresa\/noticias-empresa\/\" rel=\"category tag\">Not\u00edcias Empresa<\/a>            <\/span>\n\n                            <div><\/div>\n                    <\/div>\n\n    \t\t\t\t<\/div>\n\t\t\t<\/div>\n\n\t\t<\/div>\n\t<\/article>\n\n\n\n\t<article id=\"post-18457\" class=\"post-item post-18457 post type-post status-publish format-standard has-post-thumbnail hentry category-empresa category-noticias-empresa tag-audio tag-engine tag-modelos tag-reconhecimento tag-som tag-tecnologia-br\">\n\t\t<div class=\"post-container\">\n\t\t\t\n\t\t\t<div class=\"post-meta-thumb\">\n\t\t\t\t<img loading=\"lazy\" decoding=\"async\" width=\"400\" height=\"270\" src=\"https:\/\/voice-interaction.com\/tmp-web\/wp-content\/uploads\/2020\/04\/Highlight-2-_-Abril.jpg\" class=\"attachment-large size-large wp-post-image\" alt=\"\" srcset=\"https:\/\/voice-interaction.com\/tmp-web\/wp-content\/uploads\/2020\/04\/Highlight-2-_-Abril.jpg 400w, https:\/\/voice-interaction.com\/tmp-web\/wp-content\/uploads\/2020\/04\/Highlight-2-_-Abril-300x203.jpg 300w\" sizes=\"auto, (max-width: 400px) 100vw, 400px\" \/>\t\t\t\t\n        <div class=\"sh-overlay-style1\">\n            <div class=\"sh-table-full\">\n                                    <a href=\"https:\/\/voice-interaction.com\/tmp-web\/br\/sabe-como-funciona-um-sistema-de-legendagem-automatica\/\" class=\"sh-overlay-item sh-table-cell\" title=\"Open the article - Sabe como funciona um sistema de legendagem autom\u00e1tica?\">\n                        <div class=\"sh-overlay-item-container\">\n                            <i class=\"icon-link\"><\/i>\n                        <\/div>\n                    <\/a>\n                \n                                    <a href=\"https:\/\/voice-interaction.com\/tmp-web\/wp-content\/uploads\/2020\/04\/Highlight-2-_-Abril.jpg\" class=\"sh-overlay-item sh-table-cell\" data-rel=\"lightcase\">\n                        <div class=\"sh-overlay-item-container\">\n                            <i class=\"icon-magnifier-add\"><\/i>\n                        <\/div>\n                    <\/a>\n                            <\/div>\n        <\/div>\n\n    \t\t\t<\/div>\n\n\t\t\t<div class=\"post-content-container\">\n\t\t\t\t<a href=\"https:\/\/voice-interaction.com\/tmp-web\/br\/sabe-como-funciona-um-sistema-de-legendagem-automatica\/\" class=\"post-title\">\n\t\t\t\t\t<h2>\n\t\t\t\t\t\t\t\t\t\t\t\tSabe como funciona um sistema de legendagem autom\u00e1tica?\t\t\t\t\t<\/h2>\n\t\t\t\t<\/a>\n\n\t\t\t\t<div class=\"post-meta post-meta-one\">\n\t\t\t\t\t\n        <span class=\"post-meta-author\">\n            by            <a href=\"https:\/\/voice-interaction.com\/tmp-web\/br\/author\/mariana\/\" class=\"bypostauthor\" itemprop=\"url\" rel=\"author\">\n                Mariana            <\/a>\n        <\/span>\n\n                    <time class=\"updated semantic\" itemprop=\"dateModified\" datetime=\"2020-04-14T16:32:35+00:00\"><\/time>\n            <a href=\"https:\/\/voice-interaction.com\/tmp-web\/br\/sabe-como-funciona-um-sistema-de-legendagem-automatica\/\" class=\"post-meta-date sh-default-color\">abril 14, 2020<\/a>\n        \n    \t\t\t\t<\/div>\n\n\t\t\t\t<div class=\"post-content\">\n\t\t\t\t\t<p>Desenvolver uma nova l\u00edngua de trabalho pressup\u00f5e a reuni\u00e3o de fatores fundamentais para que o reconhecimento&#8230;<\/p>\n\t\t\t\t<\/div>\n\n\t\t\t\t<div class=\"post-meta post-meta-two\">\n\t\t\t\t\t\n        <div class=\"sh-columns post-meta-comments\">\n            <span class=\"post-meta-categories\">\n                <i class=\"icon-tag\"><\/i>\n                <a href=\"https:\/\/voice-interaction.com\/tmp-web\/br\/category\/empresa\/\" rel=\"category tag\">Empresa<\/a>, <a href=\"https:\/\/voice-interaction.com\/tmp-web\/br\/category\/empresa\/noticias-empresa\/\" rel=\"category tag\">Not\u00edcias Empresa<\/a>            <\/span>\n\n                            <div><\/div>\n                    <\/div>\n\n    \t\t\t\t<\/div>\n\t\t\t<\/div>\n\n\t\t<\/div>\n\t<\/article>\n\n\n\n\t<article id=\"post-18447\" class=\"post-item post-18447 post type-post status-publish format-standard has-post-thumbnail hentry category-broadcast-midia category-empresa category-industrias_br category-legendagem category-noticias-empresa category-solucoes tag-audimus-media-br tag-legendagem-ao-vivo tag-speech-recognition-eu-br tag-subtitling-regulation-br\">\n\t\t<div class=\"post-container\">\n\t\t\t\n\t\t\t<div class=\"post-meta-thumb\">\n\t\t\t\t<img loading=\"lazy\" decoding=\"async\" width=\"400\" height=\"270\" src=\"https:\/\/voice-interaction.com\/tmp-web\/wp-content\/uploads\/2020\/04\/Highlight-1-_-Abril.jpg\" class=\"attachment-large size-large wp-post-image\" alt=\"\" srcset=\"https:\/\/voice-interaction.com\/tmp-web\/wp-content\/uploads\/2020\/04\/Highlight-1-_-Abril.jpg 400w, https:\/\/voice-interaction.com\/tmp-web\/wp-content\/uploads\/2020\/04\/Highlight-1-_-Abril-300x203.jpg 300w\" sizes=\"auto, (max-width: 400px) 100vw, 400px\" \/>\t\t\t\t\n        <div class=\"sh-overlay-style1\">\n            <div class=\"sh-table-full\">\n                                    <a href=\"https:\/\/voice-interaction.com\/tmp-web\/br\/a-importancia-da-legendagem-para-todos-em-tempos-de-emergencia\/\" class=\"sh-overlay-item sh-table-cell\" title=\"Open the article - A import\u00e2ncia da legendagem para todos em tempos de emerg\u00eancia\">\n                        <div class=\"sh-overlay-item-container\">\n                            <i class=\"icon-link\"><\/i>\n                        <\/div>\n                    <\/a>\n                \n                                    <a href=\"https:\/\/voice-interaction.com\/tmp-web\/wp-content\/uploads\/2020\/04\/Highlight-1-_-Abril.jpg\" class=\"sh-overlay-item sh-table-cell\" data-rel=\"lightcase\">\n                        <div class=\"sh-overlay-item-container\">\n                            <i class=\"icon-magnifier-add\"><\/i>\n                        <\/div>\n                    <\/a>\n                            <\/div>\n        <\/div>\n\n    \t\t\t<\/div>\n\n\t\t\t<div class=\"post-content-container\">\n\t\t\t\t<a href=\"https:\/\/voice-interaction.com\/tmp-web\/br\/a-importancia-da-legendagem-para-todos-em-tempos-de-emergencia\/\" class=\"post-title\">\n\t\t\t\t\t<h2>\n\t\t\t\t\t\t\t\t\t\t\t\tA import\u00e2ncia da legendagem para todos em tempos de emerg\u00eancia\t\t\t\t\t<\/h2>\n\t\t\t\t<\/a>\n\n\t\t\t\t<div class=\"post-meta post-meta-one\">\n\t\t\t\t\t\n        <span class=\"post-meta-author\">\n            by            <a href=\"https:\/\/voice-interaction.com\/tmp-web\/br\/author\/mariana\/\" class=\"bypostauthor\" itemprop=\"url\" rel=\"author\">\n                Mariana            <\/a>\n        <\/span>\n\n                    <time class=\"updated semantic\" itemprop=\"dateModified\" datetime=\"2020-04-24T12:12:27+00:00\"><\/time>\n            <a href=\"https:\/\/voice-interaction.com\/tmp-web\/br\/a-importancia-da-legendagem-para-todos-em-tempos-de-emergencia\/\" class=\"post-meta-date sh-default-color\">abril 14, 2020<\/a>\n        \n    \t\t\t\t<\/div>\n\n\t\t\t\t<div class=\"post-content\">\n\t\t\t\t\t<p>Em 2008, ano de funda\u00e7\u00e3o da VoiceInteraction, a vis\u00e3o era simples: a fala seria, no futuro,&#8230;<\/p>\n\t\t\t\t<\/div>\n\n\t\t\t\t<div class=\"post-meta post-meta-two\">\n\t\t\t\t\t\n        <div class=\"sh-columns post-meta-comments\">\n            <span class=\"post-meta-categories\">\n                <i class=\"icon-tag\"><\/i>\n                <a href=\"https:\/\/voice-interaction.com\/tmp-web\/br\/category\/industrias_br\/broadcast-midia\/\" rel=\"category tag\">Broadcast &amp; M\u00eddia<\/a>, <a href=\"https:\/\/voice-interaction.com\/tmp-web\/br\/category\/empresa\/\" rel=\"category tag\">Empresa<\/a>, <a href=\"https:\/\/voice-interaction.com\/tmp-web\/br\/category\/industrias_br\/\" rel=\"category tag\">Ind\u00fastrias<\/a>, <a href=\"https:\/\/voice-interaction.com\/tmp-web\/br\/category\/solucoes\/legendagem\/\" rel=\"category tag\">Legendagem<\/a>, <a href=\"https:\/\/voice-interaction.com\/tmp-web\/br\/category\/empresa\/noticias-empresa\/\" rel=\"category tag\">Not\u00edcias Empresa<\/a>, <a href=\"https:\/\/voice-interaction.com\/tmp-web\/br\/category\/solucoes\/\" rel=\"category tag\">Solu\u00e7\u00f5es<\/a>            <\/span>\n\n                            <div><\/div>\n                    <\/div>\n\n    \t\t\t\t<\/div>\n\t\t\t<\/div>\n\n\t\t<\/div>\n\t<\/article>\n\n\n\n\t<article id=\"post-18474\" class=\"post-item post-18474 post type-post status-publish format-standard has-post-thumbnail hentry category-ditado category-empresa category-noticias-empresa category-solucoes\">\n\t\t<div class=\"post-container\">\n\t\t\t\n\t\t\t<div class=\"post-meta-thumb\">\n\t\t\t\t<img loading=\"lazy\" decoding=\"async\" width=\"533\" height=\"360\" src=\"https:\/\/voice-interaction.com\/tmp-web\/wp-content\/uploads\/2020\/04\/Focus-3.jpg\" class=\"attachment-large size-large wp-post-image\" alt=\"\" srcset=\"https:\/\/voice-interaction.com\/tmp-web\/wp-content\/uploads\/2020\/04\/Focus-3.jpg 533w, https:\/\/voice-interaction.com\/tmp-web\/wp-content\/uploads\/2020\/04\/Focus-3-300x203.jpg 300w\" sizes=\"auto, (max-width: 533px) 100vw, 533px\" \/>\t\t\t\t\n        <div class=\"sh-overlay-style1\">\n            <div class=\"sh-table-full\">\n                                    <a href=\"https:\/\/voice-interaction.com\/tmp-web\/br\/o-nosso-contributo-para-a-saude-voxcontrol\/\" class=\"sh-overlay-item sh-table-cell\" title=\"Open the article - O nosso contributo para a Sa\u00fade \u2013 VoxControl\">\n                        <div class=\"sh-overlay-item-container\">\n                            <i class=\"icon-link\"><\/i>\n                        <\/div>\n                    <\/a>\n                \n                                    <a href=\"https:\/\/voice-interaction.com\/tmp-web\/wp-content\/uploads\/2020\/04\/Focus-3.jpg\" class=\"sh-overlay-item sh-table-cell\" data-rel=\"lightcase\">\n                        <div class=\"sh-overlay-item-container\">\n                            <i class=\"icon-magnifier-add\"><\/i>\n                        <\/div>\n                    <\/a>\n                            <\/div>\n        <\/div>\n\n    \t\t\t<\/div>\n\n\t\t\t<div class=\"post-content-container\">\n\t\t\t\t<a href=\"https:\/\/voice-interaction.com\/tmp-web\/br\/o-nosso-contributo-para-a-saude-voxcontrol\/\" class=\"post-title\">\n\t\t\t\t\t<h2>\n\t\t\t\t\t\t\t\t\t\t\t\tO nosso contributo para a Sa\u00fade \u2013 VoxControl\t\t\t\t\t<\/h2>\n\t\t\t\t<\/a>\n\n\t\t\t\t<div class=\"post-meta post-meta-one\">\n\t\t\t\t\t\n        <span class=\"post-meta-author\">\n            by            <a href=\"https:\/\/voice-interaction.com\/tmp-web\/br\/author\/mariana\/\" class=\"bypostauthor\" itemprop=\"url\" rel=\"author\">\n                Mariana            <\/a>\n        <\/span>\n\n                    <time class=\"updated semantic\" itemprop=\"dateModified\" datetime=\"2020-04-02T11:07:32+00:00\"><\/time>\n            <a href=\"https:\/\/voice-interaction.com\/tmp-web\/br\/o-nosso-contributo-para-a-saude-voxcontrol\/\" class=\"post-meta-date sh-default-color\">abril 1, 2020<\/a>\n        \n    \t\t\t\t<\/div>\n\n\t\t\t\t<div class=\"post-content\">\n\t\t\t\t\t<p>H\u00e1 muito que os servi\u00e7os de transcri\u00e7\u00e3o s\u00e3o necess\u00e1rios no setor de Sa\u00fade. De fato, muitos&#8230;<\/p>\n\t\t\t\t<\/div>\n\n\t\t\t\t<div class=\"post-meta post-meta-two\">\n\t\t\t\t\t\n        <div class=\"sh-columns post-meta-comments\">\n            <span class=\"post-meta-categories\">\n                <i class=\"icon-tag\"><\/i>\n                <a href=\"https:\/\/voice-interaction.com\/tmp-web\/br\/category\/solucoes\/ditado\/\" rel=\"category tag\">Ditado<\/a>, <a href=\"https:\/\/voice-interaction.com\/tmp-web\/br\/category\/empresa\/\" rel=\"category tag\">Empresa<\/a>, <a href=\"https:\/\/voice-interaction.com\/tmp-web\/br\/category\/empresa\/noticias-empresa\/\" rel=\"category tag\">Not\u00edcias Empresa<\/a>, <a href=\"https:\/\/voice-interaction.com\/tmp-web\/br\/category\/solucoes\/\" rel=\"category tag\">Solu\u00e7\u00f5es<\/a>            <\/span>\n\n                            <div><\/div>\n                    <\/div>\n\n    \t\t\t\t<\/div>\n\t\t\t<\/div>\n\n\t\t<\/div>\n\t<\/article>\n\n\n\n\t<article id=\"post-18471\" class=\"post-item post-18471 post type-post status-publish format-standard has-post-thumbnail hentry category-empresa tag-audimus-media-br tag-compliance-recording-eu-br\">\n\t\t<div class=\"post-container\">\n\t\t\t\n\t\t\t<div class=\"post-meta-thumb\">\n\t\t\t\t<img loading=\"lazy\" decoding=\"async\" width=\"533\" height=\"360\" src=\"https:\/\/voice-interaction.com\/tmp-web\/wp-content\/uploads\/2020\/04\/Focus-1.jpg\" class=\"attachment-large size-large wp-post-image\" alt=\"\" srcset=\"https:\/\/voice-interaction.com\/tmp-web\/wp-content\/uploads\/2020\/04\/Focus-1.jpg 533w, https:\/\/voice-interaction.com\/tmp-web\/wp-content\/uploads\/2020\/04\/Focus-1-300x203.jpg 300w\" sizes=\"auto, (max-width: 533px) 100vw, 533px\" \/>\t\t\t\t\n        <div class=\"sh-overlay-style1\">\n            <div class=\"sh-table-full\">\n                                    <a href=\"https:\/\/voice-interaction.com\/tmp-web\/br\/a-transversalidade-dos-nossos-produtos\/\" class=\"sh-overlay-item sh-table-cell\" title=\"Open the article - A transversalidade dos nossos produtos\">\n                        <div class=\"sh-overlay-item-container\">\n                            <i class=\"icon-link\"><\/i>\n                        <\/div>\n                    <\/a>\n                \n                                    <a href=\"https:\/\/voice-interaction.com\/tmp-web\/wp-content\/uploads\/2020\/04\/Focus-1.jpg\" class=\"sh-overlay-item sh-table-cell\" data-rel=\"lightcase\">\n                        <div class=\"sh-overlay-item-container\">\n                            <i class=\"icon-magnifier-add\"><\/i>\n                        <\/div>\n                    <\/a>\n                            <\/div>\n        <\/div>\n\n    \t\t\t<\/div>\n\n\t\t\t<div class=\"post-content-container\">\n\t\t\t\t<a href=\"https:\/\/voice-interaction.com\/tmp-web\/br\/a-transversalidade-dos-nossos-produtos\/\" class=\"post-title\">\n\t\t\t\t\t<h2>\n\t\t\t\t\t\t\t\t\t\t\t\tA transversalidade dos nossos produtos\t\t\t\t\t<\/h2>\n\t\t\t\t<\/a>\n\n\t\t\t\t<div class=\"post-meta post-meta-one\">\n\t\t\t\t\t\n        <span class=\"post-meta-author\">\n            by            <a href=\"https:\/\/voice-interaction.com\/tmp-web\/br\/author\/mariana\/\" class=\"bypostauthor\" itemprop=\"url\" rel=\"author\">\n                Mariana            <\/a>\n        <\/span>\n\n                    <time class=\"updated semantic\" itemprop=\"dateModified\" datetime=\"2020-04-02T10:52:21+00:00\"><\/time>\n            <a href=\"https:\/\/voice-interaction.com\/tmp-web\/br\/a-transversalidade-dos-nossos-produtos\/\" class=\"post-meta-date sh-default-color\">abril 1, 2020<\/a>\n        \n    \t\t\t\t<\/div>\n\n\t\t\t\t<div class=\"post-content\">\n\t\t\t\t\t<p>Antes, durante e depois de uma reuni\u00e3o temos a necessidade de que as decis\u00f5es tomadas sejam&#8230;<\/p>\n\t\t\t\t<\/div>\n\n\t\t\t\t<div class=\"post-meta post-meta-two\">\n\t\t\t\t\t\n        <div class=\"sh-columns post-meta-comments\">\n            <span class=\"post-meta-categories\">\n                <i class=\"icon-tag\"><\/i>\n                <a href=\"https:\/\/voice-interaction.com\/tmp-web\/br\/category\/empresa\/\" rel=\"category tag\">Empresa<\/a>            <\/span>\n\n                            <div><\/div>\n                    <\/div>\n\n    \t\t\t\t<\/div>\n\t\t\t<\/div>\n\n\t\t<\/div>\n\t<\/article>\n\n\n\n\t<article id=\"post-18336\" class=\"post-item post-18336 post type-post status-publish format-standard has-post-thumbnail hentry category-broadcast-midia category-empresa category-industrias_br category-legendagem category-noticias-empresa\">\n\t\t<div class=\"post-container\">\n\t\t\t\n\t\t\t<div class=\"post-meta-thumb\">\n\t\t\t\t<img loading=\"lazy\" decoding=\"async\" width=\"400\" height=\"270\" src=\"https:\/\/voice-interaction.com\/tmp-web\/wp-content\/uploads\/2020\/03\/Header.jpg\" class=\"attachment-large size-large wp-post-image\" alt=\"\" srcset=\"https:\/\/voice-interaction.com\/tmp-web\/wp-content\/uploads\/2020\/03\/Header.jpg 400w, https:\/\/voice-interaction.com\/tmp-web\/wp-content\/uploads\/2020\/03\/Header-300x203.jpg 300w\" sizes=\"auto, (max-width: 400px) 100vw, 400px\" \/>\t\t\t\t\n        <div class=\"sh-overlay-style1\">\n            <div class=\"sh-table-full\">\n                                    <a href=\"https:\/\/voice-interaction.com\/tmp-web\/br\/voiceinteraction-em-forte-expansao-no-mercado-americano\/\" class=\"sh-overlay-item sh-table-cell\" title=\"Open the article - VoiceInteraction em forte expans\u00e3o no mercado americano\">\n                        <div class=\"sh-overlay-item-container\">\n                            <i class=\"icon-link\"><\/i>\n                        <\/div>\n                    <\/a>\n                \n                                    <a href=\"https:\/\/voice-interaction.com\/tmp-web\/wp-content\/uploads\/2020\/03\/Header.jpg\" class=\"sh-overlay-item sh-table-cell\" data-rel=\"lightcase\">\n                        <div class=\"sh-overlay-item-container\">\n                            <i class=\"icon-magnifier-add\"><\/i>\n                        <\/div>\n                    <\/a>\n                            <\/div>\n        <\/div>\n\n    \t\t\t<\/div>\n\n\t\t\t<div class=\"post-content-container\">\n\t\t\t\t<a href=\"https:\/\/voice-interaction.com\/tmp-web\/br\/voiceinteraction-em-forte-expansao-no-mercado-americano\/\" class=\"post-title\">\n\t\t\t\t\t<h2>\n\t\t\t\t\t\t\t\t\t\t\t\tVoiceInteraction em forte expans\u00e3o no mercado americano\t\t\t\t\t<\/h2>\n\t\t\t\t<\/a>\n\n\t\t\t\t<div class=\"post-meta post-meta-one\">\n\t\t\t\t\t\n        <span class=\"post-meta-author\">\n            by            <a href=\"https:\/\/voice-interaction.com\/tmp-web\/br\/author\/mariana\/\" class=\"bypostauthor\" itemprop=\"url\" rel=\"author\">\n                Mariana            <\/a>\n        <\/span>\n\n                    <time class=\"updated semantic\" itemprop=\"dateModified\" datetime=\"2020-03-06T15:32:00+00:00\"><\/time>\n            <a href=\"https:\/\/voice-interaction.com\/tmp-web\/br\/voiceinteraction-em-forte-expansao-no-mercado-americano\/\" class=\"post-meta-date sh-default-color\">mar\u00e7o 6, 2020<\/a>\n        \n    \t\t\t\t<\/div>\n\n\t\t\t\t<div class=\"post-content\">\n\t\t\t\t\t<p>Atualmente, mais de 400 emissoras de TV fazem parte do nosso portef\u00f3lio de clientes, com impacto&#8230;<\/p>\n\t\t\t\t<\/div>\n\n\t\t\t\t<div class=\"post-meta post-meta-two\">\n\t\t\t\t\t\n        <div class=\"sh-columns post-meta-comments\">\n            <span class=\"post-meta-categories\">\n                <i class=\"icon-tag\"><\/i>\n                <a href=\"https:\/\/voice-interaction.com\/tmp-web\/br\/category\/industrias_br\/broadcast-midia\/\" rel=\"category tag\">Broadcast &amp; M\u00eddia<\/a>, <a href=\"https:\/\/voice-interaction.com\/tmp-web\/br\/category\/empresa\/\" rel=\"category tag\">Empresa<\/a>, <a href=\"https:\/\/voice-interaction.com\/tmp-web\/br\/category\/industrias_br\/\" rel=\"category tag\">Ind\u00fastrias<\/a>, <a href=\"https:\/\/voice-interaction.com\/tmp-web\/br\/category\/solucoes\/legendagem\/\" rel=\"category tag\">Legendagem<\/a>, <a href=\"https:\/\/voice-interaction.com\/tmp-web\/br\/category\/empresa\/noticias-empresa\/\" rel=\"category tag\">Not\u00edcias Empresa<\/a>            <\/span>\n\n                            <div><\/div>\n                    <\/div>\n\n    \t\t\t\t<\/div>\n\t\t\t<\/div>\n\n\t\t<\/div>\n\t<\/article>\n\n\n\n\t<article id=\"post-18317\" class=\"post-item post-18317 post type-post status-publish format-video has-post-thumbnail hentry category-empresa category-industrias_br category-noticias-empresa category-speech-analytics-br post_format-post-format-video\" itemscope=\"itemscope\" itemtype=\"http:\/\/schema.org\/Article\">\n\t\t<div class=\"post-container\">\n\t\t\t\n\t\t\t\n\t<div class=\"post-meta-video\">\n\t\t<div class=\"ratio-container\">\n\t\t\t<div class=\"ratio-content\">\n\t\t\t\t\n\t\t\t<\/div>\n\t\t<\/div>\n\t<\/div>\n\t\t\t<div class=\"post-content-container\">\n\t\t\t\t<a href=\"https:\/\/voice-interaction.com\/tmp-web\/br\/callscriber-em-video-para-todos-e-em-qualquer-lugar\/\" class=\"post-title\">\n\t\t\t\t\t<h2 itemprop=\"headline\">\n\t\t\t\t\t\t\t\t\t\t\t\tCallScriber em v\u00eddeo. Para todos e em qualquer lugar!\t\t\t\t\t<\/h2>\n\t\t\t\t<\/a>\n\n\t\t\t\t<div class=\"post-meta post-meta-one\">\n\t\t\t\t\t\n        <span class=\"post-meta-author\">\n            by            <a href=\"https:\/\/voice-interaction.com\/tmp-web\/br\/author\/mariana\/\" class=\"bypostauthor\" itemprop=\"url\" rel=\"author\">\n                Mariana            <\/a>\n        <\/span>\n\n                    <time class=\"updated semantic\" itemprop=\"dateModified\" datetime=\"2020-03-04T15:16:14+00:00\"><\/time>\n            <a href=\"https:\/\/voice-interaction.com\/tmp-web\/br\/callscriber-em-video-para-todos-e-em-qualquer-lugar\/\" class=\"post-meta-date sh-default-color\">mar\u00e7o 4, 2020<\/a>\n        \n    \t\t\t\t<\/div>\n\n\t\t\t\t<div class=\"post-content\" itemprop=\"text\">\n\t\t\t\t\t<p>Se ainda n\u00e3o conhece o CallScriber, produto que analisa 100% das chamadas de um Contact Centers&#8230;<\/p>\n\t\t\t\t<\/div>\n\n\t\t\t\t<div class=\"post-meta post-meta-two\">\n\t\t\t\t\t\n        <div class=\"sh-columns post-meta-comments\">\n            <span class=\"post-meta-categories\">\n                <i class=\"icon-tag\"><\/i>\n                <a href=\"https:\/\/voice-interaction.com\/tmp-web\/br\/category\/empresa\/\" rel=\"category tag\">Empresa<\/a>, <a href=\"https:\/\/voice-interaction.com\/tmp-web\/br\/category\/industrias_br\/\" rel=\"category tag\">Ind\u00fastrias<\/a>, <a href=\"https:\/\/voice-interaction.com\/tmp-web\/br\/category\/empresa\/noticias-empresa\/\" rel=\"category tag\">Not\u00edcias Empresa<\/a>, <a href=\"https:\/\/voice-interaction.com\/tmp-web\/br\/category\/solucoes\/speech-analytics-br\/\" rel=\"category tag\">Speech Analytics<\/a>            <\/span>\n\n                            <div><\/div>\n                    <\/div>\n\n    \t\t\t\t<\/div>\n\t\t\t<\/div>\n\n\t\t<\/div>\n\t<\/article>\n\n\t\n\t<article id=\"post-18314\" class=\"post-item post-18314 post type-post status-publish format-standard has-post-thumbnail hentry category-empresa category-noticias-empresa\">\n\t\t<div class=\"post-container\">\n\t\t\t\n\t\t\t<div class=\"post-meta-thumb\">\n\t\t\t\t<img loading=\"lazy\" decoding=\"async\" width=\"400\" height=\"270\" src=\"https:\/\/voice-interaction.com\/tmp-web\/wp-content\/uploads\/2020\/03\/B3_PT_L\u00ednguas.jpg\" class=\"attachment-large size-large wp-post-image\" alt=\"\" srcset=\"https:\/\/voice-interaction.com\/tmp-web\/wp-content\/uploads\/2020\/03\/B3_PT_L\u00ednguas.jpg 400w, https:\/\/voice-interaction.com\/tmp-web\/wp-content\/uploads\/2020\/03\/B3_PT_L\u00ednguas-300x203.jpg 300w\" sizes=\"auto, (max-width: 400px) 100vw, 400px\" \/>\t\t\t\t\n        <div class=\"sh-overlay-style1\">\n            <div class=\"sh-table-full\">\n                                    <a href=\"https:\/\/voice-interaction.com\/tmp-web\/br\/a-dar-voz-ao-processamento-computacional-de-portugues-no-propor2020\/\" class=\"sh-overlay-item sh-table-cell\" title=\"Open the article - A dar voz ao Processamento Computacional de Portugu\u00eas no PROPOR2020\">\n                        <div class=\"sh-overlay-item-container\">\n                            <i class=\"icon-link\"><\/i>\n                        <\/div>\n                    <\/a>\n                \n                                    <a href=\"https:\/\/voice-interaction.com\/tmp-web\/wp-content\/uploads\/2020\/03\/B3_PT_L\u00ednguas.jpg\" class=\"sh-overlay-item sh-table-cell\" data-rel=\"lightcase\">\n                        <div class=\"sh-overlay-item-container\">\n                            <i class=\"icon-magnifier-add\"><\/i>\n                        <\/div>\n                    <\/a>\n                            <\/div>\n        <\/div>\n\n    \t\t\t<\/div>\n\n\t\t\t<div class=\"post-content-container\">\n\t\t\t\t<a href=\"https:\/\/voice-interaction.com\/tmp-web\/br\/a-dar-voz-ao-processamento-computacional-de-portugues-no-propor2020\/\" class=\"post-title\">\n\t\t\t\t\t<h2>\n\t\t\t\t\t\t\t\t\t\t\t\tA dar voz ao Processamento Computacional de Portugu\u00eas no PROPOR2020\t\t\t\t\t<\/h2>\n\t\t\t\t<\/a>\n\n\t\t\t\t<div class=\"post-meta post-meta-one\">\n\t\t\t\t\t\n        <span class=\"post-meta-author\">\n            by            <a href=\"https:\/\/voice-interaction.com\/tmp-web\/br\/author\/mariana\/\" class=\"bypostauthor\" itemprop=\"url\" rel=\"author\">\n                Mariana            <\/a>\n        <\/span>\n\n                    <time class=\"updated semantic\" itemprop=\"dateModified\" datetime=\"2020-03-09T19:19:22+00:00\"><\/time>\n            <a href=\"https:\/\/voice-interaction.com\/tmp-web\/br\/a-dar-voz-ao-processamento-computacional-de-portugues-no-propor2020\/\" class=\"post-meta-date sh-default-color\">mar\u00e7o 4, 2020<\/a>\n        \n    \t\t\t\t<\/div>\n\n\t\t\t\t<div class=\"post-content\">\n\t\t\t\t\t<p>A cada dois anos, a Confer\u00eancia Internacional de PROcessamento Computacional da L\u00edngua PORtuguesa &#8211; PROPOR &#8211;&#8230;<\/p>\n\t\t\t\t<\/div>\n\n\t\t\t\t<div class=\"post-meta post-meta-two\">\n\t\t\t\t\t\n        <div class=\"sh-columns post-meta-comments\">\n            <span class=\"post-meta-categories\">\n                <i class=\"icon-tag\"><\/i>\n                <a href=\"https:\/\/voice-interaction.com\/tmp-web\/br\/category\/empresa\/\" rel=\"category tag\">Empresa<\/a>, <a href=\"https:\/\/voice-interaction.com\/tmp-web\/br\/category\/empresa\/noticias-empresa\/\" rel=\"category tag\">Not\u00edcias Empresa<\/a>            <\/span>\n\n                            <div><\/div>\n                    <\/div>\n\n    \t\t\t\t<\/div>\n\t\t\t<\/div>\n\n\t\t<\/div>\n\t<\/article>\n\n\n\n\t<article id=\"post-18310\" class=\"post-item post-18310 post type-post status-publish format-standard has-post-thumbnail hentry category-empresa category-industrias_br category-noticias-empresa category-transcricao-br tag-audimus-server-br tag-speech-recognition-eu-br\">\n\t\t<div class=\"post-container\">\n\t\t\t\n\t\t\t<div class=\"post-meta-thumb\">\n\t\t\t\t<img loading=\"lazy\" decoding=\"async\" width=\"400\" height=\"270\" src=\"https:\/\/voice-interaction.com\/tmp-web\/wp-content\/uploads\/2020\/03\/B2_sERVER.jpg\" class=\"attachment-large size-large wp-post-image\" alt=\"\" srcset=\"https:\/\/voice-interaction.com\/tmp-web\/wp-content\/uploads\/2020\/03\/B2_sERVER.jpg 400w, https:\/\/voice-interaction.com\/tmp-web\/wp-content\/uploads\/2020\/03\/B2_sERVER-300x203.jpg 300w\" sizes=\"auto, (max-width: 400px) 100vw, 400px\" \/>\t\t\t\t\n        <div class=\"sh-overlay-style1\">\n            <div class=\"sh-table-full\">\n                                    <a href=\"https:\/\/voice-interaction.com\/tmp-web\/br\/escrever-uma-ata-de-uma-reuniao-nunca-foi-tao-facil\/\" class=\"sh-overlay-item sh-table-cell\" title=\"Open the article - Escrever uma ata de uma reuni\u00e3o nunca foi t\u00e3o f\u00e1cil!\">\n                        <div class=\"sh-overlay-item-container\">\n                            <i class=\"icon-link\"><\/i>\n                        <\/div>\n                    <\/a>\n                \n                                    <a href=\"https:\/\/voice-interaction.com\/tmp-web\/wp-content\/uploads\/2020\/03\/B2_sERVER.jpg\" class=\"sh-overlay-item sh-table-cell\" data-rel=\"lightcase\">\n                        <div class=\"sh-overlay-item-container\">\n                            <i class=\"icon-magnifier-add\"><\/i>\n                        <\/div>\n                    <\/a>\n                            <\/div>\n        <\/div>\n\n    \t\t\t<\/div>\n\n\t\t\t<div class=\"post-content-container\">\n\t\t\t\t<a href=\"https:\/\/voice-interaction.com\/tmp-web\/br\/escrever-uma-ata-de-uma-reuniao-nunca-foi-tao-facil\/\" class=\"post-title\">\n\t\t\t\t\t<h2>\n\t\t\t\t\t\t\t\t\t\t\t\tEscrever uma ata de uma reuni\u00e3o nunca foi t\u00e3o f\u00e1cil!\t\t\t\t\t<\/h2>\n\t\t\t\t<\/a>\n\n\t\t\t\t<div class=\"post-meta post-meta-one\">\n\t\t\t\t\t\n        <span class=\"post-meta-author\">\n            by            <a href=\"https:\/\/voice-interaction.com\/tmp-web\/br\/author\/mariana\/\" class=\"bypostauthor\" itemprop=\"url\" rel=\"author\">\n                Mariana            <\/a>\n        <\/span>\n\n                    <time class=\"updated semantic\" itemprop=\"dateModified\" datetime=\"2020-03-09T19:25:18+00:00\"><\/time>\n            <a href=\"https:\/\/voice-interaction.com\/tmp-web\/br\/escrever-uma-ata-de-uma-reuniao-nunca-foi-tao-facil\/\" class=\"post-meta-date sh-default-color\">mar\u00e7o 4, 2020<\/a>\n        \n    \t\t\t\t<\/div>\n\n\t\t\t\t<div class=\"post-content\">\n\t\t\t\t\t<p>A crescente procura por solu\u00e7\u00f5es autom\u00e1ticas de transcri\u00e7\u00e3o de documentos \u00e9 consolidada pela crescente ades\u00e3o junto&#8230;<\/p>\n\t\t\t\t<\/div>\n\n\t\t\t\t<div class=\"post-meta post-meta-two\">\n\t\t\t\t\t\n        <div class=\"sh-columns post-meta-comments\">\n            <span class=\"post-meta-categories\">\n                <i class=\"icon-tag\"><\/i>\n                <a href=\"https:\/\/voice-interaction.com\/tmp-web\/br\/category\/empresa\/\" rel=\"category tag\">Empresa<\/a>, <a href=\"https:\/\/voice-interaction.com\/tmp-web\/br\/category\/industrias_br\/\" rel=\"category tag\">Ind\u00fastrias<\/a>, <a href=\"https:\/\/voice-interaction.com\/tmp-web\/br\/category\/empresa\/noticias-empresa\/\" rel=\"category tag\">Not\u00edcias Empresa<\/a>, <a href=\"https:\/\/voice-interaction.com\/tmp-web\/br\/category\/solucoes\/transcricao-br\/\" rel=\"category tag\">Transcri\u00e7\u00e3o<\/a>            <\/span>\n\n                            <div><\/div>\n                    <\/div>\n\n    \t\t\t\t<\/div>\n\t\t\t<\/div>\n\n\t\t<\/div>\n\t<\/article>\n\n\n\n\t<article id=\"post-18308\" class=\"post-item post-18308 post type-post status-publish format-standard has-post-thumbnail hentry category-broadcast-midia category-empresa category-monitoramento-de-midia-broadcast category-noticias-empresa tag-broadcast-monitoring-eu-br tag-subtitling-regulation-br\">\n\t\t<div class=\"post-container\">\n\t\t\t\n\t\t\t<div class=\"post-meta-thumb\">\n\t\t\t\t<img loading=\"lazy\" decoding=\"async\" width=\"400\" height=\"270\" src=\"https:\/\/voice-interaction.com\/tmp-web\/wp-content\/uploads\/2020\/03\/B1_MMS.jpg\" class=\"attachment-large size-large wp-post-image\" alt=\"\" srcset=\"https:\/\/voice-interaction.com\/tmp-web\/wp-content\/uploads\/2020\/03\/B1_MMS.jpg 400w, https:\/\/voice-interaction.com\/tmp-web\/wp-content\/uploads\/2020\/03\/B1_MMS-300x203.jpg 300w\" sizes=\"auto, (max-width: 400px) 100vw, 400px\" \/>\t\t\t\t\n        <div class=\"sh-overlay-style1\">\n            <div class=\"sh-table-full\">\n                                    <a href=\"https:\/\/voice-interaction.com\/tmp-web\/br\/tecnologias-de-processamento-de-fala-estao-a-redefinir-os-sistemas-de-monitoramento-de-midia\/\" class=\"sh-overlay-item sh-table-cell\" title=\"Open the article - Tecnologias de Processamento de Fala est\u00e3o a redefinir os Sistemas de Monitoramento de M\u00eddia\">\n                        <div class=\"sh-overlay-item-container\">\n                            <i class=\"icon-link\"><\/i>\n                        <\/div>\n                    <\/a>\n                \n                                    <a href=\"https:\/\/voice-interaction.com\/tmp-web\/wp-content\/uploads\/2020\/03\/B1_MMS.jpg\" class=\"sh-overlay-item sh-table-cell\" data-rel=\"lightcase\">\n                        <div class=\"sh-overlay-item-container\">\n                            <i class=\"icon-magnifier-add\"><\/i>\n                        <\/div>\n                    <\/a>\n                            <\/div>\n        <\/div>\n\n    \t\t\t<\/div>\n\n\t\t\t<div class=\"post-content-container\">\n\t\t\t\t<a href=\"https:\/\/voice-interaction.com\/tmp-web\/br\/tecnologias-de-processamento-de-fala-estao-a-redefinir-os-sistemas-de-monitoramento-de-midia\/\" class=\"post-title\">\n\t\t\t\t\t<h2>\n\t\t\t\t\t\t\t\t\t\t\t\tTecnologias de Processamento de Fala est\u00e3o a redefinir os Sistemas de Monitoramento de M\u00eddia\t\t\t\t\t<\/h2>\n\t\t\t\t<\/a>\n\n\t\t\t\t<div class=\"post-meta post-meta-one\">\n\t\t\t\t\t\n        <span class=\"post-meta-author\">\n            by            <a href=\"https:\/\/voice-interaction.com\/tmp-web\/br\/author\/mariana\/\" class=\"bypostauthor\" itemprop=\"url\" rel=\"author\">\n                Mariana            <\/a>\n        <\/span>\n\n                    <time class=\"updated semantic\" itemprop=\"dateModified\" datetime=\"2020-03-09T19:38:13+00:00\"><\/time>\n            <a href=\"https:\/\/voice-interaction.com\/tmp-web\/br\/tecnologias-de-processamento-de-fala-estao-a-redefinir-os-sistemas-de-monitoramento-de-midia\/\" class=\"post-meta-date sh-default-color\">mar\u00e7o 4, 2020<\/a>\n        \n    \t\t\t\t<\/div>\n\n\t\t\t\t<div class=\"post-content\">\n\t\t\t\t\t<p>A nova solu\u00e7\u00e3o da VoiceInteraction para monitoramento de m\u00eddia: o MMS-BE A Voz\u00a0ser\u00e1, em um futuro&#8230;<\/p>\n\t\t\t\t<\/div>\n\n\t\t\t\t<div class=\"post-meta post-meta-two\">\n\t\t\t\t\t\n        <div class=\"sh-columns post-meta-comments\">\n            <span class=\"post-meta-categories\">\n                <i class=\"icon-tag\"><\/i>\n                <a href=\"https:\/\/voice-interaction.com\/tmp-web\/br\/category\/industrias_br\/broadcast-midia\/\" rel=\"category tag\">Broadcast &amp; M\u00eddia<\/a>, <a href=\"https:\/\/voice-interaction.com\/tmp-web\/br\/category\/empresa\/\" rel=\"category tag\">Empresa<\/a>, <a href=\"https:\/\/voice-interaction.com\/tmp-web\/br\/category\/solucoes\/monitoramento-de-midia-broadcast\/\" rel=\"category tag\">Monitoramento de M\u00eddia - Broadcast<\/a>, <a href=\"https:\/\/voice-interaction.com\/tmp-web\/br\/category\/empresa\/noticias-empresa\/\" rel=\"category tag\">Not\u00edcias Empresa<\/a>            <\/span>\n\n                            <div><\/div>\n                    <\/div>\n\n    \t\t\t\t<\/div>\n\t\t\t<\/div>\n\n\t\t<\/div>\n\t<\/article>\n\n\n\n\t<article id=\"post-18286\" class=\"post-item post-18286 post type-post status-publish format-video has-post-thumbnail hentry category-empresa category-noticias-empresa post_format-post-format-video\" itemscope=\"itemscope\" itemtype=\"http:\/\/schema.org\/Article\">\n\t\t<div class=\"post-container\">\n\t\t\t\n\t\t\t\n\t<div class=\"post-meta-video\">\n\t\t<div class=\"ratio-container\">\n\t\t\t<div class=\"ratio-content\">\n\t\t\t\t<iframe loading=\"lazy\" title=\"Take a look at VoiceInteraction&#039;s new office launch event!\" width=\"500\" height=\"281\" src=\"https:\/\/www.youtube.com\/embed\/XU_qNbWntNE?feature=oembed\" frameborder=\"0\" allow=\"accelerometer; autoplay; clipboard-write; encrypted-media; gyroscope; picture-in-picture; web-share\" referrerpolicy=\"strict-origin-when-cross-origin\" allowfullscreen><\/iframe>\n\t\t\t<\/div>\n\t\t<\/div>\n\t<\/div>\n\t\t\t<div class=\"post-content-container\">\n\t\t\t\t<a href=\"https:\/\/voice-interaction.com\/tmp-web\/br\/a-inauguracao-dos-novos-escritorios-da-voiceinteraction-em-lisboa\/\" class=\"post-title\">\n\t\t\t\t\t<h2 itemprop=\"headline\">\n\t\t\t\t\t\t\t\t\t\t\t\tA inaugura\u00e7\u00e3o dos novos escrit\u00f3rios da VoiceInteraction em Lisboa!\t\t\t\t\t<\/h2>\n\t\t\t\t<\/a>\n\n\t\t\t\t<div class=\"post-meta post-meta-one\">\n\t\t\t\t\t\n        <span class=\"post-meta-author\">\n            by            <a href=\"https:\/\/voice-interaction.com\/tmp-web\/br\/author\/mariana\/\" class=\"bypostauthor\" itemprop=\"url\" rel=\"author\">\n                Mariana            <\/a>\n        <\/span>\n\n                    <time class=\"updated semantic\" itemprop=\"dateModified\" datetime=\"2020-03-04T14:41:04+00:00\"><\/time>\n            <a href=\"https:\/\/voice-interaction.com\/tmp-web\/br\/a-inauguracao-dos-novos-escritorios-da-voiceinteraction-em-lisboa\/\" class=\"post-meta-date sh-default-color\">mar\u00e7o 4, 2020<\/a>\n        \n    \t\t\t\t<\/div>\n\n\t\t\t\t<div class=\"post-content\" itemprop=\"text\">\n\t\t\t\t\t<p>Com toda a empresa em crescimento, tamb\u00e9m as nossas infraestruturas t\u00eam que crescer. Como tal, os&#8230;<\/p>\n\t\t\t\t<\/div>\n\n\t\t\t\t<div class=\"post-meta post-meta-two\">\n\t\t\t\t\t\n        <div class=\"sh-columns post-meta-comments\">\n            <span class=\"post-meta-categories\">\n                <i class=\"icon-tag\"><\/i>\n                <a href=\"https:\/\/voice-interaction.com\/tmp-web\/br\/category\/empresa\/\" rel=\"category tag\">Empresa<\/a>, <a href=\"https:\/\/voice-interaction.com\/tmp-web\/br\/category\/empresa\/noticias-empresa\/\" rel=\"category tag\">Not\u00edcias Empresa<\/a>            <\/span>\n\n                            <div><\/div>\n                    <\/div>\n\n    \t\t\t\t<\/div>\n\t\t\t<\/div>\n\n\t\t<\/div>\n\t<\/article>\n\n\t\n\t<article id=\"post-17958\" class=\"post-item post-17958 post type-post status-publish format-standard has-post-thumbnail hentry category-empresa category-eventos-br category-saude tag-call-center-magazine-br tag-callscriber-br tag-global-contact-center-br tag-ivr-br tag-news-br tag-noticias-br tag-quality-monitoring-br tag-speech-analytics-br tag-technology-br\">\n\t\t<div class=\"post-container\">\n\t\t\t\n\t\t\t<div class=\"post-meta-thumb\">\n\t\t\t\t<img loading=\"lazy\" decoding=\"async\" width=\"1024\" height=\"768\" src=\"https:\/\/voice-interaction.com\/tmp-web\/wp-content\/uploads\/2019\/11\/SOTM7170-1024x768.jpg\" class=\"attachment-large size-large wp-post-image\" alt=\"\" srcset=\"https:\/\/voice-interaction.com\/tmp-web\/wp-content\/uploads\/2019\/11\/SOTM7170-1024x768.jpg 1024w, https:\/\/voice-interaction.com\/tmp-web\/wp-content\/uploads\/2019\/11\/SOTM7170-300x225.jpg 300w, https:\/\/voice-interaction.com\/tmp-web\/wp-content\/uploads\/2019\/11\/SOTM7170-768x576.jpg 768w\" sizes=\"auto, (max-width: 1024px) 100vw, 1024px\" \/>\t\t\t\t\n        <div class=\"sh-overlay-style1\">\n            <div class=\"sh-table-full\">\n                                    <a href=\"https:\/\/voice-interaction.com\/tmp-web\/br\/nossa-1-a-experiencia-no-global-contact-center\/\" class=\"sh-overlay-item sh-table-cell\" title=\"Open the article - Nossa 1.\u00aa experi\u00eancia no Global Contact Center!\">\n                        <div class=\"sh-overlay-item-container\">\n                            <i class=\"icon-link\"><\/i>\n                        <\/div>\n                    <\/a>\n                \n                                    <a href=\"https:\/\/voice-interaction.com\/tmp-web\/wp-content\/uploads\/2019\/11\/SOTM7170-1024x768.jpg\" class=\"sh-overlay-item sh-table-cell\" data-rel=\"lightcase\">\n                        <div class=\"sh-overlay-item-container\">\n                            <i class=\"icon-magnifier-add\"><\/i>\n                        <\/div>\n                    <\/a>\n                            <\/div>\n        <\/div>\n\n    \t\t\t<\/div>\n\n\t\t\t<div class=\"post-content-container\">\n\t\t\t\t<a href=\"https:\/\/voice-interaction.com\/tmp-web\/br\/nossa-1-a-experiencia-no-global-contact-center\/\" class=\"post-title\">\n\t\t\t\t\t<h2>\n\t\t\t\t\t\t\t\t\t\t\t\tNossa 1.\u00aa experi\u00eancia no Global Contact Center!\t\t\t\t\t<\/h2>\n\t\t\t\t<\/a>\n\n\t\t\t\t<div class=\"post-meta post-meta-one\">\n\t\t\t\t\t\n        <span class=\"post-meta-author\">\n            by            <a href=\"https:\/\/voice-interaction.com\/tmp-web\/br\/author\/mariana\/\" class=\"bypostauthor\" itemprop=\"url\" rel=\"author\">\n                Mariana            <\/a>\n        <\/span>\n\n                    <time class=\"updated semantic\" itemprop=\"dateModified\" datetime=\"2019-11-18T13:06:13+00:00\"><\/time>\n            <a href=\"https:\/\/voice-interaction.com\/tmp-web\/br\/nossa-1-a-experiencia-no-global-contact-center\/\" class=\"post-meta-date sh-default-color\">novembro 15, 2019<\/a>\n        \n    \t\t\t\t<\/div>\n\n\t\t\t\t<div class=\"post-content\">\n\t\t\t\t\t<p>Terminou ontem a 21.\u00aa edi\u00e7\u00e3o do Global Contact Center e a VoiceInteraction esteve presente, pela primeira&#8230;<\/p>\n\t\t\t\t<\/div>\n\n\t\t\t\t<div class=\"post-meta post-meta-two\">\n\t\t\t\t\t\n        <div class=\"sh-columns post-meta-comments\">\n            <span class=\"post-meta-categories\">\n                <i class=\"icon-tag\"><\/i>\n                <a href=\"https:\/\/voice-interaction.com\/tmp-web\/br\/category\/empresa\/\" rel=\"category tag\">Empresa<\/a>, <a href=\"https:\/\/voice-interaction.com\/tmp-web\/br\/category\/empresa\/eventos-br\/\" rel=\"category tag\">Eventos<\/a>, <a href=\"https:\/\/voice-interaction.com\/tmp-web\/br\/category\/industrias_br\/saude\/\" rel=\"category tag\">Sa\u00fade<\/a>            <\/span>\n\n                            <div><\/div>\n                    <\/div>\n\n    \t\t\t\t<\/div>\n\t\t\t<\/div>\n\n\t\t<\/div>\n\t<\/article>\n\n\n\n\t<article id=\"post-17702\" class=\"post-item post-17702 post type-post status-publish format-standard has-post-thumbnail hentry category-broadcast-midia category-empresa category-eventos-br category-legendagem category-monitoramento-de-midia-broadcast category-noticias-empresa tag-audimus-media-br tag-mms-broadcast-br\">\n\t\t<div class=\"post-container\">\n\t\t\t\n\t\t\t<div class=\"post-meta-thumb\">\n\t\t\t\t<img loading=\"lazy\" decoding=\"async\" width=\"1024\" height=\"576\" src=\"https:\/\/voice-interaction.com\/tmp-web\/wp-content\/uploads\/2019\/10\/NAB_NY_1-1024x576.jpeg\" class=\"attachment-large size-large wp-post-image\" alt=\"\" srcset=\"https:\/\/voice-interaction.com\/tmp-web\/wp-content\/uploads\/2019\/10\/NAB_NY_1-1024x576.jpeg 1024w, https:\/\/voice-interaction.com\/tmp-web\/wp-content\/uploads\/2019\/10\/NAB_NY_1-300x169.jpeg 300w, https:\/\/voice-interaction.com\/tmp-web\/wp-content\/uploads\/2019\/10\/NAB_NY_1-768x432.jpeg 768w, https:\/\/voice-interaction.com\/tmp-web\/wp-content\/uploads\/2019\/10\/NAB_NY_1-1200x675.jpeg 1200w, https:\/\/voice-interaction.com\/tmp-web\/wp-content\/uploads\/2019\/10\/NAB_NY_1.jpeg 2016w\" sizes=\"auto, (max-width: 1024px) 100vw, 1024px\" \/>\t\t\t\t\n        <div class=\"sh-overlay-style1\">\n            <div class=\"sh-table-full\">\n                                    <a href=\"https:\/\/voice-interaction.com\/tmp-web\/br\/nab-nova-iorque-2019-melhor-nao-poderiamos-pedir\/\" class=\"sh-overlay-item sh-table-cell\" title=\"Open the article - NAB Nova Iorque 2019 | Melhor n\u00e3o poder\u00edamos pedir!\">\n                        <div class=\"sh-overlay-item-container\">\n                            <i class=\"icon-link\"><\/i>\n                        <\/div>\n                    <\/a>\n                \n                                    <a href=\"https:\/\/voice-interaction.com\/tmp-web\/wp-content\/uploads\/2019\/10\/NAB_NY_1-1024x576.jpeg\" class=\"sh-overlay-item sh-table-cell\" data-rel=\"lightcase\">\n                        <div class=\"sh-overlay-item-container\">\n                            <i class=\"icon-magnifier-add\"><\/i>\n                        <\/div>\n                    <\/a>\n                            <\/div>\n        <\/div>\n\n    \t\t\t<\/div>\n\n\t\t\t<div class=\"post-content-container\">\n\t\t\t\t<a href=\"https:\/\/voice-interaction.com\/tmp-web\/br\/nab-nova-iorque-2019-melhor-nao-poderiamos-pedir\/\" class=\"post-title\">\n\t\t\t\t\t<h2>\n\t\t\t\t\t\t\t\t\t\t\t\tNAB Nova Iorque 2019 | Melhor n\u00e3o poder\u00edamos pedir!\t\t\t\t\t<\/h2>\n\t\t\t\t<\/a>\n\n\t\t\t\t<div class=\"post-meta post-meta-one\">\n\t\t\t\t\t\n        <span class=\"post-meta-author\">\n            by            <a href=\"https:\/\/voice-interaction.com\/tmp-web\/br\/author\/mariana\/\" class=\"bypostauthor\" itemprop=\"url\" rel=\"author\">\n                Mariana            <\/a>\n        <\/span>\n\n                    <time class=\"updated semantic\" itemprop=\"dateModified\" datetime=\"2019-10-21T10:41:50+00:00\"><\/time>\n            <a href=\"https:\/\/voice-interaction.com\/tmp-web\/br\/nab-nova-iorque-2019-melhor-nao-poderiamos-pedir\/\" class=\"post-meta-date sh-default-color\">outubro 18, 2019<\/a>\n        \n    \t\t\t\t<\/div>\n\n\t\t\t\t<div class=\"post-content\">\n\t\t\t\t\t<p>Num piscar de olhos, a NAB Nova Iorque j\u00e1 acabou! Dois dias de trabalho \u00e1rduo que&#8230;<\/p>\n\t\t\t\t<\/div>\n\n\t\t\t\t<div class=\"post-meta post-meta-two\">\n\t\t\t\t\t\n        <div class=\"sh-columns post-meta-comments\">\n            <span class=\"post-meta-categories\">\n                <i class=\"icon-tag\"><\/i>\n                <a href=\"https:\/\/voice-interaction.com\/tmp-web\/br\/category\/industrias_br\/broadcast-midia\/\" rel=\"category tag\">Broadcast &amp; M\u00eddia<\/a>, <a href=\"https:\/\/voice-interaction.com\/tmp-web\/br\/category\/empresa\/\" rel=\"category tag\">Empresa<\/a>, <a href=\"https:\/\/voice-interaction.com\/tmp-web\/br\/category\/empresa\/eventos-br\/\" rel=\"category tag\">Eventos<\/a>, <a href=\"https:\/\/voice-interaction.com\/tmp-web\/br\/category\/solucoes\/legendagem\/\" rel=\"category tag\">Legendagem<\/a>, <a href=\"https:\/\/voice-interaction.com\/tmp-web\/br\/category\/solucoes\/monitoramento-de-midia-broadcast\/\" rel=\"category tag\">Monitoramento de M\u00eddia - Broadcast<\/a>, <a href=\"https:\/\/voice-interaction.com\/tmp-web\/br\/category\/empresa\/noticias-empresa\/\" rel=\"category tag\">Not\u00edcias Empresa<\/a>            <\/span>\n\n                            <div><\/div>\n                    <\/div>\n\n    \t\t\t\t<\/div>\n\t\t\t<\/div>\n\n\t\t<\/div>\n\t<\/article>\n\n\n\n\t<article id=\"post-17635\" class=\"post-item post-17635 post type-post status-publish format-standard has-post-thumbnail hentry category-empresa category-eventos-br category-noticias-empresa tag-big-data-br tag-conferencia tag-data-br tag-eventos tag-i-data-meeting-br tag-ife-br\">\n\t\t<div class=\"post-container\">\n\t\t\t\n\t\t\t<div class=\"post-meta-thumb\">\n\t\t\t\t<img loading=\"lazy\" decoding=\"async\" width=\"1024\" height=\"768\" src=\"https:\/\/voice-interaction.com\/tmp-web\/wp-content\/uploads\/2019\/10\/I-data-2-1024x768.jpg\" class=\"attachment-large size-large wp-post-image\" alt=\"\" srcset=\"https:\/\/voice-interaction.com\/tmp-web\/wp-content\/uploads\/2019\/10\/I-data-2-1024x768.jpg 1024w, https:\/\/voice-interaction.com\/tmp-web\/wp-content\/uploads\/2019\/10\/I-data-2-300x225.jpg 300w, https:\/\/voice-interaction.com\/tmp-web\/wp-content\/uploads\/2019\/10\/I-data-2-768x576.jpg 768w, https:\/\/voice-interaction.com\/tmp-web\/wp-content\/uploads\/2019\/10\/I-data-2.jpg 1920w\" sizes=\"auto, (max-width: 1024px) 100vw, 1024px\" \/>\t\t\t\t\n        <div class=\"sh-overlay-style1\">\n            <div class=\"sh-table-full\">\n                                    <a href=\"https:\/\/voice-interaction.com\/tmp-web\/br\/na-2a-edicao-do-i-data-meeting-a-voiceinteraction-esteve-la\/\" class=\"sh-overlay-item sh-table-cell\" title=\"Open the article - Na 2\u00aa edi\u00e7\u00e3o do i-Data Meeting, a VoiceInteraction esteve l\u00e1!\">\n                        <div class=\"sh-overlay-item-container\">\n                            <i class=\"icon-link\"><\/i>\n                        <\/div>\n                    <\/a>\n                \n                                    <a href=\"https:\/\/voice-interaction.com\/tmp-web\/wp-content\/uploads\/2019\/10\/I-data-2-1024x768.jpg\" class=\"sh-overlay-item sh-table-cell\" data-rel=\"lightcase\">\n                        <div class=\"sh-overlay-item-container\">\n                            <i class=\"icon-magnifier-add\"><\/i>\n                        <\/div>\n                    <\/a>\n                            <\/div>\n        <\/div>\n\n    \t\t\t<\/div>\n\n\t\t\t<div class=\"post-content-container\">\n\t\t\t\t<a href=\"https:\/\/voice-interaction.com\/tmp-web\/br\/na-2a-edicao-do-i-data-meeting-a-voiceinteraction-esteve-la\/\" class=\"post-title\">\n\t\t\t\t\t<h2>\n\t\t\t\t\t\t\t\t\t\t\t\tNa 2\u00aa edi\u00e7\u00e3o do i-Data Meeting, a VoiceInteraction esteve l\u00e1!\t\t\t\t\t<\/h2>\n\t\t\t\t<\/a>\n\n\t\t\t\t<div class=\"post-meta post-meta-one\">\n\t\t\t\t\t\n        <span class=\"post-meta-author\">\n            by            <a href=\"https:\/\/voice-interaction.com\/tmp-web\/br\/author\/mariana\/\" class=\"bypostauthor\" itemprop=\"url\" rel=\"author\">\n                Mariana            <\/a>\n        <\/span>\n\n                    <time class=\"updated semantic\" itemprop=\"dateModified\" datetime=\"2019-10-15T08:56:16+00:00\"><\/time>\n            <a href=\"https:\/\/voice-interaction.com\/tmp-web\/br\/na-2a-edicao-do-i-data-meeting-a-voiceinteraction-esteve-la\/\" class=\"post-meta-date sh-default-color\">outubro 9, 2019<\/a>\n        \n    \t\t\t\t<\/div>\n\n\t\t\t\t<div class=\"post-content\">\n\t\t\t\t\t<p>Foi no passado dia 8 de Outubro que decorreu a 2\u00aa edi\u00e7\u00e3o do evento i-Data Meeting&#8230;<\/p>\n\t\t\t\t<\/div>\n\n\t\t\t\t<div class=\"post-meta post-meta-two\">\n\t\t\t\t\t\n        <div class=\"sh-columns post-meta-comments\">\n            <span class=\"post-meta-categories\">\n                <i class=\"icon-tag\"><\/i>\n                <a href=\"https:\/\/voice-interaction.com\/tmp-web\/br\/category\/empresa\/\" rel=\"category tag\">Empresa<\/a>, <a href=\"https:\/\/voice-interaction.com\/tmp-web\/br\/category\/empresa\/eventos-br\/\" rel=\"category tag\">Eventos<\/a>, <a href=\"https:\/\/voice-interaction.com\/tmp-web\/br\/category\/empresa\/noticias-empresa\/\" rel=\"category tag\">Not\u00edcias Empresa<\/a>            <\/span>\n\n                            <div><\/div>\n                    <\/div>\n\n    \t\t\t\t<\/div>\n\t\t\t<\/div>\n\n\t\t<\/div>\n\t<\/article>\n\n\n\n\t<article id=\"post-17596\" class=\"post-item post-17596 post type-post status-publish format-standard has-post-thumbnail hentry category-empresa category-eventos-br category-noticias-empresa category-parcerias tag-closed-captioning tag-eitv tag-expotec-peru tag-parceiros\">\n\t\t<div class=\"post-container\">\n\t\t\t\n\t\t\t<div class=\"post-meta-thumb\">\n\t\t\t\t<img loading=\"lazy\" decoding=\"async\" width=\"1024\" height=\"498\" src=\"https:\/\/voice-interaction.com\/tmp-web\/wp-content\/uploads\/2019\/10\/Expotec-02-1024x498.jpg\" class=\"attachment-large size-large wp-post-image\" alt=\"\" srcset=\"https:\/\/voice-interaction.com\/tmp-web\/wp-content\/uploads\/2019\/10\/Expotec-02-1024x498.jpg 1024w, https:\/\/voice-interaction.com\/tmp-web\/wp-content\/uploads\/2019\/10\/Expotec-02-300x146.jpg 300w, https:\/\/voice-interaction.com\/tmp-web\/wp-content\/uploads\/2019\/10\/Expotec-02-768x373.jpg 768w, https:\/\/voice-interaction.com\/tmp-web\/wp-content\/uploads\/2019\/10\/Expotec-02.jpg 1200w\" sizes=\"auto, (max-width: 1024px) 100vw, 1024px\" \/>\t\t\t\t\n        <div class=\"sh-overlay-style1\">\n            <div class=\"sh-table-full\">\n                                    <a href=\"https:\/\/voice-interaction.com\/tmp-web\/br\/expotec-peru-primeira-edicao-da-voiceinteraction\/\" class=\"sh-overlay-item sh-table-cell\" title=\"Open the article - EXPOTEC PER\u00da | Primeira Edi\u00e7\u00e3o da VoiceInteraction\">\n                        <div class=\"sh-overlay-item-container\">\n                            <i class=\"icon-link\"><\/i>\n                        <\/div>\n                    <\/a>\n                \n                                    <a href=\"https:\/\/voice-interaction.com\/tmp-web\/wp-content\/uploads\/2019\/10\/Expotec-02-1024x498.jpg\" class=\"sh-overlay-item sh-table-cell\" data-rel=\"lightcase\">\n                        <div class=\"sh-overlay-item-container\">\n                            <i class=\"icon-magnifier-add\"><\/i>\n                        <\/div>\n                    <\/a>\n                            <\/div>\n        <\/div>\n\n    \t\t\t<\/div>\n\n\t\t\t<div class=\"post-content-container\">\n\t\t\t\t<a href=\"https:\/\/voice-interaction.com\/tmp-web\/br\/expotec-peru-primeira-edicao-da-voiceinteraction\/\" class=\"post-title\">\n\t\t\t\t\t<h2>\n\t\t\t\t\t\t\t\t\t\t\t\tEXPOTEC PER\u00da | Primeira Edi\u00e7\u00e3o da VoiceInteraction\t\t\t\t\t<\/h2>\n\t\t\t\t<\/a>\n\n\t\t\t\t<div class=\"post-meta post-meta-one\">\n\t\t\t\t\t\n        <span class=\"post-meta-author\">\n            by            <a href=\"https:\/\/voice-interaction.com\/tmp-web\/br\/author\/mariana\/\" class=\"bypostauthor\" itemprop=\"url\" rel=\"author\">\n                Mariana            <\/a>\n        <\/span>\n\n                    <time class=\"updated semantic\" itemprop=\"dateModified\" datetime=\"2019-10-14T14:51:35+00:00\"><\/time>\n            <a href=\"https:\/\/voice-interaction.com\/tmp-web\/br\/expotec-peru-primeira-edicao-da-voiceinteraction\/\" class=\"post-meta-date sh-default-color\">outubro 7, 2019<\/a>\n        \n    \t\t\t\t<\/div>\n\n\t\t\t\t<div class=\"post-content\">\n\t\t\t\t\t<p>Um dos pilares em que a VoiceInteraction assenta o seu crescimento \u00e9 a internacionaliza\u00e7\u00e3o. Como tal,&#8230;<\/p>\n\t\t\t\t<\/div>\n\n\t\t\t\t<div class=\"post-meta post-meta-two\">\n\t\t\t\t\t\n        <div class=\"sh-columns post-meta-comments\">\n            <span class=\"post-meta-categories\">\n                <i class=\"icon-tag\"><\/i>\n                <a href=\"https:\/\/voice-interaction.com\/tmp-web\/br\/category\/empresa\/\" rel=\"category tag\">Empresa<\/a>, <a href=\"https:\/\/voice-interaction.com\/tmp-web\/br\/category\/empresa\/eventos-br\/\" rel=\"category tag\">Eventos<\/a>, <a href=\"https:\/\/voice-interaction.com\/tmp-web\/br\/category\/empresa\/noticias-empresa\/\" rel=\"category tag\">Not\u00edcias Empresa<\/a>, <a href=\"https:\/\/voice-interaction.com\/tmp-web\/br\/category\/empresa\/parcerias\/\" rel=\"category tag\">Parcerias<\/a>            <\/span>\n\n                            <div><\/div>\n                    <\/div>\n\n    \t\t\t\t<\/div>\n\t\t\t<\/div>\n\n\t\t<\/div>\n\t<\/article>\n\n\n\n\t<article id=\"post-17503\" class=\"post-item post-17503 post type-post status-publish format-video has-post-thumbnail hentry category-broadcast-midia category-eventos-br category-noticias-empresa tag-audimus-media-br tag-broadcast-monitoring-eu-br tag-compliance-recording-eu-br tag-ibc-br tag-legendagem-ao-vivo tag-live-streaming-br tag-speech-recognition-eu-br tag-subtitling-regulation-br post_format-post-format-video\" itemscope=\"itemscope\" itemtype=\"http:\/\/schema.org\/Article\">\n\t\t<div class=\"post-container\">\n\t\t\t\n\t\t\t\n\t<div class=\"post-meta-video\">\n\t\t<div class=\"ratio-container\">\n\t\t\t<div class=\"ratio-content\">\n\t\t\t\t<iframe loading=\"lazy\" title=\"IBC Show 2019 | VoiceInteraction\u2019s groundbreaking technologies and latest updates!\" width=\"500\" height=\"281\" src=\"https:\/\/www.youtube.com\/embed\/AwIISi7gHok?feature=oembed\" frameborder=\"0\" allow=\"accelerometer; autoplay; clipboard-write; encrypted-media; gyroscope; picture-in-picture; web-share\" referrerpolicy=\"strict-origin-when-cross-origin\" allowfullscreen><\/iframe>\n\t\t\t<\/div>\n\t\t<\/div>\n\t<\/div>\n\t\t\t<div class=\"post-content-container\">\n\t\t\t\t<a href=\"https:\/\/voice-interaction.com\/tmp-web\/br\/ibc-show-2019-entrevista-sobre-as-tecnologias-inovadoras-e-as-mais-recentes-atualizacoes-ds-voiceinteraction\/\" class=\"post-title\">\n\t\t\t\t\t<h2 itemprop=\"headline\">\n\t\t\t\t\t\t\t\t\t\t\t\tIBC Show 2019 | Entrevista sobre as tecnologias inovadoras e as mais recentes atualiza\u00e7\u00f5es da VoiceInteraction\t\t\t\t\t<\/h2>\n\t\t\t\t<\/a>\n\n\t\t\t\t<div class=\"post-meta post-meta-one\">\n\t\t\t\t\t\n        <span class=\"post-meta-author\">\n            by            <a href=\"https:\/\/voice-interaction.com\/tmp-web\/br\/author\/mariana\/\" class=\"bypostauthor\" itemprop=\"url\" rel=\"author\">\n                Mariana            <\/a>\n        <\/span>\n\n                    <time class=\"updated semantic\" itemprop=\"dateModified\" datetime=\"2019-10-09T11:47:29+00:00\"><\/time>\n            <a href=\"https:\/\/voice-interaction.com\/tmp-web\/br\/ibc-show-2019-entrevista-sobre-as-tecnologias-inovadoras-e-as-mais-recentes-atualizacoes-ds-voiceinteraction\/\" class=\"post-meta-date sh-default-color\">setembro 23, 2019<\/a>\n        \n    \t\t\t\t<\/div>\n\n\t\t\t\t<div class=\"post-content\" itemprop=\"text\">\n\t\t\t\t\t<p>Confira nossa \u00faltima entrevista para a InBroadcast durante o IBC Show, com a participa\u00e7\u00e3o de nossa&#8230;<\/p>\n\t\t\t\t<\/div>\n\n\t\t\t\t<div class=\"post-meta post-meta-two\">\n\t\t\t\t\t\n        <div class=\"sh-columns post-meta-comments\">\n            <span class=\"post-meta-categories\">\n                <i class=\"icon-tag\"><\/i>\n                <a href=\"https:\/\/voice-interaction.com\/tmp-web\/br\/category\/industrias_br\/broadcast-midia\/\" rel=\"category tag\">Broadcast &amp; M\u00eddia<\/a>, <a href=\"https:\/\/voice-interaction.com\/tmp-web\/br\/category\/empresa\/eventos-br\/\" rel=\"category tag\">Eventos<\/a>, <a href=\"https:\/\/voice-interaction.com\/tmp-web\/br\/category\/empresa\/noticias-empresa\/\" rel=\"category tag\">Not\u00edcias Empresa<\/a>            <\/span>\n\n                            <div><\/div>\n                    <\/div>\n\n    \t\t\t\t<\/div>\n\t\t\t<\/div>\n\n\t\t<\/div>\n\t<\/article>\n\n\t\n\t<article id=\"post-17590\" class=\"post-item post-17590 post type-post status-publish format-standard has-post-thumbnail hentry category-empresa category-eventos-br tag-data-science-br tag-dspa-br tag-events-br tag-insights-br\">\n\t\t<div class=\"post-container\">\n\t\t\t\n\t\t\t<div class=\"post-meta-thumb\">\n\t\t\t\t<img loading=\"lazy\" decoding=\"async\" width=\"1024\" height=\"768\" src=\"https:\/\/voice-interaction.com\/tmp-web\/wp-content\/uploads\/2019\/10\/DSPA_INSIGHTS_1-1024x768.jpg\" class=\"attachment-large size-large wp-post-image\" alt=\"\" srcset=\"https:\/\/voice-interaction.com\/tmp-web\/wp-content\/uploads\/2019\/10\/DSPA_INSIGHTS_1-1024x768.jpg 1024w, https:\/\/voice-interaction.com\/tmp-web\/wp-content\/uploads\/2019\/10\/DSPA_INSIGHTS_1-300x225.jpg 300w, https:\/\/voice-interaction.com\/tmp-web\/wp-content\/uploads\/2019\/10\/DSPA_INSIGHTS_1-768x576.jpg 768w, https:\/\/voice-interaction.com\/tmp-web\/wp-content\/uploads\/2019\/10\/DSPA_INSIGHTS_1.jpg 1920w\" sizes=\"auto, (max-width: 1024px) 100vw, 1024px\" \/>\t\t\t\t\n        <div class=\"sh-overlay-style1\">\n            <div class=\"sh-table-full\">\n                                    <a href=\"https:\/\/voice-interaction.com\/tmp-web\/br\/dspa-insights-nos-estivemos-la\/\" class=\"sh-overlay-item sh-table-cell\" title=\"Open the article - DSPA &#8211; Insights | N\u00f3s estivemos l\u00e1!\">\n                        <div class=\"sh-overlay-item-container\">\n                            <i class=\"icon-link\"><\/i>\n                        <\/div>\n                    <\/a>\n                \n                                    <a href=\"https:\/\/voice-interaction.com\/tmp-web\/wp-content\/uploads\/2019\/10\/DSPA_INSIGHTS_1-1024x768.jpg\" class=\"sh-overlay-item sh-table-cell\" data-rel=\"lightcase\">\n                        <div class=\"sh-overlay-item-container\">\n                            <i class=\"icon-magnifier-add\"><\/i>\n                        <\/div>\n                    <\/a>\n                            <\/div>\n        <\/div>\n\n    \t\t\t<\/div>\n\n\t\t\t<div class=\"post-content-container\">\n\t\t\t\t<a href=\"https:\/\/voice-interaction.com\/tmp-web\/br\/dspa-insights-nos-estivemos-la\/\" class=\"post-title\">\n\t\t\t\t\t<h2>\n\t\t\t\t\t\t\t\t\t\t\t\tDSPA &#8211; Insights | N\u00f3s estivemos l\u00e1!\t\t\t\t\t<\/h2>\n\t\t\t\t<\/a>\n\n\t\t\t\t<div class=\"post-meta post-meta-one\">\n\t\t\t\t\t\n        <span class=\"post-meta-author\">\n            by            <a href=\"https:\/\/voice-interaction.com\/tmp-web\/br\/author\/mariana\/\" class=\"bypostauthor\" itemprop=\"url\" rel=\"author\">\n                Mariana            <\/a>\n        <\/span>\n\n                    <time class=\"updated semantic\" itemprop=\"dateModified\" datetime=\"2019-10-14T12:17:54+00:00\"><\/time>\n            <a href=\"https:\/\/voice-interaction.com\/tmp-web\/br\/dspa-insights-nos-estivemos-la\/\" class=\"post-meta-date sh-default-color\">setembro 21, 2019<\/a>\n        \n    \t\t\t\t<\/div>\n\n\t\t\t\t<div class=\"post-content\">\n\t\t\t\t\t<p>A VoiceInteraction teve a excelente oportunidade de fazer parte da confer\u00eancia DSPA &#8211; Insights, realizada no&#8230;<\/p>\n\t\t\t\t<\/div>\n\n\t\t\t\t<div class=\"post-meta post-meta-two\">\n\t\t\t\t\t\n        <div class=\"sh-columns post-meta-comments\">\n            <span class=\"post-meta-categories\">\n                <i class=\"icon-tag\"><\/i>\n                <a href=\"https:\/\/voice-interaction.com\/tmp-web\/br\/category\/empresa\/\" rel=\"category tag\">Empresa<\/a>, <a href=\"https:\/\/voice-interaction.com\/tmp-web\/br\/category\/empresa\/eventos-br\/\" rel=\"category tag\">Eventos<\/a>            <\/span>\n\n                            <div><\/div>\n                    <\/div>\n\n    \t\t\t\t<\/div>\n\t\t\t<\/div>\n\n\t\t<\/div>\n\t<\/article>\n\n\n\n\t<article id=\"post-17493\" class=\"post-item post-17493 post type-post status-publish format-standard has-post-thumbnail hentry category-empresa category-eventos-br category-noticias-empresa\">\n\t\t<div class=\"post-container\">\n\t\t\t\n\t\t\t<div class=\"post-meta-thumb\">\n\t\t\t\t<img loading=\"lazy\" decoding=\"async\" width=\"996\" height=\"1024\" src=\"https:\/\/voice-interaction.com\/tmp-web\/wp-content\/uploads\/2019\/09\/LMIM9102-1-996x1024.jpg\" class=\"attachment-large size-large wp-post-image\" alt=\"\" srcset=\"https:\/\/voice-interaction.com\/tmp-web\/wp-content\/uploads\/2019\/09\/LMIM9102-1-996x1024.jpg 996w, https:\/\/voice-interaction.com\/tmp-web\/wp-content\/uploads\/2019\/09\/LMIM9102-1-292x300.jpg 292w, https:\/\/voice-interaction.com\/tmp-web\/wp-content\/uploads\/2019\/09\/LMIM9102-1-768x789.jpg 768w, https:\/\/voice-interaction.com\/tmp-web\/wp-content\/uploads\/2019\/09\/LMIM9102-1.jpg 1440w\" sizes=\"auto, (max-width: 996px) 100vw, 996px\" \/>\t\t\t\t\n        <div class=\"sh-overlay-style1\">\n            <div class=\"sh-table-full\">\n                                    <a href=\"https:\/\/voice-interaction.com\/tmp-web\/br\/presenca-da-voiceinteraction-na-edicao-de-2019-da-interspeech\/\" class=\"sh-overlay-item sh-table-cell\" title=\"Open the article - Presen\u00e7a da VoiceInteraction na edi\u00e7\u00e3o de 2019 da InterSpeech\">\n                        <div class=\"sh-overlay-item-container\">\n                            <i class=\"icon-link\"><\/i>\n                        <\/div>\n                    <\/a>\n                \n                                    <a href=\"https:\/\/voice-interaction.com\/tmp-web\/wp-content\/uploads\/2019\/09\/LMIM9102-1-996x1024.jpg\" class=\"sh-overlay-item sh-table-cell\" data-rel=\"lightcase\">\n                        <div class=\"sh-overlay-item-container\">\n                            <i class=\"icon-magnifier-add\"><\/i>\n                        <\/div>\n                    <\/a>\n                            <\/div>\n        <\/div>\n\n    \t\t\t<\/div>\n\n\t\t\t<div class=\"post-content-container\">\n\t\t\t\t<a href=\"https:\/\/voice-interaction.com\/tmp-web\/br\/presenca-da-voiceinteraction-na-edicao-de-2019-da-interspeech\/\" class=\"post-title\">\n\t\t\t\t\t<h2>\n\t\t\t\t\t\t\t\t\t\t\t\tPresen\u00e7a da VoiceInteraction na edi\u00e7\u00e3o de 2019 da InterSpeech\t\t\t\t\t<\/h2>\n\t\t\t\t<\/a>\n\n\t\t\t\t<div class=\"post-meta post-meta-one\">\n\t\t\t\t\t\n        <span class=\"post-meta-author\">\n            by            <a href=\"https:\/\/voice-interaction.com\/tmp-web\/br\/author\/mariana\/\" class=\"bypostauthor\" itemprop=\"url\" rel=\"author\">\n                Mariana            <\/a>\n        <\/span>\n\n                    <time class=\"updated semantic\" itemprop=\"dateModified\" datetime=\"2019-09-30T14:07:51+00:00\"><\/time>\n            <a href=\"https:\/\/voice-interaction.com\/tmp-web\/br\/presenca-da-voiceinteraction-na-edicao-de-2019-da-interspeech\/\" class=\"post-meta-date sh-default-color\">setembro 20, 2019<\/a>\n        \n    \t\t\t\t<\/div>\n\n\t\t\t\t<div class=\"post-content\">\n\t\t\t\t\t<p>Nos \u00faltimos 5 dias, a VoiceInteraction teve a oportunidade de participar na InterSpeech a apresentar um&#8230;<\/p>\n\t\t\t\t<\/div>\n\n\t\t\t\t<div class=\"post-meta post-meta-two\">\n\t\t\t\t\t\n        <div class=\"sh-columns post-meta-comments\">\n            <span class=\"post-meta-categories\">\n                <i class=\"icon-tag\"><\/i>\n                <a href=\"https:\/\/voice-interaction.com\/tmp-web\/br\/category\/empresa\/\" rel=\"category tag\">Empresa<\/a>, <a href=\"https:\/\/voice-interaction.com\/tmp-web\/br\/category\/empresa\/eventos-br\/\" rel=\"category tag\">Eventos<\/a>, <a href=\"https:\/\/voice-interaction.com\/tmp-web\/br\/category\/empresa\/noticias-empresa\/\" rel=\"category tag\">Not\u00edcias Empresa<\/a>            <\/span>\n\n                            <div><\/div>\n                    <\/div>\n\n    \t\t\t\t<\/div>\n\t\t\t<\/div>\n\n\t\t<\/div>\n\t<\/article>\n\n\n\n\t<article id=\"post-17550\" class=\"post-item post-17550 post type-post status-publish format-video has-post-thumbnail hentry category-broadcast-midia category-eventos-br category-noticias-empresa tag-ibc-br tag-speech-recognition-eu-br tag-subtitling-regulation-br post_format-post-format-video\" itemscope=\"itemscope\" itemtype=\"http:\/\/schema.org\/Article\">\n\t\t<div class=\"post-container\">\n\t\t\t\n\t\t\t\n\t<div class=\"post-meta-video\">\n\t\t<div class=\"ratio-container\">\n\t\t\t<div class=\"ratio-content\">\n\t\t\t\t<iframe loading=\"lazy\" title=\"IBC2019 Content Everywhere Hub\" width=\"500\" height=\"281\" src=\"https:\/\/www.youtube.com\/embed\/aG7eNEw2EkQ?feature=oembed\" frameborder=\"0\" allow=\"accelerometer; autoplay; clipboard-write; encrypted-media; gyroscope; picture-in-picture; web-share\" referrerpolicy=\"strict-origin-when-cross-origin\" allowfullscreen><\/iframe>\n\t\t\t<\/div>\n\t\t<\/div>\n\t<\/div>\n\t\t\t<div class=\"post-content-container\">\n\t\t\t\t<a href=\"https:\/\/voice-interaction.com\/tmp-web\/br\/ibc-2019-participacao-no-painel-de-debate-inovacao-tecnologica-no-dominio-digital\/\" class=\"post-title\">\n\t\t\t\t\t<h2 itemprop=\"headline\">\n\t\t\t\t\t\t\t\t\t\t\t\tIBC 2019 | Participa\u00e7\u00e3o no painel de debate: &#8220;Inova\u00e7\u00e3o tecnol\u00f3gica no dom\u00ednio digital&#8221;\t\t\t\t\t<\/h2>\n\t\t\t\t<\/a>\n\n\t\t\t\t<div class=\"post-meta post-meta-one\">\n\t\t\t\t\t\n        <span class=\"post-meta-author\">\n            by            <a href=\"https:\/\/voice-interaction.com\/tmp-web\/br\/author\/mariana\/\" class=\"bypostauthor\" itemprop=\"url\" rel=\"author\">\n                Mariana            <\/a>\n        <\/span>\n\n                    <time class=\"updated semantic\" itemprop=\"dateModified\" datetime=\"2019-10-09T11:42:36+00:00\"><\/time>\n            <a href=\"https:\/\/voice-interaction.com\/tmp-web\/br\/ibc-2019-participacao-no-painel-de-debate-inovacao-tecnologica-no-dominio-digital\/\" class=\"post-meta-date sh-default-color\">setembro 20, 2019<\/a>\n        \n    \t\t\t\t<\/div>\n\n\t\t\t\t<div class=\"post-content\" itemprop=\"text\">\n\t\t\t\t\t<p>Assista ao v\u00eddeo completo da participa\u00e7\u00e3o do nosso CEO no painel de debate: &#8220;Inova\u00e7\u00e3o tecnol\u00f3gica no&#8230;<\/p>\n\t\t\t\t<\/div>\n\n\t\t\t\t<div class=\"post-meta post-meta-two\">\n\t\t\t\t\t\n        <div class=\"sh-columns post-meta-comments\">\n            <span class=\"post-meta-categories\">\n                <i class=\"icon-tag\"><\/i>\n                <a href=\"https:\/\/voice-interaction.com\/tmp-web\/br\/category\/industrias_br\/broadcast-midia\/\" rel=\"category tag\">Broadcast &amp; M\u00eddia<\/a>, <a href=\"https:\/\/voice-interaction.com\/tmp-web\/br\/category\/empresa\/eventos-br\/\" rel=\"category tag\">Eventos<\/a>, <a href=\"https:\/\/voice-interaction.com\/tmp-web\/br\/category\/empresa\/noticias-empresa\/\" rel=\"category tag\">Not\u00edcias Empresa<\/a>            <\/span>\n\n                            <div><\/div>\n                    <\/div>\n\n    \t\t\t\t<\/div>\n\t\t\t<\/div>\n\n\t\t<\/div>\n\t<\/article>\n\n\t\n\t<article id=\"post-17346\" class=\"post-item post-17346 post type-post status-publish format-video has-post-thumbnail hentry category-broadcast-midia category-empresa category-eventos-br category-legendagem category-monitoramento-de-midia-broadcast category-noticias-empresa tag-anatel tag-audimus-media-br tag-audimus-server-br tag-broadcast-monitoring-eu-br tag-compliance-recording-eu-br tag-legendagem-ao-vivo tag-machine-learning tag-mms-broadcast-br tag-set-expo_br tag-voiceinteraction-brasil post_format-post-format-video\" itemscope=\"itemscope\" itemtype=\"http:\/\/schema.org\/Article\">\n\t\t<div class=\"post-container\">\n\t\t\t\n\t\t\t\n\t<div class=\"post-meta-video\">\n\t\t<div class=\"ratio-container\">\n\t\t\t<div class=\"ratio-content\">\n\t\t\t\t<iframe loading=\"lazy\" title=\"VoiceInteraction Brasil na SET Expo 2019\" width=\"500\" height=\"281\" src=\"https:\/\/www.youtube.com\/embed\/gyuXrM54Qdg?feature=oembed\" frameborder=\"0\" allow=\"accelerometer; autoplay; clipboard-write; encrypted-media; gyroscope; picture-in-picture; web-share\" referrerpolicy=\"strict-origin-when-cross-origin\" allowfullscreen><\/iframe>\n\t\t\t<\/div>\n\t\t<\/div>\n\t<\/div>\n\t\t\t<div class=\"post-content-container\">\n\t\t\t\t<a href=\"https:\/\/voice-interaction.com\/tmp-web\/br\/promo-video-na-set-expo-2019\/\" class=\"post-title\">\n\t\t\t\t\t<h2 itemprop=\"headline\">\n\t\t\t\t\t\t\t\t\t\t\t\tPromo V\u00eddeo na SET Expo 2019!\t\t\t\t\t<\/h2>\n\t\t\t\t<\/a>\n\n\t\t\t\t<div class=\"post-meta post-meta-one\">\n\t\t\t\t\t\n        <span class=\"post-meta-author\">\n            by            <a href=\"https:\/\/voice-interaction.com\/tmp-web\/br\/author\/mariana\/\" class=\"bypostauthor\" itemprop=\"url\" rel=\"author\">\n                Mariana            <\/a>\n        <\/span>\n\n                    <time class=\"updated semantic\" itemprop=\"dateModified\" datetime=\"2019-10-09T11:53:44+00:00\"><\/time>\n            <a href=\"https:\/\/voice-interaction.com\/tmp-web\/br\/promo-video-na-set-expo-2019\/\" class=\"post-meta-date sh-default-color\">setembro 18, 2019<\/a>\n        \n    \t\t\t\t<\/div>\n\n\t\t\t\t<div class=\"post-content\" itemprop=\"text\">\n\t\t\t\t\t<p>&nbsp; Assista ao nosso v\u00eddeo promocional gravado durante a SET Expo de 2019 em um \u00f3timo&#8230;<\/p>\n\t\t\t\t<\/div>\n\n\t\t\t\t<div class=\"post-meta post-meta-two\">\n\t\t\t\t\t\n        <div class=\"sh-columns post-meta-comments\">\n            <span class=\"post-meta-categories\">\n                <i class=\"icon-tag\"><\/i>\n                <a href=\"https:\/\/voice-interaction.com\/tmp-web\/br\/category\/industrias_br\/broadcast-midia\/\" rel=\"category tag\">Broadcast &amp; M\u00eddia<\/a>, <a href=\"https:\/\/voice-interaction.com\/tmp-web\/br\/category\/empresa\/\" rel=\"category tag\">Empresa<\/a>, <a href=\"https:\/\/voice-interaction.com\/tmp-web\/br\/category\/empresa\/eventos-br\/\" rel=\"category tag\">Eventos<\/a>, <a href=\"https:\/\/voice-interaction.com\/tmp-web\/br\/category\/solucoes\/legendagem\/\" rel=\"category tag\">Legendagem<\/a>, <a href=\"https:\/\/voice-interaction.com\/tmp-web\/br\/category\/solucoes\/monitoramento-de-midia-broadcast\/\" rel=\"category tag\">Monitoramento de M\u00eddia - Broadcast<\/a>, <a href=\"https:\/\/voice-interaction.com\/tmp-web\/br\/category\/empresa\/noticias-empresa\/\" rel=\"category tag\">Not\u00edcias Empresa<\/a>            <\/span>\n\n                            <div><\/div>\n                    <\/div>\n\n    \t\t\t\t<\/div>\n\t\t\t<\/div>\n\n\t\t<\/div>\n\t<\/article>\n\n\t\n\t<article id=\"post-17535\" class=\"post-item post-17535 post type-post status-publish format-standard has-post-thumbnail hentry category-broadcast-midia category-empresa category-eventos-br category-legendagem category-monitoramento-de-midia-broadcast category-noticias-empresa category-transcricao-br tag-audimus-media-br tag-audimus-server-br tag-broadcast-monitoring-eu-br tag-compliance-recording-eu-br tag-ibc-br tag-legendagem-ao-vivo tag-mms-broadcast-br tag-noticias-br tag-speech-recognition-eu-br\">\n\t\t<div class=\"post-container\">\n\t\t\t\n\t\t\t<div class=\"post-meta-thumb\">\n\t\t\t\t<img loading=\"lazy\" decoding=\"async\" width=\"1024\" height=\"768\" src=\"https:\/\/voice-interaction.com\/tmp-web\/wp-content\/uploads\/2019\/09\/FFGS4944-1024x768.jpg\" class=\"attachment-large size-large wp-post-image\" alt=\"\" srcset=\"https:\/\/voice-interaction.com\/tmp-web\/wp-content\/uploads\/2019\/09\/FFGS4944-1024x768.jpg 1024w, https:\/\/voice-interaction.com\/tmp-web\/wp-content\/uploads\/2019\/09\/FFGS4944-300x225.jpg 300w, https:\/\/voice-interaction.com\/tmp-web\/wp-content\/uploads\/2019\/09\/FFGS4944-768x576.jpg 768w\" sizes=\"auto, (max-width: 1024px) 100vw, 1024px\" \/>\t\t\t\t\n        <div class=\"sh-overlay-style1\">\n            <div class=\"sh-table-full\">\n                                    <a href=\"https:\/\/voice-interaction.com\/tmp-web\/br\/obrigado-pela-sua-visita-durante-a-ibc\/\" class=\"sh-overlay-item sh-table-cell\" title=\"Open the article - Obrigado pela sua visita durante a IBC!\">\n                        <div class=\"sh-overlay-item-container\">\n                            <i class=\"icon-link\"><\/i>\n                        <\/div>\n                    <\/a>\n                \n                                    <a href=\"https:\/\/voice-interaction.com\/tmp-web\/wp-content\/uploads\/2019\/09\/FFGS4944-1024x768.jpg\" class=\"sh-overlay-item sh-table-cell\" data-rel=\"lightcase\">\n                        <div class=\"sh-overlay-item-container\">\n                            <i class=\"icon-magnifier-add\"><\/i>\n                        <\/div>\n                    <\/a>\n                            <\/div>\n        <\/div>\n\n    \t\t\t<\/div>\n\n\t\t\t<div class=\"post-content-container\">\n\t\t\t\t<a href=\"https:\/\/voice-interaction.com\/tmp-web\/br\/obrigado-pela-sua-visita-durante-a-ibc\/\" class=\"post-title\">\n\t\t\t\t\t<h2>\n\t\t\t\t\t\t\t\t\t\t\t\tObrigado pela sua visita durante a IBC!\t\t\t\t\t<\/h2>\n\t\t\t\t<\/a>\n\n\t\t\t\t<div class=\"post-meta post-meta-one\">\n\t\t\t\t\t\n        <span class=\"post-meta-author\">\n            by            <a href=\"https:\/\/voice-interaction.com\/tmp-web\/br\/author\/mariana\/\" class=\"bypostauthor\" itemprop=\"url\" rel=\"author\">\n                Mariana            <\/a>\n        <\/span>\n\n                    <time class=\"updated semantic\" itemprop=\"dateModified\" datetime=\"2019-10-04T11:20:38+00:00\"><\/time>\n            <a href=\"https:\/\/voice-interaction.com\/tmp-web\/br\/obrigado-pela-sua-visita-durante-a-ibc\/\" class=\"post-meta-date sh-default-color\">setembro 18, 2019<\/a>\n        \n    \t\t\t\t<\/div>\n\n\t\t\t\t<div class=\"post-content\">\n\t\t\t\t\t<p>&nbsp; Cinco gratificantes dias em que partilh\u00e1mos conhecimento, esclarecemos quem nos visitou sobre a import\u00e2ncia das&#8230;<\/p>\n\t\t\t\t<\/div>\n\n\t\t\t\t<div class=\"post-meta post-meta-two\">\n\t\t\t\t\t\n        <div class=\"sh-columns post-meta-comments\">\n            <span class=\"post-meta-categories\">\n                <i class=\"icon-tag\"><\/i>\n                <a href=\"https:\/\/voice-interaction.com\/tmp-web\/br\/category\/industrias_br\/broadcast-midia\/\" rel=\"category tag\">Broadcast &amp; M\u00eddia<\/a>, <a href=\"https:\/\/voice-interaction.com\/tmp-web\/br\/category\/empresa\/\" rel=\"category tag\">Empresa<\/a>, <a href=\"https:\/\/voice-interaction.com\/tmp-web\/br\/category\/empresa\/eventos-br\/\" rel=\"category tag\">Eventos<\/a>, <a href=\"https:\/\/voice-interaction.com\/tmp-web\/br\/category\/solucoes\/legendagem\/\" rel=\"category tag\">Legendagem<\/a>, <a href=\"https:\/\/voice-interaction.com\/tmp-web\/br\/category\/solucoes\/monitoramento-de-midia-broadcast\/\" rel=\"category tag\">Monitoramento de M\u00eddia - Broadcast<\/a>, <a href=\"https:\/\/voice-interaction.com\/tmp-web\/br\/category\/empresa\/noticias-empresa\/\" rel=\"category tag\">Not\u00edcias Empresa<\/a>, <a href=\"https:\/\/voice-interaction.com\/tmp-web\/br\/category\/solucoes\/transcricao-br\/\" rel=\"category tag\">Transcri\u00e7\u00e3o<\/a>...            <\/span>\n\n                            <div><\/div>\n                    <\/div>\n\n    \t\t\t\t<\/div>\n\t\t\t<\/div>\n\n\t\t<\/div>\n\t<\/article>\n\n\n\n\t<article id=\"post-17673\" class=\"post-item post-17673 post type-post status-publish format-standard has-post-thumbnail hentry category-monitorizacao-media-br category-noticias-empresa tag-mms-be-br tag-opinion-article-br tag-tvb-europe-br\">\n\t\t<div class=\"post-container\">\n\t\t\t\n\t\t\t<div class=\"post-meta-thumb\">\n\t\t\t\t<img loading=\"lazy\" decoding=\"async\" width=\"768\" height=\"1024\" src=\"https:\/\/voice-interaction.com\/tmp-web\/wp-content\/uploads\/2019\/09\/Skype_Picture_2019_09_06T12_04_48_771Z-768x1024.jpeg\" class=\"attachment-large size-large wp-post-image\" alt=\"\" srcset=\"https:\/\/voice-interaction.com\/tmp-web\/wp-content\/uploads\/2019\/09\/Skype_Picture_2019_09_06T12_04_48_771Z-768x1024.jpeg 768w, https:\/\/voice-interaction.com\/tmp-web\/wp-content\/uploads\/2019\/09\/Skype_Picture_2019_09_06T12_04_48_771Z-225x300.jpeg 225w, https:\/\/voice-interaction.com\/tmp-web\/wp-content\/uploads\/2019\/09\/Skype_Picture_2019_09_06T12_04_48_771Z.jpeg 1440w\" sizes=\"auto, (max-width: 768px) 100vw, 768px\" \/>\t\t\t\t\n        <div class=\"sh-overlay-style1\">\n            <div class=\"sh-table-full\">\n                                    <a href=\"https:\/\/voice-interaction.com\/tmp-web\/br\/the-foundations-of-media-monitoring-hailton-lopes-on-tvb-europe\/\" class=\"sh-overlay-item sh-table-cell\" title=\"Open the article - The foundations of Media Monitoring | Hailton Lopes on TVB Europe\">\n                        <div class=\"sh-overlay-item-container\">\n                            <i class=\"icon-link\"><\/i>\n                        <\/div>\n                    <\/a>\n                \n                                    <a href=\"https:\/\/voice-interaction.com\/tmp-web\/wp-content\/uploads\/2019\/09\/Skype_Picture_2019_09_06T12_04_48_771Z-768x1024.jpeg\" class=\"sh-overlay-item sh-table-cell\" data-rel=\"lightcase\">\n                        <div class=\"sh-overlay-item-container\">\n                            <i class=\"icon-magnifier-add\"><\/i>\n                        <\/div>\n                    <\/a>\n                            <\/div>\n        <\/div>\n\n    \t\t\t<\/div>\n\n\t\t\t<div class=\"post-content-container\">\n\t\t\t\t<a href=\"https:\/\/voice-interaction.com\/tmp-web\/br\/the-foundations-of-media-monitoring-hailton-lopes-on-tvb-europe\/\" class=\"post-title\">\n\t\t\t\t\t<h2>\n\t\t\t\t\t\t\t\t\t\t\t\tThe foundations of Media Monitoring | Hailton Lopes on TVB Europe\t\t\t\t\t<\/h2>\n\t\t\t\t<\/a>\n\n\t\t\t\t<div class=\"post-meta post-meta-one\">\n\t\t\t\t\t\n        <span class=\"post-meta-author\">\n            by            <a href=\"https:\/\/voice-interaction.com\/tmp-web\/br\/author\/mariana\/\" class=\"bypostauthor\" itemprop=\"url\" rel=\"author\">\n                Mariana            <\/a>\n        <\/span>\n\n                    <time class=\"updated semantic\" itemprop=\"dateModified\" datetime=\"2019-10-16T14:15:00+00:00\"><\/time>\n            <a href=\"https:\/\/voice-interaction.com\/tmp-web\/br\/the-foundations-of-media-monitoring-hailton-lopes-on-tvb-europe\/\" class=\"post-meta-date sh-default-color\">setembro 12, 2019<\/a>\n        \n    \t\t\t\t<\/div>\n\n\t\t\t\t<div class=\"post-content\">\n\t\t\t\t\t<p>O nosso gestor de produto, Hailton Lopes, teve a oportunidade de escrever um artigo de opini\u00e3o&#8230;<\/p>\n\t\t\t\t<\/div>\n\n\t\t\t\t<div class=\"post-meta post-meta-two\">\n\t\t\t\t\t\n        <div class=\"sh-columns post-meta-comments\">\n            <span class=\"post-meta-categories\">\n                <i class=\"icon-tag\"><\/i>\n                <a href=\"https:\/\/voice-interaction.com\/tmp-web\/br\/category\/solucoes\/monitorizacao-media-br\/\" rel=\"category tag\">Monitoriza\u00e7\u00e3o de Media<\/a>, <a href=\"https:\/\/voice-interaction.com\/tmp-web\/br\/category\/empresa\/noticias-empresa\/\" rel=\"category tag\">Not\u00edcias Empresa<\/a>            <\/span>\n\n                            <div><\/div>\n                    <\/div>\n\n    \t\t\t\t<\/div>\n\t\t\t<\/div>\n\n\t\t<\/div>\n\t<\/article>\n\n\n\n\t<article id=\"post-17708\" class=\"post-item post-17708 post type-post status-publish format-standard has-post-thumbnail hentry category-broadcast-midia category-empresa category-eventos-br category-legendagem category-monitoramento-de-midia-broadcast category-noticias-empresa tag-audimus-media-br tag-audimus-server-br tag-broadcast-monitoring-eu-br tag-closed-captioning tag-compliance-recording-eu-br tag-legendagem-ao-vivo tag-live-streaming-br tag-mms-be-br tag-set-expo_br tag-speech-recognition-eu-br tag-voiceinteraction-brasil\">\n\t\t<div class=\"post-container\">\n\t\t\t\n\t\t\t<div class=\"post-meta-thumb\">\n\t\t\t\t<img loading=\"lazy\" decoding=\"async\" width=\"1024\" height=\"768\" src=\"https:\/\/voice-interaction.com\/tmp-web\/wp-content\/uploads\/2019\/09\/Imagem-THANK-YOU-SET-19-1024x768.jpg\" class=\"attachment-large size-large wp-post-image\" alt=\"\" srcset=\"https:\/\/voice-interaction.com\/tmp-web\/wp-content\/uploads\/2019\/09\/Imagem-THANK-YOU-SET-19.jpg 1024w, https:\/\/voice-interaction.com\/tmp-web\/wp-content\/uploads\/2019\/09\/Imagem-THANK-YOU-SET-19-300x225.jpg 300w, https:\/\/voice-interaction.com\/tmp-web\/wp-content\/uploads\/2019\/09\/Imagem-THANK-YOU-SET-19-768x576.jpg 768w\" sizes=\"auto, (max-width: 1024px) 100vw, 1024px\" \/>\t\t\t\t\n        <div class=\"sh-overlay-style1\">\n            <div class=\"sh-table-full\">\n                                    <a href=\"https:\/\/voice-interaction.com\/tmp-web\/br\/obrigada-set-expo-e-todos-os-que-nos-visitaram\/\" class=\"sh-overlay-item sh-table-cell\" title=\"Open the article - Obrigada SET Expo e todos os que nos visitaram!\">\n                        <div class=\"sh-overlay-item-container\">\n                            <i class=\"icon-link\"><\/i>\n                        <\/div>\n                    <\/a>\n                \n                                    <a href=\"https:\/\/voice-interaction.com\/tmp-web\/wp-content\/uploads\/2019\/09\/Imagem-THANK-YOU-SET-19-1024x768.jpg\" class=\"sh-overlay-item sh-table-cell\" data-rel=\"lightcase\">\n                        <div class=\"sh-overlay-item-container\">\n                            <i class=\"icon-magnifier-add\"><\/i>\n                        <\/div>\n                    <\/a>\n                            <\/div>\n        <\/div>\n\n    \t\t\t<\/div>\n\n\t\t\t<div class=\"post-content-container\">\n\t\t\t\t<a href=\"https:\/\/voice-interaction.com\/tmp-web\/br\/obrigada-set-expo-e-todos-os-que-nos-visitaram\/\" class=\"post-title\">\n\t\t\t\t\t<h2>\n\t\t\t\t\t\t\t\t\t\t\t\tObrigada SET Expo e todos os que nos visitaram!\t\t\t\t\t<\/h2>\n\t\t\t\t<\/a>\n\n\t\t\t\t<div class=\"post-meta post-meta-one\">\n\t\t\t\t\t\n        <span class=\"post-meta-author\">\n            by            <a href=\"https:\/\/voice-interaction.com\/tmp-web\/br\/author\/mariana\/\" class=\"bypostauthor\" itemprop=\"url\" rel=\"author\">\n                Mariana            <\/a>\n        <\/span>\n\n                    <time class=\"updated semantic\" itemprop=\"dateModified\" datetime=\"2019-10-21T13:03:44+00:00\"><\/time>\n            <a href=\"https:\/\/voice-interaction.com\/tmp-web\/br\/obrigada-set-expo-e-todos-os-que-nos-visitaram\/\" class=\"post-meta-date sh-default-color\">agosto 30, 2019<\/a>\n        \n    \t\t\t\t<\/div>\n\n\t\t\t\t<div class=\"post-content\">\n\t\t\t\t\t<p>Um dos eventos anuais de maior relevo, a SET Expo, \u00e9 encarada para a VoiceInteraction como&#8230;<\/p>\n\t\t\t\t<\/div>\n\n\t\t\t\t<div class=\"post-meta post-meta-two\">\n\t\t\t\t\t\n        <div class=\"sh-columns post-meta-comments\">\n            <span class=\"post-meta-categories\">\n                <i class=\"icon-tag\"><\/i>\n                <a href=\"https:\/\/voice-interaction.com\/tmp-web\/br\/category\/industrias_br\/broadcast-midia\/\" rel=\"category tag\">Broadcast &amp; M\u00eddia<\/a>, <a href=\"https:\/\/voice-interaction.com\/tmp-web\/br\/category\/empresa\/\" rel=\"category tag\">Empresa<\/a>, <a href=\"https:\/\/voice-interaction.com\/tmp-web\/br\/category\/empresa\/eventos-br\/\" rel=\"category tag\">Eventos<\/a>, <a href=\"https:\/\/voice-interaction.com\/tmp-web\/br\/category\/solucoes\/legendagem\/\" rel=\"category tag\">Legendagem<\/a>, <a href=\"https:\/\/voice-interaction.com\/tmp-web\/br\/category\/solucoes\/monitoramento-de-midia-broadcast\/\" rel=\"category tag\">Monitoramento de M\u00eddia - Broadcast<\/a>, <a href=\"https:\/\/voice-interaction.com\/tmp-web\/br\/category\/empresa\/noticias-empresa\/\" rel=\"category tag\">Not\u00edcias Empresa<\/a>            <\/span>\n\n                            <div><\/div>\n                    <\/div>\n\n    \t\t\t\t<\/div>\n\t\t\t<\/div>\n\n\t\t<\/div>\n\t<\/article>\n\n\n\n\t<article id=\"post-17519\" class=\"post-item post-17519 post type-post status-publish format-standard has-post-thumbnail hentry category-broadcast-midia category-empresa category-eventos-br category-legendagem category-monitoramento-de-midia-broadcast category-noticias-empresa tag-audimus-media-br tag-broadcast-monitoring-eu-br tag-compliance-recording-eu-br tag-ibc-br tag-legendagem-ao-vivo tag-speech-recognition-eu-br\">\n\t\t<div class=\"post-container\">\n\t\t\t\n\t\t\t<div class=\"post-meta-thumb\">\n\t\t\t\t<img loading=\"lazy\" decoding=\"async\" width=\"1024\" height=\"1024\" src=\"https:\/\/voice-interaction.com\/tmp-web\/wp-content\/uploads\/2019\/08\/Banner-Redes-Sociais_IBC_19_PT-1024x1024.png\" class=\"attachment-large size-large wp-post-image\" alt=\"\" srcset=\"https:\/\/voice-interaction.com\/tmp-web\/wp-content\/uploads\/2019\/08\/Banner-Redes-Sociais_IBC_19_PT-1024x1024.png 1024w, https:\/\/voice-interaction.com\/tmp-web\/wp-content\/uploads\/2019\/08\/Banner-Redes-Sociais_IBC_19_PT-150x150.png 150w, https:\/\/voice-interaction.com\/tmp-web\/wp-content\/uploads\/2019\/08\/Banner-Redes-Sociais_IBC_19_PT-300x300.png 300w, https:\/\/voice-interaction.com\/tmp-web\/wp-content\/uploads\/2019\/08\/Banner-Redes-Sociais_IBC_19_PT-768x768.png 768w, https:\/\/voice-interaction.com\/tmp-web\/wp-content\/uploads\/2019\/08\/Banner-Redes-Sociais_IBC_19_PT-660x660.png 660w, https:\/\/voice-interaction.com\/tmp-web\/wp-content\/uploads\/2019\/08\/Banner-Redes-Sociais_IBC_19_PT.png 1200w\" sizes=\"auto, (max-width: 1024px) 100vw, 1024px\" \/>\t\t\t\t\n        <div class=\"sh-overlay-style1\">\n            <div class=\"sh-table-full\">\n                                    <a href=\"https:\/\/voice-interaction.com\/tmp-web\/br\/visite-nos-na-ibc-temos-novidades\/\" class=\"sh-overlay-item sh-table-cell\" title=\"Open the article - Visite-nos na IBC, temos novidades!\">\n                        <div class=\"sh-overlay-item-container\">\n                            <i class=\"icon-link\"><\/i>\n                        <\/div>\n                    <\/a>\n                \n                                    <a href=\"https:\/\/voice-interaction.com\/tmp-web\/wp-content\/uploads\/2019\/08\/Banner-Redes-Sociais_IBC_19_PT-1024x1024.png\" class=\"sh-overlay-item sh-table-cell\" data-rel=\"lightcase\">\n                        <div class=\"sh-overlay-item-container\">\n                            <i class=\"icon-magnifier-add\"><\/i>\n                        <\/div>\n                    <\/a>\n                            <\/div>\n        <\/div>\n\n    \t\t\t<\/div>\n\n\t\t\t<div class=\"post-content-container\">\n\t\t\t\t<a href=\"https:\/\/voice-interaction.com\/tmp-web\/br\/visite-nos-na-ibc-temos-novidades\/\" class=\"post-title\">\n\t\t\t\t\t<h2>\n\t\t\t\t\t\t\t\t\t\t\t\tVisite-nos na IBC, temos novidades!\t\t\t\t\t<\/h2>\n\t\t\t\t<\/a>\n\n\t\t\t\t<div class=\"post-meta post-meta-one\">\n\t\t\t\t\t\n        <span class=\"post-meta-author\">\n            by            <a href=\"https:\/\/voice-interaction.com\/tmp-web\/br\/author\/mariana\/\" class=\"bypostauthor\" itemprop=\"url\" rel=\"author\">\n                Mariana            <\/a>\n        <\/span>\n\n                    <time class=\"updated semantic\" itemprop=\"dateModified\" datetime=\"2019-10-03T17:00:19+00:00\"><\/time>\n            <a href=\"https:\/\/voice-interaction.com\/tmp-web\/br\/visite-nos-na-ibc-temos-novidades\/\" class=\"post-meta-date sh-default-color\">agosto 28, 2019<\/a>\n        \n    \t\t\t\t<\/div>\n\n\t\t\t\t<div class=\"post-content\">\n\t\t\t\t\t<p>A IBC 2019 est\u00e1 prestes a come\u00e7ar e a VoiceInteraction estar\u00e1 presente! Encontramo-nos l\u00e1?&nbsp; Junte-se aos&#8230;<\/p>\n\t\t\t\t<\/div>\n\n\t\t\t\t<div class=\"post-meta post-meta-two\">\n\t\t\t\t\t\n        <div class=\"sh-columns post-meta-comments\">\n            <span class=\"post-meta-categories\">\n                <i class=\"icon-tag\"><\/i>\n                <a href=\"https:\/\/voice-interaction.com\/tmp-web\/br\/category\/industrias_br\/broadcast-midia\/\" rel=\"category tag\">Broadcast &amp; M\u00eddia<\/a>, <a href=\"https:\/\/voice-interaction.com\/tmp-web\/br\/category\/empresa\/\" rel=\"category tag\">Empresa<\/a>, <a href=\"https:\/\/voice-interaction.com\/tmp-web\/br\/category\/empresa\/eventos-br\/\" rel=\"category tag\">Eventos<\/a>, <a href=\"https:\/\/voice-interaction.com\/tmp-web\/br\/category\/solucoes\/legendagem\/\" rel=\"category tag\">Legendagem<\/a>, <a href=\"https:\/\/voice-interaction.com\/tmp-web\/br\/category\/solucoes\/monitoramento-de-midia-broadcast\/\" rel=\"category tag\">Monitoramento de M\u00eddia - Broadcast<\/a>, <a href=\"https:\/\/voice-interaction.com\/tmp-web\/br\/category\/empresa\/noticias-empresa\/\" rel=\"category tag\">Not\u00edcias Empresa<\/a>            <\/span>\n\n                            <div><\/div>\n                    <\/div>\n\n    \t\t\t\t<\/div>\n\t\t\t<\/div>\n\n\t\t<\/div>\n\t<\/article>\n\n\n\n\t<article id=\"post-17181\" class=\"post-item post-17181 post type-post status-publish format-standard has-post-thumbnail hentry category-broadcast-midia category-eventos-br tag-audimus-media-br tag-audimus-server-br tag-mms-broadcast-br tag-noticias-br tag-set-expo_br tag-voiceinteraction-brasil\">\n\t\t<div class=\"post-container\">\n\t\t\t\n\t\t\t<div class=\"post-meta-thumb\">\n\t\t\t\t<img loading=\"lazy\" decoding=\"async\" width=\"800\" height=\"370\" src=\"https:\/\/voice-interaction.com\/tmp-web\/wp-content\/uploads\/2018\/08\/Banner_VI_SET19_BR.jpg\" class=\"attachment-large size-large wp-post-image\" alt=\"\" srcset=\"https:\/\/voice-interaction.com\/tmp-web\/wp-content\/uploads\/2018\/08\/Banner_VI_SET19_BR.jpg 800w, https:\/\/voice-interaction.com\/tmp-web\/wp-content\/uploads\/2018\/08\/Banner_VI_SET19_BR-300x139.jpg 300w, https:\/\/voice-interaction.com\/tmp-web\/wp-content\/uploads\/2018\/08\/Banner_VI_SET19_BR-768x355.jpg 768w\" sizes=\"auto, (max-width: 800px) 100vw, 800px\" \/>\t\t\t\t\n        <div class=\"sh-overlay-style1\">\n            <div class=\"sh-table-full\">\n                                    <a href=\"https:\/\/voice-interaction.com\/tmp-web\/br\/visite-nos-na-set-expo-2019\/\" class=\"sh-overlay-item sh-table-cell\" title=\"Open the article - J\u00e1 preparou a sua visita \u00e0 SET Expo? Estamos no Estande 90!\">\n                        <div class=\"sh-overlay-item-container\">\n                            <i class=\"icon-link\"><\/i>\n                        <\/div>\n                    <\/a>\n                \n                                    <a href=\"https:\/\/voice-interaction.com\/tmp-web\/wp-content\/uploads\/2018\/08\/Banner_VI_SET19_BR.jpg\" class=\"sh-overlay-item sh-table-cell\" data-rel=\"lightcase\">\n                        <div class=\"sh-overlay-item-container\">\n                            <i class=\"icon-magnifier-add\"><\/i>\n                        <\/div>\n                    <\/a>\n                            <\/div>\n        <\/div>\n\n    \t\t\t<\/div>\n\n\t\t\t<div class=\"post-content-container\">\n\t\t\t\t<a href=\"https:\/\/voice-interaction.com\/tmp-web\/br\/visite-nos-na-set-expo-2019\/\" class=\"post-title\">\n\t\t\t\t\t<h2>\n\t\t\t\t\t\t\t\t\t\t\t\tJ\u00e1 preparou a sua visita \u00e0 SET Expo? Estamos no Estande 90!\t\t\t\t\t<\/h2>\n\t\t\t\t<\/a>\n\n\t\t\t\t<div class=\"post-meta post-meta-one\">\n\t\t\t\t\t\n        <span class=\"post-meta-author\">\n            by            <a href=\"https:\/\/voice-interaction.com\/tmp-web\/br\/author\/ritaferreira\/\" class=\"bypostauthor\" itemprop=\"url\" rel=\"author\">\n                ritaferreira            <\/a>\n        <\/span>\n\n                    <time class=\"updated semantic\" itemprop=\"dateModified\" datetime=\"2019-08-27T11:58:28+00:00\"><\/time>\n            <a href=\"https:\/\/voice-interaction.com\/tmp-web\/br\/visite-nos-na-set-expo-2019\/\" class=\"post-meta-date sh-default-color\">agosto 19, 2019<\/a>\n        \n    \t\t\t\t<\/div>\n\n\t\t\t\t<div class=\"post-content\">\n\t\t\t\t\t<p>A VoiceInteraction Brasil estar\u00e1 presente em mais uma edi\u00e7\u00e3o da SET Expo em S\u00e3o Paulo, de&#8230;<\/p>\n\t\t\t\t<\/div>\n\n\t\t\t\t<div class=\"post-meta post-meta-two\">\n\t\t\t\t\t\n        <div class=\"sh-columns post-meta-comments\">\n            <span class=\"post-meta-categories\">\n                <i class=\"icon-tag\"><\/i>\n                <a href=\"https:\/\/voice-interaction.com\/tmp-web\/br\/category\/industrias_br\/broadcast-midia\/\" rel=\"category tag\">Broadcast &amp; M\u00eddia<\/a>, <a href=\"https:\/\/voice-interaction.com\/tmp-web\/br\/category\/empresa\/eventos-br\/\" rel=\"category tag\">Eventos<\/a>            <\/span>\n\n                            <div><\/div>\n                    <\/div>\n\n    \t\t\t\t<\/div>\n\t\t\t<\/div>\n\n\t\t<\/div>\n\t<\/article>\n\n\n\n\t<article id=\"post-17096\" class=\"post-item post-17096 post type-post status-publish format-standard has-post-thumbnail hentry category-broadcast-midia category-empresa category-eventos-br category-noticias-empresa tag-audimus-media-br tag-broadcast-asia-br tag-broadcast-monitoring-eu-br tag-eventos tag-singapura-br\">\n\t\t<div class=\"post-container\">\n\t\t\t\n\t\t\t<div class=\"post-meta-thumb\">\n\t\t\t\t<img loading=\"lazy\" decoding=\"async\" width=\"1024\" height=\"576\" src=\"https:\/\/voice-interaction.com\/tmp-web\/wp-content\/uploads\/2019\/07\/BroadcastAsia_18-2-1024x576.jpg\" class=\"attachment-large size-large wp-post-image\" alt=\"\" srcset=\"https:\/\/voice-interaction.com\/tmp-web\/wp-content\/uploads\/2019\/07\/BroadcastAsia_18-2-1024x576.jpg 1024w, https:\/\/voice-interaction.com\/tmp-web\/wp-content\/uploads\/2019\/07\/BroadcastAsia_18-2-300x169.jpg 300w, https:\/\/voice-interaction.com\/tmp-web\/wp-content\/uploads\/2019\/07\/BroadcastAsia_18-2-768x432.jpg 768w, https:\/\/voice-interaction.com\/tmp-web\/wp-content\/uploads\/2019\/07\/BroadcastAsia_18-2-1200x675.jpg 1200w, https:\/\/voice-interaction.com\/tmp-web\/wp-content\/uploads\/2019\/07\/BroadcastAsia_18-2.jpg 1920w\" sizes=\"auto, (max-width: 1024px) 100vw, 1024px\" \/>\t\t\t\t\n        <div class=\"sh-overlay-style1\">\n            <div class=\"sh-table-full\">\n                                    <a href=\"https:\/\/voice-interaction.com\/tmp-web\/br\/broadcast-asia-2019-we-did-captured-the-future\/\" class=\"sh-overlay-item sh-table-cell\" title=\"Open the article - Broadcast Asia 2019 | We did&#8230; Captured the Future!\">\n                        <div class=\"sh-overlay-item-container\">\n                            <i class=\"icon-link\"><\/i>\n                        <\/div>\n                    <\/a>\n                \n                                    <a href=\"https:\/\/voice-interaction.com\/tmp-web\/wp-content\/uploads\/2019\/07\/BroadcastAsia_18-2-1024x576.jpg\" class=\"sh-overlay-item sh-table-cell\" data-rel=\"lightcase\">\n                        <div class=\"sh-overlay-item-container\">\n                            <i class=\"icon-magnifier-add\"><\/i>\n                        <\/div>\n                    <\/a>\n                            <\/div>\n        <\/div>\n\n    \t\t\t<\/div>\n\n\t\t\t<div class=\"post-content-container\">\n\t\t\t\t<a href=\"https:\/\/voice-interaction.com\/tmp-web\/br\/broadcast-asia-2019-we-did-captured-the-future\/\" class=\"post-title\">\n\t\t\t\t\t<h2>\n\t\t\t\t\t\t\t\t\t\t\t\tBroadcast Asia 2019 | We did&#8230; Captured the Future!\t\t\t\t\t<\/h2>\n\t\t\t\t<\/a>\n\n\t\t\t\t<div class=\"post-meta post-meta-one\">\n\t\t\t\t\t\n        <span class=\"post-meta-author\">\n            by            <a href=\"https:\/\/voice-interaction.com\/tmp-web\/br\/author\/mariana\/\" class=\"bypostauthor\" itemprop=\"url\" rel=\"author\">\n                Mariana            <\/a>\n        <\/span>\n\n                    <time class=\"updated semantic\" itemprop=\"dateModified\" datetime=\"2019-07-04T12:33:18+00:00\"><\/time>\n            <a href=\"https:\/\/voice-interaction.com\/tmp-web\/br\/broadcast-asia-2019-we-did-captured-the-future\/\" class=\"post-meta-date sh-default-color\">junho 25, 2019<\/a>\n        \n    \t\t\t\t<\/div>\n\n\t\t\t\t<div class=\"post-content\">\n\t\t\t\t\t<p>Pela primeira vez, a VoiceInteraction esteve presente em Singapura para a 24\u00aa edi\u00e7\u00e3o da Broadcast Asia&#8230;<\/p>\n\t\t\t\t<\/div>\n\n\t\t\t\t<div class=\"post-meta post-meta-two\">\n\t\t\t\t\t\n        <div class=\"sh-columns post-meta-comments\">\n            <span class=\"post-meta-categories\">\n                <i class=\"icon-tag\"><\/i>\n                <a href=\"https:\/\/voice-interaction.com\/tmp-web\/br\/category\/industrias_br\/broadcast-midia\/\" rel=\"category tag\">Broadcast &amp; M\u00eddia<\/a>, <a href=\"https:\/\/voice-interaction.com\/tmp-web\/br\/category\/empresa\/\" rel=\"category tag\">Empresa<\/a>, <a href=\"https:\/\/voice-interaction.com\/tmp-web\/br\/category\/empresa\/eventos-br\/\" rel=\"category tag\">Eventos<\/a>, <a href=\"https:\/\/voice-interaction.com\/tmp-web\/br\/category\/empresa\/noticias-empresa\/\" rel=\"category tag\">Not\u00edcias Empresa<\/a>            <\/span>\n\n                            <div><\/div>\n                    <\/div>\n\n    \t\t\t\t<\/div>\n\t\t\t<\/div>\n\n\t\t<\/div>\n\t<\/article>\n\n\n\n\t<article id=\"post-16884\" class=\"post-item post-16884 post type-post status-publish format-standard has-post-thumbnail hentry category-broadcast-midia category-empresa category-eventos-br category-noticias-empresa tag-audimus-media-br tag-audimus-server-br tag-broadcast-monitoring-eu-br tag-legendagem-ao-vivo tag-nab-br tag-noticias-br\">\n\t\t<div class=\"post-container\">\n\t\t\t\n\t\t\t<div class=\"post-meta-thumb\">\n\t\t\t\t<img loading=\"lazy\" decoding=\"async\" width=\"1024\" height=\"683\" src=\"https:\/\/voice-interaction.com\/tmp-web\/wp-content\/uploads\/2019\/05\/DSC09733-1-1024x683.jpg\" class=\"attachment-large size-large wp-post-image\" alt=\"\" srcset=\"https:\/\/voice-interaction.com\/tmp-web\/wp-content\/uploads\/2019\/05\/DSC09733-1-1024x683.jpg 1024w, https:\/\/voice-interaction.com\/tmp-web\/wp-content\/uploads\/2019\/05\/DSC09733-1-300x200.jpg 300w, https:\/\/voice-interaction.com\/tmp-web\/wp-content\/uploads\/2019\/05\/DSC09733-1-768x512.jpg 768w\" sizes=\"auto, (max-width: 1024px) 100vw, 1024px\" \/>\t\t\t\t\n        <div class=\"sh-overlay-style1\">\n            <div class=\"sh-table-full\">\n                                    <a href=\"https:\/\/voice-interaction.com\/tmp-web\/br\/a-primeira-experiencia-na-cmip-area-nab-show-2019\/\" class=\"sh-overlay-item sh-table-cell\" title=\"Open the article - A primeira experi\u00eancia na CM|IP Area | NAB Show 2019\">\n                        <div class=\"sh-overlay-item-container\">\n                            <i class=\"icon-link\"><\/i>\n                        <\/div>\n                    <\/a>\n                \n                                    <a href=\"https:\/\/voice-interaction.com\/tmp-web\/wp-content\/uploads\/2019\/05\/DSC09733-1-1024x683.jpg\" class=\"sh-overlay-item sh-table-cell\" data-rel=\"lightcase\">\n                        <div class=\"sh-overlay-item-container\">\n                            <i class=\"icon-magnifier-add\"><\/i>\n                        <\/div>\n                    <\/a>\n                            <\/div>\n        <\/div>\n\n    \t\t\t<\/div>\n\n\t\t\t<div class=\"post-content-container\">\n\t\t\t\t<a href=\"https:\/\/voice-interaction.com\/tmp-web\/br\/a-primeira-experiencia-na-cmip-area-nab-show-2019\/\" class=\"post-title\">\n\t\t\t\t\t<h2>\n\t\t\t\t\t\t\t\t\t\t\t\tA primeira experi\u00eancia na CM|IP Area | NAB Show 2019\t\t\t\t\t<\/h2>\n\t\t\t\t<\/a>\n\n\t\t\t\t<div class=\"post-meta post-meta-one\">\n\t\t\t\t\t\n        <span class=\"post-meta-author\">\n            by            <a href=\"https:\/\/voice-interaction.com\/tmp-web\/br\/author\/mariana\/\" class=\"bypostauthor\" itemprop=\"url\" rel=\"author\">\n                Mariana            <\/a>\n        <\/span>\n\n                    <time class=\"updated semantic\" itemprop=\"dateModified\" datetime=\"2019-05-09T15:50:18+00:00\"><\/time>\n            <a href=\"https:\/\/voice-interaction.com\/tmp-web\/br\/a-primeira-experiencia-na-cmip-area-nab-show-2019\/\" class=\"post-meta-date sh-default-color\">maio 9, 2019<\/a>\n        \n    \t\t\t\t<\/div>\n\n\t\t\t\t<div class=\"post-content\">\n\t\t\t\t\t<p>A edi\u00e7\u00e3o da&nbsp;NAB Show deste ano foi muito especial para a VoiceInteraction pois decidimos que faria&#8230;<\/p>\n\t\t\t\t<\/div>\n\n\t\t\t\t<div class=\"post-meta post-meta-two\">\n\t\t\t\t\t\n        <div class=\"sh-columns post-meta-comments\">\n            <span class=\"post-meta-categories\">\n                <i class=\"icon-tag\"><\/i>\n                <a href=\"https:\/\/voice-interaction.com\/tmp-web\/br\/category\/industrias_br\/broadcast-midia\/\" rel=\"category tag\">Broadcast &amp; M\u00eddia<\/a>, <a href=\"https:\/\/voice-interaction.com\/tmp-web\/br\/category\/empresa\/\" rel=\"category tag\">Empresa<\/a>, <a href=\"https:\/\/voice-interaction.com\/tmp-web\/br\/category\/empresa\/eventos-br\/\" rel=\"category tag\">Eventos<\/a>, <a href=\"https:\/\/voice-interaction.com\/tmp-web\/br\/category\/empresa\/noticias-empresa\/\" rel=\"category tag\">Not\u00edcias Empresa<\/a>            <\/span>\n\n                            <div><\/div>\n                    <\/div>\n\n    \t\t\t\t<\/div>\n\t\t\t<\/div>\n\n\t\t<\/div>\n\t<\/article>\n\n\n\n\t<article id=\"post-16477\" class=\"post-item post-16477 post type-post status-publish format-video has-post-thumbnail hentry category-broadcast-midia category-eventos-br category-noticias-empresa tag-audimus-media-br tag-audimus-server-br tag-broadcast-monitoring-eu-br tag-compliance-recording-eu-br tag-legendagem-ao-vivo tag-legendas-ao-vivo tag-live-streaming-br tag-mms-broadcast-br tag-nab-br tag-noticias-br tag-speech-recognition-eu-br tag-subtitling-regulation-br tag-voiceinteraction-brasil post_format-post-format-video\" itemscope=\"itemscope\" itemtype=\"http:\/\/schema.org\/Article\">\n\t\t<div class=\"post-container\">\n\t\t\t\n\t\t\t\n\t<div class=\"post-meta-video\">\n\t\t<div class=\"ratio-container\">\n\t\t\t<div class=\"ratio-content\">\n\t\t\t\t<iframe loading=\"lazy\" title=\"Obrigada, NAB Show 2019!\" width=\"500\" height=\"281\" src=\"https:\/\/www.youtube.com\/embed\/jcxl4bZk990?feature=oembed\" frameborder=\"0\" allow=\"accelerometer; autoplay; clipboard-write; encrypted-media; gyroscope; picture-in-picture; web-share\" referrerpolicy=\"strict-origin-when-cross-origin\" allowfullscreen><\/iframe>\n\t\t\t<\/div>\n\t\t<\/div>\n\t<\/div>\n\t\t\t<div class=\"post-content-container\">\n\t\t\t\t<a href=\"https:\/\/voice-interaction.com\/tmp-web\/br\/obrigada-nab-show-2019\/\" class=\"post-title\">\n\t\t\t\t\t<h2 itemprop=\"headline\">\n\t\t\t\t\t\t\t\t\t\t\t\tObrigada, NAB Show 2019!\t\t\t\t\t<\/h2>\n\t\t\t\t<\/a>\n\n\t\t\t\t<div class=\"post-meta post-meta-one\">\n\t\t\t\t\t\n        <span class=\"post-meta-author\">\n            by            <a href=\"https:\/\/voice-interaction.com\/tmp-web\/br\/author\/mariana\/\" class=\"bypostauthor\" itemprop=\"url\" rel=\"author\">\n                Mariana            <\/a>\n        <\/span>\n\n                    <time class=\"updated semantic\" itemprop=\"dateModified\" datetime=\"2019-10-09T11:52:00+00:00\"><\/time>\n            <a href=\"https:\/\/voice-interaction.com\/tmp-web\/br\/obrigada-nab-show-2019\/\" class=\"post-meta-date sh-default-color\">abril 18, 2019<\/a>\n        \n    \t\t\t\t<\/div>\n\n\t\t\t\t<div class=\"post-content\" itemprop=\"text\">\n\t\t\t\t\t<p>Um especial agradecimento \u00e0 NAB Show aos nossos visitantes! Contacte-nos para saber mais!\u00a0<\/p>\n\t\t\t\t<\/div>\n\n\t\t\t\t<div class=\"post-meta post-meta-two\">\n\t\t\t\t\t\n        <div class=\"sh-columns post-meta-comments\">\n            <span class=\"post-meta-categories\">\n                <i class=\"icon-tag\"><\/i>\n                <a href=\"https:\/\/voice-interaction.com\/tmp-web\/br\/category\/industrias_br\/broadcast-midia\/\" rel=\"category tag\">Broadcast &amp; M\u00eddia<\/a>, <a href=\"https:\/\/voice-interaction.com\/tmp-web\/br\/category\/empresa\/eventos-br\/\" rel=\"category tag\">Eventos<\/a>, <a href=\"https:\/\/voice-interaction.com\/tmp-web\/br\/category\/empresa\/noticias-empresa\/\" rel=\"category tag\">Not\u00edcias Empresa<\/a>            <\/span>\n\n                            <div><\/div>\n                    <\/div>\n\n    \t\t\t\t<\/div>\n\t\t\t<\/div>\n\n\t\t<\/div>\n\t<\/article>\n\n\t\n\t<article id=\"post-16366\" class=\"post-item post-16366 post type-post status-publish format-standard has-post-thumbnail hentry category-empresa category-eventos-br category-noticias-empresa tag-audimus-media-br tag-audimus-server-br tag-broadcast-monitoring-eu-br tag-compliance-recording-eu-br tag-mms-broadcast-br tag-nab-br tag-noticias-br tag-speech-recognition-eu-br\">\n\t\t<div class=\"post-container\">\n\t\t\t\n\t\t\t<div class=\"post-meta-thumb\">\n\t\t\t\t<img loading=\"lazy\" decoding=\"async\" width=\"800\" height=\"435\" src=\"https:\/\/voice-interaction.com\/tmp-web\/wp-content\/uploads\/2019\/04\/Banner_ThankYou_NAB19.png\" class=\"attachment-large size-large wp-post-image\" alt=\"\" srcset=\"https:\/\/voice-interaction.com\/tmp-web\/wp-content\/uploads\/2019\/04\/Banner_ThankYou_NAB19.png 800w, https:\/\/voice-interaction.com\/tmp-web\/wp-content\/uploads\/2019\/04\/Banner_ThankYou_NAB19-300x163.png 300w, https:\/\/voice-interaction.com\/tmp-web\/wp-content\/uploads\/2019\/04\/Banner_ThankYou_NAB19-768x418.png 768w\" sizes=\"auto, (max-width: 800px) 100vw, 800px\" \/>\t\t\t\t\n        <div class=\"sh-overlay-style1\">\n            <div class=\"sh-table-full\">\n                                    <a href=\"https:\/\/voice-interaction.com\/tmp-web\/br\/obrigada-pela-sua-visita-ao-nosso-stand-da-nab-show-2019-em-las-vegas\/\" class=\"sh-overlay-item sh-table-cell\" title=\"Open the article - Obrigada pela sua visita ao nosso stand da NAB Show 2019, em Las Vegas!\">\n                        <div class=\"sh-overlay-item-container\">\n                            <i class=\"icon-link\"><\/i>\n                        <\/div>\n                    <\/a>\n                \n                                    <a href=\"https:\/\/voice-interaction.com\/tmp-web\/wp-content\/uploads\/2019\/04\/Banner_ThankYou_NAB19.png\" class=\"sh-overlay-item sh-table-cell\" data-rel=\"lightcase\">\n                        <div class=\"sh-overlay-item-container\">\n                            <i class=\"icon-magnifier-add\"><\/i>\n                        <\/div>\n                    <\/a>\n                            <\/div>\n        <\/div>\n\n    \t\t\t<\/div>\n\n\t\t\t<div class=\"post-content-container\">\n\t\t\t\t<a href=\"https:\/\/voice-interaction.com\/tmp-web\/br\/obrigada-pela-sua-visita-ao-nosso-stand-da-nab-show-2019-em-las-vegas\/\" class=\"post-title\">\n\t\t\t\t\t<h2>\n\t\t\t\t\t\t\t\t\t\t\t\tObrigada pela sua visita ao nosso stand da NAB Show 2019, em Las Vegas!\t\t\t\t\t<\/h2>\n\t\t\t\t<\/a>\n\n\t\t\t\t<div class=\"post-meta post-meta-one\">\n\t\t\t\t\t\n        <span class=\"post-meta-author\">\n            by            <a href=\"https:\/\/voice-interaction.com\/tmp-web\/br\/author\/mariana\/\" class=\"bypostauthor\" itemprop=\"url\" rel=\"author\">\n                Mariana            <\/a>\n        <\/span>\n\n                    <time class=\"updated semantic\" itemprop=\"dateModified\" datetime=\"2019-04-30T10:45:44+00:00\"><\/time>\n            <a href=\"https:\/\/voice-interaction.com\/tmp-web\/br\/obrigada-pela-sua-visita-ao-nosso-stand-da-nab-show-2019-em-las-vegas\/\" class=\"post-meta-date sh-default-color\">abril 17, 2019<\/a>\n        \n    \t\t\t\t<\/div>\n\n\t\t\t\t<div class=\"post-content\">\n\t\t\t\t\t<p>Agora que o grande evento da NAB Show j\u00e1 passou, queremos agradecer-lhe pela sua visita ao&#8230;<\/p>\n\t\t\t\t<\/div>\n\n\t\t\t\t<div class=\"post-meta post-meta-two\">\n\t\t\t\t\t\n        <div class=\"sh-columns post-meta-comments\">\n            <span class=\"post-meta-categories\">\n                <i class=\"icon-tag\"><\/i>\n                <a href=\"https:\/\/voice-interaction.com\/tmp-web\/br\/category\/empresa\/\" rel=\"category tag\">Empresa<\/a>, <a href=\"https:\/\/voice-interaction.com\/tmp-web\/br\/category\/empresa\/eventos-br\/\" rel=\"category tag\">Eventos<\/a>, <a href=\"https:\/\/voice-interaction.com\/tmp-web\/br\/category\/empresa\/noticias-empresa\/\" rel=\"category tag\">Not\u00edcias Empresa<\/a>            <\/span>\n\n                            <div><\/div>\n                    <\/div>\n\n    \t\t\t\t<\/div>\n\t\t\t<\/div>\n\n\t\t<\/div>\n\t<\/article>\n\n\n\n\t<article id=\"post-16472\" class=\"post-item post-16472 post type-post status-publish format-video has-post-thumbnail hentry category-broadcast-midia category-eventos-br category-noticias-empresa tag-audimus-media-br tag-live-streaming-br post_format-post-format-video\" itemscope=\"itemscope\" itemtype=\"http:\/\/schema.org\/Article\">\n\t\t<div class=\"post-container\">\n\t\t\t\n\t\t\t\n\t<div class=\"post-meta-video\">\n\t\t<div class=\"ratio-container\">\n\t\t\t<div class=\"ratio-content\">\n\t\t\t\t<iframe loading=\"lazy\" title=\"Interview | Jo\u00e3o Neto Voice Interaction at the Connected Media IP - NAB Show 2019\" width=\"500\" height=\"281\" src=\"https:\/\/www.youtube.com\/embed\/gp9p4C46UF8?feature=oembed\" frameborder=\"0\" allow=\"accelerometer; autoplay; clipboard-write; encrypted-media; gyroscope; picture-in-picture; web-share\" referrerpolicy=\"strict-origin-when-cross-origin\" allowfullscreen><\/iframe>\n\t\t\t<\/div>\n\t\t<\/div>\n\t<\/div>\n\t\t\t<div class=\"post-content-container\">\n\t\t\t\t<a href=\"https:\/\/voice-interaction.com\/tmp-web\/br\/entrevista-cmip-na-nab-show-2019\/\" class=\"post-title\">\n\t\t\t\t\t<h2 itemprop=\"headline\">\n\t\t\t\t\t\t\t\t\t\t\t\tEntrevista CM|IP na NAB Show 2019!\t\t\t\t\t<\/h2>\n\t\t\t\t<\/a>\n\n\t\t\t\t<div class=\"post-meta post-meta-one\">\n\t\t\t\t\t\n        <span class=\"post-meta-author\">\n            by            <a href=\"https:\/\/voice-interaction.com\/tmp-web\/br\/author\/mariana\/\" class=\"bypostauthor\" itemprop=\"url\" rel=\"author\">\n                Mariana            <\/a>\n        <\/span>\n\n                    <time class=\"updated semantic\" itemprop=\"dateModified\" datetime=\"2019-10-09T11:54:33+00:00\"><\/time>\n            <a href=\"https:\/\/voice-interaction.com\/tmp-web\/br\/entrevista-cmip-na-nab-show-2019\/\" class=\"post-meta-date sh-default-color\">abril 14, 2019<\/a>\n        \n    \t\t\t\t<\/div>\n\n\t\t\t\t<div class=\"post-content\" itemprop=\"text\">\n\t\t\t\t\t<p>Durante a NAB Show deste ano, a VoiceInteraction teve uns dias bastante ocupados! No \u00faltimo dia&#8230;<\/p>\n\t\t\t\t<\/div>\n\n\t\t\t\t<div class=\"post-meta post-meta-two\">\n\t\t\t\t\t\n        <div class=\"sh-columns post-meta-comments\">\n            <span class=\"post-meta-categories\">\n                <i class=\"icon-tag\"><\/i>\n                <a href=\"https:\/\/voice-interaction.com\/tmp-web\/br\/category\/industrias_br\/broadcast-midia\/\" rel=\"category tag\">Broadcast &amp; M\u00eddia<\/a>, <a href=\"https:\/\/voice-interaction.com\/tmp-web\/br\/category\/empresa\/eventos-br\/\" rel=\"category tag\">Eventos<\/a>, <a href=\"https:\/\/voice-interaction.com\/tmp-web\/br\/category\/empresa\/noticias-empresa\/\" rel=\"category tag\">Not\u00edcias Empresa<\/a>            <\/span>\n\n                            <div><\/div>\n                    <\/div>\n\n    \t\t\t\t<\/div>\n\t\t\t<\/div>\n\n\t\t<\/div>\n\t<\/article>\n\n\t\n\t<article id=\"post-16459\" class=\"post-item post-16459 post type-post status-publish format-video has-post-thumbnail hentry category-empresa category-eventos-br category-noticias-empresa tag-audimus-media-br tag-live-streaming-br post_format-post-format-video\" itemscope=\"itemscope\" itemtype=\"http:\/\/schema.org\/Article\">\n\t\t<div class=\"post-container\">\n\t\t\t\n\t\t\t\n\t<div class=\"post-meta-video\">\n\t\t<div class=\"ratio-container\">\n\t\t\t<div class=\"ratio-content\">\n\t\t\t\t<iframe loading=\"lazy\" title=\"Media Monitoring based on Speech Processing technologies at NAB Show 2019\" width=\"500\" height=\"281\" src=\"https:\/\/www.youtube.com\/embed\/DfCPwvIR9f8?feature=oembed\" frameborder=\"0\" allow=\"accelerometer; autoplay; clipboard-write; encrypted-media; gyroscope; picture-in-picture; web-share\" referrerpolicy=\"strict-origin-when-cross-origin\" allowfullscreen><\/iframe>\n\t\t\t<\/div>\n\t\t<\/div>\n\t<\/div>\n\t\t\t<div class=\"post-content-container\">\n\t\t\t\t<a href=\"https:\/\/voice-interaction.com\/tmp-web\/br\/entrevista-inbroadcast-nab-show-2019\/\" class=\"post-title\">\n\t\t\t\t\t<h2 itemprop=\"headline\">\n\t\t\t\t\t\t\t\t\t\t\t\tEntrevista InBroadcast | NAB Show 2019\t\t\t\t\t<\/h2>\n\t\t\t\t<\/a>\n\n\t\t\t\t<div class=\"post-meta post-meta-one\">\n\t\t\t\t\t\n        <span class=\"post-meta-author\">\n            by            <a href=\"https:\/\/voice-interaction.com\/tmp-web\/br\/author\/mariana\/\" class=\"bypostauthor\" itemprop=\"url\" rel=\"author\">\n                Mariana            <\/a>\n        <\/span>\n\n                    <time class=\"updated semantic\" itemprop=\"dateModified\" datetime=\"2019-10-09T11:56:53+00:00\"><\/time>\n            <a href=\"https:\/\/voice-interaction.com\/tmp-web\/br\/entrevista-inbroadcast-nab-show-2019\/\" class=\"post-meta-date sh-default-color\">abril 13, 2019<\/a>\n        \n    \t\t\t\t<\/div>\n\n\t\t\t\t<div class=\"post-content\" itemprop=\"text\">\n\t\t\t\t\t<p>\u00c9 sempre um gosto para a VoiceInteraction ser entrevistada pela InBroadcast e pela querida\u00a0Ashley Blankenship! Na&#8230;<\/p>\n\t\t\t\t<\/div>\n\n\t\t\t\t<div class=\"post-meta post-meta-two\">\n\t\t\t\t\t\n        <div class=\"sh-columns post-meta-comments\">\n            <span class=\"post-meta-categories\">\n                <i class=\"icon-tag\"><\/i>\n                <a href=\"https:\/\/voice-interaction.com\/tmp-web\/br\/category\/empresa\/\" rel=\"category tag\">Empresa<\/a>, <a href=\"https:\/\/voice-interaction.com\/tmp-web\/br\/category\/empresa\/eventos-br\/\" rel=\"category tag\">Eventos<\/a>, <a href=\"https:\/\/voice-interaction.com\/tmp-web\/br\/category\/empresa\/noticias-empresa\/\" rel=\"category tag\">Not\u00edcias Empresa<\/a>            <\/span>\n\n                            <div><\/div>\n                    <\/div>\n\n    \t\t\t\t<\/div>\n\t\t\t<\/div>\n\n\t\t<\/div>\n\t<\/article>\n\n\t\n\t<article id=\"post-16435\" class=\"post-item post-16435 post type-post status-publish format-standard has-post-thumbnail hentry category-empresa category-eventos-br category-noticias-empresa tag-audimus-media-br tag-audimus-server-br tag-broadcast-monitoring-eu-br tag-legendagem-ao-vivo tag-live-streaming-br tag-mms-broadcast-br tag-nab-br tag-noticias-br tag-speech-recognition-eu-br tag-subtitling-regulation-br\">\n\t\t<div class=\"post-container\">\n\t\t\t\n\t\t\t<div class=\"post-meta-thumb\">\n\t\t\t\t<img loading=\"lazy\" decoding=\"async\" width=\"866\" height=\"1024\" src=\"https:\/\/voice-interaction.com\/tmp-web\/wp-content\/uploads\/2019\/05\/cmip-debate-866x1024.jpg\" class=\"attachment-large size-large wp-post-image\" alt=\"\" srcset=\"https:\/\/voice-interaction.com\/tmp-web\/wp-content\/uploads\/2019\/05\/cmip-debate-866x1024.jpg 866w, https:\/\/voice-interaction.com\/tmp-web\/wp-content\/uploads\/2019\/05\/cmip-debate-254x300.jpg 254w, https:\/\/voice-interaction.com\/tmp-web\/wp-content\/uploads\/2019\/05\/cmip-debate-768x908.jpg 768w, https:\/\/voice-interaction.com\/tmp-web\/wp-content\/uploads\/2019\/05\/cmip-debate.jpg 1439w\" sizes=\"auto, (max-width: 866px) 100vw, 866px\" \/>\t\t\t\t\n        <div class=\"sh-overlay-style1\">\n            <div class=\"sh-table-full\">\n                                    <a href=\"https:\/\/voice-interaction.com\/tmp-web\/br\/cmip-debate-theater-nab-show-19-machine-learning-e-a-sua-presenca-na-tv\/\" class=\"sh-overlay-item sh-table-cell\" title=\"Open the article - CM|IP Debate Theater | NAB Show 19 | Machine Learning e a sua presen\u00e7a na TV\">\n                        <div class=\"sh-overlay-item-container\">\n                            <i class=\"icon-link\"><\/i>\n                        <\/div>\n                    <\/a>\n                \n                                    <a href=\"https:\/\/voice-interaction.com\/tmp-web\/wp-content\/uploads\/2019\/05\/cmip-debate-866x1024.jpg\" class=\"sh-overlay-item sh-table-cell\" data-rel=\"lightcase\">\n                        <div class=\"sh-overlay-item-container\">\n                            <i class=\"icon-magnifier-add\"><\/i>\n                        <\/div>\n                    <\/a>\n                            <\/div>\n        <\/div>\n\n    \t\t\t<\/div>\n\n\t\t\t<div class=\"post-content-container\">\n\t\t\t\t<a href=\"https:\/\/voice-interaction.com\/tmp-web\/br\/cmip-debate-theater-nab-show-19-machine-learning-e-a-sua-presenca-na-tv\/\" class=\"post-title\">\n\t\t\t\t\t<h2>\n\t\t\t\t\t\t\t\t\t\t\t\tCM|IP Debate Theater | NAB Show 19 | Machine Learning e a sua presen\u00e7a na TV\t\t\t\t\t<\/h2>\n\t\t\t\t<\/a>\n\n\t\t\t\t<div class=\"post-meta post-meta-one\">\n\t\t\t\t\t\n        <span class=\"post-meta-author\">\n            by            <a href=\"https:\/\/voice-interaction.com\/tmp-web\/br\/author\/mariana\/\" class=\"bypostauthor\" itemprop=\"url\" rel=\"author\">\n                Mariana            <\/a>\n        <\/span>\n\n                    <time class=\"updated semantic\" itemprop=\"dateModified\" datetime=\"2019-05-06T09:51:43+00:00\"><\/time>\n            <a href=\"https:\/\/voice-interaction.com\/tmp-web\/br\/cmip-debate-theater-nab-show-19-machine-learning-e-a-sua-presenca-na-tv\/\" class=\"post-meta-date sh-default-color\">abril 11, 2019<\/a>\n        \n    \t\t\t\t<\/div>\n\n\t\t\t\t<div class=\"post-content\">\n\t\t\t\t\t<p>No nosso segundo dia na NAB Show, a presen\u00e7a da VoiceInteraction no Connected Media IP foi&#8230;<\/p>\n\t\t\t\t<\/div>\n\n\t\t\t\t<div class=\"post-meta post-meta-two\">\n\t\t\t\t\t\n        <div class=\"sh-columns post-meta-comments\">\n            <span class=\"post-meta-categories\">\n                <i class=\"icon-tag\"><\/i>\n                <a href=\"https:\/\/voice-interaction.com\/tmp-web\/br\/category\/empresa\/\" rel=\"category tag\">Empresa<\/a>, <a href=\"https:\/\/voice-interaction.com\/tmp-web\/br\/category\/empresa\/eventos-br\/\" rel=\"category tag\">Eventos<\/a>, <a href=\"https:\/\/voice-interaction.com\/tmp-web\/br\/category\/empresa\/noticias-empresa\/\" rel=\"category tag\">Not\u00edcias Empresa<\/a>            <\/span>\n\n                            <div><\/div>\n                    <\/div>\n\n    \t\t\t\t<\/div>\n\t\t\t<\/div>\n\n\t\t<\/div>\n\t<\/article>\n\n\n\n\t<article id=\"post-16390\" class=\"post-item post-16390 post type-post status-publish format-video has-post-thumbnail hentry category-empresa category-eventos-br category-noticias-empresa tag-audimus-media-br tag-mms-broadcast-br post_format-post-format-video\" itemscope=\"itemscope\" itemtype=\"http:\/\/schema.org\/Article\">\n\t\t<div class=\"post-container\">\n\t\t\t\n\t\t\t\n\t\t\t<div class=\"post-content-container\">\n\t\t\t\t<a href=\"https:\/\/voice-interaction.com\/tmp-web\/br\/apresentacao-do-ceo-no-auditorio-da-connected-medida-ip-nab-show-las-vegas-19\/\" class=\"post-title\">\n\t\t\t\t\t<h2 itemprop=\"headline\">\n\t\t\t\t\t\t\t\t\t\t\t\tApresenta\u00e7\u00e3o do CEO no audit\u00f3rio da Connected Medida | IP | NAB Show Las Vegas 19\t\t\t\t\t<\/h2>\n\t\t\t\t<\/a>\n\n\t\t\t\t<div class=\"post-meta post-meta-one\">\n\t\t\t\t\t\n        <span class=\"post-meta-author\">\n            by            <a href=\"https:\/\/voice-interaction.com\/tmp-web\/br\/author\/mariana\/\" class=\"bypostauthor\" itemprop=\"url\" rel=\"author\">\n                Mariana            <\/a>\n        <\/span>\n\n                    <time class=\"updated semantic\" itemprop=\"dateModified\" datetime=\"2019-10-09T11:59:34+00:00\"><\/time>\n            <a href=\"https:\/\/voice-interaction.com\/tmp-web\/br\/apresentacao-do-ceo-no-auditorio-da-connected-medida-ip-nab-show-las-vegas-19\/\" class=\"post-meta-date sh-default-color\">abril 10, 2019<\/a>\n        \n    \t\t\t\t<\/div>\n\n\t\t\t\t<div class=\"post-content\" itemprop=\"text\">\n\t\t\t\t\t<p>O CEO da VoiceInteraction, Jo\u00e3o Neto, teve a oportunidade de fazer uma apresenta\u00e7\u00e3o acerca da nossa&#8230;<\/p>\n\t\t\t\t<\/div>\n\n\t\t\t\t<div class=\"post-meta post-meta-two\">\n\t\t\t\t\t\n        <div class=\"sh-columns post-meta-comments\">\n            <span class=\"post-meta-categories\">\n                <i class=\"icon-tag\"><\/i>\n                <a href=\"https:\/\/voice-interaction.com\/tmp-web\/br\/category\/empresa\/\" rel=\"category tag\">Empresa<\/a>, <a href=\"https:\/\/voice-interaction.com\/tmp-web\/br\/category\/empresa\/eventos-br\/\" rel=\"category tag\">Eventos<\/a>, <a href=\"https:\/\/voice-interaction.com\/tmp-web\/br\/category\/empresa\/noticias-empresa\/\" rel=\"category tag\">Not\u00edcias Empresa<\/a>            <\/span>\n\n                            <div><\/div>\n                    <\/div>\n\n    \t\t\t\t<\/div>\n\t\t\t<\/div>\n\n\t\t<\/div>\n\t<\/article>\n\n\t\n\t<article id=\"post-16912\" class=\"post-item post-16912 post type-post status-publish format-standard has-post-thumbnail hentry category-broadcast-midia category-empresa category-eventos-br category-monitoramento-de-midia-broadcast category-noticias-empresa tag-mms-broadcast-br\">\n\t\t<div class=\"post-container\">\n\t\t\t\n\t\t\t<div class=\"post-meta-thumb\">\n\t\t\t\t<img loading=\"lazy\" decoding=\"async\" width=\"800\" height=\"800\" src=\"https:\/\/voice-interaction.com\/tmp-web\/wp-content\/uploads\/2019\/03\/voice-interaction-Bam-Awards-finalist.png\" class=\"attachment-large size-large wp-post-image\" alt=\"\" srcset=\"https:\/\/voice-interaction.com\/tmp-web\/wp-content\/uploads\/2019\/03\/voice-interaction-Bam-Awards-finalist.png 800w, https:\/\/voice-interaction.com\/tmp-web\/wp-content\/uploads\/2019\/03\/voice-interaction-Bam-Awards-finalist-150x150.png 150w, https:\/\/voice-interaction.com\/tmp-web\/wp-content\/uploads\/2019\/03\/voice-interaction-Bam-Awards-finalist-300x300.png 300w, https:\/\/voice-interaction.com\/tmp-web\/wp-content\/uploads\/2019\/03\/voice-interaction-Bam-Awards-finalist-768x768.png 768w, https:\/\/voice-interaction.com\/tmp-web\/wp-content\/uploads\/2019\/03\/voice-interaction-Bam-Awards-finalist-660x660.png 660w\" sizes=\"auto, (max-width: 800px) 100vw, 800px\" \/>\t\t\t\t\n        <div class=\"sh-overlay-style1\">\n            <div class=\"sh-table-full\">\n                                    <a href=\"https:\/\/voice-interaction.com\/tmp-web\/br\/bam-awards-na-nab-show-estamos-na-final\/\" class=\"sh-overlay-item sh-table-cell\" title=\"Open the article - BaM Awards na NAB Show | Estamos na final!\">\n                        <div class=\"sh-overlay-item-container\">\n                            <i class=\"icon-link\"><\/i>\n                        <\/div>\n                    <\/a>\n                \n                                    <a href=\"https:\/\/voice-interaction.com\/tmp-web\/wp-content\/uploads\/2019\/03\/voice-interaction-Bam-Awards-finalist.png\" class=\"sh-overlay-item sh-table-cell\" data-rel=\"lightcase\">\n                        <div class=\"sh-overlay-item-container\">\n                            <i class=\"icon-magnifier-add\"><\/i>\n                        <\/div>\n                    <\/a>\n                            <\/div>\n        <\/div>\n\n    \t\t\t<\/div>\n\n\t\t\t<div class=\"post-content-container\">\n\t\t\t\t<a href=\"https:\/\/voice-interaction.com\/tmp-web\/br\/bam-awards-na-nab-show-estamos-na-final\/\" class=\"post-title\">\n\t\t\t\t\t<h2>\n\t\t\t\t\t\t\t\t\t\t\t\tBaM Awards na NAB Show | Estamos na final!\t\t\t\t\t<\/h2>\n\t\t\t\t<\/a>\n\n\t\t\t\t<div class=\"post-meta post-meta-one\">\n\t\t\t\t\t\n        <span class=\"post-meta-author\">\n            by            <a href=\"https:\/\/voice-interaction.com\/tmp-web\/br\/author\/mariana\/\" class=\"bypostauthor\" itemprop=\"url\" rel=\"author\">\n                Mariana            <\/a>\n        <\/span>\n\n                    <time class=\"updated semantic\" itemprop=\"dateModified\" datetime=\"2019-05-13T11:19:53+00:00\"><\/time>\n            <a href=\"https:\/\/voice-interaction.com\/tmp-web\/br\/bam-awards-na-nab-show-estamos-na-final\/\" class=\"post-meta-date sh-default-color\">abril 8, 2019<\/a>\n        \n    \t\t\t\t<\/div>\n\n\t\t\t\t<div class=\"post-content\">\n\t\t\t\t\t<p>Um ano cheio de agradav\u00e9is supresas, uma vez que particip\u00e1mos nos BaM Awards e chegamos \u00e0s&#8230;<\/p>\n\t\t\t\t<\/div>\n\n\t\t\t\t<div class=\"post-meta post-meta-two\">\n\t\t\t\t\t\n        <div class=\"sh-columns post-meta-comments\">\n            <span class=\"post-meta-categories\">\n                <i class=\"icon-tag\"><\/i>\n                <a href=\"https:\/\/voice-interaction.com\/tmp-web\/br\/category\/industrias_br\/broadcast-midia\/\" rel=\"category tag\">Broadcast &amp; M\u00eddia<\/a>, <a href=\"https:\/\/voice-interaction.com\/tmp-web\/br\/category\/empresa\/\" rel=\"category tag\">Empresa<\/a>, <a href=\"https:\/\/voice-interaction.com\/tmp-web\/br\/category\/empresa\/eventos-br\/\" rel=\"category tag\">Eventos<\/a>, <a href=\"https:\/\/voice-interaction.com\/tmp-web\/br\/category\/solucoes\/monitoramento-de-midia-broadcast\/\" rel=\"category tag\">Monitoramento de M\u00eddia - Broadcast<\/a>, <a href=\"https:\/\/voice-interaction.com\/tmp-web\/br\/category\/empresa\/noticias-empresa\/\" rel=\"category tag\">Not\u00edcias Empresa<\/a>            <\/span>\n\n                            <div><\/div>\n                    <\/div>\n\n    \t\t\t\t<\/div>\n\t\t\t<\/div>\n\n\t\t<\/div>\n\t<\/article>\n\n\n\n\t<article id=\"post-16269\" class=\"post-item post-16269 post type-post status-publish format-standard has-post-thumbnail hentry category-eventos-br tag-audimus-media-br tag-audimus-server-br tag-broadcast-monitoring-eu-br tag-nab-br tag-noticias-br tag-speech-recognition-eu-br\">\n\t\t<div class=\"post-container\">\n\t\t\t\n\t\t\t<div class=\"post-meta-thumb\">\n\t\t\t\t<img loading=\"lazy\" decoding=\"async\" width=\"1024\" height=\"356\" src=\"https:\/\/voice-interaction.com\/tmp-web\/wp-content\/uploads\/2019\/03\/Banner_VI_BR-1024x356.jpg\" class=\"attachment-large size-large wp-post-image\" alt=\"\" srcset=\"https:\/\/voice-interaction.com\/tmp-web\/wp-content\/uploads\/2019\/03\/Banner_VI_BR-1024x356.jpg 1024w, https:\/\/voice-interaction.com\/tmp-web\/wp-content\/uploads\/2019\/03\/Banner_VI_BR-300x104.jpg 300w, https:\/\/voice-interaction.com\/tmp-web\/wp-content\/uploads\/2019\/03\/Banner_VI_BR-768x267.jpg 768w, https:\/\/voice-interaction.com\/tmp-web\/wp-content\/uploads\/2019\/03\/Banner_VI_BR.jpg 1440w\" sizes=\"auto, (max-width: 1024px) 100vw, 1024px\" \/>\t\t\t\t\n        <div class=\"sh-overlay-style1\">\n            <div class=\"sh-table-full\">\n                                    <a href=\"https:\/\/voice-interaction.com\/tmp-web\/br\/tem-sua-visita-a-nab-planejada-visite-nos-stand-su2721\/\" class=\"sh-overlay-item sh-table-cell\" title=\"Open the article - Tem sua visita \u00e0 NAB planejada? Visite-nos &#8211; Stand SU2721!\">\n                        <div class=\"sh-overlay-item-container\">\n                            <i class=\"icon-link\"><\/i>\n                        <\/div>\n                    <\/a>\n                \n                                    <a href=\"https:\/\/voice-interaction.com\/tmp-web\/wp-content\/uploads\/2019\/03\/Banner_VI_BR-1024x356.jpg\" class=\"sh-overlay-item sh-table-cell\" data-rel=\"lightcase\">\n                        <div class=\"sh-overlay-item-container\">\n                            <i class=\"icon-magnifier-add\"><\/i>\n                        <\/div>\n                    <\/a>\n                            <\/div>\n        <\/div>\n\n    \t\t\t<\/div>\n\n\t\t\t<div class=\"post-content-container\">\n\t\t\t\t<a href=\"https:\/\/voice-interaction.com\/tmp-web\/br\/tem-sua-visita-a-nab-planejada-visite-nos-stand-su2721\/\" class=\"post-title\">\n\t\t\t\t\t<h2>\n\t\t\t\t\t\t\t\t\t\t\t\tTem sua visita \u00e0 NAB planejada? Visite-nos &#8211; Stand SU2721!\t\t\t\t\t<\/h2>\n\t\t\t\t<\/a>\n\n\t\t\t\t<div class=\"post-meta post-meta-one\">\n\t\t\t\t\t\n        <span class=\"post-meta-author\">\n            by            <a href=\"https:\/\/voice-interaction.com\/tmp-web\/br\/author\/mariana\/\" class=\"bypostauthor\" itemprop=\"url\" rel=\"author\">\n                Mariana            <\/a>\n        <\/span>\n\n                    <time class=\"updated semantic\" itemprop=\"dateModified\" datetime=\"2019-03-31T01:10:10+00:00\"><\/time>\n            <a href=\"https:\/\/voice-interaction.com\/tmp-web\/br\/tem-sua-visita-a-nab-planejada-visite-nos-stand-su2721\/\" class=\"post-meta-date sh-default-color\">mar\u00e7o 27, 2019<\/a>\n        \n    \t\t\t\t<\/div>\n\n\t\t\t\t<div class=\"post-content\">\n\t\t\t\t\t<p>Como todos sabem, a NAB Las Vegas est\u00e1 quase a\u00ed e a VoiceInteraction Brasil estar\u00e1 presente&#8230;<\/p>\n\t\t\t\t<\/div>\n\n\t\t\t\t<div class=\"post-meta post-meta-two\">\n\t\t\t\t\t\n        <div class=\"sh-columns post-meta-comments\">\n            <span class=\"post-meta-categories\">\n                <i class=\"icon-tag\"><\/i>\n                <a href=\"https:\/\/voice-interaction.com\/tmp-web\/br\/category\/empresa\/eventos-br\/\" rel=\"category tag\">Eventos<\/a>            <\/span>\n\n                            <div><\/div>\n                    <\/div>\n\n    \t\t\t\t<\/div>\n\t\t\t<\/div>\n\n\t\t<\/div>\n\t<\/article>\n\n\n\n\t<article id=\"post-16076\" class=\"post-item post-16076 post type-post status-publish format-standard has-post-thumbnail hentry category-governo category-noticias-empresa tag-audimus-server-br tag-subtitling-regulation-br\">\n\t\t<div class=\"post-container\">\n\t\t\t\n\t\t\t<div class=\"post-meta-thumb\">\n\t\t\t\t<img loading=\"lazy\" decoding=\"async\" width=\"800\" height=\"322\" src=\"https:\/\/voice-interaction.com\/tmp-web\/wp-content\/uploads\/2019\/02\/Blast_A.Server_Fevereiro2.jpg\" class=\"attachment-large size-large wp-post-image\" alt=\"\" srcset=\"https:\/\/voice-interaction.com\/tmp-web\/wp-content\/uploads\/2019\/02\/Blast_A.Server_Fevereiro2.jpg 800w, https:\/\/voice-interaction.com\/tmp-web\/wp-content\/uploads\/2019\/02\/Blast_A.Server_Fevereiro2-300x121.jpg 300w, https:\/\/voice-interaction.com\/tmp-web\/wp-content\/uploads\/2019\/02\/Blast_A.Server_Fevereiro2-768x309.jpg 768w\" sizes=\"auto, (max-width: 800px) 100vw, 800px\" \/>\t\t\t\t\n        <div class=\"sh-overlay-style1\">\n            <div class=\"sh-table-full\">\n                                    <a href=\"https:\/\/voice-interaction.com\/tmp-web\/br\/a-server-inicio-do-1o-trimestre-de-2019-com-um-um-balanco-muito-positivo\/\" class=\"sh-overlay-item sh-table-cell\" title=\"Open the article - A.Server | In\u00edcio do 1\u00ba trimestre de 2019 com um um balan\u00e7o muito positivo\">\n                        <div class=\"sh-overlay-item-container\">\n                            <i class=\"icon-link\"><\/i>\n                        <\/div>\n                    <\/a>\n                \n                                    <a href=\"https:\/\/voice-interaction.com\/tmp-web\/wp-content\/uploads\/2019\/02\/Blast_A.Server_Fevereiro2.jpg\" class=\"sh-overlay-item sh-table-cell\" data-rel=\"lightcase\">\n                        <div class=\"sh-overlay-item-container\">\n                            <i class=\"icon-magnifier-add\"><\/i>\n                        <\/div>\n                    <\/a>\n                            <\/div>\n        <\/div>\n\n    \t\t\t<\/div>\n\n\t\t\t<div class=\"post-content-container\">\n\t\t\t\t<a href=\"https:\/\/voice-interaction.com\/tmp-web\/br\/a-server-inicio-do-1o-trimestre-de-2019-com-um-um-balanco-muito-positivo\/\" class=\"post-title\">\n\t\t\t\t\t<h2>\n\t\t\t\t\t\t\t\t\t\t\t\tA.Server | In\u00edcio do 1\u00ba trimestre de 2019 com um um balan\u00e7o muito positivo\t\t\t\t\t<\/h2>\n\t\t\t\t<\/a>\n\n\t\t\t\t<div class=\"post-meta post-meta-one\">\n\t\t\t\t\t\n        <span class=\"post-meta-author\">\n            by            <a href=\"https:\/\/voice-interaction.com\/tmp-web\/br\/author\/mariana\/\" class=\"bypostauthor\" itemprop=\"url\" rel=\"author\">\n                Mariana            <\/a>\n        <\/span>\n\n                    <time class=\"updated semantic\" itemprop=\"dateModified\" datetime=\"2019-02-26T18:14:50+00:00\"><\/time>\n            <a href=\"https:\/\/voice-interaction.com\/tmp-web\/br\/a-server-inicio-do-1o-trimestre-de-2019-com-um-um-balanco-muito-positivo\/\" class=\"post-meta-date sh-default-color\">fevereiro 26, 2019<\/a>\n        \n    \t\t\t\t<\/div>\n\n\t\t\t\t<div class=\"post-content\">\n\t\t\t\t\t<p>\u00c9 com uma enorme satisfa\u00e7\u00e3o que vemos o nosso portef\u00f3lio de clientes aumentado. Saiba quem se&#8230;<\/p>\n\t\t\t\t<\/div>\n\n\t\t\t\t<div class=\"post-meta post-meta-two\">\n\t\t\t\t\t\n        <div class=\"sh-columns post-meta-comments\">\n            <span class=\"post-meta-categories\">\n                <i class=\"icon-tag\"><\/i>\n                <a href=\"https:\/\/voice-interaction.com\/tmp-web\/br\/category\/industrias_br\/governo\/\" rel=\"category tag\">Governo<\/a>, <a href=\"https:\/\/voice-interaction.com\/tmp-web\/br\/category\/empresa\/noticias-empresa\/\" rel=\"category tag\">Not\u00edcias Empresa<\/a>            <\/span>\n\n                            <div><\/div>\n                    <\/div>\n\n    \t\t\t\t<\/div>\n\t\t\t<\/div>\n\n\t\t<\/div>\n\t<\/article>\n\n\n\n\t<article id=\"post-16111\" class=\"post-item post-16111 post type-post status-publish format-standard has-post-thumbnail hentry category-eventos-br category-noticias-empresa tag-audimus-media-br tag-audimus-server-br tag-broadcast-monitoring-eu-br tag-legendagem-ao-vivo tag-machine-learning tag-speech-recognition-eu-br tag-voiceinteraction-brasil\">\n\t\t<div class=\"post-container\">\n\t\t\t\n\t\t\t<div class=\"post-meta-thumb\">\n\t\t\t\t<img loading=\"lazy\" decoding=\"async\" width=\"1024\" height=\"768\" src=\"https:\/\/voice-interaction.com\/tmp-web\/wp-content\/uploads\/2019\/02\/IMG_1114-e1551270748313-1024x768.jpg\" class=\"attachment-large size-large wp-post-image\" alt=\"\" srcset=\"https:\/\/voice-interaction.com\/tmp-web\/wp-content\/uploads\/2019\/02\/IMG_1114-e1551270748313-1024x768.jpg 1024w, https:\/\/voice-interaction.com\/tmp-web\/wp-content\/uploads\/2019\/02\/IMG_1114-e1551270748313-300x225.jpg 300w, https:\/\/voice-interaction.com\/tmp-web\/wp-content\/uploads\/2019\/02\/IMG_1114-e1551270748313-768x576.jpg 768w, https:\/\/voice-interaction.com\/tmp-web\/wp-content\/uploads\/2019\/02\/IMG_1114-e1551270748313.jpg 1200w\" sizes=\"auto, (max-width: 1024px) 100vw, 1024px\" \/>\t\t\t\t\n        <div class=\"sh-overlay-style1\">\n            <div class=\"sh-table-full\">\n                                    <a href=\"https:\/\/voice-interaction.com\/tmp-web\/br\/eventos-voiceinteraction-sinfo-2019\/\" class=\"sh-overlay-item sh-table-cell\" title=\"Open the article - Eventos | SINFO 2019\">\n                        <div class=\"sh-overlay-item-container\">\n                            <i class=\"icon-link\"><\/i>\n                        <\/div>\n                    <\/a>\n                \n                                    <a href=\"https:\/\/voice-interaction.com\/tmp-web\/wp-content\/uploads\/2019\/02\/IMG_1114-e1551270748313-1024x768.jpg\" class=\"sh-overlay-item sh-table-cell\" data-rel=\"lightcase\">\n                        <div class=\"sh-overlay-item-container\">\n                            <i class=\"icon-magnifier-add\"><\/i>\n                        <\/div>\n                    <\/a>\n                            <\/div>\n        <\/div>\n\n    \t\t\t<\/div>\n\n\t\t\t<div class=\"post-content-container\">\n\t\t\t\t<a href=\"https:\/\/voice-interaction.com\/tmp-web\/br\/eventos-voiceinteraction-sinfo-2019\/\" class=\"post-title\">\n\t\t\t\t\t<h2>\n\t\t\t\t\t\t\t\t\t\t\t\tEventos | SINFO 2019\t\t\t\t\t<\/h2>\n\t\t\t\t<\/a>\n\n\t\t\t\t<div class=\"post-meta post-meta-one\">\n\t\t\t\t\t\n        <span class=\"post-meta-author\">\n            by            <a href=\"https:\/\/voice-interaction.com\/tmp-web\/br\/author\/mariana\/\" class=\"bypostauthor\" itemprop=\"url\" rel=\"author\">\n                Mariana            <\/a>\n        <\/span>\n\n                    <time class=\"updated semantic\" itemprop=\"dateModified\" datetime=\"2019-02-28T10:56:42+00:00\"><\/time>\n            <a href=\"https:\/\/voice-interaction.com\/tmp-web\/br\/eventos-voiceinteraction-sinfo-2019\/\" class=\"post-meta-date sh-default-color\">fevereiro 26, 2019<\/a>\n        \n    \t\t\t\t<\/div>\n\n\t\t\t\t<div class=\"post-content\">\n\t\t\t\t\t<p>Na passada Sexta-feira, dia 22 de Fevereiro, a VoiceInteraction marcou presen\u00e7a na 26\u00aa edi\u00e7\u00e3o da SINFO&#8230;<\/p>\n\t\t\t\t<\/div>\n\n\t\t\t\t<div class=\"post-meta post-meta-two\">\n\t\t\t\t\t\n        <div class=\"sh-columns post-meta-comments\">\n            <span class=\"post-meta-categories\">\n                <i class=\"icon-tag\"><\/i>\n                <a href=\"https:\/\/voice-interaction.com\/tmp-web\/br\/category\/empresa\/eventos-br\/\" rel=\"category tag\">Eventos<\/a>, <a href=\"https:\/\/voice-interaction.com\/tmp-web\/br\/category\/empresa\/noticias-empresa\/\" rel=\"category tag\">Not\u00edcias Empresa<\/a>            <\/span>\n\n                            <div><\/div>\n                    <\/div>\n\n    \t\t\t\t<\/div>\n\t\t\t<\/div>\n\n\t\t<\/div>\n\t<\/article>\n\n\n\n\t<article id=\"post-15991\" class=\"post-item post-15991 post type-post status-publish format-standard has-post-thumbnail hentry category-empresa category-eventos-br tag-amsterdam tag-events tag-ise tag-knowledge-from-speech tag-voiceinteraction\">\n\t\t<div class=\"post-container\">\n\t\t\t\n\t\t\t<div class=\"post-meta-thumb\">\n\t\t\t\t<img loading=\"lazy\" decoding=\"async\" width=\"1024\" height=\"621\" src=\"https:\/\/voice-interaction.com\/tmp-web\/wp-content\/uploads\/2019\/02\/VI-ISE2-1024x621.png\" class=\"attachment-large size-large wp-post-image\" alt=\"\" srcset=\"https:\/\/voice-interaction.com\/tmp-web\/wp-content\/uploads\/2019\/02\/VI-ISE2-1024x621.png 1024w, https:\/\/voice-interaction.com\/tmp-web\/wp-content\/uploads\/2019\/02\/VI-ISE2-300x182.png 300w, https:\/\/voice-interaction.com\/tmp-web\/wp-content\/uploads\/2019\/02\/VI-ISE2-768x466.png 768w, https:\/\/voice-interaction.com\/tmp-web\/wp-content\/uploads\/2019\/02\/VI-ISE2.png 1600w\" sizes=\"auto, (max-width: 1024px) 100vw, 1024px\" \/>\t\t\t\t\n        <div class=\"sh-overlay-style1\">\n            <div class=\"sh-table-full\">\n                                    <a href=\"https:\/\/voice-interaction.com\/tmp-web\/br\/ise-integrated-systems-europe-amsterdao-2019-we-were-there\/\" class=\"sh-overlay-item sh-table-cell\" title=\"Open the article - ISE \u2013 Integrated Systems Europe, Amsterd\u00e3o 2019 | We were there!\">\n                        <div class=\"sh-overlay-item-container\">\n                            <i class=\"icon-link\"><\/i>\n                        <\/div>\n                    <\/a>\n                \n                                    <a href=\"https:\/\/voice-interaction.com\/tmp-web\/wp-content\/uploads\/2019\/02\/VI-ISE2-1024x621.png\" class=\"sh-overlay-item sh-table-cell\" data-rel=\"lightcase\">\n                        <div class=\"sh-overlay-item-container\">\n                            <i class=\"icon-magnifier-add\"><\/i>\n                        <\/div>\n                    <\/a>\n                            <\/div>\n        <\/div>\n\n    \t\t\t<\/div>\n\n\t\t\t<div class=\"post-content-container\">\n\t\t\t\t<a href=\"https:\/\/voice-interaction.com\/tmp-web\/br\/ise-integrated-systems-europe-amsterdao-2019-we-were-there\/\" class=\"post-title\">\n\t\t\t\t\t<h2>\n\t\t\t\t\t\t\t\t\t\t\t\tISE \u2013 Integrated Systems Europe, Amsterd\u00e3o 2019 | We were there!\t\t\t\t\t<\/h2>\n\t\t\t\t<\/a>\n\n\t\t\t\t<div class=\"post-meta post-meta-one\">\n\t\t\t\t\t\n        <span class=\"post-meta-author\">\n            by            <a href=\"https:\/\/voice-interaction.com\/tmp-web\/br\/author\/mariana\/\" class=\"bypostauthor\" itemprop=\"url\" rel=\"author\">\n                Mariana            <\/a>\n        <\/span>\n\n                    <time class=\"updated semantic\" itemprop=\"dateModified\" datetime=\"2019-02-11T15:46:35+00:00\"><\/time>\n            <a href=\"https:\/\/voice-interaction.com\/tmp-web\/br\/ise-integrated-systems-europe-amsterdao-2019-we-were-there\/\" class=\"post-meta-date sh-default-color\">fevereiro 11, 2019<\/a>\n        \n    \t\t\t\t<\/div>\n\n\t\t\t\t<div class=\"post-content\">\n\t\t\t\t\t<p>A VoiceInteraction esteve presente na 16\u00aa edi\u00e7\u00e3o do maior evento mundial de Audiovisuais e de Sistemas&#8230;<\/p>\n\t\t\t\t<\/div>\n\n\t\t\t\t<div class=\"post-meta post-meta-two\">\n\t\t\t\t\t\n        <div class=\"sh-columns post-meta-comments\">\n            <span class=\"post-meta-categories\">\n                <i class=\"icon-tag\"><\/i>\n                <a href=\"https:\/\/voice-interaction.com\/tmp-web\/br\/category\/empresa\/\" rel=\"category tag\">Empresa<\/a>, <a href=\"https:\/\/voice-interaction.com\/tmp-web\/br\/category\/empresa\/eventos-br\/\" rel=\"category tag\">Eventos<\/a>            <\/span>\n\n                            <div><\/div>\n                    <\/div>\n\n    \t\t\t\t<\/div>\n\t\t\t<\/div>\n\n\t\t<\/div>\n\t<\/article>\n\n\n\n\t<article id=\"post-16139\" class=\"post-item post-16139 post type-post status-publish format-standard has-post-thumbnail hentry category-empresa category-eventos-br category-legendagem category-noticias-empresa tag-analise-audiencias tag-audimus-media-br tag-espanhol tag-speech-recognition-eu-br tag-subtitling-regulation-br\">\n\t\t<div class=\"post-container\">\n\t\t\t\n\t\t\t<div class=\"post-meta-thumb\">\n\t\t\t\t<img loading=\"lazy\" decoding=\"async\" width=\"1024\" height=\"724\" src=\"https:\/\/voice-interaction.com\/tmp-web\/wp-content\/uploads\/2019\/02\/VoiceInteraction-RTVE-Workshop-1024x724.jpg\" class=\"attachment-large size-large wp-post-image\" alt=\"\" srcset=\"https:\/\/voice-interaction.com\/tmp-web\/wp-content\/uploads\/2019\/02\/VoiceInteraction-RTVE-Workshop-1024x724.jpg 1024w, https:\/\/voice-interaction.com\/tmp-web\/wp-content\/uploads\/2019\/02\/VoiceInteraction-RTVE-Workshop-300x212.jpg 300w, https:\/\/voice-interaction.com\/tmp-web\/wp-content\/uploads\/2019\/02\/VoiceInteraction-RTVE-Workshop-768x543.jpg 768w\" sizes=\"auto, (max-width: 1024px) 100vw, 1024px\" \/>\t\t\t\t\n        <div class=\"sh-overlay-style1\">\n            <div class=\"sh-table-full\">\n                                    <a href=\"https:\/\/voice-interaction.com\/tmp-web\/br\/workshop-da-rtve-sobre-acessibilidade-e-nos-estivemos-la\/\" class=\"sh-overlay-item sh-table-cell\" title=\"Open the article - Workshop da RTVE sobre Acessibilidade\">\n                        <div class=\"sh-overlay-item-container\">\n                            <i class=\"icon-link\"><\/i>\n                        <\/div>\n                    <\/a>\n                \n                                    <a href=\"https:\/\/voice-interaction.com\/tmp-web\/wp-content\/uploads\/2019\/02\/VoiceInteraction-RTVE-Workshop-1024x724.jpg\" class=\"sh-overlay-item sh-table-cell\" data-rel=\"lightcase\">\n                        <div class=\"sh-overlay-item-container\">\n                            <i class=\"icon-magnifier-add\"><\/i>\n                        <\/div>\n                    <\/a>\n                            <\/div>\n        <\/div>\n\n    \t\t\t<\/div>\n\n\t\t\t<div class=\"post-content-container\">\n\t\t\t\t<a href=\"https:\/\/voice-interaction.com\/tmp-web\/br\/workshop-da-rtve-sobre-acessibilidade-e-nos-estivemos-la\/\" class=\"post-title\">\n\t\t\t\t\t<h2>\n\t\t\t\t\t\t\t\t\t\t\t\tWorkshop da RTVE sobre Acessibilidade\t\t\t\t\t<\/h2>\n\t\t\t\t<\/a>\n\n\t\t\t\t<div class=\"post-meta post-meta-one\">\n\t\t\t\t\t\n        <span class=\"post-meta-author\">\n            by            <a href=\"https:\/\/voice-interaction.com\/tmp-web\/br\/author\/mariana\/\" class=\"bypostauthor\" itemprop=\"url\" rel=\"author\">\n                Mariana            <\/a>\n        <\/span>\n\n                    <time class=\"updated semantic\" itemprop=\"dateModified\" datetime=\"2019-02-28T10:57:23+00:00\"><\/time>\n            <a href=\"https:\/\/voice-interaction.com\/tmp-web\/br\/workshop-da-rtve-sobre-acessibilidade-e-nos-estivemos-la\/\" class=\"post-meta-date sh-default-color\">janeiro 27, 2019<\/a>\n        \n    \t\t\t\t<\/div>\n\n\t\t\t\t<div class=\"post-content\">\n\t\t\t\t\t<p>Presen\u00e7a da VoiceInteraction no Workshop em Acessibilidade realizado pela&nbsp;RTVE, no dia 26 de Janeiro. O nosso&#8230;<\/p>\n\t\t\t\t<\/div>\n\n\t\t\t\t<div class=\"post-meta post-meta-two\">\n\t\t\t\t\t\n        <div class=\"sh-columns post-meta-comments\">\n            <span class=\"post-meta-categories\">\n                <i class=\"icon-tag\"><\/i>\n                <a href=\"https:\/\/voice-interaction.com\/tmp-web\/br\/category\/empresa\/\" rel=\"category tag\">Empresa<\/a>, <a href=\"https:\/\/voice-interaction.com\/tmp-web\/br\/category\/empresa\/eventos-br\/\" rel=\"category tag\">Eventos<\/a>, <a href=\"https:\/\/voice-interaction.com\/tmp-web\/br\/category\/solucoes\/legendagem\/\" rel=\"category tag\">Legendagem<\/a>, <a href=\"https:\/\/voice-interaction.com\/tmp-web\/br\/category\/empresa\/noticias-empresa\/\" rel=\"category tag\">Not\u00edcias Empresa<\/a>            <\/span>\n\n                            <div><\/div>\n                    <\/div>\n\n    \t\t\t\t<\/div>\n\t\t\t<\/div>\n\n\t\t<\/div>\n\t<\/article>\n\n\n\n\t<article id=\"post-15721\" class=\"post-item post-15721 post type-post status-publish format-video hentry category-empresa category-eventos-br category-noticias-empresa tag-noticias-br post_format-post-format-video\" itemscope=\"itemscope\" itemtype=\"http:\/\/schema.org\/Article\">\n\t\t<div class=\"post-container\">\n\t\t\t\n\t\t\t\n\t<div class=\"post-meta-video\">\n\t\t<div class=\"ratio-container\">\n\t\t\t<div class=\"ratio-content\">\n\t\t\t\t<iframe loading=\"lazy\" title=\"IABM | Annual Member Interview with our CEO\" width=\"500\" height=\"281\" src=\"https:\/\/www.youtube.com\/embed\/5e8z48KqF8k?feature=oembed\" frameborder=\"0\" allow=\"accelerometer; autoplay; clipboard-write; encrypted-media; gyroscope; picture-in-picture; web-share\" referrerpolicy=\"strict-origin-when-cross-origin\" allowfullscreen><\/iframe>\n\t\t\t<\/div>\n\t\t<\/div>\n\t<\/div>\n\t\t\t<div class=\"post-content-container\">\n\t\t\t\t<a href=\"https:\/\/voice-interaction.com\/tmp-web\/br\/entrevista-anual-da-iabm-durante-a-nab-show-nova-iorque-2018\/\" class=\"post-title\">\n\t\t\t\t\t<h2 itemprop=\"headline\">\n\t\t\t\t\t\t\t\t\t\t\t\tEntrevista anual da IABM durante a NAB Show Nova Iorque 2018!\t\t\t\t\t<\/h2>\n\t\t\t\t<\/a>\n\n\t\t\t\t<div class=\"post-meta post-meta-one\">\n\t\t\t\t\t\n        <span class=\"post-meta-author\">\n            by            <a href=\"https:\/\/voice-interaction.com\/tmp-web\/br\/author\/mariana\/\" class=\"bypostauthor\" itemprop=\"url\" rel=\"author\">\n                Mariana            <\/a>\n        <\/span>\n\n                    <time class=\"updated semantic\" itemprop=\"dateModified\" datetime=\"2018-10-31T15:21:43+00:00\"><\/time>\n            <a href=\"https:\/\/voice-interaction.com\/tmp-web\/br\/entrevista-anual-da-iabm-durante-a-nab-show-nova-iorque-2018\/\" class=\"post-meta-date sh-default-color\">outubro 31, 2018<\/a>\n        \n    \t\t\t\t<\/div>\n\n\t\t\t\t<div class=\"post-content\" itemprop=\"text\">\n\t\t\t\t\t<p>Foi durante a NAB Show em Nova Iorque, que o nosso CEO, Jo\u00e3o Paulo Neto, concedeu&#8230;<\/p>\n\t\t\t\t<\/div>\n\n\t\t\t\t<div class=\"post-meta post-meta-two\">\n\t\t\t\t\t\n        <div class=\"sh-columns post-meta-comments\">\n            <span class=\"post-meta-categories\">\n                <i class=\"icon-tag\"><\/i>\n                <a href=\"https:\/\/voice-interaction.com\/tmp-web\/br\/category\/empresa\/\" rel=\"category tag\">Empresa<\/a>, <a href=\"https:\/\/voice-interaction.com\/tmp-web\/br\/category\/empresa\/eventos-br\/\" rel=\"category tag\">Eventos<\/a>, <a href=\"https:\/\/voice-interaction.com\/tmp-web\/br\/category\/empresa\/noticias-empresa\/\" rel=\"category tag\">Not\u00edcias Empresa<\/a>            <\/span>\n\n                            <div><\/div>\n                    <\/div>\n\n    \t\t\t\t<\/div>\n\t\t\t<\/div>\n\n\t\t<\/div>\n\t<\/article>\n\n\t\n\t<article id=\"post-15642\" class=\"post-item post-15642 post type-post status-publish format-standard has-post-thumbnail hentry category-noticias-empresa tag-audimus-media-br tag-audimus-server-br tag-broadcast-monitoring-eu-br tag-legendagem-ao-vivo tag-machine-learning tag-mms-broadcast-br tag-news-eu tag-speech-recognition-eu-br tag-voiceinteraction-brasil\">\n\t\t<div class=\"post-container\">\n\t\t\t\n\t\t\t<div class=\"post-meta-thumb\">\n\t\t\t\t<img loading=\"lazy\" decoding=\"async\" width=\"800\" height=\"350\" src=\"https:\/\/voice-interaction.com\/tmp-web\/wp-content\/uploads\/2018\/10\/vi-whatsapp_icon_app-1.jpg\" class=\"attachment-large size-large wp-post-image\" alt=\"\" srcset=\"https:\/\/voice-interaction.com\/tmp-web\/wp-content\/uploads\/2018\/10\/vi-whatsapp_icon_app-1.jpg 800w, https:\/\/voice-interaction.com\/tmp-web\/wp-content\/uploads\/2018\/10\/vi-whatsapp_icon_app-1-300x131.jpg 300w, https:\/\/voice-interaction.com\/tmp-web\/wp-content\/uploads\/2018\/10\/vi-whatsapp_icon_app-1-768x336.jpg 768w\" sizes=\"auto, (max-width: 800px) 100vw, 800px\" \/>\t\t\t\t\n        <div class=\"sh-overlay-style1\">\n            <div class=\"sh-table-full\">\n                                    <a href=\"https:\/\/voice-interaction.com\/tmp-web\/br\/whatsapp-o-novo-canal-de-suporte-da-voiceinteraction-brasil\/\" class=\"sh-overlay-item sh-table-cell\" title=\"Open the article - Whatsapp, o novo canal de suporte chega at\u00e9 si!\">\n                        <div class=\"sh-overlay-item-container\">\n                            <i class=\"icon-link\"><\/i>\n                        <\/div>\n                    <\/a>\n                \n                                    <a href=\"https:\/\/voice-interaction.com\/tmp-web\/wp-content\/uploads\/2018\/10\/vi-whatsapp_icon_app-1.jpg\" class=\"sh-overlay-item sh-table-cell\" data-rel=\"lightcase\">\n                        <div class=\"sh-overlay-item-container\">\n                            <i class=\"icon-magnifier-add\"><\/i>\n                        <\/div>\n                    <\/a>\n                            <\/div>\n        <\/div>\n\n    \t\t\t<\/div>\n\n\t\t\t<div class=\"post-content-container\">\n\t\t\t\t<a href=\"https:\/\/voice-interaction.com\/tmp-web\/br\/whatsapp-o-novo-canal-de-suporte-da-voiceinteraction-brasil\/\" class=\"post-title\">\n\t\t\t\t\t<h2>\n\t\t\t\t\t\t\t\t\t\t\t\tWhatsapp, o novo canal de suporte chega at\u00e9 si!\t\t\t\t\t<\/h2>\n\t\t\t\t<\/a>\n\n\t\t\t\t<div class=\"post-meta post-meta-one\">\n\t\t\t\t\t\n        <span class=\"post-meta-author\">\n            by            <a href=\"https:\/\/voice-interaction.com\/tmp-web\/br\/author\/mariana\/\" class=\"bypostauthor\" itemprop=\"url\" rel=\"author\">\n                Mariana            <\/a>\n        <\/span>\n\n                    <time class=\"updated semantic\" itemprop=\"dateModified\" datetime=\"2018-11-02T12:26:52+00:00\"><\/time>\n            <a href=\"https:\/\/voice-interaction.com\/tmp-web\/br\/whatsapp-o-novo-canal-de-suporte-da-voiceinteraction-brasil\/\" class=\"post-meta-date sh-default-color\">outubro 29, 2018<\/a>\n        \n    \t\t\t\t<\/div>\n\n\t\t\t\t<div class=\"post-content\">\n\t\t\t\t\t<p>AGORA ESTAMOS MAIS PR\u00d3XIMOS DE VOC\u00ca! Informamos a todos os nossos clientes e parceiros de neg\u00f3cio,&#8230;<\/p>\n\t\t\t\t<\/div>\n\n\t\t\t\t<div class=\"post-meta post-meta-two\">\n\t\t\t\t\t\n        <div class=\"sh-columns post-meta-comments\">\n            <span class=\"post-meta-categories\">\n                <i class=\"icon-tag\"><\/i>\n                <a href=\"https:\/\/voice-interaction.com\/tmp-web\/br\/category\/empresa\/noticias-empresa\/\" rel=\"category tag\">Not\u00edcias Empresa<\/a>            <\/span>\n\n                            <div><\/div>\n                    <\/div>\n\n    \t\t\t\t<\/div>\n\t\t\t<\/div>\n\n\t\t<\/div>\n\t<\/article>\n\n\n\n\t<article id=\"post-15612\" class=\"post-item post-15612 post type-post status-publish format-standard has-post-thumbnail hentry category-eventos-br tag-audimus-media-br tag-broadcast-monitoring-eu-br tag-compliance-recording-eu-br tag-legendagem-ao-vivo tag-nab-br tag-noticias-br tag-speech-recognition-eu-br tag-subtitling-regulation-br\">\n\t\t<div class=\"post-container\">\n\t\t\t\n\t\t\t<div class=\"post-meta-thumb\">\n\t\t\t\t<img loading=\"lazy\" decoding=\"async\" width=\"842\" height=\"340\" src=\"https:\/\/voice-interaction.com\/tmp-web\/wp-content\/uploads\/2018\/10\/Voiceinteraction-NAB-NY-email_02.jpg\" class=\"attachment-large size-large wp-post-image\" alt=\"\" srcset=\"https:\/\/voice-interaction.com\/tmp-web\/wp-content\/uploads\/2018\/10\/Voiceinteraction-NAB-NY-email_02.jpg 842w, https:\/\/voice-interaction.com\/tmp-web\/wp-content\/uploads\/2018\/10\/Voiceinteraction-NAB-NY-email_02-300x121.jpg 300w, https:\/\/voice-interaction.com\/tmp-web\/wp-content\/uploads\/2018\/10\/Voiceinteraction-NAB-NY-email_02-768x310.jpg 768w\" sizes=\"auto, (max-width: 842px) 100vw, 842px\" \/>\t\t\t\t\n        <div class=\"sh-overlay-style1\">\n            <div class=\"sh-table-full\">\n                                    <a href=\"https:\/\/voice-interaction.com\/tmp-web\/br\/obrigado-pela-sua-visita-na-nab-show-nova-iorque\/\" class=\"sh-overlay-item sh-table-cell\" title=\"Open the article - Obrigado pela sua visita na NAB Show Nova Iorque!\">\n                        <div class=\"sh-overlay-item-container\">\n                            <i class=\"icon-link\"><\/i>\n                        <\/div>\n                    <\/a>\n                \n                                    <a href=\"https:\/\/voice-interaction.com\/tmp-web\/wp-content\/uploads\/2018\/10\/Voiceinteraction-NAB-NY-email_02.jpg\" class=\"sh-overlay-item sh-table-cell\" data-rel=\"lightcase\">\n                        <div class=\"sh-overlay-item-container\">\n                            <i class=\"icon-magnifier-add\"><\/i>\n                        <\/div>\n                    <\/a>\n                            <\/div>\n        <\/div>\n\n    \t\t\t<\/div>\n\n\t\t\t<div class=\"post-content-container\">\n\t\t\t\t<a href=\"https:\/\/voice-interaction.com\/tmp-web\/br\/obrigado-pela-sua-visita-na-nab-show-nova-iorque\/\" class=\"post-title\">\n\t\t\t\t\t<h2>\n\t\t\t\t\t\t\t\t\t\t\t\tObrigado pela sua visita na NAB Show Nova Iorque!\t\t\t\t\t<\/h2>\n\t\t\t\t<\/a>\n\n\t\t\t\t<div class=\"post-meta post-meta-one\">\n\t\t\t\t\t\n        <span class=\"post-meta-author\">\n            by            <a href=\"https:\/\/voice-interaction.com\/tmp-web\/br\/author\/mariana\/\" class=\"bypostauthor\" itemprop=\"url\" rel=\"author\">\n                Mariana            <\/a>\n        <\/span>\n\n                    <time class=\"updated semantic\" itemprop=\"dateModified\" datetime=\"2018-10-24T15:02:25+00:00\"><\/time>\n            <a href=\"https:\/\/voice-interaction.com\/tmp-web\/br\/obrigado-pela-sua-visita-na-nab-show-nova-iorque\/\" class=\"post-meta-date sh-default-color\">outubro 23, 2018<\/a>\n        \n    \t\t\t\t<\/div>\n\n\t\t\t\t<div class=\"post-content\">\n\t\t\t\t\t<p>A NAB Show Nova Iorque terminou no dia 18 de Outubro e a VoiceInteraction agradece a&#8230;<\/p>\n\t\t\t\t<\/div>\n\n\t\t\t\t<div class=\"post-meta post-meta-two\">\n\t\t\t\t\t\n        <div class=\"sh-columns post-meta-comments\">\n            <span class=\"post-meta-categories\">\n                <i class=\"icon-tag\"><\/i>\n                <a href=\"https:\/\/voice-interaction.com\/tmp-web\/br\/category\/empresa\/eventos-br\/\" rel=\"category tag\">Eventos<\/a>            <\/span>\n\n                            <div><\/div>\n                    <\/div>\n\n    \t\t\t\t<\/div>\n\t\t\t<\/div>\n\n\t\t<\/div>\n\t<\/article>\n\n\n\n\t<article id=\"post-15496\" class=\"post-item post-15496 post type-post status-publish format-standard has-post-thumbnail hentry category-empresa tag-audimus-media-br tag-audimus-server-br tag-mms-broadcast-br tag-nab-br tag-noticias-br\">\n\t\t<div class=\"post-container\">\n\t\t\t\n\t\t\t<div class=\"post-meta-thumb\">\n\t\t\t\t<img loading=\"lazy\" decoding=\"async\" width=\"1024\" height=\"408\" src=\"https:\/\/voice-interaction.com\/tmp-web\/wp-content\/uploads\/2018\/03\/VI-NABNY-2018-v01-1024x408.jpg\" class=\"attachment-large size-large wp-post-image\" alt=\"\" srcset=\"https:\/\/voice-interaction.com\/tmp-web\/wp-content\/uploads\/2018\/03\/VI-NABNY-2018-v01-1024x408.jpg 1024w, https:\/\/voice-interaction.com\/tmp-web\/wp-content\/uploads\/2018\/03\/VI-NABNY-2018-v01-300x120.jpg 300w, https:\/\/voice-interaction.com\/tmp-web\/wp-content\/uploads\/2018\/03\/VI-NABNY-2018-v01-768x306.jpg 768w, https:\/\/voice-interaction.com\/tmp-web\/wp-content\/uploads\/2018\/03\/VI-NABNY-2018-v01.jpg 2048w\" sizes=\"auto, (max-width: 1024px) 100vw, 1024px\" \/>\t\t\t\t\n        <div class=\"sh-overlay-style1\">\n            <div class=\"sh-table-full\">\n                                    <a href=\"https:\/\/voice-interaction.com\/tmp-web\/br\/visite-a-voiceinteraction-na-nab-show-ny-2018\/\" class=\"sh-overlay-item sh-table-cell\" title=\"Open the article - Venha visitar a VoiceInteraction na NAB Show New York 2018!\">\n                        <div class=\"sh-overlay-item-container\">\n                            <i class=\"icon-link\"><\/i>\n                        <\/div>\n                    <\/a>\n                \n                                    <a href=\"https:\/\/voice-interaction.com\/tmp-web\/wp-content\/uploads\/2018\/03\/VI-NABNY-2018-v01-1024x408.jpg\" class=\"sh-overlay-item sh-table-cell\" data-rel=\"lightcase\">\n                        <div class=\"sh-overlay-item-container\">\n                            <i class=\"icon-magnifier-add\"><\/i>\n                        <\/div>\n                    <\/a>\n                            <\/div>\n        <\/div>\n\n    \t\t\t<\/div>\n\n\t\t\t<div class=\"post-content-container\">\n\t\t\t\t<a href=\"https:\/\/voice-interaction.com\/tmp-web\/br\/visite-a-voiceinteraction-na-nab-show-ny-2018\/\" class=\"post-title\">\n\t\t\t\t\t<h2>\n\t\t\t\t\t\t\t\t\t\t\t\tVenha visitar a VoiceInteraction na NAB Show New York 2018!\t\t\t\t\t<\/h2>\n\t\t\t\t<\/a>\n\n\t\t\t\t<div class=\"post-meta post-meta-one\">\n\t\t\t\t\t\n        <span class=\"post-meta-author\">\n            by            <a href=\"https:\/\/voice-interaction.com\/tmp-web\/br\/author\/ritaferreira\/\" class=\"bypostauthor\" itemprop=\"url\" rel=\"author\">\n                ritaferreira            <\/a>\n        <\/span>\n\n                    <time class=\"updated semantic\" itemprop=\"dateModified\" datetime=\"2018-10-10T15:31:02+00:00\"><\/time>\n            <a href=\"https:\/\/voice-interaction.com\/tmp-web\/br\/visite-a-voiceinteraction-na-nab-show-ny-2018\/\" class=\"post-meta-date sh-default-color\">outubro 1, 2018<\/a>\n        \n    \t\t\t\t<\/div>\n\n\t\t\t\t<div class=\"post-content\">\n\t\t\t\t\t<p>A VoiceInteraction estar\u00e1 presente novamente na NAB Show New York, de 17 a 18 de Outubro,&#8230;<\/p>\n\t\t\t\t<\/div>\n\n\t\t\t\t<div class=\"post-meta post-meta-two\">\n\t\t\t\t\t\n        <div class=\"sh-columns post-meta-comments\">\n            <span class=\"post-meta-categories\">\n                <i class=\"icon-tag\"><\/i>\n                <a href=\"https:\/\/voice-interaction.com\/tmp-web\/br\/category\/empresa\/\" rel=\"category tag\">Empresa<\/a>            <\/span>\n\n                            <div><\/div>\n                    <\/div>\n\n    \t\t\t\t<\/div>\n\t\t\t<\/div>\n\n\t\t<\/div>\n\t<\/article>\n\n\n\n\t<article id=\"post-15666\" class=\"post-item post-15666 post type-post status-publish format-video has-post-thumbnail hentry category-broadcast-midia category-eventos-br tag-ibc-br tag-ibc tag-noticias-br post_format-post-format-video\" itemscope=\"itemscope\" itemtype=\"http:\/\/schema.org\/Article\">\n\t\t<div class=\"post-container\">\n\t\t\t\n\t\t\t\n\t<div class=\"post-meta-video\">\n\t\t<div class=\"ratio-container\">\n\t\t\t<div class=\"ratio-content\">\n\t\t\t\t<iframe loading=\"lazy\" title=\"InBroadcast Interview CEO\" width=\"500\" height=\"281\" src=\"https:\/\/www.youtube.com\/embed\/KBVq_iQw4qs?feature=oembed\" frameborder=\"0\" allow=\"accelerometer; autoplay; clipboard-write; encrypted-media; gyroscope; picture-in-picture; web-share\" referrerpolicy=\"strict-origin-when-cross-origin\" allowfullscreen><\/iframe>\n\t\t\t<\/div>\n\t\t<\/div>\n\t<\/div>\n\t\t\t<div class=\"post-content-container\">\n\t\t\t\t<a href=\"https:\/\/voice-interaction.com\/tmp-web\/br\/obrigado-ibc-e-obrigado-a-todos-os-que-nos-visitaram\/\" class=\"post-title\">\n\t\t\t\t\t<h2 itemprop=\"headline\">\n\t\t\t\t\t\t\t\t\t\t\t\tObrigado IBC, e obrigado a todos os que nos visitaram!\t\t\t\t\t<\/h2>\n\t\t\t\t<\/a>\n\n\t\t\t\t<div class=\"post-meta post-meta-one\">\n\t\t\t\t\t\n        <span class=\"post-meta-author\">\n            by            <a href=\"https:\/\/voice-interaction.com\/tmp-web\/br\/author\/fpreto\/\" class=\"bypostauthor\" itemprop=\"url\" rel=\"author\">\n                FPreto            <\/a>\n        <\/span>\n\n                    <time class=\"updated semantic\" itemprop=\"dateModified\" datetime=\"2018-10-29T18:48:34+00:00\"><\/time>\n            <a href=\"https:\/\/voice-interaction.com\/tmp-web\/br\/obrigado-ibc-e-obrigado-a-todos-os-que-nos-visitaram\/\" class=\"post-meta-date sh-default-color\">setembro 28, 2018<\/a>\n        \n    \t\t\t\t<\/div>\n\n\t\t\t\t<div class=\"post-content\" itemprop=\"text\">\n\t\t\t\t\t<p>Para quem n\u00e3o teve a oportunidade de estar com a VoiceInteraction durante o evento, assista \u00e0&#8230;<\/p>\n\t\t\t\t<\/div>\n\n\t\t\t\t<div class=\"post-meta post-meta-two\">\n\t\t\t\t\t\n        <div class=\"sh-columns post-meta-comments\">\n            <span class=\"post-meta-categories\">\n                <i class=\"icon-tag\"><\/i>\n                <a href=\"https:\/\/voice-interaction.com\/tmp-web\/br\/category\/industrias_br\/broadcast-midia\/\" rel=\"category tag\">Broadcast &amp; M\u00eddia<\/a>, <a href=\"https:\/\/voice-interaction.com\/tmp-web\/br\/category\/empresa\/eventos-br\/\" rel=\"category tag\">Eventos<\/a>            <\/span>\n\n                            <div><\/div>\n                    <\/div>\n\n    \t\t\t\t<\/div>\n\t\t\t<\/div>\n\n\t\t<\/div>\n\t<\/article>\n\n\t\n\t<article id=\"post-15288\" class=\"post-item post-15288 post type-post status-publish format-standard has-post-thumbnail hentry category-broadcast-midia category-eventos-br tag-audimus-media-br tag-audimus-server-br tag-mms-broadcast-br tag-noticias-br tag-set-expo_br tag-voiceinteraction-brasil\">\n\t\t<div class=\"post-container\">\n\t\t\t\n\t\t\t<div class=\"post-meta-thumb\">\n\t\t\t\t<img loading=\"lazy\" decoding=\"async\" width=\"800\" height=\"400\" src=\"https:\/\/voice-interaction.com\/tmp-web\/wp-content\/uploads\/2018\/04\/SET-EXPO-2018_Convite.png\" class=\"attachment-large size-large wp-post-image\" alt=\"\" srcset=\"https:\/\/voice-interaction.com\/tmp-web\/wp-content\/uploads\/2018\/04\/SET-EXPO-2018_Convite.png 800w, https:\/\/voice-interaction.com\/tmp-web\/wp-content\/uploads\/2018\/04\/SET-EXPO-2018_Convite-300x150.png 300w, https:\/\/voice-interaction.com\/tmp-web\/wp-content\/uploads\/2018\/04\/SET-EXPO-2018_Convite-768x384.png 768w\" sizes=\"auto, (max-width: 800px) 100vw, 800px\" \/>\t\t\t\t\n        <div class=\"sh-overlay-style1\">\n            <div class=\"sh-table-full\">\n                                    <a href=\"https:\/\/voice-interaction.com\/tmp-web\/br\/visite-nos-na-set-expo-em-sao-paulo-copy\/\" class=\"sh-overlay-item sh-table-cell\" title=\"Open the article - SET EXPO 2018: Obrigado!\">\n                        <div class=\"sh-overlay-item-container\">\n                            <i class=\"icon-link\"><\/i>\n                        <\/div>\n                    <\/a>\n                \n                                    <a href=\"https:\/\/voice-interaction.com\/tmp-web\/wp-content\/uploads\/2018\/04\/SET-EXPO-2018_Convite.png\" class=\"sh-overlay-item sh-table-cell\" data-rel=\"lightcase\">\n                        <div class=\"sh-overlay-item-container\">\n                            <i class=\"icon-magnifier-add\"><\/i>\n                        <\/div>\n                    <\/a>\n                            <\/div>\n        <\/div>\n\n    \t\t\t<\/div>\n\n\t\t\t<div class=\"post-content-container\">\n\t\t\t\t<a href=\"https:\/\/voice-interaction.com\/tmp-web\/br\/visite-nos-na-set-expo-em-sao-paulo-copy\/\" class=\"post-title\">\n\t\t\t\t\t<h2>\n\t\t\t\t\t\t\t\t\t\t\t\tSET EXPO 2018: Obrigado!\t\t\t\t\t<\/h2>\n\t\t\t\t<\/a>\n\n\t\t\t\t<div class=\"post-meta post-meta-one\">\n\t\t\t\t\t\n        <span class=\"post-meta-author\">\n            by            <a href=\"https:\/\/voice-interaction.com\/tmp-web\/br\/author\/ritaferreira\/\" class=\"bypostauthor\" itemprop=\"url\" rel=\"author\">\n                ritaferreira            <\/a>\n        <\/span>\n\n                    <time class=\"updated semantic\" itemprop=\"dateModified\" datetime=\"2018-09-06T13:31:57+00:00\"><\/time>\n            <a href=\"https:\/\/voice-interaction.com\/tmp-web\/br\/visite-nos-na-set-expo-em-sao-paulo-copy\/\" class=\"post-meta-date sh-default-color\">setembro 6, 2018<\/a>\n        \n    \t\t\t\t<\/div>\n\n\t\t\t\t<div class=\"post-content\">\n\t\t\t\t\t<p>A VoiceInteraction Brasil agradece a todos os que nos visitaram em mais uma edi\u00e7\u00e3o da SET&#8230;<\/p>\n\t\t\t\t<\/div>\n\n\t\t\t\t<div class=\"post-meta post-meta-two\">\n\t\t\t\t\t\n        <div class=\"sh-columns post-meta-comments\">\n            <span class=\"post-meta-categories\">\n                <i class=\"icon-tag\"><\/i>\n                <a href=\"https:\/\/voice-interaction.com\/tmp-web\/br\/category\/industrias_br\/broadcast-midia\/\" rel=\"category tag\">Broadcast &amp; M\u00eddia<\/a>, <a href=\"https:\/\/voice-interaction.com\/tmp-web\/br\/category\/empresa\/eventos-br\/\" rel=\"category tag\">Eventos<\/a>            <\/span>\n\n                            <div><\/div>\n                    <\/div>\n\n    \t\t\t\t<\/div>\n\t\t\t<\/div>\n\n\t\t<\/div>\n\t<\/article>\n\n\n\n\t<article id=\"post-15272\" class=\"post-item post-15272 post type-post status-publish format-standard has-post-thumbnail hentry category-broadcast-midia category-eventos-br tag-audimus-media-br tag-audimus-server-br tag-mms-broadcast-br tag-noticias-br tag-set-expo_br tag-voiceinteraction-brasil\">\n\t\t<div class=\"post-container\">\n\t\t\t\n\t\t\t<div class=\"post-meta-thumb\">\n\t\t\t\t<img loading=\"lazy\" decoding=\"async\" width=\"800\" height=\"400\" src=\"https:\/\/voice-interaction.com\/tmp-web\/wp-content\/uploads\/2018\/04\/SET-EXPO-2018_Convite.png\" class=\"attachment-large size-large wp-post-image\" alt=\"\" srcset=\"https:\/\/voice-interaction.com\/tmp-web\/wp-content\/uploads\/2018\/04\/SET-EXPO-2018_Convite.png 800w, https:\/\/voice-interaction.com\/tmp-web\/wp-content\/uploads\/2018\/04\/SET-EXPO-2018_Convite-300x150.png 300w, https:\/\/voice-interaction.com\/tmp-web\/wp-content\/uploads\/2018\/04\/SET-EXPO-2018_Convite-768x384.png 768w\" sizes=\"auto, (max-width: 800px) 100vw, 800px\" \/>\t\t\t\t\n        <div class=\"sh-overlay-style1\">\n            <div class=\"sh-table-full\">\n                                    <a href=\"https:\/\/voice-interaction.com\/tmp-web\/br\/visite-nos-na-set-expo-em-sao-paulo\/\" class=\"sh-overlay-item sh-table-cell\" title=\"Open the article - Visite-nos na SET EXPO em S\u00e3o Paulo!\">\n                        <div class=\"sh-overlay-item-container\">\n                            <i class=\"icon-link\"><\/i>\n                        <\/div>\n                    <\/a>\n                \n                                    <a href=\"https:\/\/voice-interaction.com\/tmp-web\/wp-content\/uploads\/2018\/04\/SET-EXPO-2018_Convite.png\" class=\"sh-overlay-item sh-table-cell\" data-rel=\"lightcase\">\n                        <div class=\"sh-overlay-item-container\">\n                            <i class=\"icon-magnifier-add\"><\/i>\n                        <\/div>\n                    <\/a>\n                            <\/div>\n        <\/div>\n\n    \t\t\t<\/div>\n\n\t\t\t<div class=\"post-content-container\">\n\t\t\t\t<a href=\"https:\/\/voice-interaction.com\/tmp-web\/br\/visite-nos-na-set-expo-em-sao-paulo\/\" class=\"post-title\">\n\t\t\t\t\t<h2>\n\t\t\t\t\t\t\t\t\t\t\t\tVisite-nos na SET EXPO em S\u00e3o Paulo!\t\t\t\t\t<\/h2>\n\t\t\t\t<\/a>\n\n\t\t\t\t<div class=\"post-meta post-meta-one\">\n\t\t\t\t\t\n        <span class=\"post-meta-author\">\n            by            <a href=\"https:\/\/voice-interaction.com\/tmp-web\/br\/author\/ritaferreira\/\" class=\"bypostauthor\" itemprop=\"url\" rel=\"author\">\n                ritaferreira            <\/a>\n        <\/span>\n\n                    <time class=\"updated semantic\" itemprop=\"dateModified\" datetime=\"2018-08-29T08:47:17+00:00\"><\/time>\n            <a href=\"https:\/\/voice-interaction.com\/tmp-web\/br\/visite-nos-na-set-expo-em-sao-paulo\/\" class=\"post-meta-date sh-default-color\">agosto 28, 2018<\/a>\n        \n    \t\t\t\t<\/div>\n\n\t\t\t\t<div class=\"post-content\">\n\t\t\t\t\t<p>A VoiceInteraction Brasil est\u00e1 presente em mais uma edi\u00e7\u00e3o da SET Expo em S\u00e3o Paulo, de&#8230;<\/p>\n\t\t\t\t<\/div>\n\n\t\t\t\t<div class=\"post-meta post-meta-two\">\n\t\t\t\t\t\n        <div class=\"sh-columns post-meta-comments\">\n            <span class=\"post-meta-categories\">\n                <i class=\"icon-tag\"><\/i>\n                <a href=\"https:\/\/voice-interaction.com\/tmp-web\/br\/category\/industrias_br\/broadcast-midia\/\" rel=\"category tag\">Broadcast &amp; M\u00eddia<\/a>, <a href=\"https:\/\/voice-interaction.com\/tmp-web\/br\/category\/empresa\/eventos-br\/\" rel=\"category tag\">Eventos<\/a>            <\/span>\n\n                            <div><\/div>\n                    <\/div>\n\n    \t\t\t\t<\/div>\n\t\t\t<\/div>\n\n\t\t<\/div>\n\t<\/article>\n\n\n\n\t<article id=\"post-14816\" class=\"post-item post-14816 post type-post status-publish format-standard has-post-thumbnail hentry category-broadcast-midia category-eventos-br tag-audimus-media-br tag-audimus-server-br tag-mms-broadcast-br tag-nab-br tag-noticias-br\">\n\t\t<div class=\"post-container\">\n\t\t\t\n\t\t\t<div class=\"post-meta-thumb\">\n\t\t\t\t<img loading=\"lazy\" decoding=\"async\" width=\"400\" height=\"301\" src=\"https:\/\/voice-interaction.com\/tmp-web\/wp-content\/uploads\/2018\/04\/VI-NABShow-2018-post_800x800-e1522668903818.png\" class=\"attachment-large size-large wp-post-image\" alt=\"\" \/>\t\t\t\t\n        <div class=\"sh-overlay-style1\">\n            <div class=\"sh-table-full\">\n                                    <a href=\"https:\/\/voice-interaction.com\/tmp-web\/br\/visite-nos-na-nab-show-em-las-vegas\/\" class=\"sh-overlay-item sh-table-cell\" title=\"Open the article - Visite-nos na NAB SHOW, em Las Vegas\">\n                        <div class=\"sh-overlay-item-container\">\n                            <i class=\"icon-link\"><\/i>\n                        <\/div>\n                    <\/a>\n                \n                                    <a href=\"https:\/\/voice-interaction.com\/tmp-web\/wp-content\/uploads\/2018\/04\/VI-NABShow-2018-post_800x800-e1522668903818.png\" class=\"sh-overlay-item sh-table-cell\" data-rel=\"lightcase\">\n                        <div class=\"sh-overlay-item-container\">\n                            <i class=\"icon-magnifier-add\"><\/i>\n                        <\/div>\n                    <\/a>\n                            <\/div>\n        <\/div>\n\n    \t\t\t<\/div>\n\n\t\t\t<div class=\"post-content-container\">\n\t\t\t\t<a href=\"https:\/\/voice-interaction.com\/tmp-web\/br\/visite-nos-na-nab-show-em-las-vegas\/\" class=\"post-title\">\n\t\t\t\t\t<h2>\n\t\t\t\t\t\t\t\t\t\t\t\tVisite-nos na NAB SHOW, em Las Vegas\t\t\t\t\t<\/h2>\n\t\t\t\t<\/a>\n\n\t\t\t\t<div class=\"post-meta post-meta-one\">\n\t\t\t\t\t\n        <span class=\"post-meta-author\">\n            by            <a href=\"https:\/\/voice-interaction.com\/tmp-web\/br\/author\/ritaferreira\/\" class=\"bypostauthor\" itemprop=\"url\" rel=\"author\">\n                ritaferreira            <\/a>\n        <\/span>\n\n                    <time class=\"updated semantic\" itemprop=\"dateModified\" datetime=\"2018-04-02T11:46:28+00:00\"><\/time>\n            <a href=\"https:\/\/voice-interaction.com\/tmp-web\/br\/visite-nos-na-nab-show-em-las-vegas\/\" class=\"post-meta-date sh-default-color\">abril 2, 2018<\/a>\n        \n    \t\t\t\t<\/div>\n\n\t\t\t\t<div class=\"post-content\">\n\t\t\t\t\t<p>A VoiceInteraction estar\u00e1 presente em mais uma edi\u00e7\u00e3o do evento\u00a0NAB SHOW\u00a0em Las Vegas, de\u00a009 a 12&#8230;<\/p>\n\t\t\t\t<\/div>\n\n\t\t\t\t<div class=\"post-meta post-meta-two\">\n\t\t\t\t\t\n        <div class=\"sh-columns post-meta-comments\">\n            <span class=\"post-meta-categories\">\n                <i class=\"icon-tag\"><\/i>\n                <a href=\"https:\/\/voice-interaction.com\/tmp-web\/br\/category\/industrias_br\/broadcast-midia\/\" rel=\"category tag\">Broadcast &amp; M\u00eddia<\/a>, <a href=\"https:\/\/voice-interaction.com\/tmp-web\/br\/category\/empresa\/eventos-br\/\" rel=\"category tag\">Eventos<\/a>            <\/span>\n\n                            <div><\/div>\n                    <\/div>\n\n    \t\t\t\t<\/div>\n\t\t\t<\/div>\n\n\t\t<\/div>\n\t<\/article>\n\n\n\n\t<article id=\"post-14284\" class=\"post-item post-14284 post type-post status-publish format-standard has-post-thumbnail hentry category-broadcast-midia category-legendagem tag-anatel tag-audimus-media-br\">\n\t\t<div class=\"post-container\">\n\t\t\t\n\t\t\t<div class=\"post-meta-thumb\">\n\t\t\t\t<img loading=\"lazy\" decoding=\"async\" width=\"800\" height=\"322\" src=\"https:\/\/voice-interaction.com\/tmp-web\/wp-content\/uploads\/2018\/03\/VI-banner_Jan18_br1-1.jpg\" class=\"attachment-large size-large wp-post-image\" alt=\"\" srcset=\"https:\/\/voice-interaction.com\/tmp-web\/wp-content\/uploads\/2018\/03\/VI-banner_Jan18_br1-1.jpg 800w, https:\/\/voice-interaction.com\/tmp-web\/wp-content\/uploads\/2018\/03\/VI-banner_Jan18_br1-1-300x121.jpg 300w, https:\/\/voice-interaction.com\/tmp-web\/wp-content\/uploads\/2018\/03\/VI-banner_Jan18_br1-1-768x309.jpg 768w\" sizes=\"auto, (max-width: 800px) 100vw, 800px\" \/>\t\t\t\t\n        <div class=\"sh-overlay-style1\">\n            <div class=\"sh-table-full\">\n                                    <a href=\"https:\/\/voice-interaction.com\/tmp-web\/br\/audimus-media-com-aceitacao-positiva-no-brasil\/\" class=\"sh-overlay-item sh-table-cell\" title=\"Open the article - Audimus.Media continua a marcar pontos no Brasil\">\n                        <div class=\"sh-overlay-item-container\">\n                            <i class=\"icon-link\"><\/i>\n                        <\/div>\n                    <\/a>\n                \n                                    <a href=\"https:\/\/voice-interaction.com\/tmp-web\/wp-content\/uploads\/2018\/03\/VI-banner_Jan18_br1-1.jpg\" class=\"sh-overlay-item sh-table-cell\" data-rel=\"lightcase\">\n                        <div class=\"sh-overlay-item-container\">\n                            <i class=\"icon-magnifier-add\"><\/i>\n                        <\/div>\n                    <\/a>\n                            <\/div>\n        <\/div>\n\n    \t\t\t<\/div>\n\n\t\t\t<div class=\"post-content-container\">\n\t\t\t\t<a href=\"https:\/\/voice-interaction.com\/tmp-web\/br\/audimus-media-com-aceitacao-positiva-no-brasil\/\" class=\"post-title\">\n\t\t\t\t\t<h2>\n\t\t\t\t\t\t\t\t\t\t\t\tAudimus.Media continua a marcar pontos no Brasil\t\t\t\t\t<\/h2>\n\t\t\t\t<\/a>\n\n\t\t\t\t<div class=\"post-meta post-meta-one\">\n\t\t\t\t\t\n        <span class=\"post-meta-author\">\n            by            <a href=\"https:\/\/voice-interaction.com\/tmp-web\/br\/author\/ritaferreira\/\" class=\"bypostauthor\" itemprop=\"url\" rel=\"author\">\n                ritaferreira            <\/a>\n        <\/span>\n\n                    <time class=\"updated semantic\" itemprop=\"dateModified\" datetime=\"2018-03-06T14:33:43+00:00\"><\/time>\n            <a href=\"https:\/\/voice-interaction.com\/tmp-web\/br\/audimus-media-com-aceitacao-positiva-no-brasil\/\" class=\"post-meta-date sh-default-color\">mar\u00e7o 4, 2018<\/a>\n        \n    \t\t\t\t<\/div>\n\n\t\t\t\t<div class=\"post-content\">\n\t\t\t\t\t<p>O closed captioning tem conquistado um grande mercado na ind\u00fastria de m\u00eddia brasileira nos \u00faltimos anos,&#8230;<\/p>\n\t\t\t\t<\/div>\n\n\t\t\t\t<div class=\"post-meta post-meta-two\">\n\t\t\t\t\t\n        <div class=\"sh-columns post-meta-comments\">\n            <span class=\"post-meta-categories\">\n                <i class=\"icon-tag\"><\/i>\n                <a href=\"https:\/\/voice-interaction.com\/tmp-web\/br\/category\/industrias_br\/broadcast-midia\/\" rel=\"category tag\">Broadcast &amp; M\u00eddia<\/a>, <a href=\"https:\/\/voice-interaction.com\/tmp-web\/br\/category\/solucoes\/legendagem\/\" rel=\"category tag\">Legendagem<\/a>            <\/span>\n\n                            <div><\/div>\n                    <\/div>\n\n    \t\t\t\t<\/div>\n\t\t\t<\/div>\n\n\t\t<\/div>\n\t<\/article>\n\n\n\n\t<article id=\"post-14288\" class=\"post-item post-14288 post type-post status-publish format-standard has-post-thumbnail hentry category-broadcast-midia category-monitoramento-de-midia-broadcast tag-mms-broadcast-br\">\n\t\t<div class=\"post-container\">\n\t\t\t\n\t\t\t<div class=\"post-meta-thumb\">\n\t\t\t\t<img loading=\"lazy\" decoding=\"async\" width=\"280\" height=\"189\" src=\"https:\/\/voice-interaction.com\/tmp-web\/wp-content\/uploads\/2018\/02\/VI-news-MMS-BE-02-e1519818617536.jpg\" class=\"attachment-large size-large wp-post-image\" alt=\"\" \/>\t\t\t\t\n        <div class=\"sh-overlay-style1\">\n            <div class=\"sh-table-full\">\n                                    <a href=\"https:\/\/voice-interaction.com\/tmp-web\/br\/o-que-precisa-saber-sobre-o-mms-broadcast-edition\/\" class=\"sh-overlay-item sh-table-cell\" title=\"Open the article - Monitoramento de M\u00eddia para emissoras de TV\">\n                        <div class=\"sh-overlay-item-container\">\n                            <i class=\"icon-link\"><\/i>\n                        <\/div>\n                    <\/a>\n                \n                                    <a href=\"https:\/\/voice-interaction.com\/tmp-web\/wp-content\/uploads\/2018\/02\/VI-news-MMS-BE-02-e1519818617536.jpg\" class=\"sh-overlay-item sh-table-cell\" data-rel=\"lightcase\">\n                        <div class=\"sh-overlay-item-container\">\n                            <i class=\"icon-magnifier-add\"><\/i>\n                        <\/div>\n                    <\/a>\n                            <\/div>\n        <\/div>\n\n    \t\t\t<\/div>\n\n\t\t\t<div class=\"post-content-container\">\n\t\t\t\t<a href=\"https:\/\/voice-interaction.com\/tmp-web\/br\/o-que-precisa-saber-sobre-o-mms-broadcast-edition\/\" class=\"post-title\">\n\t\t\t\t\t<h2>\n\t\t\t\t\t\t\t\t\t\t\t\tMonitoramento de M\u00eddia para emissoras de TV\t\t\t\t\t<\/h2>\n\t\t\t\t<\/a>\n\n\t\t\t\t<div class=\"post-meta post-meta-one\">\n\t\t\t\t\t\n        <span class=\"post-meta-author\">\n            by            <a href=\"https:\/\/voice-interaction.com\/tmp-web\/br\/author\/ritaferreira\/\" class=\"bypostauthor\" itemprop=\"url\" rel=\"author\">\n                ritaferreira            <\/a>\n        <\/span>\n\n                    <time class=\"updated semantic\" itemprop=\"dateModified\" datetime=\"2018-03-06T14:35:22+00:00\"><\/time>\n            <a href=\"https:\/\/voice-interaction.com\/tmp-web\/br\/o-que-precisa-saber-sobre-o-mms-broadcast-edition\/\" class=\"post-meta-date sh-default-color\">mar\u00e7o 4, 2018<\/a>\n        \n    \t\t\t\t<\/div>\n\n\t\t\t\t<div class=\"post-content\">\n\t\t\t\t\t<p>A VoiceInteraction Brasil prepara o lan\u00e7amento de uma nova vers\u00e3o da sua plataforma de monitoramento de&#8230;<\/p>\n\t\t\t\t<\/div>\n\n\t\t\t\t<div class=\"post-meta post-meta-two\">\n\t\t\t\t\t\n        <div class=\"sh-columns post-meta-comments\">\n            <span class=\"post-meta-categories\">\n                <i class=\"icon-tag\"><\/i>\n                <a href=\"https:\/\/voice-interaction.com\/tmp-web\/br\/category\/industrias_br\/broadcast-midia\/\" rel=\"category tag\">Broadcast &amp; M\u00eddia<\/a>, <a href=\"https:\/\/voice-interaction.com\/tmp-web\/br\/category\/solucoes\/monitoramento-de-midia-broadcast\/\" rel=\"category tag\">Monitoramento de M\u00eddia - Broadcast<\/a>            <\/span>\n\n                            <div><\/div>\n                    <\/div>\n\n    \t\t\t\t<\/div>\n\t\t\t<\/div>\n\n\t\t<\/div>\n\t<\/article>\n\n\n\n\t<article id=\"post-14290\" class=\"post-item post-14290 post type-post status-publish format-standard has-post-thumbnail hentry category-governo category-transcricao-br tag-audimus-server-br tag-machine-learning\">\n\t\t<div class=\"post-container\">\n\t\t\t\n\t\t\t<div class=\"post-meta-thumb\">\n\t\t\t\t<img loading=\"lazy\" decoding=\"async\" width=\"280\" height=\"189\" src=\"https:\/\/voice-interaction.com\/tmp-web\/wp-content\/uploads\/2018\/02\/VI-news-Jan18-01-e1519817591343.jpg\" class=\"attachment-large size-large wp-post-image\" alt=\"\" \/>\t\t\t\t\n        <div class=\"sh-overlay-style1\">\n            <div class=\"sh-table-full\">\n                                    <a href=\"https:\/\/voice-interaction.com\/tmp-web\/br\/solucoes-para-area-do-governo-com-tecnologia-de-machine-learning\/\" class=\"sh-overlay-item sh-table-cell\" title=\"Open the article - Solu\u00e7\u00f5es para \u00e1rea govermamental com tecnologia de machine learning\">\n                        <div class=\"sh-overlay-item-container\">\n                            <i class=\"icon-link\"><\/i>\n                        <\/div>\n                    <\/a>\n                \n                                    <a href=\"https:\/\/voice-interaction.com\/tmp-web\/wp-content\/uploads\/2018\/02\/VI-news-Jan18-01-e1519817591343.jpg\" class=\"sh-overlay-item sh-table-cell\" data-rel=\"lightcase\">\n                        <div class=\"sh-overlay-item-container\">\n                            <i class=\"icon-magnifier-add\"><\/i>\n                        <\/div>\n                    <\/a>\n                            <\/div>\n        <\/div>\n\n    \t\t\t<\/div>\n\n\t\t\t<div class=\"post-content-container\">\n\t\t\t\t<a href=\"https:\/\/voice-interaction.com\/tmp-web\/br\/solucoes-para-area-do-governo-com-tecnologia-de-machine-learning\/\" class=\"post-title\">\n\t\t\t\t\t<h2>\n\t\t\t\t\t\t\t\t\t\t\t\tSolu\u00e7\u00f5es para \u00e1rea govermamental com tecnologia de machine learning\t\t\t\t\t<\/h2>\n\t\t\t\t<\/a>\n\n\t\t\t\t<div class=\"post-meta post-meta-one\">\n\t\t\t\t\t\n        <span class=\"post-meta-author\">\n            by            <a href=\"https:\/\/voice-interaction.com\/tmp-web\/br\/author\/ritaferreira\/\" class=\"bypostauthor\" itemprop=\"url\" rel=\"author\">\n                ritaferreira            <\/a>\n        <\/span>\n\n                    <time class=\"updated semantic\" itemprop=\"dateModified\" datetime=\"2018-03-06T14:40:16+00:00\"><\/time>\n            <a href=\"https:\/\/voice-interaction.com\/tmp-web\/br\/solucoes-para-area-do-governo-com-tecnologia-de-machine-learning\/\" class=\"post-meta-date sh-default-color\">mar\u00e7o 4, 2018<\/a>\n        \n    \t\t\t\t<\/div>\n\n\t\t\t\t<div class=\"post-content\">\n\t\t\t\t\t<p>Segundo a legisla\u00e7\u00e3o em vigor, parlamentos, c\u00e2maras municipais t\u00eam que disponibilizar para consulta p\u00fablica as transcri\u00e7\u00f5es&#8230;<\/p>\n\t\t\t\t<\/div>\n\n\t\t\t\t<div class=\"post-meta post-meta-two\">\n\t\t\t\t\t\n        <div class=\"sh-columns post-meta-comments\">\n            <span class=\"post-meta-categories\">\n                <i class=\"icon-tag\"><\/i>\n                <a href=\"https:\/\/voice-interaction.com\/tmp-web\/br\/category\/industrias_br\/governo\/\" rel=\"category tag\">Governo<\/a>, <a href=\"https:\/\/voice-interaction.com\/tmp-web\/br\/category\/solucoes\/transcricao-br\/\" rel=\"category tag\">Transcri\u00e7\u00e3o<\/a>            <\/span>\n\n                            <div><\/div>\n                    <\/div>\n\n    \t\t\t\t<\/div>\n\t\t\t<\/div>\n\n\t\t<\/div>\n\t<\/article>\n\n\n\n\t<article id=\"post-14292\" class=\"post-item post-14292 post type-post status-publish format-standard has-post-thumbnail hentry category-speech-analytics-br tag-call-scriber\">\n\t\t<div class=\"post-container\">\n\t\t\t\n\t\t\t<div class=\"post-meta-thumb\">\n\t\t\t\t<img loading=\"lazy\" decoding=\"async\" width=\"280\" height=\"189\" src=\"https:\/\/voice-interaction.com\/tmp-web\/wp-content\/uploads\/2018\/02\/VI-news-Jan18-03-e1519816051253.jpg\" class=\"attachment-large size-large wp-post-image\" alt=\"\" \/>\t\t\t\t\n        <div class=\"sh-overlay-style1\">\n            <div class=\"sh-table-full\">\n                                    <a href=\"https:\/\/voice-interaction.com\/tmp-web\/br\/speech-analytics-aplicado-a-area-da-seguranca\/\" class=\"sh-overlay-item sh-table-cell\" title=\"Open the article - Speech Analytics aplicado \u00e0 \u00e1rea da seguran\u00e7a\">\n                        <div class=\"sh-overlay-item-container\">\n                            <i class=\"icon-link\"><\/i>\n                        <\/div>\n                    <\/a>\n                \n                                    <a href=\"https:\/\/voice-interaction.com\/tmp-web\/wp-content\/uploads\/2018\/02\/VI-news-Jan18-03-e1519816051253.jpg\" class=\"sh-overlay-item sh-table-cell\" data-rel=\"lightcase\">\n                        <div class=\"sh-overlay-item-container\">\n                            <i class=\"icon-magnifier-add\"><\/i>\n                        <\/div>\n                    <\/a>\n                            <\/div>\n        <\/div>\n\n    \t\t\t<\/div>\n\n\t\t\t<div class=\"post-content-container\">\n\t\t\t\t<a href=\"https:\/\/voice-interaction.com\/tmp-web\/br\/speech-analytics-aplicado-a-area-da-seguranca\/\" class=\"post-title\">\n\t\t\t\t\t<h2>\n\t\t\t\t\t\t\t\t\t\t\t\tSpeech Analytics aplicado \u00e0 \u00e1rea da seguran\u00e7a\t\t\t\t\t<\/h2>\n\t\t\t\t<\/a>\n\n\t\t\t\t<div class=\"post-meta post-meta-one\">\n\t\t\t\t\t\n        <span class=\"post-meta-author\">\n            by            <a href=\"https:\/\/voice-interaction.com\/tmp-web\/br\/author\/ritaferreira\/\" class=\"bypostauthor\" itemprop=\"url\" rel=\"author\">\n                ritaferreira            <\/a>\n        <\/span>\n\n                    <time class=\"updated semantic\" itemprop=\"dateModified\" datetime=\"2018-03-05T17:19:43+00:00\"><\/time>\n            <a href=\"https:\/\/voice-interaction.com\/tmp-web\/br\/speech-analytics-aplicado-a-area-da-seguranca\/\" class=\"post-meta-date sh-default-color\">mar\u00e7o 4, 2018<\/a>\n        \n    \t\t\t\t<\/div>\n\n\t\t\t\t<div class=\"post-content\">\n\t\t\t\t\t<p>As solu\u00e7\u00f5es da VoiceInteraction na \u00e1rea de seguran\u00e7a assentam num forte background em tecnologia ASR (reconhecimento&#8230;<\/p>\n\t\t\t\t<\/div>\n\n\t\t\t\t<div class=\"post-meta post-meta-two\">\n\t\t\t\t\t\n        <div class=\"sh-columns post-meta-comments\">\n            <span class=\"post-meta-categories\">\n                <i class=\"icon-tag\"><\/i>\n                <a href=\"https:\/\/voice-interaction.com\/tmp-web\/br\/category\/solucoes\/speech-analytics-br\/\" rel=\"category tag\">Speech Analytics<\/a>            <\/span>\n\n                            <div><\/div>\n                    <\/div>\n\n    \t\t\t\t<\/div>\n\t\t\t<\/div>\n\n\t\t<\/div>\n\t<\/article>\n\n\n\n\t<article id=\"post-14315\" class=\"post-item post-14315 post type-post status-publish format-standard has-post-thumbnail hentry category-broadcast-midia category-legendagem tag-audimus-media-br\">\n\t\t<div class=\"post-container\">\n\t\t\t\n\t\t\t<div class=\"post-meta-thumb\">\n\t\t\t\t<img loading=\"lazy\" decoding=\"async\" width=\"280\" height=\"189\" src=\"https:\/\/voice-interaction.com\/tmp-web\/wp-content\/uploads\/2018\/02\/VI-news-Jan18-02-e1519818030764.jpg\" class=\"attachment-large size-large wp-post-image\" alt=\"\" \/>\t\t\t\t\n        <div class=\"sh-overlay-style1\">\n            <div class=\"sh-table-full\">\n                                    <a href=\"https:\/\/voice-interaction.com\/tmp-web\/br\/audimus-media-tem-novos-adeptos-no-brasil-e-eua\/\" class=\"sh-overlay-item sh-table-cell\" title=\"Open the article - Audimus.Media com novos adeptos no Brasil e EUA\">\n                        <div class=\"sh-overlay-item-container\">\n                            <i class=\"icon-link\"><\/i>\n                        <\/div>\n                    <\/a>\n                \n                                    <a href=\"https:\/\/voice-interaction.com\/tmp-web\/wp-content\/uploads\/2018\/02\/VI-news-Jan18-02-e1519818030764.jpg\" class=\"sh-overlay-item sh-table-cell\" data-rel=\"lightcase\">\n                        <div class=\"sh-overlay-item-container\">\n                            <i class=\"icon-magnifier-add\"><\/i>\n                        <\/div>\n                    <\/a>\n                            <\/div>\n        <\/div>\n\n    \t\t\t<\/div>\n\n\t\t\t<div class=\"post-content-container\">\n\t\t\t\t<a href=\"https:\/\/voice-interaction.com\/tmp-web\/br\/audimus-media-tem-novos-adeptos-no-brasil-e-eua\/\" class=\"post-title\">\n\t\t\t\t\t<h2>\n\t\t\t\t\t\t\t\t\t\t\t\tAudimus.Media com novos adeptos no Brasil e EUA\t\t\t\t\t<\/h2>\n\t\t\t\t<\/a>\n\n\t\t\t\t<div class=\"post-meta post-meta-one\">\n\t\t\t\t\t\n        <span class=\"post-meta-author\">\n            by            <a href=\"https:\/\/voice-interaction.com\/tmp-web\/br\/author\/ritaferreira\/\" class=\"bypostauthor\" itemprop=\"url\" rel=\"author\">\n                ritaferreira            <\/a>\n        <\/span>\n\n                    <time class=\"updated semantic\" itemprop=\"dateModified\" datetime=\"2018-03-07T15:24:41+00:00\"><\/time>\n            <a href=\"https:\/\/voice-interaction.com\/tmp-web\/br\/audimus-media-tem-novos-adeptos-no-brasil-e-eua\/\" class=\"post-meta-date sh-default-color\">mar\u00e7o 4, 2018<\/a>\n        \n    \t\t\t\t<\/div>\n\n\t\t\t\t<div class=\"post-content\">\n\t\t\t\t\t<p>A VoiceInteraction come\u00e7ou o ano em boa forma, com novas adi\u00e7\u00f5es ao seu portef\u00f3lio de clientes:\u00a0TV&#8230;<\/p>\n\t\t\t\t<\/div>\n\n\t\t\t\t<div class=\"post-meta post-meta-two\">\n\t\t\t\t\t\n        <div class=\"sh-columns post-meta-comments\">\n            <span class=\"post-meta-categories\">\n                <i class=\"icon-tag\"><\/i>\n                <a href=\"https:\/\/voice-interaction.com\/tmp-web\/br\/category\/industrias_br\/broadcast-midia\/\" rel=\"category tag\">Broadcast &amp; M\u00eddia<\/a>, <a href=\"https:\/\/voice-interaction.com\/tmp-web\/br\/category\/solucoes\/legendagem\/\" rel=\"category tag\">Legendagem<\/a>            <\/span>\n\n                            <div><\/div>\n                    <\/div>\n\n    \t\t\t\t<\/div>\n\t\t\t<\/div>\n\n\t\t<\/div>\n\t<\/article>\n\n\n\n\t<article id=\"post-13548\" class=\"post-item post-13548 post type-post status-publish format-standard has-post-thumbnail hentry category-noticias-empresa tag-noticias-br\">\n\t\t<div class=\"post-container\">\n\t\t\t\n\t\t\t<div class=\"post-meta-thumb\">\n\t\t\t\t<img loading=\"lazy\" decoding=\"async\" width=\"800\" height=\"375\" src=\"https:\/\/voice-interaction.com\/tmp-web\/wp-content\/uploads\/2018\/01\/vi-homepage-br-1.jpg\" class=\"attachment-large size-large wp-post-image\" alt=\"\" srcset=\"https:\/\/voice-interaction.com\/tmp-web\/wp-content\/uploads\/2018\/01\/vi-homepage-br-1.jpg 800w, https:\/\/voice-interaction.com\/tmp-web\/wp-content\/uploads\/2018\/01\/vi-homepage-br-1-300x141.jpg 300w, https:\/\/voice-interaction.com\/tmp-web\/wp-content\/uploads\/2018\/01\/vi-homepage-br-1-768x360.jpg 768w\" sizes=\"auto, (max-width: 800px) 100vw, 800px\" \/>\t\t\t\t\n        <div class=\"sh-overlay-style1\">\n            <div class=\"sh-table-full\">\n                                    <a href=\"https:\/\/voice-interaction.com\/tmp-web\/br\/celebramos-a-chegada-de-2018-com-um-novo-website\/\" class=\"sh-overlay-item sh-table-cell\" title=\"Open the article - Celebramos a chegada de 2018 com um novo website\">\n                        <div class=\"sh-overlay-item-container\">\n                            <i class=\"icon-link\"><\/i>\n                        <\/div>\n                    <\/a>\n                \n                                    <a href=\"https:\/\/voice-interaction.com\/tmp-web\/wp-content\/uploads\/2018\/01\/vi-homepage-br-1.jpg\" class=\"sh-overlay-item sh-table-cell\" data-rel=\"lightcase\">\n                        <div class=\"sh-overlay-item-container\">\n                            <i class=\"icon-magnifier-add\"><\/i>\n                        <\/div>\n                    <\/a>\n                            <\/div>\n        <\/div>\n\n    \t\t\t<\/div>\n\n\t\t\t<div class=\"post-content-container\">\n\t\t\t\t<a href=\"https:\/\/voice-interaction.com\/tmp-web\/br\/celebramos-a-chegada-de-2018-com-um-novo-website\/\" class=\"post-title\">\n\t\t\t\t\t<h2>\n\t\t\t\t\t\t\t\t\t\t\t\tCelebramos a chegada de 2018 com um novo website\t\t\t\t\t<\/h2>\n\t\t\t\t<\/a>\n\n\t\t\t\t<div class=\"post-meta post-meta-one\">\n\t\t\t\t\t\n        <span class=\"post-meta-author\">\n            by            <a href=\"https:\/\/voice-interaction.com\/tmp-web\/br\/author\/ritaferreira\/\" class=\"bypostauthor\" itemprop=\"url\" rel=\"author\">\n                ritaferreira            <\/a>\n        <\/span>\n\n                    <time class=\"updated semantic\" itemprop=\"dateModified\" datetime=\"2018-01-05T14:21:09+00:00\"><\/time>\n            <a href=\"https:\/\/voice-interaction.com\/tmp-web\/br\/celebramos-a-chegada-de-2018-com-um-novo-website\/\" class=\"post-meta-date sh-default-color\">janeiro 5, 2018<\/a>\n        \n    \t\t\t\t<\/div>\n\n\t\t\t\t<div class=\"post-content\">\n\t\t\t\t\t<p>Seja bem vindo ao novo site da VoiceInteraction! Tendo em visto os grandes desafios nacionais e&#8230;<\/p>\n\t\t\t\t<\/div>\n\n\t\t\t\t<div class=\"post-meta post-meta-two\">\n\t\t\t\t\t\n        <div class=\"sh-columns post-meta-comments\">\n            <span class=\"post-meta-categories\">\n                <i class=\"icon-tag\"><\/i>\n                <a href=\"https:\/\/voice-interaction.com\/tmp-web\/br\/category\/empresa\/noticias-empresa\/\" rel=\"category tag\">Not\u00edcias Empresa<\/a>            <\/span>\n\n                            <div><\/div>\n                    <\/div>\n\n    \t\t\t\t<\/div>\n\t\t\t<\/div>\n\n\t\t<\/div>\n\t<\/article>\n\n\n\n\t<article id=\"post-13406\" class=\"post-item post-13406 post type-post status-publish format-standard has-post-thumbnail hentry category-legendagem tag-audimus-media-br tag-noticias-br\">\n\t\t<div class=\"post-container\">\n\t\t\t\n\t\t\t<div class=\"post-meta-thumb\">\n\t\t\t\t<img loading=\"lazy\" decoding=\"async\" width=\"260\" height=\"176\" src=\"https:\/\/voice-interaction.com\/tmp-web\/wp-content\/uploads\/2017\/12\/VI-news-Nov17-02-e1513186699890.jpg\" class=\"attachment-large size-large wp-post-image\" alt=\"\" \/>\t\t\t\t\n        <div class=\"sh-overlay-style1\">\n            <div class=\"sh-table-full\">\n                                    <a href=\"https:\/\/voice-interaction.com\/tmp-web\/br\/nova-versao-do-audimus-media-e-um-sucesso-no-brasil\/\" class=\"sh-overlay-item sh-table-cell\" title=\"Open the article - Audimus.Media \u00e9 um sucesso no Brasil\">\n                        <div class=\"sh-overlay-item-container\">\n                            <i class=\"icon-link\"><\/i>\n                        <\/div>\n                    <\/a>\n                \n                                    <a href=\"https:\/\/voice-interaction.com\/tmp-web\/wp-content\/uploads\/2017\/12\/VI-news-Nov17-02-e1513186699890.jpg\" class=\"sh-overlay-item sh-table-cell\" data-rel=\"lightcase\">\n                        <div class=\"sh-overlay-item-container\">\n                            <i class=\"icon-magnifier-add\"><\/i>\n                        <\/div>\n                    <\/a>\n                            <\/div>\n        <\/div>\n\n    \t\t\t<\/div>\n\n\t\t\t<div class=\"post-content-container\">\n\t\t\t\t<a href=\"https:\/\/voice-interaction.com\/tmp-web\/br\/nova-versao-do-audimus-media-e-um-sucesso-no-brasil\/\" class=\"post-title\">\n\t\t\t\t\t<h2>\n\t\t\t\t\t\t\t\t\t\t\t\tAudimus.Media \u00e9 um sucesso no Brasil\t\t\t\t\t<\/h2>\n\t\t\t\t<\/a>\n\n\t\t\t\t<div class=\"post-meta post-meta-one\">\n\t\t\t\t\t\n        <span class=\"post-meta-author\">\n            by            <a href=\"https:\/\/voice-interaction.com\/tmp-web\/br\/author\/ritaferreira\/\" class=\"bypostauthor\" itemprop=\"url\" rel=\"author\">\n                ritaferreira            <\/a>\n        <\/span>\n\n                    <time class=\"updated semantic\" itemprop=\"dateModified\" datetime=\"2018-01-04T11:48:12+00:00\"><\/time>\n            <a href=\"https:\/\/voice-interaction.com\/tmp-web\/br\/nova-versao-do-audimus-media-e-um-sucesso-no-brasil\/\" class=\"post-meta-date sh-default-color\">dezembro 13, 2017<\/a>\n        \n    \t\t\t\t<\/div>\n\n\t\t\t\t<div class=\"post-content\">\n\t\t\t\t\t<p>A nova vers\u00e3o do sistema Audimus.Media tem se imposto como produto, ao contr\u00e1rio de outras solu\u00e7\u00f5es&#8230;<\/p>\n\t\t\t\t<\/div>\n\n\t\t\t\t<div class=\"post-meta post-meta-two\">\n\t\t\t\t\t\n        <div class=\"sh-columns post-meta-comments\">\n            <span class=\"post-meta-categories\">\n                <i class=\"icon-tag\"><\/i>\n                <a href=\"https:\/\/voice-interaction.com\/tmp-web\/br\/category\/solucoes\/legendagem\/\" rel=\"category tag\">Legendagem<\/a>            <\/span>\n\n                            <div><\/div>\n                    <\/div>\n\n    \t\t\t\t<\/div>\n\t\t\t<\/div>\n\n\t\t<\/div>\n\t<\/article>\n\n\n\n\t<article id=\"post-13392\" class=\"post-item post-13392 post type-post status-publish format-standard has-post-thumbnail hentry category-eventos-br category-legendagem category-noticias-empresa tag-audimus-media-br tag-espanhol tag-noticias-br\">\n\t\t<div class=\"post-container\">\n\t\t\t\n\t\t\t<div class=\"post-meta-thumb\">\n\t\t\t\t<img loading=\"lazy\" decoding=\"async\" width=\"260\" height=\"176\" src=\"https:\/\/voice-interaction.com\/tmp-web\/wp-content\/uploads\/2017\/12\/VI-news-Nov17-03-e1513181826971.jpg\" class=\"attachment-large size-large wp-post-image\" alt=\"\" \/>\t\t\t\t\n        <div class=\"sh-overlay-style1\">\n            <div class=\"sh-table-full\">\n                                    <a href=\"https:\/\/voice-interaction.com\/tmp-web\/br\/voiceinteraction-em-crescimento-nos-eua\/\" class=\"sh-overlay-item sh-table-cell\" title=\"Open the article - VoiceInteraction em crescimento nos EUA\">\n                        <div class=\"sh-overlay-item-container\">\n                            <i class=\"icon-link\"><\/i>\n                        <\/div>\n                    <\/a>\n                \n                                    <a href=\"https:\/\/voice-interaction.com\/tmp-web\/wp-content\/uploads\/2017\/12\/VI-news-Nov17-03-e1513181826971.jpg\" class=\"sh-overlay-item sh-table-cell\" data-rel=\"lightcase\">\n                        <div class=\"sh-overlay-item-container\">\n                            <i class=\"icon-magnifier-add\"><\/i>\n                        <\/div>\n                    <\/a>\n                            <\/div>\n        <\/div>\n\n    \t\t\t<\/div>\n\n\t\t\t<div class=\"post-content-container\">\n\t\t\t\t<a href=\"https:\/\/voice-interaction.com\/tmp-web\/br\/voiceinteraction-em-crescimento-nos-eua\/\" class=\"post-title\">\n\t\t\t\t\t<h2>\n\t\t\t\t\t\t\t\t\t\t\t\tVoiceInteraction em crescimento nos EUA\t\t\t\t\t<\/h2>\n\t\t\t\t<\/a>\n\n\t\t\t\t<div class=\"post-meta post-meta-one\">\n\t\t\t\t\t\n        <span class=\"post-meta-author\">\n            by            <a href=\"https:\/\/voice-interaction.com\/tmp-web\/br\/author\/ritaferreira\/\" class=\"bypostauthor\" itemprop=\"url\" rel=\"author\">\n                ritaferreira            <\/a>\n        <\/span>\n\n                    <time class=\"updated semantic\" itemprop=\"dateModified\" datetime=\"2018-01-05T18:09:13+00:00\"><\/time>\n            <a href=\"https:\/\/voice-interaction.com\/tmp-web\/br\/voiceinteraction-em-crescimento-nos-eua\/\" class=\"post-meta-date sh-default-color\">dezembro 13, 2017<\/a>\n        \n    \t\t\t\t<\/div>\n\n\t\t\t\t<div class=\"post-content\">\n\t\t\t\t\t<p>A participa\u00e7\u00e3o da VoiceInteraction na NAB Show Nova York e na Video Week teve resultados bastante&#8230;<\/p>\n\t\t\t\t<\/div>\n\n\t\t\t\t<div class=\"post-meta post-meta-two\">\n\t\t\t\t\t\n        <div class=\"sh-columns post-meta-comments\">\n            <span class=\"post-meta-categories\">\n                <i class=\"icon-tag\"><\/i>\n                <a href=\"https:\/\/voice-interaction.com\/tmp-web\/br\/category\/empresa\/eventos-br\/\" rel=\"category tag\">Eventos<\/a>, <a href=\"https:\/\/voice-interaction.com\/tmp-web\/br\/category\/solucoes\/legendagem\/\" rel=\"category tag\">Legendagem<\/a>, <a href=\"https:\/\/voice-interaction.com\/tmp-web\/br\/category\/empresa\/noticias-empresa\/\" rel=\"category tag\">Not\u00edcias Empresa<\/a>            <\/span>\n\n                            <div><\/div>\n                    <\/div>\n\n    \t\t\t\t<\/div>\n\t\t\t<\/div>\n\n\t\t<\/div>\n\t<\/article>\n\n\n\n\t<article id=\"post-13455\" class=\"post-item post-13455 post type-post status-publish format-standard has-post-thumbnail hentry category-empresarial-br category-speech-analytics-br\">\n\t\t<div class=\"post-container\">\n\t\t\t\n\t\t\t<div class=\"post-meta-thumb\">\n\t\t\t\t<img loading=\"lazy\" decoding=\"async\" width=\"260\" height=\"176\" src=\"https:\/\/voice-interaction.com\/tmp-web\/wp-content\/uploads\/2017\/12\/VI-news-Nov17-06-e1513189462917.jpg\" class=\"attachment-large size-large wp-post-image\" alt=\"\" \/>\t\t\t\t\n        <div class=\"sh-overlay-style1\">\n            <div class=\"sh-table-full\">\n                                    <a href=\"https:\/\/voice-interaction.com\/tmp-web\/br\/speech-analytics\/\" class=\"sh-overlay-item sh-table-cell\" title=\"Open the article - O que o reconhecimento de fala pode fazer pelo seu call center\">\n                        <div class=\"sh-overlay-item-container\">\n                            <i class=\"icon-link\"><\/i>\n                        <\/div>\n                    <\/a>\n                \n                                    <a href=\"https:\/\/voice-interaction.com\/tmp-web\/wp-content\/uploads\/2017\/12\/VI-news-Nov17-06-e1513189462917.jpg\" class=\"sh-overlay-item sh-table-cell\" data-rel=\"lightcase\">\n                        <div class=\"sh-overlay-item-container\">\n                            <i class=\"icon-magnifier-add\"><\/i>\n                        <\/div>\n                    <\/a>\n                            <\/div>\n        <\/div>\n\n    \t\t\t<\/div>\n\n\t\t\t<div class=\"post-content-container\">\n\t\t\t\t<a href=\"https:\/\/voice-interaction.com\/tmp-web\/br\/speech-analytics\/\" class=\"post-title\">\n\t\t\t\t\t<h2>\n\t\t\t\t\t\t\t\t\t\t\t\tO que o reconhecimento de fala pode fazer pelo seu call center\t\t\t\t\t<\/h2>\n\t\t\t\t<\/a>\n\n\t\t\t\t<div class=\"post-meta post-meta-one\">\n\t\t\t\t\t\n        <span class=\"post-meta-author\">\n            by            <a href=\"https:\/\/voice-interaction.com\/tmp-web\/br\/author\/ritaferreira\/\" class=\"bypostauthor\" itemprop=\"url\" rel=\"author\">\n                ritaferreira            <\/a>\n        <\/span>\n\n                    <time class=\"updated semantic\" itemprop=\"dateModified\" datetime=\"2018-01-05T14:38:55+00:00\"><\/time>\n            <a href=\"https:\/\/voice-interaction.com\/tmp-web\/br\/speech-analytics\/\" class=\"post-meta-date sh-default-color\">dezembro 13, 2017<\/a>\n        \n    \t\t\t\t<\/div>\n\n\t\t\t\t<div class=\"post-content\">\n\t\t\t\t\t<p>As nossas solu\u00e7\u00f5es para call centers assentam num forte background em tecnologia ASR (reconhecimento autom\u00e1tico de&#8230;<\/p>\n\t\t\t\t<\/div>\n\n\t\t\t\t<div class=\"post-meta post-meta-two\">\n\t\t\t\t\t\n        <div class=\"sh-columns post-meta-comments\">\n            <span class=\"post-meta-categories\">\n                <i class=\"icon-tag\"><\/i>\n                <a href=\"https:\/\/voice-interaction.com\/tmp-web\/br\/category\/industrias_br\/empresarial-br\/\" rel=\"category tag\">Empresarial<\/a>, <a href=\"https:\/\/voice-interaction.com\/tmp-web\/br\/category\/solucoes\/speech-analytics-br\/\" rel=\"category tag\">Speech Analytics<\/a>            <\/span>\n\n                            <div><\/div>\n                    <\/div>\n\n    \t\t\t\t<\/div>\n\t\t\t<\/div>\n\n\t\t<\/div>\n\t<\/article>\n\n\n\n\t<article id=\"post-13097\" class=\"post-item post-13097 post type-post status-publish format-standard has-post-thumbnail hentry category-broadcast-midia category-eventos-br tag-nab-br tag-noticias-br\">\n\t\t<div class=\"post-container\">\n\t\t\t\n\t\t\t<div class=\"post-meta-thumb\">\n\t\t\t\t<img loading=\"lazy\" decoding=\"async\" width=\"1024\" height=\"425\" src=\"https:\/\/voice-interaction.com\/tmp-web\/wp-content\/uploads\/2017\/10\/voiceinteraction-NABShow-NY-2017_02-1-1024x425.png\" class=\"attachment-large size-large wp-post-image\" alt=\"\" srcset=\"https:\/\/voice-interaction.com\/tmp-web\/wp-content\/uploads\/2017\/10\/voiceinteraction-NABShow-NY-2017_02-1-1024x425.png 1024w, https:\/\/voice-interaction.com\/tmp-web\/wp-content\/uploads\/2017\/10\/voiceinteraction-NABShow-NY-2017_02-1-300x125.png 300w, https:\/\/voice-interaction.com\/tmp-web\/wp-content\/uploads\/2017\/10\/voiceinteraction-NABShow-NY-2017_02-1-768x319.png 768w, https:\/\/voice-interaction.com\/tmp-web\/wp-content\/uploads\/2017\/10\/voiceinteraction-NABShow-NY-2017_02-1-e1510933434880.png 260w\" sizes=\"auto, (max-width: 1024px) 100vw, 1024px\" \/>\t\t\t\t\n        <div class=\"sh-overlay-style1\">\n            <div class=\"sh-table-full\">\n                                    <a href=\"https:\/\/voice-interaction.com\/tmp-web\/br\/nab-show-nova-york\/\" class=\"sh-overlay-item sh-table-cell\" title=\"Open the article - Venha visitar-nos na NAB Show Nova York\">\n                        <div class=\"sh-overlay-item-container\">\n                            <i class=\"icon-link\"><\/i>\n                        <\/div>\n                    <\/a>\n                \n                                    <a href=\"https:\/\/voice-interaction.com\/tmp-web\/wp-content\/uploads\/2017\/10\/voiceinteraction-NABShow-NY-2017_02-1-1024x425.png\" class=\"sh-overlay-item sh-table-cell\" data-rel=\"lightcase\">\n                        <div class=\"sh-overlay-item-container\">\n                            <i class=\"icon-magnifier-add\"><\/i>\n                        <\/div>\n                    <\/a>\n                            <\/div>\n        <\/div>\n\n    \t\t\t<\/div>\n\n\t\t\t<div class=\"post-content-container\">\n\t\t\t\t<a href=\"https:\/\/voice-interaction.com\/tmp-web\/br\/nab-show-nova-york\/\" class=\"post-title\">\n\t\t\t\t\t<h2>\n\t\t\t\t\t\t\t\t\t\t\t\tVenha visitar-nos na NAB Show Nova York\t\t\t\t\t<\/h2>\n\t\t\t\t<\/a>\n\n\t\t\t\t<div class=\"post-meta post-meta-one\">\n\t\t\t\t\t\n        <span class=\"post-meta-author\">\n            by            <a href=\"https:\/\/voice-interaction.com\/tmp-web\/br\/author\/ritaferreira\/\" class=\"bypostauthor\" itemprop=\"url\" rel=\"author\">\n                ritaferreira            <\/a>\n        <\/span>\n\n                    <time class=\"updated semantic\" itemprop=\"dateModified\" datetime=\"2017-11-17T15:48:04+00:00\"><\/time>\n            <a href=\"https:\/\/voice-interaction.com\/tmp-web\/br\/nab-show-nova-york\/\" class=\"post-meta-date sh-default-color\">novembro 17, 2017<\/a>\n        \n    \t\t\t\t<\/div>\n\n\t\t\t\t<div class=\"post-content\">\n\t\t\t\t\t<p>A VoiceInteraction marca presen\u00e7a em mais uma edi\u00e7\u00e3o do evento NABShow New\u00a0York, a decorrer no centro&#8230;<\/p>\n\t\t\t\t<\/div>\n\n\t\t\t\t<div class=\"post-meta post-meta-two\">\n\t\t\t\t\t\n        <div class=\"sh-columns post-meta-comments\">\n            <span class=\"post-meta-categories\">\n                <i class=\"icon-tag\"><\/i>\n                <a href=\"https:\/\/voice-interaction.com\/tmp-web\/br\/category\/industrias_br\/broadcast-midia\/\" rel=\"category tag\">Broadcast &amp; M\u00eddia<\/a>, <a href=\"https:\/\/voice-interaction.com\/tmp-web\/br\/category\/empresa\/eventos-br\/\" rel=\"category tag\">Eventos<\/a>            <\/span>\n\n                            <div><\/div>\n                    <\/div>\n\n    \t\t\t\t<\/div>\n\t\t\t<\/div>\n\n\t\t<\/div>\n\t<\/article>\n\n\n\n\t<article id=\"post-12897\" class=\"post-item post-12897 post type-post status-publish format-standard has-post-thumbnail hentry category-broadcast-midia category-eventos-br tag-ibc-br\">\n\t\t<div class=\"post-container\">\n\t\t\t\n\t\t\t<div class=\"post-meta-thumb\">\n\t\t\t\t<img loading=\"lazy\" decoding=\"async\" width=\"280\" height=\"130\" src=\"https:\/\/voice-interaction.com\/tmp-web\/wp-content\/uploads\/2017\/10\/vi-banner-thankyou-IBC-2017-e1519664097264.jpg\" class=\"attachment-large size-large wp-post-image\" alt=\"\" \/>\t\t\t\t\n        <div class=\"sh-overlay-style1\">\n            <div class=\"sh-table-full\">\n                                    <a href=\"https:\/\/voice-interaction.com\/tmp-web\/br\/obrigada-a-todos-os-que-nos-visitaram-na-ibc-2017\/\" class=\"sh-overlay-item sh-table-cell\" title=\"Open the article - Obrigada a todos os que nos visitaram na IBC 2017\">\n                        <div class=\"sh-overlay-item-container\">\n                            <i class=\"icon-link\"><\/i>\n                        <\/div>\n                    <\/a>\n                \n                                    <a href=\"https:\/\/voice-interaction.com\/tmp-web\/wp-content\/uploads\/2017\/10\/vi-banner-thankyou-IBC-2017-e1519664097264.jpg\" class=\"sh-overlay-item sh-table-cell\" data-rel=\"lightcase\">\n                        <div class=\"sh-overlay-item-container\">\n                            <i class=\"icon-magnifier-add\"><\/i>\n                        <\/div>\n                    <\/a>\n                            <\/div>\n        <\/div>\n\n    \t\t\t<\/div>\n\n\t\t\t<div class=\"post-content-container\">\n\t\t\t\t<a href=\"https:\/\/voice-interaction.com\/tmp-web\/br\/obrigada-a-todos-os-que-nos-visitaram-na-ibc-2017\/\" class=\"post-title\">\n\t\t\t\t\t<h2>\n\t\t\t\t\t\t\t\t\t\t\t\tObrigada a todos os que nos visitaram na IBC 2017\t\t\t\t\t<\/h2>\n\t\t\t\t<\/a>\n\n\t\t\t\t<div class=\"post-meta post-meta-one\">\n\t\t\t\t\t\n        <span class=\"post-meta-author\">\n            by            <a href=\"https:\/\/voice-interaction.com\/tmp-web\/br\/author\/ritaferreira\/\" class=\"bypostauthor\" itemprop=\"url\" rel=\"author\">\n                ritaferreira            <\/a>\n        <\/span>\n\n                    <time class=\"updated semantic\" itemprop=\"dateModified\" datetime=\"2017-11-16T18:01:16+00:00\"><\/time>\n            <a href=\"https:\/\/voice-interaction.com\/tmp-web\/br\/obrigada-a-todos-os-que-nos-visitaram-na-ibc-2017\/\" class=\"post-meta-date sh-default-color\">setembro 22, 2017<\/a>\n        \n    \t\t\t\t<\/div>\n\n\t\t\t\t<div class=\"post-content\">\n\t\t\t\t\t<p>Reveja a participa\u00e7\u00e3o da VoiceInteraction no evento: &nbsp; &nbsp; N\u00f3s ajudamos com os pr\u00f3ximos passos: Conhe\u00e7a&#8230;<\/p>\n\t\t\t\t<\/div>\n\n\t\t\t\t<div class=\"post-meta post-meta-two\">\n\t\t\t\t\t\n        <div class=\"sh-columns post-meta-comments\">\n            <span class=\"post-meta-categories\">\n                <i class=\"icon-tag\"><\/i>\n                <a href=\"https:\/\/voice-interaction.com\/tmp-web\/br\/category\/industrias_br\/broadcast-midia\/\" rel=\"category tag\">Broadcast &amp; M\u00eddia<\/a>, <a href=\"https:\/\/voice-interaction.com\/tmp-web\/br\/category\/empresa\/eventos-br\/\" rel=\"category tag\">Eventos<\/a>            <\/span>\n\n                            <div><\/div>\n                    <\/div>\n\n    \t\t\t\t<\/div>\n\t\t\t<\/div>\n\n\t\t<\/div>\n\t<\/article>\n\n\n\n\t<article id=\"post-3358\" class=\"post-item post-3358 post type-post status-publish format-standard has-post-thumbnail hentry category-broadcast-midia category-eventos-br tag-ibc-br\">\n\t\t<div class=\"post-container\">\n\t\t\t\n\t\t\t<div class=\"post-meta-thumb\">\n\t\t\t\t<img loading=\"lazy\" decoding=\"async\" width=\"900\" height=\"320\" src=\"https:\/\/voice-interaction.com\/tmp-web\/wp-content\/uploads\/2017\/09\/VI-IBC-2017_banner-site_PT-1.png\" class=\"attachment-large size-large wp-post-image\" alt=\"\" srcset=\"https:\/\/voice-interaction.com\/tmp-web\/wp-content\/uploads\/2017\/09\/VI-IBC-2017_banner-site_PT-1.png 900w, https:\/\/voice-interaction.com\/tmp-web\/wp-content\/uploads\/2017\/09\/VI-IBC-2017_banner-site_PT-1-300x107.png 300w, https:\/\/voice-interaction.com\/tmp-web\/wp-content\/uploads\/2017\/09\/VI-IBC-2017_banner-site_PT-1-768x273.png 768w\" sizes=\"auto, (max-width: 900px) 100vw, 900px\" \/>\t\t\t\t\n        <div class=\"sh-overlay-style1\">\n            <div class=\"sh-table-full\">\n                                    <a href=\"https:\/\/voice-interaction.com\/tmp-web\/br\/voiceinteraction-regressa-a-amesterdao-para-a-ibc-2017\/\" class=\"sh-overlay-item sh-table-cell\" title=\"Open the article - VoiceInteraction regressa a Amesterd\u00e3o para a IBC 2017\">\n                        <div class=\"sh-overlay-item-container\">\n                            <i class=\"icon-link\"><\/i>\n                        <\/div>\n                    <\/a>\n                \n                                    <a href=\"https:\/\/voice-interaction.com\/tmp-web\/wp-content\/uploads\/2017\/09\/VI-IBC-2017_banner-site_PT-1.png\" class=\"sh-overlay-item sh-table-cell\" data-rel=\"lightcase\">\n                        <div class=\"sh-overlay-item-container\">\n                            <i class=\"icon-magnifier-add\"><\/i>\n                        <\/div>\n                    <\/a>\n                            <\/div>\n        <\/div>\n\n    \t\t\t<\/div>\n\n\t\t\t<div class=\"post-content-container\">\n\t\t\t\t<a href=\"https:\/\/voice-interaction.com\/tmp-web\/br\/voiceinteraction-regressa-a-amesterdao-para-a-ibc-2017\/\" class=\"post-title\">\n\t\t\t\t\t<h2>\n\t\t\t\t\t\t\t\t\t\t\t\tVoiceInteraction regressa a Amesterd\u00e3o para a IBC 2017\t\t\t\t\t<\/h2>\n\t\t\t\t<\/a>\n\n\t\t\t\t<div class=\"post-meta post-meta-one\">\n\t\t\t\t\t\n        <span class=\"post-meta-author\">\n            by            <a href=\"https:\/\/voice-interaction.com\/tmp-web\/br\/author\/ritaferreira\/\" class=\"bypostauthor\" itemprop=\"url\" rel=\"author\">\n                ritaferreira            <\/a>\n        <\/span>\n\n                    <time class=\"updated semantic\" itemprop=\"dateModified\" datetime=\"2017-11-21T15:53:39+00:00\"><\/time>\n            <a href=\"https:\/\/voice-interaction.com\/tmp-web\/br\/voiceinteraction-regressa-a-amesterdao-para-a-ibc-2017\/\" class=\"post-meta-date sh-default-color\">setembro 5, 2017<\/a>\n        \n    \t\t\t\t<\/div>\n\n\t\t\t\t<div class=\"post-content\">\n\t\t\t\t\t<p>De 15 a\u00a019 de Setembro, a\u00a0VoiceInteraction\u00a0apresenta em Amesterd\u00e3o as suas \u00faltimas inova\u00e7\u00f5es nas \u00e1reas de\u00a0closed captioning\u00a0e\u00a0monitoramento\u00a0de&#8230;<\/p>\n\t\t\t\t<\/div>\n\n\t\t\t\t<div class=\"post-meta post-meta-two\">\n\t\t\t\t\t\n        <div class=\"sh-columns post-meta-comments\">\n            <span class=\"post-meta-categories\">\n                <i class=\"icon-tag\"><\/i>\n                <a href=\"https:\/\/voice-interaction.com\/tmp-web\/br\/category\/industrias_br\/broadcast-midia\/\" rel=\"category tag\">Broadcast &amp; M\u00eddia<\/a>, <a href=\"https:\/\/voice-interaction.com\/tmp-web\/br\/category\/empresa\/eventos-br\/\" rel=\"category tag\">Eventos<\/a>            <\/span>\n\n                            <div><\/div>\n                    <\/div>\n\n    \t\t\t\t<\/div>\n\t\t\t<\/div>\n\n\t\t<\/div>\n\t<\/article>\n\n\n\n\t<article id=\"post-3262\" class=\"post-item post-3262 post type-post status-publish format-standard has-post-thumbnail hentry category-legendagem tag-audimus-media-br tag-legendas-ao-vivo\">\n\t\t<div class=\"post-container\">\n\t\t\t\n\t\t\t<div class=\"post-meta-thumb\">\n\t\t\t\t<img loading=\"lazy\" decoding=\"async\" width=\"260\" height=\"176\" src=\"https:\/\/voice-interaction.com\/tmp-web\/wp-content\/uploads\/2017\/07\/VI-news-201707-05-e1510933877658.jpg\" class=\"attachment-large size-large wp-post-image\" alt=\"\" \/>\t\t\t\t\n        <div class=\"sh-overlay-style1\">\n            <div class=\"sh-table-full\">\n                                    <a href=\"https:\/\/voice-interaction.com\/tmp-web\/br\/que-empresas-podem-tirar-partido-da-legendagem\/\" class=\"sh-overlay-item sh-table-cell\" title=\"Open the article - Como tirar partido da legendagem?\">\n                        <div class=\"sh-overlay-item-container\">\n                            <i class=\"icon-link\"><\/i>\n                        <\/div>\n                    <\/a>\n                \n                                    <a href=\"https:\/\/voice-interaction.com\/tmp-web\/wp-content\/uploads\/2017\/07\/VI-news-201707-05-e1510933877658.jpg\" class=\"sh-overlay-item sh-table-cell\" data-rel=\"lightcase\">\n                        <div class=\"sh-overlay-item-container\">\n                            <i class=\"icon-magnifier-add\"><\/i>\n                        <\/div>\n                    <\/a>\n                            <\/div>\n        <\/div>\n\n    \t\t\t<\/div>\n\n\t\t\t<div class=\"post-content-container\">\n\t\t\t\t<a href=\"https:\/\/voice-interaction.com\/tmp-web\/br\/que-empresas-podem-tirar-partido-da-legendagem\/\" class=\"post-title\">\n\t\t\t\t\t<h2>\n\t\t\t\t\t\t\t\t\t\t\t\tComo tirar partido da legendagem?\t\t\t\t\t<\/h2>\n\t\t\t\t<\/a>\n\n\t\t\t\t<div class=\"post-meta post-meta-one\">\n\t\t\t\t\t\n        <span class=\"post-meta-author\">\n            by            <a href=\"https:\/\/voice-interaction.com\/tmp-web\/br\/author\/ritaferreira\/\" class=\"bypostauthor\" itemprop=\"url\" rel=\"author\">\n                ritaferreira            <\/a>\n        <\/span>\n\n                    <time class=\"updated semantic\" itemprop=\"dateModified\" datetime=\"2017-11-24T15:41:06+00:00\"><\/time>\n            <a href=\"https:\/\/voice-interaction.com\/tmp-web\/br\/que-empresas-podem-tirar-partido-da-legendagem\/\" class=\"post-meta-date sh-default-color\">julho 27, 2017<\/a>\n        \n    \t\t\t\t<\/div>\n\n\t\t\t\t<div class=\"post-content\">\n\t\t\t\t\t<p>Est\u00e1 comprovado que a\u00a0legendagem \u00e9 \u00fatil em uma s\u00e9rie de circunst\u00e2ncias, n\u00e3o s\u00f3 ao n\u00edvel de&#8230;<\/p>\n\t\t\t\t<\/div>\n\n\t\t\t\t<div class=\"post-meta post-meta-two\">\n\t\t\t\t\t\n        <div class=\"sh-columns post-meta-comments\">\n            <span class=\"post-meta-categories\">\n                <i class=\"icon-tag\"><\/i>\n                <a href=\"https:\/\/voice-interaction.com\/tmp-web\/br\/category\/solucoes\/legendagem\/\" rel=\"category tag\">Legendagem<\/a>            <\/span>\n\n                            <div><\/div>\n                    <\/div>\n\n    \t\t\t\t<\/div>\n\t\t\t<\/div>\n\n\t\t<\/div>\n\t<\/article>\n\n\n\n\t<article id=\"post-3258\" class=\"post-item post-3258 post type-post status-publish format-standard has-post-thumbnail hentry category-legendagem tag-anatel tag-fcc-br tag-legendagem-ao-vivo\">\n\t\t<div class=\"post-container\">\n\t\t\t\n\t\t\t<div class=\"post-meta-thumb\">\n\t\t\t\t<img loading=\"lazy\" decoding=\"async\" width=\"260\" height=\"105\" src=\"https:\/\/voice-interaction.com\/tmp-web\/wp-content\/uploads\/2017\/07\/VI-banner_News-201706-BR-e1510934043931.jpg\" class=\"attachment-large size-large wp-post-image\" alt=\"\" \/>\t\t\t\t\n        <div class=\"sh-overlay-style1\">\n            <div class=\"sh-table-full\">\n                                    <a href=\"https:\/\/voice-interaction.com\/tmp-web\/br\/1st-july-with-more-regulations-in-terms-of-accessibility\/\" class=\"sh-overlay-item sh-table-cell\" title=\"Open the article - 1 de Julho com novas regras para as emissoras\">\n                        <div class=\"sh-overlay-item-container\">\n                            <i class=\"icon-link\"><\/i>\n                        <\/div>\n                    <\/a>\n                \n                                    <a href=\"https:\/\/voice-interaction.com\/tmp-web\/wp-content\/uploads\/2017\/07\/VI-banner_News-201706-BR-e1510934043931.jpg\" class=\"sh-overlay-item sh-table-cell\" data-rel=\"lightcase\">\n                        <div class=\"sh-overlay-item-container\">\n                            <i class=\"icon-magnifier-add\"><\/i>\n                        <\/div>\n                    <\/a>\n                            <\/div>\n        <\/div>\n\n    \t\t\t<\/div>\n\n\t\t\t<div class=\"post-content-container\">\n\t\t\t\t<a href=\"https:\/\/voice-interaction.com\/tmp-web\/br\/1st-july-with-more-regulations-in-terms-of-accessibility\/\" class=\"post-title\">\n\t\t\t\t\t<h2>\n\t\t\t\t\t\t\t\t\t\t\t\t1 de Julho com novas regras para as emissoras\t\t\t\t\t<\/h2>\n\t\t\t\t<\/a>\n\n\t\t\t\t<div class=\"post-meta post-meta-one\">\n\t\t\t\t\t\n        <span class=\"post-meta-author\">\n            by            <a href=\"https:\/\/voice-interaction.com\/tmp-web\/br\/author\/ritaferreira\/\" class=\"bypostauthor\" itemprop=\"url\" rel=\"author\">\n                ritaferreira            <\/a>\n        <\/span>\n\n                    <time class=\"updated semantic\" itemprop=\"dateModified\" datetime=\"2018-01-04T12:00:54+00:00\"><\/time>\n            <a href=\"https:\/\/voice-interaction.com\/tmp-web\/br\/1st-july-with-more-regulations-in-terms-of-accessibility\/\" class=\"post-meta-date sh-default-color\">julho 25, 2017<\/a>\n        \n    \t\t\t\t<\/div>\n\n\t\t\t\t<div class=\"post-content\">\n\t\t\t\t\t<p>Quem trabalha na ind\u00fastria da televis\u00e3o tem em mente que as legendas s\u00e3o uma contribui\u00e7\u00e3o\u00a0fundamental para&#8230;<\/p>\n\t\t\t\t<\/div>\n\n\t\t\t\t<div class=\"post-meta post-meta-two\">\n\t\t\t\t\t\n        <div class=\"sh-columns post-meta-comments\">\n            <span class=\"post-meta-categories\">\n                <i class=\"icon-tag\"><\/i>\n                <a href=\"https:\/\/voice-interaction.com\/tmp-web\/br\/category\/solucoes\/legendagem\/\" rel=\"category tag\">Legendagem<\/a>            <\/span>\n\n                            <div><\/div>\n                    <\/div>\n\n    \t\t\t\t<\/div>\n\t\t\t<\/div>\n\n\t\t<\/div>\n\t<\/article>\n\n\n\n\t<article id=\"post-3260\" class=\"post-item post-3260 post type-post status-publish format-standard has-post-thumbnail hentry category-legendagem category-noticias-empresa\">\n\t\t<div class=\"post-container\">\n\t\t\t\n\t\t\t<div class=\"post-meta-thumb\">\n\t\t\t\t<img loading=\"lazy\" decoding=\"async\" width=\"280\" height=\"189\" src=\"https:\/\/voice-interaction.com\/tmp-web\/wp-content\/uploads\/2017\/07\/vi-img-news-06-e1519663490828.jpg\" class=\"attachment-large size-large wp-post-image\" alt=\"\" \/>\t\t\t\t\n        <div class=\"sh-overlay-style1\">\n            <div class=\"sh-table-full\">\n                                    <a href=\"https:\/\/voice-interaction.com\/tmp-web\/br\/adicionar-legendas-ao-seu-video-online-melhora-os-resultados-de-seo\/\" class=\"sh-overlay-item sh-table-cell\" title=\"Open the article - Legendas melhoram resultados de SEO\">\n                        <div class=\"sh-overlay-item-container\">\n                            <i class=\"icon-link\"><\/i>\n                        <\/div>\n                    <\/a>\n                \n                                    <a href=\"https:\/\/voice-interaction.com\/tmp-web\/wp-content\/uploads\/2017\/07\/vi-img-news-06-e1519663490828.jpg\" class=\"sh-overlay-item sh-table-cell\" data-rel=\"lightcase\">\n                        <div class=\"sh-overlay-item-container\">\n                            <i class=\"icon-magnifier-add\"><\/i>\n                        <\/div>\n                    <\/a>\n                            <\/div>\n        <\/div>\n\n    \t\t\t<\/div>\n\n\t\t\t<div class=\"post-content-container\">\n\t\t\t\t<a href=\"https:\/\/voice-interaction.com\/tmp-web\/br\/adicionar-legendas-ao-seu-video-online-melhora-os-resultados-de-seo\/\" class=\"post-title\">\n\t\t\t\t\t<h2>\n\t\t\t\t\t\t\t\t\t\t\t\tLegendas melhoram resultados de SEO\t\t\t\t\t<\/h2>\n\t\t\t\t<\/a>\n\n\t\t\t\t<div class=\"post-meta post-meta-one\">\n\t\t\t\t\t\n        <span class=\"post-meta-author\">\n            by            <a href=\"https:\/\/voice-interaction.com\/tmp-web\/br\/author\/ritaferreira\/\" class=\"bypostauthor\" itemprop=\"url\" rel=\"author\">\n                ritaferreira            <\/a>\n        <\/span>\n\n                    <time class=\"updated semantic\" itemprop=\"dateModified\" datetime=\"2017-11-17T16:04:09+00:00\"><\/time>\n            <a href=\"https:\/\/voice-interaction.com\/tmp-web\/br\/adicionar-legendas-ao-seu-video-online-melhora-os-resultados-de-seo\/\" class=\"post-meta-date sh-default-color\">julho 25, 2017<\/a>\n        \n    \t\t\t\t<\/div>\n\n\t\t\t\t<div class=\"post-content\">\n\t\t\t\t\t<p>Adicionar legendas a um v\u00eddeo online traz uma s\u00e9rie de vantagens, pois\u00a0seus conte\u00fados ficam acess\u00edveis aos&#8230;<\/p>\n\t\t\t\t<\/div>\n\n\t\t\t\t<div class=\"post-meta post-meta-two\">\n\t\t\t\t\t\n        <div class=\"sh-columns post-meta-comments\">\n            <span class=\"post-meta-categories\">\n                <i class=\"icon-tag\"><\/i>\n                <a href=\"https:\/\/voice-interaction.com\/tmp-web\/br\/category\/solucoes\/legendagem\/\" rel=\"category tag\">Legendagem<\/a>, <a href=\"https:\/\/voice-interaction.com\/tmp-web\/br\/category\/empresa\/noticias-empresa\/\" rel=\"category tag\">Not\u00edcias Empresa<\/a>            <\/span>\n\n                            <div><\/div>\n                    <\/div>\n\n    \t\t\t\t<\/div>\n\t\t\t<\/div>\n\n\t\t<\/div>\n\t<\/article>\n\n\n\n\t<article id=\"post-3271\" class=\"post-item post-3271 post type-post status-publish format-standard has-post-thumbnail hentry category-legendagem category-parcerias category-transcricao-br tag-ebu-tt-br tag-fab-br tag-imsc-br tag-live-streaming-br\">\n\t\t<div class=\"post-container\">\n\t\t\t\n\t\t\t<div class=\"post-meta-thumb\">\n\t\t\t\t<img loading=\"lazy\" decoding=\"async\" width=\"1024\" height=\"731\" src=\"https:\/\/voice-interaction.com\/tmp-web\/wp-content\/uploads\/2017\/03\/AudimusMedia-live-closedcaptioning-1024x731.png\" class=\"attachment-large size-large wp-post-image\" alt=\"\" srcset=\"https:\/\/voice-interaction.com\/tmp-web\/wp-content\/uploads\/2017\/03\/AudimusMedia-live-closedcaptioning-1024x731.png 1024w, https:\/\/voice-interaction.com\/tmp-web\/wp-content\/uploads\/2017\/03\/AudimusMedia-live-closedcaptioning-300x214.png 300w, https:\/\/voice-interaction.com\/tmp-web\/wp-content\/uploads\/2017\/03\/AudimusMedia-live-closedcaptioning-768x548.png 768w, https:\/\/voice-interaction.com\/tmp-web\/wp-content\/uploads\/2017\/03\/AudimusMedia-live-closedcaptioning-e1519661733662.png 280w\" sizes=\"auto, (max-width: 1024px) 100vw, 1024px\" \/>\t\t\t\t\n        <div class=\"sh-overlay-style1\">\n            <div class=\"sh-table-full\">\n                                    <a href=\"https:\/\/voice-interaction.com\/tmp-web\/br\/captions-para-todos-os-workflows\/\" class=\"sh-overlay-item sh-table-cell\" title=\"Open the article - Novos formatos de legendas ao vivo: EBUT-TT-D e IMSC 1.0\">\n                        <div class=\"sh-overlay-item-container\">\n                            <i class=\"icon-link\"><\/i>\n                        <\/div>\n                    <\/a>\n                \n                                    <a href=\"https:\/\/voice-interaction.com\/tmp-web\/wp-content\/uploads\/2017\/03\/AudimusMedia-live-closedcaptioning-1024x731.png\" class=\"sh-overlay-item sh-table-cell\" data-rel=\"lightcase\">\n                        <div class=\"sh-overlay-item-container\">\n                            <i class=\"icon-magnifier-add\"><\/i>\n                        <\/div>\n                    <\/a>\n                            <\/div>\n        <\/div>\n\n    \t\t\t<\/div>\n\n\t\t\t<div class=\"post-content-container\">\n\t\t\t\t<a href=\"https:\/\/voice-interaction.com\/tmp-web\/br\/captions-para-todos-os-workflows\/\" class=\"post-title\">\n\t\t\t\t\t<h2>\n\t\t\t\t\t\t\t\t\t\t\t\tNovos formatos de legendas ao vivo: EBUT-TT-D e IMSC 1.0\t\t\t\t\t<\/h2>\n\t\t\t\t<\/a>\n\n\t\t\t\t<div class=\"post-meta post-meta-one\">\n\t\t\t\t\t\n        <span class=\"post-meta-author\">\n            by            <a href=\"https:\/\/voice-interaction.com\/tmp-web\/br\/author\/ritaferreira\/\" class=\"bypostauthor\" itemprop=\"url\" rel=\"author\">\n                ritaferreira            <\/a>\n        <\/span>\n\n                    <time class=\"updated semantic\" itemprop=\"dateModified\" datetime=\"2017-11-24T15:34:59+00:00\"><\/time>\n            <a href=\"https:\/\/voice-interaction.com\/tmp-web\/br\/captions-para-todos-os-workflows\/\" class=\"post-meta-date sh-default-color\">julho 25, 2017<\/a>\n        \n    \t\t\t\t<\/div>\n\n\t\t\t\t<div class=\"post-content\">\n\t\t\t\t\t<p>Um dos cont\u00ednuos esfor\u00e7os\u00a0da VoiceInteraction tem sido transportar a legendagem autom\u00e1tica para novas aplica\u00e7\u00f5es. Um dos&#8230;<\/p>\n\t\t\t\t<\/div>\n\n\t\t\t\t<div class=\"post-meta post-meta-two\">\n\t\t\t\t\t\n        <div class=\"sh-columns post-meta-comments\">\n            <span class=\"post-meta-categories\">\n                <i class=\"icon-tag\"><\/i>\n                <a href=\"https:\/\/voice-interaction.com\/tmp-web\/br\/category\/solucoes\/legendagem\/\" rel=\"category tag\">Legendagem<\/a>, <a href=\"https:\/\/voice-interaction.com\/tmp-web\/br\/category\/empresa\/parcerias\/\" rel=\"category tag\">Parcerias<\/a>, <a href=\"https:\/\/voice-interaction.com\/tmp-web\/br\/category\/solucoes\/transcricao-br\/\" rel=\"category tag\">Transcri\u00e7\u00e3o<\/a>            <\/span>\n\n                            <div><\/div>\n                    <\/div>\n\n    \t\t\t\t<\/div>\n\t\t\t<\/div>\n\n\t\t<\/div>\n\t<\/article>\n\n\n\n\t<article id=\"post-3192\" class=\"post-item post-3192 post type-post status-publish format-standard has-post-thumbnail hentry category-broadcast-midia category-eventos-br tag-set-expo_br\">\n\t\t<div class=\"post-container\">\n\t\t\t\n\t\t\t<div class=\"post-meta-thumb\">\n\t\t\t\t<img loading=\"lazy\" decoding=\"async\" width=\"900\" height=\"320\" src=\"https:\/\/voice-interaction.com\/tmp-web\/wp-content\/uploads\/2017\/06\/VI-SETExpo-2017_banner-site_PT.png\" class=\"attachment-large size-large wp-post-image\" alt=\"\" srcset=\"https:\/\/voice-interaction.com\/tmp-web\/wp-content\/uploads\/2017\/06\/VI-SETExpo-2017_banner-site_PT.png 900w, https:\/\/voice-interaction.com\/tmp-web\/wp-content\/uploads\/2017\/06\/VI-SETExpo-2017_banner-site_PT-300x107.png 300w, https:\/\/voice-interaction.com\/tmp-web\/wp-content\/uploads\/2017\/06\/VI-SETExpo-2017_banner-site_PT-768x273.png 768w\" sizes=\"auto, (max-width: 900px) 100vw, 900px\" \/>\t\t\t\t\n        <div class=\"sh-overlay-style1\">\n            <div class=\"sh-table-full\">\n                                    <a href=\"https:\/\/voice-interaction.com\/tmp-web\/br\/voiceinteraction-brasil-regressa-ao-setexpo\/\" class=\"sh-overlay-item sh-table-cell\" title=\"Open the article - A VoiceInteraction regressa ao SET EXPO, em S\u00e3o Paulo\">\n                        <div class=\"sh-overlay-item-container\">\n                            <i class=\"icon-link\"><\/i>\n                        <\/div>\n                    <\/a>\n                \n                                    <a href=\"https:\/\/voice-interaction.com\/tmp-web\/wp-content\/uploads\/2017\/06\/VI-SETExpo-2017_banner-site_PT.png\" class=\"sh-overlay-item sh-table-cell\" data-rel=\"lightcase\">\n                        <div class=\"sh-overlay-item-container\">\n                            <i class=\"icon-magnifier-add\"><\/i>\n                        <\/div>\n                    <\/a>\n                            <\/div>\n        <\/div>\n\n    \t\t\t<\/div>\n\n\t\t\t<div class=\"post-content-container\">\n\t\t\t\t<a href=\"https:\/\/voice-interaction.com\/tmp-web\/br\/voiceinteraction-brasil-regressa-ao-setexpo\/\" class=\"post-title\">\n\t\t\t\t\t<h2>\n\t\t\t\t\t\t\t\t\t\t\t\tA VoiceInteraction regressa ao SET EXPO, em S\u00e3o Paulo\t\t\t\t\t<\/h2>\n\t\t\t\t<\/a>\n\n\t\t\t\t<div class=\"post-meta post-meta-one\">\n\t\t\t\t\t\n        <span class=\"post-meta-author\">\n            by            <a href=\"https:\/\/voice-interaction.com\/tmp-web\/br\/author\/ritaferreira\/\" class=\"bypostauthor\" itemprop=\"url\" rel=\"author\">\n                ritaferreira            <\/a>\n        <\/span>\n\n                    <time class=\"updated semantic\" itemprop=\"dateModified\" datetime=\"2017-12-14T16:26:38+00:00\"><\/time>\n            <a href=\"https:\/\/voice-interaction.com\/tmp-web\/br\/voiceinteraction-brasil-regressa-ao-setexpo\/\" class=\"post-meta-date sh-default-color\">julho 21, 2017<\/a>\n        \n    \t\t\t\t<\/div>\n\n\t\t\t\t<div class=\"post-content\">\n\t\t\t\t\t<p>De 22\u00a0a 24\u00a0de Agosto, a VoiceInteraction Brasil apresenta as \u00faltimas novidades em\u00a0solu\u00e7\u00f5es de closed captioning e&#8230;<\/p>\n\t\t\t\t<\/div>\n\n\t\t\t\t<div class=\"post-meta post-meta-two\">\n\t\t\t\t\t\n        <div class=\"sh-columns post-meta-comments\">\n            <span class=\"post-meta-categories\">\n                <i class=\"icon-tag\"><\/i>\n                <a href=\"https:\/\/voice-interaction.com\/tmp-web\/br\/category\/industrias_br\/broadcast-midia\/\" rel=\"category tag\">Broadcast &amp; M\u00eddia<\/a>, <a href=\"https:\/\/voice-interaction.com\/tmp-web\/br\/category\/empresa\/eventos-br\/\" rel=\"category tag\">Eventos<\/a>            <\/span>\n\n                            <div><\/div>\n                    <\/div>\n\n    \t\t\t\t<\/div>\n\t\t\t<\/div>\n\n\t\t<\/div>\n\t<\/article>\n\n\n\n\t<article id=\"post-11535\" class=\"post-item post-11535 post type-post status-publish format-standard has-post-thumbnail hentry category-noticias-empresa category-solucoes\">\n\t\t<div class=\"post-container\">\n\t\t\t\n\t\t\t<div class=\"post-meta-thumb\">\n\t\t\t\t<img loading=\"lazy\" decoding=\"async\" width=\"260\" height=\"121\" src=\"https:\/\/voice-interaction.com\/tmp-web\/wp-content\/uploads\/2017\/05\/VI-banner_MMS-201706-e1510845676977.jpg\" class=\"attachment-large size-large wp-post-image\" alt=\"\" \/>\t\t\t\t\n        <div class=\"sh-overlay-style1\">\n            <div class=\"sh-table-full\">\n                                    <a href=\"https:\/\/voice-interaction.com\/tmp-web\/br\/mms-broadcast-um-novo-sentido-para-o-conteudo-da-sua-emissora\/\" class=\"sh-overlay-item sh-table-cell\" title=\"Open the article - MMS Broadcast: um novo sentido para o conte\u00fado de sua emissora\">\n                        <div class=\"sh-overlay-item-container\">\n                            <i class=\"icon-link\"><\/i>\n                        <\/div>\n                    <\/a>\n                \n                                    <a href=\"https:\/\/voice-interaction.com\/tmp-web\/wp-content\/uploads\/2017\/05\/VI-banner_MMS-201706-e1510845676977.jpg\" class=\"sh-overlay-item sh-table-cell\" data-rel=\"lightcase\">\n                        <div class=\"sh-overlay-item-container\">\n                            <i class=\"icon-magnifier-add\"><\/i>\n                        <\/div>\n                    <\/a>\n                            <\/div>\n        <\/div>\n\n    \t\t\t<\/div>\n\n\t\t\t<div class=\"post-content-container\">\n\t\t\t\t<a href=\"https:\/\/voice-interaction.com\/tmp-web\/br\/mms-broadcast-um-novo-sentido-para-o-conteudo-da-sua-emissora\/\" class=\"post-title\">\n\t\t\t\t\t<h2>\n\t\t\t\t\t\t\t\t\t\t\t\tMMS Broadcast: um novo sentido para o conte\u00fado de sua emissora\t\t\t\t\t<\/h2>\n\t\t\t\t<\/a>\n\n\t\t\t\t<div class=\"post-meta post-meta-one\">\n\t\t\t\t\t\n        <span class=\"post-meta-author\">\n            by            <a href=\"https:\/\/voice-interaction.com\/tmp-web\/br\/author\/ritaferreira\/\" class=\"bypostauthor\" itemprop=\"url\" rel=\"author\">\n                ritaferreira            <\/a>\n        <\/span>\n\n                    <time class=\"updated semantic\" itemprop=\"dateModified\" datetime=\"2017-11-17T16:04:50+00:00\"><\/time>\n            <a href=\"https:\/\/voice-interaction.com\/tmp-web\/br\/mms-broadcast-um-novo-sentido-para-o-conteudo-da-sua-emissora\/\" class=\"post-meta-date sh-default-color\">junho 21, 2017<\/a>\n        \n    \t\t\t\t<\/div>\n\n\t\t\t\t<div class=\"post-content\">\n\t\t\t\t\t<p>Se analisarmos as grandes tend\u00eancias tecnol\u00f3gicas hoje, podemos confirmar que a intelig\u00eancia artificial est\u00e1 em evid\u00eancia&#8230;.<\/p>\n\t\t\t\t<\/div>\n\n\t\t\t\t<div class=\"post-meta post-meta-two\">\n\t\t\t\t\t\n        <div class=\"sh-columns post-meta-comments\">\n            <span class=\"post-meta-categories\">\n                <i class=\"icon-tag\"><\/i>\n                <a href=\"https:\/\/voice-interaction.com\/tmp-web\/br\/category\/empresa\/noticias-empresa\/\" rel=\"category tag\">Not\u00edcias Empresa<\/a>, <a href=\"https:\/\/voice-interaction.com\/tmp-web\/br\/category\/solucoes\/\" rel=\"category tag\">Solu\u00e7\u00f5es<\/a>            <\/span>\n\n                            <div><\/div>\n                    <\/div>\n\n    \t\t\t\t<\/div>\n\t\t\t<\/div>\n\n\t\t<\/div>\n\t<\/article>\n\n\n\n\t<article id=\"post-3068\" class=\"post-item post-3068 post type-post status-publish format-standard has-post-thumbnail hentry category-noticias-empresa category-solucoes\">\n\t\t<div class=\"post-container\">\n\t\t\t\n\t\t\t<div class=\"post-meta-thumb\">\n\t\t\t\t<img loading=\"lazy\" decoding=\"async\" width=\"280\" height=\"189\" src=\"https:\/\/voice-interaction.com\/tmp-web\/wp-content\/uploads\/2017\/06\/VI-news-201706-01-e1519664028293.jpg\" class=\"attachment-large size-large wp-post-image\" alt=\"\" \/>\t\t\t\t\n        <div class=\"sh-overlay-style1\">\n            <div class=\"sh-table-full\">\n                                    <a href=\"https:\/\/voice-interaction.com\/tmp-web\/br\/audimus-media-com-novos-clientes-no-brasil-e-eua\/\" class=\"sh-overlay-item sh-table-cell\" title=\"Open the article - AUDIMUS.MEDIA com novos clientes no Brasil e EUA\">\n                        <div class=\"sh-overlay-item-container\">\n                            <i class=\"icon-link\"><\/i>\n                        <\/div>\n                    <\/a>\n                \n                                    <a href=\"https:\/\/voice-interaction.com\/tmp-web\/wp-content\/uploads\/2017\/06\/VI-news-201706-01-e1519664028293.jpg\" class=\"sh-overlay-item sh-table-cell\" data-rel=\"lightcase\">\n                        <div class=\"sh-overlay-item-container\">\n                            <i class=\"icon-magnifier-add\"><\/i>\n                        <\/div>\n                    <\/a>\n                            <\/div>\n        <\/div>\n\n    \t\t\t<\/div>\n\n\t\t\t<div class=\"post-content-container\">\n\t\t\t\t<a href=\"https:\/\/voice-interaction.com\/tmp-web\/br\/audimus-media-com-novos-clientes-no-brasil-e-eua\/\" class=\"post-title\">\n\t\t\t\t\t<h2>\n\t\t\t\t\t\t\t\t\t\t\t\tAUDIMUS.MEDIA com novos clientes no Brasil e EUA\t\t\t\t\t<\/h2>\n\t\t\t\t<\/a>\n\n\t\t\t\t<div class=\"post-meta post-meta-one\">\n\t\t\t\t\t\n        <span class=\"post-meta-author\">\n            by            <a href=\"https:\/\/voice-interaction.com\/tmp-web\/br\/author\/ritaferreira\/\" class=\"bypostauthor\" itemprop=\"url\" rel=\"author\">\n                ritaferreira            <\/a>\n        <\/span>\n\n                    <time class=\"updated semantic\" itemprop=\"dateModified\" datetime=\"2017-11-17T16:05:25+00:00\"><\/time>\n            <a href=\"https:\/\/voice-interaction.com\/tmp-web\/br\/audimus-media-com-novos-clientes-no-brasil-e-eua\/\" class=\"post-meta-date sh-default-color\">junho 20, 2017<\/a>\n        \n    \t\t\t\t<\/div>\n\n\t\t\t\t<div class=\"post-content\">\n\t\t\t\t\t<p>Lan\u00e7\u00e1mos uma nova vers\u00e3o do AUDIMUS.MEDIA\u00a0na NAB Show 2017 e desde ent\u00e3o,\u00a0a aprova\u00e7\u00e3o deste sistema tem&#8230;<\/p>\n\t\t\t\t<\/div>\n\n\t\t\t\t<div class=\"post-meta post-meta-two\">\n\t\t\t\t\t\n        <div class=\"sh-columns post-meta-comments\">\n            <span class=\"post-meta-categories\">\n                <i class=\"icon-tag\"><\/i>\n                <a href=\"https:\/\/voice-interaction.com\/tmp-web\/br\/category\/empresa\/noticias-empresa\/\" rel=\"category tag\">Not\u00edcias Empresa<\/a>, <a href=\"https:\/\/voice-interaction.com\/tmp-web\/br\/category\/solucoes\/\" rel=\"category tag\">Solu\u00e7\u00f5es<\/a>            <\/span>\n\n                            <div><\/div>\n                    <\/div>\n\n    \t\t\t\t<\/div>\n\t\t\t<\/div>\n\n\t\t<\/div>\n\t<\/article>\n\n\n\n\t<article id=\"post-3067\" class=\"post-item post-3067 post type-post status-publish format-standard has-post-thumbnail hentry category-noticias-empresa category-solucoes\">\n\t\t<div class=\"post-container\">\n\t\t\t\n\t\t\t<div class=\"post-meta-thumb\">\n\t\t\t\t<img loading=\"lazy\" decoding=\"async\" width=\"280\" height=\"189\" src=\"https:\/\/voice-interaction.com\/tmp-web\/wp-content\/uploads\/2017\/06\/VI-news-201706-02-e1519663866975.jpg\" class=\"attachment-large size-large wp-post-image\" alt=\"\" \/>\t\t\t\t\n        <div class=\"sh-overlay-style1\">\n            <div class=\"sh-table-full\">\n                                    <a href=\"https:\/\/voice-interaction.com\/tmp-web\/br\/conheca-a-tecnologia-da-voiceinteraction\/\" class=\"sh-overlay-item sh-table-cell\" title=\"Open the article - Conhe\u00e7a a tecnologia da VoiceInteraction\">\n                        <div class=\"sh-overlay-item-container\">\n                            <i class=\"icon-link\"><\/i>\n                        <\/div>\n                    <\/a>\n                \n                                    <a href=\"https:\/\/voice-interaction.com\/tmp-web\/wp-content\/uploads\/2017\/06\/VI-news-201706-02-e1519663866975.jpg\" class=\"sh-overlay-item sh-table-cell\" data-rel=\"lightcase\">\n                        <div class=\"sh-overlay-item-container\">\n                            <i class=\"icon-magnifier-add\"><\/i>\n                        <\/div>\n                    <\/a>\n                            <\/div>\n        <\/div>\n\n    \t\t\t<\/div>\n\n\t\t\t<div class=\"post-content-container\">\n\t\t\t\t<a href=\"https:\/\/voice-interaction.com\/tmp-web\/br\/conheca-a-tecnologia-da-voiceinteraction\/\" class=\"post-title\">\n\t\t\t\t\t<h2>\n\t\t\t\t\t\t\t\t\t\t\t\tConhe\u00e7a a tecnologia da VoiceInteraction\t\t\t\t\t<\/h2>\n\t\t\t\t<\/a>\n\n\t\t\t\t<div class=\"post-meta post-meta-one\">\n\t\t\t\t\t\n        <span class=\"post-meta-author\">\n            by            <a href=\"https:\/\/voice-interaction.com\/tmp-web\/br\/author\/ritaferreira\/\" class=\"bypostauthor\" itemprop=\"url\" rel=\"author\">\n                ritaferreira            <\/a>\n        <\/span>\n\n                    <time class=\"updated semantic\" itemprop=\"dateModified\" datetime=\"2017-11-17T16:06:58+00:00\"><\/time>\n            <a href=\"https:\/\/voice-interaction.com\/tmp-web\/br\/conheca-a-tecnologia-da-voiceinteraction\/\" class=\"post-meta-date sh-default-color\">junho 20, 2017<\/a>\n        \n    \t\t\t\t<\/div>\n\n\t\t\t\t<div class=\"post-content\">\n\t\t\t\t\t<p>A VoiceInteraction tem a certeza que a fala ser\u00e1 no futuro a principal interface no acesso&#8230;<\/p>\n\t\t\t\t<\/div>\n\n\t\t\t\t<div class=\"post-meta post-meta-two\">\n\t\t\t\t\t\n        <div class=\"sh-columns post-meta-comments\">\n            <span class=\"post-meta-categories\">\n                <i class=\"icon-tag\"><\/i>\n                <a href=\"https:\/\/voice-interaction.com\/tmp-web\/br\/category\/empresa\/noticias-empresa\/\" rel=\"category tag\">Not\u00edcias Empresa<\/a>, <a href=\"https:\/\/voice-interaction.com\/tmp-web\/br\/category\/solucoes\/\" rel=\"category tag\">Solu\u00e7\u00f5es<\/a>            <\/span>\n\n                            <div><\/div>\n                    <\/div>\n\n    \t\t\t\t<\/div>\n\t\t\t<\/div>\n\n\t\t<\/div>\n\t<\/article>\n\n\n\n\t<article id=\"post-3159\" class=\"post-item post-3159 post type-post status-publish format-standard has-post-thumbnail hentry category-noticias-empresa category-solucoes\">\n\t\t<div class=\"post-container\">\n\t\t\t\n\t\t\t<div class=\"post-meta-thumb\">\n\t\t\t\t<img loading=\"lazy\" decoding=\"async\" width=\"1024\" height=\"647\" src=\"https:\/\/voice-interaction.com\/tmp-web\/wp-content\/uploads\/2017\/06\/vi-news-systems-1024x647.png\" class=\"attachment-large size-large wp-post-image\" alt=\"\" srcset=\"https:\/\/voice-interaction.com\/tmp-web\/wp-content\/uploads\/2017\/06\/vi-news-systems-1024x647.png 1024w, https:\/\/voice-interaction.com\/tmp-web\/wp-content\/uploads\/2017\/06\/vi-news-systems-e1519659324872.png 300w, https:\/\/voice-interaction.com\/tmp-web\/wp-content\/uploads\/2017\/06\/vi-news-systems-768x485.png 768w\" sizes=\"auto, (max-width: 1024px) 100vw, 1024px\" \/>\t\t\t\t\n        <div class=\"sh-overlay-style1\">\n            <div class=\"sh-table-full\">\n                                    <a href=\"https:\/\/voice-interaction.com\/tmp-web\/br\/speech-analytics-aplicado-as-areas-de-seguranca-e-corporate\/\" class=\"sh-overlay-item sh-table-cell\" title=\"Open the article - Speech analytics aplicado \u00e0s areas de seguran\u00e7a e corporate\">\n                        <div class=\"sh-overlay-item-container\">\n                            <i class=\"icon-link\"><\/i>\n                        <\/div>\n                    <\/a>\n                \n                                    <a href=\"https:\/\/voice-interaction.com\/tmp-web\/wp-content\/uploads\/2017\/06\/vi-news-systems-1024x647.png\" class=\"sh-overlay-item sh-table-cell\" data-rel=\"lightcase\">\n                        <div class=\"sh-overlay-item-container\">\n                            <i class=\"icon-magnifier-add\"><\/i>\n                        <\/div>\n                    <\/a>\n                            <\/div>\n        <\/div>\n\n    \t\t\t<\/div>\n\n\t\t\t<div class=\"post-content-container\">\n\t\t\t\t<a href=\"https:\/\/voice-interaction.com\/tmp-web\/br\/speech-analytics-aplicado-as-areas-de-seguranca-e-corporate\/\" class=\"post-title\">\n\t\t\t\t\t<h2>\n\t\t\t\t\t\t\t\t\t\t\t\tSpeech analytics aplicado \u00e0s areas de seguran\u00e7a e corporate\t\t\t\t\t<\/h2>\n\t\t\t\t<\/a>\n\n\t\t\t\t<div class=\"post-meta post-meta-one\">\n\t\t\t\t\t\n        <span class=\"post-meta-author\">\n            by            <a href=\"https:\/\/voice-interaction.com\/tmp-web\/br\/author\/ritaferreira\/\" class=\"bypostauthor\" itemprop=\"url\" rel=\"author\">\n                ritaferreira            <\/a>\n        <\/span>\n\n                    <time class=\"updated semantic\" itemprop=\"dateModified\" datetime=\"2017-11-24T15:33:00+00:00\"><\/time>\n            <a href=\"https:\/\/voice-interaction.com\/tmp-web\/br\/speech-analytics-aplicado-as-areas-de-seguranca-e-corporate\/\" class=\"post-meta-date sh-default-color\">junho 20, 2017<\/a>\n        \n    \t\t\t\t<\/div>\n\n\t\t\t\t<div class=\"post-content\">\n\t\t\t\t\t<p>A VoiceInteraction instalou o software CMS em\u00a0v\u00e1rios clientes nas \u00e1rea\u00a0de seguran\u00e7a e corporate, com o objetivo&#8230;<\/p>\n\t\t\t\t<\/div>\n\n\t\t\t\t<div class=\"post-meta post-meta-two\">\n\t\t\t\t\t\n        <div class=\"sh-columns post-meta-comments\">\n            <span class=\"post-meta-categories\">\n                <i class=\"icon-tag\"><\/i>\n                <a href=\"https:\/\/voice-interaction.com\/tmp-web\/br\/category\/empresa\/noticias-empresa\/\" rel=\"category tag\">Not\u00edcias Empresa<\/a>, <a href=\"https:\/\/voice-interaction.com\/tmp-web\/br\/category\/solucoes\/\" rel=\"category tag\">Solu\u00e7\u00f5es<\/a>            <\/span>\n\n                            <div><\/div>\n                    <\/div>\n\n    \t\t\t\t<\/div>\n\t\t\t<\/div>\n\n\t\t<\/div>\n\t<\/article>\n\n\n\n\t<article id=\"post-3066\" class=\"post-item post-3066 post type-post status-publish format-standard has-post-thumbnail hentry category-noticias-empresa category-solucoes\">\n\t\t<div class=\"post-container\">\n\t\t\t\n\t\t\t<div class=\"post-meta-thumb\">\n\t\t\t\t<img loading=\"lazy\" decoding=\"async\" width=\"1024\" height=\"356\" src=\"https:\/\/voice-interaction.com\/tmp-web\/wp-content\/uploads\/2017\/04\/voiceinteraction-bck-5-1024x356.jpg\" class=\"attachment-large size-large wp-post-image\" alt=\"\" srcset=\"https:\/\/voice-interaction.com\/tmp-web\/wp-content\/uploads\/2017\/04\/voiceinteraction-bck-5-1024x356.jpg 1024w, https:\/\/voice-interaction.com\/tmp-web\/wp-content\/uploads\/2017\/04\/voiceinteraction-bck-5-300x104.jpg 300w, https:\/\/voice-interaction.com\/tmp-web\/wp-content\/uploads\/2017\/04\/voiceinteraction-bck-5-768x267.jpg 768w, https:\/\/voice-interaction.com\/tmp-web\/wp-content\/uploads\/2017\/04\/voiceinteraction-bck-5.jpg 1440w\" sizes=\"auto, (max-width: 1024px) 100vw, 1024px\" \/>\t\t\t\t\n        <div class=\"sh-overlay-style1\">\n            <div class=\"sh-table-full\">\n                                    <a href=\"https:\/\/voice-interaction.com\/tmp-web\/br\/transcrevendo-atas-de-reunioes-com-solucoes-automaticas\/\" class=\"sh-overlay-item sh-table-cell\" title=\"Open the article - Transcrevendo atas de reuni\u00f5es utilizando solu\u00e7\u00f5es autom\u00e1ticas\">\n                        <div class=\"sh-overlay-item-container\">\n                            <i class=\"icon-link\"><\/i>\n                        <\/div>\n                    <\/a>\n                \n                                    <a href=\"https:\/\/voice-interaction.com\/tmp-web\/wp-content\/uploads\/2017\/04\/voiceinteraction-bck-5-1024x356.jpg\" class=\"sh-overlay-item sh-table-cell\" data-rel=\"lightcase\">\n                        <div class=\"sh-overlay-item-container\">\n                            <i class=\"icon-magnifier-add\"><\/i>\n                        <\/div>\n                    <\/a>\n                            <\/div>\n        <\/div>\n\n    \t\t\t<\/div>\n\n\t\t\t<div class=\"post-content-container\">\n\t\t\t\t<a href=\"https:\/\/voice-interaction.com\/tmp-web\/br\/transcrevendo-atas-de-reunioes-com-solucoes-automaticas\/\" class=\"post-title\">\n\t\t\t\t\t<h2>\n\t\t\t\t\t\t\t\t\t\t\t\tTranscrevendo atas de reuni\u00f5es utilizando solu\u00e7\u00f5es autom\u00e1ticas\t\t\t\t\t<\/h2>\n\t\t\t\t<\/a>\n\n\t\t\t\t<div class=\"post-meta post-meta-one\">\n\t\t\t\t\t\n        <span class=\"post-meta-author\">\n            by            <a href=\"https:\/\/voice-interaction.com\/tmp-web\/br\/author\/ritaferreira\/\" class=\"bypostauthor\" itemprop=\"url\" rel=\"author\">\n                ritaferreira            <\/a>\n        <\/span>\n\n                    <time class=\"updated semantic\" itemprop=\"dateModified\" datetime=\"2017-11-17T18:03:57+00:00\"><\/time>\n            <a href=\"https:\/\/voice-interaction.com\/tmp-web\/br\/transcrevendo-atas-de-reunioes-com-solucoes-automaticas\/\" class=\"post-meta-date sh-default-color\">junho 20, 2017<\/a>\n        \n    \t\t\t\t<\/div>\n\n\t\t\t\t<div class=\"post-content\">\n\t\t\t\t\t<p>Voc\u00ea trabalha em uma institui\u00e7\u00e3o judicial ou pol\u00edtica e precisa produzir minutas para cada reuni\u00e3o?\u00a0A VoiceInteraction&#8230;<\/p>\n\t\t\t\t<\/div>\n\n\t\t\t\t<div class=\"post-meta post-meta-two\">\n\t\t\t\t\t\n        <div class=\"sh-columns post-meta-comments\">\n            <span class=\"post-meta-categories\">\n                <i class=\"icon-tag\"><\/i>\n                <a href=\"https:\/\/voice-interaction.com\/tmp-web\/br\/category\/empresa\/noticias-empresa\/\" rel=\"category tag\">Not\u00edcias Empresa<\/a>, <a href=\"https:\/\/voice-interaction.com\/tmp-web\/br\/category\/solucoes\/\" rel=\"category tag\">Solu\u00e7\u00f5es<\/a>            <\/span>\n\n                            <div><\/div>\n                    <\/div>\n\n    \t\t\t\t<\/div>\n\t\t\t<\/div>\n\n\t\t<\/div>\n\t<\/article>\n\n\n\n\t<article id=\"post-3065\" class=\"post-item post-3065 post type-post status-publish format-standard has-post-thumbnail hentry category-broadcast-midia category-eventos-br tag-set-expo_br\">\n\t\t<div class=\"post-container\">\n\t\t\t\n\t\t\t<div class=\"post-meta-thumb\">\n\t\t\t\t<img loading=\"lazy\" decoding=\"async\" width=\"900\" height=\"320\" src=\"https:\/\/voice-interaction.com\/tmp-web\/wp-content\/uploads\/2017\/06\/VI-SETExpo-2017_banner-site_PT.png\" class=\"attachment-large size-large wp-post-image\" alt=\"\" srcset=\"https:\/\/voice-interaction.com\/tmp-web\/wp-content\/uploads\/2017\/06\/VI-SETExpo-2017_banner-site_PT.png 900w, https:\/\/voice-interaction.com\/tmp-web\/wp-content\/uploads\/2017\/06\/VI-SETExpo-2017_banner-site_PT-300x107.png 300w, https:\/\/voice-interaction.com\/tmp-web\/wp-content\/uploads\/2017\/06\/VI-SETExpo-2017_banner-site_PT-768x273.png 768w\" sizes=\"auto, (max-width: 900px) 100vw, 900px\" \/>\t\t\t\t\n        <div class=\"sh-overlay-style1\">\n            <div class=\"sh-table-full\">\n                                    <a href=\"https:\/\/voice-interaction.com\/tmp-web\/br\/proxima-paragem-set-expo-sao-paulo\/\" class=\"sh-overlay-item sh-table-cell\" title=\"Open the article - Pr\u00f3xima Paragem: SET Expo, S\u00e3o Paulo.\">\n                        <div class=\"sh-overlay-item-container\">\n                            <i class=\"icon-link\"><\/i>\n                        <\/div>\n                    <\/a>\n                \n                                    <a href=\"https:\/\/voice-interaction.com\/tmp-web\/wp-content\/uploads\/2017\/06\/VI-SETExpo-2017_banner-site_PT.png\" class=\"sh-overlay-item sh-table-cell\" data-rel=\"lightcase\">\n                        <div class=\"sh-overlay-item-container\">\n                            <i class=\"icon-magnifier-add\"><\/i>\n                        <\/div>\n                    <\/a>\n                            <\/div>\n        <\/div>\n\n    \t\t\t<\/div>\n\n\t\t\t<div class=\"post-content-container\">\n\t\t\t\t<a href=\"https:\/\/voice-interaction.com\/tmp-web\/br\/proxima-paragem-set-expo-sao-paulo\/\" class=\"post-title\">\n\t\t\t\t\t<h2>\n\t\t\t\t\t\t\t\t\t\t\t\tPr\u00f3xima Paragem: SET Expo, S\u00e3o Paulo.\t\t\t\t\t<\/h2>\n\t\t\t\t<\/a>\n\n\t\t\t\t<div class=\"post-meta post-meta-one\">\n\t\t\t\t\t\n        <span class=\"post-meta-author\">\n            by            <a href=\"https:\/\/voice-interaction.com\/tmp-web\/br\/author\/ritaferreira\/\" class=\"bypostauthor\" itemprop=\"url\" rel=\"author\">\n                ritaferreira            <\/a>\n        <\/span>\n\n                    <time class=\"updated semantic\" itemprop=\"dateModified\" datetime=\"2017-12-14T16:26:39+00:00\"><\/time>\n            <a href=\"https:\/\/voice-interaction.com\/tmp-web\/br\/proxima-paragem-set-expo-sao-paulo\/\" class=\"post-meta-date sh-default-color\">junho 16, 2017<\/a>\n        \n    \t\t\t\t<\/div>\n\n\t\t\t\t<div class=\"post-content\">\n\t\t\t\t\t<p>A cidade de S\u00e3o Paulo \u00e9 considerada uma das cidades mais globalizadas do mundo. Talvez seja&#8230;<\/p>\n\t\t\t\t<\/div>\n\n\t\t\t\t<div class=\"post-meta post-meta-two\">\n\t\t\t\t\t\n        <div class=\"sh-columns post-meta-comments\">\n            <span class=\"post-meta-categories\">\n                <i class=\"icon-tag\"><\/i>\n                <a href=\"https:\/\/voice-interaction.com\/tmp-web\/br\/category\/industrias_br\/broadcast-midia\/\" rel=\"category tag\">Broadcast &amp; M\u00eddia<\/a>, <a href=\"https:\/\/voice-interaction.com\/tmp-web\/br\/category\/empresa\/eventos-br\/\" rel=\"category tag\">Eventos<\/a>            <\/span>\n\n                            <div><\/div>\n                    <\/div>\n\n    \t\t\t\t<\/div>\n\t\t\t<\/div>\n\n\t\t<\/div>\n\t<\/article>\n\n\n\n\t<article id=\"post-2783\" class=\"post-item post-2783 post type-post status-publish format-standard has-post-thumbnail hentry category-legendagem category-noticias-empresa\">\n\t\t<div class=\"post-container\">\n\t\t\t\n\t\t\t<div class=\"post-meta-thumb\">\n\t\t\t\t<img loading=\"lazy\" decoding=\"async\" width=\"280\" height=\"189\" src=\"https:\/\/voice-interaction.com\/tmp-web\/wp-content\/uploads\/2017\/03\/vi-img-news-03-e1519660541543.jpg\" class=\"attachment-large size-large wp-post-image\" alt=\"\" \/>\t\t\t\t\n        <div class=\"sh-overlay-style1\">\n            <div class=\"sh-table-full\">\n                                    <a href=\"https:\/\/voice-interaction.com\/tmp-web\/br\/brasil-como-referencia-para-outros-mercados-chave\/\" class=\"sh-overlay-item sh-table-cell\" title=\"Open the article - O Brasil como refer\u00eancia para outros mercados-chave\">\n                        <div class=\"sh-overlay-item-container\">\n                            <i class=\"icon-link\"><\/i>\n                        <\/div>\n                    <\/a>\n                \n                                    <a href=\"https:\/\/voice-interaction.com\/tmp-web\/wp-content\/uploads\/2017\/03\/vi-img-news-03-e1519660541543.jpg\" class=\"sh-overlay-item sh-table-cell\" data-rel=\"lightcase\">\n                        <div class=\"sh-overlay-item-container\">\n                            <i class=\"icon-magnifier-add\"><\/i>\n                        <\/div>\n                    <\/a>\n                            <\/div>\n        <\/div>\n\n    \t\t\t<\/div>\n\n\t\t\t<div class=\"post-content-container\">\n\t\t\t\t<a href=\"https:\/\/voice-interaction.com\/tmp-web\/br\/brasil-como-referencia-para-outros-mercados-chave\/\" class=\"post-title\">\n\t\t\t\t\t<h2>\n\t\t\t\t\t\t\t\t\t\t\t\tO Brasil como refer\u00eancia para outros mercados-chave\t\t\t\t\t<\/h2>\n\t\t\t\t<\/a>\n\n\t\t\t\t<div class=\"post-meta post-meta-one\">\n\t\t\t\t\t\n        <span class=\"post-meta-author\">\n            by            <a href=\"https:\/\/voice-interaction.com\/tmp-web\/br\/author\/ritaferreira\/\" class=\"bypostauthor\" itemprop=\"url\" rel=\"author\">\n                ritaferreira            <\/a>\n        <\/span>\n\n                    <time class=\"updated semantic\" itemprop=\"dateModified\" datetime=\"2017-11-21T15:32:22+00:00\"><\/time>\n            <a href=\"https:\/\/voice-interaction.com\/tmp-web\/br\/brasil-como-referencia-para-outros-mercados-chave\/\" class=\"post-meta-date sh-default-color\">mar\u00e7o 6, 2017<\/a>\n        \n    \t\t\t\t<\/div>\n\n\t\t\t\t<div class=\"post-content\">\n\t\t\t\t\t<p>A VoiceInteraction alcan\u00e7a mais um marco hist\u00f3rico:\u00a0100 emissoras clientes no Brasil e pa\u00edses da Am\u00e9rica Latina&#8230;<\/p>\n\t\t\t\t<\/div>\n\n\t\t\t\t<div class=\"post-meta post-meta-two\">\n\t\t\t\t\t\n        <div class=\"sh-columns post-meta-comments\">\n            <span class=\"post-meta-categories\">\n                <i class=\"icon-tag\"><\/i>\n                <a href=\"https:\/\/voice-interaction.com\/tmp-web\/br\/category\/solucoes\/legendagem\/\" rel=\"category tag\">Legendagem<\/a>, <a href=\"https:\/\/voice-interaction.com\/tmp-web\/br\/category\/empresa\/noticias-empresa\/\" rel=\"category tag\">Not\u00edcias Empresa<\/a>            <\/span>\n\n                            <div><\/div>\n                    <\/div>\n\n    \t\t\t\t<\/div>\n\t\t\t<\/div>\n\n\t\t<\/div>\n\t<\/article>\n\n\n\n\t<article id=\"post-2780\" class=\"post-item post-2780 post type-post status-publish format-standard hentry category-governo category-transcricao-br tag-audimus-server-br\">\n\t\t<div class=\"post-container\">\n\t\t\t\n\t\t\t<div class=\"post-meta-thumb\">\n\t\t\t\t\t\t\t\t\n        <div class=\"sh-overlay-style1\">\n            <div class=\"sh-table-full\">\n                                    <a href=\"https:\/\/voice-interaction.com\/tmp-web\/br\/mms-be\/\" class=\"sh-overlay-item sh-table-cell\" title=\"Open the article - Transcri\u00e7\u00e3o Autom\u00e1tica para Produ\u00e7\u00e3o de Atas\">\n                        <div class=\"sh-overlay-item-container\">\n                            <i class=\"icon-link\"><\/i>\n                        <\/div>\n                    <\/a>\n                \n                                    <a href=\"https:\/\/voice-interaction.com\/tmp-web\/br\/mms-be\/\" class=\"sh-overlay-item sh-table-cell\" data-rel=\"lightcase\">\n                        <div class=\"sh-overlay-item-container\">\n                            <i class=\"icon-magnifier-add\"><\/i>\n                        <\/div>\n                    <\/a>\n                            <\/div>\n        <\/div>\n\n    \t\t\t<\/div>\n\n\t\t\t<div class=\"post-content-container\">\n\t\t\t\t<a href=\"https:\/\/voice-interaction.com\/tmp-web\/br\/mms-be\/\" class=\"post-title\">\n\t\t\t\t\t<h2>\n\t\t\t\t\t\t\t\t\t\t\t\tTranscri\u00e7\u00e3o Autom\u00e1tica para Produ\u00e7\u00e3o de Atas\t\t\t\t\t<\/h2>\n\t\t\t\t<\/a>\n\n\t\t\t\t<div class=\"post-meta post-meta-one\">\n\t\t\t\t\t\n        <span class=\"post-meta-author\">\n            by            <a href=\"https:\/\/voice-interaction.com\/tmp-web\/br\/author\/ritaferreira\/\" class=\"bypostauthor\" itemprop=\"url\" rel=\"author\">\n                ritaferreira            <\/a>\n        <\/span>\n\n                    <time class=\"updated semantic\" itemprop=\"dateModified\" datetime=\"2017-11-21T15:33:59+00:00\"><\/time>\n            <a href=\"https:\/\/voice-interaction.com\/tmp-web\/br\/mms-be\/\" class=\"post-meta-date sh-default-color\">mar\u00e7o 6, 2017<\/a>\n        \n    \t\t\t\t<\/div>\n\n\t\t\t\t<div class=\"post-content\">\n\t\t\t\t\t<p>A VoiceInteraction Brasil est\u00e1 promovendo uma iniciativa junto as\u00a0c\u00e2maras e assembleias\u00a0para que estas testem o Audimus.Server,&#8230;<\/p>\n\t\t\t\t<\/div>\n\n\t\t\t\t<div class=\"post-meta post-meta-two\">\n\t\t\t\t\t\n        <div class=\"sh-columns post-meta-comments\">\n            <span class=\"post-meta-categories\">\n                <i class=\"icon-tag\"><\/i>\n                <a href=\"https:\/\/voice-interaction.com\/tmp-web\/br\/category\/industrias_br\/governo\/\" rel=\"category tag\">Governo<\/a>, <a href=\"https:\/\/voice-interaction.com\/tmp-web\/br\/category\/solucoes\/transcricao-br\/\" rel=\"category tag\">Transcri\u00e7\u00e3o<\/a>            <\/span>\n\n                            <div><\/div>\n                    <\/div>\n\n    \t\t\t\t<\/div>\n\t\t\t<\/div>\n\n\t\t<\/div>\n\t<\/article>\n\n\n\n\t<article id=\"post-2778\" class=\"post-item post-2778 post type-post status-publish format-standard has-post-thumbnail hentry category-broadcast-midia category-monitoramento-de-midia-broadcast tag-mms-broadcast-br\">\n\t\t<div class=\"post-container\">\n\t\t\t\n\t\t\t<div class=\"post-meta-thumb\">\n\t\t\t\t<img loading=\"lazy\" decoding=\"async\" width=\"260\" height=\"176\" src=\"https:\/\/voice-interaction.com\/tmp-web\/wp-content\/uploads\/2017\/10\/vi-img-news-02-1-e1511278675571.jpg\" class=\"attachment-large size-large wp-post-image\" alt=\"\" \/>\t\t\t\t\n        <div class=\"sh-overlay-style1\">\n            <div class=\"sh-table-full\">\n                                    <a href=\"https:\/\/voice-interaction.com\/tmp-web\/br\/emissoras-do-brasil-testam-o-mms-edicao-broadcast\/\" class=\"sh-overlay-item sh-table-cell\" title=\"Open the article - Emissoras do Brasil testam o MMS Edi\u00e7\u00e3o Broadcast\">\n                        <div class=\"sh-overlay-item-container\">\n                            <i class=\"icon-link\"><\/i>\n                        <\/div>\n                    <\/a>\n                \n                                    <a href=\"https:\/\/voice-interaction.com\/tmp-web\/wp-content\/uploads\/2017\/10\/vi-img-news-02-1-e1511278675571.jpg\" class=\"sh-overlay-item sh-table-cell\" data-rel=\"lightcase\">\n                        <div class=\"sh-overlay-item-container\">\n                            <i class=\"icon-magnifier-add\"><\/i>\n                        <\/div>\n                    <\/a>\n                            <\/div>\n        <\/div>\n\n    \t\t\t<\/div>\n\n\t\t\t<div class=\"post-content-container\">\n\t\t\t\t<a href=\"https:\/\/voice-interaction.com\/tmp-web\/br\/emissoras-do-brasil-testam-o-mms-edicao-broadcast\/\" class=\"post-title\">\n\t\t\t\t\t<h2>\n\t\t\t\t\t\t\t\t\t\t\t\tEmissoras do Brasil testam o MMS Edi\u00e7\u00e3o Broadcast\t\t\t\t\t<\/h2>\n\t\t\t\t<\/a>\n\n\t\t\t\t<div class=\"post-meta post-meta-one\">\n\t\t\t\t\t\n        <span class=\"post-meta-author\">\n            by            <a href=\"https:\/\/voice-interaction.com\/tmp-web\/br\/author\/ritaferreira\/\" class=\"bypostauthor\" itemprop=\"url\" rel=\"author\">\n                ritaferreira            <\/a>\n        <\/span>\n\n                    <time class=\"updated semantic\" itemprop=\"dateModified\" datetime=\"2017-11-21T15:39:28+00:00\"><\/time>\n            <a href=\"https:\/\/voice-interaction.com\/tmp-web\/br\/emissoras-do-brasil-testam-o-mms-edicao-broadcast\/\" class=\"post-meta-date sh-default-color\">mar\u00e7o 6, 2017<\/a>\n        \n    \t\t\t\t<\/div>\n\n\t\t\t\t<div class=\"post-content\">\n\t\t\t\t\t<p>Depois de apresentado ao mercado brasileiro em Janeiro, o nosso sistema de monitoramento de m\u00eddia &#8211;&#8230;<\/p>\n\t\t\t\t<\/div>\n\n\t\t\t\t<div class=\"post-meta post-meta-two\">\n\t\t\t\t\t\n        <div class=\"sh-columns post-meta-comments\">\n            <span class=\"post-meta-categories\">\n                <i class=\"icon-tag\"><\/i>\n                <a href=\"https:\/\/voice-interaction.com\/tmp-web\/br\/category\/industrias_br\/broadcast-midia\/\" rel=\"category tag\">Broadcast &amp; M\u00eddia<\/a>, <a href=\"https:\/\/voice-interaction.com\/tmp-web\/br\/category\/solucoes\/monitoramento-de-midia-broadcast\/\" rel=\"category tag\">Monitoramento de M\u00eddia - Broadcast<\/a>            <\/span>\n\n                            <div><\/div>\n                    <\/div>\n\n    \t\t\t\t<\/div>\n\t\t\t<\/div>\n\n\t\t<\/div>\n\t<\/article>\n\n\n\n\t<article id=\"post-2776\" class=\"post-item post-2776 post type-post status-publish format-standard has-post-thumbnail hentry category-broadcast-midia category-eventos-br tag-nab-br\">\n\t\t<div class=\"post-container\">\n\t\t\t\n\t\t\t<div class=\"post-meta-thumb\">\n\t\t\t\t<img loading=\"lazy\" decoding=\"async\" width=\"260\" height=\"131\" src=\"https:\/\/voice-interaction.com\/tmp-web\/wp-content\/uploads\/2017\/03\/vi-img-news-05-1-e1511278884262.png\" class=\"attachment-large size-large wp-post-image\" alt=\"\" \/>\t\t\t\t\n        <div class=\"sh-overlay-style1\">\n            <div class=\"sh-table-full\">\n                                    <a href=\"https:\/\/voice-interaction.com\/tmp-web\/br\/nab\/\" class=\"sh-overlay-item sh-table-cell\" title=\"Open the article - A VoiceInteraction Brasil demonstra solu\u00e7\u00f5es de closed captioning e monitoramento de m\u00eddia na NABShow 2017\">\n                        <div class=\"sh-overlay-item-container\">\n                            <i class=\"icon-link\"><\/i>\n                        <\/div>\n                    <\/a>\n                \n                                    <a href=\"https:\/\/voice-interaction.com\/tmp-web\/wp-content\/uploads\/2017\/03\/vi-img-news-05-1-e1511278884262.png\" class=\"sh-overlay-item sh-table-cell\" data-rel=\"lightcase\">\n                        <div class=\"sh-overlay-item-container\">\n                            <i class=\"icon-magnifier-add\"><\/i>\n                        <\/div>\n                    <\/a>\n                            <\/div>\n        <\/div>\n\n    \t\t\t<\/div>\n\n\t\t\t<div class=\"post-content-container\">\n\t\t\t\t<a href=\"https:\/\/voice-interaction.com\/tmp-web\/br\/nab\/\" class=\"post-title\">\n\t\t\t\t\t<h2>\n\t\t\t\t\t\t\t\t\t\t\t\tA VoiceInteraction Brasil demonstra solu\u00e7\u00f5es de closed captioning e monitoramento de m\u00eddia na NABShow 2017\t\t\t\t\t<\/h2>\n\t\t\t\t<\/a>\n\n\t\t\t\t<div class=\"post-meta post-meta-one\">\n\t\t\t\t\t\n        <span class=\"post-meta-author\">\n            by            <a href=\"https:\/\/voice-interaction.com\/tmp-web\/br\/author\/ritaferreira\/\" class=\"bypostauthor\" itemprop=\"url\" rel=\"author\">\n                ritaferreira            <\/a>\n        <\/span>\n\n                    <time class=\"updated semantic\" itemprop=\"dateModified\" datetime=\"2017-11-21T15:42:41+00:00\"><\/time>\n            <a href=\"https:\/\/voice-interaction.com\/tmp-web\/br\/nab\/\" class=\"post-meta-date sh-default-color\">mar\u00e7o 6, 2017<\/a>\n        \n    \t\t\t\t<\/div>\n\n\t\t\t\t<div class=\"post-content\">\n\t\t\t\t\t<p>\u00a0 De 24 a 27 de Abril, a VoiceInteraction Brasil estar\u00e1 em Las Vegas para apresentar&#8230;<\/p>\n\t\t\t\t<\/div>\n\n\t\t\t\t<div class=\"post-meta post-meta-two\">\n\t\t\t\t\t\n        <div class=\"sh-columns post-meta-comments\">\n            <span class=\"post-meta-categories\">\n                <i class=\"icon-tag\"><\/i>\n                <a href=\"https:\/\/voice-interaction.com\/tmp-web\/br\/category\/industrias_br\/broadcast-midia\/\" rel=\"category tag\">Broadcast &amp; M\u00eddia<\/a>, <a href=\"https:\/\/voice-interaction.com\/tmp-web\/br\/category\/empresa\/eventos-br\/\" rel=\"category tag\">Eventos<\/a>            <\/span>\n\n                            <div><\/div>\n                    <\/div>\n\n    \t\t\t\t<\/div>\n\t\t\t<\/div>\n\n\t\t<\/div>\n\t<\/article>\n\n\n\n\t<article id=\"post-2866\" class=\"post-item post-2866 post type-post status-publish format-standard has-post-thumbnail hentry category-empresarial-br category-speech-analytics-br\">\n\t\t<div class=\"post-container\">\n\t\t\t\n\t\t\t<div class=\"post-meta-thumb\">\n\t\t\t\t<img loading=\"lazy\" decoding=\"async\" width=\"280\" height=\"189\" src=\"https:\/\/voice-interaction.com\/tmp-web\/wp-content\/uploads\/2017\/03\/vi-img-news-01-e1519660704980.jpg\" class=\"attachment-large size-large wp-post-image\" alt=\"\" \/>\t\t\t\t\n        <div class=\"sh-overlay-style1\">\n            <div class=\"sh-table-full\">\n                                    <a href=\"https:\/\/voice-interaction.com\/tmp-web\/br\/cms-o-software-de-speech-analytics-que-precisa-conhecer\/\" class=\"sh-overlay-item sh-table-cell\" title=\"Open the article - CMS: o software de Speech Analytics que precisa conhecer\">\n                        <div class=\"sh-overlay-item-container\">\n                            <i class=\"icon-link\"><\/i>\n                        <\/div>\n                    <\/a>\n                \n                                    <a href=\"https:\/\/voice-interaction.com\/tmp-web\/wp-content\/uploads\/2017\/03\/vi-img-news-01-e1519660704980.jpg\" class=\"sh-overlay-item sh-table-cell\" data-rel=\"lightcase\">\n                        <div class=\"sh-overlay-item-container\">\n                            <i class=\"icon-magnifier-add\"><\/i>\n                        <\/div>\n                    <\/a>\n                            <\/div>\n        <\/div>\n\n    \t\t\t<\/div>\n\n\t\t\t<div class=\"post-content-container\">\n\t\t\t\t<a href=\"https:\/\/voice-interaction.com\/tmp-web\/br\/cms-o-software-de-speech-analytics-que-precisa-conhecer\/\" class=\"post-title\">\n\t\t\t\t\t<h2>\n\t\t\t\t\t\t\t\t\t\t\t\tCMS: o software de Speech Analytics que precisa conhecer\t\t\t\t\t<\/h2>\n\t\t\t\t<\/a>\n\n\t\t\t\t<div class=\"post-meta post-meta-one\">\n\t\t\t\t\t\n        <span class=\"post-meta-author\">\n            by            <a href=\"https:\/\/voice-interaction.com\/tmp-web\/br\/author\/ritaferreira\/\" class=\"bypostauthor\" itemprop=\"url\" rel=\"author\">\n                ritaferreira            <\/a>\n        <\/span>\n\n                    <time class=\"updated semantic\" itemprop=\"dateModified\" datetime=\"2017-11-21T15:44:09+00:00\"><\/time>\n            <a href=\"https:\/\/voice-interaction.com\/tmp-web\/br\/cms-o-software-de-speech-analytics-que-precisa-conhecer\/\" class=\"post-meta-date sh-default-color\">mar\u00e7o 6, 2017<\/a>\n        \n    \t\t\t\t<\/div>\n\n\t\t\t\t<div class=\"post-content\">\n\t\t\t\t\t<p>O CMS foi desenvolvido tendo por base uma tecnologia inovadora de reconhecimento autom\u00e1tico de fala (ASR)&#8230;<\/p>\n\t\t\t\t<\/div>\n\n\t\t\t\t<div class=\"post-meta post-meta-two\">\n\t\t\t\t\t\n        <div class=\"sh-columns post-meta-comments\">\n            <span class=\"post-meta-categories\">\n                <i class=\"icon-tag\"><\/i>\n                <a href=\"https:\/\/voice-interaction.com\/tmp-web\/br\/category\/industrias_br\/empresarial-br\/\" rel=\"category tag\">Empresarial<\/a>, <a href=\"https:\/\/voice-interaction.com\/tmp-web\/br\/category\/solucoes\/speech-analytics-br\/\" rel=\"category tag\">Speech Analytics<\/a>            <\/span>\n\n                            <div><\/div>\n                    <\/div>\n\n    \t\t\t\t<\/div>\n\t\t\t<\/div>\n\n\t\t<\/div>\n\t<\/article>\n\n\n\n\t<article id=\"post-2680\" class=\"post-item post-2680 post type-post status-publish format-standard has-post-thumbnail hentry category-noticias-empresa\">\n\t\t<div class=\"post-container\">\n\t\t\t\n\t\t\t<div class=\"post-meta-thumb\">\n\t\t\t\t<img loading=\"lazy\" decoding=\"async\" width=\"280\" height=\"88\" src=\"https:\/\/voice-interaction.com\/tmp-web\/wp-content\/uploads\/2017\/02\/vi-img-news-001-1-e1519663767213.jpg\" class=\"attachment-large size-large wp-post-image\" alt=\"\" \/>\t\t\t\t\n        <div class=\"sh-overlay-style1\">\n            <div class=\"sh-table-full\">\n                                    <a href=\"https:\/\/voice-interaction.com\/tmp-web\/br\/um-olhar-sobre-2016-e-prospecoes-para-o-futuro\/\" class=\"sh-overlay-item sh-table-cell\" title=\"Open the article - Um Olhar Sobre 2016 e Prospe\u00e7\u00f5es para o Futuro\">\n                        <div class=\"sh-overlay-item-container\">\n                            <i class=\"icon-link\"><\/i>\n                        <\/div>\n                    <\/a>\n                \n                                    <a href=\"https:\/\/voice-interaction.com\/tmp-web\/wp-content\/uploads\/2017\/02\/vi-img-news-001-1-e1519663767213.jpg\" class=\"sh-overlay-item sh-table-cell\" data-rel=\"lightcase\">\n                        <div class=\"sh-overlay-item-container\">\n                            <i class=\"icon-magnifier-add\"><\/i>\n                        <\/div>\n                    <\/a>\n                            <\/div>\n        <\/div>\n\n    \t\t\t<\/div>\n\n\t\t\t<div class=\"post-content-container\">\n\t\t\t\t<a href=\"https:\/\/voice-interaction.com\/tmp-web\/br\/um-olhar-sobre-2016-e-prospecoes-para-o-futuro\/\" class=\"post-title\">\n\t\t\t\t\t<h2>\n\t\t\t\t\t\t\t\t\t\t\t\tUm Olhar Sobre 2016 e Prospe\u00e7\u00f5es para o Futuro\t\t\t\t\t<\/h2>\n\t\t\t\t<\/a>\n\n\t\t\t\t<div class=\"post-meta post-meta-one\">\n\t\t\t\t\t\n        <span class=\"post-meta-author\">\n            by            <a href=\"https:\/\/voice-interaction.com\/tmp-web\/br\/author\/ritaferreira\/\" class=\"bypostauthor\" itemprop=\"url\" rel=\"author\">\n                ritaferreira            <\/a>\n        <\/span>\n\n                    <time class=\"updated semantic\" itemprop=\"dateModified\" datetime=\"2017-11-21T15:45:05+00:00\"><\/time>\n            <a href=\"https:\/\/voice-interaction.com\/tmp-web\/br\/um-olhar-sobre-2016-e-prospecoes-para-o-futuro\/\" class=\"post-meta-date sh-default-color\">fevereiro 7, 2017<\/a>\n        \n    \t\t\t\t<\/div>\n\n\t\t\t\t<div class=\"post-content\">\n\t\t\t\t\t<p>No seguimento do seu projeto de internacionaliza\u00e7\u00e3o, a VoiceInteraction encerra o ano de 2016 com mais&#8230;<\/p>\n\t\t\t\t<\/div>\n\n\t\t\t\t<div class=\"post-meta post-meta-two\">\n\t\t\t\t\t\n        <div class=\"sh-columns post-meta-comments\">\n            <span class=\"post-meta-categories\">\n                <i class=\"icon-tag\"><\/i>\n                <a href=\"https:\/\/voice-interaction.com\/tmp-web\/br\/category\/empresa\/noticias-empresa\/\" rel=\"category tag\">Not\u00edcias Empresa<\/a>            <\/span>\n\n                            <div><\/div>\n                    <\/div>\n\n    \t\t\t\t<\/div>\n\t\t\t<\/div>\n\n\t\t<\/div>\n\t<\/article>\n\n\n\n\t<article id=\"post-2685\" class=\"post-item post-2685 post type-post status-publish format-standard has-post-thumbnail hentry category-noticias-empresa\">\n\t\t<div class=\"post-container\">\n\t\t\t\n\t\t\t<div class=\"post-meta-thumb\">\n\t\t\t\t<img loading=\"lazy\" decoding=\"async\" width=\"260\" height=\"180\" src=\"https:\/\/voice-interaction.com\/tmp-web\/wp-content\/uploads\/2017\/10\/vi-img-news-01-e1510601993442.jpg\" class=\"attachment-large size-large wp-post-image\" alt=\"\" \/>\t\t\t\t\n        <div class=\"sh-overlay-style1\">\n            <div class=\"sh-table-full\">\n                                    <a href=\"https:\/\/voice-interaction.com\/tmp-web\/br\/voiceinteraction-abre-escritorio-em-nova-iorque\/\" class=\"sh-overlay-item sh-table-cell\" title=\"Open the article - VoiceInteraction abre escrit\u00f3rio em Nova Iorque\">\n                        <div class=\"sh-overlay-item-container\">\n                            <i class=\"icon-link\"><\/i>\n                        <\/div>\n                    <\/a>\n                \n                                    <a href=\"https:\/\/voice-interaction.com\/tmp-web\/wp-content\/uploads\/2017\/10\/vi-img-news-01-e1510601993442.jpg\" class=\"sh-overlay-item sh-table-cell\" data-rel=\"lightcase\">\n                        <div class=\"sh-overlay-item-container\">\n                            <i class=\"icon-magnifier-add\"><\/i>\n                        <\/div>\n                    <\/a>\n                            <\/div>\n        <\/div>\n\n    \t\t\t<\/div>\n\n\t\t\t<div class=\"post-content-container\">\n\t\t\t\t<a href=\"https:\/\/voice-interaction.com\/tmp-web\/br\/voiceinteraction-abre-escritorio-em-nova-iorque\/\" class=\"post-title\">\n\t\t\t\t\t<h2>\n\t\t\t\t\t\t\t\t\t\t\t\tVoiceInteraction abre escrit\u00f3rio em Nova Iorque\t\t\t\t\t<\/h2>\n\t\t\t\t<\/a>\n\n\t\t\t\t<div class=\"post-meta post-meta-one\">\n\t\t\t\t\t\n        <span class=\"post-meta-author\">\n            by            <a href=\"https:\/\/voice-interaction.com\/tmp-web\/br\/author\/ritaferreira\/\" class=\"bypostauthor\" itemprop=\"url\" rel=\"author\">\n                ritaferreira            <\/a>\n        <\/span>\n\n                    <time class=\"updated semantic\" itemprop=\"dateModified\" datetime=\"2017-11-21T15:45:56+00:00\"><\/time>\n            <a href=\"https:\/\/voice-interaction.com\/tmp-web\/br\/voiceinteraction-abre-escritorio-em-nova-iorque\/\" class=\"post-meta-date sh-default-color\">fevereiro 7, 2017<\/a>\n        \n    \t\t\t\t<\/div>\n\n\t\t\t\t<div class=\"post-content\">\n\t\t\t\t\t<p>A VoiceInteraction refor\u00e7a a sua posi\u00e7\u00e3o estrat\u00e9gica nos EUA com a abertura de um novo escrit\u00f3rio&#8230;<\/p>\n\t\t\t\t<\/div>\n\n\t\t\t\t<div class=\"post-meta post-meta-two\">\n\t\t\t\t\t\n        <div class=\"sh-columns post-meta-comments\">\n            <span class=\"post-meta-categories\">\n                <i class=\"icon-tag\"><\/i>\n                <a href=\"https:\/\/voice-interaction.com\/tmp-web\/br\/category\/empresa\/noticias-empresa\/\" rel=\"category tag\">Not\u00edcias Empresa<\/a>            <\/span>\n\n                            <div><\/div>\n                    <\/div>\n\n    \t\t\t\t<\/div>\n\t\t\t<\/div>\n\n\t\t<\/div>\n\t<\/article>\n\n\n\n\t<article id=\"post-11534\" class=\"post-item post-11534 post type-post status-publish format-standard has-post-thumbnail hentry category-broadcast-midia category-monitoramento-de-midia-broadcast tag-mms-broadcast-br\">\n\t\t<div class=\"post-container\">\n\t\t\t\n\t\t\t<div class=\"post-meta-thumb\">\n\t\t\t\t<img loading=\"lazy\" decoding=\"async\" width=\"260\" height=\"194\" src=\"https:\/\/voice-interaction.com\/tmp-web\/wp-content\/uploads\/2017\/02\/vi-img-news-04-e1511279361437.jpg\" class=\"attachment-large size-large wp-post-image\" alt=\"\" \/>\t\t\t\t\n        <div class=\"sh-overlay-style1\">\n            <div class=\"sh-table-full\">\n                                    <a href=\"https:\/\/voice-interaction.com\/tmp-web\/br\/voiceinteraction-apresenta-solucao-para-monitoramento-de-midia\/\" class=\"sh-overlay-item sh-table-cell\" title=\"Open the article - VoiceInteraction apresenta solu\u00e7\u00e3o para monitoramento de m\u00eddia\">\n                        <div class=\"sh-overlay-item-container\">\n                            <i class=\"icon-link\"><\/i>\n                        <\/div>\n                    <\/a>\n                \n                                    <a href=\"https:\/\/voice-interaction.com\/tmp-web\/wp-content\/uploads\/2017\/02\/vi-img-news-04-e1511279361437.jpg\" class=\"sh-overlay-item sh-table-cell\" data-rel=\"lightcase\">\n                        <div class=\"sh-overlay-item-container\">\n                            <i class=\"icon-magnifier-add\"><\/i>\n                        <\/div>\n                    <\/a>\n                            <\/div>\n        <\/div>\n\n    \t\t\t<\/div>\n\n\t\t\t<div class=\"post-content-container\">\n\t\t\t\t<a href=\"https:\/\/voice-interaction.com\/tmp-web\/br\/voiceinteraction-apresenta-solucao-para-monitoramento-de-midia\/\" class=\"post-title\">\n\t\t\t\t\t<h2>\n\t\t\t\t\t\t\t\t\t\t\t\tVoiceInteraction apresenta solu\u00e7\u00e3o para monitoramento de m\u00eddia\t\t\t\t\t<\/h2>\n\t\t\t\t<\/a>\n\n\t\t\t\t<div class=\"post-meta post-meta-one\">\n\t\t\t\t\t\n        <span class=\"post-meta-author\">\n            by            <a href=\"https:\/\/voice-interaction.com\/tmp-web\/br\/author\/ritaferreira\/\" class=\"bypostauthor\" itemprop=\"url\" rel=\"author\">\n                ritaferreira            <\/a>\n        <\/span>\n\n                    <time class=\"updated semantic\" itemprop=\"dateModified\" datetime=\"2017-11-21T15:53:23+00:00\"><\/time>\n            <a href=\"https:\/\/voice-interaction.com\/tmp-web\/br\/voiceinteraction-apresenta-solucao-para-monitoramento-de-midia\/\" class=\"post-meta-date sh-default-color\">fevereiro 7, 2017<\/a>\n        \n    \t\t\t\t<\/div>\n\n\t\t\t\t<div class=\"post-content\">\n\t\t\t\t\t<p>Em Janeiro estivemos no Brasil para a apresenta\u00e7\u00e3o da nossa solu\u00e7\u00e3o autom\u00e1tica de monitoramento de m\u00eddia&#8230;<\/p>\n\t\t\t\t<\/div>\n\n\t\t\t\t<div class=\"post-meta post-meta-two\">\n\t\t\t\t\t\n        <div class=\"sh-columns post-meta-comments\">\n            <span class=\"post-meta-categories\">\n                <i class=\"icon-tag\"><\/i>\n                <a href=\"https:\/\/voice-interaction.com\/tmp-web\/br\/category\/industrias_br\/broadcast-midia\/\" rel=\"category tag\">Broadcast &amp; M\u00eddia<\/a>, <a href=\"https:\/\/voice-interaction.com\/tmp-web\/br\/category\/solucoes\/monitoramento-de-midia-broadcast\/\" rel=\"category tag\">Monitoramento de M\u00eddia - Broadcast<\/a>            <\/span>\n\n                            <div><\/div>\n                    <\/div>\n\n    \t\t\t\t<\/div>\n\t\t\t<\/div>\n\n\t\t<\/div>\n\t<\/article>\n\n\n\n\t<article id=\"post-2687\" class=\"post-item post-2687 post type-post status-publish format-standard has-post-thumbnail hentry category-empresarial-br category-speech-analytics-br\">\n\t\t<div class=\"post-container\">\n\t\t\t\n\t\t\t<div class=\"post-meta-thumb\">\n\t\t\t\t<img loading=\"lazy\" decoding=\"async\" width=\"280\" height=\"189\" src=\"https:\/\/voice-interaction.com\/tmp-web\/wp-content\/uploads\/2017\/03\/vi-img-news-01-e1519660704980.jpg\" class=\"attachment-large size-large wp-post-image\" alt=\"\" \/>\t\t\t\t\n        <div class=\"sh-overlay-style1\">\n            <div class=\"sh-table-full\">\n                                    <a href=\"https:\/\/voice-interaction.com\/tmp-web\/br\/speech-analytics-para-analise-de-chamadas-telefonicas-e-monitorizacao-de-qualidade-de-servico\/\" class=\"sh-overlay-item sh-table-cell\" title=\"Open the article - Speech Analytics para an\u00e1lise de chamadas telef\u00f3nicas e monitoriza\u00e7\u00e3o de qualidade de servi\u00e7o\">\n                        <div class=\"sh-overlay-item-container\">\n                            <i class=\"icon-link\"><\/i>\n                        <\/div>\n                    <\/a>\n                \n                                    <a href=\"https:\/\/voice-interaction.com\/tmp-web\/wp-content\/uploads\/2017\/03\/vi-img-news-01-e1519660704980.jpg\" class=\"sh-overlay-item sh-table-cell\" data-rel=\"lightcase\">\n                        <div class=\"sh-overlay-item-container\">\n                            <i class=\"icon-magnifier-add\"><\/i>\n                        <\/div>\n                    <\/a>\n                            <\/div>\n        <\/div>\n\n    \t\t\t<\/div>\n\n\t\t\t<div class=\"post-content-container\">\n\t\t\t\t<a href=\"https:\/\/voice-interaction.com\/tmp-web\/br\/speech-analytics-para-analise-de-chamadas-telefonicas-e-monitorizacao-de-qualidade-de-servico\/\" class=\"post-title\">\n\t\t\t\t\t<h2>\n\t\t\t\t\t\t\t\t\t\t\t\tSpeech Analytics para an\u00e1lise de chamadas telef\u00f3nicas e monitoriza\u00e7\u00e3o de qualidade de servi\u00e7o\t\t\t\t\t<\/h2>\n\t\t\t\t<\/a>\n\n\t\t\t\t<div class=\"post-meta post-meta-one\">\n\t\t\t\t\t\n        <span class=\"post-meta-author\">\n            by            <a href=\"https:\/\/voice-interaction.com\/tmp-web\/br\/author\/ritaferreira\/\" class=\"bypostauthor\" itemprop=\"url\" rel=\"author\">\n                ritaferreira            <\/a>\n        <\/span>\n\n                    <time class=\"updated semantic\" itemprop=\"dateModified\" datetime=\"2017-11-21T15:52:26+00:00\"><\/time>\n            <a href=\"https:\/\/voice-interaction.com\/tmp-web\/br\/speech-analytics-para-analise-de-chamadas-telefonicas-e-monitorizacao-de-qualidade-de-servico\/\" class=\"post-meta-date sh-default-color\">fevereiro 7, 2017<\/a>\n        \n    \t\t\t\t<\/div>\n\n\t\t\t\t<div class=\"post-content\">\n\t\t\t\t\t<p>A VoiceInteraction anuncia ao mercado uma solu\u00e7\u00e3o de Speech Analytics para an\u00e1lise de chamadas telef\u00f3nicas e&#8230;<\/p>\n\t\t\t\t<\/div>\n\n\t\t\t\t<div class=\"post-meta post-meta-two\">\n\t\t\t\t\t\n        <div class=\"sh-columns post-meta-comments\">\n            <span class=\"post-meta-categories\">\n                <i class=\"icon-tag\"><\/i>\n                <a href=\"https:\/\/voice-interaction.com\/tmp-web\/br\/category\/industrias_br\/empresarial-br\/\" rel=\"category tag\">Empresarial<\/a>, <a href=\"https:\/\/voice-interaction.com\/tmp-web\/br\/category\/solucoes\/speech-analytics-br\/\" rel=\"category tag\">Speech Analytics<\/a>            <\/span>\n\n                            <div><\/div>\n                    <\/div>\n\n    \t\t\t\t<\/div>\n\t\t\t<\/div>\n\n\t\t<\/div>\n\t<\/article>\n\n\n\n\t<article id=\"post-2645\" class=\"post-item post-2645 post type-post status-publish format-standard has-post-thumbnail hentry category-broadcast-midia category-legendagem\">\n\t\t<div class=\"post-container\">\n\t\t\t\n\t\t\t<div class=\"post-meta-thumb\">\n\t\t\t\t<img loading=\"lazy\" decoding=\"async\" width=\"100\" height=\"93\" src=\"https:\/\/voice-interaction.com\/tmp-web\/wp-content\/uploads\/2017\/04\/BAND-logo-e1520512270344.jpeg\" class=\"attachment-large size-large wp-post-image\" alt=\"\" \/>\t\t\t\t\n        <div class=\"sh-overlay-style1\">\n            <div class=\"sh-table-full\">\n                                    <a href=\"https:\/\/voice-interaction.com\/tmp-web\/br\/band-adquire-produtos-da-voiceinteraction\/\" class=\"sh-overlay-item sh-table-cell\" title=\"Open the article - BAND adquire produtos da VoiceInteraction\">\n                        <div class=\"sh-overlay-item-container\">\n                            <i class=\"icon-link\"><\/i>\n                        <\/div>\n                    <\/a>\n                \n                                    <a href=\"https:\/\/voice-interaction.com\/tmp-web\/wp-content\/uploads\/2017\/04\/BAND-logo-e1520512270344.jpeg\" class=\"sh-overlay-item sh-table-cell\" data-rel=\"lightcase\">\n                        <div class=\"sh-overlay-item-container\">\n                            <i class=\"icon-magnifier-add\"><\/i>\n                        <\/div>\n                    <\/a>\n                            <\/div>\n        <\/div>\n\n    \t\t\t<\/div>\n\n\t\t\t<div class=\"post-content-container\">\n\t\t\t\t<a href=\"https:\/\/voice-interaction.com\/tmp-web\/br\/band-adquire-produtos-da-voiceinteraction\/\" class=\"post-title\">\n\t\t\t\t\t<h2>\n\t\t\t\t\t\t\t\t\t\t\t\tBAND adquire produtos da VoiceInteraction\t\t\t\t\t<\/h2>\n\t\t\t\t<\/a>\n\n\t\t\t\t<div class=\"post-meta post-meta-one\">\n\t\t\t\t\t\n        <span class=\"post-meta-author\">\n            by            <a href=\"https:\/\/voice-interaction.com\/tmp-web\/br\/author\/fpreto\/\" class=\"bypostauthor\" itemprop=\"url\" rel=\"author\">\n                FPreto            <\/a>\n        <\/span>\n\n                    <time class=\"updated semantic\" itemprop=\"dateModified\" datetime=\"2017-11-21T15:56:11+00:00\"><\/time>\n            <a href=\"https:\/\/voice-interaction.com\/tmp-web\/br\/band-adquire-produtos-da-voiceinteraction\/\" class=\"post-meta-date sh-default-color\">julho 14, 2016<\/a>\n        \n    \t\t\t\t<\/div>\n\n\t\t\t\t<div class=\"post-content\">\n\t\t\t\t\t<p>A BAND e restantes filiadas adquiriram o Audimus.Media da VoiceInteraction, estando o sistema j\u00e1 funcionando na&#8230;<\/p>\n\t\t\t\t<\/div>\n\n\t\t\t\t<div class=\"post-meta post-meta-two\">\n\t\t\t\t\t\n        <div class=\"sh-columns post-meta-comments\">\n            <span class=\"post-meta-categories\">\n                <i class=\"icon-tag\"><\/i>\n                <a href=\"https:\/\/voice-interaction.com\/tmp-web\/br\/category\/industrias_br\/broadcast-midia\/\" rel=\"category tag\">Broadcast &amp; M\u00eddia<\/a>, <a href=\"https:\/\/voice-interaction.com\/tmp-web\/br\/category\/solucoes\/legendagem\/\" rel=\"category tag\">Legendagem<\/a>            <\/span>\n\n                            <div><\/div>\n                    <\/div>\n\n    \t\t\t\t<\/div>\n\t\t\t<\/div>\n\n\t\t<\/div>\n\t<\/article>\n\n\n\n\t<article id=\"post-2636\" class=\"post-item post-2636 post type-post status-publish format-standard has-post-thumbnail hentry category-broadcast-midia category-eventos-br tag-set-expo_br\">\n\t\t<div class=\"post-container\">\n\t\t\t\n\t\t\t<div class=\"post-meta-thumb\">\n\t\t\t\t<img loading=\"lazy\" decoding=\"async\" width=\"264\" height=\"91\" src=\"https:\/\/voice-interaction.com\/tmp-web\/wp-content\/uploads\/2016\/07\/setexpo_2016.jpg\" class=\"attachment-large size-large wp-post-image\" alt=\"\" \/>\t\t\t\t\n        <div class=\"sh-overlay-style1\">\n            <div class=\"sh-table-full\">\n                                    <a href=\"https:\/\/voice-interaction.com\/tmp-web\/br\/voiceinteraction-brasil-participa-do-set-expo-2016\/\" class=\"sh-overlay-item sh-table-cell\" title=\"Open the article - VoiceInteraction Brasil participa do SET EXPO 2016\">\n                        <div class=\"sh-overlay-item-container\">\n                            <i class=\"icon-link\"><\/i>\n                        <\/div>\n                    <\/a>\n                \n                                    <a href=\"https:\/\/voice-interaction.com\/tmp-web\/wp-content\/uploads\/2016\/07\/setexpo_2016.jpg\" class=\"sh-overlay-item sh-table-cell\" data-rel=\"lightcase\">\n                        <div class=\"sh-overlay-item-container\">\n                            <i class=\"icon-magnifier-add\"><\/i>\n                        <\/div>\n                    <\/a>\n                            <\/div>\n        <\/div>\n\n    \t\t\t<\/div>\n\n\t\t\t<div class=\"post-content-container\">\n\t\t\t\t<a href=\"https:\/\/voice-interaction.com\/tmp-web\/br\/voiceinteraction-brasil-participa-do-set-expo-2016\/\" class=\"post-title\">\n\t\t\t\t\t<h2>\n\t\t\t\t\t\t\t\t\t\t\t\tVoiceInteraction Brasil participa do SET EXPO 2016\t\t\t\t\t<\/h2>\n\t\t\t\t<\/a>\n\n\t\t\t\t<div class=\"post-meta post-meta-one\">\n\t\t\t\t\t\n        <span class=\"post-meta-author\">\n            by            <a href=\"https:\/\/voice-interaction.com\/tmp-web\/br\/author\/fpreto\/\" class=\"bypostauthor\" itemprop=\"url\" rel=\"author\">\n                FPreto            <\/a>\n        <\/span>\n\n                    <time class=\"updated semantic\" itemprop=\"dateModified\" datetime=\"2017-12-14T16:26:52+00:00\"><\/time>\n            <a href=\"https:\/\/voice-interaction.com\/tmp-web\/br\/voiceinteraction-brasil-participa-do-set-expo-2016\/\" class=\"post-meta-date sh-default-color\">julho 14, 2016<\/a>\n        \n    \t\t\t\t<\/div>\n\n\t\t\t\t<div class=\"post-content\">\n\t\t\t\t\t<p>A VoiceInteraction participar\u00e1 da 28\u00aa edi\u00e7\u00e3o do SET EXPO 2016, que acontece de 30 de agosto&#8230;<\/p>\n\t\t\t\t<\/div>\n\n\t\t\t\t<div class=\"post-meta post-meta-two\">\n\t\t\t\t\t\n        <div class=\"sh-columns post-meta-comments\">\n            <span class=\"post-meta-categories\">\n                <i class=\"icon-tag\"><\/i>\n                <a href=\"https:\/\/voice-interaction.com\/tmp-web\/br\/category\/industrias_br\/broadcast-midia\/\" rel=\"category tag\">Broadcast &amp; M\u00eddia<\/a>, <a href=\"https:\/\/voice-interaction.com\/tmp-web\/br\/category\/empresa\/eventos-br\/\" rel=\"category tag\">Eventos<\/a>            <\/span>\n\n                            <div><\/div>\n                    <\/div>\n\n    \t\t\t\t<\/div>\n\t\t\t<\/div>\n\n\t\t<\/div>\n\t<\/article>\n\n\n\n\t<article id=\"post-2543\" class=\"post-item post-2543 post type-post status-publish format-standard has-post-thumbnail hentry category-broadcast-midia category-monitoramento-de-midia-broadcast tag-mms-broadcast-br\">\n\t\t<div class=\"post-container\">\n\t\t\t\n\t\t\t<div class=\"post-meta-thumb\">\n\t\t\t\t<img loading=\"lazy\" decoding=\"async\" width=\"560\" height=\"220\" src=\"https:\/\/voice-interaction.com\/tmp-web\/wp-content\/uploads\/2017\/07\/voiceinteraction-MMS-BE-logo-01.png\" class=\"attachment-large size-large wp-post-image\" alt=\"\" srcset=\"https:\/\/voice-interaction.com\/tmp-web\/wp-content\/uploads\/2017\/07\/voiceinteraction-MMS-BE-logo-01.png 560w, https:\/\/voice-interaction.com\/tmp-web\/wp-content\/uploads\/2017\/07\/voiceinteraction-MMS-BE-logo-01-300x118.png 300w\" sizes=\"auto, (max-width: 560px) 100vw, 560px\" \/>\t\t\t\t\n        <div class=\"sh-overlay-style1\">\n            <div class=\"sh-table-full\">\n                                    <a href=\"https:\/\/voice-interaction.com\/tmp-web\/br\/monitoramento-de-midia-broadcast-edition\/\" class=\"sh-overlay-item sh-table-cell\" title=\"Open the article - Monitoramento de M\u00eddia \u2013 Broadcast Edition\">\n                        <div class=\"sh-overlay-item-container\">\n                            <i class=\"icon-link\"><\/i>\n                        <\/div>\n                    <\/a>\n                \n                                    <a href=\"https:\/\/voice-interaction.com\/tmp-web\/wp-content\/uploads\/2017\/07\/voiceinteraction-MMS-BE-logo-01.png\" class=\"sh-overlay-item sh-table-cell\" data-rel=\"lightcase\">\n                        <div class=\"sh-overlay-item-container\">\n                            <i class=\"icon-magnifier-add\"><\/i>\n                        <\/div>\n                    <\/a>\n                            <\/div>\n        <\/div>\n\n    \t\t\t<\/div>\n\n\t\t\t<div class=\"post-content-container\">\n\t\t\t\t<a href=\"https:\/\/voice-interaction.com\/tmp-web\/br\/monitoramento-de-midia-broadcast-edition\/\" class=\"post-title\">\n\t\t\t\t\t<h2>\n\t\t\t\t\t\t\t\t\t\t\t\tMonitoramento de M\u00eddia \u2013 Broadcast Edition\t\t\t\t\t<\/h2>\n\t\t\t\t<\/a>\n\n\t\t\t\t<div class=\"post-meta post-meta-one\">\n\t\t\t\t\t\n        <span class=\"post-meta-author\">\n            by            <a href=\"https:\/\/voice-interaction.com\/tmp-web\/br\/author\/fpreto\/\" class=\"bypostauthor\" itemprop=\"url\" rel=\"author\">\n                FPreto            <\/a>\n        <\/span>\n\n                    <time class=\"updated semantic\" itemprop=\"dateModified\" datetime=\"2017-11-21T15:59:25+00:00\"><\/time>\n            <a href=\"https:\/\/voice-interaction.com\/tmp-web\/br\/monitoramento-de-midia-broadcast-edition\/\" class=\"post-meta-date sh-default-color\">fevereiro 12, 2016<\/a>\n        \n    \t\t\t\t<\/div>\n\n\t\t\t\t<div class=\"post-content\">\n\t\t\t\t\t<p>A Broadcast Edition do MMS \u2013 Media Monitoring Solution \u2013 \u00e9 um sistema de monitoriza\u00e7\u00e3o de&#8230;<\/p>\n\t\t\t\t<\/div>\n\n\t\t\t\t<div class=\"post-meta post-meta-two\">\n\t\t\t\t\t\n        <div class=\"sh-columns post-meta-comments\">\n            <span class=\"post-meta-categories\">\n                <i class=\"icon-tag\"><\/i>\n                <a href=\"https:\/\/voice-interaction.com\/tmp-web\/br\/category\/industrias_br\/broadcast-midia\/\" rel=\"category tag\">Broadcast &amp; M\u00eddia<\/a>, <a href=\"https:\/\/voice-interaction.com\/tmp-web\/br\/category\/solucoes\/monitoramento-de-midia-broadcast\/\" rel=\"category tag\">Monitoramento de M\u00eddia - Broadcast<\/a>            <\/span>\n\n                            <div><\/div>\n                    <\/div>\n\n    \t\t\t\t<\/div>\n\t\t\t<\/div>\n\n\t\t<\/div>\n\t<\/article>\n\n\n\n\t<article id=\"post-2533\" class=\"post-item post-2533 post type-post status-publish format-standard has-post-thumbnail hentry category-broadcast-midia category-eventos-br tag-nab-br\">\n\t\t<div class=\"post-container\">\n\t\t\t\n\t\t\t<div class=\"post-meta-thumb\">\n\t\t\t\t<img loading=\"lazy\" decoding=\"async\" width=\"260\" height=\"78\" src=\"https:\/\/voice-interaction.com\/tmp-web\/wp-content\/uploads\/2014\/03\/nRbGNavN-e1510914666322.jpg\" class=\"attachment-large size-large wp-post-image\" alt=\"\" \/>\t\t\t\t\n        <div class=\"sh-overlay-style1\">\n            <div class=\"sh-table-full\">\n                                    <a href=\"https:\/\/voice-interaction.com\/tmp-web\/br\/voiceinteraction-brasil-participa-no-nabshow-2016-18-21-abril\/\" class=\"sh-overlay-item sh-table-cell\" title=\"Open the article - VoiceInteraction Brasil participa no NABSHOW 2016 (18-21 Abril)\">\n                        <div class=\"sh-overlay-item-container\">\n                            <i class=\"icon-link\"><\/i>\n                        <\/div>\n                    <\/a>\n                \n                                    <a href=\"https:\/\/voice-interaction.com\/tmp-web\/wp-content\/uploads\/2014\/03\/nRbGNavN-e1510914666322.jpg\" class=\"sh-overlay-item sh-table-cell\" data-rel=\"lightcase\">\n                        <div class=\"sh-overlay-item-container\">\n                            <i class=\"icon-magnifier-add\"><\/i>\n                        <\/div>\n                    <\/a>\n                            <\/div>\n        <\/div>\n\n    \t\t\t<\/div>\n\n\t\t\t<div class=\"post-content-container\">\n\t\t\t\t<a href=\"https:\/\/voice-interaction.com\/tmp-web\/br\/voiceinteraction-brasil-participa-no-nabshow-2016-18-21-abril\/\" class=\"post-title\">\n\t\t\t\t\t<h2>\n\t\t\t\t\t\t\t\t\t\t\t\tVoiceInteraction Brasil participa no NABSHOW 2016 (18-21 Abril)\t\t\t\t\t<\/h2>\n\t\t\t\t<\/a>\n\n\t\t\t\t<div class=\"post-meta post-meta-one\">\n\t\t\t\t\t\n        <span class=\"post-meta-author\">\n            by            <a href=\"https:\/\/voice-interaction.com\/tmp-web\/br\/author\/fpreto\/\" class=\"bypostauthor\" itemprop=\"url\" rel=\"author\">\n                FPreto            <\/a>\n        <\/span>\n\n                    <time class=\"updated semantic\" itemprop=\"dateModified\" datetime=\"2017-11-21T16:01:20+00:00\"><\/time>\n            <a href=\"https:\/\/voice-interaction.com\/tmp-web\/br\/voiceinteraction-brasil-participa-no-nabshow-2016-18-21-abril\/\" class=\"post-meta-date sh-default-color\">fevereiro 12, 2016<\/a>\n        \n    \t\t\t\t<\/div>\n\n\t\t\t\t<div class=\"post-content\">\n\t\t\t\t\t<p>A VoiceInteraction Brasil vai estar mais uma vez presente na NABSHOW de 18 a 21 de&#8230;<\/p>\n\t\t\t\t<\/div>\n\n\t\t\t\t<div class=\"post-meta post-meta-two\">\n\t\t\t\t\t\n        <div class=\"sh-columns post-meta-comments\">\n            <span class=\"post-meta-categories\">\n                <i class=\"icon-tag\"><\/i>\n                <a href=\"https:\/\/voice-interaction.com\/tmp-web\/br\/category\/industrias_br\/broadcast-midia\/\" rel=\"category tag\">Broadcast &amp; M\u00eddia<\/a>, <a href=\"https:\/\/voice-interaction.com\/tmp-web\/br\/category\/empresa\/eventos-br\/\" rel=\"category tag\">Eventos<\/a>            <\/span>\n\n                            <div><\/div>\n                    <\/div>\n\n    \t\t\t\t<\/div>\n\t\t\t<\/div>\n\n\t\t<\/div>\n\t<\/article>\n\n\n\n\t<article id=\"post-2500\" class=\"post-item post-2500 post type-post status-publish format-standard has-post-thumbnail hentry category-broadcast-midia category-eventos-br\">\n\t\t<div class=\"post-container\">\n\t\t\t\n\t\t\t<div class=\"post-meta-thumb\">\n\t\t\t\t<img loading=\"lazy\" decoding=\"async\" width=\"260\" height=\"156\" src=\"https:\/\/voice-interaction.com\/tmp-web\/wp-content\/uploads\/2015\/09\/ibc-2015-e1511280142654.jpg\" class=\"attachment-large size-large wp-post-image\" alt=\"\" \/>\t\t\t\t\n        <div class=\"sh-overlay-style1\">\n            <div class=\"sh-table-full\">\n                                    <a href=\"https:\/\/voice-interaction.com\/tmp-web\/br\/solucoes-de-closed-captioning-automatico-na-ibc\/\" class=\"sh-overlay-item sh-table-cell\" title=\"Open the article - Solu\u00e7\u00f5es de Closed Captioning Autom\u00e1tico na IBC\">\n                        <div class=\"sh-overlay-item-container\">\n                            <i class=\"icon-link\"><\/i>\n                        <\/div>\n                    <\/a>\n                \n                                    <a href=\"https:\/\/voice-interaction.com\/tmp-web\/wp-content\/uploads\/2015\/09\/ibc-2015-e1511280142654.jpg\" class=\"sh-overlay-item sh-table-cell\" data-rel=\"lightcase\">\n                        <div class=\"sh-overlay-item-container\">\n                            <i class=\"icon-magnifier-add\"><\/i>\n                        <\/div>\n                    <\/a>\n                            <\/div>\n        <\/div>\n\n    \t\t\t<\/div>\n\n\t\t\t<div class=\"post-content-container\">\n\t\t\t\t<a href=\"https:\/\/voice-interaction.com\/tmp-web\/br\/solucoes-de-closed-captioning-automatico-na-ibc\/\" class=\"post-title\">\n\t\t\t\t\t<h2>\n\t\t\t\t\t\t\t\t\t\t\t\tSolu\u00e7\u00f5es de Closed Captioning Autom\u00e1tico na IBC\t\t\t\t\t<\/h2>\n\t\t\t\t<\/a>\n\n\t\t\t\t<div class=\"post-meta post-meta-one\">\n\t\t\t\t\t\n        <span class=\"post-meta-author\">\n            by            <a href=\"https:\/\/voice-interaction.com\/tmp-web\/br\/author\/fpreto\/\" class=\"bypostauthor\" itemprop=\"url\" rel=\"author\">\n                FPreto            <\/a>\n        <\/span>\n\n                    <time class=\"updated semantic\" itemprop=\"dateModified\" datetime=\"2017-11-21T16:02:34+00:00\"><\/time>\n            <a href=\"https:\/\/voice-interaction.com\/tmp-web\/br\/solucoes-de-closed-captioning-automatico-na-ibc\/\" class=\"post-meta-date sh-default-color\">setembro 8, 2015<\/a>\n        \n    \t\t\t\t<\/div>\n\n\t\t\t\t<div class=\"post-content\">\n\t\t\t\t\t<p>Como j\u00e1 vem sendo h\u00e1bito nesta altura do ano, a VoiceInteraction apresenta os mais recentes desenvolvimentos&#8230;<\/p>\n\t\t\t\t<\/div>\n\n\t\t\t\t<div class=\"post-meta post-meta-two\">\n\t\t\t\t\t\n        <div class=\"sh-columns post-meta-comments\">\n            <span class=\"post-meta-categories\">\n                <i class=\"icon-tag\"><\/i>\n                <a href=\"https:\/\/voice-interaction.com\/tmp-web\/br\/category\/industrias_br\/broadcast-midia\/\" rel=\"category tag\">Broadcast &amp; M\u00eddia<\/a>, <a href=\"https:\/\/voice-interaction.com\/tmp-web\/br\/category\/empresa\/eventos-br\/\" rel=\"category tag\">Eventos<\/a>            <\/span>\n\n                            <div><\/div>\n                    <\/div>\n\n    \t\t\t\t<\/div>\n\t\t\t<\/div>\n\n\t\t<\/div>\n\t<\/article>\n\n\n\n\t<article id=\"post-2488\" class=\"post-item post-2488 post type-post status-publish format-standard has-post-thumbnail hentry category-broadcast-midia category-eventos-br tag-set-expo_br\">\n\t\t<div class=\"post-container\">\n\t\t\t\n\t\t\t<div class=\"post-meta-thumb\">\n\t\t\t\t<img loading=\"lazy\" decoding=\"async\" width=\"258\" height=\"75\" src=\"https:\/\/voice-interaction.com\/tmp-web\/wp-content\/uploads\/2015\/08\/setexpo2015.png\" class=\"attachment-large size-large wp-post-image\" alt=\"\" \/>\t\t\t\t\n        <div class=\"sh-overlay-style1\">\n            <div class=\"sh-table-full\">\n                                    <a href=\"https:\/\/voice-interaction.com\/tmp-web\/br\/voiceinteraction-brasil-participa-do-set-expo-2015\/\" class=\"sh-overlay-item sh-table-cell\" title=\"Open the article - VoiceInteraction Brasil participa do SET EXPO 2015\">\n                        <div class=\"sh-overlay-item-container\">\n                            <i class=\"icon-link\"><\/i>\n                        <\/div>\n                    <\/a>\n                \n                                    <a href=\"https:\/\/voice-interaction.com\/tmp-web\/wp-content\/uploads\/2015\/08\/setexpo2015.png\" class=\"sh-overlay-item sh-table-cell\" data-rel=\"lightcase\">\n                        <div class=\"sh-overlay-item-container\">\n                            <i class=\"icon-magnifier-add\"><\/i>\n                        <\/div>\n                    <\/a>\n                            <\/div>\n        <\/div>\n\n    \t\t\t<\/div>\n\n\t\t\t<div class=\"post-content-container\">\n\t\t\t\t<a href=\"https:\/\/voice-interaction.com\/tmp-web\/br\/voiceinteraction-brasil-participa-do-set-expo-2015\/\" class=\"post-title\">\n\t\t\t\t\t<h2>\n\t\t\t\t\t\t\t\t\t\t\t\tVoiceInteraction Brasil participa do SET EXPO 2015\t\t\t\t\t<\/h2>\n\t\t\t\t<\/a>\n\n\t\t\t\t<div class=\"post-meta post-meta-one\">\n\t\t\t\t\t\n        <span class=\"post-meta-author\">\n            by            <a href=\"https:\/\/voice-interaction.com\/tmp-web\/br\/author\/fpreto\/\" class=\"bypostauthor\" itemprop=\"url\" rel=\"author\">\n                FPreto            <\/a>\n        <\/span>\n\n                    <time class=\"updated semantic\" itemprop=\"dateModified\" datetime=\"2017-12-14T16:26:39+00:00\"><\/time>\n            <a href=\"https:\/\/voice-interaction.com\/tmp-web\/br\/voiceinteraction-brasil-participa-do-set-expo-2015\/\" class=\"post-meta-date sh-default-color\">agosto 3, 2015<\/a>\n        \n    \t\t\t\t<\/div>\n\n\t\t\t\t<div class=\"post-content\">\n\t\t\t\t\t<p>A VoiceInteraction participar\u00e1 da 27\u00aa edi\u00e7\u00e3o do SET EXPO 2015, que acontece de 25 a 27&#8230;<\/p>\n\t\t\t\t<\/div>\n\n\t\t\t\t<div class=\"post-meta post-meta-two\">\n\t\t\t\t\t\n        <div class=\"sh-columns post-meta-comments\">\n            <span class=\"post-meta-categories\">\n                <i class=\"icon-tag\"><\/i>\n                <a href=\"https:\/\/voice-interaction.com\/tmp-web\/br\/category\/industrias_br\/broadcast-midia\/\" rel=\"category tag\">Broadcast &amp; M\u00eddia<\/a>, <a href=\"https:\/\/voice-interaction.com\/tmp-web\/br\/category\/empresa\/eventos-br\/\" rel=\"category tag\">Eventos<\/a>            <\/span>\n\n                            <div><\/div>\n                    <\/div>\n\n    \t\t\t\t<\/div>\n\t\t\t<\/div>\n\n\t\t<\/div>\n\t<\/article>\n\n\n\n\t<article id=\"post-2435\" class=\"post-item post-2435 post type-post status-publish format-standard has-post-thumbnail hentry category-broadcast-midia category-eventos-br tag-nab-br\">\n\t\t<div class=\"post-container\">\n\t\t\t\n\t\t\t<div class=\"post-meta-thumb\">\n\t\t\t\t<img loading=\"lazy\" decoding=\"async\" width=\"260\" height=\"78\" src=\"https:\/\/voice-interaction.com\/tmp-web\/wp-content\/uploads\/2014\/03\/nRbGNavN-e1510914666322.jpg\" class=\"attachment-large size-large wp-post-image\" alt=\"\" \/>\t\t\t\t\n        <div class=\"sh-overlay-style1\">\n            <div class=\"sh-table-full\">\n                                    <a href=\"https:\/\/voice-interaction.com\/tmp-web\/br\/agradecemos-o-interesse-de-todos-os-visitantes-do-nosso-stand\/\" class=\"sh-overlay-item sh-table-cell\" title=\"Open the article - Agradecemos o interesse de todos os visitantes do nosso stand\">\n                        <div class=\"sh-overlay-item-container\">\n                            <i class=\"icon-link\"><\/i>\n                        <\/div>\n                    <\/a>\n                \n                                    <a href=\"https:\/\/voice-interaction.com\/tmp-web\/wp-content\/uploads\/2014\/03\/nRbGNavN-e1510914666322.jpg\" class=\"sh-overlay-item sh-table-cell\" data-rel=\"lightcase\">\n                        <div class=\"sh-overlay-item-container\">\n                            <i class=\"icon-magnifier-add\"><\/i>\n                        <\/div>\n                    <\/a>\n                            <\/div>\n        <\/div>\n\n    \t\t\t<\/div>\n\n\t\t\t<div class=\"post-content-container\">\n\t\t\t\t<a href=\"https:\/\/voice-interaction.com\/tmp-web\/br\/agradecemos-o-interesse-de-todos-os-visitantes-do-nosso-stand\/\" class=\"post-title\">\n\t\t\t\t\t<h2>\n\t\t\t\t\t\t\t\t\t\t\t\tAgradecemos o interesse de todos os visitantes do nosso stand\t\t\t\t\t<\/h2>\n\t\t\t\t<\/a>\n\n\t\t\t\t<div class=\"post-meta post-meta-one\">\n\t\t\t\t\t\n        <span class=\"post-meta-author\">\n            by            <a href=\"https:\/\/voice-interaction.com\/tmp-web\/br\/author\/fpreto\/\" class=\"bypostauthor\" itemprop=\"url\" rel=\"author\">\n                FPreto            <\/a>\n        <\/span>\n\n                    <time class=\"updated semantic\" itemprop=\"dateModified\" datetime=\"2017-11-21T16:29:47+00:00\"><\/time>\n            <a href=\"https:\/\/voice-interaction.com\/tmp-web\/br\/agradecemos-o-interesse-de-todos-os-visitantes-do-nosso-stand\/\" class=\"post-meta-date sh-default-color\">abril 27, 2015<\/a>\n        \n    \t\t\t\t<\/div>\n\n\t\t\t\t<div class=\"post-content\">\n\t\t\t\t\t<p>A equipe da VoiceInteraction Brasil agradece a todos por sua visita ao stand da empresa no&#8230;<\/p>\n\t\t\t\t<\/div>\n\n\t\t\t\t<div class=\"post-meta post-meta-two\">\n\t\t\t\t\t\n        <div class=\"sh-columns post-meta-comments\">\n            <span class=\"post-meta-categories\">\n                <i class=\"icon-tag\"><\/i>\n                <a href=\"https:\/\/voice-interaction.com\/tmp-web\/br\/category\/industrias_br\/broadcast-midia\/\" rel=\"category tag\">Broadcast &amp; M\u00eddia<\/a>, <a href=\"https:\/\/voice-interaction.com\/tmp-web\/br\/category\/empresa\/eventos-br\/\" rel=\"category tag\">Eventos<\/a>            <\/span>\n\n                            <div><\/div>\n                    <\/div>\n\n    \t\t\t\t<\/div>\n\t\t\t<\/div>\n\n\t\t<\/div>\n\t<\/article>\n\n\n\n\t<article id=\"post-2425\" class=\"post-item post-2425 post type-post status-publish format-standard has-post-thumbnail hentry category-broadcast-midia category-eventos-br tag-nab-br\">\n\t\t<div class=\"post-container\">\n\t\t\t\n\t\t\t<div class=\"post-meta-thumb\">\n\t\t\t\t<img loading=\"lazy\" decoding=\"async\" width=\"260\" height=\"78\" src=\"https:\/\/voice-interaction.com\/tmp-web\/wp-content\/uploads\/2014\/03\/nRbGNavN-e1510914666322.jpg\" class=\"attachment-large size-large wp-post-image\" alt=\"\" \/>\t\t\t\t\n        <div class=\"sh-overlay-style1\">\n            <div class=\"sh-table-full\">\n                                    <a href=\"https:\/\/voice-interaction.com\/tmp-web\/br\/voiceinteraction-brasil-participa-do-nabshow-2015-3\/\" class=\"sh-overlay-item sh-table-cell\" title=\"Open the article - VoiceInteraction Brasil participa do NABSHOW 2015\">\n                        <div class=\"sh-overlay-item-container\">\n                            <i class=\"icon-link\"><\/i>\n                        <\/div>\n                    <\/a>\n                \n                                    <a href=\"https:\/\/voice-interaction.com\/tmp-web\/wp-content\/uploads\/2014\/03\/nRbGNavN-e1510914666322.jpg\" class=\"sh-overlay-item sh-table-cell\" data-rel=\"lightcase\">\n                        <div class=\"sh-overlay-item-container\">\n                            <i class=\"icon-magnifier-add\"><\/i>\n                        <\/div>\n                    <\/a>\n                            <\/div>\n        <\/div>\n\n    \t\t\t<\/div>\n\n\t\t\t<div class=\"post-content-container\">\n\t\t\t\t<a href=\"https:\/\/voice-interaction.com\/tmp-web\/br\/voiceinteraction-brasil-participa-do-nabshow-2015-3\/\" class=\"post-title\">\n\t\t\t\t\t<h2>\n\t\t\t\t\t\t\t\t\t\t\t\tVoiceInteraction Brasil participa do NABSHOW 2015\t\t\t\t\t<\/h2>\n\t\t\t\t<\/a>\n\n\t\t\t\t<div class=\"post-meta post-meta-one\">\n\t\t\t\t\t\n        <span class=\"post-meta-author\">\n            by            <a href=\"https:\/\/voice-interaction.com\/tmp-web\/br\/author\/fpreto\/\" class=\"bypostauthor\" itemprop=\"url\" rel=\"author\">\n                FPreto            <\/a>\n        <\/span>\n\n                    <time class=\"updated semantic\" itemprop=\"dateModified\" datetime=\"2017-11-21T16:28:44+00:00\"><\/time>\n            <a href=\"https:\/\/voice-interaction.com\/tmp-web\/br\/voiceinteraction-brasil-participa-do-nabshow-2015-3\/\" class=\"post-meta-date sh-default-color\">abril 2, 2015<\/a>\n        \n    \t\t\t\t<\/div>\n\n\t\t\t\t<div class=\"post-content\">\n\t\t\t\t\t<p>A VoiceInteraction Brasil apresentar\u00e1 no NAB Show 2015 duas novas solu\u00e7\u00f5es associadas \u00e0 ind\u00fastria de broadcast:&#8230;<\/p>\n\t\t\t\t<\/div>\n\n\t\t\t\t<div class=\"post-meta post-meta-two\">\n\t\t\t\t\t\n        <div class=\"sh-columns post-meta-comments\">\n            <span class=\"post-meta-categories\">\n                <i class=\"icon-tag\"><\/i>\n                <a href=\"https:\/\/voice-interaction.com\/tmp-web\/br\/category\/industrias_br\/broadcast-midia\/\" rel=\"category tag\">Broadcast &amp; M\u00eddia<\/a>, <a href=\"https:\/\/voice-interaction.com\/tmp-web\/br\/category\/empresa\/eventos-br\/\" rel=\"category tag\">Eventos<\/a>            <\/span>\n\n                            <div><\/div>\n                    <\/div>\n\n    \t\t\t\t<\/div>\n\t\t\t<\/div>\n\n\t\t<\/div>\n\t<\/article>\n\n\n\n\t<article id=\"post-2284\" class=\"post-item post-2284 post type-post status-publish format-standard has-post-thumbnail hentry category-broadcast-midia category-eventos-br tag-ibc-br\">\n\t\t<div class=\"post-container\">\n\t\t\t\n\t\t\t<div class=\"post-meta-thumb\">\n\t\t\t\t<img loading=\"lazy\" decoding=\"async\" width=\"265\" height=\"149\" src=\"https:\/\/voice-interaction.com\/tmp-web\/wp-content\/uploads\/2014\/09\/ibc-poster.jpg\" class=\"attachment-large size-large wp-post-image\" alt=\"\" \/>\t\t\t\t\n        <div class=\"sh-overlay-style1\">\n            <div class=\"sh-table-full\">\n                                    <a href=\"https:\/\/voice-interaction.com\/tmp-web\/br\/2284\/\" class=\"sh-overlay-item sh-table-cell\" title=\"Open the article - A IBC 2014 terminou\u2026 muito obrigado por sua visita.\">\n                        <div class=\"sh-overlay-item-container\">\n                            <i class=\"icon-link\"><\/i>\n                        <\/div>\n                    <\/a>\n                \n                                    <a href=\"https:\/\/voice-interaction.com\/tmp-web\/wp-content\/uploads\/2014\/09\/ibc-poster.jpg\" class=\"sh-overlay-item sh-table-cell\" data-rel=\"lightcase\">\n                        <div class=\"sh-overlay-item-container\">\n                            <i class=\"icon-magnifier-add\"><\/i>\n                        <\/div>\n                    <\/a>\n                            <\/div>\n        <\/div>\n\n    \t\t\t<\/div>\n\n\t\t\t<div class=\"post-content-container\">\n\t\t\t\t<a href=\"https:\/\/voice-interaction.com\/tmp-web\/br\/2284\/\" class=\"post-title\">\n\t\t\t\t\t<h2>\n\t\t\t\t\t\t\t\t\t\t\t\tA IBC 2014 terminou\u2026 muito obrigado por sua visita.\t\t\t\t\t<\/h2>\n\t\t\t\t<\/a>\n\n\t\t\t\t<div class=\"post-meta post-meta-one\">\n\t\t\t\t\t\n        <span class=\"post-meta-author\">\n            by            <a href=\"https:\/\/voice-interaction.com\/tmp-web\/br\/author\/fpreto\/\" class=\"bypostauthor\" itemprop=\"url\" rel=\"author\">\n                FPreto            <\/a>\n        <\/span>\n\n                    <time class=\"updated semantic\" itemprop=\"dateModified\" datetime=\"2017-11-21T16:31:59+00:00\"><\/time>\n            <a href=\"https:\/\/voice-interaction.com\/tmp-web\/br\/2284\/\" class=\"post-meta-date sh-default-color\">setembro 20, 2014<\/a>\n        \n    \t\t\t\t<\/div>\n\n\t\t\t\t<div class=\"post-content\">\n\t\t\t\t\t<p>A VoiceInteraction marcou novamente presen\u00e7a na International Broadcasting Convention (IBC) que decorreu em Amsterd\u00e3, de 11&#8230;<\/p>\n\t\t\t\t<\/div>\n\n\t\t\t\t<div class=\"post-meta post-meta-two\">\n\t\t\t\t\t\n        <div class=\"sh-columns post-meta-comments\">\n            <span class=\"post-meta-categories\">\n                <i class=\"icon-tag\"><\/i>\n                <a href=\"https:\/\/voice-interaction.com\/tmp-web\/br\/category\/industrias_br\/broadcast-midia\/\" rel=\"category tag\">Broadcast &amp; M\u00eddia<\/a>, <a href=\"https:\/\/voice-interaction.com\/tmp-web\/br\/category\/empresa\/eventos-br\/\" rel=\"category tag\">Eventos<\/a>            <\/span>\n\n                            <div><\/div>\n                    <\/div>\n\n    \t\t\t\t<\/div>\n\t\t\t<\/div>\n\n\t\t<\/div>\n\t<\/article>\n\n\n\n\t<article id=\"post-2255\" class=\"post-item post-2255 post type-post status-publish format-standard has-post-thumbnail hentry category-broadcast-midia category-eventos-br tag-ibc-br\">\n\t\t<div class=\"post-container\">\n\t\t\t\n\t\t\t<div class=\"post-meta-thumb\">\n\t\t\t\t<img loading=\"lazy\" decoding=\"async\" width=\"260\" height=\"169\" src=\"https:\/\/voice-interaction.com\/tmp-web\/wp-content\/uploads\/2014\/09\/IBC-300x267-e1510915002240.png\" class=\"attachment-large size-large wp-post-image\" alt=\"\" \/>\t\t\t\t\n        <div class=\"sh-overlay-style1\">\n            <div class=\"sh-table-full\">\n                                    <a href=\"https:\/\/voice-interaction.com\/tmp-web\/br\/voiceinteraction-brasil-participa-da-ibc-2014\/\" class=\"sh-overlay-item sh-table-cell\" title=\"Open the article - VoiceInteraction Brasil participa da IBC 2014\">\n                        <div class=\"sh-overlay-item-container\">\n                            <i class=\"icon-link\"><\/i>\n                        <\/div>\n                    <\/a>\n                \n                                    <a href=\"https:\/\/voice-interaction.com\/tmp-web\/wp-content\/uploads\/2014\/09\/IBC-300x267-e1510915002240.png\" class=\"sh-overlay-item sh-table-cell\" data-rel=\"lightcase\">\n                        <div class=\"sh-overlay-item-container\">\n                            <i class=\"icon-magnifier-add\"><\/i>\n                        <\/div>\n                    <\/a>\n                            <\/div>\n        <\/div>\n\n    \t\t\t<\/div>\n\n\t\t\t<div class=\"post-content-container\">\n\t\t\t\t<a href=\"https:\/\/voice-interaction.com\/tmp-web\/br\/voiceinteraction-brasil-participa-da-ibc-2014\/\" class=\"post-title\">\n\t\t\t\t\t<h2>\n\t\t\t\t\t\t\t\t\t\t\t\tVoiceInteraction Brasil participa da IBC 2014\t\t\t\t\t<\/h2>\n\t\t\t\t<\/a>\n\n\t\t\t\t<div class=\"post-meta post-meta-one\">\n\t\t\t\t\t\n        <span class=\"post-meta-author\">\n            by            <a href=\"https:\/\/voice-interaction.com\/tmp-web\/br\/author\/fpreto\/\" class=\"bypostauthor\" itemprop=\"url\" rel=\"author\">\n                FPreto            <\/a>\n        <\/span>\n\n                    <time class=\"updated semantic\" itemprop=\"dateModified\" datetime=\"2017-11-21T16:35:53+00:00\"><\/time>\n            <a href=\"https:\/\/voice-interaction.com\/tmp-web\/br\/voiceinteraction-brasil-participa-da-ibc-2014\/\" class=\"post-meta-date sh-default-color\">setembro 5, 2014<\/a>\n        \n    \t\t\t\t<\/div>\n\n\t\t\t\t<div class=\"post-content\">\n\t\t\t\t\t<p>A VoiceInteraction estar\u00e1 novamente em Amsterd\u00e3 a fim de participar da International Broadcasting Convention (IBC). Durante&#8230;<\/p>\n\t\t\t\t<\/div>\n\n\t\t\t\t<div class=\"post-meta post-meta-two\">\n\t\t\t\t\t\n        <div class=\"sh-columns post-meta-comments\">\n            <span class=\"post-meta-categories\">\n                <i class=\"icon-tag\"><\/i>\n                <a href=\"https:\/\/voice-interaction.com\/tmp-web\/br\/category\/industrias_br\/broadcast-midia\/\" rel=\"category tag\">Broadcast &amp; M\u00eddia<\/a>, <a href=\"https:\/\/voice-interaction.com\/tmp-web\/br\/category\/empresa\/eventos-br\/\" rel=\"category tag\">Eventos<\/a>            <\/span>\n\n                            <div><\/div>\n                    <\/div>\n\n    \t\t\t\t<\/div>\n\t\t\t<\/div>\n\n\t\t<\/div>\n\t<\/article>\n\n\n\n\t<article id=\"post-2241\" class=\"post-item post-2241 post type-post status-publish format-standard has-post-thumbnail hentry category-broadcast-midia category-eventos-br tag-set-expo_br\">\n\t\t<div class=\"post-container\">\n\t\t\t\n\t\t\t<div class=\"post-meta-thumb\">\n\t\t\t\t<img loading=\"lazy\" decoding=\"async\" width=\"260\" height=\"152\" src=\"https:\/\/voice-interaction.com\/tmp-web\/wp-content\/uploads\/2014\/08\/vi-slider-SET-Expo-1-e1511283089916.jpg\" class=\"attachment-large size-large wp-post-image\" alt=\"\" \/>\t\t\t\t\n        <div class=\"sh-overlay-style1\">\n            <div class=\"sh-table-full\">\n                                    <a href=\"https:\/\/voice-interaction.com\/tmp-web\/br\/voiceinteraction-participou-na-set-expo-2014\/\" class=\"sh-overlay-item sh-table-cell\" title=\"Open the article - VoiceInteraction participou da SET Expo 2014\">\n                        <div class=\"sh-overlay-item-container\">\n                            <i class=\"icon-link\"><\/i>\n                        <\/div>\n                    <\/a>\n                \n                                    <a href=\"https:\/\/voice-interaction.com\/tmp-web\/wp-content\/uploads\/2014\/08\/vi-slider-SET-Expo-1-e1511283089916.jpg\" class=\"sh-overlay-item sh-table-cell\" data-rel=\"lightcase\">\n                        <div class=\"sh-overlay-item-container\">\n                            <i class=\"icon-magnifier-add\"><\/i>\n                        <\/div>\n                    <\/a>\n                            <\/div>\n        <\/div>\n\n    \t\t\t<\/div>\n\n\t\t\t<div class=\"post-content-container\">\n\t\t\t\t<a href=\"https:\/\/voice-interaction.com\/tmp-web\/br\/voiceinteraction-participou-na-set-expo-2014\/\" class=\"post-title\">\n\t\t\t\t\t<h2>\n\t\t\t\t\t\t\t\t\t\t\t\tVoiceInteraction participou da SET Expo 2014\t\t\t\t\t<\/h2>\n\t\t\t\t<\/a>\n\n\t\t\t\t<div class=\"post-meta post-meta-one\">\n\t\t\t\t\t\n        <span class=\"post-meta-author\">\n            by            <a href=\"https:\/\/voice-interaction.com\/tmp-web\/br\/author\/fpreto\/\" class=\"bypostauthor\" itemprop=\"url\" rel=\"author\">\n                FPreto            <\/a>\n        <\/span>\n\n                    <time class=\"updated semantic\" itemprop=\"dateModified\" datetime=\"2017-12-14T16:26:39+00:00\"><\/time>\n            <a href=\"https:\/\/voice-interaction.com\/tmp-web\/br\/voiceinteraction-participou-na-set-expo-2014\/\" class=\"post-meta-date sh-default-color\">agosto 29, 2014<\/a>\n        \n    \t\t\t\t<\/div>\n\n\t\t\t\t<div class=\"post-content\">\n\t\t\t\t\t<p>A VoiceInteraction Brasil participou da SET Expo 2014, onde teve a oportunidade de apresentar alguns dos&#8230;<\/p>\n\t\t\t\t<\/div>\n\n\t\t\t\t<div class=\"post-meta post-meta-two\">\n\t\t\t\t\t\n        <div class=\"sh-columns post-meta-comments\">\n            <span class=\"post-meta-categories\">\n                <i class=\"icon-tag\"><\/i>\n                <a href=\"https:\/\/voice-interaction.com\/tmp-web\/br\/category\/industrias_br\/broadcast-midia\/\" rel=\"category tag\">Broadcast &amp; M\u00eddia<\/a>, <a href=\"https:\/\/voice-interaction.com\/tmp-web\/br\/category\/empresa\/eventos-br\/\" rel=\"category tag\">Eventos<\/a>            <\/span>\n\n                            <div><\/div>\n                    <\/div>\n\n    \t\t\t\t<\/div>\n\t\t\t<\/div>\n\n\t\t<\/div>\n\t<\/article>\n\n\n\n\t<article id=\"post-2233\" class=\"post-item post-2233 post type-post status-publish format-standard has-post-thumbnail hentry category-broadcast-midia category-eventos-br\">\n\t\t<div class=\"post-container\">\n\t\t\t\n\t\t\t<div class=\"post-meta-thumb\">\n\t\t\t\t<img loading=\"lazy\" decoding=\"async\" width=\"260\" height=\"78\" src=\"https:\/\/voice-interaction.com\/tmp-web\/wp-content\/uploads\/2014\/03\/nRbGNavN-e1510914666322.jpg\" class=\"attachment-large size-large wp-post-image\" alt=\"\" \/>\t\t\t\t\n        <div class=\"sh-overlay-style1\">\n            <div class=\"sh-table-full\">\n                                    <a href=\"https:\/\/voice-interaction.com\/tmp-web\/br\/a-voiceinteraction-agradece-o-interesse-de-todos-os-visitantes-do-seu-stand-na-nab\/\" class=\"sh-overlay-item sh-table-cell\" title=\"Open the article - A VoiceInteraction agradece o interesse de todos os visitantes do seu stand na NAB\">\n                        <div class=\"sh-overlay-item-container\">\n                            <i class=\"icon-link\"><\/i>\n                        <\/div>\n                    <\/a>\n                \n                                    <a href=\"https:\/\/voice-interaction.com\/tmp-web\/wp-content\/uploads\/2014\/03\/nRbGNavN-e1510914666322.jpg\" class=\"sh-overlay-item sh-table-cell\" data-rel=\"lightcase\">\n                        <div class=\"sh-overlay-item-container\">\n                            <i class=\"icon-magnifier-add\"><\/i>\n                        <\/div>\n                    <\/a>\n                            <\/div>\n        <\/div>\n\n    \t\t\t<\/div>\n\n\t\t\t<div class=\"post-content-container\">\n\t\t\t\t<a href=\"https:\/\/voice-interaction.com\/tmp-web\/br\/a-voiceinteraction-agradece-o-interesse-de-todos-os-visitantes-do-seu-stand-na-nab\/\" class=\"post-title\">\n\t\t\t\t\t<h2>\n\t\t\t\t\t\t\t\t\t\t\t\tA VoiceInteraction agradece o interesse de todos os visitantes do seu stand na NAB\t\t\t\t\t<\/h2>\n\t\t\t\t<\/a>\n\n\t\t\t\t<div class=\"post-meta post-meta-one\">\n\t\t\t\t\t\n        <span class=\"post-meta-author\">\n            by            <a href=\"https:\/\/voice-interaction.com\/tmp-web\/br\/author\/fpreto\/\" class=\"bypostauthor\" itemprop=\"url\" rel=\"author\">\n                FPreto            <\/a>\n        <\/span>\n\n                    <time class=\"updated semantic\" itemprop=\"dateModified\" datetime=\"2017-11-21T16:52:59+00:00\"><\/time>\n            <a href=\"https:\/\/voice-interaction.com\/tmp-web\/br\/a-voiceinteraction-agradece-o-interesse-de-todos-os-visitantes-do-seu-stand-na-nab\/\" class=\"post-meta-date sh-default-color\">abril 17, 2014<\/a>\n        \n    \t\t\t\t<\/div>\n\n\t\t\t\t<div class=\"post-content\">\n\t\t\t\t\t<p>Obrigado por nos ter visitado\u00a0no stand da VoiceInteraction na NAB, na semana passada. N\u00f3s esperamos que&#8230;<\/p>\n\t\t\t\t<\/div>\n\n\t\t\t\t<div class=\"post-meta post-meta-two\">\n\t\t\t\t\t\n        <div class=\"sh-columns post-meta-comments\">\n            <span class=\"post-meta-categories\">\n                <i class=\"icon-tag\"><\/i>\n                <a href=\"https:\/\/voice-interaction.com\/tmp-web\/br\/category\/industrias_br\/broadcast-midia\/\" rel=\"category tag\">Broadcast &amp; M\u00eddia<\/a>, <a href=\"https:\/\/voice-interaction.com\/tmp-web\/br\/category\/empresa\/eventos-br\/\" rel=\"category tag\">Eventos<\/a>            <\/span>\n\n                            <div><\/div>\n                    <\/div>\n\n    \t\t\t\t<\/div>\n\t\t\t<\/div>\n\n\t\t<\/div>\n\t<\/article>\n\n\n\n\t<article id=\"post-2213\" class=\"post-item post-2213 post type-post status-publish format-standard has-post-thumbnail hentry category-broadcast-midia category-eventos-br tag-nab-br\">\n\t\t<div class=\"post-container\">\n\t\t\t\n\t\t\t<div class=\"post-meta-thumb\">\n\t\t\t\t<img loading=\"lazy\" decoding=\"async\" width=\"260\" height=\"78\" src=\"https:\/\/voice-interaction.com\/tmp-web\/wp-content\/uploads\/2014\/03\/nRbGNavN-e1510914666322.jpg\" class=\"attachment-large size-large wp-post-image\" alt=\"\" \/>\t\t\t\t\n        <div class=\"sh-overlay-style1\">\n            <div class=\"sh-table-full\">\n                                    <a href=\"https:\/\/voice-interaction.com\/tmp-web\/br\/voiceinteraction-brasil-participou-na-nab\/\" class=\"sh-overlay-item sh-table-cell\" title=\"Open the article - VoiceInteraction Brasil participou na NAB\">\n                        <div class=\"sh-overlay-item-container\">\n                            <i class=\"icon-link\"><\/i>\n                        <\/div>\n                    <\/a>\n                \n                                    <a href=\"https:\/\/voice-interaction.com\/tmp-web\/wp-content\/uploads\/2014\/03\/nRbGNavN-e1510914666322.jpg\" class=\"sh-overlay-item sh-table-cell\" data-rel=\"lightcase\">\n                        <div class=\"sh-overlay-item-container\">\n                            <i class=\"icon-magnifier-add\"><\/i>\n                        <\/div>\n                    <\/a>\n                            <\/div>\n        <\/div>\n\n    \t\t\t<\/div>\n\n\t\t\t<div class=\"post-content-container\">\n\t\t\t\t<a href=\"https:\/\/voice-interaction.com\/tmp-web\/br\/voiceinteraction-brasil-participou-na-nab\/\" class=\"post-title\">\n\t\t\t\t\t<h2>\n\t\t\t\t\t\t\t\t\t\t\t\tVoiceInteraction Brasil participou na NAB\t\t\t\t\t<\/h2>\n\t\t\t\t<\/a>\n\n\t\t\t\t<div class=\"post-meta post-meta-one\">\n\t\t\t\t\t\n        <span class=\"post-meta-author\">\n            by            <a href=\"https:\/\/voice-interaction.com\/tmp-web\/br\/author\/fpreto\/\" class=\"bypostauthor\" itemprop=\"url\" rel=\"author\">\n                FPreto            <\/a>\n        <\/span>\n\n                    <time class=\"updated semantic\" itemprop=\"dateModified\" datetime=\"2017-11-21T16:53:59+00:00\"><\/time>\n            <a href=\"https:\/\/voice-interaction.com\/tmp-web\/br\/voiceinteraction-brasil-participou-na-nab\/\" class=\"post-meta-date sh-default-color\">abril 11, 2014<\/a>\n        \n    \t\t\t\t<\/div>\n\n\t\t\t\t<div class=\"post-content\">\n\t\t\t\t\t<p>A VoiceInteraction, uma empresa especialista em Tecnologias de Processamento de Voz, apresentou na NABSHOW, as suas&#8230;<\/p>\n\t\t\t\t<\/div>\n\n\t\t\t\t<div class=\"post-meta post-meta-two\">\n\t\t\t\t\t\n        <div class=\"sh-columns post-meta-comments\">\n            <span class=\"post-meta-categories\">\n                <i class=\"icon-tag\"><\/i>\n                <a href=\"https:\/\/voice-interaction.com\/tmp-web\/br\/category\/industrias_br\/broadcast-midia\/\" rel=\"category tag\">Broadcast &amp; M\u00eddia<\/a>, <a href=\"https:\/\/voice-interaction.com\/tmp-web\/br\/category\/empresa\/eventos-br\/\" rel=\"category tag\">Eventos<\/a>            <\/span>\n\n                            <div><\/div>\n                    <\/div>\n\n    \t\t\t\t<\/div>\n\t\t\t<\/div>\n\n\t\t<\/div>\n\t<\/article>\n\n\n\n\t<article id=\"post-2204\" class=\"post-item post-2204 post type-post status-publish format-standard has-post-thumbnail hentry category-broadcast-midia category-eventos-br tag-nab-br\">\n\t\t<div class=\"post-container\">\n\t\t\t\n\t\t\t<div class=\"post-meta-thumb\">\n\t\t\t\t<img loading=\"lazy\" decoding=\"async\" width=\"260\" height=\"78\" src=\"https:\/\/voice-interaction.com\/tmp-web\/wp-content\/uploads\/2014\/03\/nRbGNavN-e1510914666322.jpg\" class=\"attachment-large size-large wp-post-image\" alt=\"\" \/>\t\t\t\t\n        <div class=\"sh-overlay-style1\">\n            <div class=\"sh-table-full\">\n                                    <a href=\"https:\/\/voice-interaction.com\/tmp-web\/br\/voiceinteraction-brasil-na-nabshow-5-10-abril\/\" class=\"sh-overlay-item sh-table-cell\" title=\"Open the article - VoiceInteraction Brasil na NABSHOW (5-10 Abril)\">\n                        <div class=\"sh-overlay-item-container\">\n                            <i class=\"icon-link\"><\/i>\n                        <\/div>\n                    <\/a>\n                \n                                    <a href=\"https:\/\/voice-interaction.com\/tmp-web\/wp-content\/uploads\/2014\/03\/nRbGNavN-e1510914666322.jpg\" class=\"sh-overlay-item sh-table-cell\" data-rel=\"lightcase\">\n                        <div class=\"sh-overlay-item-container\">\n                            <i class=\"icon-magnifier-add\"><\/i>\n                        <\/div>\n                    <\/a>\n                            <\/div>\n        <\/div>\n\n    \t\t\t<\/div>\n\n\t\t\t<div class=\"post-content-container\">\n\t\t\t\t<a href=\"https:\/\/voice-interaction.com\/tmp-web\/br\/voiceinteraction-brasil-na-nabshow-5-10-abril\/\" class=\"post-title\">\n\t\t\t\t\t<h2>\n\t\t\t\t\t\t\t\t\t\t\t\tVoiceInteraction Brasil na NABSHOW (5-10 Abril)\t\t\t\t\t<\/h2>\n\t\t\t\t<\/a>\n\n\t\t\t\t<div class=\"post-meta post-meta-one\">\n\t\t\t\t\t\n        <span class=\"post-meta-author\">\n            by            <a href=\"https:\/\/voice-interaction.com\/tmp-web\/br\/author\/fpreto\/\" class=\"bypostauthor\" itemprop=\"url\" rel=\"author\">\n                FPreto            <\/a>\n        <\/span>\n\n                    <time class=\"updated semantic\" itemprop=\"dateModified\" datetime=\"2017-11-21T16:54:08+00:00\"><\/time>\n            <a href=\"https:\/\/voice-interaction.com\/tmp-web\/br\/voiceinteraction-brasil-na-nabshow-5-10-abril\/\" class=\"post-meta-date sh-default-color\">mar\u00e7o 27, 2014<\/a>\n        \n    \t\t\t\t<\/div>\n\n\t\t\t\t<div class=\"post-content\">\n\t\t\t\t\t<p>A VoiceInteraction Brasil vai estar presente na NABSHOW de 5 a 10 de Abril 2014, NABSHOW&#8230;.<\/p>\n\t\t\t\t<\/div>\n\n\t\t\t\t<div class=\"post-meta post-meta-two\">\n\t\t\t\t\t\n        <div class=\"sh-columns post-meta-comments\">\n            <span class=\"post-meta-categories\">\n                <i class=\"icon-tag\"><\/i>\n                <a href=\"https:\/\/voice-interaction.com\/tmp-web\/br\/category\/industrias_br\/broadcast-midia\/\" rel=\"category tag\">Broadcast &amp; M\u00eddia<\/a>, <a href=\"https:\/\/voice-interaction.com\/tmp-web\/br\/category\/empresa\/eventos-br\/\" rel=\"category tag\">Eventos<\/a>            <\/span>\n\n                            <div><\/div>\n                    <\/div>\n\n    \t\t\t\t<\/div>\n\t\t\t<\/div>\n\n\t\t<\/div>\n\t<\/article>\n\n\n\n\t<article id=\"post-2197\" class=\"post-item post-2197 post type-post status-publish format-standard has-post-thumbnail hentry category-broadcast-midia category-ditado category-legendagem category-noticias-empresa tag-audimus-media-br tag-vox-control-br\">\n\t\t<div class=\"post-container\">\n\t\t\t\n\t\t\t<div class=\"post-meta-thumb\">\n\t\t\t\t<img loading=\"lazy\" decoding=\"async\" width=\"161\" height=\"93\" src=\"https:\/\/voice-interaction.com\/tmp-web\/wp-content\/uploads\/2017\/03\/logo-RPC-TV-e1518802299969.jpg\" class=\"attachment-large size-large wp-post-image\" alt=\"\" \/>\t\t\t\t\n        <div class=\"sh-overlay-style1\">\n            <div class=\"sh-table-full\">\n                                    <a href=\"https:\/\/voice-interaction.com\/tmp-web\/br\/rpc-adquire-produtos-da-voiceinteraction\/\" class=\"sh-overlay-item sh-table-cell\" title=\"Open the article - RPC adquire produtos da VoiceInteraction\">\n                        <div class=\"sh-overlay-item-container\">\n                            <i class=\"icon-link\"><\/i>\n                        <\/div>\n                    <\/a>\n                \n                                    <a href=\"https:\/\/voice-interaction.com\/tmp-web\/wp-content\/uploads\/2017\/03\/logo-RPC-TV-e1518802299969.jpg\" class=\"sh-overlay-item sh-table-cell\" data-rel=\"lightcase\">\n                        <div class=\"sh-overlay-item-container\">\n                            <i class=\"icon-magnifier-add\"><\/i>\n                        <\/div>\n                    <\/a>\n                            <\/div>\n        <\/div>\n\n    \t\t\t<\/div>\n\n\t\t\t<div class=\"post-content-container\">\n\t\t\t\t<a href=\"https:\/\/voice-interaction.com\/tmp-web\/br\/rpc-adquire-produtos-da-voiceinteraction\/\" class=\"post-title\">\n\t\t\t\t\t<h2>\n\t\t\t\t\t\t\t\t\t\t\t\tRPC adquire produtos da VoiceInteraction\t\t\t\t\t<\/h2>\n\t\t\t\t<\/a>\n\n\t\t\t\t<div class=\"post-meta post-meta-one\">\n\t\t\t\t\t\n        <span class=\"post-meta-author\">\n            by            <a href=\"https:\/\/voice-interaction.com\/tmp-web\/br\/author\/fpreto\/\" class=\"bypostauthor\" itemprop=\"url\" rel=\"author\">\n                FPreto            <\/a>\n        <\/span>\n\n                    <time class=\"updated semantic\" itemprop=\"dateModified\" datetime=\"2017-11-21T16:46:30+00:00\"><\/time>\n            <a href=\"https:\/\/voice-interaction.com\/tmp-web\/br\/rpc-adquire-produtos-da-voiceinteraction\/\" class=\"post-meta-date sh-default-color\">mar\u00e7o 27, 2014<\/a>\n        \n    \t\t\t\t<\/div>\n\n\t\t\t\t<div class=\"post-content\">\n\t\t\t\t\t<p>A RPC Curitiba e restantes afiliadas da Globo no Estado do Paran\u00e1, adquiriram os produtos Audimus.Media&#8230;<\/p>\n\t\t\t\t<\/div>\n\n\t\t\t\t<div class=\"post-meta post-meta-two\">\n\t\t\t\t\t\n        <div class=\"sh-columns post-meta-comments\">\n            <span class=\"post-meta-categories\">\n                <i class=\"icon-tag\"><\/i>\n                <a href=\"https:\/\/voice-interaction.com\/tmp-web\/br\/category\/industrias_br\/broadcast-midia\/\" rel=\"category tag\">Broadcast &amp; M\u00eddia<\/a>, <a href=\"https:\/\/voice-interaction.com\/tmp-web\/br\/category\/solucoes\/ditado\/\" rel=\"category tag\">Ditado<\/a>, <a href=\"https:\/\/voice-interaction.com\/tmp-web\/br\/category\/solucoes\/legendagem\/\" rel=\"category tag\">Legendagem<\/a>, <a href=\"https:\/\/voice-interaction.com\/tmp-web\/br\/category\/empresa\/noticias-empresa\/\" rel=\"category tag\">Not\u00edcias Empresa<\/a>            <\/span>\n\n                            <div><\/div>\n                    <\/div>\n\n    \t\t\t\t<\/div>\n\t\t\t<\/div>\n\n\t\t<\/div>\n\t<\/article>\n\n\n\n\t<article id=\"post-2182\" class=\"post-item post-2182 post type-post status-publish format-standard has-post-thumbnail hentry category-noticias-empresa\">\n\t\t<div class=\"post-container\">\n\t\t\t\n\t\t\t<div class=\"post-meta-thumb\">\n\t\t\t\t<img loading=\"lazy\" decoding=\"async\" width=\"264\" height=\"148\" src=\"https:\/\/voice-interaction.com\/tmp-web\/wp-content\/uploads\/2013\/12\/2017-11-17_110921.png\" class=\"attachment-large size-large wp-post-image\" alt=\"\" \/>\t\t\t\t\n        <div class=\"sh-overlay-style1\">\n            <div class=\"sh-table-full\">\n                                    <a href=\"https:\/\/voice-interaction.com\/tmp-web\/br\/feliz-natal-e-um-excelente-2014\/\" class=\"sh-overlay-item sh-table-cell\" title=\"Open the article - Feliz Natal e um Excelente 2014\">\n                        <div class=\"sh-overlay-item-container\">\n                            <i class=\"icon-link\"><\/i>\n                        <\/div>\n                    <\/a>\n                \n                                    <a href=\"https:\/\/voice-interaction.com\/tmp-web\/wp-content\/uploads\/2013\/12\/2017-11-17_110921.png\" class=\"sh-overlay-item sh-table-cell\" data-rel=\"lightcase\">\n                        <div class=\"sh-overlay-item-container\">\n                            <i class=\"icon-magnifier-add\"><\/i>\n                        <\/div>\n                    <\/a>\n                            <\/div>\n        <\/div>\n\n    \t\t\t<\/div>\n\n\t\t\t<div class=\"post-content-container\">\n\t\t\t\t<a href=\"https:\/\/voice-interaction.com\/tmp-web\/br\/feliz-natal-e-um-excelente-2014\/\" class=\"post-title\">\n\t\t\t\t\t<h2>\n\t\t\t\t\t\t\t\t\t\t\t\tFeliz Natal e um Excelente 2014\t\t\t\t\t<\/h2>\n\t\t\t\t<\/a>\n\n\t\t\t\t<div class=\"post-meta post-meta-one\">\n\t\t\t\t\t\n        <span class=\"post-meta-author\">\n            by            <a href=\"https:\/\/voice-interaction.com\/tmp-web\/br\/author\/fpreto\/\" class=\"bypostauthor\" itemprop=\"url\" rel=\"author\">\n                FPreto            <\/a>\n        <\/span>\n\n                    <time class=\"updated semantic\" itemprop=\"dateModified\" datetime=\"2017-11-21T16:48:25+00:00\"><\/time>\n            <a href=\"https:\/\/voice-interaction.com\/tmp-web\/br\/feliz-natal-e-um-excelente-2014\/\" class=\"post-meta-date sh-default-color\">dezembro 20, 2013<\/a>\n        \n    \t\t\t\t<\/div>\n\n\t\t\t\t<div class=\"post-content\">\n\t\t\t\t\t<p>A VoiceInteraction Brasil deseja a todos os seus colaboradores, associados e clientes,\u00a0um Feliz Natal e um&#8230;<\/p>\n\t\t\t\t<\/div>\n\n\t\t\t\t<div class=\"post-meta post-meta-two\">\n\t\t\t\t\t\n        <div class=\"sh-columns post-meta-comments\">\n            <span class=\"post-meta-categories\">\n                <i class=\"icon-tag\"><\/i>\n                <a href=\"https:\/\/voice-interaction.com\/tmp-web\/br\/category\/empresa\/noticias-empresa\/\" rel=\"category tag\">Not\u00edcias Empresa<\/a>            <\/span>\n\n                            <div><\/div>\n                    <\/div>\n\n    \t\t\t\t<\/div>\n\t\t\t<\/div>\n\n\t\t<\/div>\n\t<\/article>\n\n\n\n\t<article id=\"post-2094\" class=\"post-item post-2094 post type-post status-publish format-standard has-post-thumbnail hentry category-parcerias category-projetos-br\">\n\t\t<div class=\"post-container\">\n\t\t\t\n\t\t\t<div class=\"post-meta-thumb\">\n\t\t\t\t<img loading=\"lazy\" decoding=\"async\" width=\"260\" height=\"142\" src=\"https:\/\/voice-interaction.com\/tmp-web\/wp-content\/uploads\/2013\/10\/fetchUID.INBOX21417-e1511282269581.jpg\" class=\"attachment-large size-large wp-post-image\" alt=\"\" \/>\t\t\t\t\n        <div class=\"sh-overlay-style1\">\n            <div class=\"sh-table-full\">\n                                    <a href=\"https:\/\/voice-interaction.com\/tmp-web\/br\/2094\/\" class=\"sh-overlay-item sh-table-cell\" title=\"Open the article - VoiceInteraction integra o Cluster Tecnol\u00f3gico criado pela RTP &#8211; PIMS\">\n                        <div class=\"sh-overlay-item-container\">\n                            <i class=\"icon-link\"><\/i>\n                        <\/div>\n                    <\/a>\n                \n                                    <a href=\"https:\/\/voice-interaction.com\/tmp-web\/wp-content\/uploads\/2013\/10\/fetchUID.INBOX21417-e1511282269581.jpg\" class=\"sh-overlay-item sh-table-cell\" data-rel=\"lightcase\">\n                        <div class=\"sh-overlay-item-container\">\n                            <i class=\"icon-magnifier-add\"><\/i>\n                        <\/div>\n                    <\/a>\n                            <\/div>\n        <\/div>\n\n    \t\t\t<\/div>\n\n\t\t\t<div class=\"post-content-container\">\n\t\t\t\t<a href=\"https:\/\/voice-interaction.com\/tmp-web\/br\/2094\/\" class=\"post-title\">\n\t\t\t\t\t<h2>\n\t\t\t\t\t\t\t\t\t\t\t\tVoiceInteraction integra o Cluster Tecnol\u00f3gico criado pela RTP &#8211; PIMS\t\t\t\t\t<\/h2>\n\t\t\t\t<\/a>\n\n\t\t\t\t<div class=\"post-meta post-meta-one\">\n\t\t\t\t\t\n        <span class=\"post-meta-author\">\n            by            <a href=\"https:\/\/voice-interaction.com\/tmp-web\/br\/author\/fpreto\/\" class=\"bypostauthor\" itemprop=\"url\" rel=\"author\">\n                FPreto            <\/a>\n        <\/span>\n\n                    <time class=\"updated semantic\" itemprop=\"dateModified\" datetime=\"2017-11-21T16:38:17+00:00\"><\/time>\n            <a href=\"https:\/\/voice-interaction.com\/tmp-web\/br\/2094\/\" class=\"post-meta-date sh-default-color\">outubro 4, 2013<\/a>\n        \n    \t\t\t\t<\/div>\n\n\t\t\t\t<div class=\"post-content\">\n\t\t\t\t\t<p>A RTP reuniu nove empresas tecnol\u00f3gicas, do qual faz parte a VoiceInteraction, denominado PIMS, um cluster&#8230;<\/p>\n\t\t\t\t<\/div>\n\n\t\t\t\t<div class=\"post-meta post-meta-two\">\n\t\t\t\t\t\n        <div class=\"sh-columns post-meta-comments\">\n            <span class=\"post-meta-categories\">\n                <i class=\"icon-tag\"><\/i>\n                <a href=\"https:\/\/voice-interaction.com\/tmp-web\/br\/category\/empresa\/parcerias\/\" rel=\"category tag\">Parcerias<\/a>, <a href=\"https:\/\/voice-interaction.com\/tmp-web\/br\/category\/empresa\/projetos-br\/\" rel=\"category tag\">Projetos<\/a>            <\/span>\n\n                            <div><\/div>\n                    <\/div>\n\n    \t\t\t\t<\/div>\n\t\t\t<\/div>\n\n\t\t<\/div>\n\t<\/article>\n\n\n\n\t<article id=\"post-2075\" class=\"post-item post-2075 post type-post status-publish format-standard has-post-thumbnail hentry category-broadcast-midia category-eventos-br\">\n\t\t<div class=\"post-container\">\n\t\t\t\n\t\t\t<div class=\"post-meta-thumb\">\n\t\t\t\t<img loading=\"lazy\" decoding=\"async\" width=\"260\" height=\"194\" src=\"https:\/\/voice-interaction.com\/tmp-web\/wp-content\/uploads\/2013\/09\/IMG_1057-300x224-1-e1510915807901.jpg\" class=\"attachment-large size-large wp-post-image\" alt=\"\" \/>\t\t\t\t\n        <div class=\"sh-overlay-style1\">\n            <div class=\"sh-table-full\">\n                                    <a href=\"https:\/\/voice-interaction.com\/tmp-web\/br\/voiceinteraction-brasil-participou-na-ibc\/\" class=\"sh-overlay-item sh-table-cell\" title=\"Open the article - VoiceInteraction Brasil participou na IBC\">\n                        <div class=\"sh-overlay-item-container\">\n                            <i class=\"icon-link\"><\/i>\n                        <\/div>\n                    <\/a>\n                \n                                    <a href=\"https:\/\/voice-interaction.com\/tmp-web\/wp-content\/uploads\/2013\/09\/IMG_1057-300x224-1-e1510915807901.jpg\" class=\"sh-overlay-item sh-table-cell\" data-rel=\"lightcase\">\n                        <div class=\"sh-overlay-item-container\">\n                            <i class=\"icon-magnifier-add\"><\/i>\n                        <\/div>\n                    <\/a>\n                            <\/div>\n        <\/div>\n\n    \t\t\t<\/div>\n\n\t\t\t<div class=\"post-content-container\">\n\t\t\t\t<a href=\"https:\/\/voice-interaction.com\/tmp-web\/br\/voiceinteraction-brasil-participou-na-ibc\/\" class=\"post-title\">\n\t\t\t\t\t<h2>\n\t\t\t\t\t\t\t\t\t\t\t\tVoiceInteraction Brasil participou na IBC\t\t\t\t\t<\/h2>\n\t\t\t\t<\/a>\n\n\t\t\t\t<div class=\"post-meta post-meta-one\">\n\t\t\t\t\t\n        <span class=\"post-meta-author\">\n            by            <a href=\"https:\/\/voice-interaction.com\/tmp-web\/br\/author\/fpreto\/\" class=\"bypostauthor\" itemprop=\"url\" rel=\"author\">\n                FPreto            <\/a>\n        <\/span>\n\n                    <time class=\"updated semantic\" itemprop=\"dateModified\" datetime=\"2017-11-21T16:43:05+00:00\"><\/time>\n            <a href=\"https:\/\/voice-interaction.com\/tmp-web\/br\/voiceinteraction-brasil-participou-na-ibc\/\" class=\"post-meta-date sh-default-color\">setembro 18, 2013<\/a>\n        \n    \t\t\t\t<\/div>\n\n\t\t\t\t<div class=\"post-content\">\n\t\t\t\t\t<p>VoiceInteraction Brasil, uma empresa especialista em Tecnologias de Processamento de Voz, apresentou na\u00a0IBC as suas novas&#8230;<\/p>\n\t\t\t\t<\/div>\n\n\t\t\t\t<div class=\"post-meta post-meta-two\">\n\t\t\t\t\t\n        <div class=\"sh-columns post-meta-comments\">\n            <span class=\"post-meta-categories\">\n                <i class=\"icon-tag\"><\/i>\n                <a href=\"https:\/\/voice-interaction.com\/tmp-web\/br\/category\/industrias_br\/broadcast-midia\/\" rel=\"category tag\">Broadcast &amp; M\u00eddia<\/a>, <a href=\"https:\/\/voice-interaction.com\/tmp-web\/br\/category\/empresa\/eventos-br\/\" rel=\"category tag\">Eventos<\/a>            <\/span>\n\n                            <div><\/div>\n                    <\/div>\n\n    \t\t\t\t<\/div>\n\t\t\t<\/div>\n\n\t\t<\/div>\n\t<\/article>\n\n\n\n\t<article id=\"post-1899\" class=\"post-item post-1899 post type-post status-publish format-standard has-post-thumbnail hentry category-noticias-empresa\">\n\t\t<div class=\"post-container\">\n\t\t\t\n\t\t\t<div class=\"post-meta-thumb\">\n\t\t\t\t<img loading=\"lazy\" decoding=\"async\" width=\"260\" height=\"69\" src=\"https:\/\/voice-interaction.com\/tmp-web\/wp-content\/uploads\/2014\/10\/VI-Certification-e1511282389968.jpg\" class=\"attachment-large size-large wp-post-image\" alt=\"\" \/>\t\t\t\t\n        <div class=\"sh-overlay-style1\">\n            <div class=\"sh-table-full\">\n                                    <a href=\"https:\/\/voice-interaction.com\/tmp-web\/br\/voiceinteraction-certificada\/\" class=\"sh-overlay-item sh-table-cell\" title=\"Open the article - VoiceInteraction certificada ISO 9001:2008 e NP 4457:2007\">\n                        <div class=\"sh-overlay-item-container\">\n                            <i class=\"icon-link\"><\/i>\n                        <\/div>\n                    <\/a>\n                \n                                    <a href=\"https:\/\/voice-interaction.com\/tmp-web\/wp-content\/uploads\/2014\/10\/VI-Certification-e1511282389968.jpg\" class=\"sh-overlay-item sh-table-cell\" data-rel=\"lightcase\">\n                        <div class=\"sh-overlay-item-container\">\n                            <i class=\"icon-magnifier-add\"><\/i>\n                        <\/div>\n                    <\/a>\n                            <\/div>\n        <\/div>\n\n    \t\t\t<\/div>\n\n\t\t\t<div class=\"post-content-container\">\n\t\t\t\t<a href=\"https:\/\/voice-interaction.com\/tmp-web\/br\/voiceinteraction-certificada\/\" class=\"post-title\">\n\t\t\t\t\t<h2>\n\t\t\t\t\t\t\t\t\t\t\t\tVoiceInteraction certificada ISO 9001:2008 e NP 4457:2007\t\t\t\t\t<\/h2>\n\t\t\t\t<\/a>\n\n\t\t\t\t<div class=\"post-meta post-meta-one\">\n\t\t\t\t\t\n        <span class=\"post-meta-author\">\n            by            <a href=\"https:\/\/voice-interaction.com\/tmp-web\/br\/author\/fpreto\/\" class=\"bypostauthor\" itemprop=\"url\" rel=\"author\">\n                FPreto            <\/a>\n        <\/span>\n\n                    <time class=\"updated semantic\" itemprop=\"dateModified\" datetime=\"2017-11-21T16:40:49+00:00\"><\/time>\n            <a href=\"https:\/\/voice-interaction.com\/tmp-web\/br\/voiceinteraction-certificada\/\" class=\"post-meta-date sh-default-color\">novembro 8, 2012<\/a>\n        \n    \t\t\t\t<\/div>\n\n\t\t\t\t<div class=\"post-content\">\n\t\t\t\t\t<p>Comprovada a estrat\u00e9gia na qualidade dos seus produtos e servi\u00e7os prestados, a VoiceInteraction Portugal obteve a&#8230;<\/p>\n\t\t\t\t<\/div>\n\n\t\t\t\t<div class=\"post-meta post-meta-two\">\n\t\t\t\t\t\n        <div class=\"sh-columns post-meta-comments\">\n            <span class=\"post-meta-categories\">\n                <i class=\"icon-tag\"><\/i>\n                <a href=\"https:\/\/voice-interaction.com\/tmp-web\/br\/category\/empresa\/noticias-empresa\/\" rel=\"category tag\">Not\u00edcias Empresa<\/a>            <\/span>\n\n                            <div><\/div>\n                    <\/div>\n\n    \t\t\t\t<\/div>\n\t\t\t<\/div>\n\n\t\t<\/div>\n\t<\/article>\n\n\n\n\t<article id=\"post-1886\" class=\"post-item post-1886 post type-post status-publish format-standard has-post-thumbnail hentry category-governo category-monitorizacao-media-br\">\n\t\t<div class=\"post-container\">\n\t\t\t\n\t\t\t<div class=\"post-meta-thumb\">\n\t\t\t\t<img loading=\"lazy\" decoding=\"async\" width=\"260\" height=\"206\" src=\"https:\/\/voice-interaction.com\/tmp-web\/wp-content\/uploads\/2012\/11\/PRODAM-e1511282437267.jpg\" class=\"attachment-large size-large wp-post-image\" alt=\"\" \/>\t\t\t\t\n        <div class=\"sh-overlay-style1\">\n            <div class=\"sh-table-full\">\n                                    <a href=\"https:\/\/voice-interaction.com\/tmp-web\/br\/mms-instalado-na-prodam\/\" class=\"sh-overlay-item sh-table-cell\" title=\"Open the article - MMS instalado na PRODAM em Manaus\/Amazonas\">\n                        <div class=\"sh-overlay-item-container\">\n                            <i class=\"icon-link\"><\/i>\n                        <\/div>\n                    <\/a>\n                \n                                    <a href=\"https:\/\/voice-interaction.com\/tmp-web\/wp-content\/uploads\/2012\/11\/PRODAM-e1511282437267.jpg\" class=\"sh-overlay-item sh-table-cell\" data-rel=\"lightcase\">\n                        <div class=\"sh-overlay-item-container\">\n                            <i class=\"icon-magnifier-add\"><\/i>\n                        <\/div>\n                    <\/a>\n                            <\/div>\n        <\/div>\n\n    \t\t\t<\/div>\n\n\t\t\t<div class=\"post-content-container\">\n\t\t\t\t<a href=\"https:\/\/voice-interaction.com\/tmp-web\/br\/mms-instalado-na-prodam\/\" class=\"post-title\">\n\t\t\t\t\t<h2>\n\t\t\t\t\t\t\t\t\t\t\t\tMMS instalado na PRODAM em Manaus\/Amazonas\t\t\t\t\t<\/h2>\n\t\t\t\t<\/a>\n\n\t\t\t\t<div class=\"post-meta post-meta-one\">\n\t\t\t\t\t\n        <span class=\"post-meta-author\">\n            by            <a href=\"https:\/\/voice-interaction.com\/tmp-web\/br\/author\/fpreto\/\" class=\"bypostauthor\" itemprop=\"url\" rel=\"author\">\n                FPreto            <\/a>\n        <\/span>\n\n                    <time class=\"updated semantic\" itemprop=\"dateModified\" datetime=\"2017-11-21T16:41:55+00:00\"><\/time>\n            <a href=\"https:\/\/voice-interaction.com\/tmp-web\/br\/mms-instalado-na-prodam\/\" class=\"post-meta-date sh-default-color\">novembro 8, 2012<\/a>\n        \n    \t\t\t\t<\/div>\n\n\t\t\t\t<div class=\"post-content\">\n\t\t\t\t\t<p>A VoiceInteraction em parceria com a empresa LUCA, uma das suas parceiras, concluiu a instala\u00e7\u00e3o do&#8230;<\/p>\n\t\t\t\t<\/div>\n\n\t\t\t\t<div class=\"post-meta post-meta-two\">\n\t\t\t\t\t\n        <div class=\"sh-columns post-meta-comments\">\n            <span class=\"post-meta-categories\">\n                <i class=\"icon-tag\"><\/i>\n                <a href=\"https:\/\/voice-interaction.com\/tmp-web\/br\/category\/industrias_br\/governo\/\" rel=\"category tag\">Governo<\/a>, <a href=\"https:\/\/voice-interaction.com\/tmp-web\/br\/category\/solucoes\/monitorizacao-media-br\/\" rel=\"category tag\">Monitoriza\u00e7\u00e3o de Media<\/a>            <\/span>\n\n                            <div><\/div>\n                    <\/div>\n\n    \t\t\t\t<\/div>\n\t\t\t<\/div>\n\n\t\t<\/div>\n\t<\/article>\n\n\n\n\t<article id=\"post-1880\" class=\"post-item post-1880 post type-post status-publish format-standard has-post-thumbnail hentry category-broadcast-midia category-monitorizacao-media-br\">\n\t\t<div class=\"post-container\">\n\t\t\t\n\t\t\t<div class=\"post-meta-thumb\">\n\t\t\t\t<img loading=\"lazy\" decoding=\"async\" width=\"93\" height=\"93\" src=\"https:\/\/voice-interaction.com\/tmp-web\/wp-content\/uploads\/2017\/10\/logo_Info4-02-e1519659665754.png\" class=\"attachment-large size-large wp-post-image\" alt=\"\" \/>\t\t\t\t\n        <div class=\"sh-overlay-style1\">\n            <div class=\"sh-table-full\">\n                                    <a href=\"https:\/\/voice-interaction.com\/tmp-web\/br\/info4-instala-mms\/\" class=\"sh-overlay-item sh-table-cell\" title=\"Open the article - INFO4 instala MMS\">\n                        <div class=\"sh-overlay-item-container\">\n                            <i class=\"icon-link\"><\/i>\n                        <\/div>\n                    <\/a>\n                \n                                    <a href=\"https:\/\/voice-interaction.com\/tmp-web\/wp-content\/uploads\/2017\/10\/logo_Info4-02-e1519659665754.png\" class=\"sh-overlay-item sh-table-cell\" data-rel=\"lightcase\">\n                        <div class=\"sh-overlay-item-container\">\n                            <i class=\"icon-magnifier-add\"><\/i>\n                        <\/div>\n                    <\/a>\n                            <\/div>\n        <\/div>\n\n    \t\t\t<\/div>\n\n\t\t\t<div class=\"post-content-container\">\n\t\t\t\t<a href=\"https:\/\/voice-interaction.com\/tmp-web\/br\/info4-instala-mms\/\" class=\"post-title\">\n\t\t\t\t\t<h2>\n\t\t\t\t\t\t\t\t\t\t\t\tINFO4 instala MMS\t\t\t\t\t<\/h2>\n\t\t\t\t<\/a>\n\n\t\t\t\t<div class=\"post-meta post-meta-one\">\n\t\t\t\t\t\n        <span class=\"post-meta-author\">\n            by            <a href=\"https:\/\/voice-interaction.com\/tmp-web\/br\/author\/fpreto\/\" class=\"bypostauthor\" itemprop=\"url\" rel=\"author\">\n                FPreto            <\/a>\n        <\/span>\n\n                    <time class=\"updated semantic\" itemprop=\"dateModified\" datetime=\"2017-11-21T16:42:06+00:00\"><\/time>\n            <a href=\"https:\/\/voice-interaction.com\/tmp-web\/br\/info4-instala-mms\/\" class=\"post-meta-date sh-default-color\">novembro 8, 2012<\/a>\n        \n    \t\t\t\t<\/div>\n\n\t\t\t\t<div class=\"post-content\">\n\t\t\t\t\t<p>A VoiceInteraction concluiu a instala\u00e7\u00e3o do sistema MMS &#8211; Media Monitoring Solution na INFO4,\u00a0 uma das&#8230;<\/p>\n\t\t\t\t<\/div>\n\n\t\t\t\t<div class=\"post-meta post-meta-two\">\n\t\t\t\t\t\n        <div class=\"sh-columns post-meta-comments\">\n            <span class=\"post-meta-categories\">\n                <i class=\"icon-tag\"><\/i>\n                <a href=\"https:\/\/voice-interaction.com\/tmp-web\/br\/category\/industrias_br\/broadcast-midia\/\" rel=\"category tag\">Broadcast &amp; M\u00eddia<\/a>, <a href=\"https:\/\/voice-interaction.com\/tmp-web\/br\/category\/solucoes\/monitorizacao-media-br\/\" rel=\"category tag\">Monitoriza\u00e7\u00e3o de Media<\/a>            <\/span>\n\n                            <div><\/div>\n                    <\/div>\n\n    \t\t\t\t<\/div>\n\t\t\t<\/div>\n\n\t\t<\/div>\n\t<\/article>\n\n\n\n\t<article id=\"post-1523\" class=\"post-item post-1523 post type-post status-publish format-standard has-post-thumbnail hentry category-monitoramento-de-midia-broadcast\">\n\t\t<div class=\"post-container\">\n\t\t\t\n\t\t\t<div class=\"post-meta-thumb\">\n\t\t\t\t<img loading=\"lazy\" decoding=\"async\" width=\"560\" height=\"220\" src=\"https:\/\/voice-interaction.com\/tmp-web\/wp-content\/uploads\/2017\/07\/voiceinteraction-MMS-logo-01.png\" class=\"attachment-large size-large wp-post-image\" alt=\"\" srcset=\"https:\/\/voice-interaction.com\/tmp-web\/wp-content\/uploads\/2017\/07\/voiceinteraction-MMS-logo-01.png 560w, https:\/\/voice-interaction.com\/tmp-web\/wp-content\/uploads\/2017\/07\/voiceinteraction-MMS-logo-01-300x118.png 300w\" sizes=\"auto, (max-width: 560px) 100vw, 560px\" \/>\t\t\t\t\n        <div class=\"sh-overlay-style1\">\n            <div class=\"sh-table-full\">\n                                    <a href=\"https:\/\/voice-interaction.com\/tmp-web\/br\/lancado-mms-2-0\/\" class=\"sh-overlay-item sh-table-cell\" title=\"Open the article - VoiceInteraction lan\u00e7a nova vers\u00e3o do MMS (Media Monitoring System)\">\n                        <div class=\"sh-overlay-item-container\">\n                            <i class=\"icon-link\"><\/i>\n                        <\/div>\n                    <\/a>\n                \n                                    <a href=\"https:\/\/voice-interaction.com\/tmp-web\/wp-content\/uploads\/2017\/07\/voiceinteraction-MMS-logo-01.png\" class=\"sh-overlay-item sh-table-cell\" data-rel=\"lightcase\">\n                        <div class=\"sh-overlay-item-container\">\n                            <i class=\"icon-magnifier-add\"><\/i>\n                        <\/div>\n                    <\/a>\n                            <\/div>\n        <\/div>\n\n    \t\t\t<\/div>\n\n\t\t\t<div class=\"post-content-container\">\n\t\t\t\t<a href=\"https:\/\/voice-interaction.com\/tmp-web\/br\/lancado-mms-2-0\/\" class=\"post-title\">\n\t\t\t\t\t<h2>\n\t\t\t\t\t\t\t\t\t\t\t\tVoiceInteraction lan\u00e7a nova vers\u00e3o do MMS (Media Monitoring System)\t\t\t\t\t<\/h2>\n\t\t\t\t<\/a>\n\n\t\t\t\t<div class=\"post-meta post-meta-one\">\n\t\t\t\t\t\n        <span class=\"post-meta-author\">\n            by            <a href=\"https:\/\/voice-interaction.com\/tmp-web\/br\/author\/fpreto\/\" class=\"bypostauthor\" itemprop=\"url\" rel=\"author\">\n                FPreto            <\/a>\n        <\/span>\n\n                    <time class=\"updated semantic\" itemprop=\"dateModified\" datetime=\"2017-11-21T16:55:31+00:00\"><\/time>\n            <a href=\"https:\/\/voice-interaction.com\/tmp-web\/br\/lancado-mms-2-0\/\" class=\"post-meta-date sh-default-color\">julho 11, 2012<\/a>\n        \n    \t\t\t\t<\/div>\n\n\t\t\t\t<div class=\"post-content\">\n\t\t\t\t\t<p>A VoiceInteraction acaba de lan\u00e7ar, em simult\u00e2neo nos mercados brasileiro e portugu\u00eas, a nova vers\u00e3o 2&#8230;<\/p>\n\t\t\t\t<\/div>\n\n\t\t\t\t<div class=\"post-meta post-meta-two\">\n\t\t\t\t\t\n        <div class=\"sh-columns post-meta-comments\">\n            <span class=\"post-meta-categories\">\n                <i class=\"icon-tag\"><\/i>\n                <a href=\"https:\/\/voice-interaction.com\/tmp-web\/br\/category\/solucoes\/monitoramento-de-midia-broadcast\/\" rel=\"category tag\">Monitoramento de M\u00eddia - Broadcast<\/a>            <\/span>\n\n                            <div><\/div>\n                    <\/div>\n\n    \t\t\t\t<\/div>\n\t\t\t<\/div>\n\n\t\t<\/div>\n\t<\/article>\n\n\n\t<\/div>\n\n\t<\/div>\n\t<\/div>\n\n\n\t\t\n\n<\/div>\n<\/div>\n\n\t<\/div>\n<\/section>\n\n<section class=\"sh-section sh-section-9aaa37828cdd5b833ae7f0ab04654bb4 fw-main-row sh-section-visibility-everywhere\">\n\t\n\t\n\t<div class=\"sh-section-container container-fluid\">\n\t\t<div class=\"fw-row\">\n\t\n<div class=\"sh-column sh-column-3d9a4337dc1804e6da717cabb1c9af10 fw-col-xs-12\" >\n\n\t\n\t<div class=\"sh-column-wrapper\">\n\t\t\n\n\t<div class=\"sh-heading sh-heading-style1\" id=\"heading-e4afbd1dcf12243659d2594d72eb35bd\">\n\t\t<h1 class=\"sh-heading-content size-default\">\n\t\t\t<span style=\"text-align: center;\">Subscreva nossas newsletters.<\/span>\t\t<\/h1>\n\t<\/div>\n\n\t<\/div>\n\n\n\t\t\n\n<\/div>\n<\/div>\n\n<div class=\"fw-row\">\n\t\n<div class=\"sh-column sh-column-6b8a582dbdf224f8b7fcee9fbd83b046 fw-col-xs-12\" >\n\n\t\n\t<div class=\"sh-column-wrapper\">\n\t\t<div id=\"contact-form-bb617fb2ae32f1951e8f9d52bd2d38a9\" class=\"form-wrapper contact-form\">\n\t<form data-fw-form-id=\"fw_form\" method=\"post\" action=\"https:\/\/voice-interaction.com\/tmp-web\/br\/wp-json\/wp\/v2\/pages\/10659\" class=\"fw_form_fw_form\" data-fw-ext-forms-type=\"contact-forms\"><input type=\"hidden\" name=\"fwf\" value=\"fw_form\" \/><input type=\"hidden\" id=\"_nonce_6ed5f0e4af20607e82aa4ae11b8eed22\" name=\"_nonce_6ed5f0e4af20607e82aa4ae11b8eed22\" value=\"fa67155503\" \/><input type=\"hidden\" name=\"_wp_http_referer\" value=\"\/tmp-web\/br\/wp-json\/wp\/v2\/pages\/10659\" \/><input type=\"hidden\" name=\"fw_ext_forms_form_type\" value=\"contact-forms\" \/><input type=\"hidden\" name=\"fw_ext_forms_form_id\" value=\"bb617fb2ae32f1951e8f9d52bd2d38a9\" \/><div class=\"wrap-forms\">\n\t<div class=\"fw-row\"><\/div><div class=\"fw-row\"><div class=\"fw-col-xs-12 fw-col-sm-4 form-builder-item\">\n\t<div class=\"field-text\">\n\t\t\t\t<label for=\"id-1\">Nome\t\t\t<sup>*<\/sup>\t\t<\/label>\n\t\t\t\t<input type=\"text\" name=\"text_01619b1\" placeholder=\"Nome\" value=\"\" id=\"id-1\" required=\"required\">\n\t\t\t<\/div>\n<\/div><div class=\"fw-col-xs-12 fw-col-sm-4 form-builder-item\">\n\t<div class=\"field-text\">\n\t\t\t\t<label for=\"id-2\">Empresa\t\t\t<sup>*<\/sup>\t\t<\/label>\n\t\t\t\t<input type=\"text\" name=\"text_73ea2b2\" placeholder=\"Empresa\" value=\"\" id=\"id-2\" required=\"required\">\n\t\t\t<\/div>\n<\/div><div class=\"fw-col-xs-12 fw-col-sm-4 form-builder-item\">\n\t<div class=\"field-text\">\n\t\t\t\t<label for=\"id-3\">Email\t\t\t<sup>*<\/sup>\t\t<\/label>\n\t\t\t\t<input type=\"text\" name=\"text_899036c\" placeholder=\"Email\" value=\"\" id=\"id-3\" required=\"required\">\n\t\t\t<\/div>\n<\/div><\/div><div class=\"fw-row\"><\/div><\/div><div>\n\t<input type=\"submit\" value=\"SUBSCREVER\" \/>\n<\/div><\/form><\/div>\t<\/div>\n\n\n\t\t\n\n<\/div>\n<\/div>\n\n\t<\/div>\n<\/section>\n\n<section class=\"sh-section sh-section-2285a3fcdb1805839297d34319d8b57b fw-main-row sh-section-visibility-everywhere sh-animated fadeIn\" data-wow-duration=\"3.6s\" >\n\t\n\t\n\t<div class=\"sh-section-container container\">\n\t\t<div class=\"fw-row\">\n\t\n<div class=\"sh-column sh-column-3141d5ca7d957f36d59e1364dc05ab7b fw-col-xs-12 fw-col-sm-8\" >\n\n\t\n\t<div class=\"sh-column-wrapper\">\n\t\t\n<div class=\"sh-heading  \" id=\"heading-b76af1b976138f96c56d4dbda20211c2\">\n\t<div class=\"sh-element-margin\">\n\n\t\t\n\t\t\t<h2 class=\"sh-heading-content size-default text-left\">\n\t\t\t\tPara assuntos relacionados com imprensa, contacte:\t\t\t<\/h2>\n\n\t\t\n\t<\/div>\n<\/div>\n\t<\/div>\n\n\n\t\t\n\n<\/div>\n\n<div class=\"sh-column sh-column-25a2f7cc2eb6a7b1e280cfeaf7fb6aff fw-col-xs-12 fw-col-sm-4\" >\n\n\t\n\t<div class=\"sh-column-wrapper\">\n\t\t\n<div id=\"button-076b43f8033bbbc04f3f0cb509f06036\" class=\"sh-button-container  sh-button-style-2\">\n\t<div class=\"sh-element-margin\">\n\t\t<a href=\"mailto:press@voiceinteraction.tv\" target=\"_self\" class=\"sh-button sh-button-xlarge sh-button-icon-left\">\n\n\t\t\t\t\t\t\t<span class=\"sh-button-icon\">\n\t\t\t\t\t<i class=\"ti-email\"><\/i>\n\t\t\t\t<\/span>\n\t\t\t\n\t\t\t\t\t\t\t<span class=\"sh-button-text\">\n\t\t\t\t\tpress@voiceinteraction.tv\t\t\t\t<\/span>\n\t\t\t\n\t\t\t\n\t\t<\/a>\n\t\t\t<\/div>\n<\/div>\n\t<\/div>\n\n\n\t\t\n\n<\/div>\n<\/div>\n\n\t<\/div>\n<\/section>\n","protected":false},"excerpt":{"rendered":"<p>A VoiceInteraction acaba de lan\u00e7ar, em simult\u00e2neo nos mercados brasileiro e portugu\u00eas, a nova vers\u00e3o 2&#8230;<\/p>\n","protected":false},"author":2,"featured_media":0,"parent":10673,"menu_order":0,"comment_status":"closed","ping_status":"closed","template":"","meta":{"_links_to":"","_links_to_target":"","footnotes":""},"class_list":["post-10659","page","type-page","status-publish","hentry"],"_links":{"self":[{"href":"https:\/\/voice-interaction.com\/tmp-web\/br\/wp-json\/wp\/v2\/pages\/10659","targetHints":{"allow":["GET"]}}],"collection":[{"href":"https:\/\/voice-interaction.com\/tmp-web\/br\/wp-json\/wp\/v2\/pages"}],"about":[{"href":"https:\/\/voice-interaction.com\/tmp-web\/br\/wp-json\/wp\/v2\/types\/page"}],"author":[{"embeddable":true,"href":"https:\/\/voice-interaction.com\/tmp-web\/br\/wp-json\/wp\/v2\/users\/2"}],"replies":[{"embeddable":true,"href":"https:\/\/voice-interaction.com\/tmp-web\/br\/wp-json\/wp\/v2\/comments?post=10659"}],"version-history":[{"count":0,"href":"https:\/\/voice-interaction.com\/tmp-web\/br\/wp-json\/wp\/v2\/pages\/10659\/revisions"}],"up":[{"embeddable":true,"href":"https:\/\/voice-interaction.com\/tmp-web\/br\/wp-json\/wp\/v2\/pages\/10673"}],"wp:attachment":[{"href":"https:\/\/voice-interaction.com\/tmp-web\/br\/wp-json\/wp\/v2\/media?parent=10659"}],"curies":[{"name":"wp","href":"https:\/\/api.w.org\/{rel}","templated":true}]}}